{"id":292,"date":"2022-06-04T19:20:34","date_gmt":"2022-06-04T19:20:34","guid":{"rendered":"https:\/\/organizzazione.cai.it\/commissione-centrale-alpinismo-giovanile-lombardia\/evento\/raduno-nazionale-giovani-2022\/"},"modified":"2024-11-16T15:36:17","modified_gmt":"2024-11-16T15:36:17","slug":"raduno-nazionale-giovani-2022","status":"publish","type":"tribe_events","link":"https:\/\/organizzazione.cai.it\/commissione-centrale-alpinismo-giovanile-lombardia\/evento\/raduno-nazionale-giovani-2022\/","title":{"rendered":"Raduno Nazionale Giovani 2022"},"content":{"rendered":"<p><img loading=\"lazy\" decoding=\"async\" class=\"alignnone size-full wp-image-60356\" src=\"https:\/\/organizzazione.cai.it\/commissione-centrale-alpinismo-giovanile-lombardia\/wp-content\/uploads\/sites\/77\/2024\/11\/Locandina.jpg\" alt=\"- CAI\" width=\"720\" height=\"1040\" title=\"\"><\/p>\n<p>La Commissione Centrale di Alpinismo Giovanile, con la collaborazione ed il patrocinio della <strong><a href=\"http:\/\/www.sns-cai.it\/chi-siamo-cosa-facciamo\/organi-tecnici\/commissione-centrale-speleologia-e-torrentismo\" target=\"_blank\" rel=\"noopener\">Commissione Centrale di Speleologia e Torrentismo<\/a> <\/strong>e della <strong><a href=\"https:\/\/archivio.cai.it\/organo_tecnico\/commissione-centrale-medica\/\" target=\"_blank\" rel=\"noopener\">Commissione Centrale Medica<\/a>,<\/strong> organizza un\u2019attivit\u00e0 a livello nazionale per i Giovani dell&#8217;AG, incentrata sulla scoperta del mondo ipogeo. Questa iniziativa, voluta fortemente dalla commissione, vuole essere motivo di rinascita e servir\u00e0 anche a rinsaldare i legami con i territori e i vari gruppi di AG.<\/p>\n<p>Il programma, elaborato da un gruppo di lavoro composto da Accompagnatori di AG e Istruttori Speleo, ha definito quattro distinte localit\u00e0 dove svolgere l\u2019attivit\u00e0 in grotta.<\/p>\n<ol>\n<li><strong>BOSSEA (PIEMONTE)<\/strong><\/li>\n<li><strong>CARSO TRIESTINO e VAL CELLINA (FRIULI VENEZIA GIULIA) &#8211; Posti esauriti al 31\/7<\/strong><\/li>\n<li><strong>MONTI ALBURNI (CAMPANIA)<\/strong><\/li>\n<li><strong>PANTALICA (SICILIA)<\/strong><\/li>\n<\/ol>\n<p>L\u2019attivit\u00e0 \u00e8 aperta a tutte e tre le fasce dell\u2019Alpinismo Giovanile.<\/p>\n<p><strong>Al fine di far partecipare ragazzi di pi\u00f9 territori \u00e8 stato definito un limite di 3 Giovani e 1 Accompagnatore per ciascun gruppo sezionale<\/strong>, con la possibilit\u00e0 di inserirne altri nel caso vi siano posti disponibili. Limite massimo per singola localit\u00e0: 30 Giovani.<\/p>\n<p><strong>Quota per singolo partecipante (Giovane o Accompagnatore): 50 Euro<\/strong> che comprende le attivit\u00e0 programmate, l\u2019alloggio, la cena di sabato 3 settembre, la colazione ed il pranzo al sacco per la domenica 4 settembre. La quota non comprende i viaggi verso le localit\u00e0 e di ritorno dalle localit\u00e0, non comprende il pranzo al sacco del sabato 3 settembre.<\/p>\n<p><strong>Materiale per attivit\u00e0 in grotta<\/strong>: tutti i partecipanti dovranno essere muniti di casco, torcia frontale, vestiario e calzature adeguate (<a href=\"https:\/\/organizzazione.cai.it\/commissione-centrale-alpinismo-giovanile-lombardia\/wp-content\/uploads\/sites\/77\/2024\/11\/Equipaggiamento-raduno-grotta-AG-2022.pdf\" target=\"_blank\" rel=\"noopener\"><strong>vedi le indicazioni della CCST<\/strong><\/a>). Sar\u00e0 cura di ogni Accompagnatore verificare l&#8217;adeguatezza dell&#8217;equipaggiamento dei Giovani che fanno parte del proprio gruppo.<\/p>\n<p><strong>Iscrizioni:<\/strong> vanno effettuate dall&#8217;Accompagnatore di AG per tutto il suo gruppo, compilando ed inviando il <strong><a href=\"https:\/\/forms.gle\/FgY2PnACE86FyyrC9\" target=\"_blank\" rel=\"noopener\">modulo disponibile on-line<\/a><\/strong> che contiene anche le informazioni per pagare la quota di partecipazione. Il pagamento andr\u00e0 effettuato dall&#8217;Accompagnatore di AG per tutto il suo gruppo. <strong>La scadenza delle iscrizioni \u00e8 posta al 31\/7\/2022 (prorogata al 10\/8\/2022), salvo raggiungimento del numero massimo di partecipanti<\/strong>.<\/p>\n<p>Ogni singola localit\u00e0 avr\u00e0 un referente AG di zona che gestir\u00e0 le attivit\u00e0. Una volta completate le iscrizioni, seguiranno ulteriori comunicazioni via e-mail con ulteriori dettagli. Per ulteriori informazioni \u00e8 possibile contattare la CCAG attraverso Raimondo Mancinelli (raimondo.mancinelli@cai.it).<\/p>\n<p>Di seguito una breve descrizione dei singoli programmi.<\/p>\n<p>&nbsp;<\/p>\n<h1 style=\"text-align: center\"><strong>GROTTE DI BOSSEA (CN)<\/strong><\/h1>\n<p><strong>3 SETTEMBRE 2022<\/strong><\/p>\n<ul>\n<li>9:30\/10:00 \u2013 ritrovo a Vicoforte Mondov\u00ec e registrazione partecipanti<\/li>\n<li>Passeggiata sul <a href=\"https:\/\/sentierolandande.it\/\" target=\"_blank\" rel=\"noopener\">Sentiero Landand\u00e9<\/a><\/li>\n<li>Pranzo al sacco<\/li>\n<li>Visita guidata a gruppi alla <a href=\"https:\/\/www.youtube.com\/watch?v=PCxN-v9E6Dc\" target=\"_blank\" rel=\"noopener\">Cupola del \u201cMagnificat\u201d<\/a> (attrezzatura fornita dalla struttura \u2013 costo aggiuntivo di \u20ac 8). Per chi non partecipa alla salita giochi vari<\/li>\n<li>Cena a Prea (casa vacanze)<\/li>\n<li>Dopo cena serata a tema sull\u2019attivit\u00e0<\/li>\n<\/ul>\n<p><strong>4 SETTEMBRE 2022<\/strong><\/p>\n<ul>\n<li>8:00 &#8211; colazione<\/li>\n<li>9:00 &#8211; partenza per Bossea<\/li>\n<li>Attivit\u00e0 scientifica gestita dal direttore dei laboratori Prof. Bartolomeo Vigna<\/li>\n<li>Pranzo al sacco<\/li>\n<li><a href=\"https:\/\/www.grottadibossea.com\/\" target=\"_blank\" rel=\"noopener\">Visita a gruppi alle grotte di Bossea<\/a><\/li>\n<li>Fine attivit\u00e0, saluti e rientro a casa<\/li>\n<\/ul>\n<p>&nbsp;<\/p>\n<h1 style=\"text-align: center\"><strong>CARSO TRIESTINO (TS) e VAL CELLINA (PN)<\/strong><\/h1>\n<p><strong>3 SETTEMBRE 2022<\/strong><\/p>\n<ul>\n<li>10:00 &#8211; ritrovo a Ternova Piccola (TS) e registrazione partecipanti<\/li>\n<li>Visite alla <a href=\"https:\/\/www.catastogrotte.it\/grotta\/78\" target=\"_blank\" rel=\"noopener\">Grotta di Ternovizza<\/a>, <a href=\"http:\/\/www.cat.ts.it\/index.php?option=com_content&amp;view=article&amp;id=714\" target=\"_blank\" rel=\"noopener\">Grotta dell\u2019acqua<\/a> e <a href=\"https:\/\/www.archeocartafvg.it\/portfolio-articoli\/sgonico-ts-fraz-samatorza-castelliere-monte-san-leonardo\/\" target=\"_blank\" rel=\"noopener\">Castelliere di S.Leonardo<\/a><\/li>\n<li>Pranzo al sacco<\/li>\n<li>Partenza per San Quirino (PN)<\/li>\n<li>Arrivo presso la struttura Scuola SAE di San Quirino<\/li>\n<li>Cena presso Ristorante Stella di San Quirino<\/li>\n<li>Dopo cena serata con proiezione filmato a tema attivit\u00e0<\/li>\n<\/ul>\n<p><strong>4 SETTEMBRE 2022<\/strong><\/p>\n<ul>\n<li>7:15 &#8211; colazione<\/li>\n<li>Partenza per Barcis (PN)<\/li>\n<li>Visita alla <a href=\"http:\/\/www.barcis.fvg.it\/Grotta-della-Vecchia-Diga.111.0.html\" target=\"_blank\" rel=\"noopener\">Grotta della vecchia Diga<\/a><\/li>\n<li>Visita alla <a href=\"https:\/\/www.parcodolomitifriulane.it\/natura\/punti-di-interesse\/valcellina\/andreis-pn\/\" target=\"_blank\" rel=\"noopener\">Faglia Periadriatica e al paese di Andreis<\/a><\/li>\n<li>Fine attivit\u00e0, saluti e rientro a casa<\/li>\n<\/ul>\n<p>Su richiesta, c&#8217;\u00e8 la possibilit\u00e0 di dormire a Trieste la notte del 2\/9 e del 5\/9,\u00a0 con un costo di 10 Euro a persona, a notte. C&#8217;\u00e8 inoltre la possibilit\u00e0 di stabilire un punto di ritrovo presso la stazione FS di Trieste. Le opzioni sono da specificare nelle note del modulo di iscrizione.<\/p>\n<p>&nbsp;<\/p>\n<h1 style=\"text-align: center\"><strong>MONTI ALBURNI (SA)<\/strong><\/h1>\n<p><strong>3 SETTEMBRE 2022<\/strong><\/p>\n<ul>\n<li>9:00\/10:00 \u2013 ritrovo a S. Angelo a Fasanella (SA) e registrazione partecipanti<\/li>\n<li>Visita al\u00a0 <a href=\"https:\/\/www.museonaturalistico.com\/\" target=\"_blank\" rel=\"noopener\">Museo Naturalistico di Corleto Monforte<\/a><\/li>\n<li>Pranzo al sacco<\/li>\n<li>Escursione all&#8217;ombra dei faggi al <a href=\"https:\/\/www.fscampania.it\/homepage\/sentiero-delle-grave\/\" target=\"_blank\" rel=\"noopener\">Sentiero delle Grave<\/a><\/li>\n<li>Visita all\u2019<a href=\"https:\/\/www.ilborghista.it\/dettaglio-da-fare-antece--patrimonio-unesco--sant-angelo-a-fasanella-sa-202\" target=\"_blank\" rel=\"noopener\">Antece<\/a> (Patrimonio Unesco), finestra sul Cilento<\/li>\n<li>Cena in piazza<\/li>\n<li>Dopo cena dimostrazione pratica di speleologia<\/li>\n<\/ul>\n<p><strong>4 SETTEMBRE 2022<\/strong><\/p>\n<ul>\n<li>8:00 &#8211; colazione<\/li>\n<li>Visita alla <a href=\"https:\/\/www.ilturista.info\/ugc\/info\/da_visitare\/2370-La_Grotta_Santuario_di_San_Michele_Arcangelo_scavata_nella_roccia_a_Sant_Angelo_a_Fasanella\/\" target=\"_blank\" rel=\"noopener\">Grotta Santuario di San Michele<\/a><\/li>\n<li>Visita alle <a href=\"https:\/\/www.ilborghista.it\/dettaglio-da-fare-cascate-fiume-auso-sant-angelo-a-fasanella-sa-204\" target=\"_blank\" rel=\"noopener\">Sorgenti dell\u2019Auso<\/a><\/li>\n<li>Pranzo al sacco<\/li>\n<li>Speleologia alle <a href=\"https:\/\/www.grottedicastelcivita.com\/\" target=\"_blank\" rel=\"noopener\">Grotte di Castelcivita<\/a><\/li>\n<li>Saluti istituzionali<\/li>\n<li>Fine attivit\u00e0, saluti e rientro a casa<\/li>\n<\/ul>\n<p>&nbsp;<\/p>\n<h1 style=\"text-align: center\"><strong>PANTALICA (SR)<\/strong><\/h1>\n<p><strong>3 SETTEMBRE 2022<\/strong><\/p>\n<ul>\n<li>9:00 &#8211; ritrovo a Melilli e registrazione partecipanti<\/li>\n<li>Visita alla <a href=\"http:\/\/www.comune.melilli.sr.it\/melilli\/zf\/index.php\/servizi-aggiuntivi\/index\/index\/idtesto\/40\" target=\"_blank\" rel=\"noopener\">Grotta Mastropietro di Melilli<\/a><\/li>\n<li>Pranzo al sacco<\/li>\n<li>Visita al <a href=\"https:\/\/www.beniculturali.it\/luogo\/museo-di-storia-naturale-di-melilli\" target=\"_blank\" rel=\"noopener\">Museo di Scienze Naturali di Melilli<\/a><\/li>\n<li>Granita Time!<\/li>\n<li>Come nascono le grotte (intevento formativo)<\/li>\n<li>Gli abitanti delle grotte (intervento formativo)<\/li>\n<li>Spostamento a Sortino e sistemazione per la notte<\/li>\n<li>Cena in locale convenzionato<\/li>\n<li>Dopo cena chiacchierando, imparando<\/li>\n<\/ul>\n<p><strong>4 SETTEMBRE 2022<\/strong><\/p>\n<ul>\n<li>8:00 &#8211; colazione<\/li>\n<li>La <a href=\"https:\/\/www.pantalica.org\/sitopant\" target=\"_blank\" rel=\"noopener\">Necropoli del Calcinara a Pantalica<\/a> (lato Sortino)<\/li>\n<li>Visita alla <a href=\"https:\/\/www.balarm.it\/news\/ci-sono-oltre-5-mila-tombe-scavate-nella-roccia-ed-e-il-regno-dei-pipistrelli-pantalica-e-la-sua-grotta-125646\" target=\"_blank\" rel=\"noopener\">Grotta dei Pipistrelli di Pantalica<\/a><\/li>\n<li>First Aid: prevenzione e primo soccorso<\/li>\n<li>Pranzo al sacco<\/li>\n<li>Saluti istituzionali<\/li>\n<li>Gelato Time!<\/li>\n<li>Fine attivit\u00e0, saluti e rientro a casa<\/li>\n<\/ul>\n","protected":false},"excerpt":{"rendered":"<p>La Commissione Centrale di Alpinismo Giovanile, con la collaborazione ed il patrocinio della Commissione Centrale di Speleologia e Torrentismo e della Commissione Centrale Medica, organizza un\u2019attivit\u00e0 a livello nazionale per [&hellip;]<\/p>\n","protected":false},"author":1,"featured_media":184,"comment_status":"closed","ping_status":"open","template":"","meta":{"_tribe_events_status":"","_tribe_events_status_reason":"","footnotes":""},"tags":[7],"tribe_events_cat":[],"_links":{"self":[{"href":"https:\/\/organizzazione.cai.it\/commissione-centrale-alpinismo-giovanile-lombardia\/wp-json\/wp\/v2\/tribe_events\/292"}],"collection":[{"href":"https:\/\/organizzazione.cai.it\/commissione-centrale-alpinismo-giovanile-lombardia\/wp-json\/wp\/v2\/tribe_events"}],"about":[{"href":"https:\/\/organizzazione.cai.it\/commissione-centrale-alpinismo-giovanile-lombardia\/wp-json\/wp\/v2\/types\/tribe_events"}],"author":[{"embeddable":true,"href":"https:\/\/organizzazione.cai.it\/commissione-centrale-alpinismo-giovanile-lombardia\/wp-json\/wp\/v2\/users\/1"}],"replies":[{"embeddable":true,"href":"https:\/\/organizzazione.cai.it\/commissione-centrale-alpinismo-giovanile-lombardia\/wp-json\/wp\/v2\/comments?post=292"}],"version-history":[{"count":1,"href":"https:\/\/organizzazione.cai.it\/commissione-centrale-alpinismo-giovanile-lombardia\/wp-json\/wp\/v2\/tribe_events\/292\/revisions"}],"predecessor-version":[{"id":328,"href":"https:\/\/organizzazione.cai.it\/commissione-centrale-alpinismo-giovanile-lombardia\/wp-json\/wp\/v2\/tribe_events\/292\/revisions\/328"}],"wp:featuredmedia":[{"embeddable":true,"href":"https:\/\/organizzazione.cai.it\/commissione-centrale-alpinismo-giovanile-lombardia\/wp-json\/wp\/v2\/media\/184"}],"wp:attachment":[{"href":"https:\/\/organizzazione.cai.it\/commissione-centrale-alpinismo-giovanile-lombardia\/wp-json\/wp\/v2\/media?parent=292"}],"wp:term":[{"taxonomy":"post_tag","embeddable":true,"href":"https:\/\/organizzazione.cai.it\/commissione-centrale-alpinismo-giovanile-lombardia\/wp-json\/wp\/v2\/tags?post=292"},{"taxonomy":"tribe_events_cat","embeddable":true,"href":"https:\/\/organizzazione.cai.it\/commissione-centrale-alpinismo-giovanile-lombardia\/wp-json\/wp\/v2\/tribe_events_cat?post=292"}],"curies":[{"name":"wp","href":"https:\/\/api.w.org\/{rel}","templated":true}]}}