{"id":208,"date":"2021-06-10T20:04:18","date_gmt":"2021-06-10T20:04:18","guid":{"rendered":"https:\/\/organizzazione.cai.it\/commissione-centrale-alpinismo-giovanile-marche-umbria\/evento\/raduno-nazionale-in-val-rendena-iscrizioni\/"},"modified":"2024-11-16T16:35:07","modified_gmt":"2024-11-16T16:35:07","slug":"raduno-nazionale-in-val-rendena-iscrizioni","status":"publish","type":"tribe_events","link":"https:\/\/organizzazione.cai.it\/commissione-centrale-alpinismo-giovanile-marche-umbria\/evento\/raduno-nazionale-in-val-rendena-iscrizioni\/","title":{"rendered":"Raduno Nazionale In Val Rendena &#8211; Iscrizioni"},"content":{"rendered":"<p class=\"ql-align-justify\" style=\"margin: 0cm;margin-bottom: .0001pt;text-align: justify;background: white\"><span style=\"font-size: 10.0pt;font-family: 'Helvetica',sans-serif;color: #173b49\">Care Accompagnatrici, cari Accompagnatori,<\/span><\/p>\n<p class=\"ql-align-justify\" style=\"margin: 0cm;margin-bottom: .0001pt;text-align: justify;background: white;cursor: text\"><span style=\"font-size: 10.0pt;font-family: 'Helvetica',sans-serif;color: #173b49\">eccovi il programma di massima del Raduno Nazionale degli Accompagnatori di Alpinismo Giovanile che si terr\u00e0 in Val Rendena (Trentino) dal 27 al 29 Agosto 2021. <\/span><\/p>\n<p class=\"ql-align-justify\" style=\"margin: 0cm;margin-bottom: .0001pt;text-align: justify;background: white;cursor: text\"><strong><span style=\"font-size: 10.0pt;font-family: 'Helvetica',sans-serif;color: #173b49\">\u00a0<\/span><\/strong><\/p>\n<p class=\"ql-align-justify\" style=\"margin: 0cm;margin-bottom: .0001pt;text-align: justify;background: white;cursor: text\"><strong><span style=\"font-size: 10.0pt;font-family: 'Helvetica',sans-serif;color: #173b49\">Venerd\u00ec 27 agosto<\/span><\/strong><\/p>\n<p class=\"ql-align-justify\" style=\"margin: 0cm;margin-bottom: .0001pt;text-align: justify;background: white;cursor: text\"><span style=\"font-size: 10.0pt;font-family: 'Helvetica',sans-serif;color: #173b49\">Ore 14:00 Arrivo e accoglienza dei partecipanti presso il Camping Val Rendena e sistemazione. <\/span><\/p>\n<p class=\"ql-align-justify\" style=\"margin: 0cm;margin-bottom: .0001pt;text-align: justify;background: white;cursor: text\"><span style=\"font-size: 10.0pt;font-family: 'Helvetica',sans-serif;color: #173b49\">Ore 15:00 Inizio delle attivit\u00e0. Interventi istituzionali. Intervento della CCAG\/SCAG e confronto \u201cattivo\u201d tra Accompagnatori sul tema: \u201cL\u2019alpinismo giovanile: ieri, oggi, domani\u201d.\u00a0<\/span><span style=\"font-size: 10.0pt;font-family: 'Helvetica',sans-serif;color: #173b49\"><em><span style=\"font-family: 'Helvetica',sans-serif\">Chiediamo ad ogni partecipante di portare un contributo sul tema da condividere durante la discussione.\u00a0<\/span><\/em><\/span><\/p>\n<p class=\"ql-align-justify\" style=\"margin: 0cm;margin-bottom: .0001pt;text-align: justify;background: white;cursor: text\"><span style=\"font-size: 10.0pt;font-family: 'Helvetica',sans-serif;color: #173b49\">Ore 19:30 cena presso il ristorante convenzionato \u201cRistorante Pizzeria &#8211; Le Fontane\u201d<\/span><\/p>\n<p class=\"ql-align-justify\" style=\"margin: 0cm;margin-bottom: .0001pt;text-align: justify;background: white;cursor: text\"><span style=\"font-size: 10.0pt;font-family: 'Helvetica',sans-serif;color: #173b49\">Ore 21:00 serata conviviale e osservazione di stelle (partecipazione libera)<\/span><\/p>\n<p class=\"ql-align-justify\" style=\"margin: 0cm;margin-bottom: .0001pt;text-align: justify;background: white;cursor: text\"><span style=\"font-size: 10.0pt;font-family: 'Helvetica',sans-serif;color: #173b49\">Pernotto in campeggio<\/span><\/p>\n<p class=\"ql-align-justify\" style=\"margin: 0cm;margin-bottom: .0001pt;text-align: justify;background: white;cursor: text\"><span style=\"font-size: 10.0pt;font-family: 'Helvetica',sans-serif;color: #173b49\">\u00a0<\/span><\/p>\n<p class=\"ql-align-justify\" style=\"margin: 0cm;margin-bottom: .0001pt;text-align: justify;background: white;cursor: text\"><strong><span style=\"font-size: 10.0pt;font-family: 'Helvetica',sans-serif;color: #173b49\">Sabato 28 agosto<\/span><\/strong><\/p>\n<p class=\"ql-align-justify\" style=\"margin: 0cm;margin-bottom: .0001pt;text-align: justify;background: white;cursor: text\"><span style=\"font-size: 10.0pt;font-family: 'Helvetica',sans-serif;color: #173b49\">Colazione libera presso il Camping <\/span><\/p>\n<p class=\"ql-align-justify\" style=\"margin: 0cm;margin-bottom: .0001pt;text-align: justify;background: white;cursor: text\"><span style=\"font-size: 10.0pt;font-family: 'Helvetica',sans-serif;color: #173b49\">Ore 8:30 partenza per escursione localit\u00e0 Doss del Sabion, accompagnati dagli esperti del Parco naturale Adamello Brenta. <\/span><\/p>\n<p class=\"ql-align-justify\" style=\"margin: 0cm;margin-bottom: .0001pt;text-align: justify;background: white;cursor: text\"><span style=\"font-size: 10.0pt;font-family: 'Helvetica',sans-serif;color: #173b49\">Il Giro del Doss del Sabion \u00e8 un percorso di grande appagamento soprattutto per l\u2019incredibile panorama che si gode dalla cima del Doss: un orizzonte che spazia dalle Dolomiti di Brenta, al Gruppo della Presanella, passando per la verde Val Rendena. La parte alta dell\u2019anello \u00e8 favolosa, con scorci davvero unici. Escursione di media difficolt\u00e0.\u00a0\u00a0\u00a0\u00a0\u00a0\u00a0\u00a0\u00a0\u00a0\u00a0\u00a0\u00a0\u00a0\u00a0\u00a0\u00a0\u00a0\u00a0\u00a0\u00a0\u00a0\u00a0\u00a0\u00a0\u00a0\u00a0\u00a0\u00a0\u00a0\u00a0\u00a0\u00a0\u00a0\u00a0\u00a0\u00a0\u00a0\u00a0\u00a0\u00a0\u00a0\u00a0\u00a0\u00a0\u00a0\u00a0\u00a0\u00a0\u00a0\u00a0\u00a0\u00a0\u00a0\u00a0\u00a0\u00a0\u00a0\u00a0\u00a0\u00a0\u00a0\u00a0\u00a0\u00a0\u00a0\u00a0\u00a0\u00a0\u00a0\u00a0\u00a0\u00a0\u00a0\u00a0<\/span><\/p>\n<p class=\"ql-align-justify\" style=\"margin: 0cm;margin-bottom: .0001pt;text-align: justify;background: white;cursor: text\"><span style=\"font-size: 10.0pt;font-family: 'Helvetica',sans-serif;color: #173b49\">Pranzo al sacco (a carico dei partecipanti)<\/span><\/p>\n<p class=\"ql-align-justify\" style=\"margin: 0cm;margin-bottom: .0001pt;text-align: justify;background: white;cursor: text\"><span style=\"font-size: 10.0pt;font-family: 'Helvetica',sans-serif;color: #173b49\">Ore 17.00 circa rientro in campeggio<\/span><\/p>\n<p style=\"margin: 0cm;margin-bottom: .0001pt;background: white;cursor: text\"><span style=\"font-size: 10.0pt;font-family: 'Helvetica',sans-serif;color: #173b49\">Ore 19.30 cena al ristorante convenzionato \u201cRistorante Pizzeria &#8211; Le Fontane\u201d<\/span><\/p>\n<p style=\"margin: 0cm;margin-bottom: .0001pt;background: white;cursor: text\"><span style=\"font-size: 10.0pt;font-family: 'Helvetica',sans-serif;color: #173b49\">Ore 21.00 Serata conviviale con concerto del Coro di Roncone \u201cCima Ucia\u201d<\/span><\/p>\n<p style=\"margin: 0cm;margin-bottom: .0001pt;background: white;cursor: text\"><span style=\"font-size: 10.0pt;font-family: 'Helvetica',sans-serif;color: #173b49\">\u00a0<\/span><\/p>\n<p style=\"margin: 0cm;margin-bottom: .0001pt;background: white;cursor: text\"><strong><span style=\"font-size: 10.0pt;font-family: 'Helvetica',sans-serif;color: #173b49\">Domenica 29 agosto<\/span><\/strong><\/p>\n<p style=\"margin: 0cm;margin-bottom: .0001pt;background: white;cursor: text\"><span style=\"font-size: 10.0pt;font-family: 'Helvetica',sans-serif;color: #173b49\">Colazione libera presso il Camping<\/span><\/p>\n<p class=\"ql-align-justify\" style=\"margin: 0cm;margin-bottom: .0001pt;text-align: justify;background: white;cursor: text\"><span style=\"font-size: 10.0pt;font-family: 'Helvetica',sans-serif;color: #173b49\">Ore 8.30 partenza per l\u2019escursione all\u2019interno del Parco Fluviale della Sarca (dai ghiacciai dell&#8217;Adamello al Garda), accompagnati dagli esperti della SAT Car\u00e8 Alto. <\/span><\/p>\n<p class=\"ql-align-justify\" style=\"margin: 0cm;margin-bottom: .0001pt;text-align: justify;background: white;cursor: text\"><span style=\"font-size: 10.0pt;font-family: 'Helvetica',sans-serif;color: #173b49\">Il fiume Sarca nasce dai ghiacciai dell&#8217;Adamello e conclude il suo corso nel Lago di Garda. Nel mezzo, un corridoio ecologico fatto di valli alpine impervie e selvagge, zone collinari di grande bellezza, ambienti naturali preservati, paesaggi storico-culturali straordinariamente caratterizzati. Il Parco Fluviale si estende lungo gli 80 km dell&#8217;asta del fiume. L&#8217;acqua diventa cos\u00ec un filo conduttore che unisce territori molto diversi ma ugualmente suggestivi, scrigni preziosi di biodiversit\u00e0: l&#8217;alto corso della Sarca, con i suoi paesaggi alpini e i colori vivaci dei prati e dei campi coltivati, e il basso corso, conosciuto per il clima mite, per i laghi da cartolina e per un patrimonio ambientale che gi\u00e0 richiama al Mediterraneo.<\/span><\/p>\n<p style=\"margin: 0cm;margin-bottom: .0001pt;background: white;cursor: text\"><span style=\"font-size: 10.0pt;font-family: 'Helvetica',sans-serif;color: #173b49\">Pranzo al sacco (a carico dei partecipanti).<\/span><\/p>\n<p style=\"margin: 0cm;margin-bottom: .0001pt;background: white;cursor: text\"><span style=\"font-size: 10.0pt;font-family: 'Helvetica',sans-serif;color: #173b49\">Incontro di chiusura dell\u2019attivit\u00e0 e saluti finali. <\/span><\/p>\n<p style=\"margin: 0cm;margin-bottom: .0001pt;background: white;cursor: text\"><span style=\"font-size: 10.0pt;font-family: 'Helvetica',sans-serif;color: #173b49\">\u00a0<\/span><\/p>\n<p class=\"ql-align-justify\" style=\"margin: 0cm;margin-bottom: .0001pt;text-align: justify;background: white;cursor: text\"><strong><span style=\"font-size: 10.0pt;font-family: 'Helvetica',sans-serif;color: #173b49\">Iscrizione <\/span><\/strong><\/p>\n<p class=\"ql-align-justify\" style=\"margin: 0cm;margin-bottom: .0001pt;text-align: justify;background: white;cursor: text\"><span style=\"font-size: 10.0pt;font-family: 'Helvetica',sans-serif;color: #173b49\">Per motivi organizzativi e a causa dell\u2019emergenza Covid, il raduno sar\u00e0 rivolto ad un <u>numero massimo di 50 partecipanti<\/u> (esclusi gli organizzatori). Priorit\u00e0 verr\u00e0 data ad una adeguata rappresentativit\u00e0 territoriale. \u00a0<\/span><\/p>\n<p class=\"ql-align-justify\" style=\"margin: 0cm;margin-bottom: .0001pt;text-align: justify;background: white;cursor: text\"><strong><span style=\"font-size: 10.0pt;font-family: 'Helvetica',sans-serif;color: #173b49\">Per l\u2019iscrizione al raduno \u00e8 necessario compilare il modulo<\/span><\/strong><span style=\"font-size: 10.0pt;font-family: 'Helvetica',sans-serif;color: #173b49\"> che trovi al seguente <strong><span style=\"font-family: 'Helvetica',sans-serif\"><a title=\"link\" href=\"https:\/\/docs.google.com\/forms\/d\/1Xv3QLvYzbjwASO2i8WvMYQRaSaiapzUsVtg3obGfPwE\/edit\" target=\"_blank\" rel=\"noopener noreferrer\"><span style=\"color: #0066cc\">link<\/span><\/a> entro il 20 giugno<\/span><\/strong>. A seguito della nostra conferma, che riceverai tramite e-mail nei giorni successivi alla compilazione del modulo, ti chiederemo di effettuare il <strong><span style=\"font-family: 'Helvetica',sans-serif\">pagamento della quota di partecipazione di 40,00 Euro,<\/span><\/strong> all\u2019IBAN che ti verr\u00e0 indicato,<strong><span style=\"font-family: 'Helvetica',sans-serif\"> entro il 30 giugno.<\/span><\/strong> <\/span><\/p>\n<p class=\"ql-align-justify\" style=\"margin: 0cm;margin-bottom: .0001pt;text-align: justify;background: white;cursor: text\"><span style=\"font-size: 10.0pt;font-family: 'Helvetica',sans-serif;color: #173b49\">L\u2019attivit\u00e0 si svolger\u00e0 secondo le disposizioni vigenti in ambito sanitario. A questo proposito ti verranno fornite, in tempo utile, le informazioni necessarie, in base alla situazione contingente. <\/span><\/p>\n<p class=\"ql-align-justify\" style=\"margin: 0cm;margin-bottom: .0001pt;text-align: justify;background: white;cursor: text\"><span style=\"font-size: 10.0pt;font-family: 'Helvetica',sans-serif;color: #173b49\">\u00a0<\/span><\/p>\n<p class=\"ql-align-justify\" style=\"margin: 0cm;margin-bottom: .0001pt;text-align: justify;background: white;cursor: text\"><span style=\"font-size: 10.0pt;font-family: 'Helvetica',sans-serif;color: #173b49\">Note:<\/span><\/p>\n<p class=\"ql-align-justify\" style=\"margin: 0cm;margin-bottom: .0001pt;text-align: justify;background: white;cursor: text\"><span style=\"font-size: 10.0pt;font-family: 'Helvetica',sans-serif;color: #173b49\">&#8211;\u00a0\u00a0\u00a0\u00a0\u00a0\u00a0per chi non fosse provvisto di pranzo al sacco, verr\u00e0 fornito dall\u2019organizzazione previa prenotazione al momento dell\u2019arrivo (a pagamento);<\/span><\/p>\n<p class=\"ql-align-justify\" style=\"margin: 0cm;margin-bottom: .0001pt;text-align: justify;background: white;cursor: text\"><span style=\"font-size: 10.0pt;font-family: 'Helvetica',sans-serif;color: #173b49\">&#8211;\u00a0\u00a0\u00a0\u00a0\u00a0\u00a0\u00a0tenda per pernotto in campeggio a carico dei partecipanti;<\/span><\/p>\n<p class=\"ql-align-justify\" style=\"margin: 0cm;margin-bottom: .0001pt;text-align: justify;background: white;cursor: text\"><span style=\"font-size: 10.0pt;font-family: 'Helvetica',sans-serif;color: #173b49\">&#8211;\u00a0\u00a0\u00a0\u00a0\u00a0\u00a0\u00a0la quota del campeggio non prevede il costo di energia elettrica;<\/span><\/p>\n<p class=\"ql-align-justify\" style=\"margin: 0cm;margin-bottom: .0001pt;text-align: justify;background: white;cursor: text\"><span style=\"font-size: 10.0pt;font-family: 'Helvetica',sans-serif;color: #173b49\">&#8211;\u00a0\u00a0\u00a0\u00a0\u00a0\u00a0\u00a0in caso di maltempo il programma potr\u00e0 subire delle variazioni;<\/span><\/p>\n<p class=\"ql-align-justify\" style=\"margin: 0cm;margin-bottom: .0001pt;text-align: justify;background: white;cursor: text\"><span style=\"font-size: 10.0pt;font-family: 'Helvetica',sans-serif;color: #173b49\">&#8211;\u00a0\u00a0\u00a0\u00a0\u00a0\u00a0\u00a0impianto di risalita Doss del Sabion: 5,50 Euro<\/span><\/p>\n<p class=\"ql-align-justify\" style=\"margin: 0cm;margin-bottom: .0001pt;text-align: justify;background: white;cursor: text\"><span style=\"font-size: 10.0pt;font-family: 'Helvetica',sans-serif;color: #173b49\">\u00a0<\/span><\/p>\n<p class=\"ql-align-justify\" style=\"margin: 0cm;margin-bottom: .0001pt;text-align: justify;background: white;cursor: text\"><span style=\"font-size: 10.0pt;font-family: 'Helvetica',sans-serif;color: #173b49\">Ti aspettiamo in Trentino! <\/span><\/p>\n<p class=\"ql-align-justify\" style=\"margin: 0cm;margin-bottom: .0001pt;text-align: justify;background: white;cursor: text\"><span style=\"font-size: 10.0pt;font-family: 'Helvetica',sans-serif;color: #173b49\">CCAG, SCAG, CPAG SAT, SAT Pinzolo\/Alta Val Rendena e SAT Car\u00e8 Alto<\/span><\/p>\n<p class=\"ql-align-justify\" style=\"margin: 0cm;margin-bottom: .0001pt;text-align: justify;background: white;cursor: text\"><span style=\"font-size: 10.0pt;font-family: 'Helvetica',sans-serif;color: #173b49\">\u00a0<\/span><\/p>\n<p class=\"ql-align-justify\" style=\"margin: 0cm;margin-bottom: .0001pt;text-align: justify;background: white;cursor: text\"><em><span style=\"font-size: 10.0pt;font-family: 'Helvetica',sans-serif;color: #173b49\">Per informazioni: <\/span><\/em><\/p>\n<p class=\"ql-align-justify\" style=\"margin: 0cm;margin-bottom: .0001pt;text-align: justify;background: white;cursor: text\"><span style=\"font-size: 10.0pt;font-family: 'Helvetica',sans-serif;color: #173b49\">Letizia Rossi <\/span><u><span style=\"font-size: 10.0pt;font-family: 'Helvetica',sans-serif;color: #1155cc\"><a href=\"https:\/\/applicazioni.cai.it\/soci-operativi\/inside\/operativi\/undefined\" target=\"_blank\" rel=\"noopener noreferrer\"><span style=\"color: #0066cc\">letizia.rossi@cai.it<\/span><\/a><\/span><\/u><span style=\"font-size: 10.0pt;font-family: 'Helvetica',sans-serif;color: #173b49\"> (328 3188143)<\/span><\/p>\n<p class=\"ql-align-justify\" style=\"margin: 0cm;margin-bottom: .0001pt;text-align: justify;background: white;cursor: text\"><span style=\"font-size: 10.0pt;font-family: 'Helvetica',sans-serif;color: #173b49\">Raimondo Mancinelli <\/span><u><span style=\"font-size: 10.0pt;font-family: 'Helvetica',sans-serif;color: #1155cc\"><a href=\"https:\/\/applicazioni.cai.it\/soci-operativi\/inside\/operativi\/undefined\" target=\"_blank\" rel=\"noopener noreferrer\"><span style=\"color: #0066cc\">raimondo.mancinelli@cai.it<\/span><\/a><\/span><\/u><\/p>\n<p class=\"ql-align-justify\" style=\"margin: 0cm;margin-bottom: .0001pt;text-align: justify;background: white;cursor: text\"><span style=\"font-size: 10.0pt;font-family: 'Helvetica',sans-serif;color: #173b49\">\u00a0<\/span><img loading=\"lazy\" decoding=\"async\" class=\"alignnone size-medium wp-image-44783\" src=\"https:\/\/organizzazione.cai.it\/commissione-centrale-alpinismo-giovanile-marche-umbria\/wp-content\/uploads\/sites\/78\/2024\/11\/Loghi-raduno-2021.jpg\" alt=\"- CAI\" width=\"300\" height=\"94\" title=\"\"><\/p>\n<p class=\"ql-align-justify\" style=\"margin: 0cm;margin-bottom: .0001pt;text-align: justify;background: white;cursor: text\"><strong><span style=\"font-size: 10.0pt;font-family: 'Helvetica',sans-serif;color: #173b49\">Camping Val Rendena<\/span><\/strong><\/p>\n<p class=\"ql-align-justify\" style=\"margin: 0cm;margin-bottom: .0001pt;text-align: justify;background: white;cursor: text\"><span style=\"font-size: 10.0pt;font-family: 'Helvetica',sans-serif;color: #173b49\">via Civico, 117, 38080 Dar\u00e8 TN<\/span><\/p>\n<p class=\"ql-align-justify\" style=\"margin: 0cm;margin-bottom: .0001pt;text-align: justify;background: white;cursor: text\"><span style=\"font-size: 10.0pt;font-family: 'Helvetica',sans-serif;color: #173b49\">+390465801669<\/span><\/p>\n<p class=\"ql-align-justify\" style=\"margin: 0cm;margin-bottom: .0001pt;text-align: justify;background: white;cursor: text\"><span style=\"font-size: 10.0pt;font-family: 'Helvetica',sans-serif;color: #173b49\"><a title=\"https:\/\/www.campingvalrendena.com\/\" href=\"https:\/\/www.campingvalrendena.com\/\" target=\"_blank\" rel=\"noopener noreferrer\"><span style=\"color: #0066cc\">https:\/\/www.campingvalrendena.com\/<\/span><\/a> <\/span><\/p>\n<p class=\"ql-align-justify\" style=\"margin: 0cm;margin-bottom: .0001pt;text-align: justify;background: white;cursor: text\"><span style=\"font-size: 10.0pt;font-family: 'Helvetica',sans-serif;color: #173b49\">Indicazioni: <a title=\"Dove siamo\" href=\"https:\/\/g.page\/campingvalrendena?share\" target=\"_blank\" rel=\"noopener noreferrer\"><span style=\"color: #0066cc\">Dove siamo<\/span><\/a><\/span><\/p>\n","protected":false},"excerpt":{"rendered":"<p>Care Accompagnatrici, cari Accompagnatori, eccovi il programma di massima del Raduno Nazionale degli Accompagnatori di Alpinismo Giovanile che si terr\u00e0 in Val Rendena (Trentino) dal 27 al 29 Agosto 2021. [&hellip;]<\/p>\n","protected":false},"author":1,"featured_media":180,"comment_status":"closed","ping_status":"open","template":"","meta":{"_tribe_events_status":"","_tribe_events_status_reason":"","footnotes":""},"tags":[8],"tribe_events_cat":[],"_links":{"self":[{"href":"https:\/\/organizzazione.cai.it\/commissione-centrale-alpinismo-giovanile-marche-umbria\/wp-json\/wp\/v2\/tribe_events\/208"}],"collection":[{"href":"https:\/\/organizzazione.cai.it\/commissione-centrale-alpinismo-giovanile-marche-umbria\/wp-json\/wp\/v2\/tribe_events"}],"about":[{"href":"https:\/\/organizzazione.cai.it\/commissione-centrale-alpinismo-giovanile-marche-umbria\/wp-json\/wp\/v2\/types\/tribe_events"}],"author":[{"embeddable":true,"href":"https:\/\/organizzazione.cai.it\/commissione-centrale-alpinismo-giovanile-marche-umbria\/wp-json\/wp\/v2\/users\/1"}],"replies":[{"embeddable":true,"href":"https:\/\/organizzazione.cai.it\/commissione-centrale-alpinismo-giovanile-marche-umbria\/wp-json\/wp\/v2\/comments?post=208"}],"version-history":[{"count":1,"href":"https:\/\/organizzazione.cai.it\/commissione-centrale-alpinismo-giovanile-marche-umbria\/wp-json\/wp\/v2\/tribe_events\/208\/revisions"}],"predecessor-version":[{"id":412,"href":"https:\/\/organizzazione.cai.it\/commissione-centrale-alpinismo-giovanile-marche-umbria\/wp-json\/wp\/v2\/tribe_events\/208\/revisions\/412"}],"wp:featuredmedia":[{"embeddable":true,"href":"https:\/\/organizzazione.cai.it\/commissione-centrale-alpinismo-giovanile-marche-umbria\/wp-json\/wp\/v2\/media\/180"}],"wp:attachment":[{"href":"https:\/\/organizzazione.cai.it\/commissione-centrale-alpinismo-giovanile-marche-umbria\/wp-json\/wp\/v2\/media?parent=208"}],"wp:term":[{"taxonomy":"post_tag","embeddable":true,"href":"https:\/\/organizzazione.cai.it\/commissione-centrale-alpinismo-giovanile-marche-umbria\/wp-json\/wp\/v2\/tags?post=208"},{"taxonomy":"tribe_events_cat","embeddable":true,"href":"https:\/\/organizzazione.cai.it\/commissione-centrale-alpinismo-giovanile-marche-umbria\/wp-json\/wp\/v2\/tribe_events_cat?post=208"}],"curies":[{"name":"wp","href":"https:\/\/api.w.org\/{rel}","templated":true}]}}