{"id":1145,"date":"2020-06-12T10:15:30","date_gmt":"2020-06-12T10:15:30","guid":{"rendered":"https:\/\/organizzazione.cai.it\/commissione-centrale-tutela-ambiente-montano\/grandi-temi\/convenzione-delle-alpi\/"},"modified":"2024-12-01T16:47:14","modified_gmt":"2024-12-01T16:47:14","slug":"convenzione-delle-alpi","status":"publish","type":"page","link":"https:\/\/organizzazione.cai.it\/commissione-centrale-tutela-ambiente-montano\/grandi-temi\/convenzione-delle-alpi\/","title":{"rendered":"Convenzione delle Alpi"},"content":{"rendered":"<h1><img loading=\"lazy\" decoding=\"async\" class=\"alignnone size-medium wp-image-34964 aligncenter\" src=\"https:\/\/organizzazione.cai.it\/commissione-centrale-tutela-ambiente-montano\/wp-content\/uploads\/sites\/85\/2024\/11\/20120312_logowithwebsite.jpg\" alt=\"- CAI\" width=\"300\" height=\"204\" title=\"\"><\/h1>\n<h1 style=\"text-align: center\"><strong>LA CONVENZIONE DELLE ALPI<\/strong><\/h1>\n<p><strong>\u00a0<\/strong><\/p>\n<p>Negli anni Novanta, la\u00a0<strong>Convenzione delle Alpi<\/strong>\u00a0\u00e8 stata un precursore nel suo genere: \u00e8 stata infatti il primo trattato internazionale al mondo che considera un&#8217;area montana transnazionale nella sua interezza geografica.<br \/>\nLa Convenzione \u00e8 stata firmata dagli otto Paesi alpini Austria, Francia, Germania, Italia, Svizzera, Liechtenstein, Slovenia e Monaco, come anche dall\u2019Unione Europea, ed \u00e8 entrata in vigore nel 1995.<\/p>\n<p>Dal momento che le Parti contraenti condividono un territorio comune con sfide comuni, la Convenzione delle\u00a0<strong>Alpi<\/strong>\u00a0punta alla protezione e allo sviluppo sostenibile delle Alpi.<br \/>\nQuesta zona di montagna nel cuore dell&#8217;Europa \u00e8 l&#8217;ambiente naturale, culturale, di vita ed economico per pi\u00f9 di 14 milioni di persone e per un elevato numero di ospiti all&#8217;anno.<\/p>\n<p style=\"text-align: center\">STORIA DELLA CONVENZIONE DELLE ALPI<\/p>\n<p>L&#8217;elaborazione di una Convenzione delle Alpi era gi\u00e0 stata individuata come uno dei principali obiettivi della CIPRA, la Commissione Internazionale per la Protezione delle Alpi, al momento della costituzione della ONG nel 1952. L&#8217;idea giunse a maturazione alla fine degli anni &#8217;80 quando, promossa dalla CIPRA, il 17 maggio 1988 \u00e8 stata approvata all\u2019unanimit\u00e0 dal Parlamento europeo, riunito in sessione plenaria, una risoluzione per l&#8217;elaborazione di una &#8220;Convenzione sulla protezione della regione alpina&#8221;. Su questa base, la risoluzione di 89 punti adottata dai Ministri dell&#8217;Ambiente in occasione della prima Conferenza delle Alpi, svoltasi a Berchtesgaden (D) nel 1989, ha segnato l&#8217;impegno concreto a formulare un trattato internazionale vincolante tra gli otto Stati alpini e la CEE.<\/p>\n<p>La Convenzione delle Alpi \u00e8 stata portata a compimento e firmata a Salisburgo (AT) il 7 novembre 1991 dall\u2019Austria, dalla Francia, dalla Germania, dall\u2019Italia, dal Liechtenstein, dalla Svizzera e dalla CEE. La Slovenia ha firmato la convenzione nel 1993 mentre Monaco \u00e8 diventata parte contraente nel 1994 sulla base di un protocollo aggiuntivo separato. La convenzione \u00e8 entrata in vigore nel 1995 ed ulteriori impegni specifici sono stati definiti in otto Protocolli tematici.<\/p>\n<p>La Convenzione delle Alpi \u00e8 uno strumento per la sostenibilit\u00e0 unico e giuridicamente vincolante che mira a salvaguardare i sensibili ecosistemi alpini, insieme alle identit\u00e0 culturali regionali, al patrimonio e alle tradizioni delle Alpi per le generazioni future.<\/p>\n<p>La Convenzione delle Alpi \u00e8 anche un palcoscenico politico sul quale, nel corso degli anni, le Parti contraenti hanno maturato una grande esperienza, collaborando con numerose organizzazioni, coinvolte in qualit\u00e0 di Osservatori. L&#8217;intero regime della Convenzione delle Alpi, con le sue dichiarazioni, i rapporti sullo stato delle Alpi e le diverse reti, \u00e8 diventato una notevole fonte di idee e conoscenze. Infatti, non dovrebbe sorprendere che il suo esempio sia stato seguito dalla Convenzione dei Carpazi, mentre molte altre zone di montagna in tutto il mondo guardano con interesse all&#8217;esperienza delle Alpi.<\/p>\n<h4 style=\"text-align: center\">TEMI<\/h4>\n<p>Negli ultimi decenni, all\u2019interno e attorno al territorio alpino si sono delineate nuove questioni e problematiche da affrontare conseguentemente al dinamismo dello sviluppo economico, al problema del cambiamento climatico, a nuovi sviluppi nel settore demografico e molto altro ancora. Di conseguenza, risulta chiara la necessit\u00e0 di affrontare tali questioni attraverso forme di cooperazione internazionale.<\/p>\n<p><em>I temi qui presentati sono affrontati e trattati a livello transnazionale e multisettoriale nell\u2019ambito della Convenzione delle Alpi:<\/em><\/p>\n<ul>\n<li><a href=\"https:\/\/www.alpconv.org\/it\/home\/temi\/biodiversita-conservazione-delle-natura\/#c2903\" target=\"_blank\" rel=\"noopener\">Biodiversit\u00e0 e conservazione della natura<\/a><\/li>\n<li><a href=\"https:\/\/www.alpconv.org\/it\/home\/temi\/cambiamenti-climatici\/#c2906\" target=\"_blank\" rel=\"noopener\">Cambiamento climatico<\/a><\/li>\n<li><a href=\"https:\/\/www.alpconv.org\/it\/home\/temi\/energia\/#c2909\" target=\"_blank\" rel=\"noopener\">Energia<\/a><\/li>\n<li><a href=\"https:\/\/www.alpconv.org\/it\/home\/temi\/foreste\/#c2912\" target=\"_blank\" rel=\"noopener\">Foreste<\/a><\/li>\n<li><a href=\"https:\/\/www.alpconv.org\/it\/home\/temi\/green-economy\/#c2915\" target=\"_blank\" rel=\"noopener\">Green economy<\/a><\/li>\n<li><a href=\"https:\/\/www.alpconv.org\/it\/home\/temi\/agricoltura-di-montagna\/#c2918\" target=\"_blank\" rel=\"noopener\">Agricoltura di montagna<\/a><\/li>\n<li><a href=\"https:\/\/www.alpconv.org\/it\/home\/temi\/pericoli-naturali\/#c2921\" target=\"_blank\" rel=\"noopener\">Pericoli naturali<\/a><\/li>\n<li><a href=\"https:\/\/www.alpconv.org\/it\/home\/temi\/popolazione-cultura\/#c2924\" target=\"_blank\" rel=\"noopener\">Popolazione &amp; Cultura<\/a><\/li>\n<li><a href=\"https:\/\/www.alpconv.org\/it\/home\/temi\/pianificazione-territoriale\/#c3065\" target=\"_blank\" rel=\"noopener\">Pianificazione territoriale<\/a><\/li>\n<li><a href=\"https:\/\/www.alpconv.org\/it\/home\/temi\/difesa-del-suolo\/#c3068\" target=\"_blank\" rel=\"noopener\">Uso del suolo<\/a><\/li>\n<li><a href=\"https:\/\/www.alpconv.org\/it\/home\/temi\/turismo\/#c3074\" target=\"_blank\" rel=\"noopener\">Turismo<\/a><\/li>\n<\/ul>\n<ul>\n<li><a href=\"https:\/\/www.alpconv.org\/it\/home\/temi\/gestione-dellacqua\/#c3077\" target=\"_blank\" rel=\"noopener\">Gestione dell\u2019acqua<\/a><\/li>\n<\/ul>\n<p>&nbsp;<\/p>\n<h4 style=\"text-align: center\">WE ARE ALPS &#8211; NOI SIAMO LE ALPI<\/h4>\n<p>Il tour &#8220;We are Alps\u201d \u00e8 un&#8217;iniziativa del Segretariato Permanente grazie alla quale un gruppo di giornalisti selezionati attraversa l&#8217;arco alpino per conoscere la Convenzione e incontrare gli abitanti \u00a0dalle Alpi \u2013 tra cui agricoltori, imprenditori, abitanti, esperti e politici. Per questo motivo il nome della traversata: &#8220;<strong>We are Alps &#8211; Noi siamo Alpi<\/strong>&#8220;.<br \/>\nOgni anno il tema dell\u2019iniziativa cambia, ma due comuni denominatori restano: incontrare le persone al fine di affrontare un particolare argomento e viaggiare con mezzi di trasporto sostenibili in alternativa all\u2019auto privata. Il progetto mira a sensibilizzare riguardo le sfide e le opportunit\u00e0 della nostra regione, riguardo la Convenzione delle Alpi in risposta alle potenzialit\u00e0 e sfide esistenti nella regione alpina. L\u2019attivit\u00e0 mira a sottolinea le caratteristiche, le peculiarit\u00e0, le opportunit\u00e0 e le problematiche comuni che gli abitanti delle Alpi si trovano ad affrontare, compreso il tema del trasporto pubblico, nonch\u00e9 un tema in particolare di anno in anno.<br \/>\nIl tema della prima edizione del tour\u00a0nel 2014 \u00e8 stato l\u2019<a href=\"https:\/\/www.alpconv.org\/it\/home\/progetti\/we-are-alps\/we-are-alps-tour-2014\/#c4569\" target=\"_blank\" rel=\"noopener\">Agricoltura familiare<\/a>\u00a0e prodotti di montagna richiamando l\u2019Anno dell\u2019Agricoltura familiare promosso dalle Nazioni Unite.\u00a0I temi delle edizioni successive sono stati:\u00a0<a href=\"https:\/\/www.alpconv.org\/it\/home\/progetti\/we-are-alps\/we-are-alps-tour-2015\/#c755\" target=\"_blank\" rel=\"noopener\">Cambiamenti climatici<\/a>\u00a0(2015),\u00a0<a href=\"https:\/\/www.alpconv.org\/it\/home\/progetti\/we-are-alps\/we-are-alps-tour-2016\/#c708\" target=\"_blank\" rel=\"noopener\">Alpine green economy<\/a>\u00a0(2016),\u00a0<a href=\"https:\/\/www.alpconv.org\/it\/home\/progetti\/we-are-alps\/we-are-alps-tour-2017\/#c598\" target=\"_blank\" rel=\"noopener\">Water in the Alps<\/a>\u00a0(2017),\u00a0<a href=\"https:\/\/www.alpconv.org\/it\/home\/progetti\/we-are-alps\/we-are-alps-tour-2018\/#c567\" target=\"_blank\" rel=\"noopener\">Popolazione e cultura nelle Alpi \u2013 ora ed allora<\/a>(2018),\u00a0<a href=\"https:\/\/www.alpconv.org\/it\/home\/progetti\/we-are-alps\/we-are-alps-tour-2014\/\" target=\"_blank\" rel=\"noopener\">Cambiamento climatico, Rischi naturali e Governance<\/a>\u00a0(edizione compatta 2019).<\/p>\n<p>&nbsp;<\/p>\n<h4 style=\"text-align: center\">FESTIVAL LEGGERE LE MONTAGNE<\/h4>\n<p><em>Celebrazione del patrimonio culturale alpino nell&#8217;ambito della Giornata Internazionale della Montagna &#8211; 11 dicembre\u00a0<\/em><\/p>\n<p>Il Festival letterario Leggere le Montagne \u00e8 un\u2019iniziativa che permettere di avvicinare tra loro gli amanti della lettura e la montagna. Gli amanti dei libri, gli autori, gli alpinisti e gli artisti provenienti da tutto l\u2019arco alpino (ma non solo) hanno occasione di dialogare e confrontarsi tra loro sul significato, la portata e l\u2019impatto della letteratura alpina. Alcune di queste riflessioni sono contenute nel video &#8220;Gente, libri e montagne \u2013 La ricerca di una Letteratura Alpina&#8221;, realizzato a conclusione della prima edizione del Festival, nel 2015.<\/p>\n<p>L\u2019iniziativa \u201cLeggere le Montagne\u201d \u00e8 stata presentata per la prima volta nel 2015 in occasione della celebrazione della Giornata Internazionale della Montagna. L\u2019idea, alla base dell\u2019iniziativa, \u00e8 quella di avviare una serie di eventi dedicati al tema della Montagna e della letteratura in varie localit\u00e0 alpine in occasione della Giornata Internazionale della Montagna istituita dalle Nazioni Unite, e che si celebra annualmente l\u201911 dicembre. Il Festival promuove le differenze e le somiglianze culturali esistenti nel territorio alpino, e allo stesso tempo, collega tra loro \u201cmontagna e cultura\u201d.<\/p>\n<p>I partner che aderiscono all\u2019iniziativa ricevono poster, segnalibri e adesivi da utilizzare per promuovere e pubblicizzare il proprio evento.<\/p>\n<p>A dimostrazione della ricchezza del patrimonio letterario alpino esistente abbiamo predisposto un\u00a0<a href=\"https:\/\/www.alpconv.org\/fileadmin\/user_upload\/Projects\/RMF\/Literature_list.pdf\" target=\"_blank\" rel=\"noopener\">catalogo<\/a> (non esaustivo) di testi. Avete qualche altro titolo da suggerirci? Avete bisogno di ulteriori informazioni circa gli eventi e le singole iniziative?<\/p>\n<h4 style=\"text-align: center\">EUSALP \u2013 GRUPPO DI AZIONE 6<\/h4>\n<p>La Convenzione delle Alpi, insieme al Land della Carinzia, \u00e8 alla guida del Gruppo di Azione 6 di\u00a0<a href=\"https:\/\/www.alpine-region.eu\/\" target=\"_blank\" rel=\"noopener\">EUSALP<\/a>, che affronta il tema \u201cPreservare e valorizzare le risorse naturali, comprese quelle idriche, e quelle culturali\u201d.<\/p>\n<p><strong>Questo Gruppo di Azione (GA) struttura la propria attivit\u00e0 in tre sotto-argomenti:<\/strong><\/p>\n<ul>\n<li>Sviluppo territoriale e conservazione del suolo<\/li>\n<li>Il futuro dell\u2019agricoltura e della silvicoltura (protezione della natura, aspetti socio-economici e culturali)<\/li>\n<li>Gestione integrata e sostenibile dell\u2019acqua<\/li>\n<\/ul>\n<p><strong>I compiti del Gruppo di Azione sono:<\/strong><\/p>\n<ul>\n<li>Identificare e facilitare il coinvolgimento delle parti interessate<\/li>\n<li>Elaborare e attuare un programma di lavoro per il Gruppo di Azione<\/li>\n<li>Sviluppo di criteri specifici ai fini della selezione di azioni\/progetti all\u2019interno del Gruppo di Azione<\/li>\n<li>Individuare azioni\/progetti da includere nel Piano di Azione di EUSALP<\/li>\n<li>Identificare fonti di finanziamento rilevanti per azioni\/progetti selezionati ed identificazione dell\u2019effettiva attuazione di tali azioni\/progetti, tra cui il monitoraggio e la valutazione di obiettivi ed indicatori definiti<\/li>\n<li>Agevolare le discussioni politiche nella macro-regione per quanto riguarda l\u2019Azione 6, oltre ad assicurare la comunicazione e la visibilit\u00e0 dell\u2019Azione stessa<\/li>\n<li>Mantenere contatti e cooperare con gli altri Gruppi di Azione al fine di assicurare coerenza ed evitare la duplicazione del lavoro sull\u2019attuazione strategica<\/li>\n<\/ul>\n<p>&nbsp;<\/p>\n<h4 style=\"text-align: center\"><strong>ALCUNE PUBBLICAZIONI<\/strong><\/h4>\n<h4><\/h4>\n<h4 style=\"text-align: left\"><a href=\"https:\/\/organizzazione.cai.it\/commissione-centrale-tutela-ambiente-montano\/wp-content\/uploads\/sites\/85\/2024\/11\/AlpineConvention_Climate2050_it.pdf\" target=\"_blank\" rel=\"noopener\">Convenzione delle Alpi &#8211; Clima 2050_it (PDF)<\/a><\/h4>\n<p><a href=\"https:\/\/organizzazione.cai.it\/commissione-centrale-tutela-ambiente-montano\/wp-content\/uploads\/sites\/85\/2024\/11\/Conv-Alpi-Testi.pdf\" target=\"_blank\" rel=\"noopener\">Convenzione delle Alpi &#8211; Testi (PDF)<\/a><\/p>\n<p><a href=\"https:\/\/organizzazione.cai.it\/commissione-centrale-tutela-ambiente-montano\/wp-content\/uploads\/sites\/85\/2024\/11\/CONVALPIREPORT-SAPA.pdf\" target=\"_blank\" rel=\"noopener\">Convenzione delle Alpi &#8211; 1\u00b0- REPORT- RETE SAPA (PDF)<\/a><\/p>\n<p><a href=\"https:\/\/organizzazione.cai.it\/commissione-centrale-tutela-ambiente-montano\/wp-content\/uploads\/sites\/85\/2024\/11\/2\u00b0-REPORT-RETE-SAPA.pdf\" target=\"_blank\" rel=\"noopener\">Convenzione delle alpi &#8211; 2\u00b0-REPORT-RETE-SAPA (PDF)<\/a><\/p>\n<p><a href=\"https:\/\/organizzazione.cai.it\/commissione-centrale-tutela-ambiente-montano\/wp-content\/uploads\/sites\/85\/2024\/11\/mountain_agriculture_A4_IT.pdf\" target=\"_blank\" rel=\"noopener\">Convenzione delle Alpi &#8211; Agricoltura di Montagna_(PDF)<\/a><\/p>\n<p><a href=\"https:\/\/organizzazione.cai.it\/commissione-centrale-tutela-ambiente-montano\/wp-content\/uploads\/sites\/85\/2024\/11\/RSA6-it.pdf\" target=\"_blank\" rel=\"noopener\">Convenzione delle Alpi &#8211; Green Economy nella Ragione alpina (PDF)<\/a><\/p>\n<p>&nbsp;<\/p>\n<p>&nbsp;<\/p>\n<p>&nbsp;<\/p>\n<p>&nbsp;<\/p>\n","protected":false},"excerpt":{"rendered":"<p>LA CONVENZIONE DELLE ALPI \u00a0 Negli anni Novanta, la\u00a0Convenzione delle Alpi\u00a0\u00e8 stata un precursore nel suo genere: \u00e8 stata infatti il primo trattato internazionale al mondo che considera un&#8217;area montana [&hellip;]<\/p>\n","protected":false},"author":1,"featured_media":36,"parent":1089,"menu_order":35,"comment_status":"closed","ping_status":"open","template":"","meta":{"footnotes":""},"rankMath":{"parentDomain":"organizzazione.cai.it","noFollowDomains":[],"noFollowExcludeDomains":[],"noFollowExternalLinks":false,"featuredImageNotice":"L&#039;immagine in evidenza dovrebbe essere di almeno 200 x 200 pixel per essere ripresa da Facebook e altri siti di social media.","pluginReviewed":false,"postSettings":{"linkSuggestions":true,"useFocusKeyword":false},"frontEndScore":false,"postName":"convenzione-delle-alpi","permalinkFormat":"https:\/\/organizzazione.cai.it\/commissione-centrale-tutela-ambiente-montano\/%pagename%\/","showLockModifiedDate":true,"assessor":{"focusKeywordLink":"https:\/\/organizzazione.cai.it\/commissione-centrale-tutela-ambiente-montano\/wp-admin\/edit.php?focus_keyword=%focus_keyword%&post_type=%post_type%","hasTOCPlugin":false,"primaryTaxonomy":false,"serpData":{"title":"","description":"","focusKeywords":"","pillarContent":false,"canonicalUrl":"","breadcrumbTitle":"","advancedRobots":{"max-snippet":"-1","max-video-preview":"-1","max-image-preview":"large"},"facebookTitle":"","facebookDescription":"","facebookImage":"","facebookImageID":"","facebookHasOverlay":false,"facebookImageOverlay":"","facebookAuthor":"","twitterCardType":"","twitterUseFacebook":true,"twitterTitle":"","twitterDescription":"","twitterImage":"","twitterImageID":"","twitterHasOverlay":false,"twitterImageOverlay":"","twitterPlayerUrl":"","twitterPlayerSize":"","twitterPlayerStream":"","twitterPlayerStreamCtype":"","twitterAppDescription":"","twitterAppIphoneName":"","twitterAppIphoneID":"","twitterAppIphoneUrl":"","twitterAppIpadName":"","twitterAppIpadID":"","twitterAppIpadUrl":"","twitterAppGoogleplayName":"","twitterAppGoogleplayID":"","twitterAppGoogleplayUrl":"","twitterAppCountry":"","robots":{"index":true},"twitterAuthor":"nome utente","primaryTerm":0,"authorName":"admin","titleTemplate":"%title% %sep% CAI %sitename%","descriptionTemplate":"%excerpt%","showScoreFrontend":true,"lockModifiedDate":false},"powerWords":["incredibile","sorprendente","meraviglioso","unico","bello","felicit\u00e0","brillante","affascinante","carismatico","scioccante","chiaro","completamente","riservato","fiducia","significativo","creativo","definitivamente","delizioso","dimostrare","sbrigati","determinato","degno","dinamico","impressionante","essenziale","ispiratore","innovativo","intenso","efficace","magico","magnifico","storico","importante","incredibile","indispensabile","indimenticabile","irresistibile","leggendario","luminoso","lusso","magico","magnifico","maestoso","memorabile","miracoloso","motivante","necessario","nuovo","ufficiale","perfetto","appassionato","persuasivo","fenomenale","piacere","popolare","potere","prestigioso","prodigioso","profondo","prospero","potente","qualit\u00e0","radiante","veloce","di successo","rivoluzionario","soddisfatto","sicurezza","sensazionale","sereno","lussuoso","splendido","sublime","sorprendente","talentuoso","terrificante","unico","valore","vibrante","vittorioso","vivace","veramente","zelante","autentico","avventuroso","spettacolare","esclusivo","garantito","straordinario","favoloso","affascinante","formidabile","geniale","grandioso","gratuito","abile","illimitato","impeccabile","infallibile","infinitamente","influente","ingegnoso","indimenticabile","insostituibile","leader","maestro","notevole","innovativo","pioniere","potente","riconosciuto","rivoluzionario","sorprendente","superiore","trionfante","ultra","coraggioso","prezioso","avanguardia","vigoroso","visionario","volont\u00e0","vitale","trionfo","glorioso","inarrestabile","ineguagliabile","intelligente","invincibile","libert\u00e0","orgoglio","pace","progresso","rinnovato","saggezza","soddisfazione","sicuro","serenit\u00e0","superamento","talento","trascendente","trasformativo","coraggio","vittoria"],"diacritics":{"A":"[\\u0041\\u24B6\\uFF21\\u00C0\\u00C1\\u00C2\\u1EA6\\u1EA4\\u1EAA\\u1EA8\\u00C3\\u0100\\u0102\\u1EB0\\u1EAE\\u1EB4\\u1EB2\\u0226\\u01E0\\u00C4\\u01DE\\u1EA2\\u00C5\\u01FA\\u01CD\\u0200\\u0202\\u1EA0\\u1EAC\\u1EB6\\u1E00\\u0104\\u023A\\u2C6F]","AA":"[\\uA732]","AE":"[\\u00C6\\u01FC\\u01E2]","AO":"[\\uA734]","AU":"[\\uA736]","AV":"[\\uA738\\uA73A]","AY":"[\\uA73C]","B":"[\\u0042\\u24B7\\uFF22\\u1E02\\u1E04\\u1E06\\u0243\\u0182\\u0181]","C":"[\\u0043\\u24B8\\uFF23\\u0106\\u0108\\u010A\\u010C\\u00C7\\u1E08\\u0187\\u023B\\uA73E]","D":"[\\u0044\\u24B9\\uFF24\\u1E0A\\u010E\\u1E0C\\u1E10\\u1E12\\u1E0E\\u0110\\u018B\\u018A\\u0189\\uA779]","DZ":"[\\u01F1\\u01C4]","Dz":"[\\u01F2\\u01C5]","E":"[\\u0045\\u24BA\\uFF25\\u00C8\\u00C9\\u00CA\\u1EC0\\u1EBE\\u1EC4\\u1EC2\\u1EBC\\u0112\\u1E14\\u1E16\\u0114\\u0116\\u00CB\\u1EBA\\u011A\\u0204\\u0206\\u1EB8\\u1EC6\\u0228\\u1E1C\\u0118\\u1E18\\u1E1A\\u0190\\u018E]","F":"[\\u0046\\u24BB\\uFF26\\u1E1E\\u0191\\uA77B]","G":"[\\u0047\\u24BC\\uFF27\\u01F4\\u011C\\u1E20\\u011E\\u0120\\u01E6\\u0122\\u01E4\\u0193\\uA7A0\\uA77D\\uA77E]","H":"[\\u0048\\u24BD\\uFF28\\u0124\\u1E22\\u1E26\\u021E\\u1E24\\u1E28\\u1E2A\\u0126\\u2C67\\u2C75\\uA78D]","I":"[\\u0049\\u24BE\\uFF29\\u00CC\\u00CD\\u00CE\\u0128\\u012A\\u012C\\u0130\\u00CF\\u1E2E\\u1EC8\\u01CF\\u0208\\u020A\\u1ECA\\u012E\\u1E2C\\u0197]","J":"[\\u004A\\u24BF\\uFF2A\\u0134\\u0248]","K":"[\\u004B\\u24C0\\uFF2B\\u1E30\\u01E8\\u1E32\\u0136\\u1E34\\u0198\\u2C69\\uA740\\uA742\\uA744\\uA7A2]","L":"[\\u004C\\u24C1\\uFF2C\\u013F\\u0139\\u013D\\u1E36\\u1E38\\u013B\\u1E3C\\u1E3A\\u0141\\u023D\\u2C62\\u2C60\\uA748\\uA746\\uA780]","LJ":"[\\u01C7]","Lj":"[\\u01C8]","M":"[\\u004D\\u24C2\\uFF2D\\u1E3E\\u1E40\\u1E42\\u2C6E\\u019C]","N":"[\\u004E\\u24C3\\uFF2E\\u01F8\\u0143\\u00D1\\u1E44\\u0147\\u1E46\\u0145\\u1E4A\\u1E48\\u0220\\u019D\\uA790\\uA7A4]","NJ":"[\\u01CA]","Nj":"[\\u01CB]","O":"[\\u004F\\u24C4\\uFF2F\\u00D2\\u00D3\\u00D4\\u1ED2\\u1ED0\\u1ED6\\u1ED4\\u00D5\\u1E4C\\u022C\\u1E4E\\u014C\\u1E50\\u1E52\\u014E\\u022E\\u0230\\u00D6\\u022A\\u1ECE\\u0150\\u01D1\\u020C\\u020E\\u01A0\\u1EDC\\u1EDA\\u1EE0\\u1EDE\\u1EE2\\u1ECC\\u1ED8\\u01EA\\u01EC\\u00D8\\u01FE\\u0186\\u019F\\uA74A\\uA74C]","OI":"[\\u01A2]","OO":"[\\uA74E]","OU":"[\\u0222]","P":"[\\u0050\\u24C5\\uFF30\\u1E54\\u1E56\\u01A4\\u2C63\\uA750\\uA752\\uA754]","Q":"[\\u0051\\u24C6\\uFF31\\uA756\\uA758\\u024A]","R":"[\\u0052\\u24C7\\uFF32\\u0154\\u1E58\\u0158\\u0210\\u0212\\u1E5A\\u1E5C\\u0156\\u1E5E\\u024C\\u2C64\\uA75A\\uA7A6\\uA782]","S":"[\\u0053\\u24C8\\uFF33\\u1E9E\\u015A\\u1E64\\u015C\\u1E60\\u0160\\u1E66\\u1E62\\u1E68\\u0218\\u015E\\u2C7E\\uA7A8\\uA784]","T":"[\\u0054\\u24C9\\uFF34\\u1E6A\\u0164\\u1E6C\\u021A\\u0162\\u1E70\\u1E6E\\u0166\\u01AC\\u01AE\\u023E\\uA786]","TZ":"[\\uA728]","U":"[\\u0055\\u24CA\\uFF35\\u00D9\\u00DA\\u00DB\\u0168\\u1E78\\u016A\\u1E7A\\u016C\\u00DC\\u01DB\\u01D7\\u01D5\\u01D9\\u1EE6\\u016E\\u0170\\u01D3\\u0214\\u0216\\u01AF\\u1EEA\\u1EE8\\u1EEE\\u1EEC\\u1EF0\\u1EE4\\u1E72\\u0172\\u1E76\\u1E74\\u0244]","V":"[\\u0056\\u24CB\\uFF36\\u1E7C\\u1E7E\\u01B2\\uA75E\\u0245]","VY":"[\\uA760]","W":"[\\u0057\\u24CC\\uFF37\\u1E80\\u1E82\\u0174\\u1E86\\u1E84\\u1E88\\u2C72]","X":"[\\u0058\\u24CD\\uFF38\\u1E8A\\u1E8C]","Y":"[\\u0059\\u24CE\\uFF39\\u1EF2\\u00DD\\u0176\\u1EF8\\u0232\\u1E8E\\u0178\\u1EF6\\u1EF4\\u01B3\\u024E\\u1EFE]","Z":"[\\u005A\\u24CF\\uFF3A\\u0179\\u1E90\\u017B\\u017D\\u1E92\\u1E94\\u01B5\\u0224\\u2C7F\\u2C6B\\uA762]","a":"[\\u0061\\u24D0\\uFF41\\u1E9A\\u00E0\\u00E1\\u00E2\\u1EA7\\u1EA5\\u1EAB\\u1EA9\\u00E3\\u0101\\u0103\\u1EB1\\u1EAF\\u1EB5\\u1EB3\\u0227\\u01E1\\u00E4\\u01DF\\u1EA3\\u00E5\\u01FB\\u01CE\\u0201\\u0203\\u1EA1\\u1EAD\\u1EB7\\u1E01\\u0105\\u2C65\\u0250]","aa":"[\\uA733]","ae":"[\\u00E6\\u01FD\\u01E3]","ao":"[\\uA735]","au":"[\\uA737]","av":"[\\uA739\\uA73B]","ay":"[\\uA73D]","b":"[\\u0062\\u24D1\\uFF42\\u1E03\\u1E05\\u1E07\\u0180\\u0183\\u0253]","c":"[\\u0063\\u24D2\\uFF43\\u0107\\u0109\\u010B\\u010D\\u00E7\\u1E09\\u0188\\u023C\\uA73F\\u2184]","d":"[\\u0064\\u24D3\\uFF44\\u1E0B\\u010F\\u1E0D\\u1E11\\u1E13\\u1E0F\\u0111\\u018C\\u0256\\u0257\\uA77A]","dz":"[\\u01F3\\u01C6]","e":"[\\u0065\\u24D4\\uFF45\\u00E8\\u00E9\\u00EA\\u1EC1\\u1EBF\\u1EC5\\u1EC3\\u1EBD\\u0113\\u1E15\\u1E17\\u0115\\u0117\\u00EB\\u1EBB\\u011B\\u0205\\u0207\\u1EB9\\u1EC7\\u0229\\u1E1D\\u0119\\u1E19\\u1E1B\\u0247\\u025B\\u01DD]","f":"[\\u0066\\u24D5\\uFF46\\u1E1F\\u0192\\uA77C]","g":"[\\u0067\\u24D6\\uFF47\\u01F5\\u011D\\u1E21\\u011F\\u0121\\u01E7\\u0123\\u01E5\\u0260\\uA7A1\\u1D79\\uA77F]","h":"[\\u0068\\u24D7\\uFF48\\u0125\\u1E23\\u1E27\\u021F\\u1E25\\u1E29\\u1E2B\\u1E96\\u0127\\u2C68\\u2C76\\u0265]","hv":"[\\u0195]","i":"[\\u0069\\u24D8\\uFF49\\u00EC\\u00ED\\u00EE\\u0129\\u012B\\u012D\\u00EF\\u1E2F\\u1EC9\\u01D0\\u0209\\u020B\\u1ECB\\u012F\\u1E2D\\u0268\\u0131]","j":"[\\u006A\\u24D9\\uFF4A\\u0135\\u01F0\\u0249]","k":"[\\u006B\\u24DA\\uFF4B\\u1E31\\u01E9\\u1E33\\u0137\\u1E35\\u0199\\u2C6A\\uA741\\uA743\\uA745\\uA7A3]","l":"[\\u006C\\u24DB\\uFF4C\\u0140\\u013A\\u013E\\u1E37\\u1E39\\u013C\\u1E3D\\u1E3B\\u017F\\u0142\\u019A\\u026B\\u2C61\\uA749\\uA781\\uA747]","lj":"[\\u01C9]","m":"[\\u006D\\u24DC\\uFF4D\\u1E3F\\u1E41\\u1E43\\u0271\\u026F]","n":"[\\u006E\\u24DD\\uFF4E\\u01F9\\u0144\\u00F1\\u1E45\\u0148\\u1E47\\u0146\\u1E4B\\u1E49\\u019E\\u0272\\u0149\\uA791\\uA7A5]","nj":"[\\u01CC]","o":"[\\u006F\\u24DE\\uFF4F\\u00F2\\u00F3\\u00F4\\u1ED3\\u1ED1\\u1ED7\\u1ED5\\u00F5\\u1E4D\\u022D\\u1E4F\\u014D\\u1E51\\u1E53\\u014F\\u022F\\u0231\\u00F6\\u022B\\u1ECF\\u0151\\u01D2\\u020D\\u020F\\u01A1\\u1EDD\\u1EDB\\u1EE1\\u1EDF\\u1EE3\\u1ECD\\u1ED9\\u01EB\\u01ED\\u00F8\\u01FF\\u0254\\uA74B\\uA74D\\u0275]","oi":"[\\u01A3]","ou":"[\\u0223]","oo":"[\\uA74F]","p":"[\\u0070\\u24DF\\uFF50\\u1E55\\u1E57\\u01A5\\u1D7D\\uA751\\uA753\\uA755]","q":"[\\u0071\\u24E0\\uFF51\\u024B\\uA757\\uA759]","r":"[\\u0072\\u24E1\\uFF52\\u0155\\u1E59\\u0159\\u0211\\u0213\\u1E5B\\u1E5D\\u0157\\u1E5F\\u024D\\u027D\\uA75B\\uA7A7\\uA783]","s":"[\\u0073\\u24E2\\uFF53\\u015B\\u1E65\\u015D\\u1E61\\u0161\\u1E67\\u1E63\\u1E69\\u0219\\u015F\\u023F\\uA7A9\\uA785\\u1E9B]","ss":"[\\u00DF]","t":"[\\u0074\\u24E3\\uFF54\\u1E6B\\u1E97\\u0165\\u1E6D\\u021B\\u0163\\u1E71\\u1E6F\\u0167\\u01AD\\u0288\\u2C66\\uA787]","tz":"[\\uA729]","u":"[\\u0075\\u24E4\\uFF55\\u00F9\\u00FA\\u00FB\\u0169\\u1E79\\u016B\\u1E7B\\u016D\\u00FC\\u01DC\\u01D8\\u01D6\\u01DA\\u1EE7\\u016F\\u0171\\u01D4\\u0215\\u0217\\u01B0\\u1EEB\\u1EE9\\u1EEF\\u1EED\\u1EF1\\u1EE5\\u1E73\\u0173\\u1E77\\u1E75\\u0289]","v":"[\\u0076\\u24E5\\uFF56\\u1E7D\\u1E7F\\u028B\\uA75F\\u028C]","vy":"[\\uA761]","w":"[\\u0077\\u24E6\\uFF57\\u1E81\\u1E83\\u0175\\u1E87\\u1E85\\u1E98\\u1E89\\u2C73]","x":"[\\u0078\\u24E7\\uFF58\\u1E8B\\u1E8D]","y":"[\\u0079\\u24E8\\uFF59\\u1EF3\\u00FD\\u0177\\u1EF9\\u0233\\u1E8F\\u00FF\\u1EF7\\u1E99\\u1EF5\\u01B4\\u024F\\u1EFF]","z":"[\\u007A\\u24E9\\uFF5A\\u017A\\u1E91\\u017C\\u017E\\u1E93\\u1E95\\u01B6\\u0225\\u0240\\u2C6C\\uA763]"},"researchesTests":["contentHasTOC","contentHasShortParagraphs","contentHasAssets","keywordInTitle","keywordInMetaDescription","keywordInPermalink","keywordIn10Percent","keywordInContent","keywordInSubheadings","keywordInImageAlt","keywordDensity","keywordNotUsed","lengthContent","lengthPermalink","linksHasInternal","linksHasExternals","linksNotAllExternals","titleStartWithKeyword","titleSentiment","titleHasPowerWords","titleHasNumber","hasContentAI"],"hasRedirection":true,"hasBreadcrumb":true},"homeUrl":"https:\/\/organizzazione.cai.it\/commissione-centrale-tutela-ambiente-montano","objectID":1145,"objectType":"post","locale":"it","localeFull":"it_IT","overlayImages":{"play":{"name":"Icona di riproduzione","url":"https:\/\/organizzazione.cai.it\/commissione-centrale-tutela-ambiente-montano\/wp-content\/plugins\/seo-by-rank-math\/assets\/admin\/img\/icon-play.png","path":"\/var\/www\/vhosts\/organizzazione.cai.it\/httpdocs\/wp-content\/plugins\/seo-by-rank-math\/assets\/admin\/img\/icon-play.png","position":"middle_center"},"gif":{"name":"Icona GIF","url":"https:\/\/organizzazione.cai.it\/commissione-centrale-tutela-ambiente-montano\/wp-content\/plugins\/seo-by-rank-math\/assets\/admin\/img\/icon-gif.png","path":"\/var\/www\/vhosts\/organizzazione.cai.it\/httpdocs\/wp-content\/plugins\/seo-by-rank-math\/assets\/admin\/img\/icon-gif.png","position":"middle_center"}},"defautOgImage":"https:\/\/organizzazione.cai.it\/commissione-centrale-tutela-ambiente-montano\/wp-content\/uploads\/sites\/85\/2024\/09\/og.webp","customPermalinks":true,"isUserRegistered":false,"autoSuggestKeywords":false,"connectSiteUrl":"https:\/\/rankmath.com\/auth?site=https%3A%2F%2Forganizzazione.cai.it%2Fcommissione-centrale-tutela-ambiente-montano&r=https%3A%2F%2Forganizzazione.cai.it%2Fcommissione-centrale-tutela-ambiente-montano%2Fwp-json%2Fwp%2Fv2%2Fpages%2F1145%3Fnonce%3Dec3e7c5039","maxTags":5,"trendsIcon":"<svg viewBox=\"0 0 610 610\"><path d=\"M18.85,446,174.32,290.48l58.08,58.08L76.93,504a14.54,14.54,0,0,1-20.55,0L18.83,466.48a14.54,14.54,0,0,1,0-20.55Z\" style=\"fill:#4285f4\"\/><path d=\"M242.65,242.66,377.59,377.6l-47.75,47.75a14.54,14.54,0,0,1-20.55,0L174.37,290.43l47.75-47.75A14.52,14.52,0,0,1,242.65,242.66Z\" style=\"fill:#ea4335\"\/><polygon points=\"319.53 319.53 479.26 159.8 537.34 217.88 377.61 377.62 319.53 319.53\" style=\"fill:#fabb05\"\/><path d=\"M594.26,262.73V118.61h0a16.94,16.94,0,0,0-16.94-16.94H433.2a16.94,16.94,0,0,0-12,28.92L565.34,274.71h0a16.94,16.94,0,0,0,28.92-12Z\" style=\"fill:#34a853\"\/><rect width=\"610\" height=\"610\" style=\"fill:none\"\/><\/svg>","showScore":true,"siteFavIcon":"data:image\/png;base64,iVBORw0KGgoAAAANSUhEUgAAABAAAAAQCAYAAAAf8\/9hAAABs0lEQVR4AWL4\/\/8\/RRjO8Iucx+noO0MWUDo16FYABMGP6ZfUcRnWtm27jVPbtm3bttuH2t3eFPcY9pLz7NxiLjCyVd87pKnHyqXyxtCs8APd0rnyxiu4qSeA3QEDrAwBDrT1s1Rc\/OrjLZwqVmOSu6+Lamcpp2KKMA9PH1BYXMe1mUP5qotvXTywsOEEYHXxrY+3cqk6TMkYpNr2FeoY3KIr0RPtn9wQ2unlA+GMkRw6+9TFw4YTwDUzx\/JVvARj9KaedXRO8P5B1Du2S32smzqUrcKGEyA+uAgQjKX7zf0boWHGfn71jIKj2689gxp7OAGShNcBUmLMPVjZuiKcA2vuWHHDCQxMCz629kXAIU4ApY15QwggAFbfOP9DhgBJ+nWVJ1AZAfICAj1pAlY6hCADZnveQf7bQIwzVONGJonhLIlS9gr5mFg44Xd+4S3XHoGNPdJl1INIwKyEgHckEhgTe1bGiFY9GSFBYUwLh1IkiJUbY407E7syBSFxKTszEoiE\/YdrgCEayDmtaJwCI9uu8TKMuZSVfSa4BpGgzvomBR\/INhLGzrqDotp01ZR8pn\/1L0JN9d9XNyx0AAAAAElFTkSuQmCC","canUser":{"general":false,"advanced":false,"snippet":false,"social":false,"analysis":false,"analytics":false,"content_ai":false},"showKeywordIntent":true,"isPro":false,"is_front_page":false,"trendsUpgradeLink":"https:\/\/rankmath.com\/pricing\/?utm_source=Plugin&utm_medium=CE%20General%20Tab%20Trends&utm_campaign=WP","trendsUpgradeLabel":"Aggiorna","trendsPreviewImage":"https:\/\/organizzazione.cai.it\/commissione-centrale-tutela-ambiente-montano\/wp-content\/plugins\/seo-by-rank-math\/assets\/admin\/img\/trends-preview.jpg","currentEditor":false,"homepageData":{"assessor":{"powerWords":["incredibile","sorprendente","meraviglioso","unico","bello","felicit\u00e0","brillante","affascinante","carismatico","scioccante","chiaro","completamente","riservato","fiducia","significativo","creativo","definitivamente","delizioso","dimostrare","sbrigati","determinato","degno","dinamico","impressionante","essenziale","ispiratore","innovativo","intenso","efficace","magico","magnifico","storico","importante","incredibile","indispensabile","indimenticabile","irresistibile","leggendario","luminoso","lusso","magico","magnifico","maestoso","memorabile","miracoloso","motivante","necessario","nuovo","ufficiale","perfetto","appassionato","persuasivo","fenomenale","piacere","popolare","potere","prestigioso","prodigioso","profondo","prospero","potente","qualit\u00e0","radiante","veloce","di successo","rivoluzionario","soddisfatto","sicurezza","sensazionale","sereno","lussuoso","splendido","sublime","sorprendente","talentuoso","terrificante","unico","valore","vibrante","vittorioso","vivace","veramente","zelante","autentico","avventuroso","spettacolare","esclusivo","garantito","straordinario","favoloso","affascinante","formidabile","geniale","grandioso","gratuito","abile","illimitato","impeccabile","infallibile","infinitamente","influente","ingegnoso","indimenticabile","insostituibile","leader","maestro","notevole","innovativo","pioniere","potente","riconosciuto","rivoluzionario","sorprendente","superiore","trionfante","ultra","coraggioso","prezioso","avanguardia","vigoroso","visionario","volont\u00e0","vitale","trionfo","glorioso","inarrestabile","ineguagliabile","intelligente","invincibile","libert\u00e0","orgoglio","pace","progresso","rinnovato","saggezza","soddisfazione","sicuro","serenit\u00e0","superamento","talento","trascendente","trasformativo","coraggio","vittoria"],"diacritics":true,"researchesTests":["contentHasTOC","contentHasShortParagraphs","contentHasAssets","keywordInTitle","keywordInMetaDescription","keywordInPermalink","keywordIn10Percent","keywordInContent","keywordInSubheadings","keywordInImageAlt","keywordDensity","keywordNotUsed","lengthContent","lengthPermalink","linksHasInternal","linksHasExternals","linksNotAllExternals","titleStartWithKeyword","titleSentiment","titleHasPowerWords","titleHasNumber","hasContentAI"],"hasBreadcrumb":true,"serpData":{"title":"%sitename% %page% %sep% %sitedesc%","description":"","titleTemplate":"%sitename% %page% %sep% %sitedesc%","descriptionTemplate":"","focusKeywords":"","breadcrumbTitle":"Home","robots":{"index":true},"advancedRobots":{"max-snippet":"-1","max-video-preview":"-1","max-image-preview":"large"},"facebookTitle":"","facebookDescription":"","facebookImage":"","facebookImageID":""}}},"tocTitle":"Table of Contents","tocExcludeHeadings":[],"listStyle":"ul"},"_links":{"self":[{"href":"https:\/\/organizzazione.cai.it\/commissione-centrale-tutela-ambiente-montano\/wp-json\/wp\/v2\/pages\/1145"}],"collection":[{"href":"https:\/\/organizzazione.cai.it\/commissione-centrale-tutela-ambiente-montano\/wp-json\/wp\/v2\/pages"}],"about":[{"href":"https:\/\/organizzazione.cai.it\/commissione-centrale-tutela-ambiente-montano\/wp-json\/wp\/v2\/types\/page"}],"author":[{"embeddable":true,"href":"https:\/\/organizzazione.cai.it\/commissione-centrale-tutela-ambiente-montano\/wp-json\/wp\/v2\/users\/1"}],"replies":[{"embeddable":true,"href":"https:\/\/organizzazione.cai.it\/commissione-centrale-tutela-ambiente-montano\/wp-json\/wp\/v2\/comments?post=1145"}],"version-history":[{"count":1,"href":"https:\/\/organizzazione.cai.it\/commissione-centrale-tutela-ambiente-montano\/wp-json\/wp\/v2\/pages\/1145\/revisions"}],"predecessor-version":[{"id":1951,"href":"https:\/\/organizzazione.cai.it\/commissione-centrale-tutela-ambiente-montano\/wp-json\/wp\/v2\/pages\/1145\/revisions\/1951"}],"up":[{"embeddable":true,"href":"https:\/\/organizzazione.cai.it\/commissione-centrale-tutela-ambiente-montano\/wp-json\/wp\/v2\/pages\/1089"}],"wp:featuredmedia":[{"embeddable":true,"href":"https:\/\/organizzazione.cai.it\/commissione-centrale-tutela-ambiente-montano\/wp-json\/wp\/v2\/media\/36"}],"wp:attachment":[{"href":"https:\/\/organizzazione.cai.it\/commissione-centrale-tutela-ambiente-montano\/wp-json\/wp\/v2\/media?parent=1145"}],"curies":[{"name":"wp","href":"https:\/\/api.w.org\/{rel}","templated":true}]}}