{"id":1285,"date":"2020-01-15T16:13:21","date_gmt":"2020-01-15T16:13:21","guid":{"rendered":"https:\/\/organizzazione.cai.it\/commissione-centrale-tutela-ambiente-montano\/materiali\/mappe\/"},"modified":"2020-01-15T16:13:21","modified_gmt":"2020-01-15T16:13:21","slug":"mappe","status":"publish","type":"page","link":"https:\/\/organizzazione.cai.it\/commissione-centrale-tutela-ambiente-montano\/materiali\/mappe\/","title":{"rendered":"150 Casi"},"content":{"rendered":"<h1>150 Casi per il 150\u00b0 del CAI<\/h1>\n<p style=\"text-align: justify\">Nel 2013 per le manifestazioni del 150\u00b0 della nostra associazione la CCTAM ha realizzato un progetto di rilevanza nazionale che ha impegnato buona parte degli operatori regionali e nazionali e &#8220;semplici&#8221; soci interessati alla tutela e alla conservazione del territorio quale motivo di appartenenza al CAI.<\/p>\n<p style=\"text-align: justify\">In quest&#8217;ottica \u00e8 stata svolta la ricerca sul territorio nazionale delle peculiarit\u00e0 della nostra montagna \u00e8 sono stati raccolti e documentati 150 CASI, numero simbolico legato al festeggiamento del Cai.<br \/>\nIl materiale raccolto ha consentito una mappatura e l&#8217;avvio di una banca dati.<\/p>\n<p style=\"text-align: justify\">Il progetto ha comportato un evento e una scheda per ogni CASO e per la conoscenza dei 150 CASI \u00e8 stato predisposto un calendario di escursioni.<\/p>\n<p style=\"text-align: justify\">Mettiamo a disposizione quanto raccolto nel 2013 con l&#8217;obbiettivo di raccontare eccellenze ed emergenze di luoghi e ambienti della nostra penisola. Si tratta di una fotografia locale che chiede di essere aggiornata nelle localit\u00e0 descritte e di essere arricchita da altre eccellenze ed emergenze.<\/p>\n<p><span style=\"color: #0000ff\"><span style=\"color: #0000ff\">Segnalazione di Criticit\u00e0<\/span><\/span><\/p>\n<p><span style=\"color: #0000ff\"><span style=\"color: #0000ff\"><img loading=\"lazy\" decoding=\"async\" class=\"alignnone size-full wp-image-28456\" src=\"https:\/\/organizzazione.cai.it\/commissione-centrale-tutela-ambiente-montano\/wp-content\/uploads\/sites\/85\/2024\/11\/word.png\" alt=\"- CAI\" width=\"32\" height=\"32\" title=\"\">\u00a0<span style=\"color: #0000ff\"><a title=\"SCHEDA - modulo da compilare 150\u00b0x150 CASI\" href=\"https:\/\/organizzazione.cai.it\/commissione-centrale-tutela-ambiente-montano\/wp-content\/uploads\/sites\/85\/2024\/11\/2016_08_scheda_rivisitata_modulo_da_compilare_150_x_150_casi.doc\" download target=\"_blank\" rel=\"alternate noopener noreferrer\"><span style=\"color: #0000ff\">SCHEDA &#8211; modulo da compilare 150\u00b0x150 CASI<\/span><\/a><\/span><\/span><\/span><\/p>\n<p><img loading=\"lazy\" decoding=\"async\" class=\"alignnone size-full wp-image-27808\" src=\"https:\/\/organizzazione.cai.it\/commissione-centrale-tutela-ambiente-montano\/wp-content\/uploads\/sites\/85\/2024\/11\/pdf.png\" alt=\"- CAI\" width=\"24\" height=\"24\" title=\"\">\u00a0<span style=\"color: #0000ff\"><a title=\"TESTO 50 CASI\" href=\"https:\/\/organizzazione.cai.it\/commissione-centrale-tutela-ambiente-montano\/wp-content\/uploads\/sites\/85\/2024\/11\/150x150_testo_150_casi.pdf\" target=\"_blank\" rel=\"alternate noopener noreferrer\"><span style=\"color: #0000ff\">TESTO 150 CASI<\/span><\/a><\/span><\/p>\n<p style=\"text-align: justify\"><span style=\"color: #0000ff\"><span style=\"color: #0000ff\"><img loading=\"lazy\" decoding=\"async\" class=\"alignnone size-full wp-image-27808\" src=\"https:\/\/organizzazione.cai.it\/commissione-centrale-tutela-ambiente-montano\/wp-content\/uploads\/sites\/85\/2024\/11\/pdf.png\" alt=\"- CAI\" width=\"24\" height=\"24\" title=\"\">\u00a0<span style=\"color: #0000ff\"><a title=\"150 cai - LISTA\" href=\"https:\/\/organizzazione.cai.it\/commissione-centrale-tutela-ambiente-montano\/wp-content\/uploads\/sites\/85\/2024\/11\/150_casi_lista.pdf\" target=\"_blank\" rel=\"alternate noopener noreferrer\"><span style=\"color: #0000ff\">150 CASI &#8211; LISTA<\/span><\/a><\/span><\/span><\/span><\/p>\n<p>&nbsp;<\/p>\n<table style=\"height: 5079px\" width=\"1200\">\n<tbody>\n<tr>\n<td width=\"83\">Scheda<\/td>\n<td width=\"403\">Titolo<\/td>\n<td width=\"153\">Regione<\/td>\n<td width=\"430\">Riferimento geografico<\/td>\n<td width=\"64\"><\/td>\n<\/tr>\n<tr>\n<td width=\"83\"><a href=\"https:\/\/organizzazione.cai.it\/commissione-centrale-tutela-ambiente-montano\/wp-content\/uploads\/sites\/85\/2024\/11\/001.pdf\" target=\"_blank\" rel=\"noopener noreferrer\">001<\/a><\/td>\n<td width=\"403\">Necropoli rupestre: Norchia<\/td>\n<td width=\"153\">LAZIO<\/td>\n<td width=\"430\">Premaremma laziale<\/td>\n<td><\/td>\n<\/tr>\n<tr>\n<td width=\"83\"><a href=\"https:\/\/organizzazione.cai.it\/commissione-centrale-tutela-ambiente-montano\/wp-content\/uploads\/sites\/85\/2024\/11\/002.pdf\" target=\"_blank\" rel=\"noopener noreferrer\">002<\/a><\/td>\n<td width=\"403\">Citt\u00e0 di Tusculum<\/td>\n<td width=\"153\">LAZIO<\/td>\n<td width=\"430\">Castelli romani<\/td>\n<td><\/td>\n<\/tr>\n<tr>\n<td width=\"83\"><a href=\"https:\/\/organizzazione.cai.it\/commissione-centrale-tutela-ambiente-montano\/wp-content\/uploads\/sites\/85\/2024\/11\/003.pdf\" target=\"_blank\" rel=\"noopener noreferrer\">003<\/a><\/td>\n<td width=\"403\">Pozzo Faito tra storia e natura<\/td>\n<td width=\"153\">LAZIO<\/td>\n<td width=\"430\">Monti Ernici<\/td>\n<td><\/td>\n<\/tr>\n<tr>\n<td width=\"83\"><a href=\"https:\/\/organizzazione.cai.it\/commissione-centrale-tutela-ambiente-montano\/wp-content\/uploads\/sites\/85\/2024\/11\/004.pdf\" target=\"_blank\" rel=\"noopener noreferrer\">004<\/a><\/td>\n<td width=\"403\">L&#8217;Acerone di Monte Tranquillo<\/td>\n<td width=\"153\">ABRUZZO<\/td>\n<td width=\"430\">Appennino centro &#8211; meridionale &#8211; Monte Tranquillo<\/td>\n<td><\/td>\n<\/tr>\n<tr>\n<td width=\"83\"><a href=\"https:\/\/organizzazione.cai.it\/commissione-centrale-tutela-ambiente-montano\/wp-content\/uploads\/sites\/85\/2024\/11\/005.pdf\" target=\"_blank\" rel=\"noopener noreferrer\">005<\/a><\/td>\n<td width=\"403\">Discarica bombole GPL<\/td>\n<td width=\"153\">LAZIO<\/td>\n<td width=\"430\">Appennino centro &#8211; meridionale, tra i monti Meta e Tartaro<\/td>\n<td><\/td>\n<\/tr>\n<tr>\n<td width=\"83\"><a href=\"https:\/\/organizzazione.cai.it\/commissione-centrale-tutela-ambiente-montano\/wp-content\/uploads\/sites\/85\/2024\/11\/006.pdf\" target=\"_blank\" rel=\"noopener noreferrer\">006<\/a><\/td>\n<td width=\"403\">Estinzione delle lumache<\/td>\n<td width=\"153\">LAZIO<\/td>\n<td width=\"430\">Appennino centro\u00a0 meridionale<\/td>\n<td><\/td>\n<\/tr>\n<tr>\n<td width=\"83\"><a href=\"https:\/\/organizzazione.cai.it\/commissione-centrale-tutela-ambiente-montano\/wp-content\/uploads\/sites\/85\/2024\/11\/007.pdf\" target=\"_blank\" rel=\"noopener noreferrer\">007<\/a><\/td>\n<td width=\"403\">Rifiuti di metalli pesanti<\/td>\n<td width=\"153\">LAZIO<\/td>\n<td width=\"430\">Appennino centro-meridionale<\/td>\n<td><\/td>\n<\/tr>\n<tr>\n<td width=\"83\"><a href=\"https:\/\/organizzazione.cai.it\/commissione-centrale-tutela-ambiente-montano\/wp-content\/uploads\/sites\/85\/2024\/11\/008.pdf\" target=\"_blank\" rel=\"noopener noreferrer\">008<\/a><\/td>\n<td width=\"403\">Strutture megalitiche in val Brembilla<\/td>\n<td width=\"153\">LOMBARDIA<\/td>\n<td width=\"430\">Val Brembilla (BG) &#8211; localit\u00e0 Prati Nuovi &#8211; Comune di Zogno<\/td>\n<td><\/td>\n<\/tr>\n<tr>\n<td width=\"83\"><a href=\"https:\/\/organizzazione.cai.it\/commissione-centrale-tutela-ambiente-montano\/wp-content\/uploads\/sites\/85\/2024\/11\/009.pdf\" target=\"_blank\" rel=\"noopener noreferrer\">009<\/a><\/td>\n<td width=\"403\">Val Cervara<\/td>\n<td width=\"153\">ABRUZZO<\/td>\n<td width=\"430\">Villavallelonga (AQ) &#8211; Parco Naz. d&#8217;Abruzzo, Lazio e Molise<\/td>\n<td><\/td>\n<\/tr>\n<tr>\n<td width=\"83\"><a href=\"https:\/\/organizzazione.cai.it\/commissione-centrale-tutela-ambiente-montano\/wp-content\/uploads\/sites\/85\/2024\/11\/010.pdf\" target=\"_blank\" rel=\"noopener noreferrer\">010<\/a><\/td>\n<td width=\"403\">RIFUGIO DUCA DEGLI ABRUZZI<\/td>\n<td width=\"153\">ABRUZZO<\/td>\n<td width=\"430\">Campo Imperatore,Gran Sasso<\/td>\n<td><\/td>\n<\/tr>\n<tr>\n<td width=\"83\"><a href=\"https:\/\/organizzazione.cai.it\/commissione-centrale-tutela-ambiente-montano\/wp-content\/uploads\/sites\/85\/2024\/11\/011.pdf\" target=\"_blank\" rel=\"noopener noreferrer\">011<\/a><\/td>\n<td width=\"403\">Segni rupestri<\/td>\n<td width=\"153\">ABRUZZO<\/td>\n<td width=\"430\">Civitaluparella (Chieti)<\/td>\n<td><\/td>\n<\/tr>\n<tr>\n<td width=\"83\"><a href=\"https:\/\/organizzazione.cai.it\/commissione-centrale-tutela-ambiente-montano\/wp-content\/uploads\/sites\/85\/2024\/11\/012.pdf\" target=\"_blank\" rel=\"noopener noreferrer\">012<\/a><\/td>\n<td width=\"403\">Via sacra di Monte Cavo<\/td>\n<td width=\"153\">LAZIO<\/td>\n<td width=\"430\">Castelli romani<\/td>\n<td><\/td>\n<\/tr>\n<tr>\n<td width=\"83\"><a href=\"https:\/\/organizzazione.cai.it\/commissione-centrale-tutela-ambiente-montano\/wp-content\/uploads\/sites\/85\/2024\/11\/013.pdf\" target=\"_blank\" rel=\"noopener noreferrer\">013<\/a><\/td>\n<td width=\"403\">Segni nelle Terre Alte<\/td>\n<td width=\"153\">ABRUZZO<\/td>\n<td width=\"430\">Versante orientale Parco Naz. Majella<\/td>\n<td><\/td>\n<\/tr>\n<tr>\n<td width=\"83\"><a href=\"https:\/\/organizzazione.cai.it\/commissione-centrale-tutela-ambiente-montano\/wp-content\/uploads\/sites\/85\/2024\/11\/014.pdf\" target=\"_blank\" rel=\"noopener noreferrer\">014<\/a><\/td>\n<td width=\"403\">Mulini e case rupestri<\/td>\n<td width=\"153\">ABRUZZO<\/td>\n<td width=\"430\">Pretoro &#8211; Valle fiume Foro &#8211; Majella orientale<\/td>\n<td><\/td>\n<\/tr>\n<tr>\n<td width=\"83\"><a href=\"https:\/\/organizzazione.cai.it\/commissione-centrale-tutela-ambiente-montano\/wp-content\/uploads\/sites\/85\/2024\/11\/015.pdf\" target=\"_blank\" rel=\"noopener noreferrer\">015<\/a><\/td>\n<td width=\"403\">Monti del Tezio<\/td>\n<td width=\"153\">UMBRIA<\/td>\n<td width=\"430\">Dorsale tra Tevere e Lago Trasimeno<\/td>\n<td><\/td>\n<\/tr>\n<tr>\n<td width=\"83\"><a href=\"https:\/\/organizzazione.cai.it\/commissione-centrale-tutela-ambiente-montano\/wp-content\/uploads\/sites\/85\/2024\/11\/016.pdf\" target=\"_blank\" rel=\"noopener noreferrer\">016<\/a><\/td>\n<td width=\"403\">Ex Ferrovia Spoleto-Norcia<\/td>\n<td width=\"153\">UMBRIA<\/td>\n<td width=\"430\">Appennino Umbro Marchigiano<\/td>\n<td><\/td>\n<\/tr>\n<tr>\n<td width=\"83\"><a href=\"https:\/\/organizzazione.cai.it\/commissione-centrale-tutela-ambiente-montano\/wp-content\/uploads\/sites\/85\/2024\/11\/017.pdf\" target=\"_blank\" rel=\"noopener noreferrer\">017<\/a><\/td>\n<td width=\"403\">BLETTERBACH<\/td>\n<td width=\"153\">ALTO ADIGE<\/td>\n<td width=\"430\">COMUNE DI ALDINO<\/td>\n<td><\/td>\n<\/tr>\n<tr>\n<td width=\"83\"><a href=\"https:\/\/organizzazione.cai.it\/commissione-centrale-tutela-ambiente-montano\/wp-content\/uploads\/sites\/85\/2024\/11\/018.pdf\" target=\"_blank\" rel=\"noopener noreferrer\">018<\/a><\/td>\n<td width=\"403\">Motocavalcata Carnica<\/td>\n<td width=\"153\">FRIULI VENEZIA GIULIA<\/td>\n<td width=\"430\">Alpi Carniche<\/td>\n<td><\/td>\n<\/tr>\n<tr>\n<td width=\"83\"><a href=\"https:\/\/organizzazione.cai.it\/commissione-centrale-tutela-ambiente-montano\/wp-content\/uploads\/sites\/85\/2024\/11\/019.pdf\" target=\"_blank\" rel=\"noopener noreferrer\">019<\/a><\/td>\n<td width=\"403\">COL CORNIER &#8211; La montagna dei ragazzi<\/td>\n<td width=\"153\">FRIULI VENEZIA GIULIA<\/td>\n<td width=\"430\">Dolomiti Friulane<\/td>\n<td><\/td>\n<\/tr>\n<tr>\n<td width=\"83\"><a href=\"https:\/\/organizzazione.cai.it\/commissione-centrale-tutela-ambiente-montano\/wp-content\/uploads\/sites\/85\/2024\/11\/020.pdf\" target=\"_blank\" rel=\"noopener noreferrer\">020<\/a><\/td>\n<td width=\"403\">IMMOBILISMO EOLICO<\/td>\n<td width=\"153\">ABRUZZO<\/td>\n<td width=\"430\">Parco Nazionale della Majella quota 1250 mt<\/td>\n<td><\/td>\n<\/tr>\n<tr>\n<td width=\"83\"><a href=\"https:\/\/organizzazione.cai.it\/commissione-centrale-tutela-ambiente-montano\/wp-content\/uploads\/sites\/85\/2024\/11\/021.pdf\" target=\"_blank\" rel=\"noopener noreferrer\">021<\/a><\/td>\n<td width=\"403\">UN TESORO NASCOSTO<\/td>\n<td width=\"153\">EMILIA ROMAGNA<\/td>\n<td width=\"430\">Appennino Romagnolo<\/td>\n<td><\/td>\n<\/tr>\n<tr>\n<td width=\"83\"><a href=\"https:\/\/organizzazione.cai.it\/commissione-centrale-tutela-ambiente-montano\/wp-content\/uploads\/sites\/85\/2024\/11\/022.pdf\" target=\"_blank\" rel=\"noopener noreferrer\">022<\/a><\/td>\n<td width=\"403\">I Larici Monumentali<\/td>\n<td width=\"153\">TRENTINO<\/td>\n<td width=\"430\">Val di Rabbi<\/td>\n<td><\/td>\n<\/tr>\n<tr>\n<td width=\"83\"><a href=\"https:\/\/organizzazione.cai.it\/commissione-centrale-tutela-ambiente-montano\/wp-content\/uploads\/sites\/85\/2024\/11\/023.pdf\" target=\"_blank\" rel=\"noopener noreferrer\">023<\/a><\/td>\n<td width=\"403\">GRUMES DOMANI<\/td>\n<td width=\"153\">TRENTINO<\/td>\n<td width=\"430\">Alta Valle di Cembra<\/td>\n<td><\/td>\n<\/tr>\n<tr>\n<td width=\"83\"><a href=\"https:\/\/organizzazione.cai.it\/commissione-centrale-tutela-ambiente-montano\/wp-content\/uploads\/sites\/85\/2024\/11\/024.pdf\" target=\"_blank\" rel=\"noopener noreferrer\">024<\/a><\/td>\n<td width=\"403\">SULLE TRACCE DEL GHIACCIAIO<\/td>\n<td width=\"153\">LOMBARDIA<\/td>\n<td width=\"430\">ALPI RETICHE OCCIDENTALI &#8211; VAL MALENCO<\/td>\n<td><\/td>\n<\/tr>\n<tr>\n<td width=\"83\"><a href=\"https:\/\/organizzazione.cai.it\/commissione-centrale-tutela-ambiente-montano\/wp-content\/uploads\/sites\/85\/2024\/11\/025.pdf\" target=\"_blank\" rel=\"noopener noreferrer\">025<\/a><\/td>\n<td width=\"403\">Basilica abbaziale di San Pietro al Monte<\/td>\n<td width=\"153\">LOMBARDIA<\/td>\n<td width=\"430\">Comune di Civate (LC)<\/td>\n<td><\/td>\n<\/tr>\n<tr>\n<td width=\"83\"><a href=\"https:\/\/organizzazione.cai.it\/commissione-centrale-tutela-ambiente-montano\/wp-content\/uploads\/sites\/85\/2024\/11\/026.pdf\" target=\"_blank\" rel=\"noopener noreferrer\">026<\/a><\/td>\n<td width=\"403\">Cornello dei Tasso<\/td>\n<td width=\"153\">LOMBARDIA<\/td>\n<td width=\"430\">Cornello dei Tasso \u00e8 frazione del comune di Camerata Cornello Situato nell&#8217;alta Val Brembana, sulla destra orografica del fiume Brembo, dista 33 chilometri dal capoluogo orobico.<\/td>\n<td><\/td>\n<\/tr>\n<tr>\n<td width=\"83\"><a href=\"https:\/\/organizzazione.cai.it\/commissione-centrale-tutela-ambiente-montano\/wp-content\/uploads\/sites\/85\/2024\/11\/027.pdf\" target=\"_blank\" rel=\"noopener noreferrer\">027<\/a><\/td>\n<td width=\"403\">La piega dell&#8217;Albenza<\/td>\n<td width=\"153\">LOMBARDIA<\/td>\n<td width=\"430\">Prealpi bergamasche<\/td>\n<td><\/td>\n<\/tr>\n<tr>\n<td width=\"83\"><a href=\"https:\/\/organizzazione.cai.it\/commissione-centrale-tutela-ambiente-montano\/wp-content\/uploads\/sites\/85\/2024\/11\/028.pdf\" target=\"_blank\" rel=\"noopener noreferrer\">028<\/a><\/td>\n<td width=\"403\">Monte Prasanto<\/td>\n<td width=\"153\">LOMBARDIA<\/td>\n<td width=\"430\">Prealpi del triangolo lariano &#8211; dorsale Monte Cornizzolo &#8211; Monte\u00a0 Rai<\/td>\n<td><\/td>\n<\/tr>\n<tr>\n<td width=\"83\"><a href=\"https:\/\/organizzazione.cai.it\/commissione-centrale-tutela-ambiente-montano\/wp-content\/uploads\/sites\/85\/2024\/11\/029.pdf\" target=\"_blank\" rel=\"noopener noreferrer\">029<\/a><\/td>\n<td width=\"403\">Maglio di Clanezzo<\/td>\n<td width=\"153\">LOMBARDIA<\/td>\n<td width=\"430\">Comune di Ubiale Clanezzo (BG)<\/td>\n<td><\/td>\n<\/tr>\n<tr>\n<td width=\"83\"><a href=\"https:\/\/organizzazione.cai.it\/commissione-centrale-tutela-ambiente-montano\/wp-content\/uploads\/sites\/85\/2024\/11\/030.pdf\" target=\"_blank\" rel=\"noopener noreferrer\">030<\/a><\/td>\n<td width=\"403\">Linea Cadorna &#8211; tra Natura e Storia<\/td>\n<td width=\"153\">LOMBARDIA<\/td>\n<td width=\"430\">Prealpi varesine<\/td>\n<td><\/td>\n<\/tr>\n<tr>\n<td width=\"83\"><a href=\"https:\/\/organizzazione.cai.it\/commissione-centrale-tutela-ambiente-montano\/wp-content\/uploads\/sites\/85\/2024\/11\/031.pdf\" target=\"_blank\" rel=\"noopener noreferrer\">031<\/a><\/td>\n<td width=\"403\">Comprensorio escursionistico<\/td>\n<td width=\"153\">LOMBARDIA<\/td>\n<td width=\"430\">Valcamonica (BS)<\/td>\n<td><\/td>\n<\/tr>\n<tr>\n<td width=\"83\"><a href=\"https:\/\/organizzazione.cai.it\/commissione-centrale-tutela-ambiente-montano\/wp-content\/uploads\/sites\/85\/2024\/11\/032.pdf\" target=\"_blank\" rel=\"noopener noreferrer\">032<\/a><\/td>\n<td width=\"403\">La Caverna Generosa<\/td>\n<td width=\"153\">LOMBARDIA<\/td>\n<td width=\"430\">Versante Est del Monte Generoso<\/td>\n<td><\/td>\n<\/tr>\n<tr>\n<td width=\"83\"><a href=\"https:\/\/organizzazione.cai.it\/commissione-centrale-tutela-ambiente-montano\/wp-content\/uploads\/sites\/85\/2024\/11\/033.pdf\" target=\"_blank\" rel=\"noopener noreferrer\">033<\/a><\/td>\n<td width=\"403\">La zona umida dei Piani di Valtorta<\/td>\n<td width=\"153\">LOMBARDIA<\/td>\n<td width=\"430\">Valle Brembana<\/td>\n<td><\/td>\n<\/tr>\n<tr>\n<td width=\"83\"><a href=\"https:\/\/organizzazione.cai.it\/commissione-centrale-tutela-ambiente-montano\/wp-content\/uploads\/sites\/85\/2024\/11\/034.pdf\" target=\"_blank\" rel=\"noopener noreferrer\">034<\/a><\/td>\n<td width=\"403\">LADINI DEL VENETO<\/td>\n<td width=\"153\">VENETO<\/td>\n<td width=\"430\">Valli dolomitiche bellunesi<\/td>\n<td><\/td>\n<\/tr>\n<tr>\n<td width=\"83\"><a href=\"https:\/\/organizzazione.cai.it\/commissione-centrale-tutela-ambiente-montano\/wp-content\/uploads\/sites\/85\/2024\/11\/035.pdf\" target=\"_blank\" rel=\"noopener noreferrer\">035<\/a><\/td>\n<td width=\"403\">SATTELBERG<\/td>\n<td width=\"153\">ALTO ADIGE<\/td>\n<td width=\"430\">PASSO DEL BRENNERO<\/td>\n<td><\/td>\n<\/tr>\n<tr>\n<td width=\"83\"><a href=\"https:\/\/organizzazione.cai.it\/commissione-centrale-tutela-ambiente-montano\/wp-content\/uploads\/sites\/85\/2024\/11\/036.pdf\" target=\"_blank\" rel=\"noopener noreferrer\">036<\/a><\/td>\n<td width=\"403\">CANTINA PFITSCHER<\/td>\n<td width=\"153\">ALTO ADIGE<\/td>\n<td width=\"430\">COMUNE DI MONTAGNA<\/td>\n<td><\/td>\n<\/tr>\n<tr>\n<td width=\"83\"><a href=\"https:\/\/organizzazione.cai.it\/commissione-centrale-tutela-ambiente-montano\/wp-content\/uploads\/sites\/85\/2024\/11\/037.pdf\" target=\"_blank\" rel=\"noopener noreferrer\">037<\/a><\/td>\n<td width=\"403\">Sasso di Castro &#8211; Monte Beni<\/td>\n<td width=\"153\">TOSCANA<\/td>\n<td width=\"430\">Alta valle del Santerno e Torrente Savena, nel comune di Firenzuola.<\/td>\n<td><\/td>\n<\/tr>\n<tr>\n<td width=\"83\"><a href=\"https:\/\/organizzazione.cai.it\/commissione-centrale-tutela-ambiente-montano\/wp-content\/uploads\/sites\/85\/2024\/11\/038.pdf\" target=\"_blank\" rel=\"noopener noreferrer\">038<\/a><\/td>\n<td width=\"403\">LA RISERVA INTEGRALE DI SASSO FRATINO<\/td>\n<td width=\"153\">EMILIA ROMAGNA<\/td>\n<td width=\"430\">Appennino forlivese<\/td>\n<td><\/td>\n<\/tr>\n<tr>\n<td width=\"83\"><a href=\"https:\/\/organizzazione.cai.it\/commissione-centrale-tutela-ambiente-montano\/wp-content\/uploads\/sites\/85\/2024\/11\/039.pdf\" target=\"_blank\" rel=\"noopener noreferrer\">039<\/a><\/td>\n<td width=\"403\">Parco dei Gessi Bolognesi<\/td>\n<td width=\"153\">EMILIA ROMAGNA<\/td>\n<td width=\"430\">Appennino Emiliano Romagnolo<\/td>\n<td><\/td>\n<\/tr>\n<tr>\n<td width=\"83\"><a href=\"https:\/\/organizzazione.cai.it\/commissione-centrale-tutela-ambiente-montano\/wp-content\/uploads\/sites\/85\/2024\/11\/040.pdf\" target=\"_blank\" rel=\"noopener noreferrer\">040<\/a><\/td>\n<td width=\"403\">MONTELAGO ambienti umidi e carsismo<\/td>\n<td width=\"153\">MARCHE<\/td>\n<td width=\"430\">Appennino Maceratese<\/td>\n<td><\/td>\n<\/tr>\n<tr>\n<td width=\"83\"><a href=\"https:\/\/organizzazione.cai.it\/commissione-centrale-tutela-ambiente-montano\/wp-content\/uploads\/sites\/85\/2024\/11\/041.pdf\" target=\"_blank\" rel=\"noopener noreferrer\">041<\/a><\/td>\n<td width=\"403\">LE GROTTE DI S. EUSTACHIO<\/td>\n<td width=\"153\">MARCHE<\/td>\n<td width=\"430\">Valle del fiume Potenza (Appennino Camerinese e Maceratese);<\/td>\n<td><\/td>\n<\/tr>\n<tr>\n<td width=\"83\"><a href=\"https:\/\/organizzazione.cai.it\/commissione-centrale-tutela-ambiente-montano\/wp-content\/uploads\/sites\/85\/2024\/11\/042.pdf\" target=\"_blank\" rel=\"noopener noreferrer\">042<\/a><\/td>\n<td width=\"403\">LA VIA DEL CAMOSCIO<\/td>\n<td width=\"153\">MARCHE<\/td>\n<td width=\"430\">Monte Bove Nord\/Sud (Sibillini)<\/td>\n<td><\/td>\n<\/tr>\n<tr>\n<td width=\"83\"><a href=\"https:\/\/organizzazione.cai.it\/commissione-centrale-tutela-ambiente-montano\/wp-content\/uploads\/sites\/85\/2024\/11\/043.pdf\" target=\"_blank\" rel=\"noopener noreferrer\">043<\/a><\/td>\n<td width=\"403\">TRA CONSERVAZIONE E DEGRADO<\/td>\n<td width=\"153\">MARCHE<\/td>\n<td width=\"430\">Versante marchigiano Appennino Centrale<\/td>\n<td><\/td>\n<\/tr>\n<tr>\n<td width=\"83\"><a href=\"https:\/\/organizzazione.cai.it\/commissione-centrale-tutela-ambiente-montano\/wp-content\/uploads\/sites\/85\/2024\/11\/044.pdf\" target=\"_blank\" rel=\"noopener noreferrer\">044<\/a><\/td>\n<td width=\"403\">Sughereta di Bergeggi (SV)<\/td>\n<td width=\"153\">LIGURIA<\/td>\n<td width=\"430\">APPENNINO LIGURE SOPRA SAVONA<\/td>\n<td><\/td>\n<\/tr>\n<tr>\n<td width=\"83\"><a href=\"https:\/\/organizzazione.cai.it\/commissione-centrale-tutela-ambiente-montano\/wp-content\/uploads\/sites\/85\/2024\/11\/045.pdf\" target=\"_blank\" rel=\"noopener noreferrer\">045<\/a><\/td>\n<td width=\"403\">L&#8217;Appia sacra<\/td>\n<td width=\"153\">PUGLIA<\/td>\n<td width=\"430\">Murge e Piana brindisina<\/td>\n<td><\/td>\n<\/tr>\n<tr>\n<td width=\"83\"><a href=\"https:\/\/organizzazione.cai.it\/commissione-centrale-tutela-ambiente-montano\/wp-content\/uploads\/sites\/85\/2024\/11\/046.pdf\" target=\"_blank\" rel=\"noopener noreferrer\">046<\/a><\/td>\n<td width=\"403\">VALLE SAN LUCANO (BL)<\/td>\n<td width=\"153\">VENETO<\/td>\n<td width=\"430\">DOLOMITI AGORDINE &#8211; Gruppo PALE DI SAN MARTINO<\/td>\n<td><\/td>\n<\/tr>\n<tr>\n<td width=\"83\"><a href=\"https:\/\/organizzazione.cai.it\/commissione-centrale-tutela-ambiente-montano\/wp-content\/uploads\/sites\/85\/2024\/11\/047.pdf\" target=\"_blank\" rel=\"noopener noreferrer\">047<\/a><\/td>\n<td width=\"403\">I Santuari dei Sanniti<\/td>\n<td width=\"153\">MOLISE<\/td>\n<td width=\"430\">ALTO MOLISE, COMUNI DI PIETRABBONDANTE E VASTOGIRARDI<\/td>\n<td><\/td>\n<\/tr>\n<tr>\n<td width=\"83\"><a href=\"https:\/\/organizzazione.cai.it\/commissione-centrale-tutela-ambiente-montano\/wp-content\/uploads\/sites\/85\/2024\/11\/048.pdf\" target=\"_blank\" rel=\"noopener noreferrer\">048<\/a><\/td>\n<td width=\"403\">Dall&#8217;Abbazia di San Vincenzo a Scapoli<\/td>\n<td width=\"153\">MOLISE<\/td>\n<td width=\"430\">SORGENTI E ALTA VALLE DEL VOLTURNO<\/td>\n<td><\/td>\n<\/tr>\n<tr>\n<td width=\"83\"><a href=\"https:\/\/organizzazione.cai.it\/commissione-centrale-tutela-ambiente-montano\/wp-content\/uploads\/sites\/85\/2024\/11\/049.pdf\" target=\"_blank\" rel=\"noopener noreferrer\">049<\/a><\/td>\n<td width=\"403\">Faggeta del Camposauro (Monte Taburno).<\/td>\n<td width=\"153\">CAMPANIA<\/td>\n<td width=\"430\">Appennino Campano &#8211; Gruppo montuoso del Taburno-Camposauro<\/td>\n<td><\/td>\n<\/tr>\n<tr>\n<td width=\"83\"><a href=\"https:\/\/organizzazione.cai.it\/commissione-centrale-tutela-ambiente-montano\/wp-content\/uploads\/sites\/85\/2024\/11\/050.pdf\" target=\"_blank\" rel=\"noopener noreferrer\">050<\/a><\/td>\n<td width=\"403\">Piana di Marcesina (VI)<\/td>\n<td width=\"153\">VENETO<\/td>\n<td width=\"430\">Altopiano dei Sette Comuni comune di Enego<\/td>\n<td><\/td>\n<\/tr>\n<tr>\n<td width=\"83\"><a href=\"https:\/\/organizzazione.cai.it\/commissione-centrale-tutela-ambiente-montano\/wp-content\/uploads\/sites\/85\/2024\/11\/051.pdf\" target=\"_blank\" rel=\"noopener noreferrer\">051<\/a><\/td>\n<td width=\"403\">Le Nevere<\/td>\n<td width=\"153\">CAMPANIA<\/td>\n<td width=\"430\">Appennino Meridionale Monti Lattari<\/td>\n<td><\/td>\n<\/tr>\n<tr>\n<td width=\"83\"><a href=\"https:\/\/organizzazione.cai.it\/commissione-centrale-tutela-ambiente-montano\/wp-content\/uploads\/sites\/85\/2024\/11\/052.pdf\" target=\"_blank\" rel=\"noopener noreferrer\">052<\/a><\/td>\n<td width=\"403\">La via del Ferro<\/td>\n<td width=\"153\">VALLE D&#8217;AOSTA<\/td>\n<td width=\"430\">Valle di Cogne<\/td>\n<td><\/td>\n<\/tr>\n<tr>\n<td width=\"83\"><a href=\"https:\/\/organizzazione.cai.it\/commissione-centrale-tutela-ambiente-montano\/wp-content\/uploads\/sites\/85\/2024\/11\/053.pdf\" target=\"_blank\" rel=\"noopener noreferrer\">053<\/a><\/td>\n<td width=\"403\">VALLE DELL&#8217;ALLEIGNE<\/td>\n<td width=\"153\">VALLE D&#8217;AOSTA<\/td>\n<td width=\"430\">Valle di Champorcher<\/td>\n<td><\/td>\n<\/tr>\n<tr>\n<td width=\"83\"><a href=\"https:\/\/organizzazione.cai.it\/commissione-centrale-tutela-ambiente-montano\/wp-content\/uploads\/sites\/85\/2024\/11\/054.pdf\" target=\"_blank\" rel=\"noopener noreferrer\">054<\/a><\/td>\n<td width=\"403\">Alpe Cortlys<\/td>\n<td width=\"153\">VALLE D&#8217;AOSTA<\/td>\n<td width=\"430\">Massiccio del Monte Rosa &#8211; Valle di Gressoney<\/td>\n<td><\/td>\n<\/tr>\n<tr>\n<td width=\"83\"><a href=\"https:\/\/organizzazione.cai.it\/commissione-centrale-tutela-ambiente-montano\/wp-content\/uploads\/sites\/85\/2024\/11\/055.pdf\" target=\"_blank\" rel=\"noopener noreferrer\">055<\/a><\/td>\n<td width=\"403\">Forre del Monte Cigno.<\/td>\n<td width=\"153\">CAMPANIA<\/td>\n<td width=\"430\">MONTI DEL MATESE<\/td>\n<td><\/td>\n<\/tr>\n<tr>\n<td width=\"83\"><a href=\"https:\/\/organizzazione.cai.it\/commissione-centrale-tutela-ambiente-montano\/wp-content\/uploads\/sites\/85\/2024\/11\/056.pdf\" target=\"_blank\" rel=\"noopener noreferrer\">056<\/a><\/td>\n<td width=\"403\">Un CAI per i Montanari<\/td>\n<td width=\"153\">EMILIA ROMAGNA<\/td>\n<td width=\"430\">Valle dell&#8217;Acquacheta e Val Montone<\/td>\n<td><\/td>\n<\/tr>\n<tr>\n<td width=\"83\"><a href=\"https:\/\/organizzazione.cai.it\/commissione-centrale-tutela-ambiente-montano\/wp-content\/uploads\/sites\/85\/2024\/11\/057.pdf\" target=\"_blank\" rel=\"noopener noreferrer\">057<\/a><\/td>\n<td width=\"403\">Valle del Tassaro<\/td>\n<td width=\"153\">EMILIA ROMAGNA<\/td>\n<td width=\"430\">Appennino Tosco Emiliano<\/td>\n<td><\/td>\n<\/tr>\n<tr>\n<td width=\"83\"><a href=\"https:\/\/organizzazione.cai.it\/commissione-centrale-tutela-ambiente-montano\/wp-content\/uploads\/sites\/85\/2024\/11\/058.pdf\" target=\"_blank\" rel=\"noopener noreferrer\">058<\/a><\/td>\n<td width=\"403\">Monte Pugliano: Scrigno di Biodiversit\u00e0<\/td>\n<td width=\"153\">CAMPANIA<\/td>\n<td width=\"430\">Colline Valle Telesina<\/td>\n<td><\/td>\n<\/tr>\n<tr>\n<td width=\"83\"><a href=\"https:\/\/organizzazione.cai.it\/commissione-centrale-tutela-ambiente-montano\/wp-content\/uploads\/sites\/85\/2024\/11\/059.pdf\" target=\"_blank\" rel=\"noopener noreferrer\">059<\/a><\/td>\n<td width=\"403\">LE RUPI CALCAREE<\/td>\n<td width=\"153\">MARCHE<\/td>\n<td width=\"430\">Gola del Furlo<\/td>\n<td><\/td>\n<\/tr>\n<tr>\n<td width=\"83\"><a href=\"https:\/\/organizzazione.cai.it\/commissione-centrale-tutela-ambiente-montano\/wp-content\/uploads\/sites\/85\/2024\/11\/060.pdf\" target=\"_blank\" rel=\"noopener noreferrer\">060<\/a><\/td>\n<td width=\"403\">Il Mulino &#8220;Fenicio&#8221; di Verezzi<\/td>\n<td width=\"153\">LIGURIA<\/td>\n<td width=\"430\">Alpi Liguri &#8211; Finalese<\/td>\n<td><\/td>\n<\/tr>\n<tr>\n<td width=\"83\"><a href=\"https:\/\/organizzazione.cai.it\/commissione-centrale-tutela-ambiente-montano\/wp-content\/uploads\/sites\/85\/2024\/11\/061.pdf\" target=\"_blank\" rel=\"noopener noreferrer\">061<\/a><\/td>\n<td width=\"403\">Palude di Colfiorito<\/td>\n<td width=\"153\">UMBRIA<\/td>\n<td width=\"430\">Appennino Umbro Marchigiano<\/td>\n<td><\/td>\n<\/tr>\n<tr>\n<td width=\"83\"><a href=\"https:\/\/organizzazione.cai.it\/commissione-centrale-tutela-ambiente-montano\/wp-content\/uploads\/sites\/85\/2024\/11\/062.pdf\" target=\"_blank\" rel=\"noopener noreferrer\">062<\/a><\/td>\n<td width=\"403\">Camminando in Alto Tevere<\/td>\n<td width=\"153\">UMBRIA<\/td>\n<td width=\"430\">M.Favalto,\u00a0 Appennino Umbro-Toscano<\/td>\n<td><\/td>\n<\/tr>\n<tr>\n<td width=\"83\"><a href=\"https:\/\/organizzazione.cai.it\/commissione-centrale-tutela-ambiente-montano\/wp-content\/uploads\/sites\/85\/2024\/11\/063.pdf\" target=\"_blank\" rel=\"noopener noreferrer\">063<\/a><\/td>\n<td width=\"403\">Da Saipins a Sepino<\/td>\n<td width=\"153\">MOLISE<\/td>\n<td width=\"430\">MATESE<\/td>\n<td><\/td>\n<\/tr>\n<tr>\n<td width=\"83\"><a href=\"https:\/\/organizzazione.cai.it\/commissione-centrale-tutela-ambiente-montano\/wp-content\/uploads\/sites\/85\/2024\/11\/064.pdf\" target=\"_blank\" rel=\"noopener noreferrer\">064<\/a><\/td>\n<td width=\"403\">Trekking del Nera<\/td>\n<td width=\"153\">UMBRIA<\/td>\n<td width=\"430\">Appennino centrale<\/td>\n<td><\/td>\n<\/tr>\n<tr>\n<td width=\"83\"><a href=\"https:\/\/organizzazione.cai.it\/commissione-centrale-tutela-ambiente-montano\/wp-content\/uploads\/sites\/85\/2024\/11\/065.pdf\" target=\"_blank\" rel=\"noopener noreferrer\">065<\/a><\/td>\n<td width=\"403\">GHIACCIAIO CARESER<\/td>\n<td width=\"153\">TRENTINO<\/td>\n<td width=\"430\">Gruppo Ortles &#8211; Cevedale<\/td>\n<td><\/td>\n<\/tr>\n<tr>\n<td width=\"83\"><a href=\"https:\/\/organizzazione.cai.it\/commissione-centrale-tutela-ambiente-montano\/wp-content\/uploads\/sites\/85\/2024\/11\/066.pdf\" target=\"_blank\" rel=\"noopener noreferrer\">066<\/a><\/td>\n<td width=\"403\">Agrifogli Giganti di Piano Pomo<\/td>\n<td width=\"153\">SICILIA<\/td>\n<td width=\"430\">Piano Pomo 37\u00b053 48.9&#8243;N\u00a0 14\u00b004&#8217;00.5&#8243;E<\/td>\n<td><\/td>\n<\/tr>\n<tr>\n<td width=\"83\"><a href=\"https:\/\/organizzazione.cai.it\/commissione-centrale-tutela-ambiente-montano\/wp-content\/uploads\/sites\/85\/2024\/11\/067.pdf\" target=\"_blank\" rel=\"noopener noreferrer\">067<\/a><\/td>\n<td width=\"403\">Parco Urbano della Rocca<\/td>\n<td width=\"153\">SICILIA<\/td>\n<td width=\"430\">Madonie<\/td>\n<td><\/td>\n<\/tr>\n<tr>\n<td width=\"83\"><a href=\"https:\/\/organizzazione.cai.it\/commissione-centrale-tutela-ambiente-montano\/wp-content\/uploads\/sites\/85\/2024\/11\/068.pdf\" target=\"_blank\" rel=\"noopener\">068<\/a><\/td>\n<td width=\"403\">Pantalica<\/td>\n<td width=\"153\">SICILIA<\/td>\n<td width=\"430\">Sud \/Orientale<\/td>\n<td><\/td>\n<\/tr>\n<tr>\n<td width=\"83\"><a href=\"https:\/\/organizzazione.cai.it\/commissione-centrale-tutela-ambiente-montano\/wp-content\/uploads\/sites\/85\/2024\/11\/069.pdf\" target=\"_blank\" rel=\"noopener noreferrer\">069<\/a><\/td>\n<td width=\"403\">Val Ferret<\/td>\n<td width=\"153\">VALLE D&#8217;AOSTA<\/td>\n<td width=\"430\">A nord di Courmayeur<\/td>\n<td><\/td>\n<\/tr>\n<tr>\n<td width=\"83\"><a href=\"https:\/\/organizzazione.cai.it\/commissione-centrale-tutela-ambiente-montano\/wp-content\/uploads\/sites\/85\/2024\/11\/070.pdf\" target=\"_blank\" rel=\"noopener noreferrer\">070<\/a><\/td>\n<td width=\"403\">Val Bisagno (GE) Acquedotto Storico<\/td>\n<td width=\"153\">LIGURIA<\/td>\n<td width=\"430\">Val Bisagno, Genovesato<\/td>\n<td><\/td>\n<\/tr>\n<tr>\n<td width=\"83\"><a href=\"https:\/\/organizzazione.cai.it\/commissione-centrale-tutela-ambiente-montano\/wp-content\/uploads\/sites\/85\/2024\/11\/071.pdf\" target=\"_blank\" rel=\"noopener noreferrer\">071<\/a><\/td>\n<td width=\"403\">Dove le alpi incontrano gli appennini<\/td>\n<td width=\"153\">LIGURIA<\/td>\n<td width=\"430\">Sestri Ponente (Comune Genova)<\/td>\n<td><\/td>\n<\/tr>\n<tr>\n<td width=\"83\"><a href=\"https:\/\/organizzazione.cai.it\/commissione-centrale-tutela-ambiente-montano\/wp-content\/uploads\/sites\/85\/2024\/11\/072.pdf\" target=\"_blank\" rel=\"noopener noreferrer\">072<\/a><\/td>\n<td width=\"403\">Grotte di Aci e del Gelo<\/td>\n<td width=\"153\">SICILIA<\/td>\n<td width=\"430\">Monte Etna<\/td>\n<td><\/td>\n<\/tr>\n<tr>\n<td width=\"83\"><a href=\"https:\/\/organizzazione.cai.it\/commissione-centrale-tutela-ambiente-montano\/wp-content\/uploads\/sites\/85\/2024\/11\/073.pdf\" target=\"_blank\" rel=\"noopener noreferrer\">073<\/a><\/td>\n<td width=\"403\">Passaggio delle Rocche del Crasto<\/td>\n<td width=\"153\">SICILIA<\/td>\n<td width=\"430\">Appennino Siculo<\/td>\n<td><\/td>\n<\/tr>\n<tr>\n<td width=\"83\"><a href=\"https:\/\/organizzazione.cai.it\/commissione-centrale-tutela-ambiente-montano\/wp-content\/uploads\/sites\/85\/2024\/11\/074.pdf\" target=\"_blank\" rel=\"noopener noreferrer\">074<\/a><\/td>\n<td width=\"403\">Parco Archeologico di Monte Iato<\/td>\n<td width=\"153\">SICILIA<\/td>\n<td width=\"430\">Alta Valle dello Jato<\/td>\n<td><\/td>\n<\/tr>\n<tr>\n<td width=\"83\"><a href=\"https:\/\/organizzazione.cai.it\/commissione-centrale-tutela-ambiente-montano\/wp-content\/uploads\/sites\/85\/2024\/11\/075.pdf\" target=\"_blank\" rel=\"noopener noreferrer\">075<\/a><\/td>\n<td width=\"403\">Faeto tra natura e tradizione.<\/td>\n<td width=\"153\">PUGLIA<\/td>\n<td width=\"430\">Subappennino dauno<\/td>\n<td><\/td>\n<\/tr>\n<tr>\n<td width=\"83\"><a href=\"https:\/\/organizzazione.cai.it\/commissione-centrale-tutela-ambiente-montano\/wp-content\/uploads\/sites\/85\/2024\/11\/076.pdf\" target=\"_blank\" rel=\"noopener noreferrer\">076<\/a><\/td>\n<td width=\"403\">La Valle dell&#8217;Idice<\/td>\n<td width=\"153\">EMILIA ROMAGNA<\/td>\n<td width=\"430\">Comune di Monterenzio<\/td>\n<td><\/td>\n<\/tr>\n<tr>\n<td width=\"83\"><a href=\"https:\/\/organizzazione.cai.it\/commissione-centrale-tutela-ambiente-montano\/wp-content\/uploads\/sites\/85\/2024\/11\/077.pdf\" target=\"_blank\" rel=\"noopener noreferrer\">077<\/a><\/td>\n<td width=\"403\">LE LAME ROSSE<\/td>\n<td width=\"153\">MARCHE<\/td>\n<td width=\"430\">\u00a0Monte Fiegni<\/td>\n<td><\/td>\n<\/tr>\n<tr>\n<td width=\"83\"><a href=\"https:\/\/organizzazione.cai.it\/commissione-centrale-tutela-ambiente-montano\/wp-content\/uploads\/sites\/85\/2024\/11\/078.pdf\" target=\"_blank\" rel=\"noopener noreferrer\">078<\/a><\/td>\n<td width=\"403\">UN LUOGO MAGICO<\/td>\n<td width=\"153\">MARCHE<\/td>\n<td width=\"430\">Monti Sibillini<\/td>\n<td><\/td>\n<\/tr>\n<tr>\n<td width=\"83\"><a href=\"https:\/\/organizzazione.cai.it\/commissione-centrale-tutela-ambiente-montano\/wp-content\/uploads\/sites\/85\/2024\/11\/079.pdf\" target=\"_blank\" rel=\"noopener noreferrer\">079<\/a><\/td>\n<td width=\"403\">Tradizionale distillazione della Lavanda<\/td>\n<td width=\"153\">LIGURIA<\/td>\n<td width=\"430\">Provincia di Imperia<\/td>\n<td><\/td>\n<\/tr>\n<tr>\n<td width=\"83\"><a href=\"https:\/\/organizzazione.cai.it\/commissione-centrale-tutela-ambiente-montano\/wp-content\/uploads\/sites\/85\/2024\/11\/080.pdf\" target=\"_blank\" rel=\"noopener noreferrer\">080<\/a><\/td>\n<td width=\"403\">Economia sostenibile<\/td>\n<td width=\"153\">MARCHE<\/td>\n<td width=\"430\">Monte Calvo e Monte Teglia<\/td>\n<td><\/td>\n<\/tr>\n<tr>\n<td width=\"83\"><a href=\"https:\/\/organizzazione.cai.it\/commissione-centrale-tutela-ambiente-montano\/wp-content\/uploads\/sites\/85\/2024\/11\/081.pdf\" target=\"_blank\" rel=\"noopener noreferrer\">081<\/a><\/td>\n<td width=\"403\">Punta Manara<\/td>\n<td width=\"153\">LIGURIA<\/td>\n<td width=\"430\">Riviera ligure di Levante-Tigullio &#8211; Genova<\/td>\n<td><\/td>\n<\/tr>\n<tr>\n<td width=\"83\"><a href=\"https:\/\/organizzazione.cai.it\/commissione-centrale-tutela-ambiente-montano\/wp-content\/uploads\/sites\/85\/2024\/11\/082.pdf\" target=\"_blank\" rel=\"noopener noreferrer\">082<\/a><\/td>\n<td width=\"403\">Eolico da non fare<\/td>\n<td width=\"153\">ABRUZZO<\/td>\n<td width=\"430\">M. Camarda (AQ) &#8211; S. Pio delle Camere<\/td>\n<td><\/td>\n<\/tr>\n<tr>\n<td width=\"83\"><a href=\"https:\/\/organizzazione.cai.it\/commissione-centrale-tutela-ambiente-montano\/wp-content\/uploads\/sites\/85\/2024\/11\/083.pdf\" target=\"_blank\" rel=\"noopener noreferrer\">083<\/a><\/td>\n<td width=\"403\">IL MATESE: I CAMPI CARSICI<\/td>\n<td width=\"153\">CAMPANIA<\/td>\n<td width=\"430\">Appennino Meridionale Campania-Molise<\/td>\n<td><\/td>\n<\/tr>\n<tr>\n<td width=\"83\"><a href=\"https:\/\/organizzazione.cai.it\/commissione-centrale-tutela-ambiente-montano\/wp-content\/uploads\/sites\/85\/2024\/11\/084.pdf\" target=\"_blank\" rel=\"noopener noreferrer\">084<\/a><\/td>\n<td width=\"403\">NOVARA SICILIA<\/td>\n<td width=\"153\">SICILIA<\/td>\n<td width=\"430\">MONTI PELORITANI E NEBRODI<\/td>\n<td><\/td>\n<\/tr>\n<tr>\n<td width=\"83\"><a href=\"https:\/\/organizzazione.cai.it\/commissione-centrale-tutela-ambiente-montano\/wp-content\/uploads\/sites\/85\/2024\/11\/085.pdf\" target=\"_blank\" rel=\"noopener noreferrer\">085<\/a><\/td>\n<td width=\"403\">Dissesto idrogeologico<\/td>\n<td width=\"153\">LIGURIA<\/td>\n<td width=\"430\">Valle del Vara (SP)<\/td>\n<td><\/td>\n<\/tr>\n<tr>\n<td width=\"83\"><a href=\"https:\/\/organizzazione.cai.it\/commissione-centrale-tutela-ambiente-montano\/wp-content\/uploads\/sites\/85\/2024\/11\/086.pdf\" target=\"_blank\" rel=\"noopener noreferrer\">086<\/a><\/td>\n<td width=\"403\">IL PAESAGGIO TERRAZZATO LIGURE<\/td>\n<td width=\"153\">LIGURIA<\/td>\n<td width=\"430\">Versanti terrazzati della Liguria<\/td>\n<td><\/td>\n<\/tr>\n<tr>\n<td width=\"83\"><a href=\"https:\/\/organizzazione.cai.it\/commissione-centrale-tutela-ambiente-montano\/wp-content\/uploads\/sites\/85\/2024\/11\/087.pdf\" target=\"_blank\" rel=\"noopener noreferrer\">087<\/a><\/td>\n<td width=\"403\">IL TRATTURO PESCASSEROLI-CANDELA<\/td>\n<td width=\"153\">MOLISE<\/td>\n<td width=\"430\">MATESE E PIANA DI BOJANO<\/td>\n<td><\/td>\n<\/tr>\n<tr>\n<td width=\"83\"><a href=\"https:\/\/organizzazione.cai.it\/commissione-centrale-tutela-ambiente-montano\/wp-content\/uploads\/sites\/85\/2024\/11\/088.pdf\" target=\"_blank\" rel=\"noopener noreferrer\">088<\/a><\/td>\n<td width=\"403\">MONTAGNOLA, UN ECOSISTEMA PASTORALE<\/td>\n<td width=\"153\">MOLISE<\/td>\n<td width=\"430\">MONTAGNOLA DI FROSOLONE<\/td>\n<td><\/td>\n<\/tr>\n<tr>\n<td width=\"83\"><a href=\"https:\/\/organizzazione.cai.it\/commissione-centrale-tutela-ambiente-montano\/wp-content\/uploads\/sites\/85\/2024\/11\/089.pdf\" target=\"_blank\" rel=\"noopener noreferrer\">089<\/a><\/td>\n<td width=\"403\">LA VIA BIBULCA<\/td>\n<td width=\"153\">EMILIA ROMAGNA<\/td>\n<td width=\"430\">Appennino Modenese<\/td>\n<td><\/td>\n<\/tr>\n<tr>\n<td width=\"83\"><a href=\"https:\/\/organizzazione.cai.it\/commissione-centrale-tutela-ambiente-montano\/wp-content\/uploads\/sites\/85\/2024\/11\/090.pdf\" target=\"_blank\" rel=\"noopener noreferrer\">090<\/a><\/td>\n<td width=\"403\">Dinosauri Pugliesi<\/td>\n<td width=\"153\">Puglia<\/td>\n<td width=\"430\">Parco Nazionale dell&#8217;Alta Murgia &#8211; territorio di Altamura (BA).<\/td>\n<td><\/td>\n<\/tr>\n<tr>\n<td width=\"83\"><a href=\"https:\/\/organizzazione.cai.it\/commissione-centrale-tutela-ambiente-montano\/wp-content\/uploads\/sites\/85\/2024\/11\/091.pdf\" target=\"_blank\" rel=\"noopener noreferrer\">091<\/a><\/td>\n<td width=\"403\">I CASALI DI PRATO PORFIDIA<\/td>\n<td width=\"153\">MARCHE<\/td>\n<td width=\"430\">Madonna dell&#8217;Ambro (Sibillini)<\/td>\n<td><\/td>\n<\/tr>\n<tr>\n<td width=\"83\"><a href=\"https:\/\/organizzazione.cai.it\/commissione-centrale-tutela-ambiente-montano\/wp-content\/uploads\/sites\/85\/2024\/11\/092.pdf\" target=\"_blank\" rel=\"noopener noreferrer\">092<\/a><\/td>\n<td width=\"403\">IL Comelico<\/td>\n<td width=\"153\">VENETO<\/td>\n<td width=\"430\">Dolomiti Orientali<\/td>\n<td><\/td>\n<\/tr>\n<tr>\n<td width=\"83\"><a href=\"https:\/\/organizzazione.cai.it\/commissione-centrale-tutela-ambiente-montano\/wp-content\/uploads\/sites\/85\/2024\/11\/093.pdf\" target=\"_blank\" rel=\"noopener noreferrer\">093<\/a><\/td>\n<td width=\"403\">FORRA VAL CELLINA\u00a0 E GROTTA VECCHIA DIGA<\/td>\n<td width=\"153\">FRIULI VENEZIA GIULIA<\/td>\n<td width=\"430\">VALCELLINA (PN)<\/td>\n<td><\/td>\n<\/tr>\n<tr>\n<td width=\"83\"><a href=\"https:\/\/organizzazione.cai.it\/commissione-centrale-tutela-ambiente-montano\/wp-content\/uploads\/sites\/85\/2024\/11\/094.pdf\" target=\"_blank\" rel=\"noopener noreferrer\">094<\/a><\/td>\n<td width=\"403\">Le Caciare Picene<\/td>\n<td width=\"153\">MARCHE<\/td>\n<td width=\"430\">Montagna dei Fiori<\/td>\n<td><\/td>\n<\/tr>\n<tr>\n<td width=\"83\"><a href=\"https:\/\/organizzazione.cai.it\/commissione-centrale-tutela-ambiente-montano\/wp-content\/uploads\/sites\/85\/2024\/11\/095.pdf\" target=\"_blank\" rel=\"noopener noreferrer\">095<\/a><\/td>\n<td width=\"403\">Val Canali : una valle biodiversa<\/td>\n<td width=\"153\">TRENTINO<\/td>\n<td width=\"430\">Dolomiti sud orientali<\/td>\n<td><\/td>\n<\/tr>\n<tr>\n<td width=\"83\"><a href=\"https:\/\/organizzazione.cai.it\/commissione-centrale-tutela-ambiente-montano\/wp-content\/uploads\/sites\/85\/2024\/11\/096.pdf\" target=\"_blank\" rel=\"noopener noreferrer\">096<\/a><\/td>\n<td width=\"403\">IL MATESE: BOSCHI E CRITICIT\u00c0<\/td>\n<td width=\"153\">CAMPANIA<\/td>\n<td width=\"430\">Appennino Centro-Meridionale<\/td>\n<td><\/td>\n<\/tr>\n<tr>\n<td width=\"83\"><a href=\"https:\/\/organizzazione.cai.it\/commissione-centrale-tutela-ambiente-montano\/wp-content\/uploads\/sites\/85\/2024\/11\/097.pdf\" target=\"_blank\" rel=\"noopener noreferrer\">097<\/a><\/td>\n<td width=\"403\">L&#8217;isola d&#8217;Ischia<\/td>\n<td width=\"153\">CAMPANIA<\/td>\n<td width=\"430\">Isola d&#8217;Ischia<\/td>\n<td><\/td>\n<\/tr>\n<tr>\n<td width=\"83\"><a href=\"https:\/\/organizzazione.cai.it\/commissione-centrale-tutela-ambiente-montano\/wp-content\/uploads\/sites\/85\/2024\/11\/098.pdf\" target=\"_blank\" rel=\"noopener noreferrer\">098<\/a><\/td>\n<td width=\"403\">IL CIBO NELLA MONTAGNA VENETA<\/td>\n<td width=\"153\">VENETO<\/td>\n<td width=\"430\">Bellunese<\/td>\n<td><\/td>\n<\/tr>\n<tr>\n<td width=\"83\"><a href=\"https:\/\/organizzazione.cai.it\/commissione-centrale-tutela-ambiente-montano\/wp-content\/uploads\/sites\/85\/2024\/11\/099.pdf\" target=\"_blank\" rel=\"noopener noreferrer\">099<\/a><\/td>\n<td width=\"403\">Canale di Brenta<\/td>\n<td width=\"153\">VENETO<\/td>\n<td width=\"430\">Prealpi vicentine<\/td>\n<td><\/td>\n<\/tr>\n<tr>\n<td width=\"83\"><a href=\"https:\/\/organizzazione.cai.it\/commissione-centrale-tutela-ambiente-montano\/wp-content\/uploads\/sites\/85\/2024\/11\/100.pdf\" target=\"_blank\" rel=\"noopener noreferrer\">100<\/a><\/td>\n<td width=\"403\">Monti di Calavino Lasino e Cavedine<\/td>\n<td width=\"153\">TRENTINO<\/td>\n<td width=\"430\">Valle dei laghi Alto Garda<\/td>\n<td><\/td>\n<\/tr>\n<tr>\n<td width=\"83\"><a href=\"https:\/\/organizzazione.cai.it\/commissione-centrale-tutela-ambiente-montano\/wp-content\/uploads\/sites\/85\/2024\/11\/101.pdf\" target=\"_blank\" rel=\"noopener noreferrer\">101<\/a><\/td>\n<td width=\"403\">Pian della Nana &#8211; Monte Peller<\/td>\n<td width=\"153\">TRENTINO<\/td>\n<td width=\"430\">Dolomiti di Brenta<\/td>\n<td><\/td>\n<\/tr>\n<tr>\n<td width=\"83\"><a href=\"https:\/\/organizzazione.cai.it\/commissione-centrale-tutela-ambiente-montano\/wp-content\/uploads\/sites\/85\/2024\/11\/102.pdf\" target=\"_blank\" rel=\"noopener noreferrer\">102<\/a><\/td>\n<td width=\"403\">Il Mutria, un belvedere su Molise e Campania<\/td>\n<td width=\"153\">MOLISE<\/td>\n<td width=\"430\">MATESE<\/td>\n<td><\/td>\n<\/tr>\n<tr>\n<td width=\"83\"><a href=\"https:\/\/organizzazione.cai.it\/commissione-centrale-tutela-ambiente-montano\/wp-content\/uploads\/sites\/85\/2024\/11\/103.pdf\" target=\"_blank\" rel=\"noopener noreferrer\">103<\/a><\/td>\n<td width=\"403\">I Borghi abbandonati del Matese<\/td>\n<td width=\"153\">MOLISE<\/td>\n<td width=\"430\">MATESE<\/td>\n<td><\/td>\n<\/tr>\n<tr>\n<td width=\"83\"><a href=\"https:\/\/organizzazione.cai.it\/commissione-centrale-tutela-ambiente-montano\/wp-content\/uploads\/sites\/85\/2024\/11\/104.pdf\" target=\"_blank\" rel=\"noopener noreferrer\">104<\/a><\/td>\n<td width=\"403\">L&#8217;isola d&#8217;Ischia<\/td>\n<td width=\"153\">CAMPANIA<\/td>\n<td width=\"430\">Isola d&#8217;Ischia<\/td>\n<td><\/td>\n<\/tr>\n<tr>\n<td width=\"83\"><a href=\"https:\/\/organizzazione.cai.it\/commissione-centrale-tutela-ambiente-montano\/wp-content\/uploads\/sites\/85\/2024\/11\/105.pdf\" target=\"_blank\" rel=\"noopener noreferrer\">105<\/a><\/td>\n<td width=\"403\">Monte Pollino<\/td>\n<td width=\"153\">CALABRIA<\/td>\n<td width=\"430\">Massiccio del Pollino<\/td>\n<td><\/td>\n<\/tr>\n<tr>\n<td width=\"83\"><a href=\"https:\/\/organizzazione.cai.it\/commissione-centrale-tutela-ambiente-montano\/wp-content\/uploads\/sites\/85\/2024\/11\/106.pdf\" target=\"_blank\" rel=\"noopener noreferrer\">106<\/a><\/td>\n<td width=\"403\">I Tifatini: una risorsa?<\/td>\n<td width=\"153\">CAMPANIA<\/td>\n<td width=\"430\">Tra Maddaloni e Capua<\/td>\n<td><\/td>\n<\/tr>\n<tr>\n<td width=\"83\"><a href=\"https:\/\/organizzazione.cai.it\/commissione-centrale-tutela-ambiente-montano\/wp-content\/uploads\/sites\/85\/2024\/11\/107.pdf\" target=\"_blank\" rel=\"noopener noreferrer\">107<\/a><\/td>\n<td width=\"403\">Sentiero della Minerva Accessibilit\u00e0 con i 5 sensi<\/td>\n<td width=\"153\">CAMPANIA<\/td>\n<td width=\"430\">Comune di Vico Equense<\/td>\n<td><\/td>\n<\/tr>\n<tr>\n<td width=\"83\"><a href=\"https:\/\/organizzazione.cai.it\/commissione-centrale-tutela-ambiente-montano\/wp-content\/uploads\/sites\/85\/2024\/11\/108.pdf\" target=\"_blank\" rel=\"noopener noreferrer\">108<\/a><\/td>\n<td width=\"403\">I Campi Flegrei, paradigma di frammentazione<\/td>\n<td width=\"153\">CAMPANIA<\/td>\n<td><\/td>\n<td><\/td>\n<\/tr>\n<tr>\n<td width=\"83\"><a href=\"https:\/\/organizzazione.cai.it\/commissione-centrale-tutela-ambiente-montano\/wp-content\/uploads\/sites\/85\/2024\/11\/109.pdf\" target=\"_blank\" rel=\"noopener noreferrer\">109<\/a><\/td>\n<td width=\"403\">Parco Sugherete<\/td>\n<td width=\"153\">CAMPANIA<\/td>\n<td width=\"430\">Vibonati- Ispani<\/td>\n<td><\/td>\n<\/tr>\n<tr>\n<td width=\"83\"><a href=\"https:\/\/organizzazione.cai.it\/commissione-centrale-tutela-ambiente-montano\/wp-content\/uploads\/sites\/85\/2024\/11\/110.pdf\" target=\"_blank\" rel=\"noopener noreferrer\">110<\/a><\/td>\n<td width=\"403\">ALTA VIA\u00a0 Ponente<\/td>\n<td width=\"153\">LIGURIA<\/td>\n<td width=\"430\">ALPI\u00a0 LIGURI<\/td>\n<td><\/td>\n<\/tr>\n<tr>\n<td width=\"83\"><a href=\"https:\/\/organizzazione.cai.it\/commissione-centrale-tutela-ambiente-montano\/wp-content\/uploads\/sites\/85\/2024\/11\/111.pdf\" target=\"_blank\" rel=\"noopener noreferrer\">111<\/a><\/td>\n<td width=\"403\">ALTA VIA\u00a0 MONTI LIGURIMONTE AIONA (GE)<\/td>\n<td width=\"153\">LIGURIA<\/td>\n<td width=\"430\">ALPI E APPENNINO LIGURE<\/td>\n<td><\/td>\n<\/tr>\n<tr>\n<td width=\"83\"><a href=\"https:\/\/organizzazione.cai.it\/commissione-centrale-tutela-ambiente-montano\/wp-content\/uploads\/sites\/85\/2024\/11\/112.pdf\" target=\"_blank\" rel=\"noopener noreferrer\">112<\/a><\/td>\n<td width=\"403\">Risseu, mosaici di Liguria<\/td>\n<td width=\"153\">LIGURIA<\/td>\n<td width=\"430\">Deiva (SP)<\/td>\n<td><\/td>\n<\/tr>\n<tr>\n<td width=\"83\"><a href=\"https:\/\/organizzazione.cai.it\/commissione-centrale-tutela-ambiente-montano\/wp-content\/uploads\/sites\/85\/2024\/11\/113.pdf\" target=\"_blank\" rel=\"noopener noreferrer\">113<\/a><\/td>\n<td width=\"403\">MONDEVAL (BL)<\/td>\n<td width=\"153\">VENETO<\/td>\n<td width=\"430\">Tra i Lastoni de Formin e il Monte Pelmo a oltre quota 2.000 m<\/td>\n<td><\/td>\n<\/tr>\n<tr>\n<td width=\"83\"><a href=\"https:\/\/organizzazione.cai.it\/commissione-centrale-tutela-ambiente-montano\/wp-content\/uploads\/sites\/85\/2024\/11\/114.pdf\" target=\"_blank\" rel=\"noopener noreferrer\">114<\/a><\/td>\n<td width=\"403\">Il Parco Nazionale\u00a0 del Vesuvio<\/td>\n<td width=\"153\">CAMPANIA<\/td>\n<td width=\"430\">Parco Nazionale del Vesuvio<\/td>\n<td><\/td>\n<\/tr>\n<tr>\n<td width=\"83\"><a href=\"https:\/\/organizzazione.cai.it\/commissione-centrale-tutela-ambiente-montano\/wp-content\/uploads\/sites\/85\/2024\/11\/115.pdf\" target=\"_blank\" rel=\"noopener noreferrer\">115<\/a><\/td>\n<td width=\"403\">Bosco dell&#8217;ALEVE&#8217;<\/td>\n<td width=\"153\">PIEMONTE<\/td>\n<td width=\"430\">ALPI COZIE\u00a0 &#8211;\u00a0 Monviso sud-ovest<\/td>\n<td><\/td>\n<\/tr>\n<tr>\n<td width=\"83\"><a href=\"https:\/\/organizzazione.cai.it\/commissione-centrale-tutela-ambiente-montano\/wp-content\/uploads\/sites\/85\/2024\/11\/116.pdf\" target=\"_blank\" rel=\"noopener noreferrer\">116<\/a><\/td>\n<td width=\"403\">LESSINIA (VR)<\/td>\n<td width=\"153\">VENETO<\/td>\n<td width=\"430\">Monti Lessini Vr &#8211; Prealpi venete<\/td>\n<td><\/td>\n<\/tr>\n<tr>\n<td width=\"83\"><a href=\"https:\/\/organizzazione.cai.it\/commissione-centrale-tutela-ambiente-montano\/wp-content\/uploads\/sites\/85\/2024\/11\/117.pdf\" target=\"_blank\" rel=\"noopener noreferrer\">117<\/a><\/td>\n<td width=\"403\">Monte Avvocata (Falesio)<\/td>\n<td width=\"153\">CAMPANIA<\/td>\n<td width=\"430\">Colline Lattari<\/td>\n<td><\/td>\n<\/tr>\n<tr>\n<td width=\"83\"><a href=\"https:\/\/organizzazione.cai.it\/commissione-centrale-tutela-ambiente-montano\/wp-content\/uploads\/sites\/85\/2024\/11\/118.pdf\" target=\"_blank\" rel=\"noopener noreferrer\">118<\/a><\/td>\n<td width=\"403\">Monte San Liberatore<\/td>\n<td width=\"153\">CAMPANIA<\/td>\n<td width=\"430\">Colline orientali di Cava<\/td>\n<td><\/td>\n<\/tr>\n<tr>\n<td width=\"83\"><a href=\"https:\/\/organizzazione.cai.it\/commissione-centrale-tutela-ambiente-montano\/wp-content\/uploads\/sites\/85\/2024\/11\/119.pdf\" target=\"_blank\" rel=\"noopener noreferrer\">119<\/a><\/td>\n<td width=\"403\">Damaschi Velluti Merletti\u00a0 o\u00a0 Damaski Velluti Pizzi<\/td>\n<td width=\"153\">LIGURIA<\/td>\n<td width=\"430\">Liguria di Levante<\/td>\n<td><\/td>\n<\/tr>\n<tr>\n<td width=\"83\"><a href=\"https:\/\/organizzazione.cai.it\/commissione-centrale-tutela-ambiente-montano\/wp-content\/uploads\/sites\/85\/2024\/11\/120.pdf\" target=\"_blank\" rel=\"noopener noreferrer\">120<\/a><\/td>\n<td width=\"403\">Parco Gravine<\/td>\n<td width=\"153\">PUGLIA<\/td>\n<td width=\"430\">Arco delle Murge tarantine in direzione ovest-est si estende in quattordici comuni<\/td>\n<td><\/td>\n<\/tr>\n<tr>\n<td width=\"83\"><a href=\"https:\/\/organizzazione.cai.it\/commissione-centrale-tutela-ambiente-montano\/wp-content\/uploads\/sites\/85\/2024\/11\/121.pdf\" target=\"_blank\" rel=\"noopener noreferrer\">121<\/a><\/td>\n<td width=\"403\">Il regno dell&#8217;acqua<\/td>\n<td width=\"153\">CAMPANIA<\/td>\n<td width=\"430\">Appennino Campano, Gruppo dei Picentini<\/td>\n<td><\/td>\n<\/tr>\n<tr>\n<td width=\"83\"><a href=\"https:\/\/organizzazione.cai.it\/commissione-centrale-tutela-ambiente-montano\/wp-content\/uploads\/sites\/85\/2024\/11\/122.pdf\" target=\"_blank\" rel=\"noopener noreferrer\">122<\/a><\/td>\n<td width=\"403\">ALPE FIORENTINI (VI)<\/td>\n<td width=\"153\">VENETO<\/td>\n<td width=\"430\">Prealpi venete al confine con la provincia autonoma di Trento<\/td>\n<td><\/td>\n<\/tr>\n<tr>\n<td width=\"83\"><a href=\"https:\/\/organizzazione.cai.it\/commissione-centrale-tutela-ambiente-montano\/wp-content\/uploads\/sites\/85\/2024\/11\/123.pdf\" target=\"_blank\" rel=\"noopener noreferrer\">123<\/a><\/td>\n<td width=\"403\">Paralup<\/td>\n<td width=\"153\">PIEMONTE<\/td>\n<td width=\"430\">Comune di Rittana (CN), tra Val Stura e Val Grana<\/td>\n<td><\/td>\n<\/tr>\n<tr>\n<td width=\"83\"><a href=\"https:\/\/organizzazione.cai.it\/commissione-centrale-tutela-ambiente-montano\/wp-content\/uploads\/sites\/85\/2024\/11\/124.pdf\" target=\"_blank\" rel=\"noopener noreferrer\">124<\/a><\/td>\n<td width=\"403\">Centro faunistico Uomini e Lupi<\/td>\n<td width=\"153\">PIEMONTE<\/td>\n<td width=\"430\">Comune di Entracque (CN)<\/td>\n<td><\/td>\n<\/tr>\n<tr>\n<td width=\"83\"><a href=\"https:\/\/organizzazione.cai.it\/commissione-centrale-tutela-ambiente-montano\/wp-content\/uploads\/sites\/85\/2024\/11\/125.pdf\" target=\"_blank\" rel=\"noopener noreferrer\">125<\/a><\/td>\n<td width=\"403\">A27. PROLUNGAMENTO FINO A PIEVE&#8230; MA CHI LO VUOLE?<\/td>\n<td width=\"153\">VENETO<\/td>\n<td width=\"430\">Dolomiti Orientali<\/td>\n<td><\/td>\n<\/tr>\n<tr>\n<td width=\"83\"><a href=\"https:\/\/organizzazione.cai.it\/commissione-centrale-tutela-ambiente-montano\/wp-content\/uploads\/sites\/85\/2024\/11\/126.pdf\" target=\"_blank\" rel=\"noopener noreferrer\">126<\/a><\/td>\n<td width=\"403\">Collina dei Camaldoli<\/td>\n<td width=\"153\">CAMPANIA<\/td>\n<td width=\"430\">Parco delle colline metropolitane di Napoli<\/td>\n<td><\/td>\n<\/tr>\n<tr>\n<td width=\"83\"><a href=\"https:\/\/organizzazione.cai.it\/commissione-centrale-tutela-ambiente-montano\/wp-content\/uploads\/sites\/85\/2024\/11\/127.pdf\" target=\"_blank\" rel=\"noopener noreferrer\">127<\/a><\/td>\n<td width=\"403\">Monte Comune, tra cielo e mare<\/td>\n<td width=\"153\">CAMPANIA<\/td>\n<td width=\"430\">Monti Lattari<\/td>\n<td><\/td>\n<\/tr>\n<tr>\n<td width=\"83\"><a href=\"https:\/\/organizzazione.cai.it\/commissione-centrale-tutela-ambiente-montano\/wp-content\/uploads\/sites\/85\/2024\/11\/128.pdf\" target=\"_blank\" rel=\"noopener noreferrer\">128<\/a><\/td>\n<td width=\"403\">Valpiana e Valmorel<\/td>\n<td width=\"153\">VENETO<\/td>\n<td width=\"430\">PREALPI BELLUNESI COL VISENTIN<\/td>\n<td><\/td>\n<\/tr>\n<tr>\n<td width=\"83\"><a href=\"https:\/\/organizzazione.cai.it\/commissione-centrale-tutela-ambiente-montano\/wp-content\/uploads\/sites\/85\/2024\/11\/129.pdf\" target=\"_blank\" rel=\"noopener noreferrer\">129<\/a><\/td>\n<td width=\"403\">Sibillini Pian Grande e i Mergani<\/td>\n<td width=\"153\">UMBRIA<\/td>\n<td width=\"430\">Appennino Umbro Marchigiano<\/td>\n<td><\/td>\n<\/tr>\n<tr>\n<td width=\"83\"><a href=\"https:\/\/organizzazione.cai.it\/commissione-centrale-tutela-ambiente-montano\/wp-content\/uploads\/sites\/85\/2024\/11\/130.pdf\" target=\"_blank\" rel=\"noopener noreferrer\">130<\/a><\/td>\n<td width=\"403\">Parco Marguareis<\/td>\n<td width=\"153\">PIEMONTE<\/td>\n<td width=\"430\">IT\u00a0 Comuni di Limone Piemonte, Briga Alta (Piemonte)Comuni di Triora, Mendatica, Montegrosso Pian Latte, Pornassio, Carpasio, Cosio d&#8217;Arroscia (Liguria)FR\u00a0 Comuni di Tende e La Brigue<\/td>\n<td><\/td>\n<\/tr>\n<tr>\n<td width=\"83\"><a href=\"https:\/\/organizzazione.cai.it\/commissione-centrale-tutela-ambiente-montano\/wp-content\/uploads\/sites\/85\/2024\/11\/131.pdf\" target=\"_blank\" rel=\"noopener noreferrer\">131<\/a><\/td>\n<td width=\"403\">Val Rosandra<\/td>\n<td width=\"153\">FRIULI VENEZIA GIULIA<\/td>\n<td width=\"430\">Carso Triestino<\/td>\n<td><\/td>\n<\/tr>\n<tr>\n<td width=\"83\"><a href=\"https:\/\/organizzazione.cai.it\/commissione-centrale-tutela-ambiente-montano\/wp-content\/uploads\/sites\/85\/2024\/11\/132.pdf\" target=\"_blank\" rel=\"noopener noreferrer\">132<\/a><\/td>\n<td width=\"403\">RICETTI E CASTELLI<\/td>\n<td width=\"153\">PIEMONTE<\/td>\n<td width=\"430\">Pianura Biellese e Collina Canavesana<\/td>\n<td><\/td>\n<\/tr>\n<tr>\n<td width=\"83\"><a href=\"https:\/\/organizzazione.cai.it\/commissione-centrale-tutela-ambiente-montano\/wp-content\/uploads\/sites\/85\/2024\/11\/133.pdf\" target=\"_blank\" rel=\"noopener noreferrer\">133<\/a><\/td>\n<td width=\"403\">LA VERNA<\/td>\n<td width=\"153\">TOSCANA<\/td>\n<td width=\"430\">Appennino Tosco Romagnolo<\/td>\n<td><\/td>\n<\/tr>\n<tr>\n<td width=\"83\"><a href=\"https:\/\/organizzazione.cai.it\/commissione-centrale-tutela-ambiente-montano\/wp-content\/uploads\/sites\/85\/2024\/11\/134.pdf\" target=\"_blank\" rel=\"noopener noreferrer\">134<\/a><\/td>\n<td width=\"403\">Fioritura a Macchialonga<\/td>\n<td width=\"153\">CALABRIA<\/td>\n<td><\/td>\n<td><\/td>\n<\/tr>\n<tr>\n<td width=\"83\"><a href=\"https:\/\/organizzazione.cai.it\/commissione-centrale-tutela-ambiente-montano\/wp-content\/uploads\/sites\/85\/2024\/11\/135.pdf\" target=\"_blank\" rel=\"noopener noreferrer\">135<\/a><\/td>\n<td width=\"403\">Natura tra eolico e verde<\/td>\n<td width=\"153\">CALABRIA<\/td>\n<td width=\"430\">Serre Calabresi<\/td>\n<td><\/td>\n<\/tr>\n<tr>\n<td width=\"83\"><a href=\"https:\/\/organizzazione.cai.it\/commissione-centrale-tutela-ambiente-montano\/wp-content\/uploads\/sites\/85\/2024\/11\/136.pdf\" target=\"_blank\" rel=\"noopener noreferrer\">136<\/a><\/td>\n<td width=\"403\">ACQUE DEL POLLINO Lago Fondo<\/td>\n<td width=\"153\">BASILICATA<\/td>\n<td width=\"430\">Parco Nazionale del Pollino<\/td>\n<td><\/td>\n<\/tr>\n<tr>\n<td width=\"83\"><a href=\"https:\/\/organizzazione.cai.it\/commissione-centrale-tutela-ambiente-montano\/wp-content\/uploads\/sites\/85\/2024\/11\/137.pdf\" target=\"_blank\" rel=\"noopener noreferrer\">137<\/a><\/td>\n<td width=\"403\">LA MURGIA E LE GRAVINE<\/td>\n<td width=\"153\">BASILICATA<\/td>\n<td width=\"430\">MURGIA MATERANA<\/td>\n<td><\/td>\n<\/tr>\n<tr>\n<td width=\"83\"><a href=\"https:\/\/organizzazione.cai.it\/commissione-centrale-tutela-ambiente-montano\/wp-content\/uploads\/sites\/85\/2024\/11\/138.pdf\" target=\"_blank\" rel=\"noopener noreferrer\">138<\/a><\/td>\n<td width=\"403\">Gemme del Pollino<\/td>\n<td width=\"153\">BASILICATA<\/td>\n<td width=\"430\">\u00a0Appennino calabro-lucano<\/td>\n<td><\/td>\n<\/tr>\n<tr>\n<td width=\"83\"><a href=\"https:\/\/organizzazione.cai.it\/commissione-centrale-tutela-ambiente-montano\/wp-content\/uploads\/sites\/85\/2024\/11\/139.pdf\" target=\"_blank\" rel=\"noopener noreferrer\">139<\/a><\/td>\n<td width=\"403\">La Sacra San Michele ed il suo territorio<\/td>\n<td width=\"153\">PIEMONTE<\/td>\n<td width=\"430\">Valle di Susa<\/td>\n<td><\/td>\n<\/tr>\n<tr>\n<td width=\"83\"><a href=\"https:\/\/organizzazione.cai.it\/commissione-centrale-tutela-ambiente-montano\/wp-content\/uploads\/sites\/85\/2024\/11\/140.pdf\" target=\"_blank\" rel=\"noopener noreferrer\">140<\/a><\/td>\n<td width=\"403\">PIETRA CASTELLO<\/td>\n<td width=\"153\">CALABRIA<\/td>\n<td width=\"430\">ASPROMONTE IONICO<\/td>\n<td><\/td>\n<\/tr>\n<tr>\n<td width=\"83\"><a href=\"https:\/\/organizzazione.cai.it\/commissione-centrale-tutela-ambiente-montano\/wp-content\/uploads\/sites\/85\/2024\/11\/141.pdf\" target=\"_blank\" rel=\"noopener noreferrer\">141<\/a><\/td>\n<td width=\"403\">ALTO GARDA<\/td>\n<td width=\"153\">TRENTINO<\/td>\n<td width=\"430\">PREALPI TRENTINE OCCIDENTALI<\/td>\n<td><\/td>\n<\/tr>\n<tr>\n<td width=\"83\"><a href=\"https:\/\/organizzazione.cai.it\/commissione-centrale-tutela-ambiente-montano\/wp-content\/uploads\/sites\/85\/2024\/11\/142.pdf\" target=\"_blank\" rel=\"noopener noreferrer\">142<\/a><\/td>\n<td width=\"403\">Tra cime e valloni &#8211; Africo<\/td>\n<td width=\"153\">CALABRIA<\/td>\n<td width=\"430\">AREA GRECANICA<\/td>\n<td><\/td>\n<\/tr>\n<tr>\n<td width=\"83\"><a href=\"https:\/\/organizzazione.cai.it\/commissione-centrale-tutela-ambiente-montano\/wp-content\/uploads\/sites\/85\/2024\/11\/143.pdf\" target=\"_blank\" rel=\"noopener noreferrer\">143<\/a><\/td>\n<td width=\"403\">Lago Piccolo del Vulture<\/td>\n<td width=\"153\">BASILICATA<\/td>\n<td width=\"430\">Appennino appulo-lucano<\/td>\n<td><\/td>\n<\/tr>\n<tr>\n<td width=\"83\"><a href=\"https:\/\/organizzazione.cai.it\/commissione-centrale-tutela-ambiente-montano\/wp-content\/uploads\/sites\/85\/2024\/11\/144.pdf\" target=\"_blank\" rel=\"noopener noreferrer\">144<\/a><\/td>\n<td width=\"403\">La selva di Chambons<\/td>\n<td width=\"153\">PIEMONTE<\/td>\n<td width=\"430\">Val Chisone, provincia di Torino<\/td>\n<td><\/td>\n<\/tr>\n<tr>\n<td width=\"83\"><a href=\"https:\/\/organizzazione.cai.it\/commissione-centrale-tutela-ambiente-montano\/wp-content\/uploads\/sites\/85\/2024\/11\/145.pdf\" target=\"_blank\" rel=\"noopener noreferrer\">145<\/a><\/td>\n<td width=\"403\">Fortezze Estensi di Garfagnana<\/td>\n<td width=\"153\">TOSCANA<\/td>\n<td><\/td>\n<td><\/td>\n<\/tr>\n<tr>\n<td width=\"83\"><a href=\"https:\/\/organizzazione.cai.it\/commissione-centrale-tutela-ambiente-montano\/wp-content\/uploads\/sites\/85\/2024\/11\/146.pdf\" target=\"_blank\" rel=\"noopener noreferrer\">146<\/a><\/td>\n<td width=\"403\">Progetto FOSSIL FREE E Idroelettrico in Val del Mis<\/td>\n<td width=\"153\">VENETO<\/td>\n<td width=\"430\">Vette Feltrine<\/td>\n<td><\/td>\n<\/tr>\n<tr>\n<td width=\"83\"><a href=\"https:\/\/organizzazione.cai.it\/commissione-centrale-tutela-ambiente-montano\/wp-content\/uploads\/sites\/85\/2024\/11\/147.pdf\" target=\"_blank\" rel=\"noopener noreferrer\">147<\/a><\/td>\n<td width=\"403\">ACQUE APUANE<\/td>\n<td width=\"153\">TOSCANA<\/td>\n<td width=\"430\">Alpi Apuane<\/td>\n<td><\/td>\n<\/tr>\n<tr>\n<td width=\"83\"><a href=\"https:\/\/organizzazione.cai.it\/commissione-centrale-tutela-ambiente-montano\/wp-content\/uploads\/sites\/85\/2024\/11\/148.pdf\" target=\"_blank\" rel=\"noopener noreferrer\">148<\/a><\/td>\n<td width=\"403\">GARFAGNANA\u00a0 LE PANIE<\/td>\n<td width=\"153\">TOSCANA<\/td>\n<td width=\"430\">ALPI APUANE, GARFAGNANA<\/td>\n<td><\/td>\n<\/tr>\n<tr>\n<td width=\"83\"><a href=\"https:\/\/organizzazione.cai.it\/commissione-centrale-tutela-ambiente-montano\/wp-content\/uploads\/sites\/85\/2024\/11\/149.pdf\" target=\"_blank\" rel=\"noopener noreferrer\">149<\/a><\/td>\n<td width=\"403\">MONTE CORCHIA<\/td>\n<td width=\"153\">TOSCANA<\/td>\n<td width=\"430\">Alpi Apuane<\/td>\n<td><\/td>\n<\/tr>\n<tr>\n<td width=\"83\"><a href=\"https:\/\/organizzazione.cai.it\/commissione-centrale-tutela-ambiente-montano\/wp-content\/uploads\/sites\/85\/2024\/11\/150.pdf\" target=\"_blank\" rel=\"noopener noreferrer\">150<\/a><\/td>\n<td width=\"403\">SAN PELLEGRINO IN ALPE<\/td>\n<td width=\"153\">TOSCANA<\/td>\n<td width=\"430\">Appenino tosco emiliano<\/td>\n<td><\/td>\n<\/tr>\n<\/tbody>\n<\/table>\n","protected":false},"excerpt":{"rendered":"<p>150 Casi per il 150\u00b0 del CAI Nel 2013 per le manifestazioni del 150\u00b0 della nostra associazione la CCTAM ha realizzato un progetto di rilevanza nazionale che ha impegnato buona [&hellip;]<\/p>\n","protected":false},"author":1,"featured_media":36,"parent":1091,"menu_order":44,"comment_status":"closed","ping_status":"open","template":"","meta":{"footnotes":""},"rankMath":{"parentDomain":"organizzazione.cai.it","noFollowDomains":[],"noFollowExcludeDomains":[],"noFollowExternalLinks":false,"featuredImageNotice":"L&#039;immagine in evidenza dovrebbe essere di almeno 200 x 200 pixel per essere ripresa da Facebook e altri siti di social media.","pluginReviewed":false,"postSettings":{"linkSuggestions":true,"useFocusKeyword":false},"frontEndScore":false,"postName":"mappe","permalinkFormat":"https:\/\/organizzazione.cai.it\/commissione-centrale-tutela-ambiente-montano\/%pagename%\/","showLockModifiedDate":true,"assessor":{"focusKeywordLink":"https:\/\/organizzazione.cai.it\/commissione-centrale-tutela-ambiente-montano\/wp-admin\/edit.php?focus_keyword=%focus_keyword%&post_type=%post_type%","hasTOCPlugin":false,"primaryTaxonomy":false,"serpData":{"title":"","description":"","focusKeywords":"","pillarContent":false,"canonicalUrl":"","breadcrumbTitle":"","advancedRobots":{"max-snippet":"-1","max-video-preview":"-1","max-image-preview":"large"},"facebookTitle":"","facebookDescription":"","facebookImage":"","facebookImageID":"","facebookHasOverlay":false,"facebookImageOverlay":"","facebookAuthor":"","twitterCardType":"","twitterUseFacebook":true,"twitterTitle":"","twitterDescription":"","twitterImage":"","twitterImageID":"","twitterHasOverlay":false,"twitterImageOverlay":"","twitterPlayerUrl":"","twitterPlayerSize":"","twitterPlayerStream":"","twitterPlayerStreamCtype":"","twitterAppDescription":"","twitterAppIphoneName":"","twitterAppIphoneID":"","twitterAppIphoneUrl":"","twitterAppIpadName":"","twitterAppIpadID":"","twitterAppIpadUrl":"","twitterAppGoogleplayName":"","twitterAppGoogleplayID":"","twitterAppGoogleplayUrl":"","twitterAppCountry":"","robots":{"index":true},"twitterAuthor":"nome utente","primaryTerm":0,"authorName":"admin","titleTemplate":"%title% %sep% CAI %sitename%","descriptionTemplate":"%excerpt%","showScoreFrontend":true,"lockModifiedDate":false},"powerWords":["incredibile","sorprendente","meraviglioso","unico","bello","felicit\u00e0","brillante","affascinante","carismatico","scioccante","chiaro","completamente","riservato","fiducia","significativo","creativo","definitivamente","delizioso","dimostrare","sbrigati","determinato","degno","dinamico","impressionante","essenziale","ispiratore","innovativo","intenso","efficace","magico","magnifico","storico","importante","incredibile","indispensabile","indimenticabile","irresistibile","leggendario","luminoso","lusso","magico","magnifico","maestoso","memorabile","miracoloso","motivante","necessario","nuovo","ufficiale","perfetto","appassionato","persuasivo","fenomenale","piacere","popolare","potere","prestigioso","prodigioso","profondo","prospero","potente","qualit\u00e0","radiante","veloce","di successo","rivoluzionario","soddisfatto","sicurezza","sensazionale","sereno","lussuoso","splendido","sublime","sorprendente","talentuoso","terrificante","unico","valore","vibrante","vittorioso","vivace","veramente","zelante","autentico","avventuroso","spettacolare","esclusivo","garantito","straordinario","favoloso","affascinante","formidabile","geniale","grandioso","gratuito","abile","illimitato","impeccabile","infallibile","infinitamente","influente","ingegnoso","indimenticabile","insostituibile","leader","maestro","notevole","innovativo","pioniere","potente","riconosciuto","rivoluzionario","sorprendente","superiore","trionfante","ultra","coraggioso","prezioso","avanguardia","vigoroso","visionario","volont\u00e0","vitale","trionfo","glorioso","inarrestabile","ineguagliabile","intelligente","invincibile","libert\u00e0","orgoglio","pace","progresso","rinnovato","saggezza","soddisfazione","sicuro","serenit\u00e0","superamento","talento","trascendente","trasformativo","coraggio","vittoria"],"diacritics":{"A":"[\\u0041\\u24B6\\uFF21\\u00C0\\u00C1\\u00C2\\u1EA6\\u1EA4\\u1EAA\\u1EA8\\u00C3\\u0100\\u0102\\u1EB0\\u1EAE\\u1EB4\\u1EB2\\u0226\\u01E0\\u00C4\\u01DE\\u1EA2\\u00C5\\u01FA\\u01CD\\u0200\\u0202\\u1EA0\\u1EAC\\u1EB6\\u1E00\\u0104\\u023A\\u2C6F]","AA":"[\\uA732]","AE":"[\\u00C6\\u01FC\\u01E2]","AO":"[\\uA734]","AU":"[\\uA736]","AV":"[\\uA738\\uA73A]","AY":"[\\uA73C]","B":"[\\u0042\\u24B7\\uFF22\\u1E02\\u1E04\\u1E06\\u0243\\u0182\\u0181]","C":"[\\u0043\\u24B8\\uFF23\\u0106\\u0108\\u010A\\u010C\\u00C7\\u1E08\\u0187\\u023B\\uA73E]","D":"[\\u0044\\u24B9\\uFF24\\u1E0A\\u010E\\u1E0C\\u1E10\\u1E12\\u1E0E\\u0110\\u018B\\u018A\\u0189\\uA779]","DZ":"[\\u01F1\\u01C4]","Dz":"[\\u01F2\\u01C5]","E":"[\\u0045\\u24BA\\uFF25\\u00C8\\u00C9\\u00CA\\u1EC0\\u1EBE\\u1EC4\\u1EC2\\u1EBC\\u0112\\u1E14\\u1E16\\u0114\\u0116\\u00CB\\u1EBA\\u011A\\u0204\\u0206\\u1EB8\\u1EC6\\u0228\\u1E1C\\u0118\\u1E18\\u1E1A\\u0190\\u018E]","F":"[\\u0046\\u24BB\\uFF26\\u1E1E\\u0191\\uA77B]","G":"[\\u0047\\u24BC\\uFF27\\u01F4\\u011C\\u1E20\\u011E\\u0120\\u01E6\\u0122\\u01E4\\u0193\\uA7A0\\uA77D\\uA77E]","H":"[\\u0048\\u24BD\\uFF28\\u0124\\u1E22\\u1E26\\u021E\\u1E24\\u1E28\\u1E2A\\u0126\\u2C67\\u2C75\\uA78D]","I":"[\\u0049\\u24BE\\uFF29\\u00CC\\u00CD\\u00CE\\u0128\\u012A\\u012C\\u0130\\u00CF\\u1E2E\\u1EC8\\u01CF\\u0208\\u020A\\u1ECA\\u012E\\u1E2C\\u0197]","J":"[\\u004A\\u24BF\\uFF2A\\u0134\\u0248]","K":"[\\u004B\\u24C0\\uFF2B\\u1E30\\u01E8\\u1E32\\u0136\\u1E34\\u0198\\u2C69\\uA740\\uA742\\uA744\\uA7A2]","L":"[\\u004C\\u24C1\\uFF2C\\u013F\\u0139\\u013D\\u1E36\\u1E38\\u013B\\u1E3C\\u1E3A\\u0141\\u023D\\u2C62\\u2C60\\uA748\\uA746\\uA780]","LJ":"[\\u01C7]","Lj":"[\\u01C8]","M":"[\\u004D\\u24C2\\uFF2D\\u1E3E\\u1E40\\u1E42\\u2C6E\\u019C]","N":"[\\u004E\\u24C3\\uFF2E\\u01F8\\u0143\\u00D1\\u1E44\\u0147\\u1E46\\u0145\\u1E4A\\u1E48\\u0220\\u019D\\uA790\\uA7A4]","NJ":"[\\u01CA]","Nj":"[\\u01CB]","O":"[\\u004F\\u24C4\\uFF2F\\u00D2\\u00D3\\u00D4\\u1ED2\\u1ED0\\u1ED6\\u1ED4\\u00D5\\u1E4C\\u022C\\u1E4E\\u014C\\u1E50\\u1E52\\u014E\\u022E\\u0230\\u00D6\\u022A\\u1ECE\\u0150\\u01D1\\u020C\\u020E\\u01A0\\u1EDC\\u1EDA\\u1EE0\\u1EDE\\u1EE2\\u1ECC\\u1ED8\\u01EA\\u01EC\\u00D8\\u01FE\\u0186\\u019F\\uA74A\\uA74C]","OI":"[\\u01A2]","OO":"[\\uA74E]","OU":"[\\u0222]","P":"[\\u0050\\u24C5\\uFF30\\u1E54\\u1E56\\u01A4\\u2C63\\uA750\\uA752\\uA754]","Q":"[\\u0051\\u24C6\\uFF31\\uA756\\uA758\\u024A]","R":"[\\u0052\\u24C7\\uFF32\\u0154\\u1E58\\u0158\\u0210\\u0212\\u1E5A\\u1E5C\\u0156\\u1E5E\\u024C\\u2C64\\uA75A\\uA7A6\\uA782]","S":"[\\u0053\\u24C8\\uFF33\\u1E9E\\u015A\\u1E64\\u015C\\u1E60\\u0160\\u1E66\\u1E62\\u1E68\\u0218\\u015E\\u2C7E\\uA7A8\\uA784]","T":"[\\u0054\\u24C9\\uFF34\\u1E6A\\u0164\\u1E6C\\u021A\\u0162\\u1E70\\u1E6E\\u0166\\u01AC\\u01AE\\u023E\\uA786]","TZ":"[\\uA728]","U":"[\\u0055\\u24CA\\uFF35\\u00D9\\u00DA\\u00DB\\u0168\\u1E78\\u016A\\u1E7A\\u016C\\u00DC\\u01DB\\u01D7\\u01D5\\u01D9\\u1EE6\\u016E\\u0170\\u01D3\\u0214\\u0216\\u01AF\\u1EEA\\u1EE8\\u1EEE\\u1EEC\\u1EF0\\u1EE4\\u1E72\\u0172\\u1E76\\u1E74\\u0244]","V":"[\\u0056\\u24CB\\uFF36\\u1E7C\\u1E7E\\u01B2\\uA75E\\u0245]","VY":"[\\uA760]","W":"[\\u0057\\u24CC\\uFF37\\u1E80\\u1E82\\u0174\\u1E86\\u1E84\\u1E88\\u2C72]","X":"[\\u0058\\u24CD\\uFF38\\u1E8A\\u1E8C]","Y":"[\\u0059\\u24CE\\uFF39\\u1EF2\\u00DD\\u0176\\u1EF8\\u0232\\u1E8E\\u0178\\u1EF6\\u1EF4\\u01B3\\u024E\\u1EFE]","Z":"[\\u005A\\u24CF\\uFF3A\\u0179\\u1E90\\u017B\\u017D\\u1E92\\u1E94\\u01B5\\u0224\\u2C7F\\u2C6B\\uA762]","a":"[\\u0061\\u24D0\\uFF41\\u1E9A\\u00E0\\u00E1\\u00E2\\u1EA7\\u1EA5\\u1EAB\\u1EA9\\u00E3\\u0101\\u0103\\u1EB1\\u1EAF\\u1EB5\\u1EB3\\u0227\\u01E1\\u00E4\\u01DF\\u1EA3\\u00E5\\u01FB\\u01CE\\u0201\\u0203\\u1EA1\\u1EAD\\u1EB7\\u1E01\\u0105\\u2C65\\u0250]","aa":"[\\uA733]","ae":"[\\u00E6\\u01FD\\u01E3]","ao":"[\\uA735]","au":"[\\uA737]","av":"[\\uA739\\uA73B]","ay":"[\\uA73D]","b":"[\\u0062\\u24D1\\uFF42\\u1E03\\u1E05\\u1E07\\u0180\\u0183\\u0253]","c":"[\\u0063\\u24D2\\uFF43\\u0107\\u0109\\u010B\\u010D\\u00E7\\u1E09\\u0188\\u023C\\uA73F\\u2184]","d":"[\\u0064\\u24D3\\uFF44\\u1E0B\\u010F\\u1E0D\\u1E11\\u1E13\\u1E0F\\u0111\\u018C\\u0256\\u0257\\uA77A]","dz":"[\\u01F3\\u01C6]","e":"[\\u0065\\u24D4\\uFF45\\u00E8\\u00E9\\u00EA\\u1EC1\\u1EBF\\u1EC5\\u1EC3\\u1EBD\\u0113\\u1E15\\u1E17\\u0115\\u0117\\u00EB\\u1EBB\\u011B\\u0205\\u0207\\u1EB9\\u1EC7\\u0229\\u1E1D\\u0119\\u1E19\\u1E1B\\u0247\\u025B\\u01DD]","f":"[\\u0066\\u24D5\\uFF46\\u1E1F\\u0192\\uA77C]","g":"[\\u0067\\u24D6\\uFF47\\u01F5\\u011D\\u1E21\\u011F\\u0121\\u01E7\\u0123\\u01E5\\u0260\\uA7A1\\u1D79\\uA77F]","h":"[\\u0068\\u24D7\\uFF48\\u0125\\u1E23\\u1E27\\u021F\\u1E25\\u1E29\\u1E2B\\u1E96\\u0127\\u2C68\\u2C76\\u0265]","hv":"[\\u0195]","i":"[\\u0069\\u24D8\\uFF49\\u00EC\\u00ED\\u00EE\\u0129\\u012B\\u012D\\u00EF\\u1E2F\\u1EC9\\u01D0\\u0209\\u020B\\u1ECB\\u012F\\u1E2D\\u0268\\u0131]","j":"[\\u006A\\u24D9\\uFF4A\\u0135\\u01F0\\u0249]","k":"[\\u006B\\u24DA\\uFF4B\\u1E31\\u01E9\\u1E33\\u0137\\u1E35\\u0199\\u2C6A\\uA741\\uA743\\uA745\\uA7A3]","l":"[\\u006C\\u24DB\\uFF4C\\u0140\\u013A\\u013E\\u1E37\\u1E39\\u013C\\u1E3D\\u1E3B\\u017F\\u0142\\u019A\\u026B\\u2C61\\uA749\\uA781\\uA747]","lj":"[\\u01C9]","m":"[\\u006D\\u24DC\\uFF4D\\u1E3F\\u1E41\\u1E43\\u0271\\u026F]","n":"[\\u006E\\u24DD\\uFF4E\\u01F9\\u0144\\u00F1\\u1E45\\u0148\\u1E47\\u0146\\u1E4B\\u1E49\\u019E\\u0272\\u0149\\uA791\\uA7A5]","nj":"[\\u01CC]","o":"[\\u006F\\u24DE\\uFF4F\\u00F2\\u00F3\\u00F4\\u1ED3\\u1ED1\\u1ED7\\u1ED5\\u00F5\\u1E4D\\u022D\\u1E4F\\u014D\\u1E51\\u1E53\\u014F\\u022F\\u0231\\u00F6\\u022B\\u1ECF\\u0151\\u01D2\\u020D\\u020F\\u01A1\\u1EDD\\u1EDB\\u1EE1\\u1EDF\\u1EE3\\u1ECD\\u1ED9\\u01EB\\u01ED\\u00F8\\u01FF\\u0254\\uA74B\\uA74D\\u0275]","oi":"[\\u01A3]","ou":"[\\u0223]","oo":"[\\uA74F]","p":"[\\u0070\\u24DF\\uFF50\\u1E55\\u1E57\\u01A5\\u1D7D\\uA751\\uA753\\uA755]","q":"[\\u0071\\u24E0\\uFF51\\u024B\\uA757\\uA759]","r":"[\\u0072\\u24E1\\uFF52\\u0155\\u1E59\\u0159\\u0211\\u0213\\u1E5B\\u1E5D\\u0157\\u1E5F\\u024D\\u027D\\uA75B\\uA7A7\\uA783]","s":"[\\u0073\\u24E2\\uFF53\\u015B\\u1E65\\u015D\\u1E61\\u0161\\u1E67\\u1E63\\u1E69\\u0219\\u015F\\u023F\\uA7A9\\uA785\\u1E9B]","ss":"[\\u00DF]","t":"[\\u0074\\u24E3\\uFF54\\u1E6B\\u1E97\\u0165\\u1E6D\\u021B\\u0163\\u1E71\\u1E6F\\u0167\\u01AD\\u0288\\u2C66\\uA787]","tz":"[\\uA729]","u":"[\\u0075\\u24E4\\uFF55\\u00F9\\u00FA\\u00FB\\u0169\\u1E79\\u016B\\u1E7B\\u016D\\u00FC\\u01DC\\u01D8\\u01D6\\u01DA\\u1EE7\\u016F\\u0171\\u01D4\\u0215\\u0217\\u01B0\\u1EEB\\u1EE9\\u1EEF\\u1EED\\u1EF1\\u1EE5\\u1E73\\u0173\\u1E77\\u1E75\\u0289]","v":"[\\u0076\\u24E5\\uFF56\\u1E7D\\u1E7F\\u028B\\uA75F\\u028C]","vy":"[\\uA761]","w":"[\\u0077\\u24E6\\uFF57\\u1E81\\u1E83\\u0175\\u1E87\\u1E85\\u1E98\\u1E89\\u2C73]","x":"[\\u0078\\u24E7\\uFF58\\u1E8B\\u1E8D]","y":"[\\u0079\\u24E8\\uFF59\\u1EF3\\u00FD\\u0177\\u1EF9\\u0233\\u1E8F\\u00FF\\u1EF7\\u1E99\\u1EF5\\u01B4\\u024F\\u1EFF]","z":"[\\u007A\\u24E9\\uFF5A\\u017A\\u1E91\\u017C\\u017E\\u1E93\\u1E95\\u01B6\\u0225\\u0240\\u2C6C\\uA763]"},"researchesTests":["contentHasTOC","contentHasShortParagraphs","contentHasAssets","keywordInTitle","keywordInMetaDescription","keywordInPermalink","keywordIn10Percent","keywordInContent","keywordInSubheadings","keywordInImageAlt","keywordDensity","keywordNotUsed","lengthContent","lengthPermalink","linksHasInternal","linksHasExternals","linksNotAllExternals","titleStartWithKeyword","titleSentiment","titleHasPowerWords","titleHasNumber","hasContentAI"],"hasRedirection":true,"hasBreadcrumb":true},"homeUrl":"https:\/\/organizzazione.cai.it\/commissione-centrale-tutela-ambiente-montano","objectID":1285,"objectType":"post","locale":"it","localeFull":"it_IT","overlayImages":{"play":{"name":"Icona di riproduzione","url":"https:\/\/organizzazione.cai.it\/commissione-centrale-tutela-ambiente-montano\/wp-content\/plugins\/seo-by-rank-math\/assets\/admin\/img\/icon-play.png","path":"\/var\/www\/vhosts\/organizzazione.cai.it\/httpdocs\/wp-content\/plugins\/seo-by-rank-math\/assets\/admin\/img\/icon-play.png","position":"middle_center"},"gif":{"name":"Icona GIF","url":"https:\/\/organizzazione.cai.it\/commissione-centrale-tutela-ambiente-montano\/wp-content\/plugins\/seo-by-rank-math\/assets\/admin\/img\/icon-gif.png","path":"\/var\/www\/vhosts\/organizzazione.cai.it\/httpdocs\/wp-content\/plugins\/seo-by-rank-math\/assets\/admin\/img\/icon-gif.png","position":"middle_center"}},"defautOgImage":"https:\/\/organizzazione.cai.it\/commissione-centrale-tutela-ambiente-montano\/wp-content\/uploads\/sites\/85\/2024\/09\/og.webp","customPermalinks":true,"isUserRegistered":false,"autoSuggestKeywords":false,"connectSiteUrl":"https:\/\/rankmath.com\/auth?site=https%3A%2F%2Forganizzazione.cai.it%2Fcommissione-centrale-tutela-ambiente-montano&r=https%3A%2F%2Forganizzazione.cai.it%2Fcommissione-centrale-tutela-ambiente-montano%2Fwp-json%2Fwp%2Fv2%2Fpages%2F1285%3Fnonce%3Dec3e7c5039","maxTags":5,"trendsIcon":"<svg viewBox=\"0 0 610 610\"><path d=\"M18.85,446,174.32,290.48l58.08,58.08L76.93,504a14.54,14.54,0,0,1-20.55,0L18.83,466.48a14.54,14.54,0,0,1,0-20.55Z\" style=\"fill:#4285f4\"\/><path d=\"M242.65,242.66,377.59,377.6l-47.75,47.75a14.54,14.54,0,0,1-20.55,0L174.37,290.43l47.75-47.75A14.52,14.52,0,0,1,242.65,242.66Z\" style=\"fill:#ea4335\"\/><polygon points=\"319.53 319.53 479.26 159.8 537.34 217.88 377.61 377.62 319.53 319.53\" style=\"fill:#fabb05\"\/><path d=\"M594.26,262.73V118.61h0a16.94,16.94,0,0,0-16.94-16.94H433.2a16.94,16.94,0,0,0-12,28.92L565.34,274.71h0a16.94,16.94,0,0,0,28.92-12Z\" style=\"fill:#34a853\"\/><rect width=\"610\" height=\"610\" style=\"fill:none\"\/><\/svg>","showScore":true,"siteFavIcon":"data:image\/png;base64,iVBORw0KGgoAAAANSUhEUgAAABAAAAAQCAYAAAAf8\/9hAAABs0lEQVR4AWL4\/\/8\/RRjO8Iucx+noO0MWUDo16FYABMGP6ZfUcRnWtm27jVPbtm3bttuH2t3eFPcY9pLz7NxiLjCyVd87pKnHyqXyxtCs8APd0rnyxiu4qSeA3QEDrAwBDrT1s1Rc\/OrjLZwqVmOSu6+Lamcpp2KKMA9PH1BYXMe1mUP5qotvXTywsOEEYHXxrY+3cqk6TMkYpNr2FeoY3KIr0RPtn9wQ2unlA+GMkRw6+9TFw4YTwDUzx\/JVvARj9KaedXRO8P5B1Du2S32smzqUrcKGEyA+uAgQjKX7zf0boWHGfn71jIKj2689gxp7OAGShNcBUmLMPVjZuiKcA2vuWHHDCQxMCz629kXAIU4ApY15QwggAFbfOP9DhgBJ+nWVJ1AZAfICAj1pAlY6hCADZnveQf7bQIwzVONGJonhLIlS9gr5mFg44Xd+4S3XHoGNPdJl1INIwKyEgHckEhgTe1bGiFY9GSFBYUwLh1IkiJUbY407E7syBSFxKTszEoiE\/YdrgCEayDmtaJwCI9uu8TKMuZSVfSa4BpGgzvomBR\/INhLGzrqDotp01ZR8pn\/1L0JN9d9XNyx0AAAAAElFTkSuQmCC","canUser":{"general":false,"advanced":false,"snippet":false,"social":false,"analysis":false,"analytics":false,"content_ai":false},"showKeywordIntent":true,"isPro":false,"is_front_page":false,"trendsUpgradeLink":"https:\/\/rankmath.com\/pricing\/?utm_source=Plugin&utm_medium=CE%20General%20Tab%20Trends&utm_campaign=WP","trendsUpgradeLabel":"Aggiorna","trendsPreviewImage":"https:\/\/organizzazione.cai.it\/commissione-centrale-tutela-ambiente-montano\/wp-content\/plugins\/seo-by-rank-math\/assets\/admin\/img\/trends-preview.jpg","currentEditor":false,"homepageData":{"assessor":{"powerWords":["incredibile","sorprendente","meraviglioso","unico","bello","felicit\u00e0","brillante","affascinante","carismatico","scioccante","chiaro","completamente","riservato","fiducia","significativo","creativo","definitivamente","delizioso","dimostrare","sbrigati","determinato","degno","dinamico","impressionante","essenziale","ispiratore","innovativo","intenso","efficace","magico","magnifico","storico","importante","incredibile","indispensabile","indimenticabile","irresistibile","leggendario","luminoso","lusso","magico","magnifico","maestoso","memorabile","miracoloso","motivante","necessario","nuovo","ufficiale","perfetto","appassionato","persuasivo","fenomenale","piacere","popolare","potere","prestigioso","prodigioso","profondo","prospero","potente","qualit\u00e0","radiante","veloce","di successo","rivoluzionario","soddisfatto","sicurezza","sensazionale","sereno","lussuoso","splendido","sublime","sorprendente","talentuoso","terrificante","unico","valore","vibrante","vittorioso","vivace","veramente","zelante","autentico","avventuroso","spettacolare","esclusivo","garantito","straordinario","favoloso","affascinante","formidabile","geniale","grandioso","gratuito","abile","illimitato","impeccabile","infallibile","infinitamente","influente","ingegnoso","indimenticabile","insostituibile","leader","maestro","notevole","innovativo","pioniere","potente","riconosciuto","rivoluzionario","sorprendente","superiore","trionfante","ultra","coraggioso","prezioso","avanguardia","vigoroso","visionario","volont\u00e0","vitale","trionfo","glorioso","inarrestabile","ineguagliabile","intelligente","invincibile","libert\u00e0","orgoglio","pace","progresso","rinnovato","saggezza","soddisfazione","sicuro","serenit\u00e0","superamento","talento","trascendente","trasformativo","coraggio","vittoria"],"diacritics":true,"researchesTests":["contentHasTOC","contentHasShortParagraphs","contentHasAssets","keywordInTitle","keywordInMetaDescription","keywordInPermalink","keywordIn10Percent","keywordInContent","keywordInSubheadings","keywordInImageAlt","keywordDensity","keywordNotUsed","lengthContent","lengthPermalink","linksHasInternal","linksHasExternals","linksNotAllExternals","titleStartWithKeyword","titleSentiment","titleHasPowerWords","titleHasNumber","hasContentAI"],"hasBreadcrumb":true,"serpData":{"title":"%sitename% %page% %sep% %sitedesc%","description":"","titleTemplate":"%sitename% %page% %sep% %sitedesc%","descriptionTemplate":"","focusKeywords":"","breadcrumbTitle":"Home","robots":{"index":true},"advancedRobots":{"max-snippet":"-1","max-video-preview":"-1","max-image-preview":"large"},"facebookTitle":"","facebookDescription":"","facebookImage":"","facebookImageID":""}}},"tocTitle":"Table of Contents","tocExcludeHeadings":[],"listStyle":"ul"},"_links":{"self":[{"href":"https:\/\/organizzazione.cai.it\/commissione-centrale-tutela-ambiente-montano\/wp-json\/wp\/v2\/pages\/1285"}],"collection":[{"href":"https:\/\/organizzazione.cai.it\/commissione-centrale-tutela-ambiente-montano\/wp-json\/wp\/v2\/pages"}],"about":[{"href":"https:\/\/organizzazione.cai.it\/commissione-centrale-tutela-ambiente-montano\/wp-json\/wp\/v2\/types\/page"}],"author":[{"embeddable":true,"href":"https:\/\/organizzazione.cai.it\/commissione-centrale-tutela-ambiente-montano\/wp-json\/wp\/v2\/users\/1"}],"replies":[{"embeddable":true,"href":"https:\/\/organizzazione.cai.it\/commissione-centrale-tutela-ambiente-montano\/wp-json\/wp\/v2\/comments?post=1285"}],"version-history":[{"count":0,"href":"https:\/\/organizzazione.cai.it\/commissione-centrale-tutela-ambiente-montano\/wp-json\/wp\/v2\/pages\/1285\/revisions"}],"up":[{"embeddable":true,"href":"https:\/\/organizzazione.cai.it\/commissione-centrale-tutela-ambiente-montano\/wp-json\/wp\/v2\/pages\/1091"}],"wp:featuredmedia":[{"embeddable":true,"href":"https:\/\/organizzazione.cai.it\/commissione-centrale-tutela-ambiente-montano\/wp-json\/wp\/v2\/media\/36"}],"wp:attachment":[{"href":"https:\/\/organizzazione.cai.it\/commissione-centrale-tutela-ambiente-montano\/wp-json\/wp\/v2\/media?parent=1285"}],"curies":[{"name":"wp","href":"https:\/\/api.w.org\/{rel}","templated":true}]}}