{"id":1030,"date":"2024-06-18T09:46:11","date_gmt":"2024-06-18T09:46:11","guid":{"rendered":"https:\/\/organizzazione.cai.it\/gr-lombardia\/famiglie-e-giovani\/2023-2\/"},"modified":"2025-06-23T21:29:49","modified_gmt":"2025-06-23T21:29:49","slug":"2023-2","status":"publish","type":"page","link":"https:\/\/organizzazione.cai.it\/gr-lombardia\/famiglie-e-giovani\/archivio-fg4m\/2023-2\/","title":{"rendered":"#fg4m 2023"},"content":{"rendered":"<p><img loading=\"lazy\" decoding=\"async\" id=\"longdesc-return-70578\" class=\"size-large wp-image-70578\" src=\"https:\/\/organizzazione.cai.it\/gr-lombardia\/wp-content\/uploads\/sites\/63\/2024\/10\/Banner-per-sito.jpg\" alt=\"Banner per sito\" width=\"1024\" height=\"123\" longdesc=\"https:\/\/archicai.local?longdesc=70578&amp;referrer=0\" title=\"\"><\/p>\n<p>Le montagne lombarde hanno ospitato i bambini e le loro famiglie grazie al progetto #FG4M &#8211; Famiglie e giovani in Montagna &#8211; Estate 2023 in Rifugio, progetto realizzato grazie al Consiglio regionale della Lombardia, Rifugi di Lombardia e Assorifugi Lombardia.<br \/>\nI bambini hanno potuto vivere l&#8217;esperienza di pernottare in un Rifugio di montagna, di rimanere a contatto con l&#8217;ambiente alpino e di partecipare anche a corsi.<br \/>\nLe testimonianze festanti sono raccolte nel video di ringraziamento e nelle foto ritraenti le loro attivit\u00e0<\/p>\n<h1>Le Vostre immagini<\/h1>\n<p><img loading=\"lazy\" decoding=\"async\" id=\"longdesc-return-72513\" class=\" wp-image-72513\" src=\"https:\/\/organizzazione.cai.it\/gr-lombardia\/wp-content\/uploads\/sites\/63\/2024\/10\/1000017290.jpg\" alt=\"1000017290\" width=\"391\" height=\"293\" longdesc=\"https:\/\/archicai.local?longdesc=72513&amp;referrer=0\" title=\"\"> <img loading=\"lazy\" decoding=\"async\" id=\"longdesc-return-72514\" class=\"size-medium wp-image-72514\" src=\"https:\/\/organizzazione.cai.it\/gr-lombardia\/wp-content\/uploads\/sites\/63\/2024\/10\/1000017343.jpg\" alt=\"1000017343\" width=\"135\" height=\"300\" longdesc=\"https:\/\/archicai.local?longdesc=72514&amp;referrer=0\" title=\"\"><\/p>\n<figure id=\"attachment_72515\" aria-describedby=\"caption-attachment-72515\" style=\"width: 405px\" class=\"wp-caption alignleft\"><img loading=\"lazy\" decoding=\"async\" id=\"longdesc-return-72515\" class=\"wp-image-72515\" src=\"https:\/\/organizzazione.cai.it\/gr-lombardia\/wp-content\/uploads\/sites\/63\/2024\/10\/1000017347.jpg\" alt=\"1000017347\" width=\"405\" height=\"182\" longdesc=\"https:\/\/archicai.local?longdesc=72515&amp;referrer=0\" title=\"\"><figcaption id=\"caption-attachment-72515\" class=\"wp-caption-text\">Famiglia Costa da Fiorano al Serio BG Marco &#8211; Margherita con Francesca 12 anni e Luciano 10 anni al Rifugio Coca il 12 agosto 2023 Grazie !!!!<\/figcaption><\/figure>\n<p><img loading=\"lazy\" decoding=\"async\" id=\"longdesc-return-72516\" class=\"size-medium wp-image-72516\" src=\"https:\/\/organizzazione.cai.it\/gr-lombardia\/wp-content\/uploads\/sites\/63\/2024\/10\/1000017394.jpg\" alt=\"1000017394\" width=\"135\" height=\"300\" longdesc=\"https:\/\/archicai.local?longdesc=72516&amp;referrer=0\" title=\"\"> <img loading=\"lazy\" decoding=\"async\" id=\"longdesc-return-72517\" class=\"size-medium wp-image-72517\" src=\"https:\/\/organizzazione.cai.it\/gr-lombardia\/wp-content\/uploads\/sites\/63\/2024\/10\/1000017367.jpg\" alt=\"1000017367\" width=\"135\" height=\"300\" longdesc=\"https:\/\/archicai.local?longdesc=72517&amp;referrer=0\" title=\"\"><\/p>\n<p><img loading=\"lazy\" decoding=\"async\" id=\"longdesc-return-72365\" class=\"size-medium wp-image-72365\" src=\"https:\/\/organizzazione.cai.it\/gr-lombardia\/wp-content\/uploads\/sites\/63\/2024\/10\/101-1.jpg\" alt=\"101 1\" width=\"225\" height=\"300\" longdesc=\"https:\/\/archicai.local?longdesc=72365&amp;referrer=0\" title=\"\"> <img loading=\"lazy\" decoding=\"async\" id=\"longdesc-return-72366\" class=\"size-medium wp-image-72366\" src=\"https:\/\/organizzazione.cai.it\/gr-lombardia\/wp-content\/uploads\/sites\/63\/2024\/10\/102-1.jpg\" alt=\"102 1\" width=\"300\" height=\"225\" longdesc=\"https:\/\/archicai.local?longdesc=72366&amp;referrer=0\" title=\"\"><\/p>\n<p><img loading=\"lazy\" decoding=\"async\" id=\"longdesc-return-72367\" class=\"size-medium wp-image-72367\" src=\"https:\/\/organizzazione.cai.it\/gr-lombardia\/wp-content\/uploads\/sites\/63\/2024\/10\/103-1.jpg\" alt=\"103 1\" width=\"225\" height=\"300\" longdesc=\"https:\/\/archicai.local?longdesc=72367&amp;referrer=0\" title=\"\"> <img loading=\"lazy\" decoding=\"async\" id=\"longdesc-return-72368\" class=\"size-medium wp-image-72368\" src=\"https:\/\/organizzazione.cai.it\/gr-lombardia\/wp-content\/uploads\/sites\/63\/2024\/10\/104-1.jpg\" alt=\"104 1\" width=\"225\" height=\"300\" longdesc=\"https:\/\/archicai.local?longdesc=72368&amp;referrer=0\" title=\"\"><\/p>\n<p>Ci invia le foto scattate durante il suo soggiorno del 15-16 luglio al Rifugio Merelli al Coca con i suoi bambini che si chiamano: <strong>Andrea, Alessio, Greta e Siria. <\/strong>Un Grazie da Anna !!<\/p>\n<p><img loading=\"lazy\" decoding=\"async\" id=\"longdesc-return-72361\" class=\"size-medium wp-image-72361\" src=\"https:\/\/organizzazione.cai.it\/gr-lombardia\/wp-content\/uploads\/sites\/63\/2024\/10\/105-1.jpg\" alt=\"105 1\" width=\"225\" height=\"300\" longdesc=\"https:\/\/archicai.local?longdesc=72361&amp;referrer=0\" title=\"\"> <img loading=\"lazy\" decoding=\"async\" id=\"longdesc-return-72362\" class=\"size-medium wp-image-72362\" src=\"https:\/\/organizzazione.cai.it\/gr-lombardia\/wp-content\/uploads\/sites\/63\/2024\/10\/106-1.jpg\" alt=\"106 1\" width=\"225\" height=\"300\" longdesc=\"https:\/\/archicai.local?longdesc=72362&amp;referrer=0\" title=\"\"> <img loading=\"lazy\" decoding=\"async\" id=\"longdesc-return-72363\" class=\"size-medium wp-image-72363\" src=\"https:\/\/organizzazione.cai.it\/gr-lombardia\/wp-content\/uploads\/sites\/63\/2024\/10\/107-1.jpg\" alt=\"107 1\" width=\"300\" height=\"225\" longdesc=\"https:\/\/archicai.local?longdesc=72363&amp;referrer=0\" title=\"\"> <img loading=\"lazy\" decoding=\"async\" id=\"longdesc-return-72364\" class=\"size-medium wp-image-72364\" src=\"https:\/\/organizzazione.cai.it\/gr-lombardia\/wp-content\/uploads\/sites\/63\/2024\/10\/108-1.jpg\" alt=\"108 1\" width=\"300\" height=\"225\" longdesc=\"https:\/\/archicai.local?longdesc=72364&amp;referrer=0\" title=\"\"><\/p>\n<p><em>Gian Giorgio Carta di Villasanta (MB) <\/em><em>Ci invia le foto scattate al Rifugio Lecco ai Piani di Bobbio <\/em>\u201cIl rifugio \u00e8 accessibile e ben gestito e il fine settimana in montagna \u00e8 stato fresco e divertente. Grazie Gian Giorgio\u201d<\/p>\n<p>Invia le foto scattate durante pernottamento al rifugio Berni passo Gavia \u201cBella iniziativa Grazie!!!! Giulio Missaglia\u201d<\/p>\n<p><img loading=\"lazy\" decoding=\"async\" id=\"longdesc-return-72357\" class=\" wp-image-72357\" src=\"https:\/\/organizzazione.cai.it\/gr-lombardia\/wp-content\/uploads\/sites\/63\/2024\/10\/109-1.jpg\" alt=\"109 1\" width=\"341\" height=\"256\" longdesc=\"https:\/\/archicai.local?longdesc=72357&amp;referrer=0\" title=\"\"> <img loading=\"lazy\" decoding=\"async\" id=\"longdesc-return-72358\" class=\" wp-image-72358\" src=\"https:\/\/organizzazione.cai.it\/gr-lombardia\/wp-content\/uploads\/sites\/63\/2024\/10\/110-1.jpg\" alt=\"110 1\" width=\"343\" height=\"257\" longdesc=\"https:\/\/archicai.local?longdesc=72358&amp;referrer=0\" title=\"\"> <img loading=\"lazy\" decoding=\"async\" id=\"longdesc-return-72359\" class=\"size-medium wp-image-72359\" src=\"https:\/\/organizzazione.cai.it\/gr-lombardia\/wp-content\/uploads\/sites\/63\/2024\/10\/111-1.jpg\" alt=\"111 1\" width=\"300\" height=\"225\" longdesc=\"https:\/\/archicai.local?longdesc=72359&amp;referrer=0\" title=\"\"> <img loading=\"lazy\" decoding=\"async\" id=\"longdesc-return-72360\" class=\"size-medium wp-image-72360\" src=\"https:\/\/organizzazione.cai.it\/gr-lombardia\/wp-content\/uploads\/sites\/63\/2024\/10\/112-1.jpg\" alt=\"112 1\" width=\"300\" height=\"225\" longdesc=\"https:\/\/archicai.local?longdesc=72360&amp;referrer=0\" title=\"\"><\/p>\n<p>Gita di Anna e Chiara Zani (iscritte alla sezione CAI Pezzo- Pontedilegno) al Rifugio Cesare Branca, percorrendo il Sentiero Glaciologico Alto nella Valle dei Forni. Grazie per la splendida opportunit\u00e0! Cordiali saluti, Mara Zampatti.<\/p>\n<p><img loading=\"lazy\" decoding=\"async\" id=\"longdesc-return-72354\" class=\" wp-image-72354\" src=\"https:\/\/organizzazione.cai.it\/gr-lombardia\/wp-content\/uploads\/sites\/63\/2024\/10\/113-1.jpg\" alt=\"113 1\" width=\"196\" height=\"436\" longdesc=\"https:\/\/archicai.local?longdesc=72354&amp;referrer=0\" title=\"\"> <img loading=\"lazy\" decoding=\"async\" id=\"longdesc-return-72355\" class=\" wp-image-72355\" src=\"https:\/\/organizzazione.cai.it\/gr-lombardia\/wp-content\/uploads\/sites\/63\/2024\/10\/114-1.jpg\" alt=\"114 1\" width=\"265\" height=\"435\" longdesc=\"https:\/\/archicai.local?longdesc=72355&amp;referrer=0\" title=\"\"> <img loading=\"lazy\" decoding=\"async\" id=\"longdesc-return-72356\" class=\" wp-image-72356\" src=\"https:\/\/organizzazione.cai.it\/gr-lombardia\/wp-content\/uploads\/sites\/63\/2024\/10\/115-1.jpg\" alt=\"115 1\" width=\"212\" height=\"430\" longdesc=\"https:\/\/archicai.local?longdesc=72356&amp;referrer=0\" title=\"\"><\/p>\n<p>Dal rifugio Tagliaferri con amici. \u00c8 stato meraviglioso vivere questa esperienza in compagnia di persone care, coccolati dalla gentilezza, dalla professionalit\u00e0 e dalla disponibilit\u00e0 dei rifugisti. Grazie C.A.I. per questa stupenda iniziativa<\/p>\n<p><img loading=\"lazy\" decoding=\"async\" id=\"longdesc-return-72353\" class=\" wp-image-72353\" src=\"https:\/\/organizzazione.cai.it\/gr-lombardia\/wp-content\/uploads\/sites\/63\/2024\/10\/116-1.jpg\" alt=\"116 1\" width=\"457\" height=\"610\" longdesc=\"https:\/\/archicai.local?longdesc=72353&amp;referrer=0\" title=\"\"><\/p>\n<p><img loading=\"lazy\" decoding=\"async\" id=\"longdesc-return-72346\" class=\"size-medium wp-image-72346\" src=\"https:\/\/organizzazione.cai.it\/gr-lombardia\/wp-content\/uploads\/sites\/63\/2024\/10\/117-1.jpg\" alt=\"117 1\" width=\"225\" height=\"300\" longdesc=\"https:\/\/archicai.local?longdesc=72346&amp;referrer=0\" title=\"\"> <img loading=\"lazy\" decoding=\"async\" id=\"longdesc-return-72347\" class=\"size-medium wp-image-72347\" src=\"https:\/\/organizzazione.cai.it\/gr-lombardia\/wp-content\/uploads\/sites\/63\/2024\/10\/118-1.jpg\" alt=\"118 1\" width=\"300\" height=\"225\" longdesc=\"https:\/\/archicai.local?longdesc=72347&amp;referrer=0\" title=\"\"> <img loading=\"lazy\" decoding=\"async\" id=\"longdesc-return-72348\" class=\"size-medium wp-image-72348\" src=\"https:\/\/organizzazione.cai.it\/gr-lombardia\/wp-content\/uploads\/sites\/63\/2024\/10\/119-1.jpg\" alt=\"119 1\" width=\"225\" height=\"300\" longdesc=\"https:\/\/archicai.local?longdesc=72348&amp;referrer=0\" title=\"\"> <img loading=\"lazy\" decoding=\"async\" id=\"longdesc-return-72349\" class=\"size-medium wp-image-72349\" src=\"https:\/\/organizzazione.cai.it\/gr-lombardia\/wp-content\/uploads\/sites\/63\/2024\/10\/120-1.jpg\" alt=\"120 1\" width=\"225\" height=\"300\" longdesc=\"https:\/\/archicai.local?longdesc=72349&amp;referrer=0\" title=\"\"> <img loading=\"lazy\" decoding=\"async\" id=\"longdesc-return-72350\" class=\"size-medium wp-image-72350\" src=\"https:\/\/organizzazione.cai.it\/gr-lombardia\/wp-content\/uploads\/sites\/63\/2024\/10\/121-1.jpg\" alt=\"121 1\" width=\"225\" height=\"300\" longdesc=\"https:\/\/archicai.local?longdesc=72350&amp;referrer=0\" title=\"\"> <img loading=\"lazy\" decoding=\"async\" id=\"longdesc-return-72351\" class=\"size-medium wp-image-72351\" src=\"https:\/\/organizzazione.cai.it\/gr-lombardia\/wp-content\/uploads\/sites\/63\/2024\/10\/122-1.jpg\" alt=\"122 1\" width=\"300\" height=\"225\" longdesc=\"https:\/\/archicai.local?longdesc=72351&amp;referrer=0\" title=\"\"> <img loading=\"lazy\" decoding=\"async\" id=\"longdesc-return-72352\" class=\"size-medium wp-image-72352\" src=\"https:\/\/organizzazione.cai.it\/gr-lombardia\/wp-content\/uploads\/sites\/63\/2024\/10\/123-1.jpg\" alt=\"123 1\" width=\"300\" height=\"225\" longdesc=\"https:\/\/archicai.local?longdesc=72352&amp;referrer=0\" title=\"\"><\/p>\n<p>Buon giorno, Invio in allegato qualche foto del weekend che abbiamo trascorso in Valmalenco grazie alla vostra iniziativa per famiglie. Siamo arrivati a Chiareggio e da l\u00ec saliti prima al rifugio Gerli Porro, dove abbiamo passato il pomeriggio tra girini da scoprire e sassi da lanciare nel torrente e massi su cui arrampicarci, e subito dopo siamo arrivati al rifugio Ventina, dove abbiamo dormito. La mattina seguente siamo stati sull\u2019altro versante al rifugio Tartaglione Crispo. I bambini erano entusiasti, noi ci siamo dedicati al 100% a loro, niente di meglio di un weekend all\u2019aria aperta, dimenticandosi telefonini e preoccupazioni quotidiane, oltre che avere la possibilit\u00e0 di ricaricarsi prima dell\u2019inizio della scuola. Grazie ancora!!! Filippo, Leonardo con mamma e pap\u00e0<\/p>\n<p><img loading=\"lazy\" decoding=\"async\" id=\"longdesc-return-72342\" class=\" wp-image-72342\" src=\"https:\/\/organizzazione.cai.it\/gr-lombardia\/wp-content\/uploads\/sites\/63\/2024\/10\/124-1.jpg\" alt=\"124 1\" width=\"411\" height=\"308\" longdesc=\"https:\/\/archicai.local?longdesc=72342&amp;referrer=0\" title=\"\"> <img loading=\"lazy\" decoding=\"async\" id=\"longdesc-return-72343\" class=\" wp-image-72343\" src=\"https:\/\/organizzazione.cai.it\/gr-lombardia\/wp-content\/uploads\/sites\/63\/2024\/10\/125-1.jpg\" alt=\"125 1\" width=\"405\" height=\"304\" longdesc=\"https:\/\/archicai.local?longdesc=72343&amp;referrer=0\" title=\"\"><br \/>\n<img loading=\"lazy\" decoding=\"async\" id=\"longdesc-return-72344\" class=\" wp-image-72344\" src=\"https:\/\/organizzazione.cai.it\/gr-lombardia\/wp-content\/uploads\/sites\/63\/2024\/10\/126.jpg\" alt=\"126\" width=\"376\" height=\"282\" longdesc=\"https:\/\/archicai.local?longdesc=72344&amp;referrer=0\" title=\"\"> <img loading=\"lazy\" decoding=\"async\" id=\"longdesc-return-72345\" class=\" wp-image-72345 alignleft\" src=\"https:\/\/organizzazione.cai.it\/gr-lombardia\/wp-content\/uploads\/sites\/63\/2024\/10\/127.jpg\" alt=\"127\" width=\"370\" height=\"278\" longdesc=\"https:\/\/archicai.local?longdesc=72345&amp;referrer=0\" title=\"\"><\/p>\n<p>Famiglie Guidotto e Consonni di Suello (LC). Dopo l\u2019esperienza dell\u2019anno scorso al rifugio Omio in Val Masino quest\u2019anno abbiamo scelto il rifugio Carate in Valmalenco. Meraviglioso trekking partendo dalla diga di Campo Moro, attraversando la Val Scerscen, tappa al rifugio Marinelli e pernottamento al rifugio Carate. Il giorno successivo tappa al ghiacciaio Fellaria e pranzo al rifugio Bignami. Trekking impegnativo (complimenti alle nostre figlie !!) ma che riempie il cuore con i panorami mozzafiato della meravigliosa Valmalenco! Grazie al rifugio Carate che ci ha ospitati e al CAI Lombardia per la bella iniziativa! Non c\u2019\u00e8 due senza tre \u2026 quindi speriamo di ripetere anche il prossimo anno!<\/p>\n<p><img loading=\"lazy\" decoding=\"async\" id=\"longdesc-return-72338\" class=\"wp-image-72338 alignleft\" src=\"https:\/\/organizzazione.cai.it\/gr-lombardia\/wp-content\/uploads\/sites\/63\/2024\/10\/128.jpg\" alt=\"128\" width=\"241\" height=\"321\" longdesc=\"https:\/\/archicai.local?longdesc=72338&amp;referrer=0\" title=\"\"><\/p>\n<p><img loading=\"lazy\" decoding=\"async\" id=\"longdesc-return-72339\" class=\"wp-image-72339 alignleft\" src=\"https:\/\/organizzazione.cai.it\/gr-lombardia\/wp-content\/uploads\/sites\/63\/2024\/10\/129.jpg\" alt=\"129\" width=\"255\" height=\"340\" longdesc=\"https:\/\/archicai.local?longdesc=72339&amp;referrer=0\" title=\"\"><\/p>\n<p><img loading=\"lazy\" decoding=\"async\" id=\"longdesc-return-72340\" class=\"wp-image-72340 alignleft\" src=\"https:\/\/organizzazione.cai.it\/gr-lombardia\/wp-content\/uploads\/sites\/63\/2024\/10\/130.jpg\" alt=\"130\" width=\"326\" height=\"244\" longdesc=\"https:\/\/archicai.local?longdesc=72340&amp;referrer=0\" title=\"\"><\/p>\n<p>Buongiorno. Felice di aver potuto partecipare al progetto CAI \u201cFamiglie e Giovani in Montagna Estate 2023\u201d, inoltro alcune foto scattate durante il soggiorno al Rifugio Cur\u00f2 nei giorni 19 e 20 luglio u.s. approfitto dell\u2019occasione per ringraziare della splendida opportunit\u00e0 offertaci: io e la mia piccola Emma (8 anni) abbiamo trascorso due giorni Stupendi tra le montagne e conserveremo per sempre nel cuore il ricordo di questa bellissima avventura, impreziosita dalla disponibilit\u00e0 dei rifugisti e dall\u2019ottima cucina. Sperando che l\u2019iniziativa possa essere riproposta anche il prossimo anno, vi saluto cordialmente. Simone Rossetti<\/p>\n<figure id=\"attachment_72337\" aria-describedby=\"caption-attachment-72337\" style=\"width: 562px\" class=\"wp-caption alignnone\"><img loading=\"lazy\" decoding=\"async\" id=\"longdesc-return-72337\" class=\" wp-image-72337\" src=\"https:\/\/organizzazione.cai.it\/gr-lombardia\/wp-content\/uploads\/sites\/63\/2024\/10\/131.jpg\" alt=\"131\" width=\"562\" height=\"253\" longdesc=\"https:\/\/archicai.local?longdesc=72337&amp;referrer=0\" title=\"\"><figcaption id=\"caption-attachment-72337\" class=\"wp-caption-text\">Foto dal Rifugio Antonio Baroni al Brunone Molto bello e ottimo rifugio! Grazie, Veronica<\/figcaption><\/figure>\n<p><img loading=\"lazy\" decoding=\"async\" id=\"longdesc-return-72332\" class=\"wp-image-72332 alignleft\" src=\"https:\/\/organizzazione.cai.it\/gr-lombardia\/wp-content\/uploads\/sites\/63\/2024\/10\/132.jpg\" alt=\"132\" width=\"240\" height=\"533\" longdesc=\"https:\/\/archicai.local?longdesc=72332&amp;referrer=0\" title=\"\"> <img loading=\"lazy\" decoding=\"async\" id=\"longdesc-return-72333\" class=\"wp-image-72333 alignleft\" src=\"https:\/\/organizzazione.cai.it\/gr-lombardia\/wp-content\/uploads\/sites\/63\/2024\/10\/133.jpg\" alt=\"133\" width=\"308\" height=\"205\" longdesc=\"https:\/\/archicai.local?longdesc=72333&amp;referrer=0\" title=\"\"> <img loading=\"lazy\" decoding=\"async\" id=\"longdesc-return-72334\" class=\"wp-image-72334 alignright\" src=\"https:\/\/organizzazione.cai.it\/gr-lombardia\/wp-content\/uploads\/sites\/63\/2024\/10\/134.webp\" alt=\"134\" width=\"268\" height=\"320\" longdesc=\"https:\/\/archicai.local?longdesc=72334&amp;referrer=0\" title=\"\"> <img loading=\"lazy\" decoding=\"async\" id=\"longdesc-return-72335\" class=\" wp-image-72335\" src=\"https:\/\/organizzazione.cai.it\/gr-lombardia\/wp-content\/uploads\/sites\/63\/2024\/10\/135.webp\" alt=\"135\" width=\"297\" height=\"198\" longdesc=\"https:\/\/archicai.local?longdesc=72335&amp;referrer=0\" title=\"\"> <img loading=\"lazy\" decoding=\"async\" id=\"longdesc-return-72336\" class=\" wp-image-72336\" src=\"https:\/\/organizzazione.cai.it\/gr-lombardia\/wp-content\/uploads\/sites\/63\/2024\/10\/136.webp\" alt=\"136\" width=\"283\" height=\"339\" longdesc=\"https:\/\/archicai.local?longdesc=72336&amp;referrer=0\" title=\"\"><\/p>\n<p>Siamo saliti al Rifugio Cur\u00f2 da Valbondione. \u00c8 stata un&#8217;esperienza bellissima! La serata in rifugio \u00e8 qualcosa di spettacolare: giochi di societ\u00e0 e relax! I gestori sono super gentili. Al mattino, dopo la colazione siamo partito verso il lago e rifugio del Barbellino! Questa esperienza \u00e8 piaciuta a tutta la family&#8230;da ripetere sicuramente! Grazie al CAI per l&#8217;iniziativa FG4M! Fam.Marchetti<\/p>\n<p><img loading=\"lazy\" decoding=\"async\" id=\"longdesc-return-72328\" class=\" wp-image-72328\" src=\"https:\/\/organizzazione.cai.it\/gr-lombardia\/wp-content\/uploads\/sites\/63\/2024\/10\/137.jpg\" alt=\"137\" width=\"376\" height=\"283\" longdesc=\"https:\/\/archicai.local?longdesc=72328&amp;referrer=0\" title=\"\"> <img loading=\"lazy\" decoding=\"async\" id=\"longdesc-return-72329\" class=\" wp-image-72329\" src=\"https:\/\/organizzazione.cai.it\/gr-lombardia\/wp-content\/uploads\/sites\/63\/2024\/10\/138.jpg\" alt=\"138\" width=\"365\" height=\"275\" longdesc=\"https:\/\/archicai.local?longdesc=72329&amp;referrer=0\" title=\"\"><\/p>\n<p><img loading=\"lazy\" decoding=\"async\" id=\"longdesc-return-72330\" class=\"wp-image-72330 alignleft\" src=\"https:\/\/organizzazione.cai.it\/gr-lombardia\/wp-content\/uploads\/sites\/63\/2024\/10\/139.jpg\" alt=\"139\" width=\"356\" height=\"356\" longdesc=\"https:\/\/archicai.local?longdesc=72330&amp;referrer=0\" title=\"\"><\/p>\n<figure id=\"attachment_72331\" aria-describedby=\"caption-attachment-72331\" style=\"width: 355px\" class=\"wp-caption alignleft\"><img loading=\"lazy\" decoding=\"async\" id=\"longdesc-return-72331\" class=\"wp-image-72331\" src=\"https:\/\/organizzazione.cai.it\/gr-lombardia\/wp-content\/uploads\/sites\/63\/2024\/10\/140.jpg\" alt=\"140\" width=\"355\" height=\"267\" longdesc=\"https:\/\/archicai.local?longdesc=72331&amp;referrer=0\" title=\"\"><figcaption id=\"caption-attachment-72331\" class=\"wp-caption-text\">Samanta Lazzarini di Endine Gaiano (BG) Noi siamo stati una notte al rifugio Cur\u00f2. Per Elisa e Francesco era la prima volta in rifugio. Si sono divertiti tantissimo. Grazie per l&#8217;opportunit\u00e0<\/figcaption><\/figure>\n<figure id=\"attachment_72327\" aria-describedby=\"caption-attachment-72327\" style=\"width: 657px\" class=\"wp-caption aligncenter\"><img loading=\"lazy\" decoding=\"async\" id=\"longdesc-return-72327\" class=\"wp-image-72327 \" src=\"https:\/\/organizzazione.cai.it\/gr-lombardia\/wp-content\/uploads\/sites\/63\/2024\/10\/141.jpg\" alt=\"141\" width=\"657\" height=\"469\" longdesc=\"https:\/\/archicai.local?longdesc=72327&amp;referrer=0\" title=\"\"><figcaption id=\"caption-attachment-72327\" class=\"wp-caption-text\">Giacomo Pessi &#8211; Buongiorno, Sabato e domenica ho soggiornato al Rifugio Ca Runcash approfittando della vostra iniziativa. Volevo solo ringraziare della bella opportunit\u00e0, con la speranza che venga riproposta magari anche con maggiore frequenza per agevolare i bimbi nel vivere la montagna. Grazie!<\/figcaption><\/figure>\n<div style=\"width: 416px;\" class=\"wp-video\"><!--[if lt IE 9]><script>document.createElement('video');<\/script><![endif]-->\n<video class=\"wp-video-shortcode\" id=\"video-1030-1\" width=\"416\" height=\"864\" preload=\"metadata\" controls=\"controls\"><source type=\"video\/mp4\" src=\"https:\/\/organizzazione.cai.it\/gr-lombardia\/wp-content\/uploads\/sites\/63\/2024\/11\/142.mp4?_=1\" \/><a href=\"https:\/\/organizzazione.cai.it\/gr-lombardia\/wp-content\/uploads\/sites\/63\/2024\/11\/142.mp4\">https:\/\/organizzazione.cai.it\/gr-lombardia\/wp-content\/uploads\/sites\/63\/2024\/11\/142.mp4<\/a><\/video><\/div>\n<p>Immagini dal Rifugio Cur\u00f3 25 e 26 agosto 2023. Bellissima esperienza! Grazie Rita<\/p>\n<p>Chiara Cesaretto di Orsenigo: Grazie al progetto famiglie e giovani in montagna, abbiamo pernottato con piacere al rifugio Omnio in Valmasino con i miei figli Ilaria e Stefano.<br \/>\nGrazie per la bella iniziativa!<\/p>\n<p><img loading=\"lazy\" decoding=\"async\" id=\"longdesc-return-71790\" class=\" wp-image-71790\" src=\"https:\/\/organizzazione.cai.it\/gr-lombardia\/wp-content\/uploads\/sites\/63\/2024\/10\/1.jpg\" alt=\"141\" width=\"266\" height=\"472\" longdesc=\"https:\/\/archicai.local?longdesc=71790&amp;referrer=0\" title=\"\"> <img loading=\"lazy\" decoding=\"async\" id=\"longdesc-return-71791\" class=\" wp-image-71791\" src=\"https:\/\/organizzazione.cai.it\/gr-lombardia\/wp-content\/uploads\/sites\/63\/2024\/10\/2.jpg\" alt=\"2\" width=\"268\" height=\"476\" longdesc=\"https:\/\/archicai.local?longdesc=71791&amp;referrer=0\" title=\"\"> <img loading=\"lazy\" decoding=\"async\" id=\"longdesc-return-71792\" class=\" wp-image-71792\" src=\"https:\/\/organizzazione.cai.it\/gr-lombardia\/wp-content\/uploads\/sites\/63\/2024\/10\/3.jpg\" alt=\"3\" width=\"268\" height=\"476\" longdesc=\"https:\/\/archicai.local?longdesc=71792&amp;referrer=0\" title=\"\"><\/p>\n<figure id=\"attachment_71788\" aria-describedby=\"caption-attachment-71788\" style=\"width: 469px\" class=\"wp-caption alignleft\"><img loading=\"lazy\" decoding=\"async\" id=\"longdesc-return-71788\" class=\" wp-image-71788\" src=\"https:\/\/organizzazione.cai.it\/gr-lombardia\/wp-content\/uploads\/sites\/63\/2024\/10\/4.jpg\" alt=\"4\" width=\"469\" height=\"352\" longdesc=\"https:\/\/archicai.local?longdesc=71788&amp;referrer=0\" title=\"\"><figcaption id=\"caption-attachment-71788\" class=\"wp-caption-text\">Costanza Antonello di Olgiate Molgora: Siamo stati due notti al Rifugio M. Del Grande &#8211; R. Camerini. un paio di foto di Maddalena sul sentiero per il rifugio: &#8211; Bolle di sapone durante una pausa.<br \/>&#8211; Ritorno verso Chiareggio<br \/>Grazie dell&#8217;iniziativa<\/figcaption><\/figure>\n<p><img loading=\"lazy\" decoding=\"async\" id=\"longdesc-return-71789\" class=\"alignleft wp-image-71789\" style=\"font-size: 16px;\" src=\"https:\/\/organizzazione.cai.it\/gr-lombardia\/wp-content\/uploads\/sites\/63\/2024\/10\/5.jpg\" alt=\"5\" width=\"334\" height=\"435\" longdesc=\"https:\/\/archicai.local?longdesc=71789&amp;referrer=0\" title=\"\"><\/p>\n<figure id=\"attachment_71785\" aria-describedby=\"caption-attachment-71785\" style=\"width: 603px\" class=\"wp-caption alignnone\"><img loading=\"lazy\" decoding=\"async\" id=\"longdesc-return-71785\" class=\" wp-image-71785\" src=\"https:\/\/organizzazione.cai.it\/gr-lombardia\/wp-content\/uploads\/sites\/63\/2024\/10\/6.jpg\" alt=\"6\" width=\"603\" height=\"754\" longdesc=\"https:\/\/archicai.local?longdesc=71785&amp;referrer=0\" title=\"\"><figcaption id=\"caption-attachment-71785\" class=\"wp-caption-text\">Davide Loi di Gussago Invio qualche foto scattata durante la passeggiata a Malga Stain con mio figlio, Una saluto e complimenti per l&#8217;iniziativa, \u00e9 piaciuta tantissimo!! Grazie<\/figcaption><\/figure>\n<p><img loading=\"lazy\" decoding=\"async\" id=\"longdesc-return-71786\" class=\"wp-image-71786 alignleft\" src=\"https:\/\/organizzazione.cai.it\/gr-lombardia\/wp-content\/uploads\/sites\/63\/2024\/10\/7.jpg\" alt=\"7\" width=\"334\" height=\"418\" longdesc=\"https:\/\/archicai.local?longdesc=71786&amp;referrer=0\" title=\"\"><\/p>\n<p><img loading=\"lazy\" decoding=\"async\" id=\"longdesc-return-71787\" class=\" wp-image-71787\" src=\"https:\/\/organizzazione.cai.it\/gr-lombardia\/wp-content\/uploads\/sites\/63\/2024\/10\/8.jpg\" alt=\"8\" width=\"335\" height=\"419\" longdesc=\"https:\/\/archicai.local?longdesc=71787&amp;referrer=0\" title=\"\"><\/p>\n<p><img loading=\"lazy\" decoding=\"async\" id=\"longdesc-return-71782\" class=\" wp-image-71782\" src=\"https:\/\/organizzazione.cai.it\/gr-lombardia\/wp-content\/uploads\/sites\/63\/2024\/10\/9.jpg\" alt=\"9\" width=\"400\" height=\"300\" longdesc=\"https:\/\/archicai.local?longdesc=71782&amp;referrer=0\" title=\"\"> <img loading=\"lazy\" decoding=\"async\" id=\"longdesc-return-71783\" class=\" wp-image-71783\" src=\"https:\/\/organizzazione.cai.it\/gr-lombardia\/wp-content\/uploads\/sites\/63\/2024\/10\/10-1.jpg\" alt=\"10 1\" width=\"399\" height=\"299\" longdesc=\"https:\/\/archicai.local?longdesc=71783&amp;referrer=0\" title=\"\"><\/p>\n<figure id=\"attachment_71784\" aria-describedby=\"caption-attachment-71784\" style=\"width: 640px\" class=\"wp-caption alignnone\"><img loading=\"lazy\" decoding=\"async\" id=\"longdesc-return-71784\" class=\"wp-image-71784\" src=\"https:\/\/organizzazione.cai.it\/gr-lombardia\/wp-content\/uploads\/sites\/63\/2024\/10\/11-1.jpg\" alt=\"11 1\" width=\"640\" height=\"480\" longdesc=\"https:\/\/archicai.local?longdesc=71784&amp;referrer=0\" title=\"\"><figcaption id=\"caption-attachment-71784\" class=\"wp-caption-text\">Davide Sonzogni di Cura Carpignano (PV), alcune immagini di Arianna e Silvia scattate nei pressi del rifugio Nani Tagliaferri lo scorso 17 luglio,<br \/>&#8211; Arianna alle prese coi tipici passatempi da rifugio.<br \/>&#8211; Arianna e Silvia contente pregustando la cena<br \/>-Arianne e Silvia vicino all&#8217;aquila che sovrasta il rifugio Nani Tagliaferri<\/figcaption><\/figure>\n<p>Elena Panzeri, la nostra notte in rifugio presso il rifugio Marinelli e Bombardieri, poi pioggia e fresco ci hanno accompagnato al rifugio Carate, il cielo si \u00e8 aperto per l\u2019ultima fatica dove siamo stati accompagnati da diversi stambecchi. All&#8217;arrivo non \u00e8 potuta mancare una fetta di torta gustata ammirando le vette attorno a noi. Qualche partita a carte, una cena in compagnia e non poteva mancare il naso all&#8217;ins\u00f9 per ammirare il cielo stellato.<br \/>\n\u00c8 stata la un&#8217;esperienza intensa a tratti un p\u00f2 sofferta ma molto appagante e ricca di emozioni.<br \/>\nDa ripetere!!! Grazie<\/p>\n<p><img loading=\"lazy\" decoding=\"async\" id=\"longdesc-return-71775\" class=\" wp-image-71775\" src=\"https:\/\/organizzazione.cai.it\/gr-lombardia\/wp-content\/uploads\/sites\/63\/2024\/10\/12-1.jpg\" alt=\"12 1\" width=\"354\" height=\"264\" longdesc=\"https:\/\/archicai.local?longdesc=71775&amp;referrer=0\" title=\"\"> <img loading=\"lazy\" decoding=\"async\" id=\"longdesc-return-71776\" class=\"size-medium wp-image-71776\" src=\"https:\/\/organizzazione.cai.it\/gr-lombardia\/wp-content\/uploads\/sites\/63\/2024\/10\/13-1.jpg\" alt=\"13 1\" width=\"138\" height=\"300\" longdesc=\"https:\/\/archicai.local?longdesc=71776&amp;referrer=0\" title=\"\"> <img loading=\"lazy\" decoding=\"async\" id=\"longdesc-return-71777\" class=\"size-medium wp-image-71777\" src=\"https:\/\/organizzazione.cai.it\/gr-lombardia\/wp-content\/uploads\/sites\/63\/2024\/10\/14-1.jpg\" alt=\"14 1\" width=\"224\" height=\"300\" longdesc=\"https:\/\/archicai.local?longdesc=71777&amp;referrer=0\" title=\"\"> <img loading=\"lazy\" decoding=\"async\" id=\"longdesc-return-71778\" class=\" wp-image-71778\" src=\"https:\/\/organizzazione.cai.it\/gr-lombardia\/wp-content\/uploads\/sites\/63\/2024\/10\/15-1.jpg\" alt=\"15 1\" width=\"476\" height=\"219\" longdesc=\"https:\/\/archicai.local?longdesc=71778&amp;referrer=0\" title=\"\"> <img loading=\"lazy\" decoding=\"async\" id=\"longdesc-return-71779\" class=\"size-medium wp-image-71779\" src=\"https:\/\/organizzazione.cai.it\/gr-lombardia\/wp-content\/uploads\/sites\/63\/2024\/10\/16-1.jpg\" alt=\"16 1\" width=\"300\" height=\"224\" longdesc=\"https:\/\/archicai.local?longdesc=71779&amp;referrer=0\" title=\"\"> <img loading=\"lazy\" decoding=\"async\" id=\"longdesc-return-71780\" class=\" wp-image-71780\" src=\"https:\/\/organizzazione.cai.it\/gr-lombardia\/wp-content\/uploads\/sites\/63\/2024\/10\/17-1.jpg\" alt=\"17 1\" width=\"378\" height=\"282\" longdesc=\"https:\/\/archicai.local?longdesc=71780&amp;referrer=0\" title=\"\"> <img loading=\"lazy\" decoding=\"async\" id=\"longdesc-return-71781\" class=\" wp-image-71781\" src=\"https:\/\/organizzazione.cai.it\/gr-lombardia\/wp-content\/uploads\/sites\/63\/2024\/10\/18-1.jpg\" alt=\"18 1\" width=\"374\" height=\"279\" longdesc=\"https:\/\/archicai.local?longdesc=71781&amp;referrer=0\" title=\"\"><\/p>\n<figure id=\"attachment_71773\" aria-describedby=\"caption-attachment-71773\" style=\"width: 742px\" class=\"wp-caption alignleft\"><img loading=\"lazy\" decoding=\"async\" id=\"longdesc-return-71773\" class=\" wp-image-71773\" src=\"https:\/\/organizzazione.cai.it\/gr-lombardia\/wp-content\/uploads\/sites\/63\/2024\/10\/19-1.jpg\" alt=\"19 1\" width=\"742\" height=\"351\" longdesc=\"https:\/\/archicai.local?longdesc=71773&amp;referrer=0\" title=\"\"><figcaption id=\"caption-attachment-71773\" class=\"wp-caption-text\">Maria Cristina Paredi Noi abbiamo scelto il rifugio Grassi. Grazie, cordiali saluti<\/figcaption><\/figure>\n<p><img loading=\"lazy\" decoding=\"async\" id=\"longdesc-return-71774\" class=\" wp-image-71774\" src=\"https:\/\/organizzazione.cai.it\/gr-lombardia\/wp-content\/uploads\/sites\/63\/2024\/10\/20-1.jpg\" alt=\"20 1\" width=\"739\" height=\"350\" longdesc=\"https:\/\/archicai.local?longdesc=71774&amp;referrer=0\" title=\"\"> <img loading=\"lazy\" decoding=\"async\" id=\"longdesc-return-71770\" class=\" wp-image-71770\" src=\"https:\/\/organizzazione.cai.it\/gr-lombardia\/wp-content\/uploads\/sites\/63\/2024\/10\/21-1.jpg\" alt=\"21 1\" width=\"365\" height=\"274\" longdesc=\"https:\/\/archicai.local?longdesc=71770&amp;referrer=0\" title=\"\"> <img loading=\"lazy\" decoding=\"async\" id=\"longdesc-return-71771\" class=\" wp-image-71771\" src=\"https:\/\/organizzazione.cai.it\/gr-lombardia\/wp-content\/uploads\/sites\/63\/2024\/10\/22-1.jpg\" alt=\"22 1\" width=\"203\" height=\"271\" longdesc=\"https:\/\/archicai.local?longdesc=71771&amp;referrer=0\" title=\"\"><\/p>\n<figure id=\"attachment_71772\" aria-describedby=\"caption-attachment-71772\" style=\"width: 547px\" class=\"wp-caption alignnone\"><img loading=\"lazy\" decoding=\"async\" id=\"longdesc-return-71772\" class=\"wp-image-71772\" src=\"https:\/\/organizzazione.cai.it\/gr-lombardia\/wp-content\/uploads\/sites\/63\/2024\/10\/23-1.jpg\" alt=\"23 1\" width=\"547\" height=\"410\" longdesc=\"https:\/\/archicai.local?longdesc=71772&amp;referrer=0\" title=\"\"><figcaption id=\"caption-attachment-71772\" class=\"wp-caption-text\">Elisa Lombardi di Nuvolera, Siamo stati ai rifugi Del Grande Camerini e Marinelli Bombardieri; il soggiorno presso entrambi \u00e8 stato assolutamente piacevole, abbiamo avuto modo di chiacchierare con i rifugisti (al Del grande \u00e8 stata proprio una piccola festa). A mio figlio le gite sono piaciute moltissimo, pranzi e pernottamenti in rifugi sono sempre motivo di divertimento per lui ma, arrivando da Brescia, probabilmente senza la Vs iniziativa non avremmo potuto fare entrambe queste gite. Un grazie davvero di cuore<\/figcaption><\/figure>\n<p><img loading=\"lazy\" decoding=\"async\" id=\"longdesc-return-71768\" class=\"wp-image-71768 alignleft\" src=\"https:\/\/organizzazione.cai.it\/gr-lombardia\/wp-content\/uploads\/sites\/63\/2024\/10\/24.jpeg\" alt=\"24\" width=\"262\" height=\"349\" longdesc=\"https:\/\/archicai.local?longdesc=71768&amp;referrer=0\" title=\"\"><\/p>\n<figure id=\"attachment_71769\" aria-describedby=\"caption-attachment-71769\" style=\"width: 463px\" class=\"wp-caption alignleft\"><img loading=\"lazy\" decoding=\"async\" id=\"longdesc-return-71769\" class=\" wp-image-71769\" src=\"https:\/\/organizzazione.cai.it\/gr-lombardia\/wp-content\/uploads\/sites\/63\/2024\/10\/25.jpeg\" alt=\"25\" width=\"463\" height=\"347\" longdesc=\"https:\/\/archicai.local?longdesc=71769&amp;referrer=0\" title=\"\"><figcaption id=\"caption-attachment-71769\" class=\"wp-caption-text\">Galli Fabrizio e Sveva CAI Castione della Presolana Grazie e cordiali saluti.<\/figcaption><\/figure>\n<figure id=\"attachment_71767\" aria-describedby=\"caption-attachment-71767\" style=\"width: 500px\" class=\"wp-caption alignleft\"><img loading=\"lazy\" decoding=\"async\" id=\"longdesc-return-71767\" class=\"wp-image-71767 \" src=\"https:\/\/organizzazione.cai.it\/gr-lombardia\/wp-content\/uploads\/sites\/63\/2024\/10\/27-1.jpg\" alt=\"27 1\" width=\"500\" height=\"373\" longdesc=\"https:\/\/archicai.local?longdesc=71767&amp;referrer=0\" title=\"\"><figcaption id=\"caption-attachment-71767\" class=\"wp-caption-text\">Francesca Mologni, \u00c8 stata una bellissima esperienza, con Laura e Michela Ci ha poi accompagnato anche Emanuele (figlio pi\u00f9 grande) tesserato C.A.I. dall&#8217;et\u00e0 di sei anni. Grazie mille in particolare allo staff del Rif Cur\u00f2<\/figcaption><\/figure>\n<p><img loading=\"lazy\" decoding=\"async\" id=\"longdesc-return-71766\" class=\"wp-image-71766 alignnone\" src=\"https:\/\/organizzazione.cai.it\/gr-lombardia\/wp-content\/uploads\/sites\/63\/2024\/10\/26-1.jpg\" alt=\"26 1\" width=\"284\" height=\"380\" longdesc=\"https:\/\/archicai.local?longdesc=71766&amp;referrer=0\" title=\"\"><\/p>\n<p>Glenda Marchetti di Corte Franca (BS) Esperienza assolutamente da rifare&#8230; Abbiamo raggiunto la Malga Premassone, siamo saliti fino al baitone, poi Rifugio Tonolini, accoglienza top&#8230; Ci siamo sistemati in camerata&#8230;poi il personale, di gentilissimo e simpaticissimo, ci hanno preparato la merenda e poi una super cena. Abbiamo mangiato bene&#8230; e abbondante&#8230; Tanti giochi a sposizione x bambini e adulti&#8230; Il giorno dopo, dopo una gustosa colazione siamo scesi verso il Rifugio Gnutti&#8230;altra meraviglia. Poi di nuovo al baitone e scendendo dalle scale del Miller siamo tornati alla malga Premassone. Panorami che tolgono il fiato. Grazie<\/p>\n<p><img loading=\"lazy\" decoding=\"async\" id=\"longdesc-return-71762\" class=\"wp-image-71762 alignleft\" src=\"https:\/\/organizzazione.cai.it\/gr-lombardia\/wp-content\/uploads\/sites\/63\/2024\/10\/28-1.jpg\" alt=\"28 1\" width=\"189\" height=\"411\" longdesc=\"https:\/\/archicai.local?longdesc=71762&amp;referrer=0\" title=\"\"><\/p>\n<p><img loading=\"lazy\" decoding=\"async\" id=\"longdesc-return-71763\" class=\"wp-image-71763 alignleft\" src=\"https:\/\/organizzazione.cai.it\/gr-lombardia\/wp-content\/uploads\/sites\/63\/2024\/10\/29-1.jpg\" alt=\"29 1\" width=\"189\" height=\"411\" longdesc=\"https:\/\/archicai.local?longdesc=71763&amp;referrer=0\" title=\"\"><\/p>\n<p><img loading=\"lazy\" decoding=\"async\" id=\"longdesc-return-71764\" class=\"wp-image-71764 alignleft\" src=\"https:\/\/organizzazione.cai.it\/gr-lombardia\/wp-content\/uploads\/sites\/63\/2024\/10\/30-1.jpg\" alt=\"30 1\" width=\"189\" height=\"411\" longdesc=\"https:\/\/archicai.local?longdesc=71764&amp;referrer=0\" title=\"\"><\/p>\n<p><img loading=\"lazy\" decoding=\"async\" id=\"longdesc-return-71765\" class=\" wp-image-71765\" src=\"https:\/\/organizzazione.cai.it\/gr-lombardia\/wp-content\/uploads\/sites\/63\/2024\/10\/31-1.jpg\" alt=\"31 1\" width=\"193\" height=\"420\" longdesc=\"https:\/\/archicai.local?longdesc=71765&amp;referrer=0\" title=\"\"><\/p>\n<p><img loading=\"lazy\" decoding=\"async\" id=\"longdesc-return-71761\" class=\"wp-image-71761 alignleft\" src=\"https:\/\/organizzazione.cai.it\/gr-lombardia\/wp-content\/uploads\/sites\/63\/2024\/10\/35.jpg\" alt=\"35\" width=\"254\" height=\"339\" longdesc=\"https:\/\/archicai.local?longdesc=71761&amp;referrer=0\" title=\"\"><\/p>\n<p><img loading=\"lazy\" decoding=\"async\" id=\"longdesc-return-71759\" class=\"wp-image-71759 alignleft\" src=\"https:\/\/organizzazione.cai.it\/gr-lombardia\/wp-content\/uploads\/sites\/63\/2024\/10\/33-1.jpg\" alt=\"33 1\" width=\"252\" height=\"336\" longdesc=\"https:\/\/archicai.local?longdesc=71759&amp;referrer=0\" title=\"\"><\/p>\n<p><img loading=\"lazy\" decoding=\"async\" id=\"longdesc-return-71758\" class=\"wp-image-71758 alignleft\" src=\"https:\/\/organizzazione.cai.it\/gr-lombardia\/wp-content\/uploads\/sites\/63\/2024\/10\/32-1.jpg\" alt=\"32 1\" width=\"254\" height=\"339\" longdesc=\"https:\/\/archicai.local?longdesc=71758&amp;referrer=0\" title=\"\"><\/p>\n<figure id=\"attachment_71760\" aria-describedby=\"caption-attachment-71760\" style=\"width: 585px\" class=\"wp-caption alignleft\"><img loading=\"lazy\" decoding=\"async\" id=\"longdesc-return-71760\" class=\"wp-image-71760\" src=\"https:\/\/organizzazione.cai.it\/gr-lombardia\/wp-content\/uploads\/sites\/63\/2024\/10\/34.jpg\" alt=\"34\" width=\"585\" height=\"439\" longdesc=\"https:\/\/archicai.local?longdesc=71760&amp;referrer=0\" title=\"\"><figcaption id=\"caption-attachment-71760\" class=\"wp-caption-text\">Laura Pasta di Villa d&#8217;Alme&#8217; la nostra vacanzina al Rifugio Cesare Branca l&#8217;aria fresca, la pace e la tranquillit\u00e0 che solo in montagna si pu\u00f2 trovare \u00e8 veramente una magia&#8230; Grazie e saluti<\/figcaption><\/figure>\n<p><img loading=\"lazy\" decoding=\"async\" id=\"longdesc-return-71756\" class=\"wp-image-71756 alignleft\" src=\"https:\/\/organizzazione.cai.it\/gr-lombardia\/wp-content\/uploads\/sites\/63\/2024\/10\/39.jpg\" alt=\"39\" width=\"404\" height=\"538\" longdesc=\"https:\/\/archicai.local?longdesc=71756&amp;referrer=0\" title=\"\"><\/p>\n<p><img loading=\"lazy\" decoding=\"async\" id=\"longdesc-return-71755\" class=\"wp-image-71755 alignleft\" src=\"https:\/\/organizzazione.cai.it\/gr-lombardia\/wp-content\/uploads\/sites\/63\/2024\/10\/38.jpg\" alt=\"38\" width=\"243\" height=\"540\" longdesc=\"https:\/\/archicai.local?longdesc=71755&amp;referrer=0\" title=\"\"><\/p>\n<figure id=\"attachment_71753\" aria-describedby=\"caption-attachment-71753\" style=\"width: 436px\" class=\"wp-caption alignleft\"><img loading=\"lazy\" decoding=\"async\" id=\"longdesc-return-71753\" class=\"wp-image-71753\" src=\"https:\/\/organizzazione.cai.it\/gr-lombardia\/wp-content\/uploads\/sites\/63\/2024\/10\/36.jpg\" alt=\"36\" width=\"436\" height=\"196\" longdesc=\"https:\/\/archicai.local?longdesc=71753&amp;referrer=0\" title=\"\"><figcaption id=\"caption-attachment-71753\" class=\"wp-caption-text\">Luca Nisoli di Brignano Gera d&#8217;Adda Momenti felici con Mattia al Rifugio Coca Grazie<\/figcaption><\/figure>\n<p><img loading=\"lazy\" decoding=\"async\" id=\"longdesc-return-71757\" class=\" wp-image-71757\" src=\"https:\/\/organizzazione.cai.it\/gr-lombardia\/wp-content\/uploads\/sites\/63\/2024\/10\/40.jpg\" alt=\"40\" width=\"390\" height=\"200\" longdesc=\"https:\/\/archicai.local?longdesc=71757&amp;referrer=0\" title=\"\"><\/p>\n<figure id=\"attachment_71752\" aria-describedby=\"caption-attachment-71752\" style=\"width: 667px\" class=\"wp-caption alignnone\"><img loading=\"lazy\" decoding=\"async\" id=\"longdesc-return-71752\" class=\" wp-image-71752\" src=\"https:\/\/organizzazione.cai.it\/gr-lombardia\/wp-content\/uploads\/sites\/63\/2024\/10\/41.jpeg\" alt=\"41\" width=\"667\" height=\"500\" longdesc=\"https:\/\/archicai.local?longdesc=71752&amp;referrer=0\" title=\"\"><figcaption id=\"caption-attachment-71752\" class=\"wp-caption-text\">Mirko Scandella Al Rifugio Albani con la famiglia, da una parte la Presolana con la sua maestosit\u00e0, dall\u2019altra parte uno spazio infinito. Bellissimo weekend! Daniela Pedrocchi e famiglia Grazie<\/figcaption><\/figure>\n<p><img loading=\"lazy\" decoding=\"async\" id=\"longdesc-return-71751\" class=\"wp-image-71751 alignleft\" src=\"https:\/\/organizzazione.cai.it\/gr-lombardia\/wp-content\/uploads\/sites\/63\/2024\/10\/45.jpg\" alt=\"45\" width=\"370\" height=\"493\" longdesc=\"https:\/\/archicai.local?longdesc=71751&amp;referrer=0\" title=\"\"><\/p>\n<p><img loading=\"lazy\" decoding=\"async\" id=\"longdesc-return-71749\" class=\"wp-image-71749 alignleft\" src=\"https:\/\/organizzazione.cai.it\/gr-lombardia\/wp-content\/uploads\/sites\/63\/2024\/10\/43.jpg\" alt=\"43\" width=\"365\" height=\"487\" longdesc=\"https:\/\/archicai.local?longdesc=71749&amp;referrer=0\" title=\"\"><\/p>\n<p><img loading=\"lazy\" decoding=\"async\" id=\"longdesc-return-71748\" class=\"wp-image-71748 alignright\" src=\"https:\/\/organizzazione.cai.it\/gr-lombardia\/wp-content\/uploads\/sites\/63\/2024\/10\/42.jpg\" alt=\"42\" width=\"269\" height=\"358\" longdesc=\"https:\/\/archicai.local?longdesc=71748&amp;referrer=0\" title=\"\"><\/p>\n<figure id=\"attachment_71750\" aria-describedby=\"caption-attachment-71750\" style=\"width: 543px\" class=\"wp-caption alignleft\"><img loading=\"lazy\" decoding=\"async\" id=\"longdesc-return-71750\" class=\"wp-image-71750\" src=\"https:\/\/organizzazione.cai.it\/gr-lombardia\/wp-content\/uploads\/sites\/63\/2024\/10\/44.jpg\" alt=\"44\" width=\"543\" height=\"407\" longdesc=\"https:\/\/archicai.local?longdesc=71750&amp;referrer=0\" title=\"\"><figcaption id=\"caption-attachment-71750\" class=\"wp-caption-text\">Paolo Pozzi di Palazzolo sull&#8217;Oglio avvicinamento al il Rifugio Cur\u00f2 e poi verso il lago Barbellino con Giorgio e Andrea Grazie<\/figcaption><\/figure>\n<figure id=\"attachment_71746\" aria-describedby=\"caption-attachment-71746\" style=\"width: 406px\" class=\"wp-caption alignleft\"><img loading=\"lazy\" decoding=\"async\" id=\"longdesc-return-71746\" class=\" wp-image-71746\" src=\"https:\/\/organizzazione.cai.it\/gr-lombardia\/wp-content\/uploads\/sites\/63\/2024\/10\/46.jpg\" alt=\"46\" width=\"406\" height=\"541\" longdesc=\"https:\/\/archicai.local?longdesc=71746&amp;referrer=0\" title=\"\"><figcaption id=\"caption-attachment-71746\" class=\"wp-caption-text\">Chiara Piantoni e Romina Fantini al Rifugio Albani<\/figcaption><\/figure>\n<figure id=\"attachment_71747\" aria-describedby=\"caption-attachment-71747\" style=\"width: 399px\" class=\"wp-caption alignleft\"><img loading=\"lazy\" decoding=\"async\" id=\"longdesc-return-71747\" class=\"wp-image-71747\" src=\"https:\/\/organizzazione.cai.it\/gr-lombardia\/wp-content\/uploads\/sites\/63\/2024\/10\/47.jpg\" alt=\"47\" width=\"399\" height=\"532\" longdesc=\"https:\/\/archicai.local?longdesc=71747&amp;referrer=0\" title=\"\"><figcaption id=\"caption-attachment-71747\" class=\"wp-caption-text\">20 anni in 4 (Andrea 7 mesi !!!) Grazie !!<\/figcaption><\/figure>\n<p><img loading=\"lazy\" decoding=\"async\" id=\"longdesc-return-71744\" class=\"wp-image-71744 aligncenter\" src=\"https:\/\/organizzazione.cai.it\/gr-lombardia\/wp-content\/uploads\/sites\/63\/2024\/10\/49.jpg\" alt=\"49\" width=\"600\" height=\"450\" longdesc=\"https:\/\/archicai.local?longdesc=71744&amp;referrer=0\" title=\"\"><\/p>\n<p>Silvia Magro di Villa di Tirano (SO) Con le figlie al Rifugio Ventina Iniziativa importante per le famiglie! Grazie Silvia<img loading=\"lazy\" decoding=\"async\" id=\"longdesc-return-71743\" class=\"wp-image-71743 alignleft\" src=\"https:\/\/organizzazione.cai.it\/gr-lombardia\/wp-content\/uploads\/sites\/63\/2024\/10\/48.jpg\" alt=\"48\" width=\"333\" height=\"444\" longdesc=\"https:\/\/archicai.local?longdesc=71743&amp;referrer=0\" title=\"\"><\/p>\n<p><img loading=\"lazy\" decoding=\"async\" id=\"longdesc-return-71745\" class=\" wp-image-71745 alignright\" src=\"https:\/\/organizzazione.cai.it\/gr-lombardia\/wp-content\/uploads\/sites\/63\/2024\/10\/50.jpg\" alt=\"50\" width=\"334\" height=\"446\" longdesc=\"https:\/\/archicai.local?longdesc=71745&amp;referrer=0\" title=\"\"><\/p>\n<p><img loading=\"lazy\" decoding=\"async\" id=\"longdesc-return-71739\" class=\"wp-image-71739 alignleft\" src=\"https:\/\/organizzazione.cai.it\/gr-lombardia\/wp-content\/uploads\/sites\/63\/2024\/10\/53.jpeg\" alt=\"53\" width=\"403\" height=\"302\" longdesc=\"https:\/\/archicai.local?longdesc=71739&amp;referrer=0\" title=\"\"><\/p>\n<p><img loading=\"lazy\" decoding=\"async\" id=\"longdesc-return-71742\" class=\"wp-image-71742 alignright\" src=\"https:\/\/organizzazione.cai.it\/gr-lombardia\/wp-content\/uploads\/sites\/63\/2024\/10\/56.jpeg\" alt=\"56\" width=\"409\" height=\"307\" longdesc=\"https:\/\/archicai.local?longdesc=71742&amp;referrer=0\" title=\"\"><\/p>\n<p><img loading=\"lazy\" decoding=\"async\" id=\"longdesc-return-71737\" class=\"alignleft wp-image-71737\" src=\"https:\/\/organizzazione.cai.it\/gr-lombardia\/wp-content\/uploads\/sites\/63\/2024\/10\/51.jpeg\" alt=\"- CAI\" width=\"512\" height=\"384\" longdesc=\"https:\/\/archicai.local?longdesc=71737&amp;referrer=0\" title=\"\"><\/p>\n<p><img loading=\"lazy\" decoding=\"async\" id=\"longdesc-return-71740\" class=\"wp-image-71740\" style=\"font-size: 16px;\" src=\"https:\/\/organizzazione.cai.it\/gr-lombardia\/wp-content\/uploads\/sites\/63\/2024\/10\/54.jpeg\" alt=\"54\" width=\"304\" height=\"405\" longdesc=\"https:\/\/archicai.local?longdesc=71740&amp;referrer=0\" title=\"\"><\/p>\n<figure id=\"attachment_71738\" aria-describedby=\"caption-attachment-71738\" style=\"width: 502px\" class=\"wp-caption alignleft\"><img loading=\"lazy\" decoding=\"async\" id=\"longdesc-return-71738\" class=\"wp-image-71738\" src=\"https:\/\/organizzazione.cai.it\/gr-lombardia\/wp-content\/uploads\/sites\/63\/2024\/10\/52.jpeg\" alt=\"- CAI\" width=\"502\" height=\"376\" longdesc=\"https:\/\/archicai.local?longdesc=71738&amp;referrer=0\" title=\"\"><figcaption id=\"caption-attachment-71738\" class=\"wp-caption-text\">Simona Marzella di Ardesio bella esperienza al rifugio Bignami Grazie per l\u2019opportunit\u00e0 Speriamo di ripetere<\/figcaption><\/figure>\n<p><img loading=\"lazy\" decoding=\"async\" id=\"longdesc-return-71741\" class=\"wp-image-71741 alignleft\" style=\"font-size: 16px;\" src=\"https:\/\/organizzazione.cai.it\/gr-lombardia\/wp-content\/uploads\/sites\/63\/2024\/10\/55.jpeg\" alt=\"55\" width=\"307\" height=\"409\" longdesc=\"https:\/\/archicai.local?longdesc=71741&amp;referrer=0\" title=\"\"><\/p>\n<figure id=\"attachment_71736\" aria-describedby=\"caption-attachment-71736\" style=\"width: 524px\" class=\"wp-caption alignnone\"><img loading=\"lazy\" decoding=\"async\" id=\"longdesc-return-71736\" class=\" wp-image-71736\" src=\"https:\/\/organizzazione.cai.it\/gr-lombardia\/wp-content\/uploads\/sites\/63\/2024\/10\/57.jpg\" alt=\"57\" width=\"524\" height=\"393\" longdesc=\"https:\/\/archicai.local?longdesc=71736&amp;referrer=0\" title=\"\"><figcaption id=\"caption-attachment-71736\" class=\"wp-caption-text\">Simone Angiolini di Treviolo Anche quest&#8217;anno abbiamo avuto il piacere di vivere insieme alle nostre bambine la bellissima esperienza della notte in rifugio. Grazie a CAI Lombardia e al rifugio Grassi che ci ha ospitato.<\/figcaption><\/figure>\n<p><img loading=\"lazy\" decoding=\"async\" id=\"longdesc-return-71733\" class=\"alignleft wp-image-71733\" src=\"https:\/\/organizzazione.cai.it\/gr-lombardia\/wp-content\/uploads\/sites\/63\/2024\/10\/58.jpeg\" alt=\"58\" width=\"520\" height=\"390\" longdesc=\"https:\/\/archicai.local?longdesc=71733&amp;referrer=0\" title=\"\"><\/p>\n<p><img loading=\"lazy\" decoding=\"async\" id=\"longdesc-return-71734\" class=\"wp-image-71734 \" src=\"https:\/\/organizzazione.cai.it\/gr-lombardia\/wp-content\/uploads\/sites\/63\/2024\/10\/59.jpeg\" alt=\"59\" width=\"222\" height=\"394\" longdesc=\"https:\/\/archicai.local?longdesc=71734&amp;referrer=0\" title=\"\"><\/p>\n<figure id=\"attachment_71735\" aria-describedby=\"caption-attachment-71735\" style=\"width: 517px\" class=\"wp-caption alignnone\"><img loading=\"lazy\" decoding=\"async\" id=\"longdesc-return-71735\" class=\"wp-image-71735\" src=\"https:\/\/organizzazione.cai.it\/gr-lombardia\/wp-content\/uploads\/sites\/63\/2024\/10\/60.jpeg\" alt=\"60\" width=\"517\" height=\"388\" longdesc=\"https:\/\/archicai.local?longdesc=71735&amp;referrer=0\" title=\"\"><figcaption id=\"caption-attachment-71735\" class=\"wp-caption-text\">Simone Spreafico di Sirone Qualche scatto al Rifugio Branca Grazie ancora!!!<\/figcaption><\/figure>\n<div style=\"width: 480px;\" class=\"wp-video\"><video class=\"wp-video-shortcode\" id=\"video-1030-2\" width=\"480\" height=\"848\" preload=\"metadata\" controls=\"controls\"><source type=\"video\/mp4\" src=\"https:\/\/organizzazione.cai.it\/gr-lombardia\/wp-content\/uploads\/sites\/63\/2024\/11\/video_ELENA_PANZERI-.mp4?_=2\" \/><a href=\"https:\/\/organizzazione.cai.it\/gr-lombardia\/wp-content\/uploads\/sites\/63\/2024\/11\/video_ELENA_PANZERI-.mp4\">https:\/\/organizzazione.cai.it\/gr-lombardia\/wp-content\/uploads\/sites\/63\/2024\/11\/video_ELENA_PANZERI-.mp4<\/a><\/video><\/div>\n<p>ELENA PANZERI di Valletta Brianza soggiorno con la sua famiglia, marito e figli Pietro e Vittoria al Rifugio Marinelli Bombardieri e al Rifugio Carate. Certamente un\u2019esperienza da RIPETERE Grazie<\/p>\n<div style=\"width: 640px;\" class=\"wp-video\"><video class=\"wp-video-shortcode\" id=\"video-1030-3\" width=\"640\" height=\"362\" preload=\"metadata\" controls=\"controls\"><source type=\"video\/mp4\" src=\"https:\/\/organizzazione.cai.it\/gr-lombardia\/wp-content\/uploads\/sites\/63\/2024\/11\/VIDEO-2023-08-19-00-23-11.mp4?_=3\" \/><a href=\"https:\/\/organizzazione.cai.it\/gr-lombardia\/wp-content\/uploads\/sites\/63\/2024\/11\/VIDEO-2023-08-19-00-23-11.mp4\">https:\/\/organizzazione.cai.it\/gr-lombardia\/wp-content\/uploads\/sites\/63\/2024\/11\/VIDEO-2023-08-19-00-23-11.mp4<\/a><\/video><\/div>\n<p>Giovani al rifugio Tonolini<\/p>\n<figure id=\"attachment_71651\" aria-describedby=\"caption-attachment-71651\" style=\"width: 414px\" class=\"wp-caption alignleft\"><img loading=\"lazy\" decoding=\"async\" id=\"longdesc-return-71651\" class=\"wp-image-71651\" src=\"https:\/\/organizzazione.cai.it\/gr-lombardia\/wp-content\/uploads\/sites\/63\/2024\/10\/IMG_6970.jpg\" alt=\"IMG 6970\" width=\"414\" height=\"552\" longdesc=\"https:\/\/archicai.local?longdesc=71651&amp;referrer=0\" title=\"\"><figcaption id=\"caption-attachment-71651\" class=\"wp-caption-text\">Maddalena alle prese con la preparazione di un torta<\/figcaption><\/figure>\n<figure id=\"attachment_71652\" aria-describedby=\"caption-attachment-71652\" style=\"width: 413px\" class=\"wp-caption alignright\"><img loading=\"lazy\" decoding=\"async\" id=\"longdesc-return-71652\" class=\"wp-image-71652\" src=\"https:\/\/organizzazione.cai.it\/gr-lombardia\/wp-content\/uploads\/sites\/63\/2024\/10\/image_6483441-7.jpg\" alt=\"image 6483441 7\" width=\"413\" height=\"551\" longdesc=\"https:\/\/archicai.local?longdesc=71652&amp;referrer=0\" title=\"\"><figcaption id=\"caption-attachment-71652\" class=\"wp-caption-text\">Disegnino di Tommaso<\/figcaption><\/figure>\n<div style=\"clear: both;\"><\/div>\n<div style=\"clear: both;\"><\/div>\n<div style=\"clear: both;\"><\/div>\n","protected":false},"excerpt":{"rendered":"<p>Le montagne lombarde hanno ospitato i bambini e le loro famiglie grazie al progetto #FG4M &#8211; Famiglie e giovani in Montagna &#8211; Estate 2023 in Rifugio, progetto realizzato grazie al [&hellip;]<\/p>\n","protected":false},"author":1,"featured_media":36,"parent":6763,"menu_order":37,"comment_status":"closed","ping_status":"closed","template":"","meta":{"footnotes":""},"rankMath":{"parentDomain":"organizzazione.cai.it","noFollowDomains":[],"noFollowExcludeDomains":[],"noFollowExternalLinks":false,"featuredImageNotice":"L&#039;immagine in evidenza dovrebbe essere di almeno 200 x 200 pixel per essere ripresa da Facebook e altri siti di social media.","pluginReviewed":false,"postSettings":{"linkSuggestions":true,"useFocusKeyword":false},"frontEndScore":false,"postName":"2023-2","permalinkFormat":"https:\/\/organizzazione.cai.it\/gr-lombardia\/%pagename%\/","showLockModifiedDate":true,"assessor":{"focusKeywordLink":"https:\/\/organizzazione.cai.it\/gr-lombardia\/wp-admin\/edit.php?focus_keyword=%focus_keyword%&post_type=%post_type%","hasTOCPlugin":false,"primaryTaxonomy":false,"serpData":{"title":"","description":"","focusKeywords":"","pillarContent":false,"canonicalUrl":"","breadcrumbTitle":"","advancedRobots":{"max-snippet":"-1","max-video-preview":"-1","max-image-preview":"large"},"facebookTitle":"","facebookDescription":"","facebookImage":"","facebookImageID":"","facebookHasOverlay":false,"facebookImageOverlay":"","facebookAuthor":"","twitterCardType":"","twitterUseFacebook":true,"twitterTitle":"","twitterDescription":"","twitterImage":"","twitterImageID":"","twitterHasOverlay":false,"twitterImageOverlay":"","twitterPlayerUrl":"","twitterPlayerSize":"","twitterPlayerStream":"","twitterPlayerStreamCtype":"","twitterAppDescription":"","twitterAppIphoneName":"","twitterAppIphoneID":"","twitterAppIphoneUrl":"","twitterAppIpadName":"","twitterAppIpadID":"","twitterAppIpadUrl":"","twitterAppGoogleplayName":"","twitterAppGoogleplayID":"","twitterAppGoogleplayUrl":"","twitterAppCountry":"","robots":{"index":true},"twitterAuthor":"nome utente","primaryTerm":0,"authorName":"admin","titleTemplate":"%title% %sep% CAI %sitename%","descriptionTemplate":"%excerpt%","showScoreFrontend":true,"lockModifiedDate":false},"powerWords":["incredibile","sorprendente","meraviglioso","unico","bello","felicit\u00e0","brillante","affascinante","carismatico","scioccante","chiaro","completamente","riservato","fiducia","significativo","creativo","definitivamente","delizioso","dimostrare","sbrigati","determinato","degno","dinamico","impressionante","essenziale","ispiratore","innovativo","intenso","efficace","magico","magnifico","storico","importante","incredibile","indispensabile","indimenticabile","irresistibile","leggendario","luminoso","lusso","magico","magnifico","maestoso","memorabile","miracoloso","motivante","necessario","nuovo","ufficiale","perfetto","appassionato","persuasivo","fenomenale","piacere","popolare","potere","prestigioso","prodigioso","profondo","prospero","potente","qualit\u00e0","radiante","veloce","di successo","rivoluzionario","soddisfatto","sicurezza","sensazionale","sereno","lussuoso","splendido","sublime","sorprendente","talentuoso","terrificante","unico","valore","vibrante","vittorioso","vivace","veramente","zelante","autentico","avventuroso","spettacolare","esclusivo","garantito","straordinario","favoloso","affascinante","formidabile","geniale","grandioso","gratuito","abile","illimitato","impeccabile","infallibile","infinitamente","influente","ingegnoso","indimenticabile","insostituibile","leader","maestro","notevole","innovativo","pioniere","potente","riconosciuto","rivoluzionario","sorprendente","superiore","trionfante","ultra","coraggioso","prezioso","avanguardia","vigoroso","visionario","volont\u00e0","vitale","trionfo","glorioso","inarrestabile","ineguagliabile","intelligente","invincibile","libert\u00e0","orgoglio","pace","progresso","rinnovato","saggezza","soddisfazione","sicuro","serenit\u00e0","superamento","talento","trascendente","trasformativo","coraggio","vittoria"],"diacritics":{"A":"[\\u0041\\u24B6\\uFF21\\u00C0\\u00C1\\u00C2\\u1EA6\\u1EA4\\u1EAA\\u1EA8\\u00C3\\u0100\\u0102\\u1EB0\\u1EAE\\u1EB4\\u1EB2\\u0226\\u01E0\\u00C4\\u01DE\\u1EA2\\u00C5\\u01FA\\u01CD\\u0200\\u0202\\u1EA0\\u1EAC\\u1EB6\\u1E00\\u0104\\u023A\\u2C6F]","AA":"[\\uA732]","AE":"[\\u00C6\\u01FC\\u01E2]","AO":"[\\uA734]","AU":"[\\uA736]","AV":"[\\uA738\\uA73A]","AY":"[\\uA73C]","B":"[\\u0042\\u24B7\\uFF22\\u1E02\\u1E04\\u1E06\\u0243\\u0182\\u0181]","C":"[\\u0043\\u24B8\\uFF23\\u0106\\u0108\\u010A\\u010C\\u00C7\\u1E08\\u0187\\u023B\\uA73E]","D":"[\\u0044\\u24B9\\uFF24\\u1E0A\\u010E\\u1E0C\\u1E10\\u1E12\\u1E0E\\u0110\\u018B\\u018A\\u0189\\uA779]","DZ":"[\\u01F1\\u01C4]","Dz":"[\\u01F2\\u01C5]","E":"[\\u0045\\u24BA\\uFF25\\u00C8\\u00C9\\u00CA\\u1EC0\\u1EBE\\u1EC4\\u1EC2\\u1EBC\\u0112\\u1E14\\u1E16\\u0114\\u0116\\u00CB\\u1EBA\\u011A\\u0204\\u0206\\u1EB8\\u1EC6\\u0228\\u1E1C\\u0118\\u1E18\\u1E1A\\u0190\\u018E]","F":"[\\u0046\\u24BB\\uFF26\\u1E1E\\u0191\\uA77B]","G":"[\\u0047\\u24BC\\uFF27\\u01F4\\u011C\\u1E20\\u011E\\u0120\\u01E6\\u0122\\u01E4\\u0193\\uA7A0\\uA77D\\uA77E]","H":"[\\u0048\\u24BD\\uFF28\\u0124\\u1E22\\u1E26\\u021E\\u1E24\\u1E28\\u1E2A\\u0126\\u2C67\\u2C75\\uA78D]","I":"[\\u0049\\u24BE\\uFF29\\u00CC\\u00CD\\u00CE\\u0128\\u012A\\u012C\\u0130\\u00CF\\u1E2E\\u1EC8\\u01CF\\u0208\\u020A\\u1ECA\\u012E\\u1E2C\\u0197]","J":"[\\u004A\\u24BF\\uFF2A\\u0134\\u0248]","K":"[\\u004B\\u24C0\\uFF2B\\u1E30\\u01E8\\u1E32\\u0136\\u1E34\\u0198\\u2C69\\uA740\\uA742\\uA744\\uA7A2]","L":"[\\u004C\\u24C1\\uFF2C\\u013F\\u0139\\u013D\\u1E36\\u1E38\\u013B\\u1E3C\\u1E3A\\u0141\\u023D\\u2C62\\u2C60\\uA748\\uA746\\uA780]","LJ":"[\\u01C7]","Lj":"[\\u01C8]","M":"[\\u004D\\u24C2\\uFF2D\\u1E3E\\u1E40\\u1E42\\u2C6E\\u019C]","N":"[\\u004E\\u24C3\\uFF2E\\u01F8\\u0143\\u00D1\\u1E44\\u0147\\u1E46\\u0145\\u1E4A\\u1E48\\u0220\\u019D\\uA790\\uA7A4]","NJ":"[\\u01CA]","Nj":"[\\u01CB]","O":"[\\u004F\\u24C4\\uFF2F\\u00D2\\u00D3\\u00D4\\u1ED2\\u1ED0\\u1ED6\\u1ED4\\u00D5\\u1E4C\\u022C\\u1E4E\\u014C\\u1E50\\u1E52\\u014E\\u022E\\u0230\\u00D6\\u022A\\u1ECE\\u0150\\u01D1\\u020C\\u020E\\u01A0\\u1EDC\\u1EDA\\u1EE0\\u1EDE\\u1EE2\\u1ECC\\u1ED8\\u01EA\\u01EC\\u00D8\\u01FE\\u0186\\u019F\\uA74A\\uA74C]","OI":"[\\u01A2]","OO":"[\\uA74E]","OU":"[\\u0222]","P":"[\\u0050\\u24C5\\uFF30\\u1E54\\u1E56\\u01A4\\u2C63\\uA750\\uA752\\uA754]","Q":"[\\u0051\\u24C6\\uFF31\\uA756\\uA758\\u024A]","R":"[\\u0052\\u24C7\\uFF32\\u0154\\u1E58\\u0158\\u0210\\u0212\\u1E5A\\u1E5C\\u0156\\u1E5E\\u024C\\u2C64\\uA75A\\uA7A6\\uA782]","S":"[\\u0053\\u24C8\\uFF33\\u1E9E\\u015A\\u1E64\\u015C\\u1E60\\u0160\\u1E66\\u1E62\\u1E68\\u0218\\u015E\\u2C7E\\uA7A8\\uA784]","T":"[\\u0054\\u24C9\\uFF34\\u1E6A\\u0164\\u1E6C\\u021A\\u0162\\u1E70\\u1E6E\\u0166\\u01AC\\u01AE\\u023E\\uA786]","TZ":"[\\uA728]","U":"[\\u0055\\u24CA\\uFF35\\u00D9\\u00DA\\u00DB\\u0168\\u1E78\\u016A\\u1E7A\\u016C\\u00DC\\u01DB\\u01D7\\u01D5\\u01D9\\u1EE6\\u016E\\u0170\\u01D3\\u0214\\u0216\\u01AF\\u1EEA\\u1EE8\\u1EEE\\u1EEC\\u1EF0\\u1EE4\\u1E72\\u0172\\u1E76\\u1E74\\u0244]","V":"[\\u0056\\u24CB\\uFF36\\u1E7C\\u1E7E\\u01B2\\uA75E\\u0245]","VY":"[\\uA760]","W":"[\\u0057\\u24CC\\uFF37\\u1E80\\u1E82\\u0174\\u1E86\\u1E84\\u1E88\\u2C72]","X":"[\\u0058\\u24CD\\uFF38\\u1E8A\\u1E8C]","Y":"[\\u0059\\u24CE\\uFF39\\u1EF2\\u00DD\\u0176\\u1EF8\\u0232\\u1E8E\\u0178\\u1EF6\\u1EF4\\u01B3\\u024E\\u1EFE]","Z":"[\\u005A\\u24CF\\uFF3A\\u0179\\u1E90\\u017B\\u017D\\u1E92\\u1E94\\u01B5\\u0224\\u2C7F\\u2C6B\\uA762]","a":"[\\u0061\\u24D0\\uFF41\\u1E9A\\u00E0\\u00E1\\u00E2\\u1EA7\\u1EA5\\u1EAB\\u1EA9\\u00E3\\u0101\\u0103\\u1EB1\\u1EAF\\u1EB5\\u1EB3\\u0227\\u01E1\\u00E4\\u01DF\\u1EA3\\u00E5\\u01FB\\u01CE\\u0201\\u0203\\u1EA1\\u1EAD\\u1EB7\\u1E01\\u0105\\u2C65\\u0250]","aa":"[\\uA733]","ae":"[\\u00E6\\u01FD\\u01E3]","ao":"[\\uA735]","au":"[\\uA737]","av":"[\\uA739\\uA73B]","ay":"[\\uA73D]","b":"[\\u0062\\u24D1\\uFF42\\u1E03\\u1E05\\u1E07\\u0180\\u0183\\u0253]","c":"[\\u0063\\u24D2\\uFF43\\u0107\\u0109\\u010B\\u010D\\u00E7\\u1E09\\u0188\\u023C\\uA73F\\u2184]","d":"[\\u0064\\u24D3\\uFF44\\u1E0B\\u010F\\u1E0D\\u1E11\\u1E13\\u1E0F\\u0111\\u018C\\u0256\\u0257\\uA77A]","dz":"[\\u01F3\\u01C6]","e":"[\\u0065\\u24D4\\uFF45\\u00E8\\u00E9\\u00EA\\u1EC1\\u1EBF\\u1EC5\\u1EC3\\u1EBD\\u0113\\u1E15\\u1E17\\u0115\\u0117\\u00EB\\u1EBB\\u011B\\u0205\\u0207\\u1EB9\\u1EC7\\u0229\\u1E1D\\u0119\\u1E19\\u1E1B\\u0247\\u025B\\u01DD]","f":"[\\u0066\\u24D5\\uFF46\\u1E1F\\u0192\\uA77C]","g":"[\\u0067\\u24D6\\uFF47\\u01F5\\u011D\\u1E21\\u011F\\u0121\\u01E7\\u0123\\u01E5\\u0260\\uA7A1\\u1D79\\uA77F]","h":"[\\u0068\\u24D7\\uFF48\\u0125\\u1E23\\u1E27\\u021F\\u1E25\\u1E29\\u1E2B\\u1E96\\u0127\\u2C68\\u2C76\\u0265]","hv":"[\\u0195]","i":"[\\u0069\\u24D8\\uFF49\\u00EC\\u00ED\\u00EE\\u0129\\u012B\\u012D\\u00EF\\u1E2F\\u1EC9\\u01D0\\u0209\\u020B\\u1ECB\\u012F\\u1E2D\\u0268\\u0131]","j":"[\\u006A\\u24D9\\uFF4A\\u0135\\u01F0\\u0249]","k":"[\\u006B\\u24DA\\uFF4B\\u1E31\\u01E9\\u1E33\\u0137\\u1E35\\u0199\\u2C6A\\uA741\\uA743\\uA745\\uA7A3]","l":"[\\u006C\\u24DB\\uFF4C\\u0140\\u013A\\u013E\\u1E37\\u1E39\\u013C\\u1E3D\\u1E3B\\u017F\\u0142\\u019A\\u026B\\u2C61\\uA749\\uA781\\uA747]","lj":"[\\u01C9]","m":"[\\u006D\\u24DC\\uFF4D\\u1E3F\\u1E41\\u1E43\\u0271\\u026F]","n":"[\\u006E\\u24DD\\uFF4E\\u01F9\\u0144\\u00F1\\u1E45\\u0148\\u1E47\\u0146\\u1E4B\\u1E49\\u019E\\u0272\\u0149\\uA791\\uA7A5]","nj":"[\\u01CC]","o":"[\\u006F\\u24DE\\uFF4F\\u00F2\\u00F3\\u00F4\\u1ED3\\u1ED1\\u1ED7\\u1ED5\\u00F5\\u1E4D\\u022D\\u1E4F\\u014D\\u1E51\\u1E53\\u014F\\u022F\\u0231\\u00F6\\u022B\\u1ECF\\u0151\\u01D2\\u020D\\u020F\\u01A1\\u1EDD\\u1EDB\\u1EE1\\u1EDF\\u1EE3\\u1ECD\\u1ED9\\u01EB\\u01ED\\u00F8\\u01FF\\u0254\\uA74B\\uA74D\\u0275]","oi":"[\\u01A3]","ou":"[\\u0223]","oo":"[\\uA74F]","p":"[\\u0070\\u24DF\\uFF50\\u1E55\\u1E57\\u01A5\\u1D7D\\uA751\\uA753\\uA755]","q":"[\\u0071\\u24E0\\uFF51\\u024B\\uA757\\uA759]","r":"[\\u0072\\u24E1\\uFF52\\u0155\\u1E59\\u0159\\u0211\\u0213\\u1E5B\\u1E5D\\u0157\\u1E5F\\u024D\\u027D\\uA75B\\uA7A7\\uA783]","s":"[\\u0073\\u24E2\\uFF53\\u015B\\u1E65\\u015D\\u1E61\\u0161\\u1E67\\u1E63\\u1E69\\u0219\\u015F\\u023F\\uA7A9\\uA785\\u1E9B]","ss":"[\\u00DF]","t":"[\\u0074\\u24E3\\uFF54\\u1E6B\\u1E97\\u0165\\u1E6D\\u021B\\u0163\\u1E71\\u1E6F\\u0167\\u01AD\\u0288\\u2C66\\uA787]","tz":"[\\uA729]","u":"[\\u0075\\u24E4\\uFF55\\u00F9\\u00FA\\u00FB\\u0169\\u1E79\\u016B\\u1E7B\\u016D\\u00FC\\u01DC\\u01D8\\u01D6\\u01DA\\u1EE7\\u016F\\u0171\\u01D4\\u0215\\u0217\\u01B0\\u1EEB\\u1EE9\\u1EEF\\u1EED\\u1EF1\\u1EE5\\u1E73\\u0173\\u1E77\\u1E75\\u0289]","v":"[\\u0076\\u24E5\\uFF56\\u1E7D\\u1E7F\\u028B\\uA75F\\u028C]","vy":"[\\uA761]","w":"[\\u0077\\u24E6\\uFF57\\u1E81\\u1E83\\u0175\\u1E87\\u1E85\\u1E98\\u1E89\\u2C73]","x":"[\\u0078\\u24E7\\uFF58\\u1E8B\\u1E8D]","y":"[\\u0079\\u24E8\\uFF59\\u1EF3\\u00FD\\u0177\\u1EF9\\u0233\\u1E8F\\u00FF\\u1EF7\\u1E99\\u1EF5\\u01B4\\u024F\\u1EFF]","z":"[\\u007A\\u24E9\\uFF5A\\u017A\\u1E91\\u017C\\u017E\\u1E93\\u1E95\\u01B6\\u0225\\u0240\\u2C6C\\uA763]"},"researchesTests":["contentHasTOC","contentHasShortParagraphs","contentHasAssets","keywordInTitle","keywordInMetaDescription","keywordInPermalink","keywordIn10Percent","keywordInContent","keywordInSubheadings","keywordInImageAlt","keywordDensity","keywordNotUsed","lengthContent","lengthPermalink","linksHasInternal","linksHasExternals","linksNotAllExternals","titleStartWithKeyword","titleSentiment","titleHasPowerWords","titleHasNumber","hasContentAI"],"hasRedirection":true,"hasBreadcrumb":true},"homeUrl":"https:\/\/organizzazione.cai.it\/gr-lombardia","objectID":1030,"objectType":"post","locale":"it","localeFull":"it_IT","overlayImages":{"play":{"name":"Icona di riproduzione","url":"https:\/\/organizzazione.cai.it\/gr-lombardia\/wp-content\/plugins\/seo-by-rank-math\/assets\/admin\/img\/icon-play.png","path":"\/var\/www\/vhosts\/organizzazione.cai.it\/httpdocs\/wp-content\/plugins\/seo-by-rank-math\/assets\/admin\/img\/icon-play.png","position":"middle_center"},"gif":{"name":"Icona GIF","url":"https:\/\/organizzazione.cai.it\/gr-lombardia\/wp-content\/plugins\/seo-by-rank-math\/assets\/admin\/img\/icon-gif.png","path":"\/var\/www\/vhosts\/organizzazione.cai.it\/httpdocs\/wp-content\/plugins\/seo-by-rank-math\/assets\/admin\/img\/icon-gif.png","position":"middle_center"}},"defautOgImage":"https:\/\/organizzazione.cai.it\/gr-lombardia\/wp-content\/uploads\/sites\/63\/2024\/09\/og.webp","customPermalinks":true,"isUserRegistered":false,"autoSuggestKeywords":false,"connectSiteUrl":"https:\/\/rankmath.com\/auth?site=https%3A%2F%2Forganizzazione.cai.it%2Fgr-lombardia&r=https%3A%2F%2Forganizzazione.cai.it%2Fgr-lombardia%2Fwp-json%2Fwp%2Fv2%2Fpages%2F1030%3Fnonce%3D8daf901a58","maxTags":5,"trendsIcon":"<svg viewBox=\"0 0 610 610\"><path d=\"M18.85,446,174.32,290.48l58.08,58.08L76.93,504a14.54,14.54,0,0,1-20.55,0L18.83,466.48a14.54,14.54,0,0,1,0-20.55Z\" style=\"fill:#4285f4\"\/><path d=\"M242.65,242.66,377.59,377.6l-47.75,47.75a14.54,14.54,0,0,1-20.55,0L174.37,290.43l47.75-47.75A14.52,14.52,0,0,1,242.65,242.66Z\" style=\"fill:#ea4335\"\/><polygon points=\"319.53 319.53 479.26 159.8 537.34 217.88 377.61 377.62 319.53 319.53\" style=\"fill:#fabb05\"\/><path d=\"M594.26,262.73V118.61h0a16.94,16.94,0,0,0-16.94-16.94H433.2a16.94,16.94,0,0,0-12,28.92L565.34,274.71h0a16.94,16.94,0,0,0,28.92-12Z\" style=\"fill:#34a853\"\/><rect width=\"610\" height=\"610\" style=\"fill:none\"\/><\/svg>","showScore":true,"siteFavIcon":"data:image\/png;base64,iVBORw0KGgoAAAANSUhEUgAAABAAAAAQCAYAAAAf8\/9hAAABs0lEQVR4AWL4\/\/8\/RRjO8Iucx+noO0MWUDo16FYABMGP6ZfUcRnWtm27jVPbtm3bttuH2t3eFPcY9pLz7NxiLjCyVd87pKnHyqXyxtCs8APd0rnyxiu4qSeA3QEDrAwBDrT1s1Rc\/OrjLZwqVmOSu6+Lamcpp2KKMA9PH1BYXMe1mUP5qotvXTywsOEEYHXxrY+3cqk6TMkYpNr2FeoY3KIr0RPtn9wQ2unlA+GMkRw6+9TFw4YTwDUzx\/JVvARj9KaedXRO8P5B1Du2S32smzqUrcKGEyA+uAgQjKX7zf0boWHGfn71jIKj2689gxp7OAGShNcBUmLMPVjZuiKcA2vuWHHDCQxMCz629kXAIU4ApY15QwggAFbfOP9DhgBJ+nWVJ1AZAfICAj1pAlY6hCADZnveQf7bQIwzVONGJonhLIlS9gr5mFg44Xd+4S3XHoGNPdJl1INIwKyEgHckEhgTe1bGiFY9GSFBYUwLh1IkiJUbY407E7syBSFxKTszEoiE\/YdrgCEayDmtaJwCI9uu8TKMuZSVfSa4BpGgzvomBR\/INhLGzrqDotp01ZR8pn\/1L0JN9d9XNyx0AAAAAElFTkSuQmCC","canUser":{"general":false,"advanced":false,"snippet":false,"social":false,"analysis":false,"analytics":false,"content_ai":false},"showKeywordIntent":true,"isPro":false,"is_front_page":false,"trendsUpgradeLink":"https:\/\/rankmath.com\/pricing\/?utm_source=Plugin&utm_medium=CE%20General%20Tab%20Trends&utm_campaign=WP","trendsUpgradeLabel":"Aggiorna","trendsPreviewImage":"https:\/\/organizzazione.cai.it\/gr-lombardia\/wp-content\/plugins\/seo-by-rank-math\/assets\/admin\/img\/trends-preview.jpg","currentEditor":false,"homepageData":{"assessor":{"powerWords":["incredibile","sorprendente","meraviglioso","unico","bello","felicit\u00e0","brillante","affascinante","carismatico","scioccante","chiaro","completamente","riservato","fiducia","significativo","creativo","definitivamente","delizioso","dimostrare","sbrigati","determinato","degno","dinamico","impressionante","essenziale","ispiratore","innovativo","intenso","efficace","magico","magnifico","storico","importante","incredibile","indispensabile","indimenticabile","irresistibile","leggendario","luminoso","lusso","magico","magnifico","maestoso","memorabile","miracoloso","motivante","necessario","nuovo","ufficiale","perfetto","appassionato","persuasivo","fenomenale","piacere","popolare","potere","prestigioso","prodigioso","profondo","prospero","potente","qualit\u00e0","radiante","veloce","di successo","rivoluzionario","soddisfatto","sicurezza","sensazionale","sereno","lussuoso","splendido","sublime","sorprendente","talentuoso","terrificante","unico","valore","vibrante","vittorioso","vivace","veramente","zelante","autentico","avventuroso","spettacolare","esclusivo","garantito","straordinario","favoloso","affascinante","formidabile","geniale","grandioso","gratuito","abile","illimitato","impeccabile","infallibile","infinitamente","influente","ingegnoso","indimenticabile","insostituibile","leader","maestro","notevole","innovativo","pioniere","potente","riconosciuto","rivoluzionario","sorprendente","superiore","trionfante","ultra","coraggioso","prezioso","avanguardia","vigoroso","visionario","volont\u00e0","vitale","trionfo","glorioso","inarrestabile","ineguagliabile","intelligente","invincibile","libert\u00e0","orgoglio","pace","progresso","rinnovato","saggezza","soddisfazione","sicuro","serenit\u00e0","superamento","talento","trascendente","trasformativo","coraggio","vittoria"],"diacritics":true,"researchesTests":["contentHasTOC","contentHasShortParagraphs","contentHasAssets","keywordInTitle","keywordInMetaDescription","keywordInPermalink","keywordIn10Percent","keywordInContent","keywordInSubheadings","keywordInImageAlt","keywordDensity","keywordNotUsed","lengthContent","lengthPermalink","linksHasInternal","linksHasExternals","linksNotAllExternals","titleStartWithKeyword","titleSentiment","titleHasPowerWords","titleHasNumber","hasContentAI"],"hasBreadcrumb":true,"serpData":{"title":"%sitename% %page% %sep% %sitedesc%","description":"","titleTemplate":"%sitename% %page% %sep% %sitedesc%","descriptionTemplate":"","focusKeywords":"","breadcrumbTitle":"Home","robots":{"index":true},"advancedRobots":{"max-snippet":"-1","max-video-preview":"-1","max-image-preview":"large"},"facebookTitle":"","facebookDescription":"","facebookImage":"","facebookImageID":""}}},"tocTitle":"Table of Contents","tocExcludeHeadings":[],"listStyle":"ul"},"_links":{"self":[{"href":"https:\/\/organizzazione.cai.it\/gr-lombardia\/wp-json\/wp\/v2\/pages\/1030"}],"collection":[{"href":"https:\/\/organizzazione.cai.it\/gr-lombardia\/wp-json\/wp\/v2\/pages"}],"about":[{"href":"https:\/\/organizzazione.cai.it\/gr-lombardia\/wp-json\/wp\/v2\/types\/page"}],"author":[{"embeddable":true,"href":"https:\/\/organizzazione.cai.it\/gr-lombardia\/wp-json\/wp\/v2\/users\/1"}],"replies":[{"embeddable":true,"href":"https:\/\/organizzazione.cai.it\/gr-lombardia\/wp-json\/wp\/v2\/comments?post=1030"}],"version-history":[{"count":2,"href":"https:\/\/organizzazione.cai.it\/gr-lombardia\/wp-json\/wp\/v2\/pages\/1030\/revisions"}],"predecessor-version":[{"id":1958,"href":"https:\/\/organizzazione.cai.it\/gr-lombardia\/wp-json\/wp\/v2\/pages\/1030\/revisions\/1958"}],"up":[{"embeddable":true,"href":"https:\/\/organizzazione.cai.it\/gr-lombardia\/wp-json\/wp\/v2\/pages\/6763"}],"wp:featuredmedia":[{"embeddable":true,"href":"https:\/\/organizzazione.cai.it\/gr-lombardia\/wp-json\/"}],"wp:attachment":[{"href":"https:\/\/organizzazione.cai.it\/gr-lombardia\/wp-json\/wp\/v2\/media?parent=1030"}],"curies":[{"name":"wp","href":"https:\/\/api.w.org\/{rel}","templated":true}]}}