{"id":862,"date":"2024-08-03T11:39:27","date_gmt":"2024-08-03T11:39:27","guid":{"rendered":"https:\/\/organizzazione.cai.it\/gr-lombardia\/famiglie-e-giovani\/fg2m-2024\/"},"modified":"2025-06-23T21:29:29","modified_gmt":"2025-06-23T21:29:29","slug":"fg2m-2024","status":"publish","type":"page","link":"https:\/\/organizzazione.cai.it\/gr-lombardia\/famiglie-e-giovani\/archivio-fg4m\/fg2m-2024\/","title":{"rendered":"#fg4m 2024"},"content":{"rendered":"\n<figure class=\"wp-block-embed is-type-video is-provider-vimeo wp-block-embed-vimeo wp-embed-aspect-16-9 wp-has-aspect-ratio\"><div class=\"wp-block-embed__wrapper\">\n<iframe loading=\"lazy\" title=\"fgm_2024\" src=\"https:\/\/player.vimeo.com\/video\/1031537232?dnt=1&amp;app_id=122963\" width=\"640\" height=\"360\" frameborder=\"0\" allow=\"autoplay; fullscreen; picture-in-picture; clipboard-write\"><\/iframe>\n<\/div><\/figure>\n\n\n<p><img loading=\"lazy\" decoding=\"async\" id=\"longdesc-return-82030\" class=\" wp-image-82030\" src=\"https:\/\/organizzazione.cai.it\/gr-lombardia\/wp-content\/uploads\/sites\/63\/2024\/10\/fgm2024.jpg\" alt=\"fgm2024\" width=\"538\" height=\"323\" longdesc=\"https:\/\/archicai.local?longdesc=82030&amp;referrer=0\" title=\"\"><\/p>\n<table style=\"border-collapse: collapse;width: 1200px\" border=\"0\">\n<tbody>\n<tr>\n<td style=\"width: 400px\"><img decoding=\"async\" src=\"https:\/\/organizzazione.cai.it\/gr-lombardia\/wp-content\/uploads\/sites\/63\/2024\/10\/301.jpg\" alt=\"- CAI\" title=\"\"><\/td>\n<td style=\"width: 400px\"><img decoding=\"async\" src=\"https:\/\/organizzazione.cai.it\/gr-lombardia\/wp-content\/uploads\/sites\/63\/2024\/10\/302.jpg\" alt=\"- CAI\" title=\"\"><\/td>\n<td style=\"width: 400px\"><img decoding=\"async\" src=\"https:\/\/organizzazione.cai.it\/gr-lombardia\/wp-content\/uploads\/sites\/63\/2024\/10\/303.jpg\" alt=\"- CAI\" title=\"\"><\/td>\n<\/tr>\n<tr>\n<td style=\"width: 400px\"><img decoding=\"async\" src=\"https:\/\/organizzazione.cai.it\/gr-lombardia\/wp-content\/uploads\/sites\/63\/2024\/10\/304.jpg\" alt=\"- CAI\" title=\"\"><\/td>\n<td style=\"width: 400px\"><img decoding=\"async\" src=\"https:\/\/organizzazione.cai.it\/gr-lombardia\/wp-content\/uploads\/sites\/63\/2024\/10\/305.jpg\" alt=\"- CAI\" title=\"\"><\/td>\n<td style=\"width: 400px\">Da Giulio Missaglia<\/td>\n<\/tr>\n<tr>\n<td colspan=\"3\"><em>foto relative alla nostra uscita sui monti di Santa Caterina Valfurva dal rifugio Stella Alpina , nei giorni 3,4 e 5 agosto , iniziativa ben accettata da piccoli e grandi!!!Giulio, Argia , Adele, Alice e il piccolo Lu Grazie<\/em><\/td>\n<\/tr>\n<tr>\n<td style=\"width: 400px\"><img decoding=\"async\" src=\"https:\/\/organizzazione.cai.it\/gr-lombardia\/wp-content\/uploads\/sites\/63\/2024\/10\/306.jpg\" alt=\"- CAI\" title=\"\"><\/td>\n<td style=\"width: 400px\"><img decoding=\"async\" src=\"https:\/\/organizzazione.cai.it\/gr-lombardia\/wp-content\/uploads\/sites\/63\/2024\/10\/307.jpg\" alt=\"- CAI\" title=\"\"><\/td>\n<td style=\"width: 400px\"><img decoding=\"async\" src=\"https:\/\/organizzazione.cai.it\/gr-lombardia\/wp-content\/uploads\/sites\/63\/2024\/10\/308.jpg\" alt=\"- CAI\" title=\"\"><\/td>\n<\/tr>\n<tr>\n<td colspan=\"3\">Samuele&amp;Daniel e Famiglia al rifugio Albani in Presolana<br \/>\n<em> &#8211; 3\/4 Agosto 2024 Salita bella e selvaggia da Colere Sent 402. Rifugio accogliente con ottima cucina e personale molto gentile. Meraviglioso dormire ai piedi della Regina delle Orobie, che abbiamo ammirato in tutta la sua imponenza. Grazie per questa opportunit\u00e0! <\/em><\/td>\n<\/tr>\n<tr>\n<td style=\"width: 400px\"><img decoding=\"async\" src=\"https:\/\/organizzazione.cai.it\/gr-lombardia\/wp-content\/uploads\/sites\/63\/2024\/10\/309.jpg\" alt=\"- CAI\" title=\"\"><\/td>\n<td style=\"width: 400px\"><img decoding=\"async\" src=\"https:\/\/organizzazione.cai.it\/gr-lombardia\/wp-content\/uploads\/sites\/63\/2024\/10\/310.jpg\" alt=\"- CAI\" title=\"\"><\/td>\n<td style=\"width: 400px\"><img decoding=\"async\" src=\"https:\/\/organizzazione.cai.it\/gr-lombardia\/wp-content\/uploads\/sites\/63\/2024\/10\/311.jpg\" alt=\"- CAI\" title=\"\"><\/td>\n<\/tr>\n<tr>\n<td style=\"width: 400px\"><img decoding=\"async\" src=\"https:\/\/organizzazione.cai.it\/gr-lombardia\/wp-content\/uploads\/sites\/63\/2024\/10\/312.jpg\" alt=\"- CAI\" title=\"\"><\/td>\n<td><em> Carona, rifugio laghi Gemelli, giro dei laghi, rifugio Calvi. Tanti laghi, uno pi\u00f9 bello dell&#8217;altro, che fanno passare in secondo piano la fatica per raggiungerli.<br \/>\nPanorami magnifici, che rimarranno nella memoria dei miei ragazzi per sempre. Un caro saluto<\/em><br \/>\nAlessandro Stucchi<\/td>\n<\/tr>\n<tr>\n<td style=\"width: 400px\"><img decoding=\"async\" src=\"https:\/\/organizzazione.cai.it\/gr-lombardia\/wp-content\/uploads\/sites\/63\/2024\/10\/313.jpg\" alt=\"- CAI\" title=\"\"><\/td>\n<td style=\"width: 400px\"><img decoding=\"async\" src=\"https:\/\/organizzazione.cai.it\/gr-lombardia\/wp-content\/uploads\/sites\/63\/2024\/10\/314.jpg\" alt=\"- CAI\" title=\"\"><\/td>\n<td style=\"width: 400px\"><img decoding=\"async\" src=\"https:\/\/organizzazione.cai.it\/gr-lombardia\/wp-content\/uploads\/sites\/63\/2024\/10\/315.jpg\" alt=\"- CAI\" title=\"\"><\/td>\n<\/tr>\n<tr>\n<td style=\"width: 400px\"><img decoding=\"async\" src=\"https:\/\/organizzazione.cai.it\/gr-lombardia\/wp-content\/uploads\/sites\/63\/2024\/10\/316.jpg\" alt=\"- CAI\" title=\"\"><\/td>\n<td style=\"width: 400px\"><img decoding=\"async\" src=\"https:\/\/organizzazione.cai.it\/gr-lombardia\/wp-content\/uploads\/sites\/63\/2024\/10\/317.jpg\" alt=\"- CAI\" title=\"\"><\/td>\n<td style=\"width: 400px\">Federica Rinaldi<br \/>\n<em> Grazie per la bellissima iniziativa! Siamo tornati al Rifugio Coca dopo vent&#8217;anni con l&#8217;emozione di portare i nostri figli! Nonostante il percorso bello tosto, siamo stati ripagati dal bellissimo panorama e dal saluto degli stambecchi! Al prossimo anno! <\/em><br \/>\nFederica, Fabrizio, Leonardo e Ginevra.<\/td>\n<\/tr>\n<tr>\n<td style=\"width: 400px\"><img decoding=\"async\" src=\"https:\/\/organizzazione.cai.it\/gr-lombardia\/wp-content\/uploads\/sites\/63\/2024\/10\/318.jpg\" alt=\"- CAI\" title=\"\"><\/td>\n<td style=\"width: 400px\"><img decoding=\"async\" src=\"https:\/\/organizzazione.cai.it\/gr-lombardia\/wp-content\/uploads\/sites\/63\/2024\/10\/319.jpg\" alt=\"- CAI\" title=\"\"><\/td>\n<td style=\"width: 400px\"><img decoding=\"async\" src=\"https:\/\/organizzazione.cai.it\/gr-lombardia\/wp-content\/uploads\/sites\/63\/2024\/10\/320.jpg\" alt=\"- CAI\" title=\"\"><\/td>\n<\/tr>\n<tr>\n<td colspan=\"3\">Magda Branchi<br \/>\n<em> Grazie mille per questa esperienza vissuta presso il rifugio Tonolini Grazie a Fabio e a tutto il suo Staff<\/em><\/td>\n<\/tr>\n<tr>\n<td style=\"width: 400px\"><img decoding=\"async\" src=\"https:\/\/organizzazione.cai.it\/gr-lombardia\/wp-content\/uploads\/sites\/63\/2024\/10\/321.jpeg\" alt=\"- CAI\" title=\"\"><\/td>\n<td style=\"width: 400px\"><img decoding=\"async\" src=\"https:\/\/organizzazione.cai.it\/gr-lombardia\/wp-content\/uploads\/sites\/63\/2024\/10\/322.jpeg\" alt=\"- CAI\" title=\"\"><\/td>\n<td style=\"width: 400px\"><img decoding=\"async\" src=\"https:\/\/organizzazione.cai.it\/gr-lombardia\/wp-content\/uploads\/sites\/63\/2024\/10\/323.jpeg\" alt=\"- CAI\" title=\"\"><\/td>\n<\/tr>\n<tr>\n<td style=\"width: 400px\"><img decoding=\"async\" src=\"https:\/\/organizzazione.cai.it\/gr-lombardia\/wp-content\/uploads\/sites\/63\/2024\/10\/324.jpeg\" alt=\"- CAI\" title=\"\"><\/td>\n<td colspan=\"2\">Da Claudia<br \/>\n<em> ecco qualche foto fatta presso il rifugio Gnutti e il percorso, bellissima iniziativa e opportunit\u00e0, grazie ! <\/em><\/td>\n<\/tr>\n<tr>\n<td style=\"width: 400px\"><img decoding=\"async\" src=\"https:\/\/organizzazione.cai.it\/gr-lombardia\/wp-content\/uploads\/sites\/63\/2024\/10\/325.jpeg\" alt=\"- CAI\" title=\"\"><\/td>\n<td style=\"width: 400px\"><img decoding=\"async\" src=\"https:\/\/organizzazione.cai.it\/gr-lombardia\/wp-content\/uploads\/sites\/63\/2024\/10\/326.jpeg\" alt=\"- CAI\" title=\"\"><\/td>\n<td style=\"width: 400px\">Roberta Pogna da Malga Stain<\/td>\n<td><\/td>\n<\/tr>\n<tr>\n<td style=\"width: 400px\"><img decoding=\"async\" src=\"https:\/\/organizzazione.cai.it\/gr-lombardia\/wp-content\/uploads\/sites\/63\/2024\/10\/327.jpg\" alt=\"- CAI\" title=\"\"><\/td>\n<td style=\"width: 400px\"><img decoding=\"async\" src=\"https:\/\/organizzazione.cai.it\/gr-lombardia\/wp-content\/uploads\/sites\/63\/2024\/10\/328.jpg\" alt=\"- CAI\" title=\"\"><\/td>\n<td style=\"width: 400px\">Da Luigi Mondini<br \/>\n<em>foto scattate ai miei figli Mondini Riccardo e Mondini Nicola durante la gita fatta al rif. Tita Secchi il 9\/10 agosto. Ringraziamo i giovani rifugisti per il vitto e l&#8217;alloggio. Grazie al CAI e Regione Lombardia per averci dato l&#8217;opportunit\u00e0 di trascorrere uno splendido Wk in montagna. <\/em><\/td>\n<\/tr>\n<tr>\n<td style=\"width: 400px\"><img decoding=\"async\" src=\"https:\/\/organizzazione.cai.it\/gr-lombardia\/wp-content\/uploads\/sites\/63\/2024\/10\/329.jpg\" alt=\"- CAI\" title=\"\"><\/td>\n<td style=\"width: 400px\"><img decoding=\"async\" src=\"https:\/\/organizzazione.cai.it\/gr-lombardia\/wp-content\/uploads\/sites\/63\/2024\/10\/330.jpg\" alt=\"- CAI\" title=\"\"><\/td>\n<td style=\"width: 400px\"><img decoding=\"async\" src=\"https:\/\/organizzazione.cai.it\/gr-lombardia\/wp-content\/uploads\/sites\/63\/2024\/10\/331.jpg\" alt=\"- CAI\" title=\"\"><\/td>\n<\/tr>\n<tr>\n<td colspan=\"3\">Mario Ruggiero<br \/>\n<em> vi invio tre foto della bellissima esperienza che abbiamo passato al Rifugio Merelli al Coca! Salita durissima ma di grande soddisfazione. Il giorno dopo abbiamo poi raggiunto il rifugio Cur\u00f2 dopo esser passati dal lago Coca: tutto bellissimo e selvaggio come piace a noi!<br \/>\nGrazie e alla prossima<br \/>\nMario e Family<\/em><\/td>\n<\/tr>\n<tr>\n<td style=\"width: 400px\"><img decoding=\"async\" src=\"https:\/\/organizzazione.cai.it\/gr-lombardia\/wp-content\/uploads\/sites\/63\/2024\/10\/332.jpg\" alt=\"- CAI\" title=\"\"><\/td>\n<td style=\"width: 400px\"><img decoding=\"async\" src=\"https:\/\/organizzazione.cai.it\/gr-lombardia\/wp-content\/uploads\/sites\/63\/2024\/10\/333.jpg\" alt=\"- CAI\" title=\"\"><\/td>\n<td style=\"width: 400px\"><img decoding=\"async\" src=\"https:\/\/organizzazione.cai.it\/gr-lombardia\/wp-content\/uploads\/sites\/63\/2024\/10\/334.jpg\" alt=\"- CAI\" title=\"\"><\/td>\n<\/tr>\n<tr>\n<td style=\"width: 400px\"><img decoding=\"async\" src=\"https:\/\/organizzazione.cai.it\/gr-lombardia\/wp-content\/uploads\/sites\/63\/2024\/10\/335.jpg\" alt=\"- CAI\" title=\"\"><\/td>\n<td style=\"width: 400px\"><img decoding=\"async\" src=\"https:\/\/organizzazione.cai.it\/gr-lombardia\/wp-content\/uploads\/sites\/63\/2024\/10\/336.jpg\" alt=\"- CAI\" title=\"\"><\/td>\n<td style=\"width: 400px\"><img decoding=\"async\" src=\"https:\/\/organizzazione.cai.it\/gr-lombardia\/wp-content\/uploads\/sites\/63\/2024\/10\/337.jpg\" alt=\"- CAI\" title=\"\"><\/td>\n<\/tr>\n<tr>\n<td colspan=\"3\"><em> Grazie mille per aver regalato questa splendida esperienza alla nostra famiglia!!! Il rifugio Quinto Alpini \u00e8 meraviglioso&#8230; ci siamo trovati benissimo e svegliarsi a 2877 m. non ha prezzo! Bellissima iniziativa per avvicinare le famiglie alla montagna, complimenti! <\/em><br \/>\nFederica e Michele con Mattia (12 anni) e Alessia (8 anni)<\/td>\n<\/tr>\n<tr>\n<td style=\"width: 400px\"><img decoding=\"async\" src=\"https:\/\/organizzazione.cai.it\/gr-lombardia\/wp-content\/uploads\/sites\/63\/2024\/10\/338.jpeg\" alt=\"- CAI\" title=\"\"><\/td>\n<td style=\"width: 400px\"><img decoding=\"async\" src=\"https:\/\/organizzazione.cai.it\/gr-lombardia\/wp-content\/uploads\/sites\/63\/2024\/10\/339.jpeg\" alt=\"- CAI\" title=\"\"><\/td>\n<td style=\"width: 400px\"><img decoding=\"async\" src=\"https:\/\/organizzazione.cai.it\/gr-lombardia\/wp-content\/uploads\/sites\/63\/2024\/10\/340.jpeg\" alt=\"- CAI\" title=\"\"><\/td>\n<\/tr>\n<tr>\n<td style=\"width: 400px\"><img decoding=\"async\" src=\"https:\/\/organizzazione.cai.it\/gr-lombardia\/wp-content\/uploads\/sites\/63\/2024\/10\/341.jpeg\" alt=\"- CAI\" title=\"\"><\/td>\n<td colspan=\"2\">Silvia Migliaccio<br \/>\n<em> Federico (7 anni e mezzo) e mamma Silvia ringraziano per l&#8217;iniziativa Famiglie e Giovani in Montagna. Abbiamo un ricordo meraviglioso di questa esperienza!Il 21 agosto scorso abbiamo percorso con entusiasmo il sentiero per il Rifugio Malga Stain. Un&#8217;oretta di cammino per raggiungere questa piccola oasi di felicit\u00e0. Il rifugio Malga Stain si trova su un bel balcone panoramico per tramonti da favola, ha un&#8217;ottima cucina e i gestori sono persone squisite e sorridenti. Sapevamo quello che ci aspettava perch\u00e9 tre anni prima Federico aveva iniziato la sua carriera di escursionista facendo un timbrino proprio qui, quindi non vedevamo l&#8217;ora di tornarci e, perch\u00e9 no, provare l&#8217;esperienza di dormire nelle loro canadesi in legno&#8230; beh, anche oltre le aspettative, voto: mille!<\/em><\/td>\n<\/tr>\n<tr>\n<td style=\"width: 400px\"><img decoding=\"async\" src=\"https:\/\/organizzazione.cai.it\/gr-lombardia\/wp-content\/uploads\/sites\/63\/2024\/10\/342.jpg\" alt=\"- CAI\" title=\"\"><\/td>\n<td style=\"width: 400px\"><img decoding=\"async\" src=\"https:\/\/organizzazione.cai.it\/gr-lombardia\/wp-content\/uploads\/sites\/63\/2024\/10\/343.jpg\" alt=\"- CAI\" title=\"\"><\/td>\n<td style=\"width: 400px\"><img decoding=\"async\" src=\"https:\/\/organizzazione.cai.it\/gr-lombardia\/wp-content\/uploads\/sites\/63\/2024\/10\/344.jpg\" alt=\"- CAI\" title=\"\"><\/td>\n<\/tr>\n<tr>\n<td style=\"width: 400px\"><img decoding=\"async\" src=\"https:\/\/organizzazione.cai.it\/gr-lombardia\/wp-content\/uploads\/sites\/63\/2024\/10\/345.jpg\" alt=\"- CAI\" title=\"\"><\/td>\n<td style=\"width: 400px\"><img decoding=\"async\" src=\"https:\/\/organizzazione.cai.it\/gr-lombardia\/wp-content\/uploads\/sites\/63\/2024\/10\/346.jpg\" alt=\"- CAI\" title=\"\"><\/td>\n<td style=\"width: 400px\"><img decoding=\"async\" src=\"https:\/\/organizzazione.cai.it\/gr-lombardia\/wp-content\/uploads\/sites\/63\/2024\/10\/347.jpg\" alt=\"- CAI\" title=\"\"><\/td>\n<\/tr>\n<tr>\n<td colspan=\"3\">Valentina Baratelli<br \/>\n<em> alcune foto del mio soggiorno presso il rifugio Bignami con i miei due figli Federico (13 anni) e Francesco (10 anni) insieme ad un&#8217;altra famiglia con altri due figli della stessa et\u00e0. Abbiamo sfruttato l&#8217;iniziativa della notte in rifugio e ci siamo trovati benissimo.<br \/>\nIl primo giorno abbiamo fatto il giro del lago di Gera con varie soste per ammirare il paesaggio e le imponenti cascate provenienti dal laghetto glaciologico. Siamo arrivati nel rifugio a met\u00e0 pomeriggio, giusto in tempo per gustarci un&#8217;ottima merenda con le caserecce torte presenti<br \/>\nLa mattina successiva abbiamo percorso tutti e tre i sentieri glaciologici presenti ammirando prima il limpidissimo lago Fasso e raggiungendo poi il lago del ghiacciaio di Fellaria dove ci siamo rilassati con un altro bel pic nic con i panini comprati al rifugio Bignami in compagnia di un maestoso stambecco che i ragazzi hanno cercato di fotografare da vicino.<br \/>\nDopo pranzo sono apparsi nuvoloni neri in cielo cos\u00ec ci siamo avviati lungo la strada del ritorno, temendo in un possibile temporale che per\u00f2, fortunatamente, non ci ha colpiti. Siamo riusciti a tornare al parcheggio senza una goccia di pioggia, felici dell&#8217;esperienza vissuta insieme in questo luogo cos\u00ec speciale.<\/em><br \/>\nGrazie per questa preziosa opportunit\u00e0!<\/td>\n<\/tr>\n<tr>\n<td style=\"width: 400px\"><img decoding=\"async\" src=\"https:\/\/organizzazione.cai.it\/gr-lombardia\/wp-content\/uploads\/sites\/63\/2024\/10\/348.jpg\" alt=\"- CAI\" title=\"\"><\/td>\n<td style=\"width: 400px\"><img decoding=\"async\" src=\"https:\/\/organizzazione.cai.it\/gr-lombardia\/wp-content\/uploads\/sites\/63\/2024\/10\/349.jpg\" alt=\"- CAI\" title=\"\"><\/td>\n<td style=\"width: 400px\"><img decoding=\"async\" src=\"https:\/\/organizzazione.cai.it\/gr-lombardia\/wp-content\/uploads\/sites\/63\/2024\/10\/350.jpg\" alt=\"- CAI\" title=\"\"><\/td>\n<\/tr>\n<tr>\n<td style=\"width: 400px\"><img decoding=\"async\" src=\"https:\/\/organizzazione.cai.it\/gr-lombardia\/wp-content\/uploads\/sites\/63\/2024\/10\/351.jpg\" alt=\"- CAI\" title=\"\"><\/td>\n<td style=\"width: 400px\"><img decoding=\"async\" src=\"https:\/\/organizzazione.cai.it\/gr-lombardia\/wp-content\/uploads\/sites\/63\/2024\/10\/352.jpg\" alt=\"- CAI\" title=\"\"><\/td>\n<td style=\"width: 400px\"><img decoding=\"async\" src=\"https:\/\/organizzazione.cai.it\/gr-lombardia\/wp-content\/uploads\/sites\/63\/2024\/10\/353.jpg\" alt=\"- CAI\" title=\"\"><\/td>\n<\/tr>\n<tr>\n<td colspan=\"3\">Valentina Baratelli<br \/>\n<em> Grazie per questa grande iniziativa che ci ha permesso anche quest&#8217;anno di vivere in compagnia l&#8217;esperienza della nostra &#8220;notte in rifugio&#8221;<br \/>\nLa montagna lascia segni indelebili e ricordi preziosi specialmente nei cuori dei nostri ragazzi Alla prossima!<\/em><\/td>\n<\/tr>\n<tr>\n<td style=\"width: 400px\"><img decoding=\"async\" src=\"https:\/\/organizzazione.cai.it\/gr-lombardia\/wp-content\/uploads\/sites\/63\/2024\/10\/354.jpg\" alt=\"- CAI\" title=\"\"><\/td>\n<td style=\"width: 400px\"><img decoding=\"async\" src=\"https:\/\/organizzazione.cai.it\/gr-lombardia\/wp-content\/uploads\/sites\/63\/2024\/10\/355.jpg\" alt=\"- CAI\" title=\"\"><\/td>\n<td style=\"width: 400px\"><img decoding=\"async\" src=\"https:\/\/organizzazione.cai.it\/gr-lombardia\/wp-content\/uploads\/sites\/63\/2024\/10\/356.jpg\" alt=\"- CAI\" title=\"\"><\/td>\n<\/tr>\n<tr>\n<td colspan=\"3\">Costanza Antonello<br \/>\n<em> Buongiorno, Grazie mille della bella iniziativa! Abbiamo soggiornato due notti con Maddalena di 5 anni al Rifugio del Grande Camerini. L&#8217;arrivo di Maddalena al rifugio e momenti di gioco assieme a bambini tedeschi conosciuti l\u00ec. <\/em><br \/>\nSaluti Costanza Antonello<\/td>\n<td><\/td>\n<\/tr>\n<tr>\n<td style=\"width: 400px\"><img decoding=\"async\" src=\"https:\/\/organizzazione.cai.it\/gr-lombardia\/wp-content\/uploads\/sites\/63\/2024\/10\/357.jpg\" alt=\"- CAI\" title=\"\"><\/td>\n<td style=\"width: 400px\"><img decoding=\"async\" src=\"https:\/\/organizzazione.cai.it\/gr-lombardia\/wp-content\/uploads\/sites\/63\/2024\/10\/358.jpg\" alt=\"- CAI\" title=\"\"><\/td>\n<td style=\"width: 400px\"><img decoding=\"async\" src=\"https:\/\/organizzazione.cai.it\/gr-lombardia\/wp-content\/uploads\/sites\/63\/2024\/10\/359.jpg\" alt=\"- CAI\" title=\"\"><\/td>\n<\/tr>\n<tr>\n<td style=\"width: 400px\"><img decoding=\"async\" src=\"https:\/\/organizzazione.cai.it\/gr-lombardia\/wp-content\/uploads\/sites\/63\/2024\/10\/360.jpg\" alt=\"- CAI\" title=\"\"><\/td>\n<td colspan=\"2\">Laura Pasta<br \/>\n<em> Quest&#8217;anno abbiamo avuto la possibilit\u00e0 di trascorrere due notti al Rifugio Chiavenna. Come sempre un\u2019esperienza indimenticabile per noi e per i nostri bambini Camilla, Dante e Diego. Abbiamo avuto modo di conoscere i gestori del rifugio: una grande &#8220;famiglia&#8221; di giovani ragazzi, con il loro super cane Caneda che ama giocare con la palla e i bambini. Circondati come sempre dalla bellezza delle montagne ci siamo trovati davvero molto bene. <\/em><br \/>\nGrazie e alla prossima.<\/td>\n<\/tr>\n<tr>\n<td style=\"width: 400px\"><img decoding=\"async\" src=\"https:\/\/organizzazione.cai.it\/gr-lombardia\/wp-content\/uploads\/sites\/63\/2024\/10\/361.jpg\" alt=\"- CAI\" title=\"\"><\/td>\n<td style=\"width: 400px\"><img decoding=\"async\" src=\"https:\/\/organizzazione.cai.it\/gr-lombardia\/wp-content\/uploads\/sites\/63\/2024\/10\/362.jpg\" alt=\"- CAI\" title=\"\"><\/td>\n<td style=\"width: 400px\">Silvia Guglietti<br \/>\n<em> Buongiorno, foto del week end passato al rif Grassi grazie al voucher fornito dal CAI. Un gruppo di 5 famiglie, tanta montagna e tanto divertimento!!!<\/em><\/td>\n<\/tr>\n<tr>\n<td style=\"width: 400px\"><img decoding=\"async\" src=\"https:\/\/organizzazione.cai.it\/gr-lombardia\/wp-content\/uploads\/sites\/63\/2024\/10\/201.jpg\" alt=\"- CAI\" title=\"\"><\/td>\n<td style=\"width: 400px\"><img decoding=\"async\" src=\"https:\/\/organizzazione.cai.it\/gr-lombardia\/wp-content\/uploads\/sites\/63\/2024\/10\/202.jpg\" alt=\"- CAI\" title=\"\"><\/td>\n<td style=\"width: 400px\"><img decoding=\"async\" src=\"https:\/\/organizzazione.cai.it\/gr-lombardia\/wp-content\/uploads\/sites\/63\/2024\/10\/203.jpg\" alt=\"- CAI\" title=\"\"><\/td>\n<\/tr>\n<tr>\n<td colspan=\"3\">Da Chiara Cesaretto:<br \/>\n<em>\u201c3 e 4 agosto in val Codera da Novate Mezzola al rifugio Brasca,grazie anche quest&#8217;anno per la bellissima iniziativa!\u201d<\/em><\/td>\n<\/tr>\n<tr>\n<td style=\"width: 400px\"><img decoding=\"async\" src=\"https:\/\/organizzazione.cai.it\/gr-lombardia\/wp-content\/uploads\/sites\/63\/2024\/10\/204.jpg\" alt=\"- CAI\" title=\"\"><\/td>\n<td style=\"width: 400px\"><img decoding=\"async\" src=\"https:\/\/organizzazione.cai.it\/gr-lombardia\/wp-content\/uploads\/sites\/63\/2024\/10\/205.jpg\" alt=\"- CAI\" title=\"\"><\/td>\n<td style=\"width: 400px\"><img decoding=\"async\" src=\"https:\/\/organizzazione.cai.it\/gr-lombardia\/wp-content\/uploads\/sites\/63\/2024\/10\/206.jpg\" alt=\"- CAI\" title=\"\"><\/td>\n<\/tr>\n<tr>\n<td style=\"width: 400px\"><img decoding=\"async\" src=\"https:\/\/organizzazione.cai.it\/gr-lombardia\/wp-content\/uploads\/sites\/63\/2024\/10\/207.jpg\" alt=\"- CAI\" title=\"\"><\/td>\n<td colspan=\"2\">Simona dai Laghi Gemelli<br \/>\n<em>Grazie per la bella esperienza che abbiamo potuto fare<\/em><\/td>\n<\/tr>\n<tr>\n<td style=\"width: 400px\"><img decoding=\"async\" src=\"https:\/\/organizzazione.cai.it\/gr-lombardia\/wp-content\/uploads\/sites\/63\/2024\/10\/208.jpg\" alt=\"- CAI\" title=\"\"><\/td>\n<td style=\"width: 400px\"><img decoding=\"async\" src=\"https:\/\/organizzazione.cai.it\/gr-lombardia\/wp-content\/uploads\/sites\/63\/2024\/10\/209.jpg\" alt=\"- CAI\" title=\"\"><\/td>\n<td style=\"width: 400px\"><img decoding=\"async\" src=\"https:\/\/organizzazione.cai.it\/gr-lombardia\/wp-content\/uploads\/sites\/63\/2024\/10\/210.jpg\" alt=\"- CAI\" title=\"\"><\/td>\n<\/tr>\n<tr>\n<td style=\"width: 400px\"><img decoding=\"async\" src=\"https:\/\/organizzazione.cai.it\/gr-lombardia\/wp-content\/uploads\/sites\/63\/2024\/10\/211.jpg\" alt=\"- CAI\" title=\"\"><\/td>\n<td colspan=\"2\">Da Francesca Carminati<br \/>\n<em> Volevo ringraziare il CAI per la bellissima opportunit\u00e0 che ha offerto ai nostri figli per potersi innamorare delle nostre bellissime montagne e vivere l&#8217;esperienza di poter soggiornare in un rifugio. Esperienza che serve a far capire che le cose belle costano fatica ma una volta. aggiunte ripagano con paesaggi meravigliosi. Che non tutto \u00e8 a portata di mano, ma alle volte bisogna accontentarsi e rinunciare ad alcune comodit\u00e0 e soprattutto che si pu\u00f2 benissimo vivere senza tecnologia, compensata con un mazzo di carte bergamasche. Un grazie infinito ai gestori del rifugio BARBELLINO e del rifugio CUR\u00d2 che hanno ci supportato e sopportato la nostra allegra brigata.<br \/>\nFrancesca, Cristina e Alessia con Marco e Manuel, Giulia, Michela e Pietro.<\/em><\/td>\n<\/tr>\n<tr>\n<td style=\"width: 400px\"><img decoding=\"async\" src=\"https:\/\/organizzazione.cai.it\/gr-lombardia\/wp-content\/uploads\/sites\/63\/2024\/10\/212.jpg\" alt=\"- CAI\" title=\"\"><\/td>\n<td style=\"width: 400px\"><img decoding=\"async\" src=\"https:\/\/organizzazione.cai.it\/gr-lombardia\/wp-content\/uploads\/sites\/63\/2024\/10\/213.jpg\" alt=\"- CAI\" title=\"\"><\/td>\n<td style=\"width: 400px\"><img decoding=\"async\" src=\"https:\/\/organizzazione.cai.it\/gr-lombardia\/wp-content\/uploads\/sites\/63\/2024\/10\/214.jpg\" alt=\"- CAI\" title=\"\"><\/td>\n<\/tr>\n<tr>\n<td colspan=\"3\">Da Daniela Brignoli<br \/>\n<em>\u201cCaterina e Lucia al Brunone,Grazie zio Marco!!!!! Grazie Anna, Andrea, Gigi e Cocco, una fantastica esperienza.<\/em><\/td>\n<\/tr>\n<tr>\n<td style=\"width: 400px\"><img decoding=\"async\" src=\"https:\/\/organizzazione.cai.it\/gr-lombardia\/wp-content\/uploads\/sites\/63\/2024\/10\/215.jpg\" alt=\"- CAI\" title=\"\"><\/td>\n<td style=\"width: 400px\"><img decoding=\"async\" src=\"https:\/\/organizzazione.cai.it\/gr-lombardia\/wp-content\/uploads\/sites\/63\/2024\/10\/216.jpg\" alt=\"- CAI\" title=\"\"><\/td>\n<td style=\"width: 400px\"><img decoding=\"async\" src=\"https:\/\/organizzazione.cai.it\/gr-lombardia\/wp-content\/uploads\/sites\/63\/2024\/10\/217.jpg\" alt=\"- CAI\" title=\"\"><\/td>\n<\/tr>\n<tr>\n<td colspan=\"3\">Giancarlo Togni<br \/>\n<em>\u201cabbiamo soggiornato al rifugio Cur\u00f2 28 e 29 Luglio 2024 con giro al lago naturale.\u201d<\/em><\/td>\n<\/tr>\n<tr>\n<td style=\"width: 400px\"><img decoding=\"async\" src=\"https:\/\/organizzazione.cai.it\/gr-lombardia\/wp-content\/uploads\/sites\/63\/2024\/10\/218.jpeg\" alt=\"- CAI\" title=\"\"><\/td>\n<td colspan=\"2\">Da Gaia Bregantin<br \/>\n<em> invio la foto di mio fratello e del nostro cagnolino in una notte al rifugio Chiavenna. Esperienza indimenticabile, da rifare! Un saluto da Gaia\u201d<\/em><\/td>\n<\/tr>\n<tr>\n<td style=\"width: 400px\"><img decoding=\"async\" src=\"https:\/\/organizzazione.cai.it\/gr-lombardia\/wp-content\/uploads\/sites\/63\/2024\/10\/219.jpg\" alt=\"- CAI\" title=\"\"><\/td>\n<td style=\"width: 400px\"><img decoding=\"async\" src=\"https:\/\/organizzazione.cai.it\/gr-lombardia\/wp-content\/uploads\/sites\/63\/2024\/10\/220.jpg\" alt=\"- CAI\" title=\"\"><\/td>\n<td style=\"width: 400px\"><img decoding=\"async\" src=\"https:\/\/organizzazione.cai.it\/gr-lombardia\/wp-content\/uploads\/sites\/63\/2024\/10\/221.jpg\" alt=\"- CAI\" title=\"\"><\/td>\n<\/tr>\n<tr>\n<td style=\"width: 400px\"><img decoding=\"async\" src=\"https:\/\/organizzazione.cai.it\/gr-lombardia\/wp-content\/uploads\/sites\/63\/2024\/10\/222.jpg\" alt=\"- CAI\" title=\"\"><\/td>\n<td colspan=\"2\">Da Milena Merisio<br \/>\n<em>Famiglia Soregaroli in malga STAIN. Ringraziamo vivamente per l &#8216;iniziativa che ci ha permesso di aprire un mondo magico ai miei figli, si son divertiti un mondo!<br \/>\nGrazie ai gestori della malga per l&#8217;accoglienza e l&#8217;intrattenimento con la chitarra<\/em><\/td>\n<\/tr>\n<tr>\n<td style=\"width: 400px\"><img decoding=\"async\" src=\"https:\/\/organizzazione.cai.it\/gr-lombardia\/wp-content\/uploads\/sites\/63\/2024\/10\/223.jpg\" alt=\"- CAI\" title=\"\"><\/td>\n<td style=\"width: 400px\"><img decoding=\"async\" src=\"https:\/\/organizzazione.cai.it\/gr-lombardia\/wp-content\/uploads\/sites\/63\/2024\/10\/224.jpg\" alt=\"- CAI\" title=\"\"><\/td>\n<td style=\"width: 400px\"><img decoding=\"async\" src=\"https:\/\/organizzazione.cai.it\/gr-lombardia\/wp-content\/uploads\/sites\/63\/2024\/10\/225.jpg\" alt=\"- CAI\" title=\"\"><\/td>\n<\/tr>\n<tr>\n<td style=\"width: 400px\"><img decoding=\"async\" src=\"https:\/\/organizzazione.cai.it\/gr-lombardia\/wp-content\/uploads\/sites\/63\/2024\/10\/226.jpg\" alt=\"- CAI\" title=\"\"><\/td>\n<td colspan=\"2\">Da Romina Fantini<br \/>\n<em>Ilaria (10anni) e Michela (7 anni) al rifugio Cur\u00f2 e lago del Barbellino. Grazie di cuore <\/em><\/td>\n<\/tr>\n<tr>\n<td style=\"width: 400px\"><img decoding=\"async\" src=\"https:\/\/organizzazione.cai.it\/gr-lombardia\/wp-content\/uploads\/sites\/63\/2024\/10\/227.jpg\" alt=\"- CAI\" title=\"\"><\/td>\n<td style=\"width: 400px\"><img decoding=\"async\" src=\"https:\/\/organizzazione.cai.it\/gr-lombardia\/wp-content\/uploads\/sites\/63\/2024\/10\/228.jpg\" alt=\"- CAI\" title=\"\"><\/td>\n<td style=\"width: 400px\"><img decoding=\"async\" src=\"https:\/\/organizzazione.cai.it\/gr-lombardia\/wp-content\/uploads\/sites\/63\/2024\/10\/229.jpg\" alt=\"- CAI\" title=\"\"><\/td>\n<\/tr>\n<tr>\n<td style=\"width: 400px\"><img decoding=\"async\" src=\"https:\/\/organizzazione.cai.it\/gr-lombardia\/wp-content\/uploads\/sites\/63\/2024\/10\/230.jpg\" alt=\"- CAI\" title=\"\"><\/td>\n<td colspan=\"2\">Elena Beccaria dal rifugio Merelli al Coca<br \/>\n<em>Famiglie Consonni e Guidotto da Suello (LC). Per la terza volta abbiamo potuto usufruire dell\u2019iniziativa del CAI Lombardia. Quest\u2019anno la scelta \u00e8 ricaduta sul Rifugio Merelli al Coca in Val Seriana, incuriositi dal racconto di tante altre famiglie nelle edizioni passate \u2026 e non possiamo che confermare tutto quello gi\u00e0 scritto. La posizione del rifugio \u00e8 mozzafiato e ripaga di tutta la fatica della salita. L\u2019incontro con tantissimi stambecchi e la pace sulle rive del lago Coca (a mezz\u2019ora di cammino dal rifugio) ci hanno regalato ricordi che porteremo nel cuore. Ringraziamo i gestori del rifugio per la splendida accoglienza e l\u2019ottima cucina, e un grazie speciale al CAI Lombardia che anche quest\u2019anno ci ha permesso di scoprire un altro angolo di paradiso sulle nostre splendide montagne. Alla prossima!<br \/>\nGrazie \u2026 e arrivederci all\u2019edizione 2025 !!!<\/em><\/td>\n<\/tr>\n<tr>\n<td style=\"width: 400px\"><img decoding=\"async\" src=\"https:\/\/organizzazione.cai.it\/gr-lombardia\/wp-content\/uploads\/sites\/63\/2024\/10\/231.jpg\" alt=\"- CAI\" title=\"\"><\/td>\n<td style=\"width: 400px\"><img decoding=\"async\" src=\"https:\/\/organizzazione.cai.it\/gr-lombardia\/wp-content\/uploads\/sites\/63\/2024\/10\/232.jpg\" alt=\"- CAI\" title=\"\"><\/td>\n<td style=\"width: 400px\"><img decoding=\"async\" src=\"https:\/\/organizzazione.cai.it\/gr-lombardia\/wp-content\/uploads\/sites\/63\/2024\/10\/233.jpg\" alt=\"- CAI\" title=\"\"><\/td>\n<\/tr>\n<tr>\n<td style=\"width: 400px\"><img decoding=\"async\" src=\"https:\/\/organizzazione.cai.it\/gr-lombardia\/wp-content\/uploads\/sites\/63\/2024\/10\/234.jpg\" alt=\"- CAI\" title=\"\"><\/td>\n<td style=\"width: 400px\"><img decoding=\"async\" src=\"https:\/\/organizzazione.cai.it\/gr-lombardia\/wp-content\/uploads\/sites\/63\/2024\/10\/235.jpg\" alt=\"- CAI\" title=\"\"><\/td>\n<td style=\"width: 400px\">Melissa Savio<br \/>\n<em>\u201ddi ritorno da una bellissima mini &#8211; vacanza al Rifugio Laghi Gemelli. Abbiamo cenato e pernottato l\u00ec io, mia figlia Arianna e, grazie all&#8217;iniziativa &#8220;Una notte al rifugio&#8221;, mia figlia Aida, 6 anni, e mio nipote Alessio 12 anni. Atmosfera magica, gestione impeccabile! GRAZIE!\u201d <\/em><\/td>\n<\/tr>\n<tr>\n<td style=\"width: 400px\"><img decoding=\"async\" src=\"https:\/\/organizzazione.cai.it\/gr-lombardia\/wp-content\/uploads\/sites\/63\/2024\/10\/236.jpg\" alt=\"- CAI\" title=\"\"><\/td>\n<td style=\"width: 400px\"><img decoding=\"async\" src=\"https:\/\/organizzazione.cai.it\/gr-lombardia\/wp-content\/uploads\/sites\/63\/2024\/10\/237.jpg\" alt=\"- CAI\" title=\"\"><\/td>\n<td style=\"width: 400px\"><img decoding=\"async\" src=\"https:\/\/organizzazione.cai.it\/gr-lombardia\/wp-content\/uploads\/sites\/63\/2024\/10\/238.jpg\" alt=\"- CAI\" title=\"\"><\/td>\n<\/tr>\n<tr>\n<td style=\"width: 400px\"><img decoding=\"async\" src=\"https:\/\/organizzazione.cai.it\/gr-lombardia\/wp-content\/uploads\/sites\/63\/2024\/10\/239.jpg\" alt=\"- CAI\" title=\"\"><\/td>\n<td style=\"width: 400px\"><img decoding=\"async\" src=\"https:\/\/organizzazione.cai.it\/gr-lombardia\/wp-content\/uploads\/sites\/63\/2024\/10\/240.jpg\" alt=\"- CAI\" title=\"\"><\/td>\n<td style=\"width: 400px\"><img decoding=\"async\" src=\"https:\/\/organizzazione.cai.it\/gr-lombardia\/wp-content\/uploads\/sites\/63\/2024\/10\/241.jpg\" alt=\"- CAI\" title=\"\"><\/td>\n<\/tr>\n<tr>\n<td style=\"width: 400px\"><img decoding=\"async\" src=\"https:\/\/organizzazione.cai.it\/gr-lombardia\/wp-content\/uploads\/sites\/63\/2024\/10\/242.jpg\" alt=\"- CAI\" title=\"\"><\/td>\n<td colspan=\"2\">Davide Trapletti<br \/>\n<em>\u201dle foto della nostra uscita al Rifugio Benigni. Nicol\u00f2 anni 8 e Alessandro anni 5 ringraziano per questa possibilit\u00e0. Ringraziando anche lo Staff del Rifugio Benigni per l&#8217;accoglienza. Cordiali Saluti Fam.Trapletti<\/em><\/td>\n<\/tr>\n<tr>\n<td style=\"width: 400px\"><img decoding=\"async\" src=\"https:\/\/organizzazione.cai.it\/gr-lombardia\/wp-content\/uploads\/sites\/63\/2024\/10\/243.jpg\" alt=\"- CAI\" title=\"\"><\/td>\n<td style=\"width: 400px\"><img decoding=\"async\" src=\"https:\/\/organizzazione.cai.it\/gr-lombardia\/wp-content\/uploads\/sites\/63\/2024\/10\/244.jpg\" alt=\"- CAI\" title=\"\"><\/td>\n<td style=\"width: 400px\"><img decoding=\"async\" src=\"https:\/\/organizzazione.cai.it\/gr-lombardia\/wp-content\/uploads\/sites\/63\/2024\/10\/245.jpg\" alt=\"- CAI\" title=\"\"><\/td>\n<\/tr>\n<tr>\n<td style=\"width: 400px\"><img decoding=\"async\" src=\"https:\/\/organizzazione.cai.it\/gr-lombardia\/wp-content\/uploads\/sites\/63\/2024\/10\/246.jpg\" alt=\"- CAI\" title=\"\"><\/td>\n<td style=\"width: 400px\"><img decoding=\"async\" src=\"https:\/\/organizzazione.cai.it\/gr-lombardia\/wp-content\/uploads\/sites\/63\/2024\/10\/247.jpg\" alt=\"- CAI\" title=\"\"><\/td>\n<td style=\"width: 400px\"><img decoding=\"async\" src=\"https:\/\/organizzazione.cai.it\/gr-lombardia\/wp-content\/uploads\/sites\/63\/2024\/10\/248.jpg\" alt=\"- CAI\" title=\"\"><\/td>\n<\/tr>\n<tr>\n<td colspan=\"3\">Valentino Birolini<br \/>\n<em> Panorami mozzafiato, il suono del vento e del ruscello, i pascoli erbosi e la passeggiata notturna. Sono questi alcuni degli elementi che creano l&#8217;atmosfera magica tipica della Notte al rifugio.<br \/>\nGrazie a tutti -6 agosto 2024 &#8211; Alpe Corte Valentino e Nicole, con Tommaso e Filippo<\/em><\/td>\n<\/tr>\n<tr>\n<td style=\"width: 400px\"><img decoding=\"async\" src=\"https:\/\/organizzazione.cai.it\/gr-lombardia\/wp-content\/uploads\/sites\/63\/2024\/10\/249.jpg\" alt=\"- CAI\" title=\"\"><\/td>\n<td style=\"width: 400px\"><img decoding=\"async\" src=\"https:\/\/organizzazione.cai.it\/gr-lombardia\/wp-content\/uploads\/sites\/63\/2024\/10\/250.jpg\" alt=\"- CAI\" title=\"\"><\/td>\n<td style=\"width: 400px\"><img decoding=\"async\" src=\"https:\/\/organizzazione.cai.it\/gr-lombardia\/wp-content\/uploads\/sites\/63\/2024\/10\/251.jpg\" alt=\"- CAI\" title=\"\"><\/td>\n<\/tr>\n<tr>\n<td style=\"width: 400px\"><img decoding=\"async\" src=\"https:\/\/organizzazione.cai.it\/gr-lombardia\/wp-content\/uploads\/sites\/63\/2024\/10\/252.jpg\" alt=\"- CAI\" title=\"\"><\/td>\n<td style=\"width: 400px\"><img decoding=\"async\" src=\"https:\/\/organizzazione.cai.it\/gr-lombardia\/wp-content\/uploads\/sites\/63\/2024\/10\/253.jpg\" alt=\"- CAI\" title=\"\"><\/td>\n<td style=\"width: 400px\"><img decoding=\"async\" src=\"https:\/\/organizzazione.cai.it\/gr-lombardia\/wp-content\/uploads\/sites\/63\/2024\/10\/254.jpg\" alt=\"- CAI\" title=\"\"><\/td>\n<\/tr>\n<tr>\n<td style=\"width: 400px\"><img decoding=\"async\" src=\"https:\/\/organizzazione.cai.it\/gr-lombardia\/wp-content\/uploads\/sites\/63\/2024\/10\/255.jpg\" alt=\"- CAI\" title=\"\"><\/td>\n<td style=\"width: 400px\"><img decoding=\"async\" src=\"https:\/\/organizzazione.cai.it\/gr-lombardia\/wp-content\/uploads\/sites\/63\/2024\/10\/256.jpg\" alt=\"- CAI\" title=\"\"><\/td>\n<td style=\"width: 400px\">Domenica Gianna<br \/>\n<em>Bellissima esperienza grazie per questa iniziativa<\/em><\/td>\n<\/tr>\n<tr>\n<td style=\"width: 400px\"><img decoding=\"async\" src=\"https:\/\/organizzazione.cai.it\/gr-lombardia\/wp-content\/uploads\/sites\/63\/2024\/10\/257.jpg\" alt=\"- CAI\" title=\"\"><\/td>\n<td style=\"width: 400px\"><img decoding=\"async\" src=\"https:\/\/organizzazione.cai.it\/gr-lombardia\/wp-content\/uploads\/sites\/63\/2024\/10\/258.jpg\" alt=\"- CAI\" title=\"\"><\/td>\n<td style=\"width: 400px\"><img decoding=\"async\" src=\"https:\/\/organizzazione.cai.it\/gr-lombardia\/wp-content\/uploads\/sites\/63\/2024\/10\/259.jpg\" alt=\"- CAI\" title=\"\"><\/td>\n<\/tr>\n<tr>\n<td style=\"width: 400px\"><img decoding=\"async\" src=\"https:\/\/organizzazione.cai.it\/gr-lombardia\/wp-content\/uploads\/sites\/63\/2024\/10\/260.jpg\" alt=\"- CAI\" title=\"\"><\/td>\n<td style=\"width: 400px\"><img decoding=\"async\" src=\"https:\/\/organizzazione.cai.it\/gr-lombardia\/wp-content\/uploads\/sites\/63\/2024\/10\/261.jpg\" alt=\"- CAI\" title=\"\"><\/td>\n<td style=\"width: 400px\">Laura Rossi<br \/>\n<em>siamo appena rientrati da questa bellissima gita, resa possibile dall&#8217;iniziativa<br \/>\nFamiglie e Giovani in Montagna.Grazie!!!<br \/>\nRifugio Campione, famiglie Pozzoli e Dragoni da Codogno (Lo), 12-13 agosto 2024. Alla prossima avventura!<\/em><\/td>\n<\/tr>\n<tr>\n<td style=\"width: 400px\"><img decoding=\"async\" src=\"https:\/\/organizzazione.cai.it\/gr-lombardia\/wp-content\/uploads\/sites\/63\/2024\/10\/262.jpg\" alt=\"- CAI\" title=\"\"><\/td>\n<td style=\"width: 400px\"><img decoding=\"async\" src=\"https:\/\/organizzazione.cai.it\/gr-lombardia\/wp-content\/uploads\/sites\/63\/2024\/10\/263.jpg\" alt=\"- CAI\" title=\"\"><\/td>\n<td style=\"width: 400px\"><img decoding=\"async\" src=\"https:\/\/organizzazione.cai.it\/gr-lombardia\/wp-content\/uploads\/sites\/63\/2024\/10\/264.jpg\" alt=\"- CAI\" title=\"\"><\/td>\n<\/tr>\n<tr>\n<td style=\"width: 400px\"><img decoding=\"async\" src=\"https:\/\/organizzazione.cai.it\/gr-lombardia\/wp-content\/uploads\/sites\/63\/2024\/10\/265.jpg\" alt=\"- CAI\" title=\"\"><\/td>\n<td style=\"width: 400px\"><img decoding=\"async\" src=\"https:\/\/organizzazione.cai.it\/gr-lombardia\/wp-content\/uploads\/sites\/63\/2024\/10\/266.jpg\" alt=\"- CAI\" title=\"\"><\/td>\n<td style=\"width: 400px\"><img decoding=\"async\" src=\"https:\/\/organizzazione.cai.it\/gr-lombardia\/wp-content\/uploads\/sites\/63\/2024\/10\/267.jpg\" alt=\"- CAI\" title=\"\"><\/td>\n<\/tr>\n<tr>\n<td style=\"width: 400px\"><img decoding=\"async\" src=\"https:\/\/organizzazione.cai.it\/gr-lombardia\/wp-content\/uploads\/sites\/63\/2024\/10\/268.jpg\" alt=\"- CAI\" title=\"\"><\/td>\n<td colspan=\"2\">Luigina Pezzotta<br \/>\n<em>Bellissima esperienza al Rifugio A. Gherardi. Accoglienza e ospitalit\u00e0 Super!!! Piatti Molto Buoni e abbondanti!! Torte fantastiche! Camerata pulita e ordinata. Rifugio adatto a famiglie con bambini. Serata con Super Stelle Cadenti. Fantastica esperienza!! Da rifare!!<br \/>\nGrazie all&#8217;opportunit\u00e0 del CAI per giovani e famiglie GRAZIE!<\/em><\/td>\n<\/tr>\n<tr>\n<td style=\"width: 400px\"><img decoding=\"async\" src=\"https:\/\/organizzazione.cai.it\/gr-lombardia\/wp-content\/uploads\/sites\/63\/2024\/10\/269.jpg\" alt=\"- CAI\" title=\"\"><\/td>\n<td style=\"width: 400px\"><img decoding=\"async\" src=\"https:\/\/organizzazione.cai.it\/gr-lombardia\/wp-content\/uploads\/sites\/63\/2024\/10\/270.jpg\" alt=\"- CAI\" title=\"\"><\/td>\n<td style=\"width: 400px\">Da Matteo<br \/>\n<em>Manuel con pap\u00e0 Matteo e mamma Laura che ha soggiornato al rifugio Gerli Porro Grazie <\/em><\/td>\n<\/tr>\n<tr>\n<td style=\"width: 400px\"><img decoding=\"async\" src=\"https:\/\/organizzazione.cai.it\/gr-lombardia\/wp-content\/uploads\/sites\/63\/2024\/10\/271.jpg\" alt=\"- CAI\" title=\"\"><\/td>\n<td style=\"width: 400px\"><img decoding=\"async\" src=\"https:\/\/organizzazione.cai.it\/gr-lombardia\/wp-content\/uploads\/sites\/63\/2024\/10\/272.jpg\" alt=\"- CAI\" title=\"\"><\/td>\n<td style=\"width: 400px\"><img decoding=\"async\" src=\"https:\/\/organizzazione.cai.it\/gr-lombardia\/wp-content\/uploads\/sites\/63\/2024\/10\/273.jpg\" alt=\"- CAI\" title=\"\"><\/td>\n<\/tr>\n<tr>\n<td colspan=\"3\">Arianna Marelli<br \/>\n<em>Per il secondo anno siamo riusciti ad aderire a questa splendida iniziativa!<br \/>\nArianna Marco e Giuseppe, 12 anni Giro del confinale in tre giorni con pernotto gratuito al Rifugio Quinto Alpini<\/em><\/td>\n<\/tr>\n<tr>\n<td style=\"width: 400px\"><img decoding=\"async\" src=\"https:\/\/organizzazione.cai.it\/gr-lombardia\/wp-content\/uploads\/sites\/63\/2024\/10\/274.jpg\" alt=\"- CAI\" title=\"\"><\/td>\n<td style=\"width: 400px\"><img decoding=\"async\" src=\"https:\/\/organizzazione.cai.it\/gr-lombardia\/wp-content\/uploads\/sites\/63\/2024\/10\/275.jpg\" alt=\"- CAI\" title=\"\"><\/td>\n<td style=\"width: 400px\"><img decoding=\"async\" src=\"https:\/\/organizzazione.cai.it\/gr-lombardia\/wp-content\/uploads\/sites\/63\/2024\/10\/276.jpg\" alt=\"- CAI\" title=\"\"><\/td>\n<\/tr>\n<tr>\n<td style=\"width: 400px\"><img decoding=\"async\" src=\"https:\/\/organizzazione.cai.it\/gr-lombardia\/wp-content\/uploads\/sites\/63\/2024\/10\/277.jpg\" alt=\"- CAI\" title=\"\"><\/td>\n<td colspan=\"2\">da Alessandro Bonaccorso<br \/>\n<em>3 giorni in 3 splendidi giorni per rifugi.<br \/>\n1\u00b0gg \u2013 Sent. 212 &#8211; Branzi 825 m &#8211; Rifugio Laghi Gemelli 1968 m 5,4 km<br \/>\n2\u00b0 gg \u2013 Sent. 213 &#8211; Rifugio Laghi Gemelli &#8211; Rifugio Calvi 2015 m \u2013 12 km<br \/>\n3\u00b0 gg \u2013 Sent. 210 &#8211; Rifugio Calvi \u2013 Carona 1200 m \u2013 7, km<br \/>\nCon i bambini che hanno 6 ed 8 anni! Grazie per la bella iniziativa, ad maiora<\/em><\/td>\n<\/tr>\n<tr>\n<td style=\"width: 400px\"><img decoding=\"async\" src=\"https:\/\/organizzazione.cai.it\/gr-lombardia\/wp-content\/uploads\/sites\/63\/2024\/10\/278.jpg\" alt=\"- CAI\" title=\"\"><\/td>\n<td style=\"width: 400px\"><img decoding=\"async\" src=\"https:\/\/organizzazione.cai.it\/gr-lombardia\/wp-content\/uploads\/sites\/63\/2024\/10\/279.jpg\" alt=\"- CAI\" title=\"\"><\/td>\n<td style=\"width: 400px\"><img decoding=\"async\" src=\"https:\/\/organizzazione.cai.it\/gr-lombardia\/wp-content\/uploads\/sites\/63\/2024\/10\/280.jpg\" alt=\"- CAI\" title=\"\"><\/td>\n<\/tr>\n<tr>\n<td style=\"width: 400px\"><img decoding=\"async\" src=\"https:\/\/organizzazione.cai.it\/gr-lombardia\/wp-content\/uploads\/sites\/63\/2024\/10\/281.jpg\" alt=\"- CAI\" title=\"\"><\/td>\n<td style=\"width: 400px\"><img decoding=\"async\" src=\"https:\/\/organizzazione.cai.it\/gr-lombardia\/wp-content\/uploads\/sites\/63\/2024\/10\/282.jpg\" alt=\"- CAI\" title=\"\"><\/td>\n<td style=\"width: 400px\"><img decoding=\"async\" src=\"https:\/\/organizzazione.cai.it\/gr-lombardia\/wp-content\/uploads\/sites\/63\/2024\/10\/283.jpg\" alt=\"- CAI\" title=\"\"><\/td>\n<\/tr>\n<tr>\n<td style=\"width: 400px\"><img decoding=\"async\" src=\"https:\/\/organizzazione.cai.it\/gr-lombardia\/wp-content\/uploads\/sites\/63\/2024\/10\/284.jpg\" alt=\"- CAI\" title=\"\"><\/td>\n<td style=\"width: 400px\"><img decoding=\"async\" src=\"https:\/\/organizzazione.cai.it\/gr-lombardia\/wp-content\/uploads\/sites\/63\/2024\/10\/285.jpg\" alt=\"- CAI\" title=\"\"><\/td>\n<td style=\"width: 400px\"><img decoding=\"async\" src=\"https:\/\/organizzazione.cai.it\/gr-lombardia\/wp-content\/uploads\/sites\/63\/2024\/10\/286.jpg\" alt=\"- CAI\" title=\"\"><\/td>\n<\/tr>\n<tr>\n<td style=\"width: 400px\"><img decoding=\"async\" src=\"https:\/\/organizzazione.cai.it\/gr-lombardia\/wp-content\/uploads\/sites\/63\/2024\/10\/287.jpg\" alt=\"- CAI\" title=\"\"><\/td>\n<td style=\"width: 400px\"><img decoding=\"async\" src=\"https:\/\/organizzazione.cai.it\/gr-lombardia\/wp-content\/uploads\/sites\/63\/2024\/10\/288.jpg\" alt=\"- CAI\" title=\"\"><\/td>\n<td style=\"width: 400px\"><img decoding=\"async\" src=\"https:\/\/organizzazione.cai.it\/gr-lombardia\/wp-content\/uploads\/sites\/63\/2024\/10\/289.jpg\" alt=\"- CAI\" title=\"\"><\/td>\n<\/tr>\n<tr>\n<td colspan=\"3\">Da Silvia, Diego, Sara, Massimo e Matilde &#8211; Giro del Confinale &#8211; 29\/07 &#8211; 31\/07<br \/>\n<em>Alcune delle foto scattate durante il giro ad anello del CONFINALE, partenza ed arrivo dal parcheggio di Fantelle. Abbiamo dormito al rifugio V Alpini e rifugio Branca. Ragazzi entusiasti e super felici di questa meravigliosa vacanza.<br \/>\nGrazie per l&#8217;opportunit\u00e0<\/em><\/td>\n<\/tr>\n<tr>\n<td style=\"width: 400px\"><img decoding=\"async\" src=\"https:\/\/organizzazione.cai.it\/gr-lombardia\/wp-content\/uploads\/sites\/63\/2024\/10\/290.jpg\" alt=\"- CAI\" title=\"\"><\/td>\n<td style=\"width: 400px\"><img decoding=\"async\" src=\"https:\/\/organizzazione.cai.it\/gr-lombardia\/wp-content\/uploads\/sites\/63\/2024\/10\/291.jpg\" alt=\"- CAI\" title=\"\"><\/td>\n<td style=\"width: 400px\"><img decoding=\"async\" src=\"https:\/\/organizzazione.cai.it\/gr-lombardia\/wp-content\/uploads\/sites\/63\/2024\/10\/292.jpg\" alt=\"- CAI\" title=\"\"><\/td>\n<\/tr>\n<tr>\n<td style=\"width: 400px\"><img decoding=\"async\" src=\"https:\/\/organizzazione.cai.it\/gr-lombardia\/wp-content\/uploads\/sites\/63\/2024\/10\/293.jpg\" alt=\"- CAI\" title=\"\"><\/td>\n<td style=\"width: 400px\"><img decoding=\"async\" src=\"https:\/\/organizzazione.cai.it\/gr-lombardia\/wp-content\/uploads\/sites\/63\/2024\/10\/294.jpg\" alt=\"- CAI\" title=\"\"><\/td>\n<td style=\"width: 400px\"><img decoding=\"async\" src=\"https:\/\/organizzazione.cai.it\/gr-lombardia\/wp-content\/uploads\/sites\/63\/2024\/10\/295.jpg\" alt=\"- CAI\" title=\"\"><\/td>\n<\/tr>\n<tr>\n<td colspan=\"3\">Da Chiara Omar e i piccoli Bianca e Andrea<br \/>\n<em>Dal Rifugio Ventina passando per il Lago Pirola.<\/em><\/td>\n<\/tr>\n<tr>\n<td style=\"width: 400px\"><img decoding=\"async\" src=\"https:\/\/organizzazione.cai.it\/gr-lombardia\/wp-content\/uploads\/sites\/63\/2024\/10\/1-1.jpg\" alt=\"- CAI\" title=\"\"><\/td>\n<td style=\"width: 400px\"><img decoding=\"async\" src=\"https:\/\/organizzazione.cai.it\/gr-lombardia\/wp-content\/uploads\/sites\/63\/2024\/10\/2-1.jpg\" alt=\"- CAI\" title=\"\"><\/td>\n<td style=\"width: 400px\"><\/td>\n<\/tr>\n<tr>\n<td colspan=\"3\">Vittoria e Fabio Gerosa:<br \/>\n<em>\u201cInnanzitutto ringraziamo per l&#8217;opportunit\u00e0 e nonostante il tempo inclemente siamo andati al Rif Olmo da Elia. Sia lui che i ragazzi sono stati gentilissimi! Li ringraziamo e confermiamo che \u00e8 una splendida iniziativa del CAI.\u201d<\/em><\/td>\n<\/tr>\n<tr>\n<td style=\"width: 400px\"><img decoding=\"async\" src=\"https:\/\/organizzazione.cai.it\/gr-lombardia\/wp-content\/uploads\/sites\/63\/2024\/10\/3.jpg\" alt=\"- CAI\" title=\"\"><\/td>\n<td style=\"width: 400px\"><img decoding=\"async\" src=\"https:\/\/organizzazione.cai.it\/gr-lombardia\/wp-content\/uploads\/sites\/63\/2024\/10\/4.jpg\" alt=\"- CAI\" title=\"\"><\/td>\n<td style=\"width: 400px\"><img decoding=\"async\" src=\"https:\/\/organizzazione.cai.it\/gr-lombardia\/wp-content\/uploads\/sites\/63\/2024\/10\/5.jpg\" alt=\"- CAI\" title=\"\"><\/td>\n<\/tr>\n<tr>\n<td style=\"width: 400px\"><img decoding=\"async\" src=\"https:\/\/organizzazione.cai.it\/gr-lombardia\/wp-content\/uploads\/sites\/63\/2024\/10\/6.jpeg\" alt=\"- CAI\" title=\"\"><\/td>\n<td style=\"width: 400px\"><img decoding=\"async\" src=\"https:\/\/organizzazione.cai.it\/gr-lombardia\/wp-content\/uploads\/sites\/63\/2024\/10\/7.jpg\" alt=\"- CAI\" title=\"\"><\/td>\n<td style=\"width: 400px\">Famiglia Barbato dal Rifugio Branca<\/td>\n<\/tr>\n<tr>\n<td style=\"width: 400px\"><img decoding=\"async\" src=\"https:\/\/organizzazione.cai.it\/gr-lombardia\/wp-content\/uploads\/sites\/63\/2024\/10\/8.jpg\" alt=\"- CAI\" title=\"\"><\/td>\n<td style=\"width: 400px\"><img decoding=\"async\" src=\"https:\/\/organizzazione.cai.it\/gr-lombardia\/wp-content\/uploads\/sites\/63\/2024\/10\/9.jpg\" alt=\"- CAI\" title=\"\"><\/td>\n<td style=\"width: 400px\"><img decoding=\"async\" src=\"https:\/\/organizzazione.cai.it\/gr-lombardia\/wp-content\/uploads\/sites\/63\/2024\/10\/10.jpg\" alt=\"- CAI\" title=\"\"><\/td>\n<\/tr>\n<tr>\n<td colspan=\"3\">Dario Ferri con mamma e sorella dal Rifugio Calvi<br \/>\n<em>\u201cRipa di Gromo\/Passo Portula\/Calvi 23 24 luglio 2024 Passo Aviasco\/ Lago Nero ritorno a Ripa di Gromo\u201d<\/em><\/td>\n<\/tr>\n<tr>\n<td style=\"width: 400px\"><img decoding=\"async\" src=\"https:\/\/organizzazione.cai.it\/gr-lombardia\/wp-content\/uploads\/sites\/63\/2024\/10\/11.jpg\" alt=\"- CAI\" title=\"\"><\/td>\n<td style=\"width: 400px\"><img decoding=\"async\" src=\"https:\/\/organizzazione.cai.it\/gr-lombardia\/wp-content\/uploads\/sites\/63\/2024\/10\/18.jpg\" alt=\"- CAI\" title=\"\"><\/td>\n<td style=\"width: 400px\"><img decoding=\"async\" src=\"https:\/\/organizzazione.cai.it\/gr-lombardia\/wp-content\/uploads\/sites\/63\/2024\/10\/13.jpg\" alt=\"- CAI\" title=\"\"><\/td>\n<\/tr>\n<tr>\n<td style=\"width: 400px\"><img decoding=\"async\" src=\"https:\/\/organizzazione.cai.it\/gr-lombardia\/wp-content\/uploads\/sites\/63\/2024\/10\/14.jpg\" alt=\"- CAI\" title=\"\"><\/td>\n<td style=\"width: 400px\"><img decoding=\"async\" src=\"https:\/\/organizzazione.cai.it\/gr-lombardia\/wp-content\/uploads\/sites\/63\/2024\/10\/15.jpg\" alt=\"- CAI\" title=\"\"><\/td>\n<td style=\"width: 400px\"><img decoding=\"async\" src=\"https:\/\/organizzazione.cai.it\/gr-lombardia\/wp-content\/uploads\/sites\/63\/2024\/10\/16.jpg\" alt=\"- CAI\" title=\"\"><\/td>\n<\/tr>\n<tr>\n<td style=\"width: 400px\"><img decoding=\"async\" src=\"https:\/\/organizzazione.cai.it\/gr-lombardia\/wp-content\/uploads\/sites\/63\/2024\/10\/17.jpg\" alt=\"- CAI\" title=\"\"><\/td>\n<td style=\"width: 400px\"><\/td>\n<td style=\"width: 400px\"><\/td>\n<\/tr>\n<tr>\n<td colspan=\"3\">Ornella Dolci dal Rifugio Gherardi<br \/>\n<em>\u201cIl 6\/7 luglio abbiamo soggiornato al rifugio Gherardi a parte il tempo che non \u00e8 stato bello l&#8217;ospitalit\u00e0 \u00e8 stata ottima e ci siamo divertiti lo stesso, spero che anche l&#8217;anno prossimo possiamo usufruire di questa iniziativa Grazie!! <\/em><\/td>\n<\/tr>\n<tr>\n<td style=\"width: 400px\"><img decoding=\"async\" src=\"https:\/\/organizzazione.cai.it\/gr-lombardia\/wp-content\/uploads\/sites\/63\/2024\/10\/19.jpg\" alt=\"- CAI\" title=\"\"><\/td>\n<td style=\"width: 400px\"><img decoding=\"async\" src=\"https:\/\/organizzazione.cai.it\/gr-lombardia\/wp-content\/uploads\/sites\/63\/2024\/10\/20.jpg\" alt=\"- CAI\" title=\"\"><\/td>\n<td style=\"width: 400px\"><img decoding=\"async\" src=\"https:\/\/organizzazione.cai.it\/gr-lombardia\/wp-content\/uploads\/sites\/63\/2024\/10\/21.jpg\" alt=\"- CAI\" title=\"\"><\/td>\n<\/tr>\n<tr>\n<td style=\"width: 400px\"><img decoding=\"async\" src=\"https:\/\/organizzazione.cai.it\/gr-lombardia\/wp-content\/uploads\/sites\/63\/2024\/10\/22.jpg\" alt=\"- CAI\" title=\"\"><\/td>\n<td style=\"width: 400px\"><img decoding=\"async\" src=\"https:\/\/organizzazione.cai.it\/gr-lombardia\/wp-content\/uploads\/sites\/63\/2024\/10\/23.jpg\" alt=\"- CAI\" title=\"\"><\/td>\n<td style=\"width: 400px\"><\/td>\n<\/tr>\n<tr>\n<td colspan=\"3\">Marco Moro Laghi Gemelli<br \/>\n<em>Soggiorno al rifugio laghi gemelli il 18 luglio Grazie a tutti rifugista e iniziativa Cai<\/em><\/td>\n<\/tr>\n<tr>\n<td style=\"width: 400px\"><img decoding=\"async\" src=\"https:\/\/organizzazione.cai.it\/gr-lombardia\/wp-content\/uploads\/sites\/63\/2024\/10\/24.jpg\" alt=\"- CAI\" title=\"\"><\/td>\n<td style=\"width: 400px\"><img decoding=\"async\" src=\"https:\/\/organizzazione.cai.it\/gr-lombardia\/wp-content\/uploads\/sites\/63\/2024\/10\/25.jpg\" alt=\"- CAI\" title=\"\"><\/td>\n<td style=\"width: 400px\"><img decoding=\"async\" src=\"https:\/\/organizzazione.cai.it\/gr-lombardia\/wp-content\/uploads\/sites\/63\/2024\/10\/26.jpg\" alt=\"- CAI\" title=\"\"><\/td>\n<\/tr>\n<tr>\n<td style=\"width: 400px\"><img decoding=\"async\" src=\"https:\/\/organizzazione.cai.it\/gr-lombardia\/wp-content\/uploads\/sites\/63\/2024\/10\/27.jpg\" alt=\"- CAI\" title=\"\"><\/td>\n<td style=\"width: 400px\"><img decoding=\"async\" src=\"https:\/\/organizzazione.cai.it\/gr-lombardia\/wp-content\/uploads\/sites\/63\/2024\/10\/28.jpg\" alt=\"- CAI\" title=\"\"><\/td>\n<td style=\"width: 400px\"><\/td>\n<\/tr>\n<tr>\n<td colspan=\"3\">Simone ed Emma Rossetti dal Rifugio Nani Tagliaferri<br \/>\n<em>Ringraziando per l\u2019opportunit\u00e0 offertaci dal progetto CAI \u201cFamiglie e Giovani in Montagna Estate 2024\u201d, inoltriamo alcune foto scattate durante il soggiorno al Rifugio Nani Tagliaferri nei giorni 24 e 25 luglio u.s.<br \/>\nPartendo dalla localit\u00e0 di Ronco, io e la mia piccola Emma (8 anni) abbiamo percorso il sentiero 413 sino al Rifugio Nani Tagliaferri, ove, una volta arrivati, le fatiche del cammino sono state ampiamente ripagate dalla bellezza dei panorami circostanti, dall\u2019ottima cucina e dalla speciale accoglienza del rifugista (Francesco Tagliaferri), persona autentica e genuina, che ci ha spesso intrattenuti con racconti e aneddoti di montagna.<br \/>\nCerti che conserveremo per sempre nel cuore il ricordo di questa bellissima avventura, ci auguriamo che l\u2019iniziativa possa essere riproposta anche il prossimo anno. <\/em><\/td>\n<\/tr>\n<tr>\n<td style=\"width: 400px\"><img decoding=\"async\" src=\"https:\/\/organizzazione.cai.it\/gr-lombardia\/wp-content\/uploads\/sites\/63\/2024\/10\/29.jpg\" alt=\"- CAI\" title=\"\"><\/td>\n<td style=\"width: 400px\"><img decoding=\"async\" src=\"https:\/\/organizzazione.cai.it\/gr-lombardia\/wp-content\/uploads\/sites\/63\/2024\/10\/30.jpg\" alt=\"- CAI\" title=\"\"><\/td>\n<td style=\"width: 400px\"><img decoding=\"async\" src=\"https:\/\/organizzazione.cai.it\/gr-lombardia\/wp-content\/uploads\/sites\/63\/2024\/10\/31.jpg\" alt=\"- CAI\" title=\"\"><\/td>\n<\/tr>\n<tr>\n<td style=\"width: 400px\"><img decoding=\"async\" src=\"https:\/\/organizzazione.cai.it\/gr-lombardia\/wp-content\/uploads\/sites\/63\/2024\/10\/32.jpg\" alt=\"- CAI\" title=\"\"><\/td>\n<td style=\"width: 400px\"><\/td>\n<td style=\"width: 400px\"><\/td>\n<\/tr>\n<tr>\n<td colspan=\"3\">Chiara dal Rifugio Longo<br \/>\n<em> Dal Rifugio Laghi Gemelli al Rifugio Longo, sentiero Sardegnana e poi pesca al Lago del Diavolo.<br \/>\n<\/em><\/td>\n<\/tr>\n<tr>\n<td style=\"width: 400px\"><img decoding=\"async\" src=\"https:\/\/organizzazione.cai.it\/gr-lombardia\/wp-content\/uploads\/sites\/63\/2024\/10\/33.jpg\" alt=\"- CAI\" title=\"\"><\/td>\n<td style=\"width: 400px\"><img decoding=\"async\" src=\"https:\/\/organizzazione.cai.it\/gr-lombardia\/wp-content\/uploads\/sites\/63\/2024\/10\/34.jpg\" alt=\"- CAI\" title=\"\"><\/td>\n<td style=\"width: 400px\"><img decoding=\"async\" src=\"https:\/\/organizzazione.cai.it\/gr-lombardia\/wp-content\/uploads\/sites\/63\/2024\/10\/35.jpg\" alt=\"- CAI\" title=\"\"><\/td>\n<\/tr>\n<tr>\n<td style=\"width: 400px\"><img decoding=\"async\" src=\"https:\/\/organizzazione.cai.it\/gr-lombardia\/wp-content\/uploads\/sites\/63\/2024\/10\/36.jpg\" alt=\"- CAI\" title=\"\"><\/td>\n<td style=\"width: 400px\"><img decoding=\"async\" src=\"https:\/\/organizzazione.cai.it\/gr-lombardia\/wp-content\/uploads\/sites\/63\/2024\/10\/37.jpg\" alt=\"- CAI\" title=\"\"><\/td>\n<td style=\"width: 400px\"><img decoding=\"async\" src=\"https:\/\/organizzazione.cai.it\/gr-lombardia\/wp-content\/uploads\/sites\/63\/2024\/10\/38.jpg\" alt=\"- CAI\" title=\"\"><\/td>\n<\/tr>\n<tr>\n<td colspan=\"3\">Melissa Savio con la figlia Aida dal rifugio Albani<br \/>\n<em> Invio alcune foto scattate durante un weekend trascorso al Rifugio Albani con la mia bambina Aida, 6 anni. Accoglienza molto calorosa, ottima cucina, panorama mozzafiato sulla Presolana! <\/em><\/td>\n<\/tr>\n<tr>\n<td style=\"width: 400px\"><img decoding=\"async\" src=\"https:\/\/organizzazione.cai.it\/gr-lombardia\/wp-content\/uploads\/sites\/63\/2024\/10\/39.jpg\" alt=\"- CAI\" title=\"\"><\/td>\n<td style=\"width: 400px\"><img decoding=\"async\" src=\"https:\/\/organizzazione.cai.it\/gr-lombardia\/wp-content\/uploads\/sites\/63\/2024\/10\/40.jpg\" alt=\"- CAI\" title=\"\"><\/td>\n<td style=\"width: 400px\"><\/td>\n<\/tr>\n<tr>\n<td colspan=\"3\">Dal Gruppo CAI di Paina MB al Rifugio Cantedoldo, Val Brembana<\/td>\n<\/tr>\n<tr>\n<td style=\"width: 400px\"><img decoding=\"async\" src=\"https:\/\/organizzazione.cai.it\/gr-lombardia\/wp-content\/uploads\/sites\/63\/2024\/10\/41.jpg\" alt=\"- CAI\" title=\"\"><\/td>\n<td style=\"width: 400px\"><img decoding=\"async\" src=\"https:\/\/organizzazione.cai.it\/gr-lombardia\/wp-content\/uploads\/sites\/63\/2024\/10\/42.jpg\" alt=\"- CAI\" title=\"\"><\/td>\n<td style=\"width: 400px\"><img decoding=\"async\" src=\"https:\/\/organizzazione.cai.it\/gr-lombardia\/wp-content\/uploads\/sites\/63\/2024\/10\/43.jpg\" alt=\"- CAI\" title=\"\"><\/td>\n<\/tr>\n<tr>\n<td colspan=\"3\">Da Alessandro Caruso<br \/>\n<em>qualche scatto durante il nostro soggiorno a rifugio Ventina<\/em><\/td>\n<\/tr>\n<tr>\n<td style=\"width: 400px\"><img decoding=\"async\" src=\"https:\/\/organizzazione.cai.it\/gr-lombardia\/wp-content\/uploads\/sites\/63\/2024\/10\/44.jpg\" alt=\"- CAI\" title=\"\"><\/td>\n<td style=\"width: 400px\"><img decoding=\"async\" src=\"https:\/\/organizzazione.cai.it\/gr-lombardia\/wp-content\/uploads\/sites\/63\/2024\/10\/45.jpg\" alt=\"- CAI\" title=\"\"><\/td>\n<td style=\"width: 400px\"><img decoding=\"async\" src=\"https:\/\/organizzazione.cai.it\/gr-lombardia\/wp-content\/uploads\/sites\/63\/2024\/10\/46.jpg\" alt=\"- CAI\" title=\"\"><\/td>\n<\/tr>\n<tr>\n<td colspan=\"3\">Katia Fornoni dal Rifugio Branca<br \/>\n<em> Abbiamo soggiornato la rifugio Branca ed \u00e8 stata una bellissima esperienza. Grazie!! <\/em><\/td>\n<\/tr>\n<tr>\n<td colspan=\"3\">Giacomo Rusconi dal Rifugio citt\u00e0 di Lissone<br \/>\n<em> Bellissima esperienza per le nostre bambine, 2 notti al Rif. Citta di Lissone, splendida vallata e accoglienza cordiale al rifugio. Grazie alla possibilit\u00e0 del pernottamento abbiamo avuto la possibilit\u00e0 di esplorare ambienti diversi lontano dalla nostra abitazione. Iniziativa azzeccata, grazie mille al CAI.<\/em><\/td>\n<\/tr>\n<\/tbody>\n<\/table>","protected":false},"excerpt":{"rendered":"<p>Da Giulio Missaglia foto relative alla nostra uscita sui monti di Santa Caterina Valfurva dal rifugio Stella Alpina , nei giorni 3,4 e 5 agosto , iniziativa ben accettata da [&hellip;]<\/p>\n","protected":false},"author":1,"featured_media":36,"parent":6763,"menu_order":36,"comment_status":"closed","ping_status":"closed","template":"","meta":{"footnotes":""},"rankMath":{"parentDomain":"organizzazione.cai.it","noFollowDomains":[],"noFollowExcludeDomains":[],"noFollowExternalLinks":false,"featuredImageNotice":"L&#039;immagine in evidenza dovrebbe essere di almeno 200 x 200 pixel per essere ripresa da Facebook e altri siti di social media.","pluginReviewed":false,"postSettings":{"linkSuggestions":true,"useFocusKeyword":false},"frontEndScore":false,"postName":"fg2m-2024","permalinkFormat":"https:\/\/organizzazione.cai.it\/gr-lombardia\/%pagename%\/","showLockModifiedDate":true,"assessor":{"focusKeywordLink":"https:\/\/organizzazione.cai.it\/gr-lombardia\/wp-admin\/edit.php?focus_keyword=%focus_keyword%&post_type=%post_type%","hasTOCPlugin":false,"primaryTaxonomy":false,"serpData":{"title":"","description":"","focusKeywords":"","pillarContent":false,"canonicalUrl":"","breadcrumbTitle":"","advancedRobots":{"max-snippet":"-1","max-video-preview":"-1","max-image-preview":"large"},"facebookTitle":"","facebookDescription":"","facebookImage":"","facebookImageID":"","facebookHasOverlay":false,"facebookImageOverlay":"","facebookAuthor":"","twitterCardType":"","twitterUseFacebook":true,"twitterTitle":"","twitterDescription":"","twitterImage":"","twitterImageID":"","twitterHasOverlay":false,"twitterImageOverlay":"","twitterPlayerUrl":"","twitterPlayerSize":"","twitterPlayerStream":"","twitterPlayerStreamCtype":"","twitterAppDescription":"","twitterAppIphoneName":"","twitterAppIphoneID":"","twitterAppIphoneUrl":"","twitterAppIpadName":"","twitterAppIpadID":"","twitterAppIpadUrl":"","twitterAppGoogleplayName":"","twitterAppGoogleplayID":"","twitterAppGoogleplayUrl":"","twitterAppCountry":"","robots":{"index":true},"twitterAuthor":"nome utente","primaryTerm":0,"authorName":"admin","titleTemplate":"%title% %sep% CAI %sitename%","descriptionTemplate":"%excerpt%","showScoreFrontend":true,"lockModifiedDate":false},"powerWords":["incredibile","sorprendente","meraviglioso","unico","bello","felicit\u00e0","brillante","affascinante","carismatico","scioccante","chiaro","completamente","riservato","fiducia","significativo","creativo","definitivamente","delizioso","dimostrare","sbrigati","determinato","degno","dinamico","impressionante","essenziale","ispiratore","innovativo","intenso","efficace","magico","magnifico","storico","importante","incredibile","indispensabile","indimenticabile","irresistibile","leggendario","luminoso","lusso","magico","magnifico","maestoso","memorabile","miracoloso","motivante","necessario","nuovo","ufficiale","perfetto","appassionato","persuasivo","fenomenale","piacere","popolare","potere","prestigioso","prodigioso","profondo","prospero","potente","qualit\u00e0","radiante","veloce","di successo","rivoluzionario","soddisfatto","sicurezza","sensazionale","sereno","lussuoso","splendido","sublime","sorprendente","talentuoso","terrificante","unico","valore","vibrante","vittorioso","vivace","veramente","zelante","autentico","avventuroso","spettacolare","esclusivo","garantito","straordinario","favoloso","affascinante","formidabile","geniale","grandioso","gratuito","abile","illimitato","impeccabile","infallibile","infinitamente","influente","ingegnoso","indimenticabile","insostituibile","leader","maestro","notevole","innovativo","pioniere","potente","riconosciuto","rivoluzionario","sorprendente","superiore","trionfante","ultra","coraggioso","prezioso","avanguardia","vigoroso","visionario","volont\u00e0","vitale","trionfo","glorioso","inarrestabile","ineguagliabile","intelligente","invincibile","libert\u00e0","orgoglio","pace","progresso","rinnovato","saggezza","soddisfazione","sicuro","serenit\u00e0","superamento","talento","trascendente","trasformativo","coraggio","vittoria"],"diacritics":{"A":"[\\u0041\\u24B6\\uFF21\\u00C0\\u00C1\\u00C2\\u1EA6\\u1EA4\\u1EAA\\u1EA8\\u00C3\\u0100\\u0102\\u1EB0\\u1EAE\\u1EB4\\u1EB2\\u0226\\u01E0\\u00C4\\u01DE\\u1EA2\\u00C5\\u01FA\\u01CD\\u0200\\u0202\\u1EA0\\u1EAC\\u1EB6\\u1E00\\u0104\\u023A\\u2C6F]","AA":"[\\uA732]","AE":"[\\u00C6\\u01FC\\u01E2]","AO":"[\\uA734]","AU":"[\\uA736]","AV":"[\\uA738\\uA73A]","AY":"[\\uA73C]","B":"[\\u0042\\u24B7\\uFF22\\u1E02\\u1E04\\u1E06\\u0243\\u0182\\u0181]","C":"[\\u0043\\u24B8\\uFF23\\u0106\\u0108\\u010A\\u010C\\u00C7\\u1E08\\u0187\\u023B\\uA73E]","D":"[\\u0044\\u24B9\\uFF24\\u1E0A\\u010E\\u1E0C\\u1E10\\u1E12\\u1E0E\\u0110\\u018B\\u018A\\u0189\\uA779]","DZ":"[\\u01F1\\u01C4]","Dz":"[\\u01F2\\u01C5]","E":"[\\u0045\\u24BA\\uFF25\\u00C8\\u00C9\\u00CA\\u1EC0\\u1EBE\\u1EC4\\u1EC2\\u1EBC\\u0112\\u1E14\\u1E16\\u0114\\u0116\\u00CB\\u1EBA\\u011A\\u0204\\u0206\\u1EB8\\u1EC6\\u0228\\u1E1C\\u0118\\u1E18\\u1E1A\\u0190\\u018E]","F":"[\\u0046\\u24BB\\uFF26\\u1E1E\\u0191\\uA77B]","G":"[\\u0047\\u24BC\\uFF27\\u01F4\\u011C\\u1E20\\u011E\\u0120\\u01E6\\u0122\\u01E4\\u0193\\uA7A0\\uA77D\\uA77E]","H":"[\\u0048\\u24BD\\uFF28\\u0124\\u1E22\\u1E26\\u021E\\u1E24\\u1E28\\u1E2A\\u0126\\u2C67\\u2C75\\uA78D]","I":"[\\u0049\\u24BE\\uFF29\\u00CC\\u00CD\\u00CE\\u0128\\u012A\\u012C\\u0130\\u00CF\\u1E2E\\u1EC8\\u01CF\\u0208\\u020A\\u1ECA\\u012E\\u1E2C\\u0197]","J":"[\\u004A\\u24BF\\uFF2A\\u0134\\u0248]","K":"[\\u004B\\u24C0\\uFF2B\\u1E30\\u01E8\\u1E32\\u0136\\u1E34\\u0198\\u2C69\\uA740\\uA742\\uA744\\uA7A2]","L":"[\\u004C\\u24C1\\uFF2C\\u013F\\u0139\\u013D\\u1E36\\u1E38\\u013B\\u1E3C\\u1E3A\\u0141\\u023D\\u2C62\\u2C60\\uA748\\uA746\\uA780]","LJ":"[\\u01C7]","Lj":"[\\u01C8]","M":"[\\u004D\\u24C2\\uFF2D\\u1E3E\\u1E40\\u1E42\\u2C6E\\u019C]","N":"[\\u004E\\u24C3\\uFF2E\\u01F8\\u0143\\u00D1\\u1E44\\u0147\\u1E46\\u0145\\u1E4A\\u1E48\\u0220\\u019D\\uA790\\uA7A4]","NJ":"[\\u01CA]","Nj":"[\\u01CB]","O":"[\\u004F\\u24C4\\uFF2F\\u00D2\\u00D3\\u00D4\\u1ED2\\u1ED0\\u1ED6\\u1ED4\\u00D5\\u1E4C\\u022C\\u1E4E\\u014C\\u1E50\\u1E52\\u014E\\u022E\\u0230\\u00D6\\u022A\\u1ECE\\u0150\\u01D1\\u020C\\u020E\\u01A0\\u1EDC\\u1EDA\\u1EE0\\u1EDE\\u1EE2\\u1ECC\\u1ED8\\u01EA\\u01EC\\u00D8\\u01FE\\u0186\\u019F\\uA74A\\uA74C]","OI":"[\\u01A2]","OO":"[\\uA74E]","OU":"[\\u0222]","P":"[\\u0050\\u24C5\\uFF30\\u1E54\\u1E56\\u01A4\\u2C63\\uA750\\uA752\\uA754]","Q":"[\\u0051\\u24C6\\uFF31\\uA756\\uA758\\u024A]","R":"[\\u0052\\u24C7\\uFF32\\u0154\\u1E58\\u0158\\u0210\\u0212\\u1E5A\\u1E5C\\u0156\\u1E5E\\u024C\\u2C64\\uA75A\\uA7A6\\uA782]","S":"[\\u0053\\u24C8\\uFF33\\u1E9E\\u015A\\u1E64\\u015C\\u1E60\\u0160\\u1E66\\u1E62\\u1E68\\u0218\\u015E\\u2C7E\\uA7A8\\uA784]","T":"[\\u0054\\u24C9\\uFF34\\u1E6A\\u0164\\u1E6C\\u021A\\u0162\\u1E70\\u1E6E\\u0166\\u01AC\\u01AE\\u023E\\uA786]","TZ":"[\\uA728]","U":"[\\u0055\\u24CA\\uFF35\\u00D9\\u00DA\\u00DB\\u0168\\u1E78\\u016A\\u1E7A\\u016C\\u00DC\\u01DB\\u01D7\\u01D5\\u01D9\\u1EE6\\u016E\\u0170\\u01D3\\u0214\\u0216\\u01AF\\u1EEA\\u1EE8\\u1EEE\\u1EEC\\u1EF0\\u1EE4\\u1E72\\u0172\\u1E76\\u1E74\\u0244]","V":"[\\u0056\\u24CB\\uFF36\\u1E7C\\u1E7E\\u01B2\\uA75E\\u0245]","VY":"[\\uA760]","W":"[\\u0057\\u24CC\\uFF37\\u1E80\\u1E82\\u0174\\u1E86\\u1E84\\u1E88\\u2C72]","X":"[\\u0058\\u24CD\\uFF38\\u1E8A\\u1E8C]","Y":"[\\u0059\\u24CE\\uFF39\\u1EF2\\u00DD\\u0176\\u1EF8\\u0232\\u1E8E\\u0178\\u1EF6\\u1EF4\\u01B3\\u024E\\u1EFE]","Z":"[\\u005A\\u24CF\\uFF3A\\u0179\\u1E90\\u017B\\u017D\\u1E92\\u1E94\\u01B5\\u0224\\u2C7F\\u2C6B\\uA762]","a":"[\\u0061\\u24D0\\uFF41\\u1E9A\\u00E0\\u00E1\\u00E2\\u1EA7\\u1EA5\\u1EAB\\u1EA9\\u00E3\\u0101\\u0103\\u1EB1\\u1EAF\\u1EB5\\u1EB3\\u0227\\u01E1\\u00E4\\u01DF\\u1EA3\\u00E5\\u01FB\\u01CE\\u0201\\u0203\\u1EA1\\u1EAD\\u1EB7\\u1E01\\u0105\\u2C65\\u0250]","aa":"[\\uA733]","ae":"[\\u00E6\\u01FD\\u01E3]","ao":"[\\uA735]","au":"[\\uA737]","av":"[\\uA739\\uA73B]","ay":"[\\uA73D]","b":"[\\u0062\\u24D1\\uFF42\\u1E03\\u1E05\\u1E07\\u0180\\u0183\\u0253]","c":"[\\u0063\\u24D2\\uFF43\\u0107\\u0109\\u010B\\u010D\\u00E7\\u1E09\\u0188\\u023C\\uA73F\\u2184]","d":"[\\u0064\\u24D3\\uFF44\\u1E0B\\u010F\\u1E0D\\u1E11\\u1E13\\u1E0F\\u0111\\u018C\\u0256\\u0257\\uA77A]","dz":"[\\u01F3\\u01C6]","e":"[\\u0065\\u24D4\\uFF45\\u00E8\\u00E9\\u00EA\\u1EC1\\u1EBF\\u1EC5\\u1EC3\\u1EBD\\u0113\\u1E15\\u1E17\\u0115\\u0117\\u00EB\\u1EBB\\u011B\\u0205\\u0207\\u1EB9\\u1EC7\\u0229\\u1E1D\\u0119\\u1E19\\u1E1B\\u0247\\u025B\\u01DD]","f":"[\\u0066\\u24D5\\uFF46\\u1E1F\\u0192\\uA77C]","g":"[\\u0067\\u24D6\\uFF47\\u01F5\\u011D\\u1E21\\u011F\\u0121\\u01E7\\u0123\\u01E5\\u0260\\uA7A1\\u1D79\\uA77F]","h":"[\\u0068\\u24D7\\uFF48\\u0125\\u1E23\\u1E27\\u021F\\u1E25\\u1E29\\u1E2B\\u1E96\\u0127\\u2C68\\u2C76\\u0265]","hv":"[\\u0195]","i":"[\\u0069\\u24D8\\uFF49\\u00EC\\u00ED\\u00EE\\u0129\\u012B\\u012D\\u00EF\\u1E2F\\u1EC9\\u01D0\\u0209\\u020B\\u1ECB\\u012F\\u1E2D\\u0268\\u0131]","j":"[\\u006A\\u24D9\\uFF4A\\u0135\\u01F0\\u0249]","k":"[\\u006B\\u24DA\\uFF4B\\u1E31\\u01E9\\u1E33\\u0137\\u1E35\\u0199\\u2C6A\\uA741\\uA743\\uA745\\uA7A3]","l":"[\\u006C\\u24DB\\uFF4C\\u0140\\u013A\\u013E\\u1E37\\u1E39\\u013C\\u1E3D\\u1E3B\\u017F\\u0142\\u019A\\u026B\\u2C61\\uA749\\uA781\\uA747]","lj":"[\\u01C9]","m":"[\\u006D\\u24DC\\uFF4D\\u1E3F\\u1E41\\u1E43\\u0271\\u026F]","n":"[\\u006E\\u24DD\\uFF4E\\u01F9\\u0144\\u00F1\\u1E45\\u0148\\u1E47\\u0146\\u1E4B\\u1E49\\u019E\\u0272\\u0149\\uA791\\uA7A5]","nj":"[\\u01CC]","o":"[\\u006F\\u24DE\\uFF4F\\u00F2\\u00F3\\u00F4\\u1ED3\\u1ED1\\u1ED7\\u1ED5\\u00F5\\u1E4D\\u022D\\u1E4F\\u014D\\u1E51\\u1E53\\u014F\\u022F\\u0231\\u00F6\\u022B\\u1ECF\\u0151\\u01D2\\u020D\\u020F\\u01A1\\u1EDD\\u1EDB\\u1EE1\\u1EDF\\u1EE3\\u1ECD\\u1ED9\\u01EB\\u01ED\\u00F8\\u01FF\\u0254\\uA74B\\uA74D\\u0275]","oi":"[\\u01A3]","ou":"[\\u0223]","oo":"[\\uA74F]","p":"[\\u0070\\u24DF\\uFF50\\u1E55\\u1E57\\u01A5\\u1D7D\\uA751\\uA753\\uA755]","q":"[\\u0071\\u24E0\\uFF51\\u024B\\uA757\\uA759]","r":"[\\u0072\\u24E1\\uFF52\\u0155\\u1E59\\u0159\\u0211\\u0213\\u1E5B\\u1E5D\\u0157\\u1E5F\\u024D\\u027D\\uA75B\\uA7A7\\uA783]","s":"[\\u0073\\u24E2\\uFF53\\u015B\\u1E65\\u015D\\u1E61\\u0161\\u1E67\\u1E63\\u1E69\\u0219\\u015F\\u023F\\uA7A9\\uA785\\u1E9B]","ss":"[\\u00DF]","t":"[\\u0074\\u24E3\\uFF54\\u1E6B\\u1E97\\u0165\\u1E6D\\u021B\\u0163\\u1E71\\u1E6F\\u0167\\u01AD\\u0288\\u2C66\\uA787]","tz":"[\\uA729]","u":"[\\u0075\\u24E4\\uFF55\\u00F9\\u00FA\\u00FB\\u0169\\u1E79\\u016B\\u1E7B\\u016D\\u00FC\\u01DC\\u01D8\\u01D6\\u01DA\\u1EE7\\u016F\\u0171\\u01D4\\u0215\\u0217\\u01B0\\u1EEB\\u1EE9\\u1EEF\\u1EED\\u1EF1\\u1EE5\\u1E73\\u0173\\u1E77\\u1E75\\u0289]","v":"[\\u0076\\u24E5\\uFF56\\u1E7D\\u1E7F\\u028B\\uA75F\\u028C]","vy":"[\\uA761]","w":"[\\u0077\\u24E6\\uFF57\\u1E81\\u1E83\\u0175\\u1E87\\u1E85\\u1E98\\u1E89\\u2C73]","x":"[\\u0078\\u24E7\\uFF58\\u1E8B\\u1E8D]","y":"[\\u0079\\u24E8\\uFF59\\u1EF3\\u00FD\\u0177\\u1EF9\\u0233\\u1E8F\\u00FF\\u1EF7\\u1E99\\u1EF5\\u01B4\\u024F\\u1EFF]","z":"[\\u007A\\u24E9\\uFF5A\\u017A\\u1E91\\u017C\\u017E\\u1E93\\u1E95\\u01B6\\u0225\\u0240\\u2C6C\\uA763]"},"researchesTests":["contentHasTOC","contentHasShortParagraphs","contentHasAssets","keywordInTitle","keywordInMetaDescription","keywordInPermalink","keywordIn10Percent","keywordInContent","keywordInSubheadings","keywordInImageAlt","keywordDensity","keywordNotUsed","lengthContent","lengthPermalink","linksHasInternal","linksHasExternals","linksNotAllExternals","titleStartWithKeyword","titleSentiment","titleHasPowerWords","titleHasNumber","hasContentAI"],"hasRedirection":true,"hasBreadcrumb":true},"homeUrl":"https:\/\/organizzazione.cai.it\/gr-lombardia","objectID":862,"objectType":"post","locale":"it","localeFull":"it_IT","overlayImages":{"play":{"name":"Icona di riproduzione","url":"https:\/\/organizzazione.cai.it\/gr-lombardia\/wp-content\/plugins\/seo-by-rank-math\/assets\/admin\/img\/icon-play.png","path":"\/var\/www\/vhosts\/organizzazione.cai.it\/httpdocs\/wp-content\/plugins\/seo-by-rank-math\/assets\/admin\/img\/icon-play.png","position":"middle_center"},"gif":{"name":"Icona GIF","url":"https:\/\/organizzazione.cai.it\/gr-lombardia\/wp-content\/plugins\/seo-by-rank-math\/assets\/admin\/img\/icon-gif.png","path":"\/var\/www\/vhosts\/organizzazione.cai.it\/httpdocs\/wp-content\/plugins\/seo-by-rank-math\/assets\/admin\/img\/icon-gif.png","position":"middle_center"}},"defautOgImage":"https:\/\/organizzazione.cai.it\/gr-lombardia\/wp-content\/uploads\/sites\/63\/2024\/09\/og.webp","customPermalinks":true,"isUserRegistered":false,"autoSuggestKeywords":false,"connectSiteUrl":"https:\/\/rankmath.com\/auth?site=https%3A%2F%2Forganizzazione.cai.it%2Fgr-lombardia&r=https%3A%2F%2Forganizzazione.cai.it%2Fgr-lombardia%2Fwp-json%2Fwp%2Fv2%2Fpages%2F862%3Fnonce%3D8daf901a58","maxTags":5,"trendsIcon":"<svg viewBox=\"0 0 610 610\"><path d=\"M18.85,446,174.32,290.48l58.08,58.08L76.93,504a14.54,14.54,0,0,1-20.55,0L18.83,466.48a14.54,14.54,0,0,1,0-20.55Z\" style=\"fill:#4285f4\"\/><path d=\"M242.65,242.66,377.59,377.6l-47.75,47.75a14.54,14.54,0,0,1-20.55,0L174.37,290.43l47.75-47.75A14.52,14.52,0,0,1,242.65,242.66Z\" style=\"fill:#ea4335\"\/><polygon points=\"319.53 319.53 479.26 159.8 537.34 217.88 377.61 377.62 319.53 319.53\" style=\"fill:#fabb05\"\/><path d=\"M594.26,262.73V118.61h0a16.94,16.94,0,0,0-16.94-16.94H433.2a16.94,16.94,0,0,0-12,28.92L565.34,274.71h0a16.94,16.94,0,0,0,28.92-12Z\" style=\"fill:#34a853\"\/><rect width=\"610\" height=\"610\" style=\"fill:none\"\/><\/svg>","showScore":true,"siteFavIcon":"data:image\/png;base64,iVBORw0KGgoAAAANSUhEUgAAABAAAAAQCAYAAAAf8\/9hAAABs0lEQVR4AWL4\/\/8\/RRjO8Iucx+noO0MWUDo16FYABMGP6ZfUcRnWtm27jVPbtm3bttuH2t3eFPcY9pLz7NxiLjCyVd87pKnHyqXyxtCs8APd0rnyxiu4qSeA3QEDrAwBDrT1s1Rc\/OrjLZwqVmOSu6+Lamcpp2KKMA9PH1BYXMe1mUP5qotvXTywsOEEYHXxrY+3cqk6TMkYpNr2FeoY3KIr0RPtn9wQ2unlA+GMkRw6+9TFw4YTwDUzx\/JVvARj9KaedXRO8P5B1Du2S32smzqUrcKGEyA+uAgQjKX7zf0boWHGfn71jIKj2689gxp7OAGShNcBUmLMPVjZuiKcA2vuWHHDCQxMCz629kXAIU4ApY15QwggAFbfOP9DhgBJ+nWVJ1AZAfICAj1pAlY6hCADZnveQf7bQIwzVONGJonhLIlS9gr5mFg44Xd+4S3XHoGNPdJl1INIwKyEgHckEhgTe1bGiFY9GSFBYUwLh1IkiJUbY407E7syBSFxKTszEoiE\/YdrgCEayDmtaJwCI9uu8TKMuZSVfSa4BpGgzvomBR\/INhLGzrqDotp01ZR8pn\/1L0JN9d9XNyx0AAAAAElFTkSuQmCC","canUser":{"general":false,"advanced":false,"snippet":false,"social":false,"analysis":false,"analytics":false,"content_ai":false},"showKeywordIntent":true,"isPro":false,"is_front_page":false,"trendsUpgradeLink":"https:\/\/rankmath.com\/pricing\/?utm_source=Plugin&utm_medium=CE%20General%20Tab%20Trends&utm_campaign=WP","trendsUpgradeLabel":"Aggiorna","trendsPreviewImage":"https:\/\/organizzazione.cai.it\/gr-lombardia\/wp-content\/plugins\/seo-by-rank-math\/assets\/admin\/img\/trends-preview.jpg","currentEditor":false,"homepageData":{"assessor":{"powerWords":["incredibile","sorprendente","meraviglioso","unico","bello","felicit\u00e0","brillante","affascinante","carismatico","scioccante","chiaro","completamente","riservato","fiducia","significativo","creativo","definitivamente","delizioso","dimostrare","sbrigati","determinato","degno","dinamico","impressionante","essenziale","ispiratore","innovativo","intenso","efficace","magico","magnifico","storico","importante","incredibile","indispensabile","indimenticabile","irresistibile","leggendario","luminoso","lusso","magico","magnifico","maestoso","memorabile","miracoloso","motivante","necessario","nuovo","ufficiale","perfetto","appassionato","persuasivo","fenomenale","piacere","popolare","potere","prestigioso","prodigioso","profondo","prospero","potente","qualit\u00e0","radiante","veloce","di successo","rivoluzionario","soddisfatto","sicurezza","sensazionale","sereno","lussuoso","splendido","sublime","sorprendente","talentuoso","terrificante","unico","valore","vibrante","vittorioso","vivace","veramente","zelante","autentico","avventuroso","spettacolare","esclusivo","garantito","straordinario","favoloso","affascinante","formidabile","geniale","grandioso","gratuito","abile","illimitato","impeccabile","infallibile","infinitamente","influente","ingegnoso","indimenticabile","insostituibile","leader","maestro","notevole","innovativo","pioniere","potente","riconosciuto","rivoluzionario","sorprendente","superiore","trionfante","ultra","coraggioso","prezioso","avanguardia","vigoroso","visionario","volont\u00e0","vitale","trionfo","glorioso","inarrestabile","ineguagliabile","intelligente","invincibile","libert\u00e0","orgoglio","pace","progresso","rinnovato","saggezza","soddisfazione","sicuro","serenit\u00e0","superamento","talento","trascendente","trasformativo","coraggio","vittoria"],"diacritics":true,"researchesTests":["contentHasTOC","contentHasShortParagraphs","contentHasAssets","keywordInTitle","keywordInMetaDescription","keywordInPermalink","keywordIn10Percent","keywordInContent","keywordInSubheadings","keywordInImageAlt","keywordDensity","keywordNotUsed","lengthContent","lengthPermalink","linksHasInternal","linksHasExternals","linksNotAllExternals","titleStartWithKeyword","titleSentiment","titleHasPowerWords","titleHasNumber","hasContentAI"],"hasBreadcrumb":true,"serpData":{"title":"%sitename% %page% %sep% %sitedesc%","description":"","titleTemplate":"%sitename% %page% %sep% %sitedesc%","descriptionTemplate":"","focusKeywords":"","breadcrumbTitle":"Home","robots":{"index":true},"advancedRobots":{"max-snippet":"-1","max-video-preview":"-1","max-image-preview":"large"},"facebookTitle":"","facebookDescription":"","facebookImage":"","facebookImageID":""}}},"tocTitle":"Table of Contents","tocExcludeHeadings":[],"listStyle":"ul"},"_links":{"self":[{"href":"https:\/\/organizzazione.cai.it\/gr-lombardia\/wp-json\/wp\/v2\/pages\/862"}],"collection":[{"href":"https:\/\/organizzazione.cai.it\/gr-lombardia\/wp-json\/wp\/v2\/pages"}],"about":[{"href":"https:\/\/organizzazione.cai.it\/gr-lombardia\/wp-json\/wp\/v2\/types\/page"}],"author":[{"embeddable":true,"href":"https:\/\/organizzazione.cai.it\/gr-lombardia\/wp-json\/wp\/v2\/users\/1"}],"replies":[{"embeddable":true,"href":"https:\/\/organizzazione.cai.it\/gr-lombardia\/wp-json\/wp\/v2\/comments?post=862"}],"version-history":[{"count":2,"href":"https:\/\/organizzazione.cai.it\/gr-lombardia\/wp-json\/wp\/v2\/pages\/862\/revisions"}],"predecessor-version":[{"id":2854,"href":"https:\/\/organizzazione.cai.it\/gr-lombardia\/wp-json\/wp\/v2\/pages\/862\/revisions\/2854"}],"up":[{"embeddable":true,"href":"https:\/\/organizzazione.cai.it\/gr-lombardia\/wp-json\/wp\/v2\/pages\/6763"}],"wp:featuredmedia":[{"embeddable":true,"href":"https:\/\/organizzazione.cai.it\/gr-lombardia\/wp-json\/"}],"wp:attachment":[{"href":"https:\/\/organizzazione.cai.it\/gr-lombardia\/wp-json\/wp\/v2\/media?parent=862"}],"curies":[{"name":"wp","href":"https:\/\/api.w.org\/{rel}","templated":true}]}}