{"id":277,"date":"2023-12-11T22:45:32","date_gmt":"2023-12-11T22:45:32","guid":{"rendered":"https:\/\/organizzazione.cai.it\/sez-camerino\/74456-2\/"},"modified":"2024-09-12T15:22:23","modified_gmt":"2024-09-12T15:22:23","slug":"la-nostra-storia","status":"publish","type":"page","link":"https:\/\/organizzazione.cai.it\/sez-camerino\/chi-siamo\/la-nostra-storia\/","title":{"rendered":"La nostra Storia"},"content":{"rendered":"<p><b>1933: La costituzione della Sezione CAI di Camerino<\/b><\/p>\n<div class=\"wpa-ld wp-image-74431 alignright\"><img loading=\"lazy\" decoding=\"async\" id=\"longdesc-return-74431\" class=\"\" src=\"https:\/\/archivio.cai.it\/wp-content\/uploads\/2023\/12\/ilcaidicamerino-web-150x300.jpg\" sizes=\"(max-width: 371px) 100vw, 371px\" srcset=\"https:\/\/archivio.cai.it\/wp-content\/uploads\/2023\/12\/ilcaidicamerino-web-150x300.jpg 150w, https:\/\/archivio.cai.it\/wp-content\/uploads\/2023\/12\/ilcaidicamerino-web-200x400.jpg 200w, https:\/\/archivio.cai.it\/wp-content\/uploads\/2023\/12\/ilcaidicamerino-web-400x800.jpg 400w, https:\/\/archivio.cai.it\/wp-content\/uploads\/2023\/12\/ilcaidicamerino-web-500x1000.jpg 500w, https:\/\/archivio.cai.it\/wp-content\/uploads\/2023\/12\/ilcaidicamerino-web-512x1024.jpg 512w, https:\/\/archivio.cai.it\/wp-content\/uploads\/2023\/12\/ilcaidicamerino-web-600x1200.jpg 600w, https:\/\/archivio.cai.it\/wp-content\/uploads\/2023\/12\/ilcaidicamerino-web-700x1399.jpg 700w, https:\/\/archivio.cai.it\/wp-content\/uploads\/2023\/12\/ilcaidicamerino-web-768x1536.jpg 768w, https:\/\/archivio.cai.it\/wp-content\/uploads\/2023\/12\/ilcaidicamerino-web-800x1599.jpg 800w, https:\/\/archivio.cai.it\/wp-content\/uploads\/2023\/12\/ilcaidicamerino-web-1024x2048.jpg 1024w, https:\/\/archivio.cai.it\/wp-content\/uploads\/2023\/12\/ilcaidicamerino-web-1200x2399.jpg 1200w, https:\/\/archivio.cai.it\/wp-content\/uploads\/2023\/12\/ilcaidicamerino-web-scaled.jpg 1280w\" alt=\"ilcaidicamerino web\" width=\"371\" height=\"742\" longdesc=\"https:\/\/archivio.cai.it\/?longdesc=74431&amp;referrer=0\" title=\"\"><\/div>\n<p>La Sezione CAI di Camerino \u00e8 stata fondata nel 1933, ha avuto come suo primo presidente\u00a0<b>Agesilao Claudi<\/b>\u00a0ed \u00e8 stata la terza Sezione istituita nelle Marche. Ovviamente, come ricorda Francesco Claudi, le attivit\u00e0 di promozione e organizzazione sono iniziate nel 1932.<\/p>\n<p>Il primo documento ufficiale della Sezione \u00e8 un Registro delle entrate e uscite del 1934 in cui sono riportati i primi soci iscritti alla Sezione. Tra le spese indicate appare interessante quella del 23 maggio per la \u201cSpedizione di manoscritti alla Sede Centrale\u201d, che con molta probabilit\u00e0 riguarda l\u2019invio dell\u2019Atto costitutivo della Sezione. Atto che \u00e8 andato perso forse anche a causa dei tanti traslochi della Sezione e per le probabili vicissitudini storiche di un periodo non certo roseo come quello della Seconda guerra mondiale. Gli stessi archivi della Sede Centrale risultano danneggiati a causa dei bombardamenti di quell\u2019infelice periodo.<\/p>\n<p><b>1933-1960: Spirito relazionale\u00a0<\/b><\/p>\n<p>Questo \u00e8 un periodo storico cupo per Camerino, per le Marche e per l\u2019Italia. Un periodo in cui esprimere il proprio pensiero o realizzare liberamente i propri sogni non era poi cos\u00ec semplice: vuoi per il basso tenore di vita dei pi\u00f9, e vuoi per il regime fascista che aveva pervaso il vissuto quotidiano delle persone, negando tutte le libert\u00e0.<\/p>\n<p>In questo contesto politicamente e culturalmente opprimente i fondatori del sodalizio sono stati motivati dal desiderio di sentirsi liberi di andare in montagna e di esprimere il loro essere persone semplici, dai giusti valori morali. Uomini, che con i pantaloni alla zuava, con i maglioni fatti a mano e le scarpe chiodate, sentivano solo il senso prevalente, libero da ogni costrizione, dell\u2019andare insieme in montagna e godere dei tramonti e dell\u2019aria pulita e della fatica delle ascese e delle escursioni.<\/p>\n<p>Il Sodalizio non si ferma a godere privatamente delle bellezze degli Appennini, ma si impegna da subito a promuovere il territorio in senso turistico.<\/p>\n<p>Nel 1950, la\u00a0<i>Rivista mensile del CAI<\/i>\u00a0in un trafiletto mette in rilievo che lo sport sciistico camerte aveva visto un notevole afflusso di nuovi partecipanti alle manifestazioni: \u201c<i>Ogni domenica numerose comitive di sciatori ed amanti della montagna vengono trasportate con modernissimi autopullman sugli incantevoli campi di neve di Bolognola (m. 1070), la reginetta dei Monti Sibillini<\/i>\u201d.<\/p>\n<p>Nel 1954, le attivit\u00e0 escursioniste e culturali, estive e invernali, sono accompagnate da attivit\u00e0 di promozione dei Monti Sibillini (in particolare Bolognola e Sarnano); mostre fotografiche, escursione sciistica a Bolognola e al Monte Bove. Sempre nel 1954, in Assemblea,\u00a0<b>Franco Castelli<\/b>\u00a0sottolinea l\u2019importanza del non trascurare l\u2019attivit\u00e0 di incremento turistico sportivo dei Monti Sibillini, in particolare di Bolognola, sollecitando la presenza di un servizio automobilistico domenicale Camerino-Bolognola.<\/p>\n<p>Inoltre, con un\u2019attenzione (ante litteram) sull\u2019escursionismo giovanile, l\u2019Assemblea propone di mettere in programma \u201c<i>numerose gite onde permettere ai giovani di conoscere sempre pi\u00f9 le nostre montagne<\/i>\u201d e si inizia a riflettere sull\u2019apertura di una sottoSezione CAI a Ussita.<\/p>\n<p>Il presidente\u00a0<b>Pietro Marmili<\/b>, sottolineando il particolare impegno della Sezione per \u201c<i>l\u2019incremento e lo sviluppo turistico della nostra zona montana<\/i>\u201d e ricordando il\u00a0<b><i>Primo convegno della montagna<\/i><\/b>\u00a0tenutosi a Bolognola, il 21 ottobre 1954, presenta una relazione sulle numerose escursioni di quell\u2019anno, grazie alla collaborazione con l\u2019associazione turistica Pro Camerino e della Guida\u00a0<b>M. Tonnarelli<\/b>.<\/p>\n<p><b>1961-1970: Un periodo intenso<\/b><\/p>\n<p>In un articolo di giornale (senza intestazione, firma e data) dal titolo \u201cCamerino. Relazione sull\u2019attivit\u00e0 svolta nell\u2019anno 1964\u201d emerge l\u2019impeto dell\u2019attivit\u00e0 del sodalizio camerte.<\/p>\n<p>Riportiamo l\u2019apertura dell\u2019articolo per la sua capacit\u00e0 di farci immaginare di essere l\u00ec con loro a condividere le tante attivit\u00e0: \u201c<i>Il 1964 \u00e8 stato per la Sezione di Camerino, un anno denso di nuove iniziative. Scopo principale della nostra attivit\u00e0 \u00e8 stato quello di ampliare la ristretta cerchia degli appassionati della montagna, accogliere nel nostro ambiente alpinistico nuovi elementi e soprattutto i giovani. Ci siamo inoltre preoccupati di preparare i nuovi iscritti organizzando corsi di roccia e di ginnastica presciistica e con ci\u00f2 abbiamo voluto rivolgerci verso quei giovani che avevano dimostrato una certa simpatia per l\u2019ambiente alpinistico e verso coloro che, pur sprovvisti di qualsiasi cognizione tecnica, avevano cominciato ad andare in montagna. Abbiamo svolto la nostra propaganda in modo da attivare nel nostro ambiente nuove e vive forze, tali da poter incrementare l\u2019organizzazione della nostra Sezione<\/i>\u201d.<\/p>\n<p>L\u2019articolo prosegue illustrando le attivit\u00e0 svolte alla\u00a0<b>Palestra di roccia di Gelagna<\/b>\u00a0(Monte Igno) grazie all\u2019interessamento della Guida e Istruttore\u00a0<b>Sergio Macci\u00f2<\/b>\u00a0di Jesi. Personaggio che parteciper\u00e0 attivamente alle attivit\u00e0 alpinistiche della Sezione. Tanto che alcuni anni dopo, nel 1970, in un verbale di assemblea verr\u00e0 ringraziato per l\u2019interessamento riservato alle attivit\u00e0 della Sezione camerte.<\/p>\n<p>Nello stesso anno (settembre 1964) la Sezione partecipa con due squadre (una maschile e una femminile) al\u00a0<b>Trofeo Zilioli<\/b>, gara podistica sul Monte Vettore. La squadra femminile (nel percorso Forca di Presta, rifugio Zilioli, Cima del Vettore e ritorno), composta da Laura ed Anna Francalancia, tra entusiasmo e commozione, porta a casa la coppa del primo premio.<\/p>\n<p>Per le attivit\u00e0 giovanili il Sodalizio impegner\u00e0, nel 1965, 40.000 lire e altri fondi per finanziare la ginnastica presciistica; oltre all\u2019organizzazione di escursioni estive per i giovani e uscite in tenda (dette \u201cattendamenti\u201d).<\/p>\n<p>Siamo nel periodo in cui si intensifica la frequentazione in montagna e di conseguenza gli incidenti, cos\u00ec il CAI, sempre attento al benessere delle persone e alla loro sicurezza, apre una\u00a0<b>Stazione di Soccorso Alpino<\/b>\u00a0(il cui referente sar\u00e0\u00a0<b>Francesco Claudi<\/b>).\u00a0Ancora per la sicurezza verr\u00e0 organizzato un corso per istruttori di roccia a Frontignano (il comune di Camerino doner\u00e0 per questa attivit\u00e0 50.000 lire). Anche la\u00a0<i>Rivista mensile del CAI<\/i>\u00a0(1967) ricorda che le sezioni di Camerino, Jesi e Fabriano in linea con le tante attivit\u00e0 delle sezioni italiane organizzano manifestazioni e corsi per Sci alpinistico e avvicinamento alla montagna.<\/p>\n<p>Ma non manca l\u2019impegno culturale e scientifico, cos\u00ec il CAI con\u00a0<b>Daniele Scalla<\/b>\u00a0parteciper\u00e0 al\u00a0<b>Convegno del CAI<\/b>\u00a0in Lussemburgo (contribuendo alle spese con 30.000 lire); nel 1966\u00a0lo stesso socio partecipa alla\u00a0<b>Riunione internazionale dei giovani delle Associazioni alpinistiche<\/b>\u00a0come membro dell\u2019U.I.A.A. (Unione Internazionale Associazione Alpinisti) svoltasi a Berdorf in Lussemburgo.<\/p>\n<p>Dalla met\u00e0 degli anni \u201960 inizia il periodo delle gare podistiche. Camerino parteciper\u00e0 nel 1966 al\u00a0<b>Raduno femminile del Gran Sasso<\/b>; e in occasione del 78\u00b0 Congresso nazionale del CAI, svolto ad Aosta, aderir\u00e0 alle attivit\u00e0 agonistiche e culturali.<\/p>\n<p>Gli anni Sessanta si chiudono con l\u2019istituzione (nel 1969) della\u00a0<b>SottoSezione di Visso<\/b>.<\/p>\n<p>In questi anni spicca la figura dell\u2019avv.\u00a0<b>Giuseppe Sartori<\/b>, Presidente onorario della Sezione. Da un verbale di Assemblea si pu\u00f2 leggere: \u201c<i>il quale oltrecch\u00e8 ad onorare da tempo con la sua passione per la montagna, la sua personalit\u00e0, il suo continuo interessamento, la nostra associazione ha voluto costituire decisiva molla ed esempio di risveglio del sodalizio incitando i soci alla ripresa dell\u2019attivit\u00e0 e impegnandosi, personalmente parlando con alcuni soci del CAI di Camerino a reperire i fondi per la costruzione di un nostro rifugio in localit\u00e0 Forcella della Neve da dedicare alla memoria del Ten. Delio Bileggi<\/i>\u201d.;<\/p>\n<p><b>1971-1980:\u00a0 Diversificazione delle attivit\u00e0 e alpinismo giovanile<\/b><\/p>\n<p>Il decennio degli anni \u201970 \u00e8 stato caratterizzato dalla diversificazione delle attivit\u00e0 socio-alpinistiche e dall\u2019attenzione riservata ai giovani.\u00a0Gi\u00e0, nel verbale dell\u2019Assemblea Generale del 21 ottobre 1971 i punti all\u2019ordine del giorno che mostrano l\u2019impegno a intensificare le attivit\u00e0 culturali ed escursionistico-formative del sodalizio sono: \u201c<i>3) Costituzione di delegazioni per quanto riguarda: rocciatori, Escursioni estive domenicali, Segreteria, Campeggi giovanili, Gruppo marciatori, Organizzazione di pullman domenicali della neve; Filmini escursionistici didattici, Pro protezione della natura; 4) Costruzione di un rifugio alla memoria del Ten. Bileggi; 5) Riattivazione della sottoSezione di Visso.\u00a0 Sergio Macci\u00f2 viene indicato come referente per le proiezioni istruttive di diapositive sulla Ande\u201d<\/i>. Riguardo il punto 5) nonostante che nel 1972 venga riattivata la sottoSezione questa nel 1978 verr\u00e0 sciolta definitivamente per inattivit\u00e0.<\/p>\n<p>In questi anni, forse anche per le aumentate attivit\u00e0 intraprese, sembra emergere qualche conflittualit\u00e0 interna al Sodalizio ma che si risolvono grazie alla collaborazione dei soci. In questo decennio si affacciano nuovi presidenti come<b>\u00a0Daniele Scalla\u00a0<\/b>e<b>\u00a0Marcello Cavallaro\u00a0<\/b>che \u00e8 ha partecipato attivamente, negli anni della sua presidenza, a tutte le riunioni dell\u2019Assemblea Nazionale dei Delegati di Sezione.<\/p>\n<p>Riguardo le attivit\u00e0 della Sezione possiamo individuare alcuni importanti filoni: l\u2019alpinismo giovanile, la partecipazione di alcuni soci a eventi culturali e scientifici sull\u2019ambiente, la partecipazione del sodalizio a commissioni di tutela del territorio, la promozione turistica del territorio attraverso attivit\u00e0 competitive.<\/p>\n<p>Inoltre la presenza del CAI camerte va oltre i suoi confini territoriali e vede la collaborazione con l\u2019Azienda Autonoma di Soggiorno e Turismo, di Camerino, per accompagnare i turisti nelle zone montane e per coordinare iniziative di interesse per la promozione del territorio.\u00a0 Anche l\u2019Assessorato all\u2019Urbanistica-Ambiente, della Regione Marche, chieder\u00e0 al Comune di Camerino (e quindi al CAI) di collaborare alla realizzazione della\u00a0<b>Carta del Paesaggio Marchigiano.<\/b>\u00a0 Il CAI parteciper\u00e0 al\u00a0<b>Convegno sul\u00a0<\/b><b><i>Parco dei Sibillini<\/i><\/b>\u00a0(del 27 maggio 1978) e ricever\u00e0 dalla Camera di Commercio di Macerata 17.000 lire come contributo per redigere la \u201c<b>Carta dei sentieri dei Sibillini<\/b>\u201d (finanziata dalla Associazione della Protezione della Natura e redatta dall\u2019Universit\u00e0 di Camerino). Il CAI collabora ad uno studio sulla \u201cValorizzazione turistica e di assetto territoriale del Comprensorio dei Sibillini\u201d.<\/p>\n<p>Sempre a livello regionale, nel 1978, il sodalizio far\u00e0 parte della\u00a0<b>Commissione Regionale per la Protezione della Natura Alpina,\u00a0<\/b>la quale\u00a0riterr\u00e0 opportuno predisporre un piano mediatico radiofonico e televisivo per divulgare la conoscenza dei Monti Sibillini e i pericoli connessi ad una frequentazione improvvisata della montagna, con interviste ai referenti sezionali (per Camerino se ne occuper\u00e0\u00a0<b>Francesco Claudi<\/b>); sempre in ambito mediatico la Regione Marche chiede una collaborazione al programma in \u201cmultivisione\u201d\u00a0<b>Vivere le Marche,<\/b>\u00a0prodotto dall\u2019Ufficio Ambiente della stessa Regione.<\/p>\n<p>Il Sodalizio si attiva anche con il<b>\u00a0Comitato Scientifico Centrale,\u00a0<\/b>con il coinvolgimento di<b>\u00a0Franco Pedrotti.\u00a0<\/b>Il Comitato,\u00a0al fine di diffondere la promozione dell\u2019educazione e della conoscenza della montagna, sollecita le sezioni a comunicare: attivit\u00e0 convegnistiche, di studio o escursionistiche; notizie utili alla costituzione di un\u00a0<b>Catasto dei laghi di montagna<\/b>, alla\u00a0<b>Revisione della toponomastica<\/b>, alle questioni inerenti i\u00a0<b>Ghiacciai e le loro variazioni<\/b>, e alla\u00a0<b>Vita dei montanari in montagna<\/b>.<\/p>\n<p><b>1991: La rinascita<\/b><\/p>\n<p>Questo decennio \u00e8 decisivo per la Sezione, lo possiamo definire l\u2019anno della rinascita.<\/p>\n<p>La Sezione di Camerino esce dagli anni \u201980 un po\u2019 sofferente di apatia. Le iniziative si sono diradate, le escursioni sono state rivolte ai soli pochi soci pi\u00f9 affezionati e il numero degli iscritti \u00e8 diminuito in modo preoccupante (nel 1990 ci saranno solo 10 iscritti).<\/p>\n<p>La Sezione rischia la chiusura.<\/p>\n<p>Ma Camerino, lo sappiamo, \u00e8 resiliente e anche in questa occasione non sono mancati soci e simpatizzanti che si sono rimboccati le maniche e hanno ridato fiato alla Sezione che oggi conosciamo.<\/p>\n<p>Tra i soci da ringraziare per il prezioso regalo che ci hanno fatto dobbiamo citare\u00a0<b>Torquato Sartori<\/b>\u00a0(la mente illuminata del Sodalizio) e gli altri magnifici sono:\u00a0<b>Giuseppe De Rosa, Tiberio Roscioni, Donatella Paggetti, Marco Maranci, Agesilao Claudi, Luciano Ponzi, Franco Castelli, Bruno Broglia, Arnaldo Ciani, Giovanni Lucchini, Carlo Francalancia.<\/b><\/p>\n<p>Come ricorda l\u2019avv.\u00a0<b>Giuseppe De Rosa<\/b>, che si \u00e8 prodigato per supportare la riattivazione del sodalizio camerte, ad un certo punto sul finire degli anni \u201980 sembrava che la Sezione si fosse spenta e questo aveva spronato a non lasciar andare. Si percepiva un senso nostalgico di quando la Sezione era attiva e propositiva. Si sentiva l\u2019orgoglio di aver ereditato un\u2019opportunit\u00e0 per il territorio e per Camerino dai soci pi\u00f9 anziani che non si poteva sprecare.<\/p>\n<p>Cos\u00ec, il\u00a0<b>26 luglio 1991<\/b>\u00a0presso lo studio dell\u2019avv.\u00a0<b>Torquato Sartori<\/b>\u00a0si riuniscono una ventina, tra soci e amici, che dopo un\u2019introduzione sulla \u201cmale attivit\u00e0 della Sezione\u201d, presentata da Sartori, decidono di istituire un\u00a0<b>Comitato promotore<\/b>\u00a0con il compito di riattivare la Sezione.<\/p>\n<p>In data successiva\u00a0<b>Sartori\u00a0<\/b>e\u00a0<b>Della Cerra<\/b>\u00a0inviano ai potenziali futuri soci una lettera (non datata): \u201c<i>Caro amico, abbiamo pensato di attivare le antiche tradizioni della Sezione del CAI di Camerino, nata nel lontano 1929 [sappiamo invece che \u00e8 il 1933] ed ancora formalmente costituita anche se non pi\u00f9 operante. E\u2019 un\u2019attivit\u00e0 che ha portato lustro alla nostra citt\u00e0 e che pensiamo ne possa portare ancora. Abbiamo indetto la riunione di tutti gli appassionati che vogliano contribuire a dar nuova vita all\u2019Associazione. Ti invitiamo quindi ad essere presente all\u2019Assemblea che si terr\u00e0 il 26 luglio 1991 alle 21,30 presso il Circolo Cittadino di Camerino<\/i>\u00a0(\u2026)\u201d.<\/p>\n<p>Non si hanno verbali o documenti che testimoniano l\u2019avvenuta riunione. Comunque il\u00a0<b>31 luglio<\/b>\u00a0si riuniscono\u00a0<b>T. Sartori, F. Castelli, P. Giglioni, e R. Della Cerra<\/b>\u00a0e, nell\u2019occasione, viene comunicato che la Sezione di San Severino Marche (in particolare\u00a0<b>Pierfrancesco Renzi<\/b>) sosterr\u00e0 la riattivazione della Sezione camerte.\u00a0<b>Il 7 agosto,<\/b>\u00a0sempre presso lo studio Sartori, si riuniscono\u00a0<b>Giglioni Paolo, Donatella Paggetti<\/b>\u00a0che prendono atto del fatto che le attivit\u00e0 di promozione sono state svolte in modo opportuno.<\/p>\n<p><b>L\u201911 settembre<\/b>\u00a0il Comitato promotore della Sezione indice l\u2019Assemblea dei soci e dei simpatizzanti per il\u00a0<b>20 settembre<\/b>\u00a0con il seguente odg: \u201c<i>relazione del comitato in riferimento all\u2019attivit\u00e0 promozionale e finanziaria; elezione cariche sociali; programma attivit\u00e0 della Sezione; varie ed eventuali\u201d<\/i>. In tale occasione verr\u00e0 nominato quale presidente del Sodalizio\u00a0<b>Torquato Sartori\u00a0<\/b>e come presidente onorario\u00a0<b>Agesilao Claudi<\/b>\u00a0(padre di Francesco e Federico altre figure rilevanti per la vita del CAI di Camerino).<\/p>\n<p>Il\u00a0<b>15 ottobre<\/b>\u00a0verr\u00e0 comunicato alla Delegazione Regionale Marche dell\u2019avvenuta riattivazione del Sodalizio camerte. Il presidente regionale\u00a0<b>Angelo Romagnoli<\/b>\u00a0invier\u00e0 una missiva di congratulazioni al presidente Sartori (<b>14 ottobre 1991<\/b>): \u201c<i>Egregio Avvocato, \u00e8 con vivo piacere che apprendo dall\u2019amico Pierfrancesco Renzi, presidente della Sezione di San Severino Marche, che la Sezione di Camerino ha ripreso la sua attivit\u00e0. Ci\u00f2 scongiura un dolorosissimo provvedimento di radiazione dall\u2019elenco delle Sezioni, provvedimento che risultava ormai inevitabile. A nome delle consorelle marchigiane voglio esprimere agli amici camerti i sensi della pi\u00f9 profonda soddisfazione uniti alla piena disponibilit\u00e0 alla massima collaborazione perch\u00e9 l\u2019iniziativa intrapresa possa aver un rapido e significativo successo<\/i>\u00a0(\u2026)\u201d.<\/p>\n<p>Ma la ripresa del CAI di Camerino ha suscitato anche l\u2019interesse della stampa (locale) e della Sede Centrale. Cos\u00ec sia sull\u2019<i>Appennino Camerte\u00a0<\/i>che sulla\u00a0<i>Rivista mensile del CAI<\/i>\u00a0pubblicheranno l\u2019avvenimento. Ed in effetti, come vedremo, negli anni a venire il Sodalizio camerte seguir\u00e0 con particolare attenzione e cura le direttive della Sede Centrale, sull\u2019organizzazione delle attivit\u00e0, e caldegger\u00e0 sempre nuove collaborazioni con altre Sezioni, con la Sede Regionale e Nazionale partecipando a varie commissioni, convegni e manifestazioni.<\/p>\n<p>Alla riunione del Direttivo del\u00a0<b>12 novembre<\/b>\u00a0T. Sartori ritiene opportuno istituire una<b>\u00a0Palestra di roccia a Gelagna Alta di Serravalle di Chienti<\/b>; il Direttivo non solo si mostra favorevole ma come sappiamo la palestra verr\u00e0 poi realizzata ed \u00e8 tutt\u2019ora attiva.\u00a0<b>Il 19 dicembre<\/b>\u00a0viene convocata l\u2019assemblea generale con all\u2019ordine del giorno: la costituzione della\u00a0<b>SottoSezione del Soccorso Alpino;<\/b>\u00a0e il collegamento con la\u00a0<b>CRI di Camerino<\/b>. Alla riunione interviene P. Renzi, presidente della scuola di Sci-Alpinismo Maceratese, per illustrare i programmi della scuola e l\u2019organizzazione del corso invernale 1992 dei soci; verranno anche proiettate diapositive sull\u2019attivit\u00e0 sci-alpinistica sui Sibillini.<\/p>\n<p><b>1992-1995: Sartori alla guida del CAI<\/b><\/p>\n<p>Gli anni della ripresa. I soci nel 1995 diventano 117 e nel 1997 diventeranno 135.<\/p>\n<p>Purtroppo, in questo caso dagli anni \u201990 la tecnologia informatica non ha aiutato la Storia. I faldoni del CAI sono poveri di documenti sulle attivit\u00e0 culturali ed escursionistiche (sicuramente allora salvati nei dischetti da 5 pollici) e contengono soprattutto note spese riguardo i bollini e le attivit\u00e0 di tesseramento.<\/p>\n<p><b>\u201cSartori alla guida del CAI\u201d<\/b>\u00a0\u00e8 il titolo del\u00a0<i>Corriere Adriatico<\/i>\u00a0del 19 dicembre 1992 in cui si mette in evidenza quanto il sodalizio camerte si sia rinvigorito, non solo per l\u2019aumentato numero di soci ma anche per il denso programma escursionistico, dovuto alla capacit\u00e0 della Sezione di saper cogliere le molte opportunit\u00e0 di scoperta del territorio.<\/p>\n<p>Ed in effetti le iniziative non mancano: all\u2019Assemblea dei Soci del 20 maggio verr\u00e0 fatto intervenire\u00a0<b>Carlo Francalancia<\/b>\u00a0(docente di Unicam e socio) sul tema della\u00a0<b>Conservazione dell\u2019ambiente dei Monti Sibillini e dei Monti della Laga<\/b>; il 27 maggio il presidente Sartori comunica che ogni venerd\u00ec si sarebbero tenuti una serie di incontri procedutici all\u2019avvicinamento in montagna (incontri consigliati per poter partecipare alle ulteriori attivit\u00e0 estive); e che ogni domenica si sarebbero organizzate uscite comprendenti uscite di escursionismo e alpinismo, alcune di queste saranno guidate da esperti naturalisti; ed, infine, viene comunicato che dal 30 agosto al 5 settembre sarebbe stata organizzata una vacanza nelle Dolomiti. Sartori, inoltre, comunica che chieder\u00e0 alla Croce Rossa Italiana una sede per la Sezione, richiesta che verr\u00e0 accolta.<\/p>\n<p>Nel 1993 il Consiglio Direttivo organizza nell\u2019ambito delle assemblee dei soci incontri con\u00a0<b>M. Riganelli\u00a0<\/b>e\u00a0<b>A. Leggi\u00a0<\/b>inerenti all\u2019arrampicata su roccia e ghiaccio con proiezione di diapositive delle vie di roccia e ghiaccio dei Sibillini e del Gran Sasso; e con\u00a0<b>F. Pedrotti<\/b>\u00a0per un seminario sul\u00a0<b>Parco dei Sibillini<\/b>, appena istituito.\u00a0Nel 1994 verr\u00e0 attivato un\u00a0<b>Corso di alpinismo misto e ghiaccio<\/b>.<\/p>\n<p>Un articolo (non datato, ma forse del 1994) tratta del momento pi\u00f9 attivo del Sodalizio, con 113 soci e con tante escursioni con giovani invogliati anche dai\u00a0<b>Corsi di base di alpinismo<\/b>\u00a0e dai\u00a0<b>Corsi sulle tecniche di progressione su cascata di ghiaccio<\/b>. L\u2019attivit\u00e0 non si fermer\u00e0 per\u00f2 solo alle escursioni ma anche ad incontri con altre sezioni sul Monte Torricchio.<\/p>\n<p><b>1996: Il libretto del programma escursionistico della Sezione di Camerino<\/b><\/p>\n<p>Il CAI, grazie all\u2019idea di\u00a0<b>Torquato Sartori<\/b>, inizia a stampare il libretto del\u00a0<b><i>Programma delle escursioni<\/i><\/b>\u00a0che verr\u00e0 poi pubblicato tutti gli anni (ad esclusione del 2009 e del 2021) e che sar\u00e0 a colori dal 2001.<\/p>\n<p>L\u2019aspettativa sul significato aggregativo e promozionale di questa piccola pubblicazione \u00e8 tale che per alcuni anni sar\u00e0 nominata (dall\u2019assemblea dei soci) una Commissione per la scelta delle fotografie da inserire nel libretto. Negli anni le rubriche aumenteranno, le immagini delle escursioni dell\u2019anno precedente renderanno accattivanti le attivit\u00e0 del Sodalizio e la presenza degli sponsor dimostrer\u00e0 come Camerino \u00e8 comunit\u00e0 coesa verso obiettivi comuni (quali la valorizzazione del proprio territorio e delle sue opportunit\u00e0 ricreative, ludiche e culturali).<\/p>\n<p>La pubblicazione oltre ad illustrare il programma escursionistico della Sezione, contiene testimonianze delle attivit\u00e0 svolte l\u2019anno precedente e riflessioni, di un certo spessore, sul senso del vivere la montagna, sulla bellezza del territorio camerte e sull\u2019importanza della vita aggregativa.<\/p>\n<p>In particolare, \u00e8 da ricordare la preziosa collaborazione della socia\u00a0<b>Paola Calafati Claudi<\/b>\u00a0che, dal 1997 al 2003, ha arricchito il libretto con contributi su: \u201cL\u2019alpinismo tra ragione e sentimento (1997); Nel silenzio delle vette\u201d e \u201cDubbio\u201d (poesie, 1998); \u201cCuro ci\u00f2 che amo. Il CAI e l\u2019educazione ambientale\u201d (1999); \u201cDesiderio di sicurezza\u201d (2000); \u201cMagnificat per una vetta. Sorvolando i nostri Monti Azzurri\u201d (poesia 2001); \u201cDedicato all\u2019esploratore Ardito Desio\u201d (poesia 2002); \u201cEscursione ai Monti Martani\u201d (2003). Ma anche\u00a0<b>Piero Angeli<\/b>\u00a0che nel 2016 scrive la poesia \u201cLa mia terra\u201d.<\/p>\n<p>Certo sono anche di interesse le riflessioni dei vari presidenti che si sono succeduti negli anni (<b>Torquato Sartori, Giulio Tomassini, Pietro Paolo Pierantoni<\/b>\u00a0e, nell\u2019ultimo anno,\u00a0<b>Giorgio Giorgini<\/b>). Interventi che non solo sono occasione per relazionare sull\u2019attivit\u00e0 svolta e su quella che si auspica, ma rappresentano anche riflessioni sugli aspetti pi\u00f9 umani che tiene unita la Sezione.<\/p>\n<p>Nel 1998\u00a0<b>Sartori<\/b>\u00a0ricorda come\u00a0<b>Dante Loreti<\/b>\u00a0\u201c<i>il giorno successivo al nefasto evento\u00a0<\/i>[intendendo il sisma]\u00a0<i>del 26 settembre [1997] sollecitava ad organizzare l\u2019escursione gi\u00e0 in programma al Canalino del Vettore<\/i>\u201d; Sartori da questa esperienza trae una riflessione sullo spirito che animava (e anima) l\u2019Associazione: \u201c<i>la pratica alpinistica, nella sua pi\u00f9 larga accezione, non \u00e8 semplice pratica sportiva ma \u00e8 coinvolgimento dello spirito e della mente, della partecipazione volitiva e della preparazione psichica<\/i>\u201d.<\/p>\n<p>Di\u00a0<b>Sartori\u00a0<\/b>dobbiamo anche citare l\u2019interessante articoletto\u00a0<b>Nel ricordo del passato<\/b>\u00a0(2010) dove vengono ricordate le prime esperienze escursionistiche dei Sibillini (prima salita su roccia: B. Marsili, 1928; B. Marsili e D\u2019Armi, 1932); apertura della direttissima della parete Nord del Vettore (1934) e direttissima del Colletto del Gran Gendarme; e ancora G. Mainini con M. Moretti (1957) apertura della direttissima alla Testa del Gendarme; fino ad arrivare a ricordare\u00a0<b>Tiziano Cantalamessa<\/b>\u00a0che, negli anni \u201980, con passione e abilit\u00e0 si dedic\u00f2 all\u2019alpinismo conseguendo il diploma di Guida alpina. Sartori conclude \u201c<i>mi piace ricordare l\u2019amico Tiziano, perch\u00e9 fu lui, nella rinascita della Sezione, ad infonderci coraggio per esperienze alpinistiche che mai prima avremmo osato<\/i>\u201d; e \u201c<i>citare\u00a0<\/i><b><i>Paolo Caruso<\/i><\/b><b>\u201d<\/b>\u00a0che in quegli anni era colui che aveva fatto \u201c<i>le scoperte pi\u00f9 impegnative negli anfratti nascosti delle pareti e delle falesie dei Sibillini<\/i>\u201d.<\/p>\n<p>Non mancano contributi tecnici degli esperti studiosi della montagna come\u00a0<b>G. Carradorini<\/b>\u00a0con contributi sui tracciati di alta montagna (2002, 2003, 2006, 2007, 2011),\u00a0<b>A. Catorci<\/b>\u00a0(che nel 2016 scriver\u00e0 un contributo su \u201cCamminare nella biodiversit\u00e0\u201d. Ma ancora:\u00a0<b>L. Birocco<\/b>\u00a0(2001),\u00a0<b>E. Catena<\/b>\u00a0(2016),\u00a0<b>C. Fabi<\/b>\u00a0(2002, 2003, 2014, 2018);\u00a0<b>E. Zapparata<\/b>\u00a0(2014) \u201cFondare il CAI: un\u2019ottima idea, Quintino\u201d,\u00a0<b>C. Polidori<\/b>\u00a0(2015) \u201cEscursionismo\u201d;\u00a0<b>C. Minnozzi<\/b>\u00a0\u201cRicordando un amico\u201d (dedicato a T. Cantalamessa, 2000).<\/p>\n<p>La pubblicazione del 2017 apre con lo stralcio di un articolo a firma del presidente nazionale,\u00a0<b>Vincenzo Torti<\/b>, gi\u00e0 apparso su M<i>ontagna 360\u00b0<\/i>\u00a0(marzo 2017) in cui si ringrazia la Sezione camerte per essersi messa a disposizione per accompagnare (unitamente alla delegazione dei Consiglieri nazionali e regionali) lo stesso Torti nella \u201czona rossa\u201d del centro storico di Camerino.<\/p>\n<p>Torti scrive: \u201c<i>Ed \u00e8 in quell\u2019occasione che ho incontrato il primo degli innaturali silenzi nei quali, a volte, ci troviamo immersi, quasi fossimo stati calati improvvisamente fuori dal tempo e dalla realt\u00e0<\/i>\u201d.<\/p>\n<p>Nel faldone di carte vecchie del 1996 c\u2019\u00e8 un articolo (senza data e testata) dedicato a\u00a0<b>I cento soci del CAI in cerca di nuove vette<\/b>\u00a0che, appunto, ripercorre la storia del Sodalizio di Camerino e elogia l\u2019attivit\u00e0 svolta dal Direttivo e dai soci pi\u00f9 affezionati come\u00a0<b>Fabrizio Bernabei, Paolo Giglioni, Sergio Gubinelli e Stefano Micarelli<\/b>; oltre alla preziosa attivit\u00e0 di Guida alpina di\u00a0<b>Tiziano Cantalamessa.<\/b><\/p>\n<p>Nel 1998 Sartori comunica alla\u00a0<b>Scuola Sibilla<\/b>\u00a0l\u2019iscrizione della Sezione CAI di Camerino ai Corsi di alpinismo e scialpinismo.<\/p>\n<p><b>2001-2023: Il CAI di Camerino oggi<\/b><\/p>\n<p>Il presidente\u00a0<b>Giulio Tomassini<\/b>\u00a0lascia agli atti una accurata relazione delle attivit\u00e0 svolte dal Sodalizio. Tra le tanti attivit\u00e0 sono da ricordare: nel 2002 la sottoscrizione di una convenzione con la provincia di Macerata per prestazione di attivit\u00e0 di volontariato nell\u2019ambito della\u00a0<b>Protezione civile<\/b>\u00a0nel caso di incendi boschivi; nel 2003 contributo da parte della Sezione ai soci che hanno acquistato l\u2019ARVA, considerato uno strumento efficace per la sicurezza in ambiente innevato; prosegue e si rafforza la collaborazione con la\u00a0<b>Scuola Sibilla<\/b>\u00a0e iniziano le attivit\u00e0 del\u00a0<b>Gruppo Rampikino<\/b>\u00a0(di mountain bike), che in effetti curer\u00e0 una rubrica sui libretti della Sezione fino al 2006; ed infine la Delegazione Regionale Marche d\u00e0 incarico alla Sezione di Camerino di produrre un video sullo scialpinismo da presentare alla Fiera \u201cEco &amp; Equo\u201d.<\/p>\n<p>Ma l\u2019avvenimento ancor pi\u00f9 rilevante del 2003 \u00e8 la proposta di accoglimento nell\u2019ambito del sodalizio camerte del Gruppo Speleologico\u00a0<b>ALVAP di Pioraco \u201c<\/b><i>con lo scopo di diffondere, divulgare e praticare l\u2019attivit\u00e0 speleologica nel pieno rispetto dei principi ispiratori, delle finalit\u00e0 e degli scopi istituzionali del CAI e del suo Statuto Generale ai quali si ispira la Sezione di Camerino<\/i>\u201d (Assemblea del 16 giugno 2003). La collaborazione durer\u00e0 fino al 2013 e permetter\u00e0 di organizzare attivit\u00e0 congiunte dedicate alla speleologia. Inoltre in questi anni il G.S. AL.VA.P. curer\u00e0 una rubrica del giornalino del CAI.<\/p>\n<p>Nel 2004 si sono svolti i festeggiamenti dei 70 anni della fondazione della Sezione presso la Sala della Muta del Palazzo Ducale dell\u2019Universit\u00e0 di Camerino, che hanno avuto come ospite d\u2019onore il giovane alpinista\u00a0<b>Daniele Nardi.\u00a0<\/b><\/p>\n<p>In riferimento a questo avvenimento\u00a0verr\u00e0 pubblicato un interessante contributo sull\u2019<i>Appennino Camerte\u00a0<\/i>(27 novembre 2004)\u00a0con articoli, pensieri, ricordi e foto del Sodalizio. L\u2019allora presidente\u00a0<b>Giulio Tomassini<\/b>\u00a0ha voluto ringraziare quanti negli anni si sono prodigati per la crescita del sodalizio poich\u00e9 \u201c<i>Grazie alla loro incondizionata opera, generazioni di alpinisti hanno potuto godere in armonia e amicizia della magnificenza dei luoghi montani, consapevoli della loro unicit\u00e0 e dei valori ispiratori della nostra associazione, preziosa eredit\u00e0 che ci auguriamo di saper trasferire a quanti ci onoreranno della loro compagnia<\/i>\u201d.<\/p>\n<p>Nel verbale dell\u2019Assemblea dei soci del 10 gennaio 2005 si legge che\u00a0<b>Giorgio Giorgini<\/b>\u00a0propone di istituire un archivio fotografico della storia del CAI; l\u2019allora presidente sostiene la proposta aggiungendo che le foto d\u2019epoca dovevano essere pubblicate sul libretto annuale. Ed in effetti nei libretti degli anni successivi, fino al 2008, sar\u00e0 presente la rubrica \u201cArchivio storico\u201d.<\/p>\n<p>Il 2012 \u00e8 un anno particolarmente doloroso per il Sodalizio di Camerino: il\u00a0<b>14 ottobre Tot\u00f2 Sartori<\/b>\u00a0viene a mancare in un incidente al Monte Igno lungo la via \u201cdello zio\u201d che aveva aperto in ricordo dello zio deceduto proprio nella stessa zona anni prima.<\/p>\n<p>Il presidente del CAI,\u00a0<b>Pietro Paolo Pierantoni<\/b>, nel libretto del 2013 scriver\u00e0: \u201c<i>Negli anni \u201990 Tot\u00f2 aveva ricreato un gruppo forte e aveva ridato vigore a una Sezione storica come quella di Camerino: era stato presidente prima, vicepresidente poi e da alcuni anni era delegato presso il Consiglio Direttivo Regionale. In tutto questo periodo il suo impegno a promuovere le attivit\u00e0 legate alla montagna \u00e8 stato continuo. (\u2026) Ricordo che nel 2011 aveva come proposta la riapertura di due sentieri nei Monti di Camerino. Era infaticabile fisicamente ma ancor di pi\u00f9 con la mente. (\u2026) Tot\u00f2 con te abbiamo imparato a sognare e con te abbiamo realizzato molti sogni, ciao Tot\u00f2<\/i>\u201d.<\/p>\n<p>Nello stesso anno inizia la collaborazione con il\u00a0<b>CURC Angeli e Maiolatesi APS<\/b>\u00a0(Circolo Universitario Ricreativo Camerte) non solo attraverso il suo annuale contributo alla pubblicazione del giornalino, ma anche con attivit\u00e0 escursionistiche condivise.<\/p>\n<p>E nel 2012, sempre nel giornalino, viene data comunicazione dell\u2019istituzione di una pratica escursionistica (in realt\u00e0 gi\u00e0 svolta da qualche anno) detta\u00a0<b>Slow CAI<\/b>\u00a0che diventa un appuntamento atteso per gli anni successivi. In sostanza \u00e8 un modo diverso di vivere la montagna rispetto all\u2019alpinismo, alle arrampicate o alle escursioni impegnative; si sostanzia in una uscita di pi\u00f9 giorni nel ponte di giugno dedicata a escursioni leggere e lente in luoghi dove la montagna incontra il mare.\u00a0<b>Catia Lambertucci, Giovanna Bernardi<\/b>\u00a0e\u00a0<b>Cristiana Fabi<\/b>\u00a0saranno le organizzatrici di questi appuntamenti attesi dai soci ma anche da coloro che vogliono godere di luoghi incantevoli dove lo sguardo non si perde solo in verdi orizzonti mozzafiato ma anche nel blu marino.<\/p>\n<p>Dal 2015 la Sezione partecipa annualmente ad alcune uscite sul percorso della<b>\u00a0Via Lauretana\u00a0<\/b>che da Roma conduce a Loreto; progetto di rivalutazione dell\u2019antica via romano-lauretana che si sostanzia in un percorso naturalistico e religioso di grande rilievo storico-culturale riscoperto grazie agli studi e all\u2019impegno della docente<b>\u00a0Emanuela Di Stefano\u00a0<\/b>e ideato dalle Sezioni di Camerino e di San Severino Marche.<\/p>\n<p>Tra le iniziative legate alla Via Lauretana \u00e8 da ricordare l\u2019anello escursionistico<b>\u00a0Tra Santi e Incanti<\/b>\u00a0che si snoda su tre tappe e che ripercorre parte dell\u2019antico tracciato del cammino lauretano (sec. XIV-XVI) che collegava Serravalle di Chienti, Casale S. Niccol\u00f2, Gelagna, Camerino, Convento di Renacavata, Torre \u201cTroncapassi\u201d di Beregna, Valle dei Grilli, Grotte di S. Eustachio, S. Severino Marche.<\/p>\n<p>Nell\u2019estate del 2017 la Sezione partecipa alla manifestazione\u00a0<b>Giornate CAI TAM\u00a0<\/b>in Appennino\u00a0organizzate con la collaborazione\u00a0della Commissione centrale tutela ambiente montano del CAI, dei Gruppi regionali di Marche, Umbria, Lazio e Abruzzo, delle Sezioni di Macerata e Camerino e del Parco nazionale dei Monti Sibillini. Giornate aperte a tutti\u00a0per promuovere la consapevolezza del\u00a0valore dell\u2019ambiente montano e della necessit\u00e0 di un ripristino tempestivo ed efficace dei luoghi, della viabilit\u00e0, delle attivit\u00e0 tradizionali e della vita sociale.<\/p>\n<p>Dal 2019 vengono attivate iniziative nell\u2019ambito del\u00a0<b>Sentiero Italia-CAI<\/b>\u00a0alle quali il Sodalizio camerte partecipa attivamente sistemando la segnaletica, i sentieri e organizzando escursioni intersezionali. All\u2019interno di queste attivit\u00e0 verr\u00e0 attivato un\u00a0<b>PCTO<\/b>\u00a0(Percorsi di Competenze Trasversali per l\u2019Orientamento) con la Scuola Antinori di Camerino con lo scopo di pubblicare la guida\u00a0<b>24 Percorsi fruibili nelle Marche<\/b>\u00a0(a cura dei soci G. Giorgini e C.E. Gentilucci). Che nel suo piccolo fino ad oggi \u00e8 la sola guida, delle Marche, per escursionismo detto leggero (adatto per portatori di disabilit\u00e0 e per coloro che amano fare passeggiate nel verde).<\/p>\n<p>Dal 2022\u00a0<b>Giorgio Giorgini<\/b>\u00a0sar\u00e0 il presidente del Sodalizio camerte.<\/p>\n<p>Questi ultimi anni sembrano di interessante continuit\u00e0 non solo per l\u2019organizzazione delle attivit\u00e0 escursionistiche (organizzate su vari livelli di difficolt\u00e0 e in diverse localit\u00e0), ma anche per l\u2019impegno di attivare nuove collaborazioni: con il\u00a0<b>Sentiero Italia<\/b>, con il\u00a0<b>CAI\u2013Scuola,\u00a0<\/b>l<b>\u2019Archeoclub<\/b>\u00a0e la\u00a0<b>Montagnaterapia<\/b>\u00a0(con uscite ufficiali della Sezione).<\/p>\n<p>Nel 2022 la Sezione si pregia della individuazione, della tracciatura e partecipazione all\u2019escursione di due tappe del\u00a0<b>Cammino dei Cappuccini\u00a0<\/b>(San Severino Marche-Camerino; Camerino-San Lorenzo al lago di Fiastra).\u00a0Percorso di 24 tappe (che da Fossombrone arriva ad Ascoli Piceno, passando per Camerino) di grande interesse naturalistico e spirituale realizzato grazie all\u2019impegno e alla lungimiranza di\u00a0<b>Fra Sergio Lorenzini<\/b>\u00a0(https:\/\/www.camminodeicappuccini.it).<\/p>\n<p>Iniziative volte e diffondere e sensibilizzare, giovani e adulti, all\u2019educazione ambientale e all\u2019inclusione sociale e che hanno il proposito di continuare ad affermare quanto il CAI non sia una associazione che persegue scopi che coinvolgono solo i suoi adepti; ma un Sodalizio di volontari coesi con la voglia di stare insieme e di scoprire nuovi paesaggi, con la convinzione che le attivit\u00e0 all\u2019aria aperta aiutano il benessere psicofisico, con l\u2019idea che le attivit\u00e0 del CAI sono inclusive e promuovono il progresso sociale e civile.<\/p>\n<p>L\u2019auspicio, di chi scrive, \u00e8 che attraverso queste brevi note sia emerso quanto il CAI sia una associazione aperta all\u2019altro; inclusiva e fatta di gente generosa e volenterosa che si \u00e8 messa in gioco per il bene della collettivit\u00e0 e che \u00e8 stata al passo con i tempi abbracciando nuove iniziative, partecipando e istituendo gruppi di lavoro per il bene del suo territorio montano e urbano.<\/p>\n<p>Grazie a tutti coloro che ci hanno dato in dono la Sezione CAI di Camerino. A noi sta l\u2019impegno di saper trasmettere alla prossima generazione gli stessi valori e lo stesso sentimento di cura e rispetto per l\u2019ambiente montano e il suo territorio.<\/p>\n<p>Tratto da \u201c<a href=\"https:\/\/drive.google.com\/file\/d\/1ajceZ3VayTc2kkym7RYDqgPQ6xluVj76\/view?usp=sharing\" target=\"_blank\" rel=\"noopener\"><em>Il CAI di Camerino. 90 anni dedicati all\u2019alpinismo, alla cura dell\u2019ambiente e al progresso civile<\/em><\/a>\u201d a cura della socia Catia Eliana Gentilucci.<\/p>\n","protected":false},"excerpt":{"rendered":"<p>1933: La costituzione della Sezione CAI di Camerino La Sezione CAI di Camerino \u00e8 stata fondata nel 1933, ha avuto come suo primo presidente\u00a0Agesilao Claudi\u00a0ed \u00e8 stata la terza Sezione [&hellip;]<\/p>\n","protected":false},"author":1,"featured_media":36,"parent":283,"menu_order":0,"comment_status":"closed","ping_status":"closed","template":"","meta":{"footnotes":""},"rankMath":{"parentDomain":"organizzazione.cai.it","noFollowDomains":[],"noFollowExcludeDomains":[],"noFollowExternalLinks":false,"featuredImageNotice":"L&#039;immagine in evidenza dovrebbe essere di almeno 200 x 200 pixel per essere ripresa da Facebook e altri siti di social media.","pluginReviewed":false,"postSettings":{"linkSuggestions":true,"useFocusKeyword":false},"frontEndScore":false,"postName":"la-nostra-storia","permalinkFormat":"https:\/\/organizzazione.cai.it\/sez-camerino\/%pagename%\/","showLockModifiedDate":true,"assessor":{"focusKeywordLink":"https:\/\/organizzazione.cai.it\/sez-camerino\/wp-admin\/edit.php?focus_keyword=%focus_keyword%&post_type=%post_type%","hasTOCPlugin":false,"primaryTaxonomy":false,"serpData":{"title":"","description":"","focusKeywords":"","pillarContent":false,"canonicalUrl":"","breadcrumbTitle":"","advancedRobots":{"max-snippet":"-1","max-video-preview":"-1","max-image-preview":"large"},"facebookTitle":"","facebookDescription":"","facebookImage":"","facebookImageID":"","facebookHasOverlay":false,"facebookImageOverlay":"","facebookAuthor":"","twitterCardType":"","twitterUseFacebook":true,"twitterTitle":"","twitterDescription":"","twitterImage":"","twitterImageID":"","twitterHasOverlay":false,"twitterImageOverlay":"","twitterPlayerUrl":"","twitterPlayerSize":"","twitterPlayerStream":"","twitterPlayerStreamCtype":"","twitterAppDescription":"","twitterAppIphoneName":"","twitterAppIphoneID":"","twitterAppIphoneUrl":"","twitterAppIpadName":"","twitterAppIpadID":"","twitterAppIpadUrl":"","twitterAppGoogleplayName":"","twitterAppGoogleplayID":"","twitterAppGoogleplayUrl":"","twitterAppCountry":"","robots":{"index":true},"twitterAuthor":"nome utente","primaryTerm":0,"authorName":"admin","titleTemplate":"%title% %sep% CAI %sitename%","descriptionTemplate":"%excerpt%","showScoreFrontend":true,"lockModifiedDate":false},"powerWords":["incredibile","sorprendente","meraviglioso","unico","bello","felicit\u00e0","brillante","affascinante","carismatico","scioccante","chiaro","completamente","riservato","fiducia","significativo","creativo","definitivamente","delizioso","dimostrare","sbrigati","determinato","degno","dinamico","impressionante","essenziale","ispiratore","innovativo","intenso","efficace","magico","magnifico","storico","importante","incredibile","indispensabile","indimenticabile","irresistibile","leggendario","luminoso","lusso","magico","magnifico","maestoso","memorabile","miracoloso","motivante","necessario","nuovo","ufficiale","perfetto","appassionato","persuasivo","fenomenale","piacere","popolare","potere","prestigioso","prodigioso","profondo","prospero","potente","qualit\u00e0","radiante","veloce","di successo","rivoluzionario","soddisfatto","sicurezza","sensazionale","sereno","lussuoso","splendido","sublime","sorprendente","talentuoso","terrificante","unico","valore","vibrante","vittorioso","vivace","veramente","zelante","autentico","avventuroso","spettacolare","esclusivo","garantito","straordinario","favoloso","affascinante","formidabile","geniale","grandioso","gratuito","abile","illimitato","impeccabile","infallibile","infinitamente","influente","ingegnoso","indimenticabile","insostituibile","leader","maestro","notevole","innovativo","pioniere","potente","riconosciuto","rivoluzionario","sorprendente","superiore","trionfante","ultra","coraggioso","prezioso","avanguardia","vigoroso","visionario","volont\u00e0","vitale","trionfo","glorioso","inarrestabile","ineguagliabile","intelligente","invincibile","libert\u00e0","orgoglio","pace","progresso","rinnovato","saggezza","soddisfazione","sicuro","serenit\u00e0","superamento","talento","trascendente","trasformativo","coraggio","vittoria"],"diacritics":{"A":"[\\u0041\\u24B6\\uFF21\\u00C0\\u00C1\\u00C2\\u1EA6\\u1EA4\\u1EAA\\u1EA8\\u00C3\\u0100\\u0102\\u1EB0\\u1EAE\\u1EB4\\u1EB2\\u0226\\u01E0\\u00C4\\u01DE\\u1EA2\\u00C5\\u01FA\\u01CD\\u0200\\u0202\\u1EA0\\u1EAC\\u1EB6\\u1E00\\u0104\\u023A\\u2C6F]","AA":"[\\uA732]","AE":"[\\u00C6\\u01FC\\u01E2]","AO":"[\\uA734]","AU":"[\\uA736]","AV":"[\\uA738\\uA73A]","AY":"[\\uA73C]","B":"[\\u0042\\u24B7\\uFF22\\u1E02\\u1E04\\u1E06\\u0243\\u0182\\u0181]","C":"[\\u0043\\u24B8\\uFF23\\u0106\\u0108\\u010A\\u010C\\u00C7\\u1E08\\u0187\\u023B\\uA73E]","D":"[\\u0044\\u24B9\\uFF24\\u1E0A\\u010E\\u1E0C\\u1E10\\u1E12\\u1E0E\\u0110\\u018B\\u018A\\u0189\\uA779]","DZ":"[\\u01F1\\u01C4]","Dz":"[\\u01F2\\u01C5]","E":"[\\u0045\\u24BA\\uFF25\\u00C8\\u00C9\\u00CA\\u1EC0\\u1EBE\\u1EC4\\u1EC2\\u1EBC\\u0112\\u1E14\\u1E16\\u0114\\u0116\\u00CB\\u1EBA\\u011A\\u0204\\u0206\\u1EB8\\u1EC6\\u0228\\u1E1C\\u0118\\u1E18\\u1E1A\\u0190\\u018E]","F":"[\\u0046\\u24BB\\uFF26\\u1E1E\\u0191\\uA77B]","G":"[\\u0047\\u24BC\\uFF27\\u01F4\\u011C\\u1E20\\u011E\\u0120\\u01E6\\u0122\\u01E4\\u0193\\uA7A0\\uA77D\\uA77E]","H":"[\\u0048\\u24BD\\uFF28\\u0124\\u1E22\\u1E26\\u021E\\u1E24\\u1E28\\u1E2A\\u0126\\u2C67\\u2C75\\uA78D]","I":"[\\u0049\\u24BE\\uFF29\\u00CC\\u00CD\\u00CE\\u0128\\u012A\\u012C\\u0130\\u00CF\\u1E2E\\u1EC8\\u01CF\\u0208\\u020A\\u1ECA\\u012E\\u1E2C\\u0197]","J":"[\\u004A\\u24BF\\uFF2A\\u0134\\u0248]","K":"[\\u004B\\u24C0\\uFF2B\\u1E30\\u01E8\\u1E32\\u0136\\u1E34\\u0198\\u2C69\\uA740\\uA742\\uA744\\uA7A2]","L":"[\\u004C\\u24C1\\uFF2C\\u013F\\u0139\\u013D\\u1E36\\u1E38\\u013B\\u1E3C\\u1E3A\\u0141\\u023D\\u2C62\\u2C60\\uA748\\uA746\\uA780]","LJ":"[\\u01C7]","Lj":"[\\u01C8]","M":"[\\u004D\\u24C2\\uFF2D\\u1E3E\\u1E40\\u1E42\\u2C6E\\u019C]","N":"[\\u004E\\u24C3\\uFF2E\\u01F8\\u0143\\u00D1\\u1E44\\u0147\\u1E46\\u0145\\u1E4A\\u1E48\\u0220\\u019D\\uA790\\uA7A4]","NJ":"[\\u01CA]","Nj":"[\\u01CB]","O":"[\\u004F\\u24C4\\uFF2F\\u00D2\\u00D3\\u00D4\\u1ED2\\u1ED0\\u1ED6\\u1ED4\\u00D5\\u1E4C\\u022C\\u1E4E\\u014C\\u1E50\\u1E52\\u014E\\u022E\\u0230\\u00D6\\u022A\\u1ECE\\u0150\\u01D1\\u020C\\u020E\\u01A0\\u1EDC\\u1EDA\\u1EE0\\u1EDE\\u1EE2\\u1ECC\\u1ED8\\u01EA\\u01EC\\u00D8\\u01FE\\u0186\\u019F\\uA74A\\uA74C]","OI":"[\\u01A2]","OO":"[\\uA74E]","OU":"[\\u0222]","P":"[\\u0050\\u24C5\\uFF30\\u1E54\\u1E56\\u01A4\\u2C63\\uA750\\uA752\\uA754]","Q":"[\\u0051\\u24C6\\uFF31\\uA756\\uA758\\u024A]","R":"[\\u0052\\u24C7\\uFF32\\u0154\\u1E58\\u0158\\u0210\\u0212\\u1E5A\\u1E5C\\u0156\\u1E5E\\u024C\\u2C64\\uA75A\\uA7A6\\uA782]","S":"[\\u0053\\u24C8\\uFF33\\u1E9E\\u015A\\u1E64\\u015C\\u1E60\\u0160\\u1E66\\u1E62\\u1E68\\u0218\\u015E\\u2C7E\\uA7A8\\uA784]","T":"[\\u0054\\u24C9\\uFF34\\u1E6A\\u0164\\u1E6C\\u021A\\u0162\\u1E70\\u1E6E\\u0166\\u01AC\\u01AE\\u023E\\uA786]","TZ":"[\\uA728]","U":"[\\u0055\\u24CA\\uFF35\\u00D9\\u00DA\\u00DB\\u0168\\u1E78\\u016A\\u1E7A\\u016C\\u00DC\\u01DB\\u01D7\\u01D5\\u01D9\\u1EE6\\u016E\\u0170\\u01D3\\u0214\\u0216\\u01AF\\u1EEA\\u1EE8\\u1EEE\\u1EEC\\u1EF0\\u1EE4\\u1E72\\u0172\\u1E76\\u1E74\\u0244]","V":"[\\u0056\\u24CB\\uFF36\\u1E7C\\u1E7E\\u01B2\\uA75E\\u0245]","VY":"[\\uA760]","W":"[\\u0057\\u24CC\\uFF37\\u1E80\\u1E82\\u0174\\u1E86\\u1E84\\u1E88\\u2C72]","X":"[\\u0058\\u24CD\\uFF38\\u1E8A\\u1E8C]","Y":"[\\u0059\\u24CE\\uFF39\\u1EF2\\u00DD\\u0176\\u1EF8\\u0232\\u1E8E\\u0178\\u1EF6\\u1EF4\\u01B3\\u024E\\u1EFE]","Z":"[\\u005A\\u24CF\\uFF3A\\u0179\\u1E90\\u017B\\u017D\\u1E92\\u1E94\\u01B5\\u0224\\u2C7F\\u2C6B\\uA762]","a":"[\\u0061\\u24D0\\uFF41\\u1E9A\\u00E0\\u00E1\\u00E2\\u1EA7\\u1EA5\\u1EAB\\u1EA9\\u00E3\\u0101\\u0103\\u1EB1\\u1EAF\\u1EB5\\u1EB3\\u0227\\u01E1\\u00E4\\u01DF\\u1EA3\\u00E5\\u01FB\\u01CE\\u0201\\u0203\\u1EA1\\u1EAD\\u1EB7\\u1E01\\u0105\\u2C65\\u0250]","aa":"[\\uA733]","ae":"[\\u00E6\\u01FD\\u01E3]","ao":"[\\uA735]","au":"[\\uA737]","av":"[\\uA739\\uA73B]","ay":"[\\uA73D]","b":"[\\u0062\\u24D1\\uFF42\\u1E03\\u1E05\\u1E07\\u0180\\u0183\\u0253]","c":"[\\u0063\\u24D2\\uFF43\\u0107\\u0109\\u010B\\u010D\\u00E7\\u1E09\\u0188\\u023C\\uA73F\\u2184]","d":"[\\u0064\\u24D3\\uFF44\\u1E0B\\u010F\\u1E0D\\u1E11\\u1E13\\u1E0F\\u0111\\u018C\\u0256\\u0257\\uA77A]","dz":"[\\u01F3\\u01C6]","e":"[\\u0065\\u24D4\\uFF45\\u00E8\\u00E9\\u00EA\\u1EC1\\u1EBF\\u1EC5\\u1EC3\\u1EBD\\u0113\\u1E15\\u1E17\\u0115\\u0117\\u00EB\\u1EBB\\u011B\\u0205\\u0207\\u1EB9\\u1EC7\\u0229\\u1E1D\\u0119\\u1E19\\u1E1B\\u0247\\u025B\\u01DD]","f":"[\\u0066\\u24D5\\uFF46\\u1E1F\\u0192\\uA77C]","g":"[\\u0067\\u24D6\\uFF47\\u01F5\\u011D\\u1E21\\u011F\\u0121\\u01E7\\u0123\\u01E5\\u0260\\uA7A1\\u1D79\\uA77F]","h":"[\\u0068\\u24D7\\uFF48\\u0125\\u1E23\\u1E27\\u021F\\u1E25\\u1E29\\u1E2B\\u1E96\\u0127\\u2C68\\u2C76\\u0265]","hv":"[\\u0195]","i":"[\\u0069\\u24D8\\uFF49\\u00EC\\u00ED\\u00EE\\u0129\\u012B\\u012D\\u00EF\\u1E2F\\u1EC9\\u01D0\\u0209\\u020B\\u1ECB\\u012F\\u1E2D\\u0268\\u0131]","j":"[\\u006A\\u24D9\\uFF4A\\u0135\\u01F0\\u0249]","k":"[\\u006B\\u24DA\\uFF4B\\u1E31\\u01E9\\u1E33\\u0137\\u1E35\\u0199\\u2C6A\\uA741\\uA743\\uA745\\uA7A3]","l":"[\\u006C\\u24DB\\uFF4C\\u0140\\u013A\\u013E\\u1E37\\u1E39\\u013C\\u1E3D\\u1E3B\\u017F\\u0142\\u019A\\u026B\\u2C61\\uA749\\uA781\\uA747]","lj":"[\\u01C9]","m":"[\\u006D\\u24DC\\uFF4D\\u1E3F\\u1E41\\u1E43\\u0271\\u026F]","n":"[\\u006E\\u24DD\\uFF4E\\u01F9\\u0144\\u00F1\\u1E45\\u0148\\u1E47\\u0146\\u1E4B\\u1E49\\u019E\\u0272\\u0149\\uA791\\uA7A5]","nj":"[\\u01CC]","o":"[\\u006F\\u24DE\\uFF4F\\u00F2\\u00F3\\u00F4\\u1ED3\\u1ED1\\u1ED7\\u1ED5\\u00F5\\u1E4D\\u022D\\u1E4F\\u014D\\u1E51\\u1E53\\u014F\\u022F\\u0231\\u00F6\\u022B\\u1ECF\\u0151\\u01D2\\u020D\\u020F\\u01A1\\u1EDD\\u1EDB\\u1EE1\\u1EDF\\u1EE3\\u1ECD\\u1ED9\\u01EB\\u01ED\\u00F8\\u01FF\\u0254\\uA74B\\uA74D\\u0275]","oi":"[\\u01A3]","ou":"[\\u0223]","oo":"[\\uA74F]","p":"[\\u0070\\u24DF\\uFF50\\u1E55\\u1E57\\u01A5\\u1D7D\\uA751\\uA753\\uA755]","q":"[\\u0071\\u24E0\\uFF51\\u024B\\uA757\\uA759]","r":"[\\u0072\\u24E1\\uFF52\\u0155\\u1E59\\u0159\\u0211\\u0213\\u1E5B\\u1E5D\\u0157\\u1E5F\\u024D\\u027D\\uA75B\\uA7A7\\uA783]","s":"[\\u0073\\u24E2\\uFF53\\u015B\\u1E65\\u015D\\u1E61\\u0161\\u1E67\\u1E63\\u1E69\\u0219\\u015F\\u023F\\uA7A9\\uA785\\u1E9B]","ss":"[\\u00DF]","t":"[\\u0074\\u24E3\\uFF54\\u1E6B\\u1E97\\u0165\\u1E6D\\u021B\\u0163\\u1E71\\u1E6F\\u0167\\u01AD\\u0288\\u2C66\\uA787]","tz":"[\\uA729]","u":"[\\u0075\\u24E4\\uFF55\\u00F9\\u00FA\\u00FB\\u0169\\u1E79\\u016B\\u1E7B\\u016D\\u00FC\\u01DC\\u01D8\\u01D6\\u01DA\\u1EE7\\u016F\\u0171\\u01D4\\u0215\\u0217\\u01B0\\u1EEB\\u1EE9\\u1EEF\\u1EED\\u1EF1\\u1EE5\\u1E73\\u0173\\u1E77\\u1E75\\u0289]","v":"[\\u0076\\u24E5\\uFF56\\u1E7D\\u1E7F\\u028B\\uA75F\\u028C]","vy":"[\\uA761]","w":"[\\u0077\\u24E6\\uFF57\\u1E81\\u1E83\\u0175\\u1E87\\u1E85\\u1E98\\u1E89\\u2C73]","x":"[\\u0078\\u24E7\\uFF58\\u1E8B\\u1E8D]","y":"[\\u0079\\u24E8\\uFF59\\u1EF3\\u00FD\\u0177\\u1EF9\\u0233\\u1E8F\\u00FF\\u1EF7\\u1E99\\u1EF5\\u01B4\\u024F\\u1EFF]","z":"[\\u007A\\u24E9\\uFF5A\\u017A\\u1E91\\u017C\\u017E\\u1E93\\u1E95\\u01B6\\u0225\\u0240\\u2C6C\\uA763]"},"researchesTests":["contentHasTOC","contentHasShortParagraphs","contentHasAssets","keywordInTitle","keywordInMetaDescription","keywordInPermalink","keywordIn10Percent","keywordInContent","keywordInSubheadings","keywordInImageAlt","keywordDensity","keywordNotUsed","lengthContent","lengthPermalink","linksHasInternal","linksHasExternals","linksNotAllExternals","titleStartWithKeyword","titleSentiment","titleHasPowerWords","titleHasNumber","hasContentAI"],"hasRedirection":true,"hasBreadcrumb":true},"homeUrl":"https:\/\/organizzazione.cai.it\/sez-camerino","objectID":277,"objectType":"post","locale":"it","localeFull":"it_IT","overlayImages":{"play":{"name":"Icona di riproduzione","url":"https:\/\/organizzazione.cai.it\/sez-camerino\/wp-content\/plugins\/seo-by-rank-math\/assets\/admin\/img\/icon-play.png","path":"\/var\/www\/vhosts\/organizzazione.cai.it\/httpdocs\/wp-content\/plugins\/seo-by-rank-math\/assets\/admin\/img\/icon-play.png","position":"middle_center"},"gif":{"name":"Icona GIF","url":"https:\/\/organizzazione.cai.it\/sez-camerino\/wp-content\/plugins\/seo-by-rank-math\/assets\/admin\/img\/icon-gif.png","path":"\/var\/www\/vhosts\/organizzazione.cai.it\/httpdocs\/wp-content\/plugins\/seo-by-rank-math\/assets\/admin\/img\/icon-gif.png","position":"middle_center"}},"defautOgImage":"https:\/\/organizzazione.cai.it\/sez-camerino\/wp-content\/uploads\/sites\/11\/2024\/09\/og.webp","customPermalinks":true,"isUserRegistered":false,"autoSuggestKeywords":false,"connectSiteUrl":"https:\/\/rankmath.com\/auth?site=https%3A%2F%2Forganizzazione.cai.it%2Fsez-camerino&r=https%3A%2F%2Forganizzazione.cai.it%2Fsez-camerino%2Fwp-json%2Fwp%2Fv2%2Fpages%2F277%3Fnonce%3D2ac110b03b","maxTags":5,"trendsIcon":"<svg viewBox=\"0 0 610 610\"><path d=\"M18.85,446,174.32,290.48l58.08,58.08L76.93,504a14.54,14.54,0,0,1-20.55,0L18.83,466.48a14.54,14.54,0,0,1,0-20.55Z\" style=\"fill:#4285f4\"\/><path d=\"M242.65,242.66,377.59,377.6l-47.75,47.75a14.54,14.54,0,0,1-20.55,0L174.37,290.43l47.75-47.75A14.52,14.52,0,0,1,242.65,242.66Z\" style=\"fill:#ea4335\"\/><polygon points=\"319.53 319.53 479.26 159.8 537.34 217.88 377.61 377.62 319.53 319.53\" style=\"fill:#fabb05\"\/><path d=\"M594.26,262.73V118.61h0a16.94,16.94,0,0,0-16.94-16.94H433.2a16.94,16.94,0,0,0-12,28.92L565.34,274.71h0a16.94,16.94,0,0,0,28.92-12Z\" style=\"fill:#34a853\"\/><rect width=\"610\" height=\"610\" style=\"fill:none\"\/><\/svg>","showScore":true,"siteFavIcon":"data:image\/png;base64,iVBORw0KGgoAAAANSUhEUgAAABAAAAAQCAYAAAAf8\/9hAAABs0lEQVR4AWL4\/\/8\/RRjO8Iucx+noO0MWUDo16FYABMGP6ZfUcRnWtm27jVPbtm3bttuH2t3eFPcY9pLz7NxiLjCyVd87pKnHyqXyxtCs8APd0rnyxiu4qSeA3QEDrAwBDrT1s1Rc\/OrjLZwqVmOSu6+Lamcpp2KKMA9PH1BYXMe1mUP5qotvXTywsOEEYHXxrY+3cqk6TMkYpNr2FeoY3KIr0RPtn9wQ2unlA+GMkRw6+9TFw4YTwDUzx\/JVvARj9KaedXRO8P5B1Du2S32smzqUrcKGEyA+uAgQjKX7zf0boWHGfn71jIKj2689gxp7OAGShNcBUmLMPVjZuiKcA2vuWHHDCQxMCz629kXAIU4ApY15QwggAFbfOP9DhgBJ+nWVJ1AZAfICAj1pAlY6hCADZnveQf7bQIwzVONGJonhLIlS9gr5mFg44Xd+4S3XHoGNPdJl1INIwKyEgHckEhgTe1bGiFY9GSFBYUwLh1IkiJUbY407E7syBSFxKTszEoiE\/YdrgCEayDmtaJwCI9uu8TKMuZSVfSa4BpGgzvomBR\/INhLGzrqDotp01ZR8pn\/1L0JN9d9XNyx0AAAAAElFTkSuQmCC","canUser":{"general":false,"advanced":false,"snippet":false,"social":false,"analysis":false,"analytics":false,"content_ai":false},"showKeywordIntent":true,"isPro":false,"is_front_page":false,"trendsUpgradeLink":"https:\/\/rankmath.com\/pricing\/?utm_source=Plugin&utm_medium=CE%20General%20Tab%20Trends&utm_campaign=WP","trendsUpgradeLabel":"Aggiorna","trendsPreviewImage":"https:\/\/organizzazione.cai.it\/sez-camerino\/wp-content\/plugins\/seo-by-rank-math\/assets\/admin\/img\/trends-preview.jpg","currentEditor":false,"homepageData":{"assessor":{"powerWords":["incredibile","sorprendente","meraviglioso","unico","bello","felicit\u00e0","brillante","affascinante","carismatico","scioccante","chiaro","completamente","riservato","fiducia","significativo","creativo","definitivamente","delizioso","dimostrare","sbrigati","determinato","degno","dinamico","impressionante","essenziale","ispiratore","innovativo","intenso","efficace","magico","magnifico","storico","importante","incredibile","indispensabile","indimenticabile","irresistibile","leggendario","luminoso","lusso","magico","magnifico","maestoso","memorabile","miracoloso","motivante","necessario","nuovo","ufficiale","perfetto","appassionato","persuasivo","fenomenale","piacere","popolare","potere","prestigioso","prodigioso","profondo","prospero","potente","qualit\u00e0","radiante","veloce","di successo","rivoluzionario","soddisfatto","sicurezza","sensazionale","sereno","lussuoso","splendido","sublime","sorprendente","talentuoso","terrificante","unico","valore","vibrante","vittorioso","vivace","veramente","zelante","autentico","avventuroso","spettacolare","esclusivo","garantito","straordinario","favoloso","affascinante","formidabile","geniale","grandioso","gratuito","abile","illimitato","impeccabile","infallibile","infinitamente","influente","ingegnoso","indimenticabile","insostituibile","leader","maestro","notevole","innovativo","pioniere","potente","riconosciuto","rivoluzionario","sorprendente","superiore","trionfante","ultra","coraggioso","prezioso","avanguardia","vigoroso","visionario","volont\u00e0","vitale","trionfo","glorioso","inarrestabile","ineguagliabile","intelligente","invincibile","libert\u00e0","orgoglio","pace","progresso","rinnovato","saggezza","soddisfazione","sicuro","serenit\u00e0","superamento","talento","trascendente","trasformativo","coraggio","vittoria"],"diacritics":true,"researchesTests":["contentHasTOC","contentHasShortParagraphs","contentHasAssets","keywordInTitle","keywordInMetaDescription","keywordInPermalink","keywordIn10Percent","keywordInContent","keywordInSubheadings","keywordInImageAlt","keywordDensity","keywordNotUsed","lengthContent","lengthPermalink","linksHasInternal","linksHasExternals","linksNotAllExternals","titleStartWithKeyword","titleSentiment","titleHasPowerWords","titleHasNumber","hasContentAI"],"hasBreadcrumb":true,"serpData":{"title":"%sitename% %page% %sep% %sitedesc%","description":"","titleTemplate":"%sitename% %page% %sep% %sitedesc%","descriptionTemplate":"","focusKeywords":"","breadcrumbTitle":"Home","robots":{"index":true},"advancedRobots":{"max-snippet":"-1","max-video-preview":"-1","max-image-preview":"large"},"facebookTitle":"","facebookDescription":"","facebookImage":"","facebookImageID":""}}},"tocTitle":"Table of Contents","tocExcludeHeadings":[],"listStyle":"ul"},"_links":{"self":[{"href":"https:\/\/organizzazione.cai.it\/sez-camerino\/wp-json\/wp\/v2\/pages\/277"}],"collection":[{"href":"https:\/\/organizzazione.cai.it\/sez-camerino\/wp-json\/wp\/v2\/pages"}],"about":[{"href":"https:\/\/organizzazione.cai.it\/sez-camerino\/wp-json\/wp\/v2\/types\/page"}],"author":[{"embeddable":true,"href":"https:\/\/organizzazione.cai.it\/sez-camerino\/wp-json\/wp\/v2\/users\/1"}],"replies":[{"embeddable":true,"href":"https:\/\/organizzazione.cai.it\/sez-camerino\/wp-json\/wp\/v2\/comments?post=277"}],"version-history":[{"count":3,"href":"https:\/\/organizzazione.cai.it\/sez-camerino\/wp-json\/wp\/v2\/pages\/277\/revisions"}],"predecessor-version":[{"id":383,"href":"https:\/\/organizzazione.cai.it\/sez-camerino\/wp-json\/wp\/v2\/pages\/277\/revisions\/383"}],"up":[{"embeddable":true,"href":"https:\/\/organizzazione.cai.it\/sez-camerino\/wp-json\/wp\/v2\/pages\/283"}],"wp:featuredmedia":[{"embeddable":true,"href":"https:\/\/organizzazione.cai.it\/sez-camerino\/wp-json\/wp\/v2\/media\/36"}],"wp:attachment":[{"href":"https:\/\/organizzazione.cai.it\/sez-camerino\/wp-json\/wp\/v2\/media?parent=277"}],"curies":[{"name":"wp","href":"https:\/\/api.w.org\/{rel}","templated":true}]}}