{"id":140,"date":"2026-01-03T16:16:01","date_gmt":"2026-01-03T16:16:01","guid":{"rendered":"https:\/\/organizzazione.cai.it\/sez-catanzaro\/?page_id=140"},"modified":"2026-02-13T12:20:58","modified_gmt":"2026-02-13T12:20:58","slug":"attivita","status":"publish","type":"page","link":"https:\/\/organizzazione.cai.it\/sez-catanzaro\/attivita\/","title":{"rendered":"Escursioni 2026"},"content":{"rendered":"\n<h2 class=\"wp-block-heading alignwide has-text-align-center has-background\" style=\"background-color:#b3ed9f\"><strong>PROGRAMMA ATTIVITA\u2019 SOCIALI 2026<\/strong><\/h2>\n\n\n\n<p class=\"has-black-color has-text-color has-link-color has-medium-font-size wp-elements-7ef6e7853065525f79e20f026317ff95\"><strong>Dom 18 <\/strong>Parco Nazionale Sila: <strong>\u201cDa Montescurso a Serra Stella con le ciaspole\u201d<\/strong> <strong>(EAI)<\/strong> <em>org. Salvatore Pileggi (AE \u2013 ORTAM)&nbsp; Monica Gigliotti (AE \u2013 ORTAM)<\/em> &#8211; <em>Le Piane Annarita (ASE) &#8211; Felice Foresta (ASE)<\/em><\/p>\n\n\n\n<p class=\"has-contrast-2-color has-text-color has-link-color has-medium-font-size wp-elements-af411a5a66528b0273c2fd2ba01b6644\"><strong>Ven 23<\/strong> ore 18, in sede: <strong>\u201cAlberi di Calabria\u201d<\/strong> <em>a cura del prof. Giuseppe Caruso&nbsp;&nbsp;&nbsp;&nbsp;&nbsp;&nbsp;&nbsp;&nbsp;&nbsp;&nbsp;&nbsp;&nbsp;&nbsp;&nbsp;&nbsp;&nbsp;&nbsp;&nbsp;&nbsp;&nbsp;&nbsp;&nbsp;&nbsp;&nbsp;&nbsp;&nbsp;&nbsp;&nbsp;&nbsp;<\/em><\/p>\n\n\n\n<p class=\"has-black-color has-text-color has-link-color has-medium-font-size wp-elements-fb5bcd1ff455b732e54d7ea566858eea\"><strong>Dom 25&nbsp;<\/strong>Manutenzione Sentieri <strong>(E)<\/strong>&nbsp; <em>org. Commissione Sezionale Lavoro Sentieri<\/em><\/p>\n\n\n\n<p class=\"has-text-align-center has-contrast-2-color has-grigio-chiaro-background-color has-text-color has-background has-link-color has-large-font-size wp-elements-14259ef3005c6258c76e0b1fe5ff15a5\"><strong><u>F E B B R A I O<\/u><\/strong><\/p>\n\n\n\n<p class=\"has-black-color has-text-color has-link-color has-medium-font-size wp-elements-615c97275a059ad27d32534f18b862ac\"><strong>Dom 1 <\/strong>Parco Nazionale Sila<strong>: \u201cMonte Botte Donato con le ciaspole\u201d<\/strong> <strong>(EAI)<\/strong> <em>org. Salvatore Pileggi (AE \u2013 ORTAM) Monica Gigliotti (AE \u2013 ORTAM)<\/em> &#8211; <em>Le Piane Annarita (ASE) &#8211; Felice Foresta (ASE)<\/em><\/p>\n\n\n\n<p class=\"has-contrast-2-color has-text-color has-link-color has-medium-font-size wp-elements-fab3d7d8c7b3295d2e75e7a35e550b0b\"><strong>Ven 6<\/strong><strong> <\/strong>ore 18, in sede: <strong>\u201cAlfabeto Fotografico: un racconto per parole e immagini\u201d<\/strong> <em>a cura di Piergiorgio Iannaccaro<\/em> <strong><\/strong><\/p>\n\n\n\n<p class=\"has-black-color has-text-color has-link-color has-medium-font-size wp-elements-03826c6988968dc60910afdf6f09f7d8\"><strong>Sab7\/Dom 8<\/strong><em> <\/em>Parco Nazionale Sila: <strong>\u201cXXX Gran Fondo Cai\u201d<\/strong> <strong>(EAI)<\/strong> <em>org. Cai Cosenza&nbsp;<\/em><\/p>\n\n\n\n<p class=\"has-black-color has-text-color has-link-color has-medium-font-size wp-elements-885178c4c5211b93d06ab6796feda2f3\"><strong>Dom 15 <\/strong>Parco Nazionale Sila: <strong>\u201c3^<\/strong> <strong>Vin Brul\u00e8\u201d<\/strong> <strong>(EAI)<\/strong> &#8211; Attivit\u00e0 TAM &#8211; <em>org. Salvatore Pileggi (AE \u2013 ORTAM) Monica Gigliotti (AE \u2013 ORTAM) \u2013 Giovanna Sollazzo (ORTAM)<\/em><\/p>\n\n\n\n<p class=\"has-contrast-2-color has-text-color has-link-color has-medium-font-size wp-elements-dc1d3c5855c43bce07f8977cce8aadf0\"><strong>Ven 2<\/strong><em>0<\/em><em> ore 18, in sede: <\/em><strong>\u201cAccompagnatori e nuovi Piani didattici CAI\u201d<\/strong><em> &nbsp;a cura di Salvatore Pileggi<\/em><\/p>\n\n\n\n<p class=\"has-black-color has-text-color has-link-color has-medium-font-size wp-elements-afc5d1295d94fb857499ad245782d423\"><strong>Dom 22<\/strong><strong> <\/strong>Serre Calabre: <strong>\u201cSentiero dell\u2019Alaca\u201d<\/strong> <strong>(E)<\/strong> <em>org. Marco Garcea (AE) \u2013 Alessandro Gaglianese \u2013 Biamonte Antonio (ORTAM)<\/em><\/p>\n\n\n\n<p class=\"has-contrast-2-color has-text-color has-link-color has-medium-font-size wp-elements-55403d52cf97d1f028bfcc7b39e73c81\"><strong>Ven 27 <\/strong>ore 18, in sede: <strong>\u201cAfrico e Casalnuovo, la storia negata\u201d <\/strong><em>a cura di Francesco Bevilacqua<\/em><\/p>\n\n\n\n<p class=\"has-text-align-center has-contrast-2-color has-grigio-chiaro-background-color has-text-color has-background has-link-color has-large-font-size wp-elements-73baca5819af29a770574e7fe41f824d\"><strong> M A R Z O<\/strong><\/p>\n\n\n\n<p class=\"has-black-color has-text-color has-link-color has-medium-font-size wp-elements-ea976c75341ee8261dcda2f0c264bada\"><strong>Dom 1<\/strong> Parco Nazionale Sila<strong>: \u201cDa Lago Arvo a Botte Donato\u201d<\/strong> <strong>(EAI<\/strong>) <em>org. Felice Foresta (ASE)&nbsp; Annarita Le Piane (ASE)<\/em><\/p>\n\n\n\n<p class=\"has-contrast-2-color has-text-color has-link-color wp-elements-b21583a99b2a275d9fdb7aa16b117f79\"><strong>Ven 6 <\/strong>ore 18, in sede: <strong>\u201cNote Medievali Racconto per parole e immagini\u201d<\/strong> <em>a cura di Luigi Patitucci<\/em><\/p>\n\n\n\n<p class=\"has-black-color has-text-color has-link-color wp-elements-563432007f481c1f152a50a80bb8e54e\"><strong>Dom 8 <\/strong>Aspromonte:<strong> &#8220;Anello del Montalto\u201d (E)<\/strong> Attivit\u00e0 TAM\u201d &#8211; monitoraggio Acque e Sorgenti <em>org. Marco Garcea (AE) \u2013 Francesco Colao (ORTAM) \u2013 Rocco Romeo (AE) \u2013 Francesco Polimeni (ORTAM)<\/em><\/p>\n\n\n\n<p class=\"has-black-color has-text-color has-link-color has-medium-font-size wp-elements-543859e3598603e234500c2d11ea0f57\"><strong>Dom 15<\/strong><strong> <\/strong>Parco Nazionale Pollino: <strong>\u201cSerra delle Ciavole con le racchette da neve\u201d (EAI)<\/strong><em> org. Claudio Pileggi &nbsp;Rosanna Riccelli<\/em><\/p>\n\n\n\n<p class=\"has-contrast-2-color has-text-color has-link-color has-medium-font-size wp-elements-5e23500d50b774e35dc53427c174570b\"><strong>Ven 20 <\/strong>in sede: ore18,<strong> <\/strong>in sede: \u201c<strong>Acque e Sorgenti in Calabria<\/strong>\u201d <em>a cura di Marco Garcea<\/em><\/p>\n\n\n\n<p class=\"has-black-color has-text-color has-link-color has-medium-font-size wp-elements-b51996a458c535eb412da54606f6a0ea\"><strong>Dom 22<\/strong><strong> <\/strong>Pentone (Catanzaro):<strong> \u201cValle di Mezzo \u2013 Fiume Melito\u201d<\/strong> <strong>(E)<\/strong> \u2013 <em>org. Luciano Manfredi \u2013 Giampiero Citriniti &nbsp;&#8211; Marco Garcea<\/em><\/p>\n\n\n\n<p class=\"has-contrast-2-color has-text-color has-link-color has-medium-font-size wp-elements-c2d7cb693f016dd409f8e7b25be6f336\"><strong>Ven 27 <\/strong>ore 18, in sede: documentario <strong>\u201cRITI\u201d <\/strong>indagine antropologica su Nocera Terinese <em>a cura di<\/em> <em>Antonio Aleo fotografo e filmmaker, Beatrice Canino fotografa e filmmaker e Andrea Canino fotografo.<\/em><\/p>\n\n\n\n<p class=\"has-text-align-center has-contrast-2-color has-grigio-chiaro-background-color has-text-color has-background has-link-color has-large-font-size wp-elements-8990cf1a643f61d9628911bb90aad7e4\"><strong>A P R I L E<\/strong><\/p>\n\n\n\n<p class=\"has-black-color has-text-color has-link-color has-medium-font-size wp-elements-c1bfa21ebdf409b1f5054a972cd0ff6d\"><strong>Dom 12 <\/strong>Aspromonte Orientale:<strong> \u201cDa Casignana a Monte Varet\u201d (E) <\/strong><em>\u2013 org. Felice Foresta (ASE)&nbsp; Annarita Le Piane (ASE) &nbsp;Salvatore Pileggi (AE \u2013 ORTAM)&nbsp; Monica Gigliotti (AE \u2013 ORTAM)<\/em><\/p>\n\n\n\n<p class=\"has-black-color has-text-color has-link-color has-medium-font-size wp-elements-7d1a7e1ab744f3b67780f39053516223\"><strong>Dom 19<\/strong><strong> <\/strong>Parco nazionale Sila: <strong>\u201cda Nocelle ai Colli Perilli al Montenero\u201d<\/strong> <strong>(E)<\/strong> <em>org. Piergiorgio Iannaccaro (ASE) \u2013 Enzo Peris (ASE)<\/em><\/p>\n\n\n\n<p class=\"has-contrast-2-color has-text-color has-link-color has-medium-font-size wp-elements-6f5d810a4298bd2d1375df1ff61d2c4c\"><strong>Giov 23<\/strong><strong> <\/strong><strong>ore 18, <\/strong>in sede<strong> \u201cFilosofia del camminare, in dialogo con gli antichi\u201d <\/strong><em>a cura della prof.ssa Anna Fermani<\/em><\/p>\n\n\n\n<p class=\"has-black-color has-text-color has-link-color has-medium-font-size wp-elements-4dfb17561434db1dc7668c66de44cb9d\"><strong>Sab 25\/Dom 26 <\/strong>SICILIA \u201c<strong>Gruppo Montuoso delle Madonie\u201d<\/strong> <strong>(E) <\/strong><em>&#8211;<\/em> Attivit\u00e0 TAM &#8211; <em>org. Salvatore Pileggi (AE \u2013 ORTAM) \u2013 Monica Gigliotti (AE \u2013 ORTAM)<\/em><\/p>\n\n\n\n<p class=\"has-black-color has-text-color has-link-color has-medium-font-size wp-elements-99ebb91d1eec7d03ec10ae35fadf5fc3\"><strong>Dom 26 <\/strong>Parco Nazionale Sila<strong>: \u201cValle del Soleo e le fioriture\u201d<\/strong> <strong>(E)<\/strong>&nbsp; <em>org. Antonio Viscomi &#8211; Loredana Mannarino<\/em><\/p>\n\n\n\n<p class=\"has-text-align-center has-contrast-2-color has-grigio-chiaro-background-color has-text-color has-background has-link-color has-large-font-size wp-elements-e582564b27006620f788ba3a3c0e059a\"><strong>M A G G I O<\/strong><\/p>\n\n\n\n<p class=\"has-black-color has-text-color has-link-color has-medium-font-size wp-elements-9a312cbb78bf0594a66fc0f94b43f20f\"><strong>D<\/strong><strong>om 3<\/strong><strong> <\/strong>Catena Costiera Paolana: <strong>\u201cDa Belmonte Calabro a Monte Cocuzzo\u201d<\/strong> (versante Ovest)<strong> (EE)<\/strong><em> Felice Foresta (ASE) Annarita Le Piane (ASE) Vittorio Luzzo &#8211; Giacinto Sdanganelli &nbsp;<\/em><\/p>\n\n\n\n<p class=\"has-contrast-2-color has-text-color has-link-color wp-elements-739e28e5c76147770cbf5f75da948f52\"><strong>GIO 7 <\/strong>CORSO ON LINE PER I NUOVI SOCI &#8211; 1<\/p>\n\n\n\n<p class=\"has-black-color has-text-color has-link-color has-medium-font-size wp-elements-3365a2afa6712dd524ab9999e51bee01\"><strong>Dom 10<\/strong> Parco Naturale Regionale delle Serre &#8211; Sottosezione Serre Calabre <strong>\u201cSentiero della baronessa Scoppa\u201d<\/strong> <strong>(E)<\/strong> Intersezionale con Cai Cosenza <em>&#8211; org. Romano Candiloro (ASE) &#8211; Sollazzo Giovanna (ORTAM) \u2013 Alfonso Morelli (ORTAM) \u2013 Annachiara Mele (ORTAM)<\/em><\/p>\n\n\n\n<p class=\"has-contrast-2-color has-text-color has-link-color wp-elements-c218a96a5dc9f20d8422cce88a51c73a\"><strong>GIO 14 <\/strong>CORSO ON LINE PER I NUOVI SOCI &#8211; 2<\/p>\n\n\n\n<p class=\"has-black-color has-text-color has-link-color has-medium-font-size wp-elements-6d764235856158f30418e319dc71be88\"><strong>Dom 17<\/strong><strong> <\/strong><strong>Monte Mancuso<\/strong> <strong>(E)<\/strong> <em>org. Piergiorgio Iannaccaro (ASE)- Francesco Bevilacqua &#8211; &nbsp;Giovanna Sollazzo &nbsp;(ORTAM)<\/em><\/p>\n\n\n\n<p class=\"has-contrast-2-color has-text-color has-link-color has-medium-font-size wp-elements-91a2d3f59e9f68736ba2ee09e02cfa25\"><strong>GIO 21  <\/strong>CORSO ON LINE PER I NUOVI SOCI &#8211; 3<\/p>\n\n\n\n<p class=\"has-black-color has-text-color has-link-color has-medium-font-size wp-elements-37f72b9df7813cb05fe2bde6c2b34d91\"><strong>Dom 24 <\/strong>Parco Nazionale Sila<strong>: <\/strong>escursione in e-bike <strong>\u201cMonaco \u2013 Roncino\u201d (EC) <\/strong><em>org. Claudio Carallo<\/em><\/p>\n\n\n\n<p class=\"has-black-color has-text-color has-link-color has-medium-font-size wp-elements-8c1f6f97c29cb8c3a0616b4742ea5a00\"><strong>Dom 24<\/strong> Parco Nazionale Pollino <strong>Giornata Mondiale della Biodiversit\u00e0 <\/strong><em>org. GR TAM CALABRIA in collaborazione con Cai Castrovillari<\/em><\/p>\n\n\n\n<p class=\"has-contrast-2-color has-text-color has-link-color wp-elements-a6005fbd149415a5212fefa873a85e7f\"><strong>GIO 28 <\/strong>CORSO ON LINE PER I NUOVI SOCI &#8211; 4<\/p>\n\n\n\n<p class=\"has-text-align-center has-contrast-2-color has-grigio-chiaro-background-color has-text-color has-background has-link-color has-large-font-size wp-elements-af7bfa83aba5f7848ee9f7ae2c73c9d4\"><strong><u>G I U G N O<\/u><\/strong><\/p>\n\n\n\n<p class=\"has-black-color has-text-color has-link-color has-medium-font-size wp-elements-a1b0af44dea8d72b72e2d72cfb952ef8\"><strong>Dom 31 Maggio &#8211; Lun 1 &#8211; Mar 2<\/strong><strong> <\/strong>Parco Nazionale Pollino:<strong> \u201cTre giorni sul Pollino\u201d (E) <\/strong><em>org. Claudio Pileggi <\/em><strong>&nbsp;<\/strong><em>&nbsp;Rossana Spinetti<\/em><\/p>\n\n\n\n<p class=\"has-black-color has-text-color has-link-color has-medium-font-size wp-elements-df3a01b9eedf676cd89dee35459b8cab\"><strong>Dom 7 <\/strong>Monti dell\u2019Orsomarso: <strong>\u201cLa Mula\u201d<\/strong> <strong>(EE)<\/strong> &#8211; Attivit\u00e0 TAM &#8211; <em>org. Salvatore Pileggi (AE \u2013 ORTAM) Monica Gigliotti (AE \u2013 ORTAM) \u2013 Le Piane Annarita (ASE) &#8211; Felice Foresta (ASE) <\/em><\/p>\n\n\n\n<p class=\"has-black-color has-text-color has-link-color has-medium-font-size wp-elements-dfdced8a110019f52f67203efda46035\"><strong>Dom 14<\/strong><strong> <\/strong>Parco Nazionale Aspromonte:<strong> \u201cIn Cammino nei Parchi\u201d (E) <\/strong><em>\u2013 org. Cai Reggio Calabria<\/em><strong><\/strong><\/p>\n\n\n\n<p class=\"has-black-color has-text-color has-link-color wp-elements-a80512671da27d2122b0aa194cd9a571\"><strong>Dom 21<\/strong> Parco Nazionale Sila:<strong>\u201cGIORNATA NAZIONALE SENTIERO ITALIA CAI\u201d<\/strong> <strong>(E)<\/strong> Attivit\u00e0 TAM &#8211; <em>org. Piergiorgio Iannaccaro (ASE) &#8211; Marco Garcea (AE) &nbsp;&#8211; Colao Francesco (ORTAM) &#8211; Biamonte Antonio (ORTAM<\/em><\/p>\n\n\n\n<p class=\"has-black-color has-text-color has-link-color wp-elements-11cb717bb238fcda6fe670e8850e78ed\"><strong>Dom 28 <\/strong>Parco Nazionale Sila:<strong> \u201cda San Pietro in Angaro a monte Paleparto\u201d (E) <\/strong><em>&#8211;<\/em> Attivit\u00e0 TAM &#8211;<em> org. Felice Foresta (ASE)&nbsp;&#8211; Annarita Le Piane (ASE) &#8211; Salvatore Pileggi (AE \u2013 ORTAM) &nbsp;\u2013 Monica Gigliotti (AE \u2013 ORTAM)<\/em><\/p>\n\n\n\n<p class=\"has-text-align-center has-contrast-2-color has-grigio-chiaro-background-color has-text-color has-background has-link-color has-large-font-size wp-elements-e4f70df4c4ae275a08c2642688b3ba7d\"><strong>L U G L I O<\/strong><\/p>\n\n\n\n<p class=\"has-contrast-2-color has-text-color has-link-color has-medium-font-size wp-elements-1e7330e0d0a89f5e77cbd8a1feea1053\"><strong>Dom 5<\/strong><strong> <\/strong>Rifugio Grandinetti: Giornata di benvenuto per i nuovi soci <\/p>\n\n\n\n<p class=\"has-black-color has-text-color has-link-color has-medium-font-size wp-elements-d0f2a52d93a02089c87442c4040882da\"><strong>Dom 12<\/strong> Parco nazionale Pollino: \u201c<strong>Direttissima Serra delle Ciavole\u201d<\/strong> <strong>(EE)<\/strong> <em>org. Francesco Augruso \u2013 Domenico Augruso \u2013 Giuseppe Umbro<\/em><\/p>\n\n\n\n<p class=\"has-black-color has-text-color has-link-color has-medium-font-size wp-elements-85cb03a280fcb5b7d02406cb00661597\"><strong>Dom 19 <\/strong>Parco Naturale Regionale delle Serre: manutenzione sentieri &#8211; Sottosezione Serre Calabre <strong>\u201cSentiero Frassati\u201d<\/strong> <strong>(E)<\/strong> <em>org. Romano Candiloro (ASE) \u2013 Piergiorgio Iannaccaro (ASE) &#8211;  Marco Garcea (AE)<\/em><\/p>\n\n\n\n<p class=\"has-black-color has-text-color has-link-color has-medium-font-size wp-elements-9e5e4f49992ba7c742fccd869d639030\"><strong>Dom 26 <\/strong>Aspromonte: <strong>\u201cTorrentismo con \u201cAspromonte Wild\u201d (EEA) <\/strong>&#8211; <em>org. Claudio Pileggi<\/em><\/p>\n\n\n\n<p class=\"has-text-align-center has-contrast-2-color has-grigio-chiaro-background-color has-text-color has-background has-link-color has-large-font-size wp-elements-5c5948d05f41f66336bd398ab1d52203\"><strong>A G O S T O<\/strong><\/p>\n\n\n\n<p class=\"has-black-color has-text-color has-link-color has-medium-font-size wp-elements-dd71990bf18472e5303efd940a840d0e\"><strong>Sab 1 <\/strong>Parco Nazionale Pollino: <strong>Tramonto e Luna Piena<\/strong> a <strong>Serra di Crispo<\/strong> <strong>(EE)<\/strong> <em>org Claudio Pileggi &#8211; Silvia Costa &nbsp;&#8211; Massimiliano Caroleo<\/em><\/p>\n\n\n\n<p class=\"has-black-color has-text-color has-link-color has-medium-font-size wp-elements-60da4e6ecf28c077ee4c6fbfed3d7981\"><strong>Dom <\/strong><strong>23<\/strong><strong> <\/strong>Torrentismo<strong> \u201cFiume Allaro dal romitorio di Sant\u2019Ilarione\u201d (EE)<\/strong> &#8211;<em>org. Claudio Pileggi &#8211; Rosanna Riccelli<\/em><\/p>\n\n\n\n<p class=\"has-text-align-center has-contrast-2-color has-grigio-chiaro-background-color has-text-color has-background has-link-color has-large-font-size wp-elements-edd0ead20ba1e6459670884cd614dc65\"><strong>SETTEMBRE<\/strong><\/p>\n\n\n\n<p class=\"has-black-color has-text-color has-link-color has-medium-font-size wp-elements-c3e7a3de235d18af3bb7c3d838573ad8\"><strong>Dom 6 <\/strong>Parco Nazionale Sila<strong>: \u201cRifugio Grandinetti &#8211; Sentiero Italia Cai &#8211; Baraccone &#8211; cascata Piciaro &#8211; bosco del Pisarello &#8211; Rifugio Grandinetti\u201d<\/strong> <strong>(E)<\/strong>&nbsp; <em>org. Antonio Viscomi &#8211; Loredana Mannarino<\/em><\/p>\n\n\n\n<p class=\"has-black-color has-text-color has-link-color has-medium-font-size wp-elements-6a9b8add4e0a12744336f3f9b37dc9f3\"><strong>Dom 13<\/strong><strong> <\/strong><strong>Monte Tiriolo <\/strong>Manutenzione Sentieri <strong>(E)<\/strong> Attivit\u00e0 TAM in collaborazione con Boschi puliti &nbsp;<em>org. Colao Francesco (ORTAM) &#8211; Marco Garcea (AE)&nbsp;<\/em><\/p>\n\n\n\n<p class=\"has-black-color has-text-color has-link-color has-medium-font-size wp-elements-b839c763e619fd2872b42d41d16524a8\"><strong>Dom 20 <\/strong>Aspromonte<strong>: \u201cAnello di Gambarie\u201d (E) <\/strong><em>&#8211;<\/em> Attivit\u00e0 TAM &#8211;<em> org. Salvatore Pileggi (AE \u2013 ORTAM) &#8211; Monica Gigliotti (AE \u2013 ORTAM)<\/em><\/p>\n\n\n\n<p class=\"has-black-color has-text-color has-link-color has-medium-font-size wp-elements-2af176efbba33d7403f24994f6fb6ad0\"><strong>Dom<\/strong><strong><em> <\/em><\/strong><strong>27<\/strong> Parco Nazionale Sila: <strong>\u201cda Cupone al Bosco del Corvo al Cozzo del Principe ai piani di Macchialonga\u201d (E) <\/strong>&nbsp;<em>org.&nbsp; Piergiorgio Iannaccaro (ASE) \u2013 Marco Garcea (AE)<\/em><\/p>\n\n\n\n<p class=\"has-text-align-center has-contrast-2-color has-grigio-chiaro-background-color has-text-color has-background has-link-color has-large-font-size wp-elements-8e9426d892dd53a7b61ac8ec8dabe5a8\"><strong>O T T O B R E<\/strong><\/p>\n\n\n\n<p class=\"has-black-color has-text-color has-link-color has-medium-font-size wp-elements-275ecc47c951964cd8eeb851b38aa6f0\"><strong>Dom 4<\/strong> Serre Calabre: <strong>\u201cLe Cave\u201d<\/strong> <strong>(E)<\/strong> Sottosezione Serre Calabre <em>org. Romano Candiloro (ASE)<\/em><\/p>\n\n\n\n<p class=\"has-black-color has-text-color has-link-color has-medium-font-size wp-elements-a9bce3fa4ff68113ad5e66b262076b07\"><strong>Dom 11<\/strong><strong> <\/strong>Serra Dolcedorme:<strong> \u201cDirettissima Dolcedorme\u201d (EEA) <\/strong><em>org. Claudio Pileggi &#8211; Rosanna Riccelli \u2013 Vincenzo Peris (ASE)<\/em><\/p>\n\n\n\n<p class=\"has-black-color has-text-color has-link-color has-medium-font-size wp-elements-694cbb540c379fff36163878bf696f34\"><strong>Dom 18<\/strong> Parco Nazionale Sila: \u201c<strong>Bosco Caritello &#8211; Viperaro\u201d (E) <\/strong><em>org. Antonio Viscomi &#8211; Loredana Mannarino<\/em><\/p>\n\n\n\n<p class=\"has-black-color has-text-color has-link-color has-medium-font-size wp-elements-26aee028b7140bb93c1b3fadf73a26e8\"><strong>Dom 25<\/strong><strong> <\/strong>Rifugio Leone Grandinetti:<strong> \u201c<\/strong><strong>escursione e<\/strong><strong> c<\/strong><strong>astagnata\u201d<\/strong><strong> <\/strong><strong>(E)<\/strong><strong> <\/strong><em>org. Teresa Garcea<\/em><\/p>\n\n\n\n<p class=\"has-text-align-center has-contrast-2-color has-grigio-chiaro-background-color has-text-color has-background has-link-color has-large-font-size wp-elements-dbb51f42174d2cd4e55d82ab1bbe9593\"><strong>N O V E M B R E<\/strong><\/p>\n\n\n\n<p class=\"has-black-color has-text-color has-link-color has-medium-font-size wp-elements-2185982fa2d13c1ad813139da14b77aa\"><strong>Dom 8 <\/strong>Serre Calabre: <strong>\u201cAnello di Fabrizia<\/strong>\u201d <strong>(E)<\/strong> &#8211; Attivit\u00e0 TAM &#8211; <em>org. Salvatore Pileggi (AE \u2013 ORTAM) &#8211; Monica Gigliotti (AE \u2013 ORTAM)<\/em> &#8211;<em> Giovanna Sollazzo (ORTAM) <\/em><\/p>\n\n\n\n<p class=\"has-black-color has-text-color has-link-color has-medium-font-size wp-elements-29ea30e0fdf352a66917c07fcf59257f\"><strong>Dom 15 <\/strong>Parco Nazionale Sila: <strong>\u201cGiovane Foresta Vetusta<\/strong> <strong>(E)<\/strong> escursione didattica in collaborazione con il Reparto Carabinieri per la Biodiversit\u00e0 di Catanzaro &#8211; <em>org. Piergiorgio Iannaccaro (ASE)- &nbsp;Marco Garcea (AE)<\/em><\/p>\n\n\n\n<p class=\"has-black-color has-text-color has-link-color has-medium-font-size wp-elements-a4eca4f8c2631e79fd3ef4c5606d5b3d\"><strong>Dom 22 <\/strong>Parco Nazionale Sila: Intersezionale con Cai Cosenza<strong> \u201cAnello della Marchesa\u201d (E) <\/strong><em>org. Piergiorgio Iannaccaro (ASE) Marco Garcea (AE) Colao Francesco (ORTAM) Annachiara Mele (ORTAM) Alfonso Morelli (ORTAM)<\/em><\/p>\n\n\n\n<p class=\"has-black-color has-text-color has-link-color has-medium-font-size wp-elements-4a087983cf5868aea13143054fc25995\"><strong>Dom 29 <\/strong>Riserva Naturale Regionale Valli Cupe: <strong>\u201cSentiero dei castagni secolari\u201d &nbsp;(E)&nbsp; <\/strong><em>org. Andrea Galeano \u2013 Marco Garcea (AE) \u2013 Giampiero Citriniti<\/em><\/p>\n\n\n\n<p class=\"has-text-align-center has-contrast-2-color has-grigio-chiaro-background-color has-text-color has-background has-link-color has-large-font-size wp-elements-cdc9f54fcf96edbd669b739583b880b9\"><strong>D I C E M B R E<\/strong><\/p>\n\n\n\n<p class=\"has-black-color has-text-color has-link-color has-medium-font-size wp-elements-bb4cfbaec5b30a193e2a18af312b03ed\"><strong>Dom <\/strong>6 Manutenzione Sentieri <strong>(E) <\/strong><em>&nbsp;org. Commissione Sezionale Lavoro Sentieri<\/em><strong><\/strong><\/p>\n\n\n\n<p class=\"has-contrast-2-color has-text-color has-link-color has-medium-font-size wp-elements-7d2d4cc2f084fbae7ac85e1bfd217d84\"><strong>Dom 13<\/strong><em> <\/em>Pranzo Sociale e festeggiamenti 35\u00b0 anno sociale <\/p>\n\n\n\n<p class=\"has-text-color has-link-color wp-elements-d8c3e3a8b585816e99f3145dedbcd82d\" style=\"color:#33701a\"><em>Oltre alle escursioni gi\u00e0 riportate nel programma sociale dell\u2019anno 2026, saranno organizzate escursioni aggiuntive infrasettimanali. Nel corso dell\u2019anno sar\u00e0 data comunicazione ai soci delle date che saranno preliminarmente inviate con le relative schede tecniche.<\/em><\/p>\n\n\n\n<h5 class=\"wp-block-heading has-medium-font-size\"><strong>Legenda:<\/strong><\/h5>\n\n\n\n<h6 class=\"wp-block-heading has-small-font-size\">Scala delle difficolt\u00e0 escursionistiche:&nbsp;<a href=\"http:\/\/www.caicatanzaro.it\/wordpress\/wp-content\/uploads\/2022\/04\/Classificazione-difficolt%C3%A0-20-Novembre-2021.pdf\" target=\"_blank\" rel=\"noopener\">https:\/\/organizzazione.cai.it\/sez-catanzaro\/wp-content\/uploads\/sites\/116\/2025\/03\/Classificazione-difficolta-20-Novembre-2021.pdf<\/a> <\/h6>\n\n\n\n<p class=\"has-small-font-size\"><strong>ASE<\/strong>&nbsp;ACCOMPAGNATORE SEZIONALE DI ESCURSIONISMO:&nbsp;Vincenzo Peris \u2013 Piergiorgio Iannaccaro \u2013 Romano Candiloro &#8211; Felice Foresta &#8211; Annarita Le Piane<\/p>\n\n\n\n<p class=\"has-small-font-size\"><strong>AE<\/strong>&nbsp;Accompagnatore di Escursionismo:&nbsp;Marco Garcea \u2013 Monica Gigliotti \u2013 Salvatore Pileggi<\/p>\n\n\n\n<p class=\"has-small-font-size\"><strong>ORTAM:&nbsp;<\/strong>&nbsp;OPERATORE REGIONALE TUTELA AMBIENTE MONTANO&nbsp;Antonio Biamonte \u2013 Francesco Colao \u2013 Giovanna Solazzo \u2013 Monica Gigliotti \u2013 Salvatore Pileggi&nbsp;<\/p>\n\n\n\n<p class=\"has-small-font-size\"><strong>ONTAM:<\/strong>&nbsp;OPERATORE NAZIONALE TUTELA AMBIENTE MONTANO:&nbsp;Loredana Rod\u00e0 \u2013 Giuseppe Tedesco<\/p>\n\n\n\n<p class=\"has-text-align-center has-contrast-2-color has-azzurro-background-color has-text-color has-background has-link-color has-large-font-size wp-elements-7e0886cb449e633c9136fce95c638b08\">Si ringrazia per il contributo: <\/p>\n\n\n\n<figure class=\"wp-block-image size-large\"><img loading=\"lazy\" decoding=\"async\" width=\"1920\" height=\"1080\" src=\"https:\/\/organizzazione.cai.it\/sez-catanzaro\/wp-content\/uploads\/sites\/116\/2025\/05\/whatsapp-image-2025-05-20-at-172336-1920x1080.webp\" alt=\"- CAI\" class=\"wp-image-1880\" title=\"\" srcset=\"https:\/\/organizzazione.cai.it\/sez-catanzaro\/wp-content\/uploads\/sites\/116\/2025\/05\/whatsapp-image-2025-05-20-at-172336-1920x1080.webp 1920w, https:\/\/organizzazione.cai.it\/sez-catanzaro\/wp-content\/uploads\/sites\/116\/2025\/05\/whatsapp-image-2025-05-20-at-172336-1280x720.webp 1280w, https:\/\/organizzazione.cai.it\/sez-catanzaro\/wp-content\/uploads\/sites\/116\/2025\/05\/whatsapp-image-2025-05-20-at-172336-768x432.webp 768w, https:\/\/organizzazione.cai.it\/sez-catanzaro\/wp-content\/uploads\/sites\/116\/2025\/05\/whatsapp-image-2025-05-20-at-172336-1536x864.webp 1536w, https:\/\/organizzazione.cai.it\/sez-catanzaro\/wp-content\/uploads\/sites\/116\/2025\/05\/whatsapp-image-2025-05-20-at-172336-2048x1152.webp 2048w\" sizes=\"(max-width: 1920px) 100vw, 1920px\" \/><\/figure>\n","protected":false},"excerpt":{"rendered":"<p>PROGRAMMA ATTIVITA\u2019 SOCIALI 2026 Dom 18 Parco Nazionale Sila: \u201cDa Montescurso a Serra Stella con le ciaspole\u201d (EAI) org. Salvatore Pileggi (AE \u2013 ORTAM)&nbsp; Monica Gigliotti (AE \u2013 ORTAM) &#8211; [&hellip;]<\/p>\n","protected":false},"author":1,"featured_media":68,"parent":0,"menu_order":0,"comment_status":"closed","ping_status":"closed","template":"","meta":{"footnotes":""},"rankMath":{"parentDomain":"organizzazione.cai.it","noFollowDomains":[],"noFollowExcludeDomains":[],"noFollowExternalLinks":false,"featuredImageNotice":"L&#039;immagine in evidenza dovrebbe essere di almeno 200 x 200 pixel per essere ripresa da Facebook e altri siti di social media.","pluginReviewed":false,"postSettings":{"linkSuggestions":true,"useFocusKeyword":false},"frontEndScore":false,"postName":"attivita","permalinkFormat":"https:\/\/organizzazione.cai.it\/sez-catanzaro\/%pagename%\/","showLockModifiedDate":true,"assessor":{"focusKeywordLink":"https:\/\/organizzazione.cai.it\/sez-catanzaro\/wp-admin\/edit.php?focus_keyword=%focus_keyword%&post_type=%post_type%","hasTOCPlugin":false,"primaryTaxonomy":false,"serpData":{"title":"","description":"","focusKeywords":"","pillarContent":false,"canonicalUrl":"","breadcrumbTitle":"","advancedRobots":{"max-snippet":"-1","max-video-preview":"-1","max-image-preview":"large"},"facebookTitle":"","facebookDescription":"","facebookImage":"","facebookImageID":"","facebookHasOverlay":false,"facebookImageOverlay":"","facebookAuthor":"","twitterCardType":"","twitterUseFacebook":true,"twitterTitle":"","twitterDescription":"","twitterImage":"","twitterImageID":"","twitterHasOverlay":false,"twitterImageOverlay":"","twitterPlayerUrl":"","twitterPlayerSize":"","twitterPlayerStream":"","twitterPlayerStreamCtype":"","twitterAppDescription":"","twitterAppIphoneName":"","twitterAppIphoneID":"","twitterAppIphoneUrl":"","twitterAppIpadName":"","twitterAppIpadID":"","twitterAppIpadUrl":"","twitterAppGoogleplayName":"","twitterAppGoogleplayID":"","twitterAppGoogleplayUrl":"","twitterAppCountry":"","robots":{"index":true},"twitterAuthor":"nome utente","primaryTerm":0,"authorName":"admin","titleTemplate":"%title% %sep% CAI %sitename%","descriptionTemplate":"%excerpt%","showScoreFrontend":true,"lockModifiedDate":false},"powerWords":["incredibile","sorprendente","meraviglioso","unico","bello","felicit\u00e0","brillante","affascinante","carismatico","scioccante","chiaro","completamente","riservato","fiducia","significativo","creativo","definitivamente","delizioso","dimostrare","sbrigati","determinato","degno","dinamico","impressionante","essenziale","ispiratore","innovativo","intenso","efficace","magico","magnifico","storico","importante","incredibile","indispensabile","indimenticabile","irresistibile","leggendario","luminoso","lusso","magico","magnifico","maestoso","memorabile","miracoloso","motivante","necessario","nuovo","ufficiale","perfetto","appassionato","persuasivo","fenomenale","piacere","popolare","potere","prestigioso","prodigioso","profondo","prospero","potente","qualit\u00e0","radiante","veloce","di successo","rivoluzionario","soddisfatto","sicurezza","sensazionale","sereno","lussuoso","splendido","sublime","sorprendente","talentuoso","terrificante","unico","valore","vibrante","vittorioso","vivace","veramente","zelante","autentico","avventuroso","spettacolare","esclusivo","garantito","straordinario","favoloso","affascinante","formidabile","geniale","grandioso","gratuito","abile","illimitato","impeccabile","infallibile","infinitamente","influente","ingegnoso","indimenticabile","insostituibile","leader","maestro","notevole","innovativo","pioniere","potente","riconosciuto","rivoluzionario","sorprendente","superiore","trionfante","ultra","coraggioso","prezioso","avanguardia","vigoroso","visionario","volont\u00e0","vitale","trionfo","glorioso","inarrestabile","ineguagliabile","intelligente","invincibile","libert\u00e0","orgoglio","pace","progresso","rinnovato","saggezza","soddisfazione","sicuro","serenit\u00e0","superamento","talento","trascendente","trasformativo","coraggio","vittoria"],"diacritics":{"A":"[\\u0041\\u24B6\\uFF21\\u00C0\\u00C1\\u00C2\\u1EA6\\u1EA4\\u1EAA\\u1EA8\\u00C3\\u0100\\u0102\\u1EB0\\u1EAE\\u1EB4\\u1EB2\\u0226\\u01E0\\u00C4\\u01DE\\u1EA2\\u00C5\\u01FA\\u01CD\\u0200\\u0202\\u1EA0\\u1EAC\\u1EB6\\u1E00\\u0104\\u023A\\u2C6F]","AA":"[\\uA732]","AE":"[\\u00C6\\u01FC\\u01E2]","AO":"[\\uA734]","AU":"[\\uA736]","AV":"[\\uA738\\uA73A]","AY":"[\\uA73C]","B":"[\\u0042\\u24B7\\uFF22\\u1E02\\u1E04\\u1E06\\u0243\\u0182\\u0181]","C":"[\\u0043\\u24B8\\uFF23\\u0106\\u0108\\u010A\\u010C\\u00C7\\u1E08\\u0187\\u023B\\uA73E]","D":"[\\u0044\\u24B9\\uFF24\\u1E0A\\u010E\\u1E0C\\u1E10\\u1E12\\u1E0E\\u0110\\u018B\\u018A\\u0189\\uA779]","DZ":"[\\u01F1\\u01C4]","Dz":"[\\u01F2\\u01C5]","E":"[\\u0045\\u24BA\\uFF25\\u00C8\\u00C9\\u00CA\\u1EC0\\u1EBE\\u1EC4\\u1EC2\\u1EBC\\u0112\\u1E14\\u1E16\\u0114\\u0116\\u00CB\\u1EBA\\u011A\\u0204\\u0206\\u1EB8\\u1EC6\\u0228\\u1E1C\\u0118\\u1E18\\u1E1A\\u0190\\u018E]","F":"[\\u0046\\u24BB\\uFF26\\u1E1E\\u0191\\uA77B]","G":"[\\u0047\\u24BC\\uFF27\\u01F4\\u011C\\u1E20\\u011E\\u0120\\u01E6\\u0122\\u01E4\\u0193\\uA7A0\\uA77D\\uA77E]","H":"[\\u0048\\u24BD\\uFF28\\u0124\\u1E22\\u1E26\\u021E\\u1E24\\u1E28\\u1E2A\\u0126\\u2C67\\u2C75\\uA78D]","I":"[\\u0049\\u24BE\\uFF29\\u00CC\\u00CD\\u00CE\\u0128\\u012A\\u012C\\u0130\\u00CF\\u1E2E\\u1EC8\\u01CF\\u0208\\u020A\\u1ECA\\u012E\\u1E2C\\u0197]","J":"[\\u004A\\u24BF\\uFF2A\\u0134\\u0248]","K":"[\\u004B\\u24C0\\uFF2B\\u1E30\\u01E8\\u1E32\\u0136\\u1E34\\u0198\\u2C69\\uA740\\uA742\\uA744\\uA7A2]","L":"[\\u004C\\u24C1\\uFF2C\\u013F\\u0139\\u013D\\u1E36\\u1E38\\u013B\\u1E3C\\u1E3A\\u0141\\u023D\\u2C62\\u2C60\\uA748\\uA746\\uA780]","LJ":"[\\u01C7]","Lj":"[\\u01C8]","M":"[\\u004D\\u24C2\\uFF2D\\u1E3E\\u1E40\\u1E42\\u2C6E\\u019C]","N":"[\\u004E\\u24C3\\uFF2E\\u01F8\\u0143\\u00D1\\u1E44\\u0147\\u1E46\\u0145\\u1E4A\\u1E48\\u0220\\u019D\\uA790\\uA7A4]","NJ":"[\\u01CA]","Nj":"[\\u01CB]","O":"[\\u004F\\u24C4\\uFF2F\\u00D2\\u00D3\\u00D4\\u1ED2\\u1ED0\\u1ED6\\u1ED4\\u00D5\\u1E4C\\u022C\\u1E4E\\u014C\\u1E50\\u1E52\\u014E\\u022E\\u0230\\u00D6\\u022A\\u1ECE\\u0150\\u01D1\\u020C\\u020E\\u01A0\\u1EDC\\u1EDA\\u1EE0\\u1EDE\\u1EE2\\u1ECC\\u1ED8\\u01EA\\u01EC\\u00D8\\u01FE\\u0186\\u019F\\uA74A\\uA74C]","OI":"[\\u01A2]","OO":"[\\uA74E]","OU":"[\\u0222]","P":"[\\u0050\\u24C5\\uFF30\\u1E54\\u1E56\\u01A4\\u2C63\\uA750\\uA752\\uA754]","Q":"[\\u0051\\u24C6\\uFF31\\uA756\\uA758\\u024A]","R":"[\\u0052\\u24C7\\uFF32\\u0154\\u1E58\\u0158\\u0210\\u0212\\u1E5A\\u1E5C\\u0156\\u1E5E\\u024C\\u2C64\\uA75A\\uA7A6\\uA782]","S":"[\\u0053\\u24C8\\uFF33\\u1E9E\\u015A\\u1E64\\u015C\\u1E60\\u0160\\u1E66\\u1E62\\u1E68\\u0218\\u015E\\u2C7E\\uA7A8\\uA784]","T":"[\\u0054\\u24C9\\uFF34\\u1E6A\\u0164\\u1E6C\\u021A\\u0162\\u1E70\\u1E6E\\u0166\\u01AC\\u01AE\\u023E\\uA786]","TZ":"[\\uA728]","U":"[\\u0055\\u24CA\\uFF35\\u00D9\\u00DA\\u00DB\\u0168\\u1E78\\u016A\\u1E7A\\u016C\\u00DC\\u01DB\\u01D7\\u01D5\\u01D9\\u1EE6\\u016E\\u0170\\u01D3\\u0214\\u0216\\u01AF\\u1EEA\\u1EE8\\u1EEE\\u1EEC\\u1EF0\\u1EE4\\u1E72\\u0172\\u1E76\\u1E74\\u0244]","V":"[\\u0056\\u24CB\\uFF36\\u1E7C\\u1E7E\\u01B2\\uA75E\\u0245]","VY":"[\\uA760]","W":"[\\u0057\\u24CC\\uFF37\\u1E80\\u1E82\\u0174\\u1E86\\u1E84\\u1E88\\u2C72]","X":"[\\u0058\\u24CD\\uFF38\\u1E8A\\u1E8C]","Y":"[\\u0059\\u24CE\\uFF39\\u1EF2\\u00DD\\u0176\\u1EF8\\u0232\\u1E8E\\u0178\\u1EF6\\u1EF4\\u01B3\\u024E\\u1EFE]","Z":"[\\u005A\\u24CF\\uFF3A\\u0179\\u1E90\\u017B\\u017D\\u1E92\\u1E94\\u01B5\\u0224\\u2C7F\\u2C6B\\uA762]","a":"[\\u0061\\u24D0\\uFF41\\u1E9A\\u00E0\\u00E1\\u00E2\\u1EA7\\u1EA5\\u1EAB\\u1EA9\\u00E3\\u0101\\u0103\\u1EB1\\u1EAF\\u1EB5\\u1EB3\\u0227\\u01E1\\u00E4\\u01DF\\u1EA3\\u00E5\\u01FB\\u01CE\\u0201\\u0203\\u1EA1\\u1EAD\\u1EB7\\u1E01\\u0105\\u2C65\\u0250]","aa":"[\\uA733]","ae":"[\\u00E6\\u01FD\\u01E3]","ao":"[\\uA735]","au":"[\\uA737]","av":"[\\uA739\\uA73B]","ay":"[\\uA73D]","b":"[\\u0062\\u24D1\\uFF42\\u1E03\\u1E05\\u1E07\\u0180\\u0183\\u0253]","c":"[\\u0063\\u24D2\\uFF43\\u0107\\u0109\\u010B\\u010D\\u00E7\\u1E09\\u0188\\u023C\\uA73F\\u2184]","d":"[\\u0064\\u24D3\\uFF44\\u1E0B\\u010F\\u1E0D\\u1E11\\u1E13\\u1E0F\\u0111\\u018C\\u0256\\u0257\\uA77A]","dz":"[\\u01F3\\u01C6]","e":"[\\u0065\\u24D4\\uFF45\\u00E8\\u00E9\\u00EA\\u1EC1\\u1EBF\\u1EC5\\u1EC3\\u1EBD\\u0113\\u1E15\\u1E17\\u0115\\u0117\\u00EB\\u1EBB\\u011B\\u0205\\u0207\\u1EB9\\u1EC7\\u0229\\u1E1D\\u0119\\u1E19\\u1E1B\\u0247\\u025B\\u01DD]","f":"[\\u0066\\u24D5\\uFF46\\u1E1F\\u0192\\uA77C]","g":"[\\u0067\\u24D6\\uFF47\\u01F5\\u011D\\u1E21\\u011F\\u0121\\u01E7\\u0123\\u01E5\\u0260\\uA7A1\\u1D79\\uA77F]","h":"[\\u0068\\u24D7\\uFF48\\u0125\\u1E23\\u1E27\\u021F\\u1E25\\u1E29\\u1E2B\\u1E96\\u0127\\u2C68\\u2C76\\u0265]","hv":"[\\u0195]","i":"[\\u0069\\u24D8\\uFF49\\u00EC\\u00ED\\u00EE\\u0129\\u012B\\u012D\\u00EF\\u1E2F\\u1EC9\\u01D0\\u0209\\u020B\\u1ECB\\u012F\\u1E2D\\u0268\\u0131]","j":"[\\u006A\\u24D9\\uFF4A\\u0135\\u01F0\\u0249]","k":"[\\u006B\\u24DA\\uFF4B\\u1E31\\u01E9\\u1E33\\u0137\\u1E35\\u0199\\u2C6A\\uA741\\uA743\\uA745\\uA7A3]","l":"[\\u006C\\u24DB\\uFF4C\\u0140\\u013A\\u013E\\u1E37\\u1E39\\u013C\\u1E3D\\u1E3B\\u017F\\u0142\\u019A\\u026B\\u2C61\\uA749\\uA781\\uA747]","lj":"[\\u01C9]","m":"[\\u006D\\u24DC\\uFF4D\\u1E3F\\u1E41\\u1E43\\u0271\\u026F]","n":"[\\u006E\\u24DD\\uFF4E\\u01F9\\u0144\\u00F1\\u1E45\\u0148\\u1E47\\u0146\\u1E4B\\u1E49\\u019E\\u0272\\u0149\\uA791\\uA7A5]","nj":"[\\u01CC]","o":"[\\u006F\\u24DE\\uFF4F\\u00F2\\u00F3\\u00F4\\u1ED3\\u1ED1\\u1ED7\\u1ED5\\u00F5\\u1E4D\\u022D\\u1E4F\\u014D\\u1E51\\u1E53\\u014F\\u022F\\u0231\\u00F6\\u022B\\u1ECF\\u0151\\u01D2\\u020D\\u020F\\u01A1\\u1EDD\\u1EDB\\u1EE1\\u1EDF\\u1EE3\\u1ECD\\u1ED9\\u01EB\\u01ED\\u00F8\\u01FF\\u0254\\uA74B\\uA74D\\u0275]","oi":"[\\u01A3]","ou":"[\\u0223]","oo":"[\\uA74F]","p":"[\\u0070\\u24DF\\uFF50\\u1E55\\u1E57\\u01A5\\u1D7D\\uA751\\uA753\\uA755]","q":"[\\u0071\\u24E0\\uFF51\\u024B\\uA757\\uA759]","r":"[\\u0072\\u24E1\\uFF52\\u0155\\u1E59\\u0159\\u0211\\u0213\\u1E5B\\u1E5D\\u0157\\u1E5F\\u024D\\u027D\\uA75B\\uA7A7\\uA783]","s":"[\\u0073\\u24E2\\uFF53\\u015B\\u1E65\\u015D\\u1E61\\u0161\\u1E67\\u1E63\\u1E69\\u0219\\u015F\\u023F\\uA7A9\\uA785\\u1E9B]","ss":"[\\u00DF]","t":"[\\u0074\\u24E3\\uFF54\\u1E6B\\u1E97\\u0165\\u1E6D\\u021B\\u0163\\u1E71\\u1E6F\\u0167\\u01AD\\u0288\\u2C66\\uA787]","tz":"[\\uA729]","u":"[\\u0075\\u24E4\\uFF55\\u00F9\\u00FA\\u00FB\\u0169\\u1E79\\u016B\\u1E7B\\u016D\\u00FC\\u01DC\\u01D8\\u01D6\\u01DA\\u1EE7\\u016F\\u0171\\u01D4\\u0215\\u0217\\u01B0\\u1EEB\\u1EE9\\u1EEF\\u1EED\\u1EF1\\u1EE5\\u1E73\\u0173\\u1E77\\u1E75\\u0289]","v":"[\\u0076\\u24E5\\uFF56\\u1E7D\\u1E7F\\u028B\\uA75F\\u028C]","vy":"[\\uA761]","w":"[\\u0077\\u24E6\\uFF57\\u1E81\\u1E83\\u0175\\u1E87\\u1E85\\u1E98\\u1E89\\u2C73]","x":"[\\u0078\\u24E7\\uFF58\\u1E8B\\u1E8D]","y":"[\\u0079\\u24E8\\uFF59\\u1EF3\\u00FD\\u0177\\u1EF9\\u0233\\u1E8F\\u00FF\\u1EF7\\u1E99\\u1EF5\\u01B4\\u024F\\u1EFF]","z":"[\\u007A\\u24E9\\uFF5A\\u017A\\u1E91\\u017C\\u017E\\u1E93\\u1E95\\u01B6\\u0225\\u0240\\u2C6C\\uA763]"},"researchesTests":["contentHasTOC","contentHasShortParagraphs","contentHasAssets","keywordInTitle","keywordInMetaDescription","keywordInPermalink","keywordIn10Percent","keywordInContent","keywordInSubheadings","keywordInImageAlt","keywordDensity","keywordNotUsed","lengthContent","lengthPermalink","linksHasInternal","linksHasExternals","linksNotAllExternals","titleStartWithKeyword","titleSentiment","titleHasPowerWords","titleHasNumber","hasContentAI"],"hasRedirection":true,"hasBreadcrumb":true},"homeUrl":"https:\/\/organizzazione.cai.it\/sez-catanzaro","objectID":140,"objectType":"post","locale":"it","localeFull":"it_IT","overlayImages":{"play":{"name":"Icona di riproduzione","url":"https:\/\/organizzazione.cai.it\/sez-catanzaro\/wp-content\/plugins\/seo-by-rank-math\/assets\/admin\/img\/icon-play.png","path":"\/var\/www\/vhosts\/organizzazione.cai.it\/httpdocs\/wp-content\/plugins\/seo-by-rank-math\/assets\/admin\/img\/icon-play.png","position":"middle_center"},"gif":{"name":"Icona GIF","url":"https:\/\/organizzazione.cai.it\/sez-catanzaro\/wp-content\/plugins\/seo-by-rank-math\/assets\/admin\/img\/icon-gif.png","path":"\/var\/www\/vhosts\/organizzazione.cai.it\/httpdocs\/wp-content\/plugins\/seo-by-rank-math\/assets\/admin\/img\/icon-gif.png","position":"middle_center"}},"defautOgImage":"https:\/\/organizzazione.cai.it\/sez-catanzaro\/wp-content\/uploads\/sites\/116\/2024\/09\/og.webp","customPermalinks":true,"isUserRegistered":false,"autoSuggestKeywords":false,"connectSiteUrl":"https:\/\/rankmath.com\/auth?site=https%3A%2F%2Forganizzazione.cai.it%2Fsez-catanzaro&r=https%3A%2F%2Forganizzazione.cai.it%2Fsez-catanzaro%2Fwp-json%2Fwp%2Fv2%2Fpages%2F140%3Fnonce%3D0bc010b01d","maxTags":5,"trendsIcon":"<svg viewBox=\"0 0 610 610\"><path d=\"M18.85,446,174.32,290.48l58.08,58.08L76.93,504a14.54,14.54,0,0,1-20.55,0L18.83,466.48a14.54,14.54,0,0,1,0-20.55Z\" style=\"fill:#4285f4\"\/><path d=\"M242.65,242.66,377.59,377.6l-47.75,47.75a14.54,14.54,0,0,1-20.55,0L174.37,290.43l47.75-47.75A14.52,14.52,0,0,1,242.65,242.66Z\" style=\"fill:#ea4335\"\/><polygon points=\"319.53 319.53 479.26 159.8 537.34 217.88 377.61 377.62 319.53 319.53\" style=\"fill:#fabb05\"\/><path d=\"M594.26,262.73V118.61h0a16.94,16.94,0,0,0-16.94-16.94H433.2a16.94,16.94,0,0,0-12,28.92L565.34,274.71h0a16.94,16.94,0,0,0,28.92-12Z\" style=\"fill:#34a853\"\/><rect width=\"610\" height=\"610\" style=\"fill:none\"\/><\/svg>","showScore":true,"siteFavIcon":"data:image\/png;base64,iVBORw0KGgoAAAANSUhEUgAAABAAAAAQCAYAAAAf8\/9hAAABs0lEQVR4AWL4\/\/8\/RRjO8Iucx+noO0MWUDo16FYABMGP6ZfUcRnWtm27jVPbtm3bttuH2t3eFPcY9pLz7NxiLjCyVd87pKnHyqXyxtCs8APd0rnyxiu4qSeA3QEDrAwBDrT1s1Rc\/OrjLZwqVmOSu6+Lamcpp2KKMA9PH1BYXMe1mUP5qotvXTywsOEEYHXxrY+3cqk6TMkYpNr2FeoY3KIr0RPtn9wQ2unlA+GMkRw6+9TFw4YTwDUzx\/JVvARj9KaedXRO8P5B1Du2S32smzqUrcKGEyA+uAgQjKX7zf0boWHGfn71jIKj2689gxp7OAGShNcBUmLMPVjZuiKcA2vuWHHDCQxMCz629kXAIU4ApY15QwggAFbfOP9DhgBJ+nWVJ1AZAfICAj1pAlY6hCADZnveQf7bQIwzVONGJonhLIlS9gr5mFg44Xd+4S3XHoGNPdJl1INIwKyEgHckEhgTe1bGiFY9GSFBYUwLh1IkiJUbY407E7syBSFxKTszEoiE\/YdrgCEayDmtaJwCI9uu8TKMuZSVfSa4BpGgzvomBR\/INhLGzrqDotp01ZR8pn\/1L0JN9d9XNyx0AAAAAElFTkSuQmCC","canUser":{"general":false,"advanced":false,"snippet":false,"social":false,"analysis":false,"analytics":false,"content_ai":false},"showKeywordIntent":true,"isPro":false,"is_front_page":false,"trendsUpgradeLink":"https:\/\/rankmath.com\/pricing\/?utm_source=Plugin&utm_medium=CE%20General%20Tab%20Trends&utm_campaign=WP","trendsUpgradeLabel":"Aggiorna","trendsPreviewImage":"https:\/\/organizzazione.cai.it\/sez-catanzaro\/wp-content\/plugins\/seo-by-rank-math\/assets\/admin\/img\/trends-preview.jpg","currentEditor":false,"homepageData":{"assessor":{"powerWords":["incredibile","sorprendente","meraviglioso","unico","bello","felicit\u00e0","brillante","affascinante","carismatico","scioccante","chiaro","completamente","riservato","fiducia","significativo","creativo","definitivamente","delizioso","dimostrare","sbrigati","determinato","degno","dinamico","impressionante","essenziale","ispiratore","innovativo","intenso","efficace","magico","magnifico","storico","importante","incredibile","indispensabile","indimenticabile","irresistibile","leggendario","luminoso","lusso","magico","magnifico","maestoso","memorabile","miracoloso","motivante","necessario","nuovo","ufficiale","perfetto","appassionato","persuasivo","fenomenale","piacere","popolare","potere","prestigioso","prodigioso","profondo","prospero","potente","qualit\u00e0","radiante","veloce","di successo","rivoluzionario","soddisfatto","sicurezza","sensazionale","sereno","lussuoso","splendido","sublime","sorprendente","talentuoso","terrificante","unico","valore","vibrante","vittorioso","vivace","veramente","zelante","autentico","avventuroso","spettacolare","esclusivo","garantito","straordinario","favoloso","affascinante","formidabile","geniale","grandioso","gratuito","abile","illimitato","impeccabile","infallibile","infinitamente","influente","ingegnoso","indimenticabile","insostituibile","leader","maestro","notevole","innovativo","pioniere","potente","riconosciuto","rivoluzionario","sorprendente","superiore","trionfante","ultra","coraggioso","prezioso","avanguardia","vigoroso","visionario","volont\u00e0","vitale","trionfo","glorioso","inarrestabile","ineguagliabile","intelligente","invincibile","libert\u00e0","orgoglio","pace","progresso","rinnovato","saggezza","soddisfazione","sicuro","serenit\u00e0","superamento","talento","trascendente","trasformativo","coraggio","vittoria"],"diacritics":true,"researchesTests":["contentHasTOC","contentHasShortParagraphs","contentHasAssets","keywordInTitle","keywordInMetaDescription","keywordInPermalink","keywordIn10Percent","keywordInContent","keywordInSubheadings","keywordInImageAlt","keywordDensity","keywordNotUsed","lengthContent","lengthPermalink","linksHasInternal","linksHasExternals","linksNotAllExternals","titleStartWithKeyword","titleSentiment","titleHasPowerWords","titleHasNumber","hasContentAI"],"hasBreadcrumb":true,"serpData":{"title":"%sitename% %page% %sep% %sitedesc%","description":"","titleTemplate":"%sitename% %page% %sep% %sitedesc%","descriptionTemplate":"","focusKeywords":"","breadcrumbTitle":"Home","robots":{"index":true},"advancedRobots":{"max-snippet":"-1","max-video-preview":"-1","max-image-preview":"large"},"facebookTitle":"","facebookDescription":"","facebookImage":"","facebookImageID":""}}},"tocTitle":"Table of Contents","tocExcludeHeadings":[],"listStyle":"ul"},"_links":{"self":[{"href":"https:\/\/organizzazione.cai.it\/sez-catanzaro\/wp-json\/wp\/v2\/pages\/140"}],"collection":[{"href":"https:\/\/organizzazione.cai.it\/sez-catanzaro\/wp-json\/wp\/v2\/pages"}],"about":[{"href":"https:\/\/organizzazione.cai.it\/sez-catanzaro\/wp-json\/wp\/v2\/types\/page"}],"author":[{"embeddable":true,"href":"https:\/\/organizzazione.cai.it\/sez-catanzaro\/wp-json\/wp\/v2\/users\/1"}],"replies":[{"embeddable":true,"href":"https:\/\/organizzazione.cai.it\/sez-catanzaro\/wp-json\/wp\/v2\/comments?post=140"}],"version-history":[{"count":48,"href":"https:\/\/organizzazione.cai.it\/sez-catanzaro\/wp-json\/wp\/v2\/pages\/140\/revisions"}],"predecessor-version":[{"id":4899,"href":"https:\/\/organizzazione.cai.it\/sez-catanzaro\/wp-json\/wp\/v2\/pages\/140\/revisions\/4899"}],"wp:featuredmedia":[{"embeddable":true,"href":"https:\/\/organizzazione.cai.it\/sez-catanzaro\/wp-json\/wp\/v2\/media\/68"}],"wp:attachment":[{"href":"https:\/\/organizzazione.cai.it\/sez-catanzaro\/wp-json\/wp\/v2\/media?parent=140"}],"curies":[{"name":"wp","href":"https:\/\/api.w.org\/{rel}","templated":true}]}}