{"id":220,"date":"2025-10-31T14:36:51","date_gmt":"2025-10-31T14:36:51","guid":{"rendered":"https:\/\/organizzazione.cai.it\/sez-catanzaro\/?page_id=220"},"modified":"2025-11-26T10:39:09","modified_gmt":"2025-11-26T10:39:09","slug":"ti-consiglio-un-libro","status":"publish","type":"page","link":"https:\/\/organizzazione.cai.it\/sez-catanzaro\/ti-consiglio-un-libro\/","title":{"rendered":"Ti consiglio un Libro"},"content":{"rendered":"\n<h1 class=\"wp-block-heading has-text-align-center has-azzurro-chiaro-background-color has-background\" style=\"font-size:2.6rem\">Una rubrica dedicata al mondo dei libri selezionati e recensiti dai soci della nostra Sezione<\/h1>\n\n\n\n<p><\/p>\n\n\n\n<h1 class=\"wp-block-heading has-grigio-chiaro-background-color has-background has-large-font-size\">Ti consiglio il libro del mese di Maggio 2024 \u00e8 dedicato a:&nbsp;<strong><em>Passato e Presente. Quante storie\u2026 di Michele Belcastro.&nbsp;<\/em><\/strong><\/h1>\n\n\n\n<figure class=\"wp-block-image aligncenter size-medium\"><img loading=\"lazy\" decoding=\"async\" width=\"840\" height=\"720\" src=\"https:\/\/organizzazione.cai.it\/sez-catanzaro\/wp-content\/uploads\/sites\/116\/2025\/01\/libro-michele-belcastro-840x720.webp\" alt=\"- CAI\" class=\"wp-image-221\" title=\"\" srcset=\"https:\/\/organizzazione.cai.it\/sez-catanzaro\/wp-content\/uploads\/sites\/116\/2025\/01\/libro-michele-belcastro-840x720.webp 840w, https:\/\/organizzazione.cai.it\/sez-catanzaro\/wp-content\/uploads\/sites\/116\/2025\/01\/libro-michele-belcastro-1261x1080.webp 1261w, https:\/\/organizzazione.cai.it\/sez-catanzaro\/wp-content\/uploads\/sites\/116\/2025\/01\/libro-michele-belcastro-768x658.webp 768w, https:\/\/organizzazione.cai.it\/sez-catanzaro\/wp-content\/uploads\/sites\/116\/2025\/01\/libro-michele-belcastro.webp 1284w\" sizes=\"(max-width: 840px) 100vw, 840px\" \/><\/figure>\n\n\n\n<p class=\"has-azzurro-background-color has-background\"><strong>TI CONSIGLIO UN LIBRO \u2013 Il libro del mese di Giugno:<\/strong><strong>\u201cCalabbria Cost tu Cost\u201d<\/strong>&nbsp;<em>di Alessandro Frontera.<\/em><\/p>\n\n\n\n<p><strong>A leggere il titolo<\/strong>&nbsp;qualcuno potrebbe obiettare su un errore ortografico,&nbsp;<strong>ma non \u00e8 cos\u00ec.<\/strong>&nbsp;Alessandro ha proprio scelto questo titolo. Il perch\u00e9 ?&nbsp;<strong>Sul libro lo scoprirete.<\/strong><\/p>\n\n\n\n<p><strong><em>Chi \u00e8 Alessandro Frontera:<\/em><\/strong>&nbsp;un tranquillo ragazzo che vive a Varese con genitori calabresi. Una laurea in agraria e un modesto lavoro.&nbsp;<strong>Un giorno decide di trasferirsi<\/strong>&nbsp;in Calabria alla ricerca delle sue radici. Lascia la Lombardia per scoprire la&nbsp;<strong>Calabria nel migliore dei modi:<\/strong>&nbsp;a piedi ! Inizia il suo viaggio&nbsp;<strong>percorrendo 197 km<\/strong>, partendo dallo Ionio e giungendo sul Tirreno.&nbsp;<strong>Due mari, le montagne&nbsp;<\/strong>che lo legano profondamente a questa terra del sud.&nbsp;<strong>Durante il cammino&nbsp;<\/strong>prende appunti per raccontare la sua esperienza in un libro.<\/p>\n\n\n\n<p>E cos\u00ec nasce&nbsp;<strong>\u201cCalabbria Cost tu Cost\u201d<\/strong>&nbsp;<em>di Alessandro Frontera.<\/em>&nbsp;<strong>La sua storia continua sul libro.<\/strong>&nbsp;Buona lettura<\/p>\n\n\n\n<figure class=\"wp-block-image aligncenter size-full\"><img loading=\"lazy\" decoding=\"async\" width=\"195\" height=\"300\" src=\"https:\/\/organizzazione.cai.it\/sez-catanzaro\/wp-content\/uploads\/sites\/116\/2025\/01\/cost-tu-cost-195x300-1.webp\" alt=\"- CAI\" class=\"wp-image-222\" title=\"\"><\/figure>\n\n\n\n<p class=\"has-azzurro-chiaro-background-color has-background\"><strong>Ti consiglio un libro: il libro del mese di Luglio \u00e8 Bianco di Sylvain Tesson<\/strong><\/p>\n\n\n\n<p>\u201cSotto la neve il mondo si ritrae. Restano pochi colpi di pennello cinese. Nel sogno bianco galleggiano picchi, pareti, creste e pilastri ridotti a rughe di espressione. La neve lumeggia tutto quel che tocca: \u00e8 la bellezza. Pura com\u2019\u00e8, riempie i vuoti di un principio invisibile, annulla l\u2019imperfezione, conserva il rilievo. Il candore perdona l\u2019inutile, mascherandolo.\u201d Sylvain Tesson, Bianco, Sellerio Editore, 2023.<\/p>\n\n\n\n<p>Per Sylvain Tesson la vita \u00e8 movimento. Nell\u2019arco di quattro inverni, accompagnato dall\u2019amico Daniel Du Lac, vincitore della Coppa del mondo di arrampicata, guida di alta montagna, pioniere di vie estreme, compie con gli sci la traversata delle Alpi, da Mentone, sulla costa francese, fino a Trieste, passando da Italia, Svizzera, Austria e Slovenia. Ai due viaggiatori si aggiunge poi Philippe R\u00e9moville, entusiasta alpinista incontrato in un rifugio. Insieme hanno cos\u00ec percorso 1.600 chilometri e superato pi\u00f9 di 60.000 metri di dislivello. Ogni singola giornata \u00e8 una sfida contro il freddo e la fatica; le soste nei rifugi diventano occasione per conoscere personaggi indimenticabili, da un canonico dell\u2019ospizio del Gran San Bernardo al figlio dello studioso Jean Starobinski, guida alpina ed esperto del mondo dell\u2019arte. Immerso in un panorama che racchiude una forza selvaggia e una potenza trascendentale, Tesson si confronta con la bellezza e con il vuoto, con lo sforzo fisico e mentale, col silenzio della natura e il costante rumore di fondo del cervello al lavoro. Vive lo slancio del gesto perfetto e la mortificazione di una caduta, riposa in rifugi vuoti, a disposizione degli alpinisti solitari, scopre che il vero lusso non sta nella raffinatezza di un oggetto o nell\u2019abbondanza dei piaceri, ma nella minestra dopo la fatica, nella contemplazione di un fuoco dopo il gelo: \u00abil lusso consiste nella cessazione dello sforzo. Il lusso \u00e8 compimento\u00bb. L\u2019uomo alle prese con la montagna, con la luce infinita delle Alpi, scrive Tesson, non migliora, non si redime, non si tra sforma. \u00abQuando raggiunge altezze meravigliose, vi trasporta la sua miseria\u00bb. Bianco sorprende per lo sguardo privo di arroganza, per l\u2019assenza di ogni fittizia esaltazione. Non c\u2019\u00e8 la mistica della solitudine eroica nella natura madre e matrigna, o il culto della purificazione nell\u2019aria cristallina delle vette. C\u2019\u00e8 solo un viaggio, fuori e dentro di s\u00e9, e un sogno di bambini, quello di avventurarsi nel mistero del mondo.*<br>*Dalla home page di Sellerio Editore.<\/p>\n\n\n\n<figure class=\"wp-block-image aligncenter size-full\"><img loading=\"lazy\" decoding=\"async\" width=\"193\" height=\"300\" src=\"https:\/\/organizzazione.cai.it\/sez-catanzaro\/wp-content\/uploads\/sites\/116\/2025\/01\/bianco-193x300-1.webp\" alt=\"- CAI\" class=\"wp-image-226\" title=\"\"><\/figure>\n\n\n\n<p class=\"has-azzurro-chiaro-background-color has-background has-medium-font-size\"><strong>TI CONSIGLIO UN LIBRO \u2013 Il libro del mese di Agosto: Sentiero Italia Cai volume 3 dedicato alla Calabria<\/strong><\/p>\n\n\n\n<figure class=\"wp-block-image aligncenter size-full\"><img loading=\"lazy\" decoding=\"async\" width=\"257\" height=\"364\" src=\"https:\/\/organizzazione.cai.it\/sez-catanzaro\/wp-content\/uploads\/sites\/116\/2025\/01\/sentiero-italia-vol3-big.webp\" alt=\"- CAI\" class=\"wp-image-223\" title=\"\"><\/figure>\n\n\n\n<figure class=\"wp-block-image aligncenter size-full\"><img loading=\"lazy\" decoding=\"async\" width=\"732\" height=\"1023\" src=\"https:\/\/organizzazione.cai.it\/sez-catanzaro\/wp-content\/uploads\/sites\/116\/2025\/01\/guida-sentiero-italia.webp\" alt=\"- CAI\" class=\"wp-image-224\" title=\"\" srcset=\"https:\/\/organizzazione.cai.it\/sez-catanzaro\/wp-content\/uploads\/sites\/116\/2025\/01\/guida-sentiero-italia.webp 732w, https:\/\/organizzazione.cai.it\/sez-catanzaro\/wp-content\/uploads\/sites\/116\/2025\/01\/guida-sentiero-italia-515x720.webp 515w\" sizes=\"(max-width: 732px) 100vw, 732px\" \/><\/figure>\n\n\n\n<p class=\"has-azzurro-chiaro-background-color has-background has-medium-font-size\"><br><strong>TI CONSIGLIO UN LIBRO \u2013 Il libro del mese di Settembre: Il Cercatore di luce di Carmine Abate<\/strong><\/p>\n\n\n\n<p>\u201cCarlo ha dodici anni quando sale in Scanuppia, una montagna del Trentino, per trascorrere le vacanze estive nella baita di famiglia. I genitori non fanno che litigare, la tensione \u00e8 palpabile, eppure un inatteso sollievo lo coglie quando si immerge nel dipinto appeso nella sua stanza: una giovane donna con un bambino tra le braccia. Chi sono quelle due persone? Al ragazzo pare di riconoscerle e chiede notizie alla Moma, la nonna originaria della Calabria, scoprendo che il nonno aveva conosciuto il pittore, Giovanni Segantini. Carlo si trova cos\u00ec a ricostruire la trama intima e collettiva di un intero secolo, a partire dalla travolgente vicenda umana di Segantini, legata a quella della propria famiglia. Mentre \u00e8 alle prese con i primi turbamenti sentimentali, il ragazzo si appassiona all\u2019amore tra l\u2019artista e Bice Bugatti, donna carismatica e compagna fedele, sempre al suo fianco dall\u2019incontro a Milano agli anni in Brianza e in Svizzera. In un romanzo epico e visionario, Carmine Abate torna a raccontare una storia famigliare, e vi intreccia la straordinaria avventura esistenziale e artistica di uno dei nostri pi\u00f9 grandi pittori, muovendosi \u2013 con l\u2019autorevolezza di chi li conosce nelle pi\u00f9 segrete profondit\u00e0 \u2013 in luoghi lontani ma dalla identica, struggente meraviglia: dal Trentino di Arco e della Scanuppia, paradiso naturale degli urogalli, alle altezze sublimi di Maloja, all\u2019altopiano della Sila, monumento alla bellezza nel cuore del Mediterraneo. Avvalendosi di un meccanismo narrativo ad alta precisione, Abate scolpisce un potente romanzo corale che affronta temi universali: la vita, la natura, la morte, gli stessi del famoso \u201cTrittico della Natura\u201d di Giovanni Segantini. \u00c8 lui l\u2019inesausto cercatore di luce che, pur presagendo la fine ormai prossima, sale in montagna a dipingere l\u2019ultima, grandiosa opera. L\u2019unico modo per sconfiggere la morte. La sua e la nostra.\u201d<\/p>\n\n\n\n<figure class=\"wp-block-image aligncenter size-full\"><img loading=\"lazy\" decoding=\"async\" width=\"195\" height=\"300\" src=\"https:\/\/organizzazione.cai.it\/sez-catanzaro\/wp-content\/uploads\/sites\/116\/2025\/01\/il-cercatore-di-luce-cover-piccola-195x300-1.webp\" alt=\"- CAI\" class=\"wp-image-228\" title=\"\"><\/figure>\n\n\n\n<p class=\"has-azzurro-chiaro-background-color has-background has-medium-font-size\"><strong>Ti consiglio un libro di Ottobre: \u201cCalabria\u201d di Maria Brandon-Albini<\/strong><\/p>\n\n\n\n<p>Il viaggio di Maria Brandon-Albini in Calabria e il dramma storico delle popolazioni calabresi. La Calabria, che \u00e8 stata in passato, stazione intermedia e piattaforma di scambi culturali tra oriente e occidente non \u00e8 riuscita a trarre beneficio da tali transazioni, sprofondando in un degrado assoluto. Da italiana del nord, emigrata in Francia, la Brandon-Albini, sente il richiamo delle sue radici e volge il suo sguardo all\u2019Italia estendendolo fino al meridione. \u201cCalabria\u201d \u00e8 il prodotto, maturo e consapevole, attraverso cui l\u2019autrice mostra un cosmo fotografato nell\u2019attimo in cui sta per lanciarsi nel futuro della modernit\u00e0.<\/p>\n\n\n\n<figure class=\"wp-block-image aligncenter size-full\"><img loading=\"lazy\" decoding=\"async\" width=\"200\" height=\"271\" src=\"https:\/\/organizzazione.cai.it\/sez-catanzaro\/wp-content\/uploads\/sites\/116\/2025\/01\/albini-1.webp\" alt=\"- CAI\" class=\"wp-image-231\" title=\"\"><\/figure>\n\n\n\n<p class=\"has-azzurro-chiaro-background-color has-background has-medium-font-size\">Ti consiglio un libro di Novembre 2024:&nbsp;<strong><em>Sulle tracce di Norman Douglas. Avventure fra le montagne della vecchia Calabria<\/em><\/strong><\/p>\n\n\n\n<p>Seguendo le labili tracce di un eccentrico e colto viaggiatore britannico dei primi del novecento, un moderno innamorato del viaggio a piedi solca antichi sentieri di montagna. il primo \u00e8 Norman Douglas, sceso in Calabria quando ancora tutto era avvolto nella caligine del mito. Il secondo \u00e8 Francesco Bevilacqua, estatico escursionista e commosso narratore. E su quelle montagne, Bevilacqua cerca, nello stesso tempo, lo spirito di Douglas e il genio dei luoghi. sulle montagne impervie, solitarie e selvagge del Pollino, della Sila, delle serre, dell\u2019Aspromonte. Osservandole con occhi incantati, facendone la sua patria, percorrendole sino a sfiancarsi, contemplandone la bellezza, riflettendo sulla Calabria da ri-scoprire per i suoi straordinari paesaggi naturali e su quella da ri-coprire per le tante nefandezze perpetrate dagli uomini. Introduzione di Giuseppe Merlino.<\/p>\n\n\n\n<figure class=\"wp-block-image aligncenter size-full\"><img loading=\"lazy\" decoding=\"async\" width=\"218\" height=\"300\" src=\"https:\/\/organizzazione.cai.it\/sez-catanzaro\/wp-content\/uploads\/sites\/116\/2025\/01\/douglas-218x300-1.webp\" alt=\"- CAI\" class=\"wp-image-232\" title=\"\"><\/figure>\n\n\n\n<p class=\"has-azzurro-chiaro-background-color has-background has-medium-font-size\"><strong>Ti consiglio un libro di Dicembre: L\u2019Olivo bianco di Carmine Abate<\/strong><\/p>\n\n\n\n<p>In una calda notte d\u2019agosto, quando gli incendi divampano nelle campagne di Spillace, tre amici si riuniscono per chiacchierare fino a tardi. \u00c8 un rito che compiono ogni sera, forse per cercare di spegnere almeno il fuoco che sentono dentro, nell\u2019estate cos\u00ec inquieta in cui, dopo la maturit\u00e0, devono decidere cosa fare delle loro vite. Mentre Riccardo e Marco meditano di lasciare la Calabria per emigrare in Germania, Antonio non sa decidersi: l\u2019unica certezza in quel momento \u00e8 il suo amore per Elena\u2026 Ma c\u2019\u00e8 anche un altro pensiero che affolla la mente di Antonio e riguarda le vicende di Luca, un parente misterioso che solo nonna Sofia aveva conosciuto: a lei, Luca aveva lasciato la sua casa e una striscia di terra aspra e scoscesa, coltivata con fatica e trasformata in un piccolo paradiso fertile, con alberi da frutto e tutte le variet\u00e0 di olivi della Calabria. I racconti di nonna Sofia sono appassionanti e sembrano nascondere un segreto: Luca aveva attirato le invidie dei suoi compaesani e, dopo una notte in cui furono uditi degli spari, nessuno seppe pi\u00f9 nulla di lui. Tutto ci\u00f2 che \u00e8 rimasto \u00e8 l\u2019Olivo di Luca, quel terreno frequentato abitualmente dalla famiglia di Antonio che va l\u00ec ogni anno a trascorrere la Pasquetta. Ma chi era Luca? Era davvero partito per l\u2019America o era morto? E perch\u00e9 aveva lasciato la sua propriet\u00e0 a nonna Sofia? Come in un gioco di specchi tra natura e anima, ingaggiato dal padre per rimuovere il rovettaro che negli anni aveva invaso l\u2019oliveto, Antonio cercher\u00e0 di fare luce su questa storia misteriosa: liberando l\u2019Olivo di Luca dai tralci spinosi, si addentrer\u00e0 sempre pi\u00f9 nel cuore della verit\u00e0, riuscendo a mettere finalmente in ordine anche i suoi pensieri.<\/p>\n\n\n\n<figure class=\"wp-block-image aligncenter size-full\"><img loading=\"lazy\" decoding=\"async\" width=\"424\" height=\"568\" src=\"https:\/\/organizzazione.cai.it\/sez-catanzaro\/wp-content\/uploads\/sites\/116\/2025\/01\/foto-abate.webp\" alt=\"- CAI\" class=\"wp-image-233\" title=\"\"><\/figure>\n\n\n\n<p class=\"has-azzurro-chiaro-background-color has-background\"><strong>Ti consiglio un libro del mese di Gennaio 2025 \u2013&nbsp;<em>L\u2019Orlando di Barbaro di Carmine e Raffaele Lupia<\/em><\/strong><\/p>\n\n\n\n<p>L\u2019Orlando di Barbaro \u00e8 l\u2019ultima Chanson de geste tramandata oralmente in Europa, sulle pendici della Sila in Calabria, dove ancora oggi la toponomastica ne mantiene l\u2019eredit\u00e0 e ne conserva la memoria. Questa tradizione orale, recuperata dopo anni di studio e ricerca, \u00e8 tutto ci\u00f2 che \u00e8 stato tramandato da padre in figlio, dal Medioevo fino ai nostri giorni. Questa chanson della tradizione calabrese \u00e8 molto importante perch\u00e9 non \u00e8 altro che l\u2019eredit\u00e0 della tradizione popolare di quello che \u00e8 stato il ciclo carolingio calabrese, non solo nei luoghi della cultura e nelle dimore aristocratiche, ma anche presso il popolo. La tradizione carolingia in Calabria \u00e8 rappresentata da molti poemi e inizia con la famosa Chanson d\u2019Aspremont, colonna portante di tutto il ciclo letterario carolingio europeo insieme alla celebre Chanson de Roland. L\u2019Orlando di Barbaro \u00e8 ambientata intorno al territorio dell\u2019omonima citt\u00e0, che era stata conquistata dai Saraceni e successivamente liberata dai cavalieri cristiani guidati da Orlando, dopo numerose battaglie durante le quali perdono la vita tutti i Paladini di Carlo Magno, tranne Orlando, che riuscir\u00e0 a sconfiggere i musulmani e riportare nelle mani della cristianit\u00e0 la citt\u00e0. Orlando non dovr\u00e0 combattere solo contro i cavalieri saraceni ma anche contro gli incantesimi della strega di Barbaro, che lui riuscir\u00e0 a ingannare, scoprendo il suo punto debole e avendo pertanto la meglio sulla citt\u00e0 di Barbaro. Particolarmente interessante \u00e8 la descrizione del paesaggio forestale e soprattutto agrario, che diviene la sintesi dove l\u2019Oriente, l\u2019Occidente, il Mediterraneo e l\u2019Europa si incontrano e si intrecciano nelle peculiari colture agrarie di un tempo ormai lontano. L\u2019Orlando di Barbaro \u00e8 l\u2019ultima Chanson de geste tramandata oralmente in Europa, sulle pendici della Sila in Calabria, dove ancora oggi la toponomastica ne mantiene l\u2019eredit\u00e0 e ne conserva la memoria. Questa tradizione orale, recuperata dopo anni di studio e ricerca, \u00e8 tutto ci\u00f2 che \u00e8 stato tramandato da padre in figlio, dal Medioevo fino ai nostri giorni. Questa chanson della tradizione calabrese \u00e8 molto importante perch\u00e9 non \u00e8 altro che l\u2019eredit\u00e0 della tradizione popolare di quello che \u00e8 stato il ciclo carolingio calabrese, non solo nei luoghi della cultura e nelle dimore aristocratiche, ma anche presso il popolo. La tradizione carolingia in Calabria \u00e8 rappresentata da molti poemi e inizia con la famosa Chanson d\u2019Aspremont, colonna portante di tutto il ciclo letterario carolingio europeo insieme alla celebre Chanson de Roland. L\u2019Orlando di Barbaro \u00e8 ambientata intorno al territorio dell\u2019omonima citt\u00e0, che era stata conquistata dai Saraceni e successivamente liberata dai cavalieri cristiani guidati da Orlando, dopo numerose battaglie durante le quali perdono la vita tutti i Paladini di Carlo Magno, tranne Orlando, che riuscir\u00e0 a sconfiggere i musulmani e riportare nelle mani della cristianit\u00e0 la citt\u00e0. Orlando non dovr\u00e0 combattere solo contro i cavalieri saraceni ma anche contro gli incantesimi della strega di Barbaro, che lui riuscir\u00e0 a ingannare, scoprendo il suo punto debole e avendo pertanto la meglio sulla citt\u00e0 di Barbaro. Particolarmente interessante \u00e8 la descrizione del paesaggio forestale e soprattutto agrario, che diviene la sintesi dove l\u2019Oriente, l\u2019Occidente, il Mediterraneo e l\u2019Europa si incontrano e si intrecciano nelle peculiari colture agrarie di un tempo ormai lontano.<\/p>\n\n\n\n<p><\/p>\n\n\n\n<figure class=\"wp-block-image aligncenter size-full\"><img loading=\"lazy\" decoding=\"async\" width=\"153\" height=\"180\" src=\"https:\/\/organizzazione.cai.it\/sez-catanzaro\/wp-content\/uploads\/sites\/116\/2025\/01\/barbaro.webp\" alt=\"- CAI\" class=\"wp-image-234\" title=\"\"><\/figure>\n\n\n\n<h6 class=\"wp-block-heading has-azzurro-background-color has-background has-large-font-size\"><strong>Ti consiglio un libro di Febbraio 2025 &#8211; Il Silenzio della Bellezza di Giovanni Renda<\/strong><\/h6>\n\n\n\n<p>Giovanni Renda ci apre le porte di un mondo dove il tempo si \u00e8 fermato e la natura vige regina assoluta. Il ciclo delle stagioni \u00e8 la lancetta dell\u2019orologio biologico che l\u2019autore usa per spalancare l\u2019incanto di una dimensione pacata e gioiosa. Un protagonista, Don Giacomo, che sceglie di candidarsi a Sindaco per valorizzare il paese dove \u00e8 nato e in cui \u00e8 tornato dopo tanto tempo. Giacomo Pensabene \u00e8 un uomo ricco di idee e iniziative valide per dar voce a una piccola comunit\u00e0 che pu\u00f2 diventare grande e unica grazie al coraggio dell\u2019impegno di associazioni, Comune e cittadini. L\u2019unione fa la forza e Renda fa soprattutto soffermare il lettore sull\u2019immensa anima di Giacomo, talmente preziosa da voler dare voce ai piccoli grandi personaggi del suo paese, Montegaleno; coloro che sono artigiani del mestiere: lavori oggi purtroppo forse un po\u2019 dimenticati. In fondo, quasi tutti ritorniamo alle origini, o almeno sentiamo la forte radice di appartenenza che ci lega al luogo natale. Si pu\u00f2 scappare da tutto e tutti, ma non dalle proprie origini. E cosa c\u2019\u00e8 di meglio che tornare e restare, scoprendo veramente dove si nasconde \u201cIl silenzio della bellezza\u201d? Una bellezza che si ha davanti agli occhi, ma che troppo spesso a causa della frenetica vita odierna non riusciamo a vedere o a cogliere appieno. <strong>Francesca Ghiribelli<\/strong><\/p>\n\n\n\n<figure class=\"wp-block-image aligncenter size-large is-resized\"><img loading=\"lazy\" decoding=\"async\" width=\"771\" height=\"1080\" src=\"https:\/\/organizzazione.cai.it\/sez-catanzaro\/wp-content\/uploads\/sites\/116\/2025\/02\/bellezza-771x1080.webp\" alt=\"- CAI\" class=\"wp-image-636\" style=\"object-fit:cover;width:307px;height:403px\" title=\"\" srcset=\"https:\/\/organizzazione.cai.it\/sez-catanzaro\/wp-content\/uploads\/sites\/116\/2025\/02\/bellezza-771x1080.webp 771w, https:\/\/organizzazione.cai.it\/sez-catanzaro\/wp-content\/uploads\/sites\/116\/2025\/02\/bellezza-514x720.webp 514w, https:\/\/organizzazione.cai.it\/sez-catanzaro\/wp-content\/uploads\/sites\/116\/2025\/02\/bellezza-768x1075.webp 768w, https:\/\/organizzazione.cai.it\/sez-catanzaro\/wp-content\/uploads\/sites\/116\/2025\/02\/bellezza.webp 1000w\" sizes=\"(max-width: 771px) 100vw, 771px\" \/><\/figure>\n\n\n\n<p class=\"has-contrast-2-color has-grigio-chiaro-background-color has-text-color has-background has-link-color has-large-font-size wp-elements-d5046c8cda3c6489eb151d1a1b2bcb3c\">Ti consiglio un libro di MARZO 2025: NAMELESS di Massimo Felice Nistic\u00f2 <\/p>\n\n\n\n<p>All\u2019indomani dell\u201911 settembre, in una piccola cittadina alle porte di Roma, si dipanano le vite dei protagonisti di questa storia secondo percorsi inattesi. Giovani e adulti provano a costruire il proprio avvenire in un mondo diventato improvvisamente instabile. Rachele Berni Ternani, sulle cui spalle poggia la gestione di una storica impresa di famiglia di acque minerali, preoccupata per la sopravvivenza dell\u2019azienda, sprona i figli ad assumere scelte necessarie, la cui ineluttabilit\u00e0 rompe equilibri precari e in eterna definizione. Le esistenze del clan Ternani devono per\u00f2 fare i conti con un fato che imbriglia la vita e sbarra i cammini. Intanto, un pastore anglicano, il Reverendo Willmoore, nasconde al figlio un terribile segreto destinato a sconvolgere la sua vita. Su tutti e su tutto aleggia la precariet\u00e0 del nostro tempo e la sensazione di estraneit\u00e0 e di pericolo che derivano da un mondo che ha preso a correre pi\u00f9 veloce dell\u2019uomo.<\/p>\n\n\n\n<p>Una narrazione avvincente, un viaggio che intreccia le vite di pi\u00f9 protagonisti, ognuno con le proprie ambizioni, paure e desideri. Un mondo di esperienze ed emozioni, dove ogni pagina \u00e8 un passaggio verso una nuova scoperta. Rachele l&#8217;imprenditrice, donna forte e una vita piena di responsabilit\u00e0; Giorgia alla ricerca di felicit\u00e0 con il sogno di diventare madre; Bettina, figura che trasmette conforto nei momenti di difficolt\u00e0; Silvio con la passione per la fotografia, i viaggi e il senso profondo di protezione verso la sorella; Rebecca, la ribelle alla ricerca dell\u2019amore autentico; Leo l\u2019amico ideale, sempre pronto a risolvere i conflitti e offrire sostegno; il pastore anglicano Willmore e Annalisa, una coppia felice nella sua apparente perfezione che si nasconde dietro un velo di tristezza; Daniel, il \u201cSenza Nome\u201d, alla ricerca della sua identit\u00e0 e appartenenza. Storie da cui emergono riflessioni sulla condizione umana, dove l\u2019autore mette in luce verit\u00e0 nascoste e bugie a volte utili alla nostra ricerca di felicit\u00e0. In un mondo che idolatra il futuro perfetto, dimentichiamo la bellezza del presente e il peso del passato.&nbsp;<strong>\u201cNameless\u201d<\/strong>&nbsp;non \u00e8 solo un racconto, ma un viaggio profondo nella complessit\u00e0 delle relazioni umane e nella ricerca di verit\u00e0 personali. Una lettura che invita a una riflessione intima e sincera su chi siamo e cosa desideriamo realmente nella vita.<\/p>\n\n\n\n<figure class=\"wp-block-image aligncenter size-large is-resized\"><img loading=\"lazy\" decoding=\"async\" width=\"706\" height=\"1080\" src=\"https:\/\/organizzazione.cai.it\/sez-catanzaro\/wp-content\/uploads\/sites\/116\/2025\/03\/nameless-706x1080.webp\" alt=\"- CAI\" class=\"wp-image-878\" style=\"width:284px\" title=\"\" srcset=\"https:\/\/organizzazione.cai.it\/sez-catanzaro\/wp-content\/uploads\/sites\/116\/2025\/03\/nameless-706x1080.webp 706w, https:\/\/organizzazione.cai.it\/sez-catanzaro\/wp-content\/uploads\/sites\/116\/2025\/03\/nameless-470x720.webp 470w, https:\/\/organizzazione.cai.it\/sez-catanzaro\/wp-content\/uploads\/sites\/116\/2025\/03\/nameless-768x1176.webp 768w, https:\/\/organizzazione.cai.it\/sez-catanzaro\/wp-content\/uploads\/sites\/116\/2025\/03\/nameless.webp 980w\" sizes=\"(max-width: 706px) 100vw, 706px\" \/><\/figure>\n\n\n\n<h1 class=\"wp-block-heading has-azzurro-background-color has-background has-large-font-size\">Ti consiglio un libro del mese di Aprile: Della Calabria e dei pregiudizi appunti per una discussione a cura di Filippo Veltri<\/h1>\n\n\n\n<p>Ottobre 1955: un mese che segna un\u2019epoca di riflessione e sfide per una Calabria che cercava di riscrivere il proprio destino. Le parole di Corrado Alvaro, uno dei pi\u00f9 grandi scrittori e intellettuali calabresi, risuonano ancora oggi come un eco potente:&nbsp;<em>\u201cIl problema della societ\u00e0 calabrese \u00e8 un problema di lealt\u00e0\u201d<\/em>. Quella frase, cos\u00ec semplice eppure cos\u00ec profonda, mette a nudo le fragilit\u00e0 di una terra che, da sempre, si dibatte tra speranze e delusioni.<\/p>\n\n\n\n<p>In questi settant\u2019anni, la narrazione della Calabria \u00e8 passata attraverso mille forme, dalla glorificazione alla demonizzazione. Una rappresentazione che spesso ha ignorato i suoi aspetti pi\u00f9 luminosi, dimenticando il potenziale di cambiamento che zoppica nelle pieghe della quotidianit\u00e0. Eppure, oggi, mai come adesso, c\u2019\u00e8 un bisogno urgente di scrivere una storia normale non diversa, ma semplicemente normale.<\/p>\n\n\n\n<p>Il libro di Filippo Veltri parla delle innumerevoli bellezze che la Calabria ha da offrire, mare, montagne, natura, paesaggi e di una cultura straordinaria che affonda le sue radici in secoli di storia. Il ruolo di tante associazioni e privati, sempre al lavoro per far prevalere il bello sul brutto, sono la testimonianza di un popolo che non si arrende. Le iniziative di innovazione nei vari settori stanno disegnando un nuovo volto per una terra che vuole emanciparsi dai luoghi comuni e dalle etichette riduttive.<\/p>\n\n\n\n<p>Costruire un futuro dove la Calabria possa raccontarsi con orgoglio, senza pi\u00f9 vergogne n\u00e9 richiami al dramma. Un futuro dove ciascuno di noi sia parte attiva nella narrazione, capace di riconoscere il bello che ci circonda e di contribuire al suo fiorire. La battaglia per una narrazione positiva \u00e8 gi\u00e0 in corso, e ognuno di noi ha un ruolo da svolgere. Insieme possiamo riscrivere il racconto della Calabria, restituendole la dignit\u00e0 e il rispetto che merita, creando un\u2019atmosfera di fiducia e lealt\u00e0. Cos\u00ec facendo, non solo onoriamo il pensiero di Corrado Alvaro, ma apriamo le porte a un domani migliore, per noi e per le generazioni future. La Calabria ha gi\u00e0 in s\u00e9 la forza per brillare come merita e, pi\u00f9 che mai, tocca a noi farlo emergere.<\/p>\n\n\n\n<figure class=\"wp-block-image aligncenter\"><img loading=\"lazy\" decoding=\"async\" width=\"500\" height=\"706\" src=\"https:\/\/organizzazione.cai.it\/sez-catanzaro\/wp-content\/uploads\/sites\/116\/2025\/03\/della_calabria_e_dei_pregiudiziveltri.webp\" alt=\"della calabria e dei pregiudiziveltri - CAI Sezione di Catanzaro\" class=\"wp-image-1320\" title=\"Ti consiglio un libro del mese di Aprile: Della Calabria e dei pregiudizi appunti per una discussione a cura di Filippo Veltri 1\"\/><\/figure>\n\n\n\n<p class=\"has-text-align-center has-contrast-2-color has-azzurro-background-color has-text-color has-background has-link-color has-large-font-size wp-elements-244d55adb3795c1bc5591c84d35b68cc\">Ti consiglio un libro del mese di Maggio: Nella terra dei \u201cselvaggi d\u2019Europa\u201d di Philip James Elmhirst<\/p>\n\n\n\n<p>Era il 1805, quando Elmhirst prese servizio come marinaio scelto (able seaman) a bordo della cannoniera \u201cafrica\u201d, 64 cannoni e 500 uomini al comando del capitano digby. Proprio in quell\u2019anno prese parte alla storica battaglia di trafalgar, dopo di che, fra il 1808 e il 1812, nel corso di un\u2019azione di pattugliamento nell\u2019adriatico per intercettare le navi addette al rifornimenti della truppe francesi che occupavano le isole ionie, e a seguito di un naufragio, fu catturato e fatto prigioniero in calabria dove rimase dal settembre 1809 all\u2019aprile 1810. lo stato della calabria a quei tempi era molto difficile, mancavano le strade, citt\u00e0 e paesi erano distrutti dai terremoti, la propriet\u00e0 delle terre era concentrata nelle mani di grandi proprietari che vessavano i contadini pi\u00f9 dei nobili di una volta, gravosi balzelli erano imposti alla popolazione dagli occupanti francesi per il mantenimento delle truppe, bande di briganti facevano la guerriglia ai francesi. questa \u00e8 la realt\u00e0 che emerge dal racconto dell\u2019ufficiale inglese che ne parla con sofferta partecipazione, perch\u00e9 lui nella terra dei \u201cselvaggi d\u2019europa\u201d non si \u00e8 trovato poi cos\u00ec male.<\/p>\n\n\n\n<figure class=\"wp-block-image aligncenter size-large is-resized\"><img loading=\"lazy\" decoding=\"async\" width=\"789\" height=\"1080\" src=\"https:\/\/organizzazione.cai.it\/sez-catanzaro\/wp-content\/uploads\/sites\/116\/2025\/05\/71lzywpdtfl_sl1120-789x1080.webp\" alt=\"- CAI\" class=\"wp-image-1651\" style=\"object-fit:cover;width:269px;height:347px\" title=\"\" srcset=\"https:\/\/organizzazione.cai.it\/sez-catanzaro\/wp-content\/uploads\/sites\/116\/2025\/05\/71lzywpdtfl_sl1120-789x1080.webp 789w, https:\/\/organizzazione.cai.it\/sez-catanzaro\/wp-content\/uploads\/sites\/116\/2025\/05\/71lzywpdtfl_sl1120-526x720.webp 526w, https:\/\/organizzazione.cai.it\/sez-catanzaro\/wp-content\/uploads\/sites\/116\/2025\/05\/71lzywpdtfl_sl1120-768x1052.webp 768w, https:\/\/organizzazione.cai.it\/sez-catanzaro\/wp-content\/uploads\/sites\/116\/2025\/05\/71lzywpdtfl_sl1120.webp 818w\" sizes=\"(max-width: 789px) 100vw, 789px\" \/><\/figure>\n\n\n\n<p class=\"has-text-align-center has-contrast-2-color has-azzurro-chiaro-background-color has-text-color has-background has-link-color has-large-font-size wp-elements-be49b8648b59f3840e115e3c0e29dd1b\">Ti consiglio un libro del mese di Giugno: &#8220;Il Parco Nazionale della Sila&#8221; con 115 itinerari di Francesco Bevilacqua <\/p>\n\n\n\n<p class=\"has-medium-font-size\">Recensione di Piergiorgio Iannaccaro: &#8220;Una mattina di un Maggio di tanti anni fa, quando io e un amico, lasciata la macchina lungo una strada provinciale dell&#8217;altipiano, ci incamminiamo su una strada sterrata, verso ponente, con lo scopo di raggiungere la cresta delle Montagne della Porcina, in Sila, a cavallo tra il Lago Arvo e la conca di Cecita. Non conosciamo il percorso, lo abbiamo attentamente studiato su una carta topografica dell\u2019Istituto Geografico Militare. E in tasca abbiamo la fotocopia di una pagina del libro \u201cIl Parco Nazionale della Sila\u201d, di Francesco Bevilacqua. La nostra guida lungo un itinerario sconosciuto. Seguiamo fedelmente le indicazioni, non sbagliamo un passaggio. A distanza di molti anni, quando mi trovo con Francesco in situazioni pi\u00f9 o meno ufficiali, dico ironicamente che \u00e8 impresentabile. Nel senso che non ha bisogno di presentazione. E\u2019 un noto scrittore, saggista, giornalista, opinionista. E\u2019, soprattutto, un profondo conoscitore delle montagne di Calabria. E ancor prima, in quanto camminatore della prima ora, un ambientalista convinto e un antesignano dell\u2019escursionismo che si sarebbe andato affermando negli anni tra Novecento e ventunesimo secolo. E\u2019 anche il portatore di una filosofia dell\u2019andar per monti e valli consapevole e profonda, curiosa e rispettosa, indagatrice dello spirito dei luoghi. Di un approccio alle terre alte ispirato da conoscenze geografiche, scientifiche, antropologiche. \u201cGenius loci\u201d \u00e8 non a caso il titolo di una sua opera di alcuni anni fa. Negli scaffali delle librerie di casa si allineano le sue guide sui gruppi montuosi della Calabria e, da qualche settimana, la nuova edizione de \u201cIl Parco Nazionale della Sila\u201d, pubblicata un paio di mesi fa. La attendevo da quando l\u2019anno scorso Francesco mi aveva raccontato del progetto editoriale. Non \u00e8 una riedizione dell\u2019opera del 1998, \u00e8 un libro nuovo, arricchito di informazioni e di percorsi. Una raccolta di libri in un libro. Con una ricca parte dedicata alla geografia, alla storia, alle tradizioni, a informazioni scientifiche. Una raccolta di itinerari, oltre cento, documentati con dovizia di particolari. Una collezione di foto di pregio. Appendici dedicate al procedere in montagna con consapevolezza e sicurezza. Non esiste una Lonely Planet o una Routard della Sila, una di quelle guide che mi hanno accompagnato nei miei viaggi per il mondo. In realt\u00e0 c\u2019\u00e8 di meglio. \u201cIl Parco Nazionale delle Sila\u201d \u00e8 in primis la storia di un cammino lungo una vita per luoghi ignoti ai pi\u00f9, \u201cpeculiari ed esotici\u201d, ispirato dai grandi viaggiatori del passato, che per primi intuirono quella bellezza che i calabresi, per una miriade di motivi, non vedevano. E di una volont\u00e0 di condivisione di una cultura della conoscenza che tuttora fa fatica a farsi strada. Il libro \u00e8 un suggerimento a trasformare la visione di paesaggi, appena abbozzati alla nostra vista, nella lettura di realt\u00e0 complesse, mutevoli nelle stagioni, ricche di segni dell\u2019uomo. Capaci di suscitare sensazioni ed emozioni che lasceranno tracce nel nostro animo e ci lasceranno diversi, probabilmente in meglio. Naturalmente accompagnati da una o pi\u00f9 persone esperte, da un \u201cmedium\u201d, come suggerisce Francesco, nel senso di intermediario tra il mondo quotidiano, familiare, e un mondo che attende di essere scoperto. Naturalmente con rispetto. Perch\u00e9 le montagne non sono parchi di divertimento o palestre per la nostra fisicit\u00e0, ma meritano di essere lasciate come sono. Testimoni di una grandezza che Francesco tra i primi ha intuito&#8221;.<\/p>\n\n\n\n<figure class=\"wp-block-image aligncenter size-large is-resized\"><img loading=\"lazy\" decoding=\"async\" width=\"1440\" height=\"1080\" src=\"https:\/\/organizzazione.cai.it\/sez-catanzaro\/wp-content\/uploads\/sites\/116\/2025\/06\/pns-1440x1080.webp\" alt=\"- CAI\" class=\"wp-image-2277\" style=\"width:479px\" title=\"\" srcset=\"https:\/\/organizzazione.cai.it\/sez-catanzaro\/wp-content\/uploads\/sites\/116\/2025\/06\/pns-1440x1080.webp 1440w, https:\/\/organizzazione.cai.it\/sez-catanzaro\/wp-content\/uploads\/sites\/116\/2025\/06\/pns-960x720.webp 960w, https:\/\/organizzazione.cai.it\/sez-catanzaro\/wp-content\/uploads\/sites\/116\/2025\/06\/pns-768x576.webp 768w, https:\/\/organizzazione.cai.it\/sez-catanzaro\/wp-content\/uploads\/sites\/116\/2025\/06\/pns-1536x1152.webp 1536w, https:\/\/organizzazione.cai.it\/sez-catanzaro\/wp-content\/uploads\/sites\/116\/2025\/06\/pns.webp 2048w\" sizes=\"(max-width: 1440px) 100vw, 1440px\" \/><\/figure>\n\n\n\n<p class=\"has-contrast-2-color has-azzurro-chiaro-background-color has-text-color has-background has-link-color has-large-font-size wp-elements-0c4ee7df1ec879bb11cdffdc4cfe8515\">Ti consiglio un libro del mese di Luglio: &#8220;Nel cuore della Calabria&#8221; di Woldemar Kaden, Reinhold Schoener <\/p>\n\n\n\n<p class=\"has-medium-font-size\">Spinti dalla curiosit\u00e0 di conoscere una regione poco visitata, che fino ad allora era sostanzialmente rimasta ai margini del Grand tour, i due intellettuali tedeschi Woldemar Kaden e Reinhold Schoener compirono un viaggio in&nbsp;<strong>Calabria<\/strong>, il primo nel 1878, il secondo nel 1893. Di queste escursioni pubblicarono allora alcuni resoconti che qui si presentano ai lettori italiani. Kaden si limit\u00f2 a visitare Cosenza ed a percorrerne la provincia; Schoener si spinse pi\u00f9 a sud, arrivando fino a Catanzaro e alla Roccelletta. Reminiscenze storiche e descrizioni del paesaggio e di centri urbani si alternano a osservazioni sugli uomini e le donne, sui loro costumi, usanze, mentalit\u00e0 e condizioni di vita, sull\u2019agricoltura e la pastorizia, sulla questione della propriet\u00e0 delle terre, sull\u2019emigrazione, in narrazioni pervase da uno spirito di comprensione e compassione,<br>talvolta anche di ammirazione.<a href=\"https:\/\/www.store.rubbettinoeditore.it\/catalogo\/bagnara-e-scilla-1954\/\" target=\"_blank\" rel=\"noopener\"><\/a><\/p>\n\n\n\n<figure class=\"wp-block-image aligncenter size-full is-resized\"><img loading=\"lazy\" decoding=\"async\" width=\"142\" height=\"196\" src=\"https:\/\/organizzazione.cai.it\/sez-catanzaro\/wp-content\/uploads\/sites\/116\/2025\/07\/download.webp\" alt=\"- CAI\" class=\"wp-image-2587\" style=\"width:160px\" title=\"\"><\/figure>\n\n\n\n<p class=\"has-contrast-2-color has-azzurro-background-color has-text-color has-background has-link-color has-large-font-size wp-elements-d10121470172a98db4e44a858e3f8856\">Ti consiglio un libro del mese di Agosto : &#8220;Pollino&#8221; di Saverio De Marco&#8221; <\/p>\n\n\n\n<p>Il 21\u00b0 VOLUME della collana &#8220;In Montagna&#8221; <\/p>\n\n\n\n<p>Affacciato su due mari, Tirreno e Ionio, e su due regioni, Basilicata e Calabria, il massiccio del Pollino \u00e8 una montagna da vivere e assaporare con gli scarponi ai piedi e lo sguardo verso l\u2019orizzonte, sfiorando i prati fioriti o le cortecce rugose dei pini loricati, aspettando il tramonto su cime accarezzate dal vento. In questo volume di circa 140 pagine, Saverio De Marco, guida ufficiale del Parco Nazionale del Pollino, ci guida in un\u2019avventura che unisce le meraviglie della geografia, della geologia e della biodiversit\u00e0 con un affascinante sguardo alla storia del territorio. L&#8217;opera si divide in due parti: la prima esplora i tratti distintivi del parco, mentre la seconda propone dieci escursioni sui sentieri, ognuna corredata da fotografie evocative e testi accattivanti.<\/p>\n\n\n\n<figure class=\"wp-block-image aligncenter size-large is-resized\"><img loading=\"lazy\" decoding=\"async\" width=\"886\" height=\"1080\" src=\"https:\/\/organizzazione.cai.it\/sez-catanzaro\/wp-content\/uploads\/sites\/116\/2025\/09\/indio-de-marco-saverio-pollino-886x1080.webp\" alt=\"- CAI\" class=\"wp-image-3197\" style=\"object-fit:cover;width:211px;height:229px\" title=\"\" srcset=\"https:\/\/organizzazione.cai.it\/sez-catanzaro\/wp-content\/uploads\/sites\/116\/2025\/09\/indio-de-marco-saverio-pollino-886x1080.webp 886w, https:\/\/organizzazione.cai.it\/sez-catanzaro\/wp-content\/uploads\/sites\/116\/2025\/09\/indio-de-marco-saverio-pollino-590x720.webp 590w, https:\/\/organizzazione.cai.it\/sez-catanzaro\/wp-content\/uploads\/sites\/116\/2025\/09\/indio-de-marco-saverio-pollino-768x937.webp 768w, https:\/\/organizzazione.cai.it\/sez-catanzaro\/wp-content\/uploads\/sites\/116\/2025\/09\/indio-de-marco-saverio-pollino.webp 1080w\" sizes=\"(max-width: 886px) 100vw, 886px\" \/><\/figure>\n\n\n\n<p class=\"has-contrast-2-color has-azzurro-background-color has-text-color has-background has-link-color has-large-font-size wp-elements-761003112a053f31c7dd3854ecc6186e\">Ti consiglio un libro del mese di Settembre : &#8220;Il genio della natura. Lezioni di vita dalla Terra che cambia&#8221; di David Farrier<\/p>\n\n\n\n<p>La natura non parla, ma insegna. Ogni giorno, osservando il mondo che ci circonda, possiamo apprendere lezioni preziose. Il ritmo vitale della Terra \u00e8 un inno al cambiamento continuo, non solo climatico, ma anche esistenziale. Il nostro pianeta \u00e8 un sistema complesso, in costante tensione e mutazione, dove ogni essere vivente gioca un ruolo cruciale nell&#8217;equilibrio dinamico.David Farrier, con la sua sensibilit\u00e0 scientifica e poetica, esplora questo dialogo tra uomo e natura. Intercettando le voci di attivisti climatici, biologi e artisti, mette in luce innovazioni ispirate dalla natura: edifici che emulano le piante, citt\u00e0 che si sviluppano come ecosistemi. Cos\u00ec, impariamo a cogliere le risposte gi\u00e0 presenti in natura, pronte ad aiutarci ad affrontare le sfide del presente.<\/p>\n\n\n\n<figure class=\"wp-block-image aligncenter size-full\"><img loading=\"lazy\" decoding=\"async\" width=\"131\" height=\"196\" src=\"https:\/\/organizzazione.cai.it\/sez-catanzaro\/wp-content\/uploads\/sites\/116\/2025\/09\/genio.webp\" alt=\"- CAI\" class=\"wp-image-3200\" title=\"\"><\/figure>\n\n\n\n<p class=\"has-contrast-2-color has-azzurro-chiaro-background-color has-text-color has-background has-link-color has-large-font-size wp-elements-a3ce37bde462f5d1c9b04b12b03c1fc3\">Ti consiglio un libro del mese di Ottobre : &#8220;Il custode delle parole&#8221; di Gioacchino Criaco<\/p>\n\n\n\n<p>Andr\u00eca ha quasi trent\u2019anni, vive ai piedi dell\u2019Aspromonte e trascorre pigramente le sue giornate tra il lavoro al call center e le gite al mare con la fidanzata Caterina. Non ha ancora trovato la propria strada, ma sa di non voler fare il pastore come il nonno, di cui porta il nome. Nonno Andr\u00eca, custode di un mondo antico e di una lingua \u2013 il grecanico \u2013 che stanno per sparire ingoiati dalla modernit\u00e0, ne vorrebbe fare il proprio erede, ma il giovane Andr\u00eca ha paura dell\u2019Aspromonte, della solitudine angosciante che si annida tra i boschi e le alture. E soprattutto non riesce a sentirsene parte, cos\u00ec come non riesce a capire l\u2019ostinazione del vecchio a combattere con ogni mezzo le speculazioni che fanno scempio di quel territorio. Trattenuto nella Locride soprattutto dall\u2019amore per Caterina, la sua vita cambia il giorno in cui salva dall\u2019abbraccio mortale dello Ionio un giovane migrante dopo il naufragio di un barcone: Yidir arriva dalla Libia, e anche lui sta cercando un futuro possibile. Quando il nonno prende clandestinamente Yidir con s\u00e9 come aiutante, qualcosa dentro Andr\u00eca scatta: pian piano si riavvicina a quel mondo che prima lo spaventava tanto, scoprendo la bellezza selvaggia dell\u2019Aspromonte, la Montagna Lucente. In quel luogo dove la magia \u00e8 ancora possibile \u2013 ma si rivela a pochi \u2013 Andr\u00eca accetter\u00e0 finalmente il destino che \u00e8 chiamato a compiere. Romanzo di legami familiari ed eredit\u00e0 culturali, Il custode delle parole aggiunge una tessera fondamentale al racconto della Calabria pi\u00f9 autentica e ci richiama alla responsabilit\u00e0 di prenderci cura di ci\u00f2 a cui sentiamo di appartenere: un amore, una montagna, una storia. <\/p>\n\n\n\n<figure class=\"wp-block-image aligncenter size-full\"><img loading=\"lazy\" decoding=\"async\" width=\"230\" height=\"360\" src=\"https:\/\/organizzazione.cai.it\/sez-catanzaro\/wp-content\/uploads\/sites\/116\/2025\/09\/criaco.webp\" alt=\"- CAI\" class=\"wp-image-3256\" title=\"\"><\/figure>\n\n\n\n<p class=\"has-contrast-2-color has-azzurro-chiaro-background-color has-text-color has-background has-link-color has-large-font-size wp-elements-2ae899a1c2dbd27e5ea1ab89b1de7a66\">Ti consiglio un libro del mese di Novembre : &#8220;Sull\u2019Appennino calabrese&#8221;  di James Maurice Scott <\/p>\n\n\n\n<p>Quella calabrese \u00e8 la parte finale del viaggio che James Maurice Scott compie, a pi\u00f9 riprese, lungo tutta la dorsale appenninica negli anni \u201960 del Novecento. Un itinerario percorso quasi completamente a piedi descritto nel volume edito nel 1973 dall\u2019editore inglese Geoffrey Bles, dal titolo&nbsp;<em>A Walk along the Apennines<\/em>, del quale proponiamo per la prima volta in italiano le pagine dedicate alla Calabria. Scott fu un grande esploratore, prese parte ad alcune tra le pi\u00f9 significative spedizioni compiute nel secolo scorso e, con lo stesso spirito di curiosit\u00e0 e avventura, intraprese il viaggio di scoperta della parte pi\u00f9 meridionale dello Stivale. Il racconto di questo moderno \u201cpedestrian tour\u201d, che si svolge sulla scia dei grandi viaggiatori stranieri del Grand Tour, \u00e8 ricco di simpatici aneddoti resi ancora pi\u00f9 irresistibili dal sagace humor britannico dell\u2019autore.<\/p>\n\n\n\n<figure class=\"wp-block-image aligncenter size-full\"><img loading=\"lazy\" decoding=\"async\" width=\"191\" height=\"264\" src=\"https:\/\/organizzazione.cai.it\/sez-catanzaro\/wp-content\/uploads\/sites\/116\/2025\/10\/download.webp\" alt=\"- CAI\" class=\"wp-image-3616\" title=\"\"><\/figure>\n\n\n\n<h1 class=\"wp-block-heading has-accent-color has-azzurro-chiaro-background-color has-text-color has-background has-link-color has-large-font-size wp-elements-45e028038cddf74e84c25b05bf0ff02c\">Ti consiglio un libro del mese di dicembre: \u201cI racconti della cordigliera reggina\u201d di Antonino Falcomat\u00e0\u00a0<\/h1>\n\n\n\n<p>Un intreccio di storie capaci di affascinare e sorprendere, sospese tra il tangibile e l\u2019onirico, dove la suggestiva cornice della cordigliera reggina accoglie il viaggio di uomini e donne in cerca della propria dimensione nel mondo. Un itinerario attraverso paesaggi intrisi di antichit\u00e0 e ricordi assopiti, che dischiude le molteplici sfumature dell\u2019animo umano. La magia \u00e8 racchiusa in queste pagine, dove il confine tra sogno e realt\u00e0 svanisce, e ogni racconto diventa un tesoro di emozioni, pensieri profondi e personaggi che lasciano un\u2019impronta indelebile.Un\u2019occasione per meditare sul significato della nostra esistenza, sulle scelte che ci definiscono e sull\u2019essenza pi\u00f9 autentica del nostro passaggio nel mondo.<\/p>\n\n\n\n<figure class=\"wp-block-gallery has-nested-images columns-default is-cropped wp-block-gallery-1 is-layout-flex wp-block-gallery-is-layout-flex\">\n<figure class=\"wp-block-image size-large\"><img loading=\"lazy\" decoding=\"async\" width=\"600\" height=\"926\" data-id=\"3854\" src=\"https:\/\/organizzazione.cai.it\/sez-catanzaro\/wp-content\/uploads\/sites\/116\/2025\/11\/falcomata-1.webp\" alt=\"- CAI\" class=\"wp-image-3854\" title=\"\" srcset=\"https:\/\/organizzazione.cai.it\/sez-catanzaro\/wp-content\/uploads\/sites\/116\/2025\/11\/falcomata-1.webp 600w, https:\/\/organizzazione.cai.it\/sez-catanzaro\/wp-content\/uploads\/sites\/116\/2025\/11\/falcomata-1-467x720.webp 467w\" sizes=\"(max-width: 600px) 100vw, 600px\" \/><\/figure>\n\n\n\n<figure class=\"wp-block-image size-large\"><img loading=\"lazy\" decoding=\"async\" width=\"700\" height=\"1080\" data-id=\"3855\" src=\"https:\/\/organizzazione.cai.it\/sez-catanzaro\/wp-content\/uploads\/sites\/116\/2025\/11\/falcomata-2-700x1080.webp\" alt=\"- CAI\" class=\"wp-image-3855\" title=\"\" srcset=\"https:\/\/organizzazione.cai.it\/sez-catanzaro\/wp-content\/uploads\/sites\/116\/2025\/11\/falcomata-2-700x1080.webp 700w, https:\/\/organizzazione.cai.it\/sez-catanzaro\/wp-content\/uploads\/sites\/116\/2025\/11\/falcomata-2-467x720.webp 467w, https:\/\/organizzazione.cai.it\/sez-catanzaro\/wp-content\/uploads\/sites\/116\/2025\/11\/falcomata-2-768x1185.webp 768w, https:\/\/organizzazione.cai.it\/sez-catanzaro\/wp-content\/uploads\/sites\/116\/2025\/11\/falcomata-2.webp 972w\" sizes=\"(max-width: 700px) 100vw, 700px\" \/><\/figure>\n<\/figure>\n","protected":false},"excerpt":{"rendered":"<p>Una rubrica dedicata al mondo dei libri selezionati e recensiti dai soci della nostra Sezione Ti consiglio il libro del mese di Maggio 2024 \u00e8 dedicato a:&nbsp;Passato e Presente. Quante [&hellip;]<\/p>\n","protected":false},"author":1,"featured_media":467,"parent":0,"menu_order":0,"comment_status":"closed","ping_status":"closed","template":"","meta":{"footnotes":""},"rankMath":{"parentDomain":"organizzazione.cai.it","noFollowDomains":[],"noFollowExcludeDomains":[],"noFollowExternalLinks":false,"featuredImageNotice":"L&#039;immagine in evidenza dovrebbe essere di almeno 200 x 200 pixel per essere ripresa da Facebook e altri siti di social media.","pluginReviewed":false,"postSettings":{"linkSuggestions":true,"useFocusKeyword":false},"frontEndScore":false,"postName":"ti-consiglio-un-libro","permalinkFormat":"https:\/\/organizzazione.cai.it\/sez-catanzaro\/%pagename%\/","showLockModifiedDate":true,"assessor":{"focusKeywordLink":"https:\/\/organizzazione.cai.it\/sez-catanzaro\/wp-admin\/edit.php?focus_keyword=%focus_keyword%&post_type=%post_type%","hasTOCPlugin":false,"primaryTaxonomy":false,"serpData":{"title":"","description":"","focusKeywords":"","pillarContent":false,"canonicalUrl":"","breadcrumbTitle":"","advancedRobots":{"max-snippet":"-1","max-video-preview":"-1","max-image-preview":"large"},"facebookTitle":"","facebookDescription":"","facebookImage":"","facebookImageID":"","facebookHasOverlay":false,"facebookImageOverlay":"","facebookAuthor":"","twitterCardType":"","twitterUseFacebook":true,"twitterTitle":"","twitterDescription":"","twitterImage":"","twitterImageID":"","twitterHasOverlay":false,"twitterImageOverlay":"","twitterPlayerUrl":"","twitterPlayerSize":"","twitterPlayerStream":"","twitterPlayerStreamCtype":"","twitterAppDescription":"","twitterAppIphoneName":"","twitterAppIphoneID":"","twitterAppIphoneUrl":"","twitterAppIpadName":"","twitterAppIpadID":"","twitterAppIpadUrl":"","twitterAppGoogleplayName":"","twitterAppGoogleplayID":"","twitterAppGoogleplayUrl":"","twitterAppCountry":"","robots":{"index":true},"twitterAuthor":"nome utente","primaryTerm":0,"authorName":"admin","titleTemplate":"%title% %sep% CAI %sitename%","descriptionTemplate":"%excerpt%","showScoreFrontend":true,"lockModifiedDate":false},"powerWords":["incredibile","sorprendente","meraviglioso","unico","bello","felicit\u00e0","brillante","affascinante","carismatico","scioccante","chiaro","completamente","riservato","fiducia","significativo","creativo","definitivamente","delizioso","dimostrare","sbrigati","determinato","degno","dinamico","impressionante","essenziale","ispiratore","innovativo","intenso","efficace","magico","magnifico","storico","importante","incredibile","indispensabile","indimenticabile","irresistibile","leggendario","luminoso","lusso","magico","magnifico","maestoso","memorabile","miracoloso","motivante","necessario","nuovo","ufficiale","perfetto","appassionato","persuasivo","fenomenale","piacere","popolare","potere","prestigioso","prodigioso","profondo","prospero","potente","qualit\u00e0","radiante","veloce","di successo","rivoluzionario","soddisfatto","sicurezza","sensazionale","sereno","lussuoso","splendido","sublime","sorprendente","talentuoso","terrificante","unico","valore","vibrante","vittorioso","vivace","veramente","zelante","autentico","avventuroso","spettacolare","esclusivo","garantito","straordinario","favoloso","affascinante","formidabile","geniale","grandioso","gratuito","abile","illimitato","impeccabile","infallibile","infinitamente","influente","ingegnoso","indimenticabile","insostituibile","leader","maestro","notevole","innovativo","pioniere","potente","riconosciuto","rivoluzionario","sorprendente","superiore","trionfante","ultra","coraggioso","prezioso","avanguardia","vigoroso","visionario","volont\u00e0","vitale","trionfo","glorioso","inarrestabile","ineguagliabile","intelligente","invincibile","libert\u00e0","orgoglio","pace","progresso","rinnovato","saggezza","soddisfazione","sicuro","serenit\u00e0","superamento","talento","trascendente","trasformativo","coraggio","vittoria"],"diacritics":{"A":"[\\u0041\\u24B6\\uFF21\\u00C0\\u00C1\\u00C2\\u1EA6\\u1EA4\\u1EAA\\u1EA8\\u00C3\\u0100\\u0102\\u1EB0\\u1EAE\\u1EB4\\u1EB2\\u0226\\u01E0\\u00C4\\u01DE\\u1EA2\\u00C5\\u01FA\\u01CD\\u0200\\u0202\\u1EA0\\u1EAC\\u1EB6\\u1E00\\u0104\\u023A\\u2C6F]","AA":"[\\uA732]","AE":"[\\u00C6\\u01FC\\u01E2]","AO":"[\\uA734]","AU":"[\\uA736]","AV":"[\\uA738\\uA73A]","AY":"[\\uA73C]","B":"[\\u0042\\u24B7\\uFF22\\u1E02\\u1E04\\u1E06\\u0243\\u0182\\u0181]","C":"[\\u0043\\u24B8\\uFF23\\u0106\\u0108\\u010A\\u010C\\u00C7\\u1E08\\u0187\\u023B\\uA73E]","D":"[\\u0044\\u24B9\\uFF24\\u1E0A\\u010E\\u1E0C\\u1E10\\u1E12\\u1E0E\\u0110\\u018B\\u018A\\u0189\\uA779]","DZ":"[\\u01F1\\u01C4]","Dz":"[\\u01F2\\u01C5]","E":"[\\u0045\\u24BA\\uFF25\\u00C8\\u00C9\\u00CA\\u1EC0\\u1EBE\\u1EC4\\u1EC2\\u1EBC\\u0112\\u1E14\\u1E16\\u0114\\u0116\\u00CB\\u1EBA\\u011A\\u0204\\u0206\\u1EB8\\u1EC6\\u0228\\u1E1C\\u0118\\u1E18\\u1E1A\\u0190\\u018E]","F":"[\\u0046\\u24BB\\uFF26\\u1E1E\\u0191\\uA77B]","G":"[\\u0047\\u24BC\\uFF27\\u01F4\\u011C\\u1E20\\u011E\\u0120\\u01E6\\u0122\\u01E4\\u0193\\uA7A0\\uA77D\\uA77E]","H":"[\\u0048\\u24BD\\uFF28\\u0124\\u1E22\\u1E26\\u021E\\u1E24\\u1E28\\u1E2A\\u0126\\u2C67\\u2C75\\uA78D]","I":"[\\u0049\\u24BE\\uFF29\\u00CC\\u00CD\\u00CE\\u0128\\u012A\\u012C\\u0130\\u00CF\\u1E2E\\u1EC8\\u01CF\\u0208\\u020A\\u1ECA\\u012E\\u1E2C\\u0197]","J":"[\\u004A\\u24BF\\uFF2A\\u0134\\u0248]","K":"[\\u004B\\u24C0\\uFF2B\\u1E30\\u01E8\\u1E32\\u0136\\u1E34\\u0198\\u2C69\\uA740\\uA742\\uA744\\uA7A2]","L":"[\\u004C\\u24C1\\uFF2C\\u013F\\u0139\\u013D\\u1E36\\u1E38\\u013B\\u1E3C\\u1E3A\\u0141\\u023D\\u2C62\\u2C60\\uA748\\uA746\\uA780]","LJ":"[\\u01C7]","Lj":"[\\u01C8]","M":"[\\u004D\\u24C2\\uFF2D\\u1E3E\\u1E40\\u1E42\\u2C6E\\u019C]","N":"[\\u004E\\u24C3\\uFF2E\\u01F8\\u0143\\u00D1\\u1E44\\u0147\\u1E46\\u0145\\u1E4A\\u1E48\\u0220\\u019D\\uA790\\uA7A4]","NJ":"[\\u01CA]","Nj":"[\\u01CB]","O":"[\\u004F\\u24C4\\uFF2F\\u00D2\\u00D3\\u00D4\\u1ED2\\u1ED0\\u1ED6\\u1ED4\\u00D5\\u1E4C\\u022C\\u1E4E\\u014C\\u1E50\\u1E52\\u014E\\u022E\\u0230\\u00D6\\u022A\\u1ECE\\u0150\\u01D1\\u020C\\u020E\\u01A0\\u1EDC\\u1EDA\\u1EE0\\u1EDE\\u1EE2\\u1ECC\\u1ED8\\u01EA\\u01EC\\u00D8\\u01FE\\u0186\\u019F\\uA74A\\uA74C]","OI":"[\\u01A2]","OO":"[\\uA74E]","OU":"[\\u0222]","P":"[\\u0050\\u24C5\\uFF30\\u1E54\\u1E56\\u01A4\\u2C63\\uA750\\uA752\\uA754]","Q":"[\\u0051\\u24C6\\uFF31\\uA756\\uA758\\u024A]","R":"[\\u0052\\u24C7\\uFF32\\u0154\\u1E58\\u0158\\u0210\\u0212\\u1E5A\\u1E5C\\u0156\\u1E5E\\u024C\\u2C64\\uA75A\\uA7A6\\uA782]","S":"[\\u0053\\u24C8\\uFF33\\u1E9E\\u015A\\u1E64\\u015C\\u1E60\\u0160\\u1E66\\u1E62\\u1E68\\u0218\\u015E\\u2C7E\\uA7A8\\uA784]","T":"[\\u0054\\u24C9\\uFF34\\u1E6A\\u0164\\u1E6C\\u021A\\u0162\\u1E70\\u1E6E\\u0166\\u01AC\\u01AE\\u023E\\uA786]","TZ":"[\\uA728]","U":"[\\u0055\\u24CA\\uFF35\\u00D9\\u00DA\\u00DB\\u0168\\u1E78\\u016A\\u1E7A\\u016C\\u00DC\\u01DB\\u01D7\\u01D5\\u01D9\\u1EE6\\u016E\\u0170\\u01D3\\u0214\\u0216\\u01AF\\u1EEA\\u1EE8\\u1EEE\\u1EEC\\u1EF0\\u1EE4\\u1E72\\u0172\\u1E76\\u1E74\\u0244]","V":"[\\u0056\\u24CB\\uFF36\\u1E7C\\u1E7E\\u01B2\\uA75E\\u0245]","VY":"[\\uA760]","W":"[\\u0057\\u24CC\\uFF37\\u1E80\\u1E82\\u0174\\u1E86\\u1E84\\u1E88\\u2C72]","X":"[\\u0058\\u24CD\\uFF38\\u1E8A\\u1E8C]","Y":"[\\u0059\\u24CE\\uFF39\\u1EF2\\u00DD\\u0176\\u1EF8\\u0232\\u1E8E\\u0178\\u1EF6\\u1EF4\\u01B3\\u024E\\u1EFE]","Z":"[\\u005A\\u24CF\\uFF3A\\u0179\\u1E90\\u017B\\u017D\\u1E92\\u1E94\\u01B5\\u0224\\u2C7F\\u2C6B\\uA762]","a":"[\\u0061\\u24D0\\uFF41\\u1E9A\\u00E0\\u00E1\\u00E2\\u1EA7\\u1EA5\\u1EAB\\u1EA9\\u00E3\\u0101\\u0103\\u1EB1\\u1EAF\\u1EB5\\u1EB3\\u0227\\u01E1\\u00E4\\u01DF\\u1EA3\\u00E5\\u01FB\\u01CE\\u0201\\u0203\\u1EA1\\u1EAD\\u1EB7\\u1E01\\u0105\\u2C65\\u0250]","aa":"[\\uA733]","ae":"[\\u00E6\\u01FD\\u01E3]","ao":"[\\uA735]","au":"[\\uA737]","av":"[\\uA739\\uA73B]","ay":"[\\uA73D]","b":"[\\u0062\\u24D1\\uFF42\\u1E03\\u1E05\\u1E07\\u0180\\u0183\\u0253]","c":"[\\u0063\\u24D2\\uFF43\\u0107\\u0109\\u010B\\u010D\\u00E7\\u1E09\\u0188\\u023C\\uA73F\\u2184]","d":"[\\u0064\\u24D3\\uFF44\\u1E0B\\u010F\\u1E0D\\u1E11\\u1E13\\u1E0F\\u0111\\u018C\\u0256\\u0257\\uA77A]","dz":"[\\u01F3\\u01C6]","e":"[\\u0065\\u24D4\\uFF45\\u00E8\\u00E9\\u00EA\\u1EC1\\u1EBF\\u1EC5\\u1EC3\\u1EBD\\u0113\\u1E15\\u1E17\\u0115\\u0117\\u00EB\\u1EBB\\u011B\\u0205\\u0207\\u1EB9\\u1EC7\\u0229\\u1E1D\\u0119\\u1E19\\u1E1B\\u0247\\u025B\\u01DD]","f":"[\\u0066\\u24D5\\uFF46\\u1E1F\\u0192\\uA77C]","g":"[\\u0067\\u24D6\\uFF47\\u01F5\\u011D\\u1E21\\u011F\\u0121\\u01E7\\u0123\\u01E5\\u0260\\uA7A1\\u1D79\\uA77F]","h":"[\\u0068\\u24D7\\uFF48\\u0125\\u1E23\\u1E27\\u021F\\u1E25\\u1E29\\u1E2B\\u1E96\\u0127\\u2C68\\u2C76\\u0265]","hv":"[\\u0195]","i":"[\\u0069\\u24D8\\uFF49\\u00EC\\u00ED\\u00EE\\u0129\\u012B\\u012D\\u00EF\\u1E2F\\u1EC9\\u01D0\\u0209\\u020B\\u1ECB\\u012F\\u1E2D\\u0268\\u0131]","j":"[\\u006A\\u24D9\\uFF4A\\u0135\\u01F0\\u0249]","k":"[\\u006B\\u24DA\\uFF4B\\u1E31\\u01E9\\u1E33\\u0137\\u1E35\\u0199\\u2C6A\\uA741\\uA743\\uA745\\uA7A3]","l":"[\\u006C\\u24DB\\uFF4C\\u0140\\u013A\\u013E\\u1E37\\u1E39\\u013C\\u1E3D\\u1E3B\\u017F\\u0142\\u019A\\u026B\\u2C61\\uA749\\uA781\\uA747]","lj":"[\\u01C9]","m":"[\\u006D\\u24DC\\uFF4D\\u1E3F\\u1E41\\u1E43\\u0271\\u026F]","n":"[\\u006E\\u24DD\\uFF4E\\u01F9\\u0144\\u00F1\\u1E45\\u0148\\u1E47\\u0146\\u1E4B\\u1E49\\u019E\\u0272\\u0149\\uA791\\uA7A5]","nj":"[\\u01CC]","o":"[\\u006F\\u24DE\\uFF4F\\u00F2\\u00F3\\u00F4\\u1ED3\\u1ED1\\u1ED7\\u1ED5\\u00F5\\u1E4D\\u022D\\u1E4F\\u014D\\u1E51\\u1E53\\u014F\\u022F\\u0231\\u00F6\\u022B\\u1ECF\\u0151\\u01D2\\u020D\\u020F\\u01A1\\u1EDD\\u1EDB\\u1EE1\\u1EDF\\u1EE3\\u1ECD\\u1ED9\\u01EB\\u01ED\\u00F8\\u01FF\\u0254\\uA74B\\uA74D\\u0275]","oi":"[\\u01A3]","ou":"[\\u0223]","oo":"[\\uA74F]","p":"[\\u0070\\u24DF\\uFF50\\u1E55\\u1E57\\u01A5\\u1D7D\\uA751\\uA753\\uA755]","q":"[\\u0071\\u24E0\\uFF51\\u024B\\uA757\\uA759]","r":"[\\u0072\\u24E1\\uFF52\\u0155\\u1E59\\u0159\\u0211\\u0213\\u1E5B\\u1E5D\\u0157\\u1E5F\\u024D\\u027D\\uA75B\\uA7A7\\uA783]","s":"[\\u0073\\u24E2\\uFF53\\u015B\\u1E65\\u015D\\u1E61\\u0161\\u1E67\\u1E63\\u1E69\\u0219\\u015F\\u023F\\uA7A9\\uA785\\u1E9B]","ss":"[\\u00DF]","t":"[\\u0074\\u24E3\\uFF54\\u1E6B\\u1E97\\u0165\\u1E6D\\u021B\\u0163\\u1E71\\u1E6F\\u0167\\u01AD\\u0288\\u2C66\\uA787]","tz":"[\\uA729]","u":"[\\u0075\\u24E4\\uFF55\\u00F9\\u00FA\\u00FB\\u0169\\u1E79\\u016B\\u1E7B\\u016D\\u00FC\\u01DC\\u01D8\\u01D6\\u01DA\\u1EE7\\u016F\\u0171\\u01D4\\u0215\\u0217\\u01B0\\u1EEB\\u1EE9\\u1EEF\\u1EED\\u1EF1\\u1EE5\\u1E73\\u0173\\u1E77\\u1E75\\u0289]","v":"[\\u0076\\u24E5\\uFF56\\u1E7D\\u1E7F\\u028B\\uA75F\\u028C]","vy":"[\\uA761]","w":"[\\u0077\\u24E6\\uFF57\\u1E81\\u1E83\\u0175\\u1E87\\u1E85\\u1E98\\u1E89\\u2C73]","x":"[\\u0078\\u24E7\\uFF58\\u1E8B\\u1E8D]","y":"[\\u0079\\u24E8\\uFF59\\u1EF3\\u00FD\\u0177\\u1EF9\\u0233\\u1E8F\\u00FF\\u1EF7\\u1E99\\u1EF5\\u01B4\\u024F\\u1EFF]","z":"[\\u007A\\u24E9\\uFF5A\\u017A\\u1E91\\u017C\\u017E\\u1E93\\u1E95\\u01B6\\u0225\\u0240\\u2C6C\\uA763]"},"researchesTests":["contentHasTOC","contentHasShortParagraphs","contentHasAssets","keywordInTitle","keywordInMetaDescription","keywordInPermalink","keywordIn10Percent","keywordInContent","keywordInSubheadings","keywordInImageAlt","keywordDensity","keywordNotUsed","lengthContent","lengthPermalink","linksHasInternal","linksHasExternals","linksNotAllExternals","titleStartWithKeyword","titleSentiment","titleHasPowerWords","titleHasNumber","hasContentAI"],"hasRedirection":true,"hasBreadcrumb":true},"homeUrl":"https:\/\/organizzazione.cai.it\/sez-catanzaro","objectID":220,"objectType":"post","locale":"it","localeFull":"it_IT","overlayImages":{"play":{"name":"Icona di riproduzione","url":"https:\/\/organizzazione.cai.it\/sez-catanzaro\/wp-content\/plugins\/seo-by-rank-math\/assets\/admin\/img\/icon-play.png","path":"\/var\/www\/vhosts\/organizzazione.cai.it\/httpdocs\/wp-content\/plugins\/seo-by-rank-math\/assets\/admin\/img\/icon-play.png","position":"middle_center"},"gif":{"name":"Icona GIF","url":"https:\/\/organizzazione.cai.it\/sez-catanzaro\/wp-content\/plugins\/seo-by-rank-math\/assets\/admin\/img\/icon-gif.png","path":"\/var\/www\/vhosts\/organizzazione.cai.it\/httpdocs\/wp-content\/plugins\/seo-by-rank-math\/assets\/admin\/img\/icon-gif.png","position":"middle_center"}},"defautOgImage":"https:\/\/organizzazione.cai.it\/sez-catanzaro\/wp-content\/uploads\/sites\/116\/2024\/09\/og.webp","customPermalinks":true,"isUserRegistered":false,"autoSuggestKeywords":false,"connectSiteUrl":"https:\/\/rankmath.com\/auth?site=https%3A%2F%2Forganizzazione.cai.it%2Fsez-catanzaro&r=https%3A%2F%2Forganizzazione.cai.it%2Fsez-catanzaro%2Fwp-json%2Fwp%2Fv2%2Fpages%2F220%3Fnonce%3D2ac110b03b","maxTags":5,"trendsIcon":"<svg viewBox=\"0 0 610 610\"><path d=\"M18.85,446,174.32,290.48l58.08,58.08L76.93,504a14.54,14.54,0,0,1-20.55,0L18.83,466.48a14.54,14.54,0,0,1,0-20.55Z\" style=\"fill:#4285f4\"\/><path d=\"M242.65,242.66,377.59,377.6l-47.75,47.75a14.54,14.54,0,0,1-20.55,0L174.37,290.43l47.75-47.75A14.52,14.52,0,0,1,242.65,242.66Z\" style=\"fill:#ea4335\"\/><polygon points=\"319.53 319.53 479.26 159.8 537.34 217.88 377.61 377.62 319.53 319.53\" style=\"fill:#fabb05\"\/><path d=\"M594.26,262.73V118.61h0a16.94,16.94,0,0,0-16.94-16.94H433.2a16.94,16.94,0,0,0-12,28.92L565.34,274.71h0a16.94,16.94,0,0,0,28.92-12Z\" style=\"fill:#34a853\"\/><rect width=\"610\" height=\"610\" style=\"fill:none\"\/><\/svg>","showScore":true,"siteFavIcon":"data:image\/png;base64,iVBORw0KGgoAAAANSUhEUgAAABAAAAAQCAYAAAAf8\/9hAAABs0lEQVR4AWL4\/\/8\/RRjO8Iucx+noO0MWUDo16FYABMGP6ZfUcRnWtm27jVPbtm3bttuH2t3eFPcY9pLz7NxiLjCyVd87pKnHyqXyxtCs8APd0rnyxiu4qSeA3QEDrAwBDrT1s1Rc\/OrjLZwqVmOSu6+Lamcpp2KKMA9PH1BYXMe1mUP5qotvXTywsOEEYHXxrY+3cqk6TMkYpNr2FeoY3KIr0RPtn9wQ2unlA+GMkRw6+9TFw4YTwDUzx\/JVvARj9KaedXRO8P5B1Du2S32smzqUrcKGEyA+uAgQjKX7zf0boWHGfn71jIKj2689gxp7OAGShNcBUmLMPVjZuiKcA2vuWHHDCQxMCz629kXAIU4ApY15QwggAFbfOP9DhgBJ+nWVJ1AZAfICAj1pAlY6hCADZnveQf7bQIwzVONGJonhLIlS9gr5mFg44Xd+4S3XHoGNPdJl1INIwKyEgHckEhgTe1bGiFY9GSFBYUwLh1IkiJUbY407E7syBSFxKTszEoiE\/YdrgCEayDmtaJwCI9uu8TKMuZSVfSa4BpGgzvomBR\/INhLGzrqDotp01ZR8pn\/1L0JN9d9XNyx0AAAAAElFTkSuQmCC","canUser":{"general":false,"advanced":false,"snippet":false,"social":false,"analysis":false,"analytics":false,"content_ai":false},"showKeywordIntent":true,"isPro":false,"is_front_page":false,"trendsUpgradeLink":"https:\/\/rankmath.com\/pricing\/?utm_source=Plugin&utm_medium=CE%20General%20Tab%20Trends&utm_campaign=WP","trendsUpgradeLabel":"Aggiorna","trendsPreviewImage":"https:\/\/organizzazione.cai.it\/sez-catanzaro\/wp-content\/plugins\/seo-by-rank-math\/assets\/admin\/img\/trends-preview.jpg","currentEditor":false,"homepageData":{"assessor":{"powerWords":["incredibile","sorprendente","meraviglioso","unico","bello","felicit\u00e0","brillante","affascinante","carismatico","scioccante","chiaro","completamente","riservato","fiducia","significativo","creativo","definitivamente","delizioso","dimostrare","sbrigati","determinato","degno","dinamico","impressionante","essenziale","ispiratore","innovativo","intenso","efficace","magico","magnifico","storico","importante","incredibile","indispensabile","indimenticabile","irresistibile","leggendario","luminoso","lusso","magico","magnifico","maestoso","memorabile","miracoloso","motivante","necessario","nuovo","ufficiale","perfetto","appassionato","persuasivo","fenomenale","piacere","popolare","potere","prestigioso","prodigioso","profondo","prospero","potente","qualit\u00e0","radiante","veloce","di successo","rivoluzionario","soddisfatto","sicurezza","sensazionale","sereno","lussuoso","splendido","sublime","sorprendente","talentuoso","terrificante","unico","valore","vibrante","vittorioso","vivace","veramente","zelante","autentico","avventuroso","spettacolare","esclusivo","garantito","straordinario","favoloso","affascinante","formidabile","geniale","grandioso","gratuito","abile","illimitato","impeccabile","infallibile","infinitamente","influente","ingegnoso","indimenticabile","insostituibile","leader","maestro","notevole","innovativo","pioniere","potente","riconosciuto","rivoluzionario","sorprendente","superiore","trionfante","ultra","coraggioso","prezioso","avanguardia","vigoroso","visionario","volont\u00e0","vitale","trionfo","glorioso","inarrestabile","ineguagliabile","intelligente","invincibile","libert\u00e0","orgoglio","pace","progresso","rinnovato","saggezza","soddisfazione","sicuro","serenit\u00e0","superamento","talento","trascendente","trasformativo","coraggio","vittoria"],"diacritics":true,"researchesTests":["contentHasTOC","contentHasShortParagraphs","contentHasAssets","keywordInTitle","keywordInMetaDescription","keywordInPermalink","keywordIn10Percent","keywordInContent","keywordInSubheadings","keywordInImageAlt","keywordDensity","keywordNotUsed","lengthContent","lengthPermalink","linksHasInternal","linksHasExternals","linksNotAllExternals","titleStartWithKeyword","titleSentiment","titleHasPowerWords","titleHasNumber","hasContentAI"],"hasBreadcrumb":true,"serpData":{"title":"%sitename% %page% %sep% %sitedesc%","description":"","titleTemplate":"%sitename% %page% %sep% %sitedesc%","descriptionTemplate":"","focusKeywords":"","breadcrumbTitle":"Home","robots":{"index":true},"advancedRobots":{"max-snippet":"-1","max-video-preview":"-1","max-image-preview":"large"},"facebookTitle":"","facebookDescription":"","facebookImage":"","facebookImageID":""}}},"tocTitle":"Table of Contents","tocExcludeHeadings":[],"listStyle":"ul"},"_links":{"self":[{"href":"https:\/\/organizzazione.cai.it\/sez-catanzaro\/wp-json\/wp\/v2\/pages\/220"}],"collection":[{"href":"https:\/\/organizzazione.cai.it\/sez-catanzaro\/wp-json\/wp\/v2\/pages"}],"about":[{"href":"https:\/\/organizzazione.cai.it\/sez-catanzaro\/wp-json\/wp\/v2\/types\/page"}],"author":[{"embeddable":true,"href":"https:\/\/organizzazione.cai.it\/sez-catanzaro\/wp-json\/wp\/v2\/users\/1"}],"replies":[{"embeddable":true,"href":"https:\/\/organizzazione.cai.it\/sez-catanzaro\/wp-json\/wp\/v2\/comments?post=220"}],"version-history":[{"count":25,"href":"https:\/\/organizzazione.cai.it\/sez-catanzaro\/wp-json\/wp\/v2\/pages\/220\/revisions"}],"predecessor-version":[{"id":3859,"href":"https:\/\/organizzazione.cai.it\/sez-catanzaro\/wp-json\/wp\/v2\/pages\/220\/revisions\/3859"}],"wp:featuredmedia":[{"embeddable":true,"href":"https:\/\/organizzazione.cai.it\/sez-catanzaro\/wp-json\/wp\/v2\/media\/467"}],"wp:attachment":[{"href":"https:\/\/organizzazione.cai.it\/sez-catanzaro\/wp-json\/wp\/v2\/media?parent=220"}],"curies":[{"name":"wp","href":"https:\/\/api.w.org\/{rel}","templated":true}]}}