{"id":144,"date":"2025-02-18T19:38:09","date_gmt":"2025-02-18T19:38:09","guid":{"rendered":"https:\/\/organizzazione.cai.it\/sez-domegge-di-cadore\/?page_id=144"},"modified":"2025-10-08T15:05:47","modified_gmt":"2025-10-08T15:05:47","slug":"rifugi","status":"publish","type":"page","link":"https:\/\/organizzazione.cai.it\/sez-domegge-di-cadore\/rifugi\/","title":{"rendered":"Rifugi"},"content":{"rendered":"\n<h2 class=\"wp-block-heading\">Rifugio Padova<\/h2>\n\n\n\n<figure class=\"wp-block-image aligncenter size-full\"><img loading=\"lazy\" decoding=\"async\" width=\"500\" height=\"374\" src=\"https:\/\/organizzazione.cai.it\/sez-domegge-di-cadore\/wp-content\/uploads\/sites\/122\/2025\/07\/rifugio-padova.webp\" alt=\"- CAI\" class=\"wp-image-1492\" title=\"\"><\/figure>\n\n\n\n<p>Correva l&#8217;anno 1907 quando l&#8217;idea di un rifugio alpino, a supporto dell&#8217;esplorazione degli Spalti di Toro, prende corpo. Antonio Berti, veneziano, medico e scrittore di montagne, colui che l&#8217;anno dopo avrebbe fondato il C.A.I. di Padova e pubblicato la prima guida &#8220;Dolomiti del Cadore&#8221;, si trovava sulla cima del Cadin di Vedorcia insieme ai fratelli Fanton e da l\u00ec immaginava e sognava una piccola casa bianca ed amica in Pr\u00e0 di Toro. C&#8217;era infatti bisogno di un ricovero vero e proprio per tutti quegli alpinisti che cominciavano a frequentare la zona e che erano costretti a piantarvi le tende. Tra i pionieri una squadra di giovani provenienti dalla Germania e dall&#8217;Austria capitanati da Victor Wolf Von Glanvel, colui che insieme a Von Saar nel 1902 aveva conquistato il Campanile di Val Montanaia. Erano membri della &#8216;Confraternita della scarpa grossa&#8217;, nome che il gruppo si era dato, e sulle Dolomiti d&#8217;Oltrepiave avevano intrapreso prestigiose ascensioni. Venne fatta richiesta al Comune di Domegge e il verbale del Consiglio Comunale del gennaio 1910 riporta la delibera per la concessione gratuita del terreno, propriet\u00e0 della frazione di Vallesella e per la concessione gratuita del legname, sulla propriet\u00e0 della frazione di Domegge. Il Comune concede inoltre di raccogliere i sassi e la sabbia sulla propriet\u00e0 comunale e si autorizzano le guardie forestali locali a martellare le piante occorrenti.<br>I lavori si concludono il 14 agosto dello stesso anno con l&#8217;inaugurazione del manufatto. Sulla rivista del C.A.I. si legge che circa 400 persone erano presenti in Val di Toro. Il sacerdote benedice il rifugio e Luisa Fanton, la madrina, lo inaugura rompendo la tradizionale bottiglia con un vigoroso colpo di piccozza. I discorsi di rito sono pronunciati dai presidenti del C.A.I. di Padova, di Venezia, da Antonio Berti, dal rappresentante delle sezioni cadorine, sindaci e altri. Si ammira il panorama, si visita l&#8217;interno del rifugio e verso sera il silenzio ritorna in quel magico luogo.<br>Nel febbraio del 1931 una valanga si porta via il rifugio. Dopo lo sconcerto iniziale il C.A.I. di Padova si rimbocca le maniche e da il via alla ricostruzione in un sito pi\u00f9 in basso e pi\u00f9 sicuro. Nell&#8217;agosto dello stesso anno il nuovo rifugio viene inaugurato.<br>Intorno agli anni \u201850 arrivano al rifugio un alpinista tedesco, Wolfgang Herberg e uno italiano, Vincenzo Altamura, che compiranno straordinarie imprese. Tra il 1951 e il 1975 Herberg compir\u00e0 infatti 125 ascensioni con l&#8217;apertura di 80 vie nuove. Gli anni trascorrono e il rifugio vede nel tempo il passaggio di alpinisti locali e grandi personaggi dell&#8217;ambiente alpinistico, anche le gestioni si susseguono. Negli anni &#8217;80 iniziano le trattative tra il Comune di Domegge e la sezione del C.A.I. di Padova per il passaggio di propriet\u00e0 del fabbricato. Il primo giorno del mese di gennaio 1991 il rifugio diviene propriet\u00e0 del Comune di Domegge, che lo conceder\u00e0 poi in gestione, anche per clausola contrattuale posta dal C.A.I. di Padova, alla locale sezione del Club Alpino Italiano.<\/p>\n\n\n\n<p>Con lo scadere nel 2014 del contratto tra la locale sezione del C.A.I. e il Comune, quest\u2019ultimo rileva anche la gestione della struttura che a partire quindi da gennaio 2015 perde la definizione di rifugio del Club Alpino Italiano.<\/p>\n\n\n\n<h2 class=\"wp-block-heading\">Rifugio Baion<\/h2>\n\n\n\n<figure class=\"wp-block-image size-large\"><img loading=\"lazy\" decoding=\"async\" width=\"1620\" height=\"1080\" src=\"https:\/\/organizzazione.cai.it\/sez-domegge-di-cadore\/wp-content\/uploads\/sites\/122\/2025\/07\/rifugio-baion-2-1620x1080.webp\" alt=\"- CAI\" class=\"wp-image-1493\" title=\"\" srcset=\"https:\/\/organizzazione.cai.it\/sez-domegge-di-cadore\/wp-content\/uploads\/sites\/122\/2025\/07\/rifugio-baion-2-1620x1080.webp 1620w, https:\/\/organizzazione.cai.it\/sez-domegge-di-cadore\/wp-content\/uploads\/sites\/122\/2025\/07\/rifugio-baion-2-1080x720.webp 1080w, https:\/\/organizzazione.cai.it\/sez-domegge-di-cadore\/wp-content\/uploads\/sites\/122\/2025\/07\/rifugio-baion-2-768x512.webp 768w, https:\/\/organizzazione.cai.it\/sez-domegge-di-cadore\/wp-content\/uploads\/sites\/122\/2025\/07\/rifugio-baion-2-1536x1024.webp 1536w, https:\/\/organizzazione.cai.it\/sez-domegge-di-cadore\/wp-content\/uploads\/sites\/122\/2025\/07\/rifugio-baion-2-2048x1365.webp 2048w\" sizes=\"(max-width: 1620px) 100vw, 1620px\" \/><\/figure>\n\n\n\n<p>In un documento dell\u2019aprile del 1214 si sente parlare per la prima volta del toponimo Baglonum. Si tratta di una disputa tra il paese di Domegge da una parte e Vallesella e Grea dall\u2019altra per le montagne di Baglonum (Baion) e Zovana (Doana).<br>Nel giugno dello stesso anno si riuniscono quindi a Gogna i rappresentanti delle regole di Candide, San Nicol\u00f2 e Domegge per la divisione dei monti di Doana, Baion, Londo domeglino, Pontigo, Collesei e Cialiscon. Domegge possedeva all&#8217;epoca una vastissima area di pascolo anche in Comelico Superiore, talmente vasta che le sue propriet\u00e0 andavano dai Piani di Danta fino al Monte Zovo, dai Collesei fino a Monte Croce. Gli stessi paesi del Comelico erano sorti proprio dal passaggio dei pastori che portando gli animali al pascolo vi si erano poi definitivamente stanziati.<br>Nel 1216 sempre a Gogna, Domegge, Candide e San Nicol\u00f2 si dividono cos\u00ec i loro monti comuni.<br>Domegge, Grea e Vallesella rinunciano ai diritti finora goduti in Comelico, mentre Candide e San Nicol\u00f2 rinunciano ai loro diritti a Doana e Baion. Si stabilisce anche che il monte di Baion spetta a Domegge, Vallesella e Grea e che non si sarebbe mai pi\u00f9 potuto dividere.<br>Si costruiscono ricoveri fino al 1888, data in cui un documento dell&#8217;epoca riporta come conseguenza di una disastrosa nevicata, danni di notevole entit\u00e0 a malghe e ricoveri. Tra le casere maggiormente danneggiate c&#8217;\u00e8 quella di Baion, per il cui recupero, aggiustamento e costruzione di nuovi fabbricati interviene anche il Consiglio Comunale di Domegge.<br>Nel 1892 iniziano i lavori. Le pietre impiegate per la costruzione provengono dal Ciastelin e vengono trasportate con le liode, il legname proviene dal vicino Pian delle Carrette, mentre le assi da Domegge (Pomoline).<br>Baion ha cos\u00ec la sua nuova casera, utilizzata per le attivit\u00e0 silvo-pastorali fino al 1962. Quando poi questa attivit\u00e0 inizia la sua decadenza e i bovini, diminuendo, vengono inviati a Doana, la casera inizia a disgregarsi.<br>Nel 1968 il C.A.I. di Domegge, allora presieduto da Arcangelo Da Rin, propone di trasformare la vecchia casera in rifugio. I lavori iniziano sotto la direzione di Natale Da Deppo che aveva preso il posto di Da Rin alla guida della sezione.<br>L&#8217;inaugurazione avviene il 18 luglio 1971. In quel giorno di festa i presenti esprimono la loro grande soddisfazione per aver contribuito al recupero di una costruzione cos\u00ec cara a tutta la popolazione. &nbsp;<br>Il Rifugio Baion, dedicato a Elio Boni, sindaco e grande appassionato di montagna scomparso l&#8217;anno prima, rappresenta l&#8217;avamposto di Domegge verso le Marmarole e diviene punto strategico di partenza per alcune tra le ascensioni pi\u00f9 significative alle cime della selvaggia catena dolomitica.<br>Il segmento di Marmarole che appartiene al territorio del Comune di Domegge va da Forcella Baion alla Forcella del Campanile Ciastelin. Vi sono compresi il Monte Ciastelin, il Tac Grande e la caratteristica Torre San Dordi detta anche &#8220;la cogoma&#8221;. Il Monte Ciastelin (2570 mt.) venne scalato per la prima volta dai fratelli Umberto e Paolo Fanton il 6 settembre 1908.<br>Dobbiamo essere grati a tutti i soci del CAI di Domegge, al loro contributo economico, alle ore di puro volontariato e all\u2019impegno profuso nel corso degli anni, nonch\u00e9 alle numerose donazioni pervenute alla sezione, se il rifugio \u00e8 stato realizzato ed \u00e8 diventato quello che \u00e8.<br>Con lo scadere nel 2014 del contratto tra la locale sezione del C.A.I. e il Comune, quest\u2019ultimo rileva anche la gestione della struttura che a partire quindi da gennaio 2015 perde la definizione di rifugio del Club Alpino Italiano.<\/p>\n\n\n\n<h2 class=\"wp-block-heading\">Rifugio Cercen\u00e0<\/h2>\n\n\n\n<figure class=\"wp-block-image size-large\"><img loading=\"lazy\" decoding=\"async\" width=\"1561\" height=\"1080\" src=\"https:\/\/organizzazione.cai.it\/sez-domegge-di-cadore\/wp-content\/uploads\/sites\/122\/2025\/07\/rifugio-cercena-1561x1080.webp\" alt=\"- CAI\" class=\"wp-image-1494\" title=\"\" srcset=\"https:\/\/organizzazione.cai.it\/sez-domegge-di-cadore\/wp-content\/uploads\/sites\/122\/2025\/07\/rifugio-cercena-1561x1080.webp 1561w, https:\/\/organizzazione.cai.it\/sez-domegge-di-cadore\/wp-content\/uploads\/sites\/122\/2025\/07\/rifugio-cercena-1040x720.webp 1040w, https:\/\/organizzazione.cai.it\/sez-domegge-di-cadore\/wp-content\/uploads\/sites\/122\/2025\/07\/rifugio-cercena-768x531.webp 768w, https:\/\/organizzazione.cai.it\/sez-domegge-di-cadore\/wp-content\/uploads\/sites\/122\/2025\/07\/rifugio-cercena-1536x1063.webp 1536w, https:\/\/organizzazione.cai.it\/sez-domegge-di-cadore\/wp-content\/uploads\/sites\/122\/2025\/07\/rifugio-cercena.webp 1724w\" sizes=\"(max-width: 1561px) 100vw, 1561px\" \/><\/figure>\n\n\n\n<p>A sud di Domegge, risalendo la Val Talagona verso gli Spalti di Toro, a quota 1050, si trova la localit\u00e0 Cercen\u00e0. \u00c8 qui, nel bel mezzo di una radura che interrompe il fitto bosco di abeti, che sorge il Rifugio Cercen\u00e0.<br>Si tratta di un rifugio di media montagna realizzato dai numerosi volontari della locale sezione del C.A.I. nel 1975 grazie ai lavori di trasformazione della vecchia casera, una piccola malga costruita nel 1896 dalla gente di Domegge per la monticazione primaverile e autunnale dei bovini che poi d\u2019estate venivano fatti salire ai pascoli pi\u00f9 alti. Il fabbricato comprende una parte pi\u00f9 antica in muratura e un&#8217;ala pi\u00f9 recente in travatura.<br>Raggiungibile anche in macchina, \u00e8 considerato uno strategico punto di partenza per le molte escursioni nel gruppo montuoso del Cridola e degli Spalti di Toro. Meta privilegiata per gli escursionisti che partono dal Rifugio Cercen\u00e0 \u00e8 la vetta del Montanel.<br>Il rifugio, propriet\u00e0 del Comune di Domegge, \u00e8 rimasto in gestione alla locale sezione del C.A.I. dall\u2019anno della sua fondazione fino al 2014. Il non rinnovo del contratto ha portato quindi il passaggio di gestione dal C.A.I. al Comune e alla conseguente perdita della denominazione di rifugio del Club Alpino Italiano.<br>Anche in questo caso un sentito grazie a tutti i soci del C.A.I. di Domegge, al loro contributo economico, alle ore di puro volontariato e all\u2019impegno profuso nel corso degli anni.<\/p>\n\n\n\n<h2 class=\"wp-block-heading\">Rifugio Eremo dei Romiti<\/h2>\n\n\n\n<figure class=\"wp-block-image aligncenter size-full\"><img loading=\"lazy\" decoding=\"async\" width=\"700\" height=\"469\" src=\"https:\/\/organizzazione.cai.it\/sez-domegge-di-cadore\/wp-content\/uploads\/sites\/122\/2025\/07\/eremo-romiti.webp\" alt=\"- CAI\" class=\"wp-image-1495\" title=\"\"><\/figure>\n\n\n\n<p>L&#8217;Eremo dei Romiti sorge sul Monte Froppa a quota 1164, sotto le pendici del Col Buffon. Si tratta di un piccolo convento (l&#8217;unico in Cadore) risalente al XVIII\u00b0 secolo.<br>La sua costruzione risale al 1720 e per 90 anni ospita una piccola comunit\u00e0 di frati francescani dell&#8217;Ordine dei Terziari, fondata da fra Giovanni Maria Pinazza di Domegge, che gli abitanti di fondo valle chiamavano \u2018eremiti\u2019 poich\u00e9 vivevano isolati e da qui il nome del convento. Nel 1724, adiacente al convento, viene inoltre costruita la chiesa dedicata a San Giovanni Battista.<br>L\u2019esperienza della comunit\u00e0 religiosa si conclude con il decreto napoleonico del 1810 che sopprimeva i conventi, momento in cui il sito e l\u2019edificio stesso cadono nel pi\u00f9 completo abbandono. L&#8217;affetto di Domegge per questo luogo di spiritualit\u00e0 non viene per\u00f2 mai meno al punto che il 24 giugno di ogni anno, ricorrenza di San Giovanni Battista, la gente di Domegge, ma anche di molti altri paesi del Cadore, si reca all&#8217;Eremo per assistere alla Messa che viene celebrata nel piccolo capitello, che sorge poco pi\u00f9 in basso e che conserva ancora intatti alcuni affreschi originali. Nel 1992 l\u2019architetto Adriano Costantini dona l\u2019intera propriet\u00e0 al Comune di Domegge che tra il 2007 e il 2008 ne promuove il radicale restauro trasformandolo in rifugio. Un rifugio unico nel suo genere, in quanto racchiude in s\u00e9 tutte le caratteristiche di un luogo di promozione culturale e di incontri spirituali insieme.<br>\u00c8 meta di brevi escursioni e punto di partenza per itinerari che salgono al Col Cros, al Montanel e verso gli Spalti di Toro. Da citare il nuovo sentiero chiamato \u2018troi de l\u2019orse\u2019.<\/p>\n","protected":false},"excerpt":{"rendered":"<p>Rifugio Padova Correva l&#8217;anno 1907 quando l&#8217;idea di un rifugio alpino, a supporto dell&#8217;esplorazione degli Spalti di Toro, prende corpo. Antonio Berti, veneziano, medico e scrittore di montagne, colui che [&hellip;]<\/p>\n","protected":false},"author":238,"featured_media":36,"parent":0,"menu_order":0,"comment_status":"closed","ping_status":"closed","template":"","meta":{"footnotes":""},"rankMath":{"parentDomain":"organizzazione.cai.it","noFollowDomains":[],"noFollowExcludeDomains":[],"noFollowExternalLinks":false,"featuredImageNotice":"L&#039;immagine in evidenza dovrebbe essere di almeno 200 x 200 pixel per essere ripresa da Facebook e altri siti di social media.","pluginReviewed":false,"postSettings":{"linkSuggestions":true,"useFocusKeyword":false},"frontEndScore":false,"postName":"rifugi","permalinkFormat":"https:\/\/organizzazione.cai.it\/sez-domegge-di-cadore\/%pagename%\/","showLockModifiedDate":true,"assessor":{"focusKeywordLink":"https:\/\/organizzazione.cai.it\/sez-domegge-di-cadore\/wp-admin\/edit.php?focus_keyword=%focus_keyword%&post_type=%post_type%","hasTOCPlugin":false,"primaryTaxonomy":false,"serpData":{"title":"","description":"","focusKeywords":"","pillarContent":false,"canonicalUrl":"","breadcrumbTitle":"","advancedRobots":{"max-snippet":"-1","max-video-preview":"-1","max-image-preview":"large"},"facebookTitle":"","facebookDescription":"","facebookImage":"","facebookImageID":"","facebookHasOverlay":false,"facebookImageOverlay":"","facebookAuthor":"","twitterCardType":"","twitterUseFacebook":true,"twitterTitle":"","twitterDescription":"","twitterImage":"","twitterImageID":"","twitterHasOverlay":false,"twitterImageOverlay":"","twitterPlayerUrl":"","twitterPlayerSize":"","twitterPlayerStream":"","twitterPlayerStreamCtype":"","twitterAppDescription":"","twitterAppIphoneName":"","twitterAppIphoneID":"","twitterAppIphoneUrl":"","twitterAppIpadName":"","twitterAppIpadID":"","twitterAppIpadUrl":"","twitterAppGoogleplayName":"","twitterAppGoogleplayID":"","twitterAppGoogleplayUrl":"","twitterAppCountry":"","robots":{"index":true},"twitterAuthor":"nome utente","primaryTerm":0,"authorName":"lillyfedon@gmail.com","titleTemplate":"%title% %sep% CAI %sitename%","descriptionTemplate":"%excerpt%","showScoreFrontend":true,"lockModifiedDate":false},"powerWords":["incredibile","sorprendente","meraviglioso","unico","bello","felicit\u00e0","brillante","affascinante","carismatico","scioccante","chiaro","completamente","riservato","fiducia","significativo","creativo","definitivamente","delizioso","dimostrare","sbrigati","determinato","degno","dinamico","impressionante","essenziale","ispiratore","innovativo","intenso","efficace","magico","magnifico","storico","importante","incredibile","indispensabile","indimenticabile","irresistibile","leggendario","luminoso","lusso","magico","magnifico","maestoso","memorabile","miracoloso","motivante","necessario","nuovo","ufficiale","perfetto","appassionato","persuasivo","fenomenale","piacere","popolare","potere","prestigioso","prodigioso","profondo","prospero","potente","qualit\u00e0","radiante","veloce","di successo","rivoluzionario","soddisfatto","sicurezza","sensazionale","sereno","lussuoso","splendido","sublime","sorprendente","talentuoso","terrificante","unico","valore","vibrante","vittorioso","vivace","veramente","zelante","autentico","avventuroso","spettacolare","esclusivo","garantito","straordinario","favoloso","affascinante","formidabile","geniale","grandioso","gratuito","abile","illimitato","impeccabile","infallibile","infinitamente","influente","ingegnoso","indimenticabile","insostituibile","leader","maestro","notevole","innovativo","pioniere","potente","riconosciuto","rivoluzionario","sorprendente","superiore","trionfante","ultra","coraggioso","prezioso","avanguardia","vigoroso","visionario","volont\u00e0","vitale","trionfo","glorioso","inarrestabile","ineguagliabile","intelligente","invincibile","libert\u00e0","orgoglio","pace","progresso","rinnovato","saggezza","soddisfazione","sicuro","serenit\u00e0","superamento","talento","trascendente","trasformativo","coraggio","vittoria"],"diacritics":{"A":"[\\u0041\\u24B6\\uFF21\\u00C0\\u00C1\\u00C2\\u1EA6\\u1EA4\\u1EAA\\u1EA8\\u00C3\\u0100\\u0102\\u1EB0\\u1EAE\\u1EB4\\u1EB2\\u0226\\u01E0\\u00C4\\u01DE\\u1EA2\\u00C5\\u01FA\\u01CD\\u0200\\u0202\\u1EA0\\u1EAC\\u1EB6\\u1E00\\u0104\\u023A\\u2C6F]","AA":"[\\uA732]","AE":"[\\u00C6\\u01FC\\u01E2]","AO":"[\\uA734]","AU":"[\\uA736]","AV":"[\\uA738\\uA73A]","AY":"[\\uA73C]","B":"[\\u0042\\u24B7\\uFF22\\u1E02\\u1E04\\u1E06\\u0243\\u0182\\u0181]","C":"[\\u0043\\u24B8\\uFF23\\u0106\\u0108\\u010A\\u010C\\u00C7\\u1E08\\u0187\\u023B\\uA73E]","D":"[\\u0044\\u24B9\\uFF24\\u1E0A\\u010E\\u1E0C\\u1E10\\u1E12\\u1E0E\\u0110\\u018B\\u018A\\u0189\\uA779]","DZ":"[\\u01F1\\u01C4]","Dz":"[\\u01F2\\u01C5]","E":"[\\u0045\\u24BA\\uFF25\\u00C8\\u00C9\\u00CA\\u1EC0\\u1EBE\\u1EC4\\u1EC2\\u1EBC\\u0112\\u1E14\\u1E16\\u0114\\u0116\\u00CB\\u1EBA\\u011A\\u0204\\u0206\\u1EB8\\u1EC6\\u0228\\u1E1C\\u0118\\u1E18\\u1E1A\\u0190\\u018E]","F":"[\\u0046\\u24BB\\uFF26\\u1E1E\\u0191\\uA77B]","G":"[\\u0047\\u24BC\\uFF27\\u01F4\\u011C\\u1E20\\u011E\\u0120\\u01E6\\u0122\\u01E4\\u0193\\uA7A0\\uA77D\\uA77E]","H":"[\\u0048\\u24BD\\uFF28\\u0124\\u1E22\\u1E26\\u021E\\u1E24\\u1E28\\u1E2A\\u0126\\u2C67\\u2C75\\uA78D]","I":"[\\u0049\\u24BE\\uFF29\\u00CC\\u00CD\\u00CE\\u0128\\u012A\\u012C\\u0130\\u00CF\\u1E2E\\u1EC8\\u01CF\\u0208\\u020A\\u1ECA\\u012E\\u1E2C\\u0197]","J":"[\\u004A\\u24BF\\uFF2A\\u0134\\u0248]","K":"[\\u004B\\u24C0\\uFF2B\\u1E30\\u01E8\\u1E32\\u0136\\u1E34\\u0198\\u2C69\\uA740\\uA742\\uA744\\uA7A2]","L":"[\\u004C\\u24C1\\uFF2C\\u013F\\u0139\\u013D\\u1E36\\u1E38\\u013B\\u1E3C\\u1E3A\\u0141\\u023D\\u2C62\\u2C60\\uA748\\uA746\\uA780]","LJ":"[\\u01C7]","Lj":"[\\u01C8]","M":"[\\u004D\\u24C2\\uFF2D\\u1E3E\\u1E40\\u1E42\\u2C6E\\u019C]","N":"[\\u004E\\u24C3\\uFF2E\\u01F8\\u0143\\u00D1\\u1E44\\u0147\\u1E46\\u0145\\u1E4A\\u1E48\\u0220\\u019D\\uA790\\uA7A4]","NJ":"[\\u01CA]","Nj":"[\\u01CB]","O":"[\\u004F\\u24C4\\uFF2F\\u00D2\\u00D3\\u00D4\\u1ED2\\u1ED0\\u1ED6\\u1ED4\\u00D5\\u1E4C\\u022C\\u1E4E\\u014C\\u1E50\\u1E52\\u014E\\u022E\\u0230\\u00D6\\u022A\\u1ECE\\u0150\\u01D1\\u020C\\u020E\\u01A0\\u1EDC\\u1EDA\\u1EE0\\u1EDE\\u1EE2\\u1ECC\\u1ED8\\u01EA\\u01EC\\u00D8\\u01FE\\u0186\\u019F\\uA74A\\uA74C]","OI":"[\\u01A2]","OO":"[\\uA74E]","OU":"[\\u0222]","P":"[\\u0050\\u24C5\\uFF30\\u1E54\\u1E56\\u01A4\\u2C63\\uA750\\uA752\\uA754]","Q":"[\\u0051\\u24C6\\uFF31\\uA756\\uA758\\u024A]","R":"[\\u0052\\u24C7\\uFF32\\u0154\\u1E58\\u0158\\u0210\\u0212\\u1E5A\\u1E5C\\u0156\\u1E5E\\u024C\\u2C64\\uA75A\\uA7A6\\uA782]","S":"[\\u0053\\u24C8\\uFF33\\u1E9E\\u015A\\u1E64\\u015C\\u1E60\\u0160\\u1E66\\u1E62\\u1E68\\u0218\\u015E\\u2C7E\\uA7A8\\uA784]","T":"[\\u0054\\u24C9\\uFF34\\u1E6A\\u0164\\u1E6C\\u021A\\u0162\\u1E70\\u1E6E\\u0166\\u01AC\\u01AE\\u023E\\uA786]","TZ":"[\\uA728]","U":"[\\u0055\\u24CA\\uFF35\\u00D9\\u00DA\\u00DB\\u0168\\u1E78\\u016A\\u1E7A\\u016C\\u00DC\\u01DB\\u01D7\\u01D5\\u01D9\\u1EE6\\u016E\\u0170\\u01D3\\u0214\\u0216\\u01AF\\u1EEA\\u1EE8\\u1EEE\\u1EEC\\u1EF0\\u1EE4\\u1E72\\u0172\\u1E76\\u1E74\\u0244]","V":"[\\u0056\\u24CB\\uFF36\\u1E7C\\u1E7E\\u01B2\\uA75E\\u0245]","VY":"[\\uA760]","W":"[\\u0057\\u24CC\\uFF37\\u1E80\\u1E82\\u0174\\u1E86\\u1E84\\u1E88\\u2C72]","X":"[\\u0058\\u24CD\\uFF38\\u1E8A\\u1E8C]","Y":"[\\u0059\\u24CE\\uFF39\\u1EF2\\u00DD\\u0176\\u1EF8\\u0232\\u1E8E\\u0178\\u1EF6\\u1EF4\\u01B3\\u024E\\u1EFE]","Z":"[\\u005A\\u24CF\\uFF3A\\u0179\\u1E90\\u017B\\u017D\\u1E92\\u1E94\\u01B5\\u0224\\u2C7F\\u2C6B\\uA762]","a":"[\\u0061\\u24D0\\uFF41\\u1E9A\\u00E0\\u00E1\\u00E2\\u1EA7\\u1EA5\\u1EAB\\u1EA9\\u00E3\\u0101\\u0103\\u1EB1\\u1EAF\\u1EB5\\u1EB3\\u0227\\u01E1\\u00E4\\u01DF\\u1EA3\\u00E5\\u01FB\\u01CE\\u0201\\u0203\\u1EA1\\u1EAD\\u1EB7\\u1E01\\u0105\\u2C65\\u0250]","aa":"[\\uA733]","ae":"[\\u00E6\\u01FD\\u01E3]","ao":"[\\uA735]","au":"[\\uA737]","av":"[\\uA739\\uA73B]","ay":"[\\uA73D]","b":"[\\u0062\\u24D1\\uFF42\\u1E03\\u1E05\\u1E07\\u0180\\u0183\\u0253]","c":"[\\u0063\\u24D2\\uFF43\\u0107\\u0109\\u010B\\u010D\\u00E7\\u1E09\\u0188\\u023C\\uA73F\\u2184]","d":"[\\u0064\\u24D3\\uFF44\\u1E0B\\u010F\\u1E0D\\u1E11\\u1E13\\u1E0F\\u0111\\u018C\\u0256\\u0257\\uA77A]","dz":"[\\u01F3\\u01C6]","e":"[\\u0065\\u24D4\\uFF45\\u00E8\\u00E9\\u00EA\\u1EC1\\u1EBF\\u1EC5\\u1EC3\\u1EBD\\u0113\\u1E15\\u1E17\\u0115\\u0117\\u00EB\\u1EBB\\u011B\\u0205\\u0207\\u1EB9\\u1EC7\\u0229\\u1E1D\\u0119\\u1E19\\u1E1B\\u0247\\u025B\\u01DD]","f":"[\\u0066\\u24D5\\uFF46\\u1E1F\\u0192\\uA77C]","g":"[\\u0067\\u24D6\\uFF47\\u01F5\\u011D\\u1E21\\u011F\\u0121\\u01E7\\u0123\\u01E5\\u0260\\uA7A1\\u1D79\\uA77F]","h":"[\\u0068\\u24D7\\uFF48\\u0125\\u1E23\\u1E27\\u021F\\u1E25\\u1E29\\u1E2B\\u1E96\\u0127\\u2C68\\u2C76\\u0265]","hv":"[\\u0195]","i":"[\\u0069\\u24D8\\uFF49\\u00EC\\u00ED\\u00EE\\u0129\\u012B\\u012D\\u00EF\\u1E2F\\u1EC9\\u01D0\\u0209\\u020B\\u1ECB\\u012F\\u1E2D\\u0268\\u0131]","j":"[\\u006A\\u24D9\\uFF4A\\u0135\\u01F0\\u0249]","k":"[\\u006B\\u24DA\\uFF4B\\u1E31\\u01E9\\u1E33\\u0137\\u1E35\\u0199\\u2C6A\\uA741\\uA743\\uA745\\uA7A3]","l":"[\\u006C\\u24DB\\uFF4C\\u0140\\u013A\\u013E\\u1E37\\u1E39\\u013C\\u1E3D\\u1E3B\\u017F\\u0142\\u019A\\u026B\\u2C61\\uA749\\uA781\\uA747]","lj":"[\\u01C9]","m":"[\\u006D\\u24DC\\uFF4D\\u1E3F\\u1E41\\u1E43\\u0271\\u026F]","n":"[\\u006E\\u24DD\\uFF4E\\u01F9\\u0144\\u00F1\\u1E45\\u0148\\u1E47\\u0146\\u1E4B\\u1E49\\u019E\\u0272\\u0149\\uA791\\uA7A5]","nj":"[\\u01CC]","o":"[\\u006F\\u24DE\\uFF4F\\u00F2\\u00F3\\u00F4\\u1ED3\\u1ED1\\u1ED7\\u1ED5\\u00F5\\u1E4D\\u022D\\u1E4F\\u014D\\u1E51\\u1E53\\u014F\\u022F\\u0231\\u00F6\\u022B\\u1ECF\\u0151\\u01D2\\u020D\\u020F\\u01A1\\u1EDD\\u1EDB\\u1EE1\\u1EDF\\u1EE3\\u1ECD\\u1ED9\\u01EB\\u01ED\\u00F8\\u01FF\\u0254\\uA74B\\uA74D\\u0275]","oi":"[\\u01A3]","ou":"[\\u0223]","oo":"[\\uA74F]","p":"[\\u0070\\u24DF\\uFF50\\u1E55\\u1E57\\u01A5\\u1D7D\\uA751\\uA753\\uA755]","q":"[\\u0071\\u24E0\\uFF51\\u024B\\uA757\\uA759]","r":"[\\u0072\\u24E1\\uFF52\\u0155\\u1E59\\u0159\\u0211\\u0213\\u1E5B\\u1E5D\\u0157\\u1E5F\\u024D\\u027D\\uA75B\\uA7A7\\uA783]","s":"[\\u0073\\u24E2\\uFF53\\u015B\\u1E65\\u015D\\u1E61\\u0161\\u1E67\\u1E63\\u1E69\\u0219\\u015F\\u023F\\uA7A9\\uA785\\u1E9B]","ss":"[\\u00DF]","t":"[\\u0074\\u24E3\\uFF54\\u1E6B\\u1E97\\u0165\\u1E6D\\u021B\\u0163\\u1E71\\u1E6F\\u0167\\u01AD\\u0288\\u2C66\\uA787]","tz":"[\\uA729]","u":"[\\u0075\\u24E4\\uFF55\\u00F9\\u00FA\\u00FB\\u0169\\u1E79\\u016B\\u1E7B\\u016D\\u00FC\\u01DC\\u01D8\\u01D6\\u01DA\\u1EE7\\u016F\\u0171\\u01D4\\u0215\\u0217\\u01B0\\u1EEB\\u1EE9\\u1EEF\\u1EED\\u1EF1\\u1EE5\\u1E73\\u0173\\u1E77\\u1E75\\u0289]","v":"[\\u0076\\u24E5\\uFF56\\u1E7D\\u1E7F\\u028B\\uA75F\\u028C]","vy":"[\\uA761]","w":"[\\u0077\\u24E6\\uFF57\\u1E81\\u1E83\\u0175\\u1E87\\u1E85\\u1E98\\u1E89\\u2C73]","x":"[\\u0078\\u24E7\\uFF58\\u1E8B\\u1E8D]","y":"[\\u0079\\u24E8\\uFF59\\u1EF3\\u00FD\\u0177\\u1EF9\\u0233\\u1E8F\\u00FF\\u1EF7\\u1E99\\u1EF5\\u01B4\\u024F\\u1EFF]","z":"[\\u007A\\u24E9\\uFF5A\\u017A\\u1E91\\u017C\\u017E\\u1E93\\u1E95\\u01B6\\u0225\\u0240\\u2C6C\\uA763]"},"researchesTests":["contentHasTOC","contentHasShortParagraphs","contentHasAssets","keywordInTitle","keywordInMetaDescription","keywordInPermalink","keywordIn10Percent","keywordInContent","keywordInSubheadings","keywordInImageAlt","keywordDensity","keywordNotUsed","lengthContent","lengthPermalink","linksHasInternal","linksHasExternals","linksNotAllExternals","titleStartWithKeyword","titleSentiment","titleHasPowerWords","titleHasNumber","hasContentAI"],"hasRedirection":true,"hasBreadcrumb":true},"homeUrl":"https:\/\/organizzazione.cai.it\/sez-domegge-di-cadore","objectID":144,"objectType":"post","locale":"it","localeFull":"it_IT","overlayImages":{"play":{"name":"Icona di riproduzione","url":"https:\/\/organizzazione.cai.it\/sez-domegge-di-cadore\/wp-content\/plugins\/seo-by-rank-math\/assets\/admin\/img\/icon-play.png","path":"\/var\/www\/vhosts\/organizzazione.cai.it\/httpdocs\/wp-content\/plugins\/seo-by-rank-math\/assets\/admin\/img\/icon-play.png","position":"middle_center"},"gif":{"name":"Icona GIF","url":"https:\/\/organizzazione.cai.it\/sez-domegge-di-cadore\/wp-content\/plugins\/seo-by-rank-math\/assets\/admin\/img\/icon-gif.png","path":"\/var\/www\/vhosts\/organizzazione.cai.it\/httpdocs\/wp-content\/plugins\/seo-by-rank-math\/assets\/admin\/img\/icon-gif.png","position":"middle_center"}},"defautOgImage":"https:\/\/organizzazione.cai.it\/sez-domegge-di-cadore\/wp-content\/uploads\/sites\/122\/2024\/09\/og.webp","customPermalinks":true,"isUserRegistered":false,"autoSuggestKeywords":false,"connectSiteUrl":"https:\/\/rankmath.com\/auth?site=https%3A%2F%2Forganizzazione.cai.it%2Fsez-domegge-di-cadore&r=https%3A%2F%2Forganizzazione.cai.it%2Fsez-domegge-di-cadore%2Fwp-json%2Fwp%2Fv2%2Fpages%2F144%3Fnonce%3D8f4f36e386","maxTags":5,"trendsIcon":"<svg viewBox=\"0 0 610 610\"><path d=\"M18.85,446,174.32,290.48l58.08,58.08L76.93,504a14.54,14.54,0,0,1-20.55,0L18.83,466.48a14.54,14.54,0,0,1,0-20.55Z\" style=\"fill:#4285f4\"\/><path d=\"M242.65,242.66,377.59,377.6l-47.75,47.75a14.54,14.54,0,0,1-20.55,0L174.37,290.43l47.75-47.75A14.52,14.52,0,0,1,242.65,242.66Z\" style=\"fill:#ea4335\"\/><polygon points=\"319.53 319.53 479.26 159.8 537.34 217.88 377.61 377.62 319.53 319.53\" style=\"fill:#fabb05\"\/><path d=\"M594.26,262.73V118.61h0a16.94,16.94,0,0,0-16.94-16.94H433.2a16.94,16.94,0,0,0-12,28.92L565.34,274.71h0a16.94,16.94,0,0,0,28.92-12Z\" style=\"fill:#34a853\"\/><rect width=\"610\" height=\"610\" style=\"fill:none\"\/><\/svg>","showScore":true,"siteFavIcon":"data:image\/png;base64,iVBORw0KGgoAAAANSUhEUgAAABAAAAAQCAYAAAAf8\/9hAAABs0lEQVR4AWL4\/\/8\/RRjO8Iucx+noO0MWUDo16FYABMGP6ZfUcRnWtm27jVPbtm3bttuH2t3eFPcY9pLz7NxiLjCyVd87pKnHyqXyxtCs8APd0rnyxiu4qSeA3QEDrAwBDrT1s1Rc\/OrjLZwqVmOSu6+Lamcpp2KKMA9PH1BYXMe1mUP5qotvXTywsOEEYHXxrY+3cqk6TMkYpNr2FeoY3KIr0RPtn9wQ2unlA+GMkRw6+9TFw4YTwDUzx\/JVvARj9KaedXRO8P5B1Du2S32smzqUrcKGEyA+uAgQjKX7zf0boWHGfn71jIKj2689gxp7OAGShNcBUmLMPVjZuiKcA2vuWHHDCQxMCz629kXAIU4ApY15QwggAFbfOP9DhgBJ+nWVJ1AZAfICAj1pAlY6hCADZnveQf7bQIwzVONGJonhLIlS9gr5mFg44Xd+4S3XHoGNPdJl1INIwKyEgHckEhgTe1bGiFY9GSFBYUwLh1IkiJUbY407E7syBSFxKTszEoiE\/YdrgCEayDmtaJwCI9uu8TKMuZSVfSa4BpGgzvomBR\/INhLGzrqDotp01ZR8pn\/1L0JN9d9XNyx0AAAAAElFTkSuQmCC","canUser":{"general":false,"advanced":false,"snippet":false,"social":false,"analysis":false,"analytics":false,"content_ai":false},"showKeywordIntent":true,"isPro":false,"is_front_page":false,"trendsUpgradeLink":"https:\/\/rankmath.com\/pricing\/?utm_source=Plugin&utm_medium=CE%20General%20Tab%20Trends&utm_campaign=WP","trendsUpgradeLabel":"Aggiorna","trendsPreviewImage":"https:\/\/organizzazione.cai.it\/sez-domegge-di-cadore\/wp-content\/plugins\/seo-by-rank-math\/assets\/admin\/img\/trends-preview.jpg","currentEditor":false,"homepageData":{"assessor":{"powerWords":["incredibile","sorprendente","meraviglioso","unico","bello","felicit\u00e0","brillante","affascinante","carismatico","scioccante","chiaro","completamente","riservato","fiducia","significativo","creativo","definitivamente","delizioso","dimostrare","sbrigati","determinato","degno","dinamico","impressionante","essenziale","ispiratore","innovativo","intenso","efficace","magico","magnifico","storico","importante","incredibile","indispensabile","indimenticabile","irresistibile","leggendario","luminoso","lusso","magico","magnifico","maestoso","memorabile","miracoloso","motivante","necessario","nuovo","ufficiale","perfetto","appassionato","persuasivo","fenomenale","piacere","popolare","potere","prestigioso","prodigioso","profondo","prospero","potente","qualit\u00e0","radiante","veloce","di successo","rivoluzionario","soddisfatto","sicurezza","sensazionale","sereno","lussuoso","splendido","sublime","sorprendente","talentuoso","terrificante","unico","valore","vibrante","vittorioso","vivace","veramente","zelante","autentico","avventuroso","spettacolare","esclusivo","garantito","straordinario","favoloso","affascinante","formidabile","geniale","grandioso","gratuito","abile","illimitato","impeccabile","infallibile","infinitamente","influente","ingegnoso","indimenticabile","insostituibile","leader","maestro","notevole","innovativo","pioniere","potente","riconosciuto","rivoluzionario","sorprendente","superiore","trionfante","ultra","coraggioso","prezioso","avanguardia","vigoroso","visionario","volont\u00e0","vitale","trionfo","glorioso","inarrestabile","ineguagliabile","intelligente","invincibile","libert\u00e0","orgoglio","pace","progresso","rinnovato","saggezza","soddisfazione","sicuro","serenit\u00e0","superamento","talento","trascendente","trasformativo","coraggio","vittoria"],"diacritics":true,"researchesTests":["contentHasTOC","contentHasShortParagraphs","contentHasAssets","keywordInTitle","keywordInMetaDescription","keywordInPermalink","keywordIn10Percent","keywordInContent","keywordInSubheadings","keywordInImageAlt","keywordDensity","keywordNotUsed","lengthContent","lengthPermalink","linksHasInternal","linksHasExternals","linksNotAllExternals","titleStartWithKeyword","titleSentiment","titleHasPowerWords","titleHasNumber","hasContentAI"],"hasBreadcrumb":true,"serpData":{"title":"%sitename% %page% %sep% %sitedesc%","description":"","titleTemplate":"%sitename% %page% %sep% %sitedesc%","descriptionTemplate":"","focusKeywords":"","breadcrumbTitle":"Home","robots":{"index":true},"advancedRobots":{"max-snippet":"-1","max-video-preview":"-1","max-image-preview":"large"},"facebookTitle":"","facebookDescription":"","facebookImage":"","facebookImageID":""}}},"tocTitle":"Table of Contents","tocExcludeHeadings":[],"listStyle":"ul"},"_links":{"self":[{"href":"https:\/\/organizzazione.cai.it\/sez-domegge-di-cadore\/wp-json\/wp\/v2\/pages\/144"}],"collection":[{"href":"https:\/\/organizzazione.cai.it\/sez-domegge-di-cadore\/wp-json\/wp\/v2\/pages"}],"about":[{"href":"https:\/\/organizzazione.cai.it\/sez-domegge-di-cadore\/wp-json\/wp\/v2\/types\/page"}],"author":[{"embeddable":true,"href":"https:\/\/organizzazione.cai.it\/sez-domegge-di-cadore\/wp-json\/wp\/v2\/users\/238"}],"replies":[{"embeddable":true,"href":"https:\/\/organizzazione.cai.it\/sez-domegge-di-cadore\/wp-json\/wp\/v2\/comments?post=144"}],"version-history":[{"count":5,"href":"https:\/\/organizzazione.cai.it\/sez-domegge-di-cadore\/wp-json\/wp\/v2\/pages\/144\/revisions"}],"predecessor-version":[{"id":2223,"href":"https:\/\/organizzazione.cai.it\/sez-domegge-di-cadore\/wp-json\/wp\/v2\/pages\/144\/revisions\/2223"}],"wp:featuredmedia":[{"embeddable":true,"href":"https:\/\/organizzazione.cai.it\/sez-domegge-di-cadore\/wp-json\/wp\/v2\/media\/36"}],"wp:attachment":[{"href":"https:\/\/organizzazione.cai.it\/sez-domegge-di-cadore\/wp-json\/wp\/v2\/media?parent=144"}],"curies":[{"name":"wp","href":"https:\/\/api.w.org\/{rel}","templated":true}]}}