{"id":275,"date":"2024-11-05T15:09:13","date_gmt":"2024-11-05T15:09:13","guid":{"rendered":"https:\/\/organizzazione.cai.it\/sez-montecchio-maggiore\/?page_id=275"},"modified":"2026-04-01T10:24:16","modified_gmt":"2026-04-01T08:24:16","slug":"commissione-escursionismo","status":"publish","type":"page","link":"https:\/\/organizzazione.cai.it\/sez-montecchio-maggiore\/commissione-escursionismo\/","title":{"rendered":"Commissione Escursionismo"},"content":{"rendered":"\n<figure class=\"wp-block-image size-full is-style-rounded\"><img loading=\"lazy\" decoding=\"async\" width=\"1333\" height=\"507\" src=\"https:\/\/organizzazione.cai.it\/sez-montecchio-maggiore\/wp-content\/uploads\/sites\/51\/2024\/11\/cai-montecchio-maggiore-esursionismo-commissione.webp\" alt=\"- CAI\" class=\"wp-image-281\" title=\"\" srcset=\"https:\/\/organizzazione.cai.it\/sez-montecchio-maggiore\/wp-content\/uploads\/sites\/51\/2024\/11\/cai-montecchio-maggiore-esursionismo-commissione.webp 1333w, https:\/\/organizzazione.cai.it\/sez-montecchio-maggiore\/wp-content\/uploads\/sites\/51\/2024\/11\/cai-montecchio-maggiore-esursionismo-commissione-1280x487.webp 1280w, https:\/\/organizzazione.cai.it\/sez-montecchio-maggiore\/wp-content\/uploads\/sites\/51\/2024\/11\/cai-montecchio-maggiore-esursionismo-commissione-768x292.webp 768w\" sizes=\"(max-width: 1333px) 100vw, 1333px\" \/><\/figure>\n\n\n\n<div style=\"height:30px\" aria-hidden=\"true\" class=\"wp-block-spacer\"><\/div>\n\n\n\n<h3 class=\"wp-block-heading has-contrast-2-color has-text-color has-link-color wp-elements-1e83b41be817f8e4c9fe1cd72016daa0\"><strong>Componenti della Commissione Escursionismo<\/strong><\/h3>\n\n\n\n<p>La Commissione per l\u2019Escursionismo della Sezione CAI Montecchio Maggiore \u00e8 composta da soci volontari e si occupa dell\u2019organizzazione di:<\/p>\n\n\n\n<figure class=\"wp-block-image aligncenter size-full\"><a href=\"https:\/\/organizzazione.cai.it\/sez-montecchio-maggiore\/wp-content\/uploads\/sites\/51\/2024\/12\/cai_montecchiomaggiore_escursionismo.webp\"><img loading=\"lazy\" decoding=\"async\" width=\"1262\" height=\"921\" src=\"https:\/\/organizzazione.cai.it\/sez-montecchio-maggiore\/wp-content\/uploads\/sites\/51\/2024\/12\/cai_montecchiomaggiore_escursionismo.webp\" alt=\"- CAI\" class=\"wp-image-808\" title=\"\" srcset=\"https:\/\/organizzazione.cai.it\/sez-montecchio-maggiore\/wp-content\/uploads\/sites\/51\/2024\/12\/cai_montecchiomaggiore_escursionismo.webp 1262w, https:\/\/organizzazione.cai.it\/sez-montecchio-maggiore\/wp-content\/uploads\/sites\/51\/2024\/12\/cai_montecchiomaggiore_escursionismo-987x720.webp 987w, https:\/\/organizzazione.cai.it\/sez-montecchio-maggiore\/wp-content\/uploads\/sites\/51\/2024\/12\/cai_montecchiomaggiore_escursionismo-768x560.webp 768w\" sizes=\"(max-width: 1262px) 100vw, 1262px\" \/><\/a><\/figure>\n\n\n\n<div class=\"wp-block-columns is-layout-flex wp-container-core-columns-is-layout-1 wp-block-columns-is-layout-flex\">\n<div class=\"wp-block-column is-layout-flow wp-block-column-is-layout-flow\">\n<p class=\"has-text-align-left\"><strong>MATTIELLO Chiara<\/strong> AE \u2013 EEA \u2013 EAI Responsabile Commissione<br><strong>ROSSI Giampaolo<\/strong> ANE<br><strong>LORA Tiziano <\/strong>AE<br><strong>BARBAN Piermario<\/strong> ASE<br><strong>CENZATO Pierluigi<\/strong> ASC<\/p>\n<\/div>\n\n\n\n<div class=\"wp-block-column is-layout-flow wp-block-column-is-layout-flow\">\n<p class=\"has-text-align-left\"><strong>PELLIZZARO Giuseppe<\/strong> ASC<br><strong>ZARANTONELLO Tiziano<\/strong> Collaboratore<br><strong>CHEMELLO Ivano<\/strong> Collaboratore<br><strong>FRIGO Cesira<\/strong> Collaboratore<br><strong>CAMPIGOTTO Claudio<\/strong> Collaboratore<br><strong>NARDOTTO Amelia<\/strong> Collaboratore<br><\/p>\n<\/div>\n<\/div>\n\n\n\n<div style=\"height:30px\" aria-hidden=\"true\" class=\"wp-block-spacer\"><\/div>\n\n\n\n<h4 class=\"wp-block-heading has-contrast-2-color has-text-color has-link-color wp-elements-1c3c6b7d4d6d09be9a5a185aea0f0213\"><strong>Escursioni sociali Regolamento<\/strong><\/h4>\n\n\n\n<p><strong><strong>Art. 1 &#8211; PARTECIPAZIONE<\/strong><\/strong><br>Alle attivit\u00e0 escursionistiche possono prendervi parte tutti i soci del C.A.I. in regola con il pagamento della quota annuale. Nel corso delle escursioni non sono ammessi animali al seguito. Nella formazione di gruppi a numero chiuso, i soci della sezione hanno diritto di precedenza. <strong>OGNI PARTECIPANTE all\u2019escursione deve:<\/strong><\/p>\n\n\n\n<ul>\n<li>Prendere visione del programma per valutare le prevedibili difficolt\u00e0 e impegno, cos\u00ec da decidere sull\u2019opportunit\u00e0 di iscriversi in base alla preparazione fisica e al possesso di un adeguato equipaggiamento;<\/li>\n\n\n\n<li>Osservare scrupolosamente le disposizioni impartite dal direttore di escursione e dai suoi eventuali collaboratori, e adottare tutti gli accorgimenti atti a garantire la propria ed altrui incolumit\u00e0;<\/li>\n\n\n\n<li>Mantenere un rapporto con i compagni di escursione improntato a cordialit\u00e0, correttezza, solidariet\u00e0 e rispetto della civile convivenza;<\/li>\n\n\n\n<li>Evitare gesti inutili o dannosi nei confronti dell\u2019ambiente ove si svolge l\u2019escursione (come uscire dal sentiero o traccia, gettare rifiuti compresi quelli ritenuti biodegradabili, cogliere fiori, funghi se la raccolta \u00e8 regolamentata, disturbare la fauna, ecc.).<\/li>\n<\/ul>\n\n\n\n<p>L\u2019escursionista non in grado di proseguire a giudizio del D.E., verr\u00e0 fatto riaccompagnare da una o pi\u00f9 persone di fiducia dello stesso, tenendo conto delle condizioni contingenti. Non sono ammesse pertanto, in via generale, iniziative personali volte a precedere il D.E. o ad effettuare variazioni di percorso; ogni eccezione che consenta di svolgere attivit\u00e0 individuale va concordata preventivamente con il D.E. e avverr\u00e0 sotto l\u2019esclusiva responsabilit\u00e0 di chi si stacca dal gruppo. In caso di disobbedienza alle esplicite disposizioni del D.E., il partecipante assumer\u00e0 in proprio le conseguenze del suo comportamento.<br>Eventuali dissensi e reclami dovranno essere motivati e rivolti, dopo l\u2019escursione, in forma scritta e sottoscritta, al responsabile del C.S.E. e al Presidente di Sezione. Il socio che, con il suo comportamento compromette la buona armonia e, in definitiva, la buona riuscita dell\u2019escursione, sar\u00e0 segnalato, dal D.E. alla C.S.E. per i provvedimenti del caso.<\/p>\n\n\n\n<p><strong><strong>Articolo 2 &#8211; ISCRIZIONE<\/strong><\/strong><br>Le <strong>prenotazioni <\/strong>vengono accettate dal D.E. o da un suo delegato, presso la sede sociale, nei giorni di marted\u00ec e gioved\u00ec dalle ore 20.30 alle 22.00.<br>Per le gite in pullman all\u2019atto della prenotazione deve essere versato un acconto di \u20ac 10 per persona iscritta. Possono essere accettate iscrizioni anche per telefono, purch\u00e9 l\u2019acconto sia effettuato entro il marted\u00ec precedente l\u2019escursione. I partecipanti, nel caso di attivit\u00e0 di pi\u00f9 giorni, sono tenuti a versare una quota in anticipo decisa di volta in volta entro una data stabilita, in caso contrario la prenotazione non sar\u00e0 ritenuta valida. Gli anticipi saranno rimborsati solo in caso di annullamento dell\u2019escursione. Per i soci di et\u00e0 inferiore ad anni 18 la quota, relativa ai mezzi di trasporto, \u00e8 ridotta del 20%, e la partecipazione \u00e8 condizionata alla presenza del genitore\/vice o da un tutore. In caso di rinuncia della persona iscritta dopo la chiusura delle iscrizioni o di sua mancata presentazione alla partenza, la quota di partecipazione versata pu\u00f2 essere <strong>rimborsata <\/strong>solo alle seguenti condizioni: Sostituzione con altro partecipante; In caso di gravi motivi personali.<br>Nel caso in cui il partecipante si sia iscritto all\u2019escursione <strong>senza versare la relativa quota<\/strong>, e successivamente rinunci dopo la chiusura delle iscrizioni o non si presenti alla partenza, egli \u00e8 tenuto ugualmente al pagamento della quota non versata (salvo i due casi di cui sopra).<\/p>\n\n\n\n<div style=\"height:30px\" aria-hidden=\"true\" class=\"wp-block-spacer\"><\/div>\n\n\n\n<h3 class=\"wp-block-heading has-contrast-2-color has-text-color has-link-color wp-elements-e5aefa5a7764a4b5c6ec5ce65aa0b373\"><strong>Scopri le attivit\u00e0<\/strong><\/h3>\n\n\n\n<figure class=\"wp-block-gallery has-nested-images columns-default wp-block-gallery-1 is-layout-flex wp-block-gallery-is-layout-flex\">\n<figure class=\"wp-block-image size-large\"><a href=\"https:\/\/organizzazione.cai.it\/sez-montecchio-maggiore\/wp-content\/uploads\/sites\/51\/2026\/01\/cai-monteccio-maggiore-escursioni-sui-colli-2026-1.webp\"><img loading=\"lazy\" decoding=\"async\" width=\"795\" height=\"1080\" data-id=\"7371\" src=\"https:\/\/organizzazione.cai.it\/sez-montecchio-maggiore\/wp-content\/uploads\/sites\/51\/2026\/01\/cai-monteccio-maggiore-escursioni-sui-colli-2026-1-795x1080.webp\" alt=\"- CAI\" class=\"wp-image-7371\" title=\"\" srcset=\"https:\/\/organizzazione.cai.it\/sez-montecchio-maggiore\/wp-content\/uploads\/sites\/51\/2026\/01\/cai-monteccio-maggiore-escursioni-sui-colli-2026-1-795x1080.webp 795w, https:\/\/organizzazione.cai.it\/sez-montecchio-maggiore\/wp-content\/uploads\/sites\/51\/2026\/01\/cai-monteccio-maggiore-escursioni-sui-colli-2026-1-530x720.webp 530w, https:\/\/organizzazione.cai.it\/sez-montecchio-maggiore\/wp-content\/uploads\/sites\/51\/2026\/01\/cai-monteccio-maggiore-escursioni-sui-colli-2026-1-768x1043.webp 768w, https:\/\/organizzazione.cai.it\/sez-montecchio-maggiore\/wp-content\/uploads\/sites\/51\/2026\/01\/cai-monteccio-maggiore-escursioni-sui-colli-2026-1.webp 827w\" sizes=\"(max-width: 795px) 100vw, 795px\" \/><\/a><\/figure>\n\n\n\n<figure class=\"wp-block-image size-large\"><a href=\"https:\/\/organizzazione.cai.it\/sez-montecchio-maggiore\/wp-content\/uploads\/sites\/51\/2026\/01\/cai-monteccio-maggiore-escursioni-sui-colli-2026-2.webp\"><img loading=\"lazy\" decoding=\"async\" width=\"796\" height=\"1080\" data-id=\"7372\" src=\"https:\/\/organizzazione.cai.it\/sez-montecchio-maggiore\/wp-content\/uploads\/sites\/51\/2026\/01\/cai-monteccio-maggiore-escursioni-sui-colli-2026-2-796x1080.webp\" alt=\"- CAI\" class=\"wp-image-7372\" title=\"\" srcset=\"https:\/\/organizzazione.cai.it\/sez-montecchio-maggiore\/wp-content\/uploads\/sites\/51\/2026\/01\/cai-monteccio-maggiore-escursioni-sui-colli-2026-2-796x1080.webp 796w, https:\/\/organizzazione.cai.it\/sez-montecchio-maggiore\/wp-content\/uploads\/sites\/51\/2026\/01\/cai-monteccio-maggiore-escursioni-sui-colli-2026-2-531x720.webp 531w, https:\/\/organizzazione.cai.it\/sez-montecchio-maggiore\/wp-content\/uploads\/sites\/51\/2026\/01\/cai-monteccio-maggiore-escursioni-sui-colli-2026-2-768x1042.webp 768w, https:\/\/organizzazione.cai.it\/sez-montecchio-maggiore\/wp-content\/uploads\/sites\/51\/2026\/01\/cai-monteccio-maggiore-escursioni-sui-colli-2026-2.webp 1103w\" sizes=\"(max-width: 796px) 100vw, 796px\" \/><\/a><\/figure>\n\n\n\n<figure class=\"wp-block-image size-large\"><a href=\"https:\/\/organizzazione.cai.it\/sez-montecchio-maggiore\/wp-content\/uploads\/sites\/51\/2026\/01\/cai-monteccio-maggiore-escursioni-sui-colli-2026-3.webp\"><img loading=\"lazy\" decoding=\"async\" width=\"796\" height=\"1080\" data-id=\"7373\" src=\"https:\/\/organizzazione.cai.it\/sez-montecchio-maggiore\/wp-content\/uploads\/sites\/51\/2026\/01\/cai-monteccio-maggiore-escursioni-sui-colli-2026-3-796x1080.webp\" alt=\"- CAI\" class=\"wp-image-7373\" title=\"\" srcset=\"https:\/\/organizzazione.cai.it\/sez-montecchio-maggiore\/wp-content\/uploads\/sites\/51\/2026\/01\/cai-monteccio-maggiore-escursioni-sui-colli-2026-3-796x1080.webp 796w, https:\/\/organizzazione.cai.it\/sez-montecchio-maggiore\/wp-content\/uploads\/sites\/51\/2026\/01\/cai-monteccio-maggiore-escursioni-sui-colli-2026-3-531x720.webp 531w, https:\/\/organizzazione.cai.it\/sez-montecchio-maggiore\/wp-content\/uploads\/sites\/51\/2026\/01\/cai-monteccio-maggiore-escursioni-sui-colli-2026-3-768x1042.webp 768w, https:\/\/organizzazione.cai.it\/sez-montecchio-maggiore\/wp-content\/uploads\/sites\/51\/2026\/01\/cai-monteccio-maggiore-escursioni-sui-colli-2026-3.webp 1103w\" sizes=\"(max-width: 796px) 100vw, 796px\" \/><\/a><\/figure>\n\n\n\n<figure class=\"wp-block-image size-large\"><a href=\"https:\/\/organizzazione.cai.it\/sez-montecchio-maggiore\/wp-content\/uploads\/sites\/51\/2026\/01\/cai-monteccio-maggiore-escursioni-sui-colli-2026-4.webp\"><img loading=\"lazy\" decoding=\"async\" width=\"795\" height=\"1080\" data-id=\"7374\" src=\"https:\/\/organizzazione.cai.it\/sez-montecchio-maggiore\/wp-content\/uploads\/sites\/51\/2026\/01\/cai-monteccio-maggiore-escursioni-sui-colli-2026-4-795x1080.webp\" alt=\"- CAI\" class=\"wp-image-7374\" title=\"\" srcset=\"https:\/\/organizzazione.cai.it\/sez-montecchio-maggiore\/wp-content\/uploads\/sites\/51\/2026\/01\/cai-monteccio-maggiore-escursioni-sui-colli-2026-4-795x1080.webp 795w, https:\/\/organizzazione.cai.it\/sez-montecchio-maggiore\/wp-content\/uploads\/sites\/51\/2026\/01\/cai-monteccio-maggiore-escursioni-sui-colli-2026-4-530x720.webp 530w, https:\/\/organizzazione.cai.it\/sez-montecchio-maggiore\/wp-content\/uploads\/sites\/51\/2026\/01\/cai-monteccio-maggiore-escursioni-sui-colli-2026-4-768x1043.webp 768w, https:\/\/organizzazione.cai.it\/sez-montecchio-maggiore\/wp-content\/uploads\/sites\/51\/2026\/01\/cai-monteccio-maggiore-escursioni-sui-colli-2026-4.webp 827w\" sizes=\"(max-width: 795px) 100vw, 795px\" \/><\/a><\/figure>\n\n\n\n<figure class=\"wp-block-image size-large\"><a href=\"https:\/\/organizzazione.cai.it\/sez-montecchio-maggiore\/wp-content\/uploads\/sites\/51\/2026\/01\/cai-monteccio-maggiore-escursioni-sui-colli-2026-5.webp\"><img loading=\"lazy\" decoding=\"async\" width=\"795\" height=\"1080\" data-id=\"7375\" src=\"https:\/\/organizzazione.cai.it\/sez-montecchio-maggiore\/wp-content\/uploads\/sites\/51\/2026\/01\/cai-monteccio-maggiore-escursioni-sui-colli-2026-5-795x1080.webp\" alt=\"- CAI\" class=\"wp-image-7375\" title=\"\" srcset=\"https:\/\/organizzazione.cai.it\/sez-montecchio-maggiore\/wp-content\/uploads\/sites\/51\/2026\/01\/cai-monteccio-maggiore-escursioni-sui-colli-2026-5-795x1080.webp 795w, https:\/\/organizzazione.cai.it\/sez-montecchio-maggiore\/wp-content\/uploads\/sites\/51\/2026\/01\/cai-monteccio-maggiore-escursioni-sui-colli-2026-5-530x720.webp 530w, https:\/\/organizzazione.cai.it\/sez-montecchio-maggiore\/wp-content\/uploads\/sites\/51\/2026\/01\/cai-monteccio-maggiore-escursioni-sui-colli-2026-5-768x1043.webp 768w, https:\/\/organizzazione.cai.it\/sez-montecchio-maggiore\/wp-content\/uploads\/sites\/51\/2026\/01\/cai-monteccio-maggiore-escursioni-sui-colli-2026-5.webp 827w\" sizes=\"(max-width: 795px) 100vw, 795px\" \/><\/a><\/figure>\n\n\n\n<figure class=\"wp-block-image size-large\"><a href=\"https:\/\/organizzazione.cai.it\/sez-montecchio-maggiore\/wp-content\/uploads\/sites\/51\/2026\/01\/cai-monteccio-maggiore-escursioni-sui-colli-2026-6.webp\"><img loading=\"lazy\" decoding=\"async\" width=\"795\" height=\"1080\" data-id=\"7376\" src=\"https:\/\/organizzazione.cai.it\/sez-montecchio-maggiore\/wp-content\/uploads\/sites\/51\/2026\/01\/cai-monteccio-maggiore-escursioni-sui-colli-2026-6-795x1080.webp\" alt=\"- CAI\" class=\"wp-image-7376\" title=\"\" srcset=\"https:\/\/organizzazione.cai.it\/sez-montecchio-maggiore\/wp-content\/uploads\/sites\/51\/2026\/01\/cai-monteccio-maggiore-escursioni-sui-colli-2026-6-795x1080.webp 795w, https:\/\/organizzazione.cai.it\/sez-montecchio-maggiore\/wp-content\/uploads\/sites\/51\/2026\/01\/cai-monteccio-maggiore-escursioni-sui-colli-2026-6-530x720.webp 530w, https:\/\/organizzazione.cai.it\/sez-montecchio-maggiore\/wp-content\/uploads\/sites\/51\/2026\/01\/cai-monteccio-maggiore-escursioni-sui-colli-2026-6-768x1043.webp 768w, https:\/\/organizzazione.cai.it\/sez-montecchio-maggiore\/wp-content\/uploads\/sites\/51\/2026\/01\/cai-monteccio-maggiore-escursioni-sui-colli-2026-6.webp 827w\" sizes=\"(max-width: 795px) 100vw, 795px\" \/><\/a><\/figure>\n\n\n\n<figure class=\"wp-block-image size-large\"><a href=\"https:\/\/organizzazione.cai.it\/sez-montecchio-maggiore\/wp-content\/uploads\/sites\/51\/2026\/01\/cai-monteccio-maggiore-escursioni-sui-colli-2026-7.webp\"><img loading=\"lazy\" decoding=\"async\" width=\"795\" height=\"1080\" data-id=\"7377\" src=\"https:\/\/organizzazione.cai.it\/sez-montecchio-maggiore\/wp-content\/uploads\/sites\/51\/2026\/01\/cai-monteccio-maggiore-escursioni-sui-colli-2026-7-795x1080.webp\" alt=\"- CAI\" class=\"wp-image-7377\" title=\"\" srcset=\"https:\/\/organizzazione.cai.it\/sez-montecchio-maggiore\/wp-content\/uploads\/sites\/51\/2026\/01\/cai-monteccio-maggiore-escursioni-sui-colli-2026-7-795x1080.webp 795w, https:\/\/organizzazione.cai.it\/sez-montecchio-maggiore\/wp-content\/uploads\/sites\/51\/2026\/01\/cai-monteccio-maggiore-escursioni-sui-colli-2026-7-530x720.webp 530w, https:\/\/organizzazione.cai.it\/sez-montecchio-maggiore\/wp-content\/uploads\/sites\/51\/2026\/01\/cai-monteccio-maggiore-escursioni-sui-colli-2026-7-768x1043.webp 768w, https:\/\/organizzazione.cai.it\/sez-montecchio-maggiore\/wp-content\/uploads\/sites\/51\/2026\/01\/cai-monteccio-maggiore-escursioni-sui-colli-2026-7.webp 827w\" sizes=\"(max-width: 795px) 100vw, 795px\" \/><\/a><\/figure>\n\n\n\n<figure class=\"wp-block-image size-large\"><a href=\"https:\/\/organizzazione.cai.it\/sez-montecchio-maggiore\/wp-content\/uploads\/sites\/51\/2026\/01\/cai-monteccio-maggiore-escursioni-sui-colli-2026-8.webp\"><img loading=\"lazy\" decoding=\"async\" width=\"795\" height=\"1080\" data-id=\"7378\" src=\"https:\/\/organizzazione.cai.it\/sez-montecchio-maggiore\/wp-content\/uploads\/sites\/51\/2026\/01\/cai-monteccio-maggiore-escursioni-sui-colli-2026-8-795x1080.webp\" alt=\"- CAI\" class=\"wp-image-7378\" title=\"\" srcset=\"https:\/\/organizzazione.cai.it\/sez-montecchio-maggiore\/wp-content\/uploads\/sites\/51\/2026\/01\/cai-monteccio-maggiore-escursioni-sui-colli-2026-8-795x1080.webp 795w, https:\/\/organizzazione.cai.it\/sez-montecchio-maggiore\/wp-content\/uploads\/sites\/51\/2026\/01\/cai-monteccio-maggiore-escursioni-sui-colli-2026-8-530x720.webp 530w, https:\/\/organizzazione.cai.it\/sez-montecchio-maggiore\/wp-content\/uploads\/sites\/51\/2026\/01\/cai-monteccio-maggiore-escursioni-sui-colli-2026-8-768x1043.webp 768w, https:\/\/organizzazione.cai.it\/sez-montecchio-maggiore\/wp-content\/uploads\/sites\/51\/2026\/01\/cai-monteccio-maggiore-escursioni-sui-colli-2026-8.webp 827w\" sizes=\"(max-width: 795px) 100vw, 795px\" \/><\/a><\/figure>\n\n\n\n<figure class=\"wp-block-image size-large\"><a href=\"https:\/\/organizzazione.cai.it\/sez-montecchio-maggiore\/wp-content\/uploads\/sites\/51\/2026\/01\/cai-monteccio-maggiore-escursioni-sui-colli-2026-9.webp\"><img loading=\"lazy\" decoding=\"async\" width=\"795\" height=\"1080\" data-id=\"7379\" src=\"https:\/\/organizzazione.cai.it\/sez-montecchio-maggiore\/wp-content\/uploads\/sites\/51\/2026\/01\/cai-monteccio-maggiore-escursioni-sui-colli-2026-9-795x1080.webp\" alt=\"- CAI\" class=\"wp-image-7379\" title=\"\" srcset=\"https:\/\/organizzazione.cai.it\/sez-montecchio-maggiore\/wp-content\/uploads\/sites\/51\/2026\/01\/cai-monteccio-maggiore-escursioni-sui-colli-2026-9-795x1080.webp 795w, https:\/\/organizzazione.cai.it\/sez-montecchio-maggiore\/wp-content\/uploads\/sites\/51\/2026\/01\/cai-monteccio-maggiore-escursioni-sui-colli-2026-9-530x720.webp 530w, https:\/\/organizzazione.cai.it\/sez-montecchio-maggiore\/wp-content\/uploads\/sites\/51\/2026\/01\/cai-monteccio-maggiore-escursioni-sui-colli-2026-9-768x1043.webp 768w, https:\/\/organizzazione.cai.it\/sez-montecchio-maggiore\/wp-content\/uploads\/sites\/51\/2026\/01\/cai-monteccio-maggiore-escursioni-sui-colli-2026-9.webp 827w\" sizes=\"(max-width: 795px) 100vw, 795px\" \/><\/a><\/figure>\n\n\n\n<figure class=\"wp-block-image size-large\"><a href=\"https:\/\/organizzazione.cai.it\/sez-montecchio-maggiore\/wp-content\/uploads\/sites\/51\/2026\/01\/cai-monteccio-maggiore-escursioni-sui-colli-2026-10.webp\"><img loading=\"lazy\" decoding=\"async\" width=\"796\" height=\"1080\" data-id=\"7380\" src=\"https:\/\/organizzazione.cai.it\/sez-montecchio-maggiore\/wp-content\/uploads\/sites\/51\/2026\/01\/cai-monteccio-maggiore-escursioni-sui-colli-2026-10-796x1080.webp\" alt=\"- CAI\" class=\"wp-image-7380\" title=\"\" srcset=\"https:\/\/organizzazione.cai.it\/sez-montecchio-maggiore\/wp-content\/uploads\/sites\/51\/2026\/01\/cai-monteccio-maggiore-escursioni-sui-colli-2026-10-796x1080.webp 796w, https:\/\/organizzazione.cai.it\/sez-montecchio-maggiore\/wp-content\/uploads\/sites\/51\/2026\/01\/cai-monteccio-maggiore-escursioni-sui-colli-2026-10-531x720.webp 531w, https:\/\/organizzazione.cai.it\/sez-montecchio-maggiore\/wp-content\/uploads\/sites\/51\/2026\/01\/cai-monteccio-maggiore-escursioni-sui-colli-2026-10-768x1042.webp 768w, https:\/\/organizzazione.cai.it\/sez-montecchio-maggiore\/wp-content\/uploads\/sites\/51\/2026\/01\/cai-monteccio-maggiore-escursioni-sui-colli-2026-10.webp 1103w\" sizes=\"(max-width: 796px) 100vw, 796px\" \/><\/a><\/figure>\n\n\n\n<figure class=\"wp-block-image size-large\"><a href=\"https:\/\/organizzazione.cai.it\/sez-montecchio-maggiore\/wp-content\/uploads\/sites\/51\/2026\/01\/cai-monteccio-maggiore-escursioni-sui-colli-2026-11.webp\"><img loading=\"lazy\" decoding=\"async\" width=\"795\" height=\"1080\" data-id=\"7381\" src=\"https:\/\/organizzazione.cai.it\/sez-montecchio-maggiore\/wp-content\/uploads\/sites\/51\/2026\/01\/cai-monteccio-maggiore-escursioni-sui-colli-2026-11-795x1080.webp\" alt=\"- CAI\" class=\"wp-image-7381\" title=\"\" srcset=\"https:\/\/organizzazione.cai.it\/sez-montecchio-maggiore\/wp-content\/uploads\/sites\/51\/2026\/01\/cai-monteccio-maggiore-escursioni-sui-colli-2026-11-795x1080.webp 795w, https:\/\/organizzazione.cai.it\/sez-montecchio-maggiore\/wp-content\/uploads\/sites\/51\/2026\/01\/cai-monteccio-maggiore-escursioni-sui-colli-2026-11-530x720.webp 530w, https:\/\/organizzazione.cai.it\/sez-montecchio-maggiore\/wp-content\/uploads\/sites\/51\/2026\/01\/cai-monteccio-maggiore-escursioni-sui-colli-2026-11-768x1043.webp 768w, https:\/\/organizzazione.cai.it\/sez-montecchio-maggiore\/wp-content\/uploads\/sites\/51\/2026\/01\/cai-monteccio-maggiore-escursioni-sui-colli-2026-11.webp 827w\" sizes=\"(max-width: 795px) 100vw, 795px\" \/><\/a><\/figure>\n\n\n\n<figure class=\"wp-block-image size-large\"><a href=\"https:\/\/organizzazione.cai.it\/sez-montecchio-maggiore\/wp-content\/uploads\/sites\/51\/2026\/01\/cai-monteccio-maggiore-escursioni-sui-colli-2026-12.webp\"><img loading=\"lazy\" decoding=\"async\" width=\"795\" height=\"1080\" data-id=\"7382\" src=\"https:\/\/organizzazione.cai.it\/sez-montecchio-maggiore\/wp-content\/uploads\/sites\/51\/2026\/01\/cai-monteccio-maggiore-escursioni-sui-colli-2026-12-795x1080.webp\" alt=\"- CAI\" class=\"wp-image-7382\" title=\"\" srcset=\"https:\/\/organizzazione.cai.it\/sez-montecchio-maggiore\/wp-content\/uploads\/sites\/51\/2026\/01\/cai-monteccio-maggiore-escursioni-sui-colli-2026-12-795x1080.webp 795w, https:\/\/organizzazione.cai.it\/sez-montecchio-maggiore\/wp-content\/uploads\/sites\/51\/2026\/01\/cai-monteccio-maggiore-escursioni-sui-colli-2026-12-530x720.webp 530w, https:\/\/organizzazione.cai.it\/sez-montecchio-maggiore\/wp-content\/uploads\/sites\/51\/2026\/01\/cai-monteccio-maggiore-escursioni-sui-colli-2026-12-768x1043.webp 768w, https:\/\/organizzazione.cai.it\/sez-montecchio-maggiore\/wp-content\/uploads\/sites\/51\/2026\/01\/cai-monteccio-maggiore-escursioni-sui-colli-2026-12.webp 827w\" sizes=\"(max-width: 795px) 100vw, 795px\" \/><\/a><\/figure>\n\n\n\n<figure class=\"wp-block-image size-large\"><a href=\"https:\/\/organizzazione.cai.it\/sez-montecchio-maggiore\/wp-content\/uploads\/sites\/51\/2026\/01\/cai-monteccio-maggiore-escursioni-sui-colli-2026-13.webp\"><img loading=\"lazy\" decoding=\"async\" width=\"795\" height=\"1080\" data-id=\"7383\" src=\"https:\/\/organizzazione.cai.it\/sez-montecchio-maggiore\/wp-content\/uploads\/sites\/51\/2026\/01\/cai-monteccio-maggiore-escursioni-sui-colli-2026-13-795x1080.webp\" alt=\"- CAI\" class=\"wp-image-7383\" title=\"\" srcset=\"https:\/\/organizzazione.cai.it\/sez-montecchio-maggiore\/wp-content\/uploads\/sites\/51\/2026\/01\/cai-monteccio-maggiore-escursioni-sui-colli-2026-13-795x1080.webp 795w, https:\/\/organizzazione.cai.it\/sez-montecchio-maggiore\/wp-content\/uploads\/sites\/51\/2026\/01\/cai-monteccio-maggiore-escursioni-sui-colli-2026-13-530x720.webp 530w, https:\/\/organizzazione.cai.it\/sez-montecchio-maggiore\/wp-content\/uploads\/sites\/51\/2026\/01\/cai-monteccio-maggiore-escursioni-sui-colli-2026-13-768x1043.webp 768w, https:\/\/organizzazione.cai.it\/sez-montecchio-maggiore\/wp-content\/uploads\/sites\/51\/2026\/01\/cai-monteccio-maggiore-escursioni-sui-colli-2026-13.webp 827w\" sizes=\"(max-width: 795px) 100vw, 795px\" \/><\/a><\/figure>\n\n\n\n<figure class=\"wp-block-image size-large\"><a href=\"https:\/\/organizzazione.cai.it\/sez-montecchio-maggiore\/wp-content\/uploads\/sites\/51\/2026\/01\/cai-monteccio-maggiore-escursioni-sui-colli-2026-14.webp\"><img loading=\"lazy\" decoding=\"async\" width=\"795\" height=\"1080\" data-id=\"7384\" src=\"https:\/\/organizzazione.cai.it\/sez-montecchio-maggiore\/wp-content\/uploads\/sites\/51\/2026\/01\/cai-monteccio-maggiore-escursioni-sui-colli-2026-14-795x1080.webp\" alt=\"- CAI\" class=\"wp-image-7384\" title=\"\" srcset=\"https:\/\/organizzazione.cai.it\/sez-montecchio-maggiore\/wp-content\/uploads\/sites\/51\/2026\/01\/cai-monteccio-maggiore-escursioni-sui-colli-2026-14-795x1080.webp 795w, https:\/\/organizzazione.cai.it\/sez-montecchio-maggiore\/wp-content\/uploads\/sites\/51\/2026\/01\/cai-monteccio-maggiore-escursioni-sui-colli-2026-14-530x720.webp 530w, https:\/\/organizzazione.cai.it\/sez-montecchio-maggiore\/wp-content\/uploads\/sites\/51\/2026\/01\/cai-monteccio-maggiore-escursioni-sui-colli-2026-14-768x1043.webp 768w, https:\/\/organizzazione.cai.it\/sez-montecchio-maggiore\/wp-content\/uploads\/sites\/51\/2026\/01\/cai-monteccio-maggiore-escursioni-sui-colli-2026-14.webp 827w\" sizes=\"(max-width: 795px) 100vw, 795px\" \/><\/a><\/figure>\n\n\n\n<figure class=\"wp-block-image size-large\"><a href=\"https:\/\/organizzazione.cai.it\/sez-montecchio-maggiore\/wp-content\/uploads\/sites\/51\/2026\/01\/cai-monteccio-maggiore-escursioni-sui-colli-2026-15.webp\"><img loading=\"lazy\" decoding=\"async\" width=\"795\" height=\"1080\" data-id=\"7385\" src=\"https:\/\/organizzazione.cai.it\/sez-montecchio-maggiore\/wp-content\/uploads\/sites\/51\/2026\/01\/cai-monteccio-maggiore-escursioni-sui-colli-2026-15-795x1080.webp\" alt=\"- CAI\" class=\"wp-image-7385\" title=\"\" srcset=\"https:\/\/organizzazione.cai.it\/sez-montecchio-maggiore\/wp-content\/uploads\/sites\/51\/2026\/01\/cai-monteccio-maggiore-escursioni-sui-colli-2026-15-795x1080.webp 795w, https:\/\/organizzazione.cai.it\/sez-montecchio-maggiore\/wp-content\/uploads\/sites\/51\/2026\/01\/cai-monteccio-maggiore-escursioni-sui-colli-2026-15-530x720.webp 530w, https:\/\/organizzazione.cai.it\/sez-montecchio-maggiore\/wp-content\/uploads\/sites\/51\/2026\/01\/cai-monteccio-maggiore-escursioni-sui-colli-2026-15-768x1043.webp 768w, https:\/\/organizzazione.cai.it\/sez-montecchio-maggiore\/wp-content\/uploads\/sites\/51\/2026\/01\/cai-monteccio-maggiore-escursioni-sui-colli-2026-15.webp 827w\" sizes=\"(max-width: 795px) 100vw, 795px\" \/><\/a><\/figure>\n\n\n\n<figure class=\"wp-block-image size-large\"><a href=\"https:\/\/organizzazione.cai.it\/sez-montecchio-maggiore\/wp-content\/uploads\/sites\/51\/2026\/01\/cai-monteccio-maggiore-escursioni-sui-colli-2026-16.webp\"><img loading=\"lazy\" decoding=\"async\" width=\"795\" height=\"1080\" data-id=\"7386\" src=\"https:\/\/organizzazione.cai.it\/sez-montecchio-maggiore\/wp-content\/uploads\/sites\/51\/2026\/01\/cai-monteccio-maggiore-escursioni-sui-colli-2026-16-795x1080.webp\" alt=\"- CAI\" class=\"wp-image-7386\" title=\"\" srcset=\"https:\/\/organizzazione.cai.it\/sez-montecchio-maggiore\/wp-content\/uploads\/sites\/51\/2026\/01\/cai-monteccio-maggiore-escursioni-sui-colli-2026-16-795x1080.webp 795w, https:\/\/organizzazione.cai.it\/sez-montecchio-maggiore\/wp-content\/uploads\/sites\/51\/2026\/01\/cai-monteccio-maggiore-escursioni-sui-colli-2026-16-530x720.webp 530w, https:\/\/organizzazione.cai.it\/sez-montecchio-maggiore\/wp-content\/uploads\/sites\/51\/2026\/01\/cai-monteccio-maggiore-escursioni-sui-colli-2026-16-768x1043.webp 768w, https:\/\/organizzazione.cai.it\/sez-montecchio-maggiore\/wp-content\/uploads\/sites\/51\/2026\/01\/cai-monteccio-maggiore-escursioni-sui-colli-2026-16.webp 827w\" sizes=\"(max-width: 795px) 100vw, 795px\" \/><\/a><\/figure>\n\n\n\n<figure class=\"wp-block-image size-large\"><a href=\"https:\/\/organizzazione.cai.it\/sez-montecchio-maggiore\/wp-content\/uploads\/sites\/51\/2026\/01\/cai-monteccio-maggiore-escursioni-sui-colli-2026-17.webp\"><img loading=\"lazy\" decoding=\"async\" width=\"795\" height=\"1080\" data-id=\"7387\" src=\"https:\/\/organizzazione.cai.it\/sez-montecchio-maggiore\/wp-content\/uploads\/sites\/51\/2026\/01\/cai-monteccio-maggiore-escursioni-sui-colli-2026-17-795x1080.webp\" alt=\"- CAI\" class=\"wp-image-7387\" title=\"\" srcset=\"https:\/\/organizzazione.cai.it\/sez-montecchio-maggiore\/wp-content\/uploads\/sites\/51\/2026\/01\/cai-monteccio-maggiore-escursioni-sui-colli-2026-17-795x1080.webp 795w, https:\/\/organizzazione.cai.it\/sez-montecchio-maggiore\/wp-content\/uploads\/sites\/51\/2026\/01\/cai-monteccio-maggiore-escursioni-sui-colli-2026-17-530x720.webp 530w, https:\/\/organizzazione.cai.it\/sez-montecchio-maggiore\/wp-content\/uploads\/sites\/51\/2026\/01\/cai-monteccio-maggiore-escursioni-sui-colli-2026-17-768x1043.webp 768w, https:\/\/organizzazione.cai.it\/sez-montecchio-maggiore\/wp-content\/uploads\/sites\/51\/2026\/01\/cai-monteccio-maggiore-escursioni-sui-colli-2026-17.webp 827w\" sizes=\"(max-width: 795px) 100vw, 795px\" \/><\/a><\/figure>\n\n\n\n<figure class=\"wp-block-image size-large\"><a href=\"https:\/\/organizzazione.cai.it\/sez-montecchio-maggiore\/wp-content\/uploads\/sites\/51\/2026\/01\/cai-monteccio-maggiore-escursioni-sui-colli-2026-18.webp\"><img loading=\"lazy\" decoding=\"async\" width=\"795\" height=\"1080\" data-id=\"7388\" src=\"https:\/\/organizzazione.cai.it\/sez-montecchio-maggiore\/wp-content\/uploads\/sites\/51\/2026\/01\/cai-monteccio-maggiore-escursioni-sui-colli-2026-18-795x1080.webp\" alt=\"- CAI\" class=\"wp-image-7388\" title=\"\" srcset=\"https:\/\/organizzazione.cai.it\/sez-montecchio-maggiore\/wp-content\/uploads\/sites\/51\/2026\/01\/cai-monteccio-maggiore-escursioni-sui-colli-2026-18-795x1080.webp 795w, https:\/\/organizzazione.cai.it\/sez-montecchio-maggiore\/wp-content\/uploads\/sites\/51\/2026\/01\/cai-monteccio-maggiore-escursioni-sui-colli-2026-18-530x720.webp 530w, https:\/\/organizzazione.cai.it\/sez-montecchio-maggiore\/wp-content\/uploads\/sites\/51\/2026\/01\/cai-monteccio-maggiore-escursioni-sui-colli-2026-18-768x1043.webp 768w, https:\/\/organizzazione.cai.it\/sez-montecchio-maggiore\/wp-content\/uploads\/sites\/51\/2026\/01\/cai-monteccio-maggiore-escursioni-sui-colli-2026-18.webp 827w\" sizes=\"(max-width: 795px) 100vw, 795px\" \/><\/a><\/figure>\n<\/figure>\n\n\n\n<div class=\"wp-block-buttons is-content-justification-center is-layout-flex wp-container-core-buttons-is-layout-1 wp-block-buttons-is-layout-flex\">\n<div class=\"wp-block-button\"><a class=\"wp-block-button__link wp-element-button\" href=\"https:\/\/organizzazione.cai.it\/sez-montecchio-maggiore\/wp-content\/uploads\/sites\/51\/2025\/12\/CAI-montecchio-maggiore-libretto-2026.pdf\"><strong>Sfoglia il libretto completo 2026<\/strong><\/a><\/div>\n<\/div>\n","protected":false},"excerpt":{"rendered":"<p>Componenti della Commissione Escursionismo La Commissione per l\u2019Escursionismo della Sezione CAI Montecchio Maggiore \u00e8 composta da soci volontari e si occupa dell\u2019organizzazione di: MATTIELLO Chiara AE \u2013 EEA \u2013 EAI [&hellip;]<\/p>\n","protected":false},"author":35,"featured_media":36,"parent":0,"menu_order":0,"comment_status":"closed","ping_status":"closed","template":"","meta":{"footnotes":""},"rankMath":{"parentDomain":"organizzazione.cai.it","noFollowDomains":[],"noFollowExcludeDomains":[],"noFollowExternalLinks":false,"featuredImageNotice":"L&#039;immagine in evidenza dovrebbe essere di almeno 200 x 200 pixel per essere ripresa da Facebook e altri siti di social media.","pluginReviewed":false,"postSettings":{"linkSuggestions":true,"useFocusKeyword":false},"frontEndScore":false,"postName":"commissione-escursionismo","permalinkFormat":"https:\/\/organizzazione.cai.it\/sez-montecchio-maggiore\/%pagename%\/","showLockModifiedDate":true,"assessor":{"focusKeywordLink":"https:\/\/organizzazione.cai.it\/sez-montecchio-maggiore\/wp-admin\/edit.php?focus_keyword=%focus_keyword%&post_type=%post_type%","hasTOCPlugin":false,"primaryTaxonomy":false,"serpData":{"title":"","description":"","focusKeywords":"","pillarContent":false,"canonicalUrl":"","breadcrumbTitle":"","advancedRobots":{"max-snippet":"-1","max-video-preview":"-1","max-image-preview":"large"},"facebookTitle":"","facebookDescription":"","facebookImage":"","facebookImageID":"","facebookHasOverlay":false,"facebookImageOverlay":"","facebookAuthor":"","twitterCardType":"","twitterUseFacebook":true,"twitterTitle":"","twitterDescription":"","twitterImage":"","twitterImageID":"","twitterHasOverlay":false,"twitterImageOverlay":"","twitterPlayerUrl":"","twitterPlayerSize":"","twitterPlayerStream":"","twitterPlayerStreamCtype":"","twitterAppDescription":"","twitterAppIphoneName":"","twitterAppIphoneID":"","twitterAppIphoneUrl":"","twitterAppIpadName":"","twitterAppIpadID":"","twitterAppIpadUrl":"","twitterAppGoogleplayName":"","twitterAppGoogleplayID":"","twitterAppGoogleplayUrl":"","twitterAppCountry":"","robots":{"index":true},"twitterAuthor":"nome utente","primaryTerm":0,"authorName":"cesira.frigo@gmail.com","titleTemplate":"%title% %sep% CAI %sitename%","descriptionTemplate":"%excerpt%","showScoreFrontend":true,"lockModifiedDate":false},"powerWords":["incredibile","sorprendente","meraviglioso","unico","bello","felicit\u00e0","brillante","affascinante","carismatico","scioccante","chiaro","completamente","riservato","fiducia","significativo","creativo","definitivamente","delizioso","dimostrare","sbrigati","determinato","degno","dinamico","impressionante","essenziale","ispiratore","innovativo","intenso","efficace","magico","magnifico","storico","importante","incredibile","indispensabile","indimenticabile","irresistibile","leggendario","luminoso","lusso","magico","magnifico","maestoso","memorabile","miracoloso","motivante","necessario","nuovo","ufficiale","perfetto","appassionato","persuasivo","fenomenale","piacere","popolare","potere","prestigioso","prodigioso","profondo","prospero","potente","qualit\u00e0","radiante","veloce","di successo","rivoluzionario","soddisfatto","sicurezza","sensazionale","sereno","lussuoso","splendido","sublime","sorprendente","talentuoso","terrificante","unico","valore","vibrante","vittorioso","vivace","veramente","zelante","autentico","avventuroso","spettacolare","esclusivo","garantito","straordinario","favoloso","affascinante","formidabile","geniale","grandioso","gratuito","abile","illimitato","impeccabile","infallibile","infinitamente","influente","ingegnoso","indimenticabile","insostituibile","leader","maestro","notevole","innovativo","pioniere","potente","riconosciuto","rivoluzionario","sorprendente","superiore","trionfante","ultra","coraggioso","prezioso","avanguardia","vigoroso","visionario","volont\u00e0","vitale","trionfo","glorioso","inarrestabile","ineguagliabile","intelligente","invincibile","libert\u00e0","orgoglio","pace","progresso","rinnovato","saggezza","soddisfazione","sicuro","serenit\u00e0","superamento","talento","trascendente","trasformativo","coraggio","vittoria"],"diacritics":{"A":"[\\u0041\\u24B6\\uFF21\\u00C0\\u00C1\\u00C2\\u1EA6\\u1EA4\\u1EAA\\u1EA8\\u00C3\\u0100\\u0102\\u1EB0\\u1EAE\\u1EB4\\u1EB2\\u0226\\u01E0\\u00C4\\u01DE\\u1EA2\\u00C5\\u01FA\\u01CD\\u0200\\u0202\\u1EA0\\u1EAC\\u1EB6\\u1E00\\u0104\\u023A\\u2C6F]","AA":"[\\uA732]","AE":"[\\u00C6\\u01FC\\u01E2]","AO":"[\\uA734]","AU":"[\\uA736]","AV":"[\\uA738\\uA73A]","AY":"[\\uA73C]","B":"[\\u0042\\u24B7\\uFF22\\u1E02\\u1E04\\u1E06\\u0243\\u0182\\u0181]","C":"[\\u0043\\u24B8\\uFF23\\u0106\\u0108\\u010A\\u010C\\u00C7\\u1E08\\u0187\\u023B\\uA73E]","D":"[\\u0044\\u24B9\\uFF24\\u1E0A\\u010E\\u1E0C\\u1E10\\u1E12\\u1E0E\\u0110\\u018B\\u018A\\u0189\\uA779]","DZ":"[\\u01F1\\u01C4]","Dz":"[\\u01F2\\u01C5]","E":"[\\u0045\\u24BA\\uFF25\\u00C8\\u00C9\\u00CA\\u1EC0\\u1EBE\\u1EC4\\u1EC2\\u1EBC\\u0112\\u1E14\\u1E16\\u0114\\u0116\\u00CB\\u1EBA\\u011A\\u0204\\u0206\\u1EB8\\u1EC6\\u0228\\u1E1C\\u0118\\u1E18\\u1E1A\\u0190\\u018E]","F":"[\\u0046\\u24BB\\uFF26\\u1E1E\\u0191\\uA77B]","G":"[\\u0047\\u24BC\\uFF27\\u01F4\\u011C\\u1E20\\u011E\\u0120\\u01E6\\u0122\\u01E4\\u0193\\uA7A0\\uA77D\\uA77E]","H":"[\\u0048\\u24BD\\uFF28\\u0124\\u1E22\\u1E26\\u021E\\u1E24\\u1E28\\u1E2A\\u0126\\u2C67\\u2C75\\uA78D]","I":"[\\u0049\\u24BE\\uFF29\\u00CC\\u00CD\\u00CE\\u0128\\u012A\\u012C\\u0130\\u00CF\\u1E2E\\u1EC8\\u01CF\\u0208\\u020A\\u1ECA\\u012E\\u1E2C\\u0197]","J":"[\\u004A\\u24BF\\uFF2A\\u0134\\u0248]","K":"[\\u004B\\u24C0\\uFF2B\\u1E30\\u01E8\\u1E32\\u0136\\u1E34\\u0198\\u2C69\\uA740\\uA742\\uA744\\uA7A2]","L":"[\\u004C\\u24C1\\uFF2C\\u013F\\u0139\\u013D\\u1E36\\u1E38\\u013B\\u1E3C\\u1E3A\\u0141\\u023D\\u2C62\\u2C60\\uA748\\uA746\\uA780]","LJ":"[\\u01C7]","Lj":"[\\u01C8]","M":"[\\u004D\\u24C2\\uFF2D\\u1E3E\\u1E40\\u1E42\\u2C6E\\u019C]","N":"[\\u004E\\u24C3\\uFF2E\\u01F8\\u0143\\u00D1\\u1E44\\u0147\\u1E46\\u0145\\u1E4A\\u1E48\\u0220\\u019D\\uA790\\uA7A4]","NJ":"[\\u01CA]","Nj":"[\\u01CB]","O":"[\\u004F\\u24C4\\uFF2F\\u00D2\\u00D3\\u00D4\\u1ED2\\u1ED0\\u1ED6\\u1ED4\\u00D5\\u1E4C\\u022C\\u1E4E\\u014C\\u1E50\\u1E52\\u014E\\u022E\\u0230\\u00D6\\u022A\\u1ECE\\u0150\\u01D1\\u020C\\u020E\\u01A0\\u1EDC\\u1EDA\\u1EE0\\u1EDE\\u1EE2\\u1ECC\\u1ED8\\u01EA\\u01EC\\u00D8\\u01FE\\u0186\\u019F\\uA74A\\uA74C]","OI":"[\\u01A2]","OO":"[\\uA74E]","OU":"[\\u0222]","P":"[\\u0050\\u24C5\\uFF30\\u1E54\\u1E56\\u01A4\\u2C63\\uA750\\uA752\\uA754]","Q":"[\\u0051\\u24C6\\uFF31\\uA756\\uA758\\u024A]","R":"[\\u0052\\u24C7\\uFF32\\u0154\\u1E58\\u0158\\u0210\\u0212\\u1E5A\\u1E5C\\u0156\\u1E5E\\u024C\\u2C64\\uA75A\\uA7A6\\uA782]","S":"[\\u0053\\u24C8\\uFF33\\u1E9E\\u015A\\u1E64\\u015C\\u1E60\\u0160\\u1E66\\u1E62\\u1E68\\u0218\\u015E\\u2C7E\\uA7A8\\uA784]","T":"[\\u0054\\u24C9\\uFF34\\u1E6A\\u0164\\u1E6C\\u021A\\u0162\\u1E70\\u1E6E\\u0166\\u01AC\\u01AE\\u023E\\uA786]","TZ":"[\\uA728]","U":"[\\u0055\\u24CA\\uFF35\\u00D9\\u00DA\\u00DB\\u0168\\u1E78\\u016A\\u1E7A\\u016C\\u00DC\\u01DB\\u01D7\\u01D5\\u01D9\\u1EE6\\u016E\\u0170\\u01D3\\u0214\\u0216\\u01AF\\u1EEA\\u1EE8\\u1EEE\\u1EEC\\u1EF0\\u1EE4\\u1E72\\u0172\\u1E76\\u1E74\\u0244]","V":"[\\u0056\\u24CB\\uFF36\\u1E7C\\u1E7E\\u01B2\\uA75E\\u0245]","VY":"[\\uA760]","W":"[\\u0057\\u24CC\\uFF37\\u1E80\\u1E82\\u0174\\u1E86\\u1E84\\u1E88\\u2C72]","X":"[\\u0058\\u24CD\\uFF38\\u1E8A\\u1E8C]","Y":"[\\u0059\\u24CE\\uFF39\\u1EF2\\u00DD\\u0176\\u1EF8\\u0232\\u1E8E\\u0178\\u1EF6\\u1EF4\\u01B3\\u024E\\u1EFE]","Z":"[\\u005A\\u24CF\\uFF3A\\u0179\\u1E90\\u017B\\u017D\\u1E92\\u1E94\\u01B5\\u0224\\u2C7F\\u2C6B\\uA762]","a":"[\\u0061\\u24D0\\uFF41\\u1E9A\\u00E0\\u00E1\\u00E2\\u1EA7\\u1EA5\\u1EAB\\u1EA9\\u00E3\\u0101\\u0103\\u1EB1\\u1EAF\\u1EB5\\u1EB3\\u0227\\u01E1\\u00E4\\u01DF\\u1EA3\\u00E5\\u01FB\\u01CE\\u0201\\u0203\\u1EA1\\u1EAD\\u1EB7\\u1E01\\u0105\\u2C65\\u0250]","aa":"[\\uA733]","ae":"[\\u00E6\\u01FD\\u01E3]","ao":"[\\uA735]","au":"[\\uA737]","av":"[\\uA739\\uA73B]","ay":"[\\uA73D]","b":"[\\u0062\\u24D1\\uFF42\\u1E03\\u1E05\\u1E07\\u0180\\u0183\\u0253]","c":"[\\u0063\\u24D2\\uFF43\\u0107\\u0109\\u010B\\u010D\\u00E7\\u1E09\\u0188\\u023C\\uA73F\\u2184]","d":"[\\u0064\\u24D3\\uFF44\\u1E0B\\u010F\\u1E0D\\u1E11\\u1E13\\u1E0F\\u0111\\u018C\\u0256\\u0257\\uA77A]","dz":"[\\u01F3\\u01C6]","e":"[\\u0065\\u24D4\\uFF45\\u00E8\\u00E9\\u00EA\\u1EC1\\u1EBF\\u1EC5\\u1EC3\\u1EBD\\u0113\\u1E15\\u1E17\\u0115\\u0117\\u00EB\\u1EBB\\u011B\\u0205\\u0207\\u1EB9\\u1EC7\\u0229\\u1E1D\\u0119\\u1E19\\u1E1B\\u0247\\u025B\\u01DD]","f":"[\\u0066\\u24D5\\uFF46\\u1E1F\\u0192\\uA77C]","g":"[\\u0067\\u24D6\\uFF47\\u01F5\\u011D\\u1E21\\u011F\\u0121\\u01E7\\u0123\\u01E5\\u0260\\uA7A1\\u1D79\\uA77F]","h":"[\\u0068\\u24D7\\uFF48\\u0125\\u1E23\\u1E27\\u021F\\u1E25\\u1E29\\u1E2B\\u1E96\\u0127\\u2C68\\u2C76\\u0265]","hv":"[\\u0195]","i":"[\\u0069\\u24D8\\uFF49\\u00EC\\u00ED\\u00EE\\u0129\\u012B\\u012D\\u00EF\\u1E2F\\u1EC9\\u01D0\\u0209\\u020B\\u1ECB\\u012F\\u1E2D\\u0268\\u0131]","j":"[\\u006A\\u24D9\\uFF4A\\u0135\\u01F0\\u0249]","k":"[\\u006B\\u24DA\\uFF4B\\u1E31\\u01E9\\u1E33\\u0137\\u1E35\\u0199\\u2C6A\\uA741\\uA743\\uA745\\uA7A3]","l":"[\\u006C\\u24DB\\uFF4C\\u0140\\u013A\\u013E\\u1E37\\u1E39\\u013C\\u1E3D\\u1E3B\\u017F\\u0142\\u019A\\u026B\\u2C61\\uA749\\uA781\\uA747]","lj":"[\\u01C9]","m":"[\\u006D\\u24DC\\uFF4D\\u1E3F\\u1E41\\u1E43\\u0271\\u026F]","n":"[\\u006E\\u24DD\\uFF4E\\u01F9\\u0144\\u00F1\\u1E45\\u0148\\u1E47\\u0146\\u1E4B\\u1E49\\u019E\\u0272\\u0149\\uA791\\uA7A5]","nj":"[\\u01CC]","o":"[\\u006F\\u24DE\\uFF4F\\u00F2\\u00F3\\u00F4\\u1ED3\\u1ED1\\u1ED7\\u1ED5\\u00F5\\u1E4D\\u022D\\u1E4F\\u014D\\u1E51\\u1E53\\u014F\\u022F\\u0231\\u00F6\\u022B\\u1ECF\\u0151\\u01D2\\u020D\\u020F\\u01A1\\u1EDD\\u1EDB\\u1EE1\\u1EDF\\u1EE3\\u1ECD\\u1ED9\\u01EB\\u01ED\\u00F8\\u01FF\\u0254\\uA74B\\uA74D\\u0275]","oi":"[\\u01A3]","ou":"[\\u0223]","oo":"[\\uA74F]","p":"[\\u0070\\u24DF\\uFF50\\u1E55\\u1E57\\u01A5\\u1D7D\\uA751\\uA753\\uA755]","q":"[\\u0071\\u24E0\\uFF51\\u024B\\uA757\\uA759]","r":"[\\u0072\\u24E1\\uFF52\\u0155\\u1E59\\u0159\\u0211\\u0213\\u1E5B\\u1E5D\\u0157\\u1E5F\\u024D\\u027D\\uA75B\\uA7A7\\uA783]","s":"[\\u0073\\u24E2\\uFF53\\u015B\\u1E65\\u015D\\u1E61\\u0161\\u1E67\\u1E63\\u1E69\\u0219\\u015F\\u023F\\uA7A9\\uA785\\u1E9B]","ss":"[\\u00DF]","t":"[\\u0074\\u24E3\\uFF54\\u1E6B\\u1E97\\u0165\\u1E6D\\u021B\\u0163\\u1E71\\u1E6F\\u0167\\u01AD\\u0288\\u2C66\\uA787]","tz":"[\\uA729]","u":"[\\u0075\\u24E4\\uFF55\\u00F9\\u00FA\\u00FB\\u0169\\u1E79\\u016B\\u1E7B\\u016D\\u00FC\\u01DC\\u01D8\\u01D6\\u01DA\\u1EE7\\u016F\\u0171\\u01D4\\u0215\\u0217\\u01B0\\u1EEB\\u1EE9\\u1EEF\\u1EED\\u1EF1\\u1EE5\\u1E73\\u0173\\u1E77\\u1E75\\u0289]","v":"[\\u0076\\u24E5\\uFF56\\u1E7D\\u1E7F\\u028B\\uA75F\\u028C]","vy":"[\\uA761]","w":"[\\u0077\\u24E6\\uFF57\\u1E81\\u1E83\\u0175\\u1E87\\u1E85\\u1E98\\u1E89\\u2C73]","x":"[\\u0078\\u24E7\\uFF58\\u1E8B\\u1E8D]","y":"[\\u0079\\u24E8\\uFF59\\u1EF3\\u00FD\\u0177\\u1EF9\\u0233\\u1E8F\\u00FF\\u1EF7\\u1E99\\u1EF5\\u01B4\\u024F\\u1EFF]","z":"[\\u007A\\u24E9\\uFF5A\\u017A\\u1E91\\u017C\\u017E\\u1E93\\u1E95\\u01B6\\u0225\\u0240\\u2C6C\\uA763]"},"researchesTests":["contentHasTOC","contentHasShortParagraphs","contentHasAssets","keywordInTitle","keywordInMetaDescription","keywordInPermalink","keywordIn10Percent","keywordInContent","keywordInSubheadings","keywordInImageAlt","keywordDensity","keywordNotUsed","lengthContent","lengthPermalink","linksHasInternal","linksHasExternals","linksNotAllExternals","titleStartWithKeyword","titleSentiment","titleHasPowerWords","titleHasNumber","hasContentAI"],"hasRedirection":true,"hasBreadcrumb":true},"homeUrl":"https:\/\/organizzazione.cai.it\/sez-montecchio-maggiore","objectID":275,"objectType":"post","locale":"it","localeFull":"it_IT","overlayImages":{"play":{"name":"Icona di riproduzione","url":"https:\/\/organizzazione.cai.it\/sez-montecchio-maggiore\/wp-content\/plugins\/seo-by-rank-math\/assets\/admin\/img\/icon-play.png","path":"\/var\/www\/vhosts\/organizzazione.cai.it\/httpdocs\/wp-content\/plugins\/seo-by-rank-math\/assets\/admin\/img\/icon-play.png","position":"middle_center"},"gif":{"name":"Icona GIF","url":"https:\/\/organizzazione.cai.it\/sez-montecchio-maggiore\/wp-content\/plugins\/seo-by-rank-math\/assets\/admin\/img\/icon-gif.png","path":"\/var\/www\/vhosts\/organizzazione.cai.it\/httpdocs\/wp-content\/plugins\/seo-by-rank-math\/assets\/admin\/img\/icon-gif.png","position":"middle_center"}},"defautOgImage":"https:\/\/organizzazione.cai.it\/sez-montecchio-maggiore\/wp-content\/uploads\/sites\/51\/2024\/09\/og.webp","customPermalinks":true,"isUserRegistered":false,"autoSuggestKeywords":false,"connectSiteUrl":"https:\/\/rankmath.com\/auth?site=https%3A%2F%2Forganizzazione.cai.it%2Fsez-montecchio-maggiore&r=https%3A%2F%2Forganizzazione.cai.it%2Fsez-montecchio-maggiore%2Fwp-json%2Fwp%2Fv2%2Fpages%2F275%3Fnonce%3D8f4f36e386","maxTags":5,"trendsIcon":"<svg viewBox=\"0 0 610 610\"><path d=\"M18.85,446,174.32,290.48l58.08,58.08L76.93,504a14.54,14.54,0,0,1-20.55,0L18.83,466.48a14.54,14.54,0,0,1,0-20.55Z\" style=\"fill:#4285f4\"\/><path d=\"M242.65,242.66,377.59,377.6l-47.75,47.75a14.54,14.54,0,0,1-20.55,0L174.37,290.43l47.75-47.75A14.52,14.52,0,0,1,242.65,242.66Z\" style=\"fill:#ea4335\"\/><polygon points=\"319.53 319.53 479.26 159.8 537.34 217.88 377.61 377.62 319.53 319.53\" style=\"fill:#fabb05\"\/><path d=\"M594.26,262.73V118.61h0a16.94,16.94,0,0,0-16.94-16.94H433.2a16.94,16.94,0,0,0-12,28.92L565.34,274.71h0a16.94,16.94,0,0,0,28.92-12Z\" style=\"fill:#34a853\"\/><rect width=\"610\" height=\"610\" style=\"fill:none\"\/><\/svg>","showScore":true,"siteFavIcon":"data:image\/png;base64,iVBORw0KGgoAAAANSUhEUgAAABAAAAAQCAYAAAAf8\/9hAAABs0lEQVR4AWL4\/\/8\/RRjO8Iucx+noO0MWUDo16FYABMGP6ZfUcRnWtm27jVPbtm3bttuH2t3eFPcY9pLz7NxiLjCyVd87pKnHyqXyxtCs8APd0rnyxiu4qSeA3QEDrAwBDrT1s1Rc\/OrjLZwqVmOSu6+Lamcpp2KKMA9PH1BYXMe1mUP5qotvXTywsOEEYHXxrY+3cqk6TMkYpNr2FeoY3KIr0RPtn9wQ2unlA+GMkRw6+9TFw4YTwDUzx\/JVvARj9KaedXRO8P5B1Du2S32smzqUrcKGEyA+uAgQjKX7zf0boWHGfn71jIKj2689gxp7OAGShNcBUmLMPVjZuiKcA2vuWHHDCQxMCz629kXAIU4ApY15QwggAFbfOP9DhgBJ+nWVJ1AZAfICAj1pAlY6hCADZnveQf7bQIwzVONGJonhLIlS9gr5mFg44Xd+4S3XHoGNPdJl1INIwKyEgHckEhgTe1bGiFY9GSFBYUwLh1IkiJUbY407E7syBSFxKTszEoiE\/YdrgCEayDmtaJwCI9uu8TKMuZSVfSa4BpGgzvomBR\/INhLGzrqDotp01ZR8pn\/1L0JN9d9XNyx0AAAAAElFTkSuQmCC","canUser":{"general":false,"advanced":false,"snippet":false,"social":false,"analysis":false,"analytics":false,"content_ai":false},"showKeywordIntent":true,"isPro":false,"is_front_page":false,"trendsUpgradeLink":"https:\/\/rankmath.com\/pricing\/?utm_source=Plugin&utm_medium=CE%20General%20Tab%20Trends&utm_campaign=WP","trendsUpgradeLabel":"Aggiorna","trendsPreviewImage":"https:\/\/organizzazione.cai.it\/sez-montecchio-maggiore\/wp-content\/plugins\/seo-by-rank-math\/assets\/admin\/img\/trends-preview.jpg","currentEditor":false,"homepageData":{"assessor":{"powerWords":["incredibile","sorprendente","meraviglioso","unico","bello","felicit\u00e0","brillante","affascinante","carismatico","scioccante","chiaro","completamente","riservato","fiducia","significativo","creativo","definitivamente","delizioso","dimostrare","sbrigati","determinato","degno","dinamico","impressionante","essenziale","ispiratore","innovativo","intenso","efficace","magico","magnifico","storico","importante","incredibile","indispensabile","indimenticabile","irresistibile","leggendario","luminoso","lusso","magico","magnifico","maestoso","memorabile","miracoloso","motivante","necessario","nuovo","ufficiale","perfetto","appassionato","persuasivo","fenomenale","piacere","popolare","potere","prestigioso","prodigioso","profondo","prospero","potente","qualit\u00e0","radiante","veloce","di successo","rivoluzionario","soddisfatto","sicurezza","sensazionale","sereno","lussuoso","splendido","sublime","sorprendente","talentuoso","terrificante","unico","valore","vibrante","vittorioso","vivace","veramente","zelante","autentico","avventuroso","spettacolare","esclusivo","garantito","straordinario","favoloso","affascinante","formidabile","geniale","grandioso","gratuito","abile","illimitato","impeccabile","infallibile","infinitamente","influente","ingegnoso","indimenticabile","insostituibile","leader","maestro","notevole","innovativo","pioniere","potente","riconosciuto","rivoluzionario","sorprendente","superiore","trionfante","ultra","coraggioso","prezioso","avanguardia","vigoroso","visionario","volont\u00e0","vitale","trionfo","glorioso","inarrestabile","ineguagliabile","intelligente","invincibile","libert\u00e0","orgoglio","pace","progresso","rinnovato","saggezza","soddisfazione","sicuro","serenit\u00e0","superamento","talento","trascendente","trasformativo","coraggio","vittoria"],"diacritics":true,"researchesTests":["contentHasTOC","contentHasShortParagraphs","contentHasAssets","keywordInTitle","keywordInMetaDescription","keywordInPermalink","keywordIn10Percent","keywordInContent","keywordInSubheadings","keywordInImageAlt","keywordDensity","keywordNotUsed","lengthContent","lengthPermalink","linksHasInternal","linksHasExternals","linksNotAllExternals","titleStartWithKeyword","titleSentiment","titleHasPowerWords","titleHasNumber","hasContentAI"],"hasBreadcrumb":true,"serpData":{"title":"%sitename% %page% %sep% %sitedesc%","description":"","titleTemplate":"%sitename% %page% %sep% %sitedesc%","descriptionTemplate":"","focusKeywords":"","breadcrumbTitle":"Home","robots":{"index":true},"advancedRobots":{"max-snippet":"-1","max-video-preview":"-1","max-image-preview":"large"},"facebookTitle":"","facebookDescription":"","facebookImage":"","facebookImageID":""}}},"tocTitle":"Table of Contents","tocExcludeHeadings":[],"listStyle":"ul"},"_links":{"self":[{"href":"https:\/\/organizzazione.cai.it\/sez-montecchio-maggiore\/wp-json\/wp\/v2\/pages\/275"}],"collection":[{"href":"https:\/\/organizzazione.cai.it\/sez-montecchio-maggiore\/wp-json\/wp\/v2\/pages"}],"about":[{"href":"https:\/\/organizzazione.cai.it\/sez-montecchio-maggiore\/wp-json\/wp\/v2\/types\/page"}],"author":[{"embeddable":true,"href":"https:\/\/organizzazione.cai.it\/sez-montecchio-maggiore\/wp-json\/wp\/v2\/users\/35"}],"replies":[{"embeddable":true,"href":"https:\/\/organizzazione.cai.it\/sez-montecchio-maggiore\/wp-json\/wp\/v2\/comments?post=275"}],"version-history":[{"count":40,"href":"https:\/\/organizzazione.cai.it\/sez-montecchio-maggiore\/wp-json\/wp\/v2\/pages\/275\/revisions"}],"predecessor-version":[{"id":9221,"href":"https:\/\/organizzazione.cai.it\/sez-montecchio-maggiore\/wp-json\/wp\/v2\/pages\/275\/revisions\/9221"}],"wp:featuredmedia":[{"embeddable":true,"href":"https:\/\/organizzazione.cai.it\/sez-montecchio-maggiore\/wp-json\/wp\/v2\/media\/36"}],"wp:attachment":[{"href":"https:\/\/organizzazione.cai.it\/sez-montecchio-maggiore\/wp-json\/wp\/v2\/media?parent=275"}],"curies":[{"name":"wp","href":"https:\/\/api.w.org\/{rel}","templated":true}]}}