{"id":73,"date":"2024-03-18T18:12:40","date_gmt":"2024-03-18T18:12:40","guid":{"rendered":"https:\/\/organizzazione.cai.it\/sez-oristano\/bacheca-sezionale\/"},"modified":"2026-03-29T19:29:37","modified_gmt":"2026-03-29T17:29:37","slug":"bacheca-sezionale","status":"publish","type":"page","link":"https:\/\/organizzazione.cai.it\/sez-oristano\/bacheca-sezionale\/","title":{"rendered":"Bacheca Sezionale"},"content":{"rendered":"<p>In bacheca troverete, in ordine temporale dalla pi\u00f9 recente, tutte le informazioni importanti di interesse per i soci.<\/p>\n<h2><strong>RESOCONTI DEI DIRETTIVI SEZIONALI DAL n. 5 DEL 28 GENNAIO 2025<\/strong><\/h2>\n<p>resoconti CDS <a href=\"https:\/\/organizzazione.cai.it\/sez-oristano\/wp-content\/uploads\/sites\/41\/2025\/02\/resoconto-CDS-n5-28012025.pdf\">gennaio<\/a> &#8211; <a href=\"https:\/\/organizzazione.cai.it\/sez-oristano\/wp-content\/uploads\/sites\/41\/2025\/04\/resoconti-CDS-n6-8-febbraio-2025.pdf\">febbraio<\/a> &#8211; <a href=\"https:\/\/organizzazione.cai.it\/sez-oristano\/wp-content\/uploads\/sites\/41\/2025\/04\/resoconti-CDS-n9-11-marzo-2025.pdf\">marzo<\/a> &#8211;\u00a0<a href=\"https:\/\/organizzazione.cai.it\/sez-oristano\/wp-content\/uploads\/sites\/41\/2025\/05\/resoconti-CDS-n12-15-aprile-2025.pdf\">aprile<\/a> &#8211; <a href=\"https:\/\/organizzazione.cai.it\/sez-oristano\/wp-content\/uploads\/sites\/41\/2025\/06\/resoconti-CDS-n16-19-maggio2025.pdf\">maggio<\/a> <a href=\"https:\/\/organizzazione.cai.it\/sez-oristano\/wp-content\/uploads\/sites\/41\/2025\/06\/resoconto-CDS-n20-19062025.pdf\">&#8211; giugno<\/a> &#8211; <a href=\"https:\/\/organizzazione.cai.it\/sez-oristano\/wp-content\/uploads\/sites\/41\/2025\/07\/resoconto-CDS-n21-03072025.pdf\">luglio<\/a> &#8211;\u00a0<a href=\"https:\/\/organizzazione.cai.it\/sez-oristano\/wp-content\/uploads\/sites\/41\/2025\/09\/resoconto-CDS-n22-07082025.pdf\">agosto<\/a> &#8211; <a href=\"https:\/\/organizzazione.cai.it\/sez-oristano\/wp-content\/uploads\/sites\/41\/2025\/10\/resoconti-CDS-n23-24-settembre-2025.pdf\">settembre<\/a> &#8211; <a href=\"https:\/\/organizzazione.cai.it\/sez-oristano\/wp-content\/uploads\/sites\/41\/2025\/11\/resoconto-CDS-n25-23102025.pdf\">ottobre<\/a> &#8211; <a href=\"https:\/\/organizzazione.cai.it\/sez-oristano\/wp-content\/uploads\/sites\/41\/2025\/12\/resoconto-CDS-novembre-2025.pdf\">novembre<\/a> &#8211; <a href=\"https:\/\/organizzazione.cai.it\/sez-oristano\/wp-content\/uploads\/sites\/41\/2025\/12\/resoconto-CDS-dicembre-2025.pdf\">dicembre<\/a> 2025<\/p>\n<p><a href=\"http:\/\/resoconto CDS n01-03 gennaio2026\" data-wplink-url-error=\"true\" target=\"_blank\">gennaio<\/a> 2026<\/p>\n<p>____________________________________________________________________________________________________<\/p>\n<p>Oristano, 04.03.2026<\/p>\n<p><strong>ASSEMBLEA STRAORDINARIA del 27.03.2026<\/strong><\/p>\n<p>Ai sensi degli art. 19 e 20 dello Statuto della Sezione CAI di Oristano \u00e8 convocata, presso la <a href=\"https:\/\/maps.app.goo.gl\/BKcKiYW3ggpgZ18Q6\" target=\"_blank\" rel=\"noopener\">sede della Sezione di Oristano del Club Alpino Italiano<\/a> a Sil\u00ec, Oristano, per il giorno venerd\u00ec 27 MARZO 2026 alle ore 18:00 in prima convocazione, e <strong>per il giorno venerd\u00ec <\/strong><strong>27 MARZO 2026 alle ore 19:00<\/strong> in seconda convocazione, l\u2019Assemblea Straordinaria degli associati della Sezione CAI di Oristano con il seguente Ordine del Giorno::<\/p>\n<ul>\n<li>Nomina dell\u2019Ufficio di Assemblea;<\/li>\n<li>Approvazione verbale dell\u2019assemblea straordinaria del 31\/01\/2026;<\/li>\n<li>Elezione del terzo delegato sezionale all\u2019Assemblea Regionale dei Delegati (ARD);<\/li>\n<li>Varie ed eventuali.<\/li>\n<\/ul>\n<p><strong>Convocazione:<\/strong> <a href=\"https:\/\/organizzazione.cai.it\/sez-oristano\/wp-content\/uploads\/sites\/41\/2026\/03\/Convocazione-Assemblea-straordinaria-27032026_CAI-Or_signed.pdf\">Convocazione Assemblea straordinaria 27032026 CAI Or<\/a><\/p>\n<p><strong>Allegato:<\/strong> <a href=\"https:\/\/organizzazione.cai.it\/sez-oristano\/wp-content\/uploads\/sites\/41\/2026\/02\/verbale-assemblea-ordinaria-n1_31012026_signed.pdf\">verbale assemblea ordinaria n1_31012026_signed<\/a><\/p>\n<p><strong>PARTECIPAZIONE<\/strong><\/p>\n<p>Hanno diritto di voto tutti i soci maggiorenni <strong>in regola con il pagamento della quota sociale 2026<\/strong> (art. 20, comma 1 dello Statuto Sezionale), , per cui <strong>si invita<\/strong> quanti non l\u2019avessero fatto <strong>a rinnovare l\u2019iscrizione nei giorni precedenti l\u2019assemblea<\/strong>. Non sono ammesse deleghe.<\/p>\n<p>Saluti<\/p>\n<p>Il PRESIDENTE della SEZIONE<\/p>\n<p>Alberto Ribotti<\/p>\n<p><strong>Documenti finali firmati:<\/strong><\/p>\n<p><a href=\"https:\/\/organizzazione.cai.it\/sez-oristano\/wp-content\/uploads\/sites\/41\/2026\/03\/verbale-assemblea-straordinaria-n1_27032026_signed.pdf\">verbale assemblea straordinaria n1_27032026_signed<\/a><\/p>\n<p>____________________________________________________________________________________________________<\/p>\n<p>Oristano, 11.01.2026<\/p>\n<p><strong>ASSEMBLEA ORDINARIA del 31.01.2026<\/strong><\/p>\n<p>Ai sensi degli artt. 19 e 20 dello Statuto della Sezione CAI di Oristano \u00e8 convocata, presso l\u2019aula CPS del <a href=\"https:\/\/maps.app.goo.gl\/s3Xo9VYkas3SAp526\" target=\"_blank\" rel=\"noopener\">Liceo Classico \u201cDe Castro\u201d in Piazza Aldo Moro<\/a> a Oristano (a sinistra dell\u2019ingresso del Liceo Classico) per il giorno\u00a0venerd\u00ec 30 gennaio 2026 alle ore 05:00 in prima convocazione, e per il giorno <strong>SABATO 31 GENNAIO 2026 alle ore 18:00 in seconda convocazione<\/strong>, l\u2019Assemblea Ordinaria degli associati della Sezione CAI di Oristano con il seguente Ordine del Giorno:<\/p>\n<ul>\n<li>Nomina dell\u2019Ufficio di Assemblea;<\/li>\n<li>Approvazione verbale dell\u2019assemblea straordinaria del 17\/10\/2025;<\/li>\n<li>Relazione del Presidente del CAI Oristano;<\/li>\n<li>Relazione sui bilanci preventivo 2026 e consuntivo 2025 della Sezione;<\/li>\n<li>Relazione sui bilanci del Presidente del Collegio dei Revisori dei Conti;<\/li>\n<li>Approvazione bilanci preventivo 2026 e consuntivo 2025;<\/li>\n<li>Elezione del Presidente e del Consiglio Direttivo;<\/li>\n<li>Elezione del Collegio dei Revisori dei Conti;<\/li>\n<li>Elezione del Collegio dei Probiviri;<\/li>\n<li>Elezione dei due delegati all\u2019Assemblea Regionale dei Delegati (ARD);<\/li>\n<\/ul>\n<p>Varie ed eventuali.<\/p>\n<p><strong>Convocazione:<\/strong> <a href=\"https:\/\/organizzazione.cai.it\/sez-oristano\/wp-content\/uploads\/sites\/41\/2025\/12\/convocazione-assemblea-ordinaria-31012026.pdf\">convocazione assemblea ordinaria 31012026<\/a><\/p>\n<p><strong>Allegato:<\/strong> <a href=\"https:\/\/organizzazione.cai.it\/sez-oristano\/wp-content\/uploads\/sites\/41\/2025\/12\/verbale-assemblea-straordinaria-_17102025_signed.pdf\">verbale assemblea straordinaria _17102025<\/a><\/p>\n<p><strong>PARTECIPAZIONE<\/strong><\/p>\n<p>Hanno diritto di voto tutti i soci maggiorenni <strong>in regola con il pagamento della quota sociale 2026<\/strong> (art. 20, comma 1 dello Statuto Sezionale), , per cui <strong>si invita<\/strong> quanti non l\u2019avessero fatto <strong>a rinnovare l\u2019iscrizione nei giorni precedenti l\u2019assemblea<\/strong>. Non sono ammesse deleghe.<\/p>\n<p>Saluti<\/p>\n<p>Il PRESIDENTE della SEZIONE<\/p>\n<p>Alberto Ribotti<\/p>\n<p><strong>Documenti finali firmati:<\/strong><\/p>\n<p><a href=\"https:\/\/organizzazione.cai.it\/sez-oristano\/wp-content\/uploads\/sites\/41\/2026\/02\/verbale-assemblea-ordinaria-n1_31012026_signed.pdf\">verbale assemblea ordinaria n1_31012026_signed<\/a><\/p>\n<p><a href=\"https:\/\/organizzazione.cai.it\/sez-oristano\/wp-content\/uploads\/sites\/41\/2026\/02\/Relazione-del-Presidente-del-CAI-Oristano-31012026_signed.pdf\">Relazione del Presidente del CAI Oristano 31012026_signed<\/a><\/p>\n<p>____________________________________________________________________________________________________<\/p>\n<p>Oristano, 26.09.2025<\/p>\n<p><strong>ASSEMBLEA STRAORDINARIA DEI SOCI \u2013 17.10.2025<\/strong><\/p>\n<p>Ai sensi degli artt. 19 e 20 dello Statuto della Sezione CAI di Oristano \u00e8 convocata, presso l\u2019aula CPS (Centro Polifunzionale) del <a href=\"https:\/\/maps.app.goo.gl\/s3Xo9VYkas3SAp526\" target=\"_blank\" rel=\"noopener\">Liceo Classico \u201cDe Castro\u201d in Piazza Aldo Moro<\/a> a Oristano (a sinistra dell\u2019ingresso del Liceo Classico) per il giorno venerd\u00ec 17 OTTOBRE 2025 alle ore 05:00 in prima convocazione, e <strong>per il giorno venerd\u00ec 17 OTTOBRE 2025 alle ore 19:00<\/strong> in seconda convocazione, l\u2019Assemblea Straordinaria degli associati della Sezione CAI di Oristano con il seguente Ordine del Giorno:<\/p>\n<ol>\n<li style=\"list-style-type: none;\">\n<ol>\n<li>Nomina dell\u2019Ufficio di Assemblea<\/li>\n<li>Approvazione del verbale assemblea ordinaria sezionale del 28 marzo 2025<\/li>\n<li>Relazione del Presidente del CAI Oristano<\/li>\n<li>Situazione economica provvisoria della Sezione<\/li>\n<li>Quote sociali sezionali anno 2026<\/li>\n<li>Proposta nuova Commissione Tutela Ambiente Montano (TAM)<\/li>\n<li>Proposte di attivit\u00e0 per l\u2019anno 2026<\/li>\n<li>Varie ed eventuali<\/li>\n<\/ol>\n<\/li>\n<\/ol>\n<p><strong>Allegati:<\/strong><\/p>\n<p><a href=\"https:\/\/organizzazione.cai.it\/sez-oristano\/wp-content\/uploads\/sites\/41\/2025\/09\/Convocazione-Assemblea-straordinaria17102025_CAI-Or.pdf\">convocazione assemblea straordinaria17102025<\/a><\/p>\n<p><a href=\"https:\/\/organizzazione.cai.it\/sez-oristano\/wp-content\/uploads\/sites\/41\/2025\/03\/verbale-assemblea-ordinaria-n1_28032025_signed.pdf\">verbale assemblea ordinaria n1_28032025_signed<\/a><\/p>\n<p><strong>PARTECIPAZIONE<\/strong><\/p>\n<p>Hanno diritto di intervenire all\u2019Assemblea tutti i soci e di voto tutti i soci maggiorenni in regola con il pagamento della quota sociale 2024 (art. 20, comma 1 dello Statuto Sezionale). Non sono ammesse deleghe.<\/p>\n<p>Saluti<\/p>\n<p>Il PRESIDENTE della SEZIONE<\/p>\n<p>Alberto Ribotti<\/p>\n<p><strong>Documenti finali:<\/strong><\/p>\n<p><a href=\"https:\/\/organizzazione.cai.it\/sez-oristano\/wp-content\/uploads\/sites\/41\/2025\/10\/verbale-assemblea-straordinaria-_17102025_signed.pdf\">verbale assemblea straordinaria _17102025<\/a><\/p>\n<p><a href=\"https:\/\/organizzazione.cai.it\/sez-oristano\/wp-content\/uploads\/sites\/41\/2025\/10\/Relazione-del-Presidente-del-CAI-Oristano-17102025_signed.pdf\">Relazione del Presidente del CAI Oristano 17102025<\/a><\/p>\n<p>____________________________________________________________________________________________________<\/p>\n<p>Oristano, 04.03.2025<\/p>\n<p><strong>ASSEMBLEA ORDINARIA del 27-28.03.2025<\/strong><\/p>\n<p>Ai sensi degli artt. 19 e 20 dello Statuto della Sezione CAI di Oristano \u00e8 convocata, presso l\u2019aula CPS del <a href=\"https:\/\/maps.app.goo.gl\/s3Xo9VYkas3SAp526\" target=\"_blank\" rel=\"noopener\">Liceo Classico \u201cDe Castro\u201d in Piazza Aldo Moro<\/a> a Oristano (a sinistra dell\u2019ingresso del Liceo Classico) per il giorno gioved\u00ec 27 marzo 2025 alle ore 05:00 in prima convocazione, e per il giorno <strong>VENERDI 28 MARZO 2025 alle ore 18:00 in seconda convocazione<\/strong>, l\u2019Assemblea Ordinaria degli associati della Sezione CAI di Oristano con il seguente Ordine del Giorno<\/p>\n<ol>\n<li>Nomina dell\u2019Ufficio di Assemblea<\/li>\n<li>Approvazione verbale dell\u2019assemblea straordinaria del 18\/10\/2025<\/li>\n<li>Relazione del Presidente del CAI Sardegna<\/li>\n<li>Relazione del Presidente del CAI Oristano<\/li>\n<li>Presentazione bilanci consuntivo 2024 e previsionale 2025<\/li>\n<li>Relazione sui bilanci del Presidente del Collegio dei Revisori dei Conti Sezionale<\/li>\n<li>Relazioni dei Presidenti delle Commissioni sezionali (escursionismo, ciclo escursionismo, sentieristica e cartografia, family, montagnaterapia)<\/li>\n<li>Varie ed eventuali<\/li>\n<\/ol>\n<p><strong>Convocazione:<\/strong> <a href=\"https:\/\/organizzazione.cai.it\/sez-oristano\/wp-content\/uploads\/sites\/41\/2025\/03\/Assemblea-ordinaria-28032025_CAI-Or.pdf\">Assemblea ordinaria 28032025_CAI Or<\/a><\/p>\n<p><strong>Allegato:<\/strong> <a href=\"https:\/\/organizzazione.cai.it\/sez-oristano\/wp-content\/uploads\/sites\/41\/2025\/03\/verbale-assemblea-straordinaria-18102024.pdf\">verbale assemblea straordinaria 18102024<\/a><\/p>\n<p><strong>PARTECIPAZIONE<\/strong><\/p>\n<p>Hanno diritto di voto tutti i soci maggiorenni in regola con il pagamento della quota sociale 2025 (art. 20, comma 1 dello Statuto Sezionale), , per cui <strong>si invita<\/strong> quanti non l\u2019avessero fatto <strong>a rinnovare l\u2019iscrizione nei giorni precedenti l\u2019assemblea<\/strong>. Non sono ammesse deleghe.<\/p>\n<p>Saluti<\/p>\n<p>Il PRESIDENTE della SEZIONE<\/p>\n<p>Alberto Ribotti<\/p>\n<p><strong>Documenti finali firmati:<\/strong><\/p>\n<p><a href=\"https:\/\/organizzazione.cai.it\/sez-oristano\/wp-content\/uploads\/sites\/41\/2025\/03\/verbale-assemblea-ordinaria-n1_28032025_signed.pdf\">verbale assemblea ordinaria n1_28032025_signed<\/a><\/p>\n<p><a href=\"https:\/\/organizzazione.cai.it\/sez-oristano\/wp-content\/uploads\/sites\/41\/2025\/03\/Relazione-del-Presidente-del-CAI-Oristano-2024-2025_28032025.pdf\">Relazione del Presidente del CAI Oristano 2024-2025_28032025<\/a><\/p>\n<p>____________________________________________________________________________________________________<\/p>\n<p>Oristano, 30.12.2024<\/p>\n<h2><strong>Bando CORSO 2025 per Operatori Tutela Ambientale Montano di 1\u00b0 livello &#8211; ORTAM<\/strong><\/h2>\n<p><strong>A CHI SI RIVOLGE IL CORSO<\/strong><br \/>\nIl corso \u00e8 aperto a tutte le Socie e a tutti i Soci CAI, in primo luogo della Sardegna, interessati alle problematiche ambientali e disponibili a svolgere attivit\u00e0 di informazione, di educazione ambientale e di monitoraggio ambientale all\u2019interno della sezione di appartenenza, in supporto alla Commissione Regionale TAM ed in sinergia con il GR.<\/p>\n<p><strong>RUOLO E COMPITI DELL\u2019OPERATORE TAM<\/strong><br \/>\nLe operatrici e gli operatori TAM svolgono le loro attivit\u00e0 per la tutela e la conoscenza dell\u2019ambiente montano in coerenza con la politica ambientale del CAI, secondo le linee definite dai documenti programmatici e di indirizzo del sodalizio (Statuto, Bidecalogo e altri) e le indicazioni degli Organi Tecnici TAM competenti, mettendo le proprie competenze a disposizione di tutto il sodalizio, in stretta ed auspicabile collaborazione con le Sezioni ed i Gruppi Regionali di riferimento.<br \/>\nIn particolare svolgono attivit\u00e0 per:<br \/>\n\u2022 La diffusione dei valori legati alla conoscenza, allo studio e alla tutela dell\u2019ambiente, con particolare riferimento alla sostenibilit\u00e0 (ambientale, sociale ed economica) anche attraverso le attivit\u00e0 di frequentazione responsabile dell\u2019ambiente montano;<br \/>\n\u2022 Informazione, educazione e formazione sulle tematiche ambientali e culturali all\u2019interno e all\u2019esterno delle Sezioni, anche in collaborazione con le Scuole e le altre Commissioni e Strutture Operative CAI;<br \/>\n\u2022 La segnalazione delle eccellenze e delle criticit\u00e0 ambientali agli organi direttivi Sezionali, Regionali e Nazionali;<br \/>\n\u2022 La valutazione della sostenibilit\u00e0 delle attivit\u00e0 antropiche in ambiente montano, anche per quanto riguarda le strutture e le attivit\u00e0 CAI;<br \/>\n\u2022 La partecipazione, ove consentita e autorizzata per conto CAI, negli Enti di gestione delle Aree Protette (e similari) e nei Gruppi di Lavoro costituiti dal CAI.<\/p>\n<p><strong>Il bando con le modalit\u00e0 d&#8217;iscrizione: <a href=\"https:\/\/organizzazione.cai.it\/sez-oristano\/wp-content\/uploads\/sites\/41\/2024\/12\/Bando-Corso-Operatore-Regionale-TAM-Sardegna-2025.pdf\">Bando Corso Operatore Regionale TAM-Sardegna 2025<\/a><\/strong><\/p>\n<p>____________________________________________________________________________________________________<\/p>\n<p>Oristano, 24.09.2024<\/p>\n<p><strong>ASSEMBLEA STRAORDINARIA DEI SOCI &#8211; 18.10.2024<br \/>\n<\/strong><\/p>\n<p>Ai sensi degli artt. 19 e 20 dello Statuto della Sezione CAI di Oristano \u00e8 convocata, presso l\u2019aula CPS (Centro Polifunzionale) del <a href=\"https:\/\/maps.app.goo.gl\/s3Xo9VYkas3SAp526\" target=\"_blank\" rel=\"noopener\">Liceo Classico \u201cDe Castro\u201d in Piazza Aldo Moro<\/a> a Oristano (a sinistra dell\u2019ingresso del Liceo Classico) per il giorno venerd\u00ec 18 OTTOBRE 2024 alle ore 05:00 in prima convocazione, e <strong>per il giorno venerd\u00ec 18 OTTOBRE 2024 alle ore 19:00<\/strong> in seconda convocazione, l\u2019Assemblea Straordinaria degli associati della Sezione CAI di Oristano con il seguente Ordine del Giorno:<\/p>\n<ol>\n<li>Nomina dell\u2019Ufficio di Assemblea<\/li>\n<li>Approvazione del verbale assemblea ordinaria sezionale del 23 marzo 2024<\/li>\n<li>Relazione del Presidente del CAI Oristano<\/li>\n<li>Situazione economica provvisoria della Sezione<\/li>\n<li>Quote sociali sezionali 2025<\/li>\n<li>Tessera CAI cartacea a richiesta<\/li>\n<li>Intitolazione sentieri a Giuseppe (Jose) Aneris e Giovanni (Gianni) Cannas<\/li>\n<li>Relazioni dei Presidenti delle Commissioni sezionali (escursionismo, ciclo escursionismo, sentieristica e cartografia, family, montagnaterapia)<\/li>\n<li>Proposte di attivit\u00e0 per il 2025<\/li>\n<li>Varie ed eventuali<\/li>\n<\/ol>\n<p><strong>Allegato: <a href=\"https:\/\/organizzazione.cai.it\/sez-oristano\/wp-content\/uploads\/sites\/41\/2024\/10\/verbale-assemblea-ordinaria-n1_23032024.pdf\" target=\"_blank\" rel=\"noopener\">verbale assemblea ordinaria 23032024<\/a><\/strong><\/p>\n<p><a href=\"https:\/\/organizzazione.cai.it\/sez-oristano\/wp-content\/uploads\/sites\/41\/2024\/10\/Assemblea-straordinaria18102024_CAI-Or.pdf\" target=\"_blank\" rel=\"noopener\"><strong>convocazione assemblea straordinaria<\/strong> <strong>18102024<\/strong><\/a><\/p>\n<p><strong><a href=\"https:\/\/organizzazione.cai.it\/sez-oristano\/wp-content\/uploads\/sites\/41\/2024\/10\/Assemblea-straordinaria18102024_CAI-Or-Integrazione.pdf\">convocazione assemblea straordinaria18102024-Integrazione<\/a><\/strong><\/p>\n<p><strong>PARTECIPAZIONE<\/strong><\/p>\n<p>Hanno diritto di intervenire all\u2019Assemblea tutti i soci e di voto tutti i soci maggiorenni in regola con il pagamento della quota sociale 2024 (art. 20, comma 1 dello Statuto Sezionale). Non sono ammesse deleghe.<\/p>\n<p>Saluti<\/p>\n<p>Il PRESIDENTE della SEZIONE<\/p>\n<p>Alberto Ribotti<\/p>\n<p><strong>Documenti finali:<\/strong><\/p>\n<p><a href=\"https:\/\/organizzazione.cai.it\/sez-oristano\/wp-content\/uploads\/sites\/41\/2024\/10\/verbale-assemblea-straordinaria-18102024.pdf\">verbale assemblea straordinaria 18102024<\/a><\/p>\n<p><a href=\"https:\/\/organizzazione.cai.it\/sez-oristano\/wp-content\/uploads\/sites\/41\/2024\/10\/Relazione-del-Presidente-del-CAI-Oristano-18102024.pdf\">Relazione del Presidente del CAI Oristano 18102024<\/a><\/p>\n<p>__________________________________________________________________<\/p>\n<div>\n<div>Oristano, 21 settembre 2024<\/div>\n<div><\/div>\n<div><strong>Corso di aggiornamento per progettisti di sentieristica aperto a soci e non soci CAI<br \/>\n<\/strong><\/div>\n<p>Il Gruppo Regionale del CAI (Club Alpino Italiano) tramite la competente <em>Commissione Sentieri e Cartografia<\/em>, sta organizzando insieme all\u2019Agenzia Regionale Forestas un corso di aggiornamento\/formazione per <strong>progettisti di <\/strong><strong>sentieristica<\/strong>.<\/p>\n<p>Il corso sar\u00e0 aperto &#8211; oltre che ai progettisti CAI e Forestas &#8211; ai liberi professionisti iscritti agli ordini professionali\u00a0\u00a0e (limitatamente ai posti residui disponibili)\u00a0ad altri portatori di interesse.<br \/>\nTra i docenti, il coordinatore nazionale della SoSeC (<em>Struttura operativa sentieri e cartografia del CAI nazionale<\/em>).<br \/>\nIl corso si svolger\u00e0 <strong>sabato 21 settembre 2024 dalle ore 09:00 alle ore 17:00<\/strong>, in localit\u00e0 <em>Campulongu<\/em>, presso lo <em><strong>sportello della sentieristica di Oristano<\/strong><\/em>, nei locali della Direzione Territoriale di Forestas (Massama &#8211; OR; coord. 39.96106646261254 \u00b0N, 8.60043876324449 \u00b0E e\u00a0<a href=\"https:\/\/www.google.com\/maps\/place\/Agenzia+FORESTAS+-+Vivaio+Produttivo+di+Campulongu\/@39.9609719,8.5991459,18z\/data=!3m1!4b1!4m6!3m5!1s0x12dd98ef2039b00f:0x8e4350465aa7e065!8m2!3d39.9609719!4d8.6004334!16s%2Fg%2F11b721z7z1?authuser=0&amp;entry=ttu&amp;g_ep=EgoyMDI0MDkwOS4wIKXMDSoASAFQAw%3D%3D\" target=\"_blank\" rel=\"noopener\">link Google Maps<\/a>). Maggiori dettagli al presente <a href=\"https:\/\/www.sardegnasentieri.it\/news\/oristano-corso-di-aggiornamento-progettisti-sentieristica?fbclid=IwY2xjawFPv2ZleHRuA2FlbQIxMAABHTvtwfE2CLtXPjtT4OkQZpkZj9f4mxT4QGlOCcIDJQMQ_lXpzBDlxUFVSQ_aem_f2y2KyD7urNnGQ_faC-vZg\" target=\"_blank\" rel=\"noopener\">link<\/a><\/p>\n<p>Eventuali dettagli o chiarimenti potranno essere chiesti al referente CAI, Sig. Gesuino Onida, all\u2019indirizzo <a href=\"http:\/\/gesuino.onida@gmail.com\" target=\"_blank\" rel=\"noopener\">gesuino.onida@gmail.com<\/a> oppure al tel.\u00a03294267502.<br \/>\nPer la richiesta di partecipazione, da effettuarsi <strong>entro il giorno 19 settembre<\/strong>, dovr\u00e0 essere compilato il modulo CAI disponibile al seguente link:<\/p>\n<p><a href=\"https:\/\/docs.google.com\/forms\/d\/e\/1FAIpQLScxun0CAC5vYANgKdt-YFZ61xGgR0w9f89d1ixYwcCH1w0N8w\/viewform\" target=\"_blank\" rel=\"noopener\">https:\/\/docs.google.com\/forms\/d\/e\/1FAIpQLScxun0CAC5vYANgKdt-YFZ61xGgR0w9f89d1ixYwcCH1w0N8w\/viewform<\/a><\/p>\n<div>\n<div class=\"gmail_signature\" dir=\"ltr\" data-smartmail=\"gmail_signature\">\n<div dir=\"ltr\">\n<div>\n<p>____________________________________________________________<\/p>\n<\/div>\n<\/div>\n<\/div>\n<\/div>\n<\/div>\n<div>Oristano, 20 dicembre 2024 (scadenza)<\/div>\n<h3><strong>1\u00b0 Corso di formazione e verifica per l\u2019acquisizione della <\/strong><strong><strong>specializzazione EAI &#8211;<\/strong><\/strong>Escursionismo in Ambiente Innevato <strong>(<\/strong><strong>per i soci CAI Titolati di primo livello AE)<br \/>\n<\/strong><\/h3>\n<p>La Scuola Centrale di Escursionismo (SCE), per il tramite della Commissione Centrale di Escursionismo (CCE), ha comunicato il rilascio del NULLAOSTA che autorizza lo svolgimento del 1\u00b0 CORSO EAI SARDEGNA 2025.<\/p>\n<p>Si tratta di un\u2019eccellente opportunit\u00e0 poich\u00e9 sar\u00e0 possibile ridurre il numero di sessioni del corso da svolgere fuori dalla Sardegna (da tre a una) con conseguente risparmio economico e negli spostamenti (seppur nel rigoroso rispetto delle Linee Guida e dei Piani Didattici), grazie ad una programmazione pi\u00f9 appropriata.<\/p>\n<p>Disponibili a richiesta via email a caioristano@gmail.com i seguenti documenti:<\/p>\n<ul>\n<li>Bando EAI SARDEGNA<\/li>\n<li>Programma EAI SARDEGNA<\/li>\n<li>Domanda Iscrizione Corso<\/li>\n<li>CURRICULUM VITAE<\/li>\n<\/ul>\n<div>\n<div class=\"gmail_signature\" dir=\"ltr\" data-smartmail=\"gmail_signature\">\n<div dir=\"ltr\">\n<div>\n<p>____________________________________________________________<\/p>\n<\/div>\n<\/div>\n<\/div>\n<\/div>\n<div>Milano, 3 settembre 2024<\/div>\n<div><\/div>\n<div><strong>Corso di Formazione in Progettazione, Rilevamento, Costruzione e Manutenzione Sentieri SOSEC &#8211; rivolto ai soci CAI<br \/>\n<\/strong><\/div>\n<div><\/div>\n<div>Gentilissimi,<\/div>\n<div><span style=\"font-family: arial, sans-serif;\">in link la <strong><a href=\"https:\/\/organizzazione.cai.it\/sez-oristano\/wp-content\/uploads\/sites\/41\/2024\/10\/Corsi-SOSEC-2024-lettera-reclutamento-1.pdf\" target=\"_blank\" rel=\"noopener\">lettera del Presidente della <\/a><\/strong><\/span><strong><a href=\"https:\/\/organizzazione.cai.it\/sez-oristano\/wp-content\/uploads\/sites\/41\/2024\/10\/Corsi-SOSEC-2024-lettera-reclutamento-1.pdf\" target=\"_blank\" rel=\"noopener\">SOSEC<\/a><\/strong><span style=\"font-family: arial, sans-serif;\">\u00a0Alessio Piccioli con cui si <\/span>comunica l\u2019organizzazione di un \u201c<em>Corso di Formazione in Progettazione,\u00a0Rilevamento, Costruzione e Manutenzione Sentieri<\/em>\u201d.<\/div>\n<div><span style=\"font-family: arial, sans-serif;\">Si chiede gentilmente di darne massima diffusione all&#8217;interno del Sodalizio.<\/span><\/div>\n<div><\/div>\n<div>Questo corso, rivolto a 100 partecipanti, si propone di fornire competenze fondamentali per il rilevamento e la manutenzione dei sentieri della <strong>Rete Escursionistica Italiana (REI)<\/strong>.<\/div>\n<div><\/div>\n<div>Per ulteriori dettagli e chiarimenti, non esitate a contattare l\u2019indirizzo email <a href=\"mailto:sosec@cai.it\" target=\"_blank\" rel=\"noopener\">sosec@cai.it<\/a>.<span style=\"font-family: arial, sans-serif;\"><br \/>\n<\/span><\/div>\n<div><span style=\"font-family: arial, sans-serif;\">\u00a0<\/span><\/div>\n<div>\n<div class=\"x11i5rnm xat24cr x1mh8g0r x1vvkbs xtlvy1s x126k92a\">\n<div dir=\"auto\"><strong>A chi \u00e8 rivolto il corso<\/strong><\/div>\n<div dir=\"auto\">Il corso \u00e8 destinato a socie e soci CAI prevalentemente giovani, con passione per la sentieristica.<\/div>\n<div dir=\"auto\">L&#8217;obiettivo \u00e8 la formazione di nuovi volontari della sentieristica e anche creare un registro di volontari competenti per future missioni di cooperazione, sia in Italia che all&#8217;estero.<\/div>\n<div dir=\"auto\"><\/div>\n<\/div>\n<\/div>\n<div dir=\"auto\"><strong>Rimborsi <\/strong><\/div>\n<div>\n<div class=\"x11i5rnm xat24cr x1mh8g0r x1vvkbs xtlvy1s x126k92a\">\n<div dir=\"auto\">Le spese per il pernottamento e per il vitto dei corsi base sono a carico della Sede Centrale. Le spese di viaggio per raggiungere le location dei corsi base sono a carico dei partecipanti. Per i corsi avanzati tutte le spese (vitto, alloggio, viaggio) sono a carico della sede centrale.<\/div>\n<\/div>\n<\/div>\n<div><\/div>\n<div><span style=\"font-family: arial, sans-serif;\">Cordiali saluti,<\/span><\/div>\n<div><span style=\"font-family: arial, sans-serif;\">Riccardo Bernasconi<\/span><\/div>\n<div>\n<div class=\"gmail_signature\" dir=\"ltr\" data-smartmail=\"gmail_signature\">\n<div dir=\"ltr\">\n<div><b>&#8212;&#8212;&#8212;&#8212;&#8212;&#8212;&#8212;&#8212;-<\/b><\/div>\n<div><b>Segreterie OTCO SO<\/b><\/div>\n<div>\n<p>____________________________________________________________<\/p>\n<\/div>\n<\/div>\n<\/div>\n<\/div>\n<p>Oristano, 27.04.2024<\/p>\n<h2><strong>Corso di Primo Soccorso<\/strong><\/h2>\n<p>Sabato 27 aprile dalle 20:00 alle 22:00 si terr\u00e0 la <a href=\"https:\/\/www.facebook.com\/cai.oristano\/posts\/pfbid02VK15HaM2diqBiCHjS8LX9WLsaymFzUjhZhANKrAuV9MKS2hgyUoBNyQhFQVDo8dKl\" target=\"_blank\" rel=\"noopener\">parte teorica<\/a> del corso di Primo Soccorso in montagna presso la Sala esterna del Liceo Classico &#8220;De Castro&#8221; di Oristano.<\/p>\n<p>Il corso sar\u00e0 tenuto dal nostro socio Dott. Gianfranco Delogu, Direttore del Reparto di Cardiologia e UTIC dell&#8217;Ospedale N.S. di Bonaria di San Gavino Monreale, secondo il programma inviato in chat CAI.<\/p>\n<p>Sono invitati i soli soci CAI della Sezione di Oristano.<\/p>\n<p>A fine serata saranno rese disponibili ai soci le presentazioni utilizzate durante\u00a0il\u00a0corso.<\/p>\n<p>La seconda parte, <a href=\"https:\/\/fb.watch\/s35JndM-Dx\/\" target=\"_blank\" rel=\"noopener\">pratica<\/a>, del corso si terr\u00e0 sabato 11 maggio dalle ore 20:00 presso la nostra sede a Sil\u00ec. Sono invitati i Direttori di escursione della nostra Sezione.<\/p>\n<p>____________________________________________________________<\/p>\n<p>Oristano, 08.03.2024<\/p>\n<p><strong>ASSEMBLEA ORDINARIA del 23.03.2024 \u2013 Seconda Integrazione<\/strong><\/p>\n<p>Ai sensi degli artt. 19 e 20 dello Statuto della Sezione CAI di Oristano \u00e8 convocata, presso l\u2019aula CPS (Centro Polifunzionale) del <a href=\"https:\/\/maps.app.goo.gl\/s3Xo9VYkas3SAp526\" target=\"_blank\" rel=\"noopener\">Liceo Classico \u201cDe Castro\u201d in Piazza Aldo Moro<\/a> a Oristano (a sinistra dell\u2019ingresso del Liceo Classico) per il giorno venerd\u00ec 22 marzo 2024 alle ore 05:00 in prima convocazione, e per il giorno <strong>SABATO 23 MARZO 2024 alle ore 16:30 in seconda convocazione,<\/strong> l\u2019Assemblea Ordinaria degli associati della Sezione CAI di Oristano con il seguente Ordine del Giorno:<\/p>\n<ul>\n<li>Nomina dell\u2019Ufficio di Assemblea<\/li>\n<li>Approvazione verbale dell\u2019assemblea straordinaria del 15\/10\/2023<\/li>\n<li>Relazione del Presidente del CAI Sardegna<\/li>\n<li>Relazione del Presidente del CAI Oristano<\/li>\n<li>Presentazione bilanci consuntivo 2023 e previsionale 2024<\/li>\n<li>Relazione sui bilanci del Presidente del Collegio dei Revisori dei Conti Sezionale<\/li>\n<li>Rinnovo delle cariche sociali<\/li>\n<li>Elezione del nuovo Consigliere del Consiglio Direttivo Sezionale ( 1 socio)<\/li>\n<li>Elezioni ARD (delegato Assemblea Regionale dei Delegati \u2013 n. 2 soci)<\/li>\n<li>Intitolazione della Sezione di Oristano del CAI<\/li>\n<li>Relazioni dei Presidenti delle Commissioni sezionali (escursionismo, ciclo escursionismo, sentieristica e cartografia, family, montagnaterapia)<\/li>\n<li>Varie ed eventuali<\/li>\n<\/ul>\n<p><strong>Allegato:<\/strong> <a href=\"https:\/\/organizzazione.cai.it\/sez-oristano\/wp-content\/uploads\/sites\/41\/2024\/10\/verbale-assemblea-n3_15102023_signed.pdf\" target=\"_blank\" rel=\"noopener\">verbale assemblea n3_15102023<\/a><\/p>\n<p><strong>PARTECIPAZIONE<\/strong><\/p>\n<p>Hanno diritto di voto tutti i soci maggiorenni in regola con il pagamento della quota sociale 2024 (art. 20, comma 1 dello Statuto Sezionale), , per cui <strong>si invita<\/strong> quanti non l\u2019avessero fatto <strong>a rinnovare l\u2019iscrizione nei giorni precedenti l\u2019assemblea<\/strong>. Non sono ammesse deleghe.<\/p>\n<p>Saluti<\/p>\n<p>Il PRESIDENTE della SEZIONE<\/p>\n<p>Alberto Ribotti<\/p>\n<p><strong>Documenti finali firmati:<\/strong><\/p>\n<ul>\n<li><a href=\"https:\/\/organizzazione.cai.it\/sez-oristano\/wp-content\/uploads\/sites\/41\/2024\/10\/verbale-assemblea-ordinaria-n1_23032024.pdf\" target=\"_blank\" rel=\"noopener\">verbale dell&#8217;assemblea ordinaria<\/a><\/li>\n<li><a href=\"https:\/\/organizzazione.cai.it\/sez-oristano\/wp-content\/uploads\/sites\/41\/2024\/10\/verbale-assemblea-ordinaria-n1_23032024.pdf\" target=\"_blank\" rel=\"noopener\">bilancio economico 2023-2024 CAI Or<\/a><\/li>\n<li><a href=\"https:\/\/organizzazione.cai.it\/sez-oristano\/wp-content\/uploads\/sites\/41\/2024\/10\/relazione-collegio-revisori-dei-conti_23032024.pdf\" target=\"_blank\" rel=\"noopener\">relazione collegio revisori dei conti<\/a><\/li>\n<\/ul>\n","protected":false},"excerpt":{"rendered":"<p>In bacheca troverete, in ordine temporale dalla pi\u00f9 recente, tutte le informazioni importanti di interesse per i soci. RESOCONTI DEI DIRETTIVI SEZIONALI DAL n. 5 DEL 28 GENNAIO 2025 resoconti [&hellip;]<\/p>\n","protected":false},"author":1,"featured_media":36,"parent":0,"menu_order":28,"comment_status":"closed","ping_status":"open","template":"","meta":{"footnotes":""},"rankMath":{"parentDomain":"organizzazione.cai.it","noFollowDomains":[],"noFollowExcludeDomains":[],"noFollowExternalLinks":false,"featuredImageNotice":"L&#039;immagine in evidenza dovrebbe essere di almeno 200 x 200 pixel per essere ripresa da Facebook e altri siti di social media.","pluginReviewed":false,"postSettings":{"linkSuggestions":true,"useFocusKeyword":false},"frontEndScore":false,"postName":"bacheca-sezionale","permalinkFormat":"https:\/\/organizzazione.cai.it\/sez-oristano\/%pagename%\/","showLockModifiedDate":true,"assessor":{"focusKeywordLink":"https:\/\/organizzazione.cai.it\/sez-oristano\/wp-admin\/edit.php?focus_keyword=%focus_keyword%&post_type=%post_type%","hasTOCPlugin":false,"primaryTaxonomy":false,"serpData":{"title":"","description":"","focusKeywords":"","pillarContent":false,"canonicalUrl":"","breadcrumbTitle":"","advancedRobots":{"max-snippet":"-1","max-video-preview":"-1","max-image-preview":"large"},"facebookTitle":"","facebookDescription":"","facebookImage":"","facebookImageID":"","facebookHasOverlay":false,"facebookImageOverlay":"","facebookAuthor":"","twitterCardType":"","twitterUseFacebook":true,"twitterTitle":"","twitterDescription":"","twitterImage":"","twitterImageID":"","twitterHasOverlay":false,"twitterImageOverlay":"","twitterPlayerUrl":"","twitterPlayerSize":"","twitterPlayerStream":"","twitterPlayerStreamCtype":"","twitterAppDescription":"","twitterAppIphoneName":"","twitterAppIphoneID":"","twitterAppIphoneUrl":"","twitterAppIpadName":"","twitterAppIpadID":"","twitterAppIpadUrl":"","twitterAppGoogleplayName":"","twitterAppGoogleplayID":"","twitterAppGoogleplayUrl":"","twitterAppCountry":"","robots":{"index":true},"twitterAuthor":"nome utente","primaryTerm":0,"authorName":"admin","titleTemplate":"%title% %sep% CAI %sitename%","descriptionTemplate":"%excerpt%","showScoreFrontend":true,"lockModifiedDate":false},"powerWords":["incredibile","sorprendente","meraviglioso","unico","bello","felicit\u00e0","brillante","affascinante","carismatico","scioccante","chiaro","completamente","riservato","fiducia","significativo","creativo","definitivamente","delizioso","dimostrare","sbrigati","determinato","degno","dinamico","impressionante","essenziale","ispiratore","innovativo","intenso","efficace","magico","magnifico","storico","importante","incredibile","indispensabile","indimenticabile","irresistibile","leggendario","luminoso","lusso","magico","magnifico","maestoso","memorabile","miracoloso","motivante","necessario","nuovo","ufficiale","perfetto","appassionato","persuasivo","fenomenale","piacere","popolare","potere","prestigioso","prodigioso","profondo","prospero","potente","qualit\u00e0","radiante","veloce","di successo","rivoluzionario","soddisfatto","sicurezza","sensazionale","sereno","lussuoso","splendido","sublime","sorprendente","talentuoso","terrificante","unico","valore","vibrante","vittorioso","vivace","veramente","zelante","autentico","avventuroso","spettacolare","esclusivo","garantito","straordinario","favoloso","affascinante","formidabile","geniale","grandioso","gratuito","abile","illimitato","impeccabile","infallibile","infinitamente","influente","ingegnoso","indimenticabile","insostituibile","leader","maestro","notevole","innovativo","pioniere","potente","riconosciuto","rivoluzionario","sorprendente","superiore","trionfante","ultra","coraggioso","prezioso","avanguardia","vigoroso","visionario","volont\u00e0","vitale","trionfo","glorioso","inarrestabile","ineguagliabile","intelligente","invincibile","libert\u00e0","orgoglio","pace","progresso","rinnovato","saggezza","soddisfazione","sicuro","serenit\u00e0","superamento","talento","trascendente","trasformativo","coraggio","vittoria"],"diacritics":{"A":"[\\u0041\\u24B6\\uFF21\\u00C0\\u00C1\\u00C2\\u1EA6\\u1EA4\\u1EAA\\u1EA8\\u00C3\\u0100\\u0102\\u1EB0\\u1EAE\\u1EB4\\u1EB2\\u0226\\u01E0\\u00C4\\u01DE\\u1EA2\\u00C5\\u01FA\\u01CD\\u0200\\u0202\\u1EA0\\u1EAC\\u1EB6\\u1E00\\u0104\\u023A\\u2C6F]","AA":"[\\uA732]","AE":"[\\u00C6\\u01FC\\u01E2]","AO":"[\\uA734]","AU":"[\\uA736]","AV":"[\\uA738\\uA73A]","AY":"[\\uA73C]","B":"[\\u0042\\u24B7\\uFF22\\u1E02\\u1E04\\u1E06\\u0243\\u0182\\u0181]","C":"[\\u0043\\u24B8\\uFF23\\u0106\\u0108\\u010A\\u010C\\u00C7\\u1E08\\u0187\\u023B\\uA73E]","D":"[\\u0044\\u24B9\\uFF24\\u1E0A\\u010E\\u1E0C\\u1E10\\u1E12\\u1E0E\\u0110\\u018B\\u018A\\u0189\\uA779]","DZ":"[\\u01F1\\u01C4]","Dz":"[\\u01F2\\u01C5]","E":"[\\u0045\\u24BA\\uFF25\\u00C8\\u00C9\\u00CA\\u1EC0\\u1EBE\\u1EC4\\u1EC2\\u1EBC\\u0112\\u1E14\\u1E16\\u0114\\u0116\\u00CB\\u1EBA\\u011A\\u0204\\u0206\\u1EB8\\u1EC6\\u0228\\u1E1C\\u0118\\u1E18\\u1E1A\\u0190\\u018E]","F":"[\\u0046\\u24BB\\uFF26\\u1E1E\\u0191\\uA77B]","G":"[\\u0047\\u24BC\\uFF27\\u01F4\\u011C\\u1E20\\u011E\\u0120\\u01E6\\u0122\\u01E4\\u0193\\uA7A0\\uA77D\\uA77E]","H":"[\\u0048\\u24BD\\uFF28\\u0124\\u1E22\\u1E26\\u021E\\u1E24\\u1E28\\u1E2A\\u0126\\u2C67\\u2C75\\uA78D]","I":"[\\u0049\\u24BE\\uFF29\\u00CC\\u00CD\\u00CE\\u0128\\u012A\\u012C\\u0130\\u00CF\\u1E2E\\u1EC8\\u01CF\\u0208\\u020A\\u1ECA\\u012E\\u1E2C\\u0197]","J":"[\\u004A\\u24BF\\uFF2A\\u0134\\u0248]","K":"[\\u004B\\u24C0\\uFF2B\\u1E30\\u01E8\\u1E32\\u0136\\u1E34\\u0198\\u2C69\\uA740\\uA742\\uA744\\uA7A2]","L":"[\\u004C\\u24C1\\uFF2C\\u013F\\u0139\\u013D\\u1E36\\u1E38\\u013B\\u1E3C\\u1E3A\\u0141\\u023D\\u2C62\\u2C60\\uA748\\uA746\\uA780]","LJ":"[\\u01C7]","Lj":"[\\u01C8]","M":"[\\u004D\\u24C2\\uFF2D\\u1E3E\\u1E40\\u1E42\\u2C6E\\u019C]","N":"[\\u004E\\u24C3\\uFF2E\\u01F8\\u0143\\u00D1\\u1E44\\u0147\\u1E46\\u0145\\u1E4A\\u1E48\\u0220\\u019D\\uA790\\uA7A4]","NJ":"[\\u01CA]","Nj":"[\\u01CB]","O":"[\\u004F\\u24C4\\uFF2F\\u00D2\\u00D3\\u00D4\\u1ED2\\u1ED0\\u1ED6\\u1ED4\\u00D5\\u1E4C\\u022C\\u1E4E\\u014C\\u1E50\\u1E52\\u014E\\u022E\\u0230\\u00D6\\u022A\\u1ECE\\u0150\\u01D1\\u020C\\u020E\\u01A0\\u1EDC\\u1EDA\\u1EE0\\u1EDE\\u1EE2\\u1ECC\\u1ED8\\u01EA\\u01EC\\u00D8\\u01FE\\u0186\\u019F\\uA74A\\uA74C]","OI":"[\\u01A2]","OO":"[\\uA74E]","OU":"[\\u0222]","P":"[\\u0050\\u24C5\\uFF30\\u1E54\\u1E56\\u01A4\\u2C63\\uA750\\uA752\\uA754]","Q":"[\\u0051\\u24C6\\uFF31\\uA756\\uA758\\u024A]","R":"[\\u0052\\u24C7\\uFF32\\u0154\\u1E58\\u0158\\u0210\\u0212\\u1E5A\\u1E5C\\u0156\\u1E5E\\u024C\\u2C64\\uA75A\\uA7A6\\uA782]","S":"[\\u0053\\u24C8\\uFF33\\u1E9E\\u015A\\u1E64\\u015C\\u1E60\\u0160\\u1E66\\u1E62\\u1E68\\u0218\\u015E\\u2C7E\\uA7A8\\uA784]","T":"[\\u0054\\u24C9\\uFF34\\u1E6A\\u0164\\u1E6C\\u021A\\u0162\\u1E70\\u1E6E\\u0166\\u01AC\\u01AE\\u023E\\uA786]","TZ":"[\\uA728]","U":"[\\u0055\\u24CA\\uFF35\\u00D9\\u00DA\\u00DB\\u0168\\u1E78\\u016A\\u1E7A\\u016C\\u00DC\\u01DB\\u01D7\\u01D5\\u01D9\\u1EE6\\u016E\\u0170\\u01D3\\u0214\\u0216\\u01AF\\u1EEA\\u1EE8\\u1EEE\\u1EEC\\u1EF0\\u1EE4\\u1E72\\u0172\\u1E76\\u1E74\\u0244]","V":"[\\u0056\\u24CB\\uFF36\\u1E7C\\u1E7E\\u01B2\\uA75E\\u0245]","VY":"[\\uA760]","W":"[\\u0057\\u24CC\\uFF37\\u1E80\\u1E82\\u0174\\u1E86\\u1E84\\u1E88\\u2C72]","X":"[\\u0058\\u24CD\\uFF38\\u1E8A\\u1E8C]","Y":"[\\u0059\\u24CE\\uFF39\\u1EF2\\u00DD\\u0176\\u1EF8\\u0232\\u1E8E\\u0178\\u1EF6\\u1EF4\\u01B3\\u024E\\u1EFE]","Z":"[\\u005A\\u24CF\\uFF3A\\u0179\\u1E90\\u017B\\u017D\\u1E92\\u1E94\\u01B5\\u0224\\u2C7F\\u2C6B\\uA762]","a":"[\\u0061\\u24D0\\uFF41\\u1E9A\\u00E0\\u00E1\\u00E2\\u1EA7\\u1EA5\\u1EAB\\u1EA9\\u00E3\\u0101\\u0103\\u1EB1\\u1EAF\\u1EB5\\u1EB3\\u0227\\u01E1\\u00E4\\u01DF\\u1EA3\\u00E5\\u01FB\\u01CE\\u0201\\u0203\\u1EA1\\u1EAD\\u1EB7\\u1E01\\u0105\\u2C65\\u0250]","aa":"[\\uA733]","ae":"[\\u00E6\\u01FD\\u01E3]","ao":"[\\uA735]","au":"[\\uA737]","av":"[\\uA739\\uA73B]","ay":"[\\uA73D]","b":"[\\u0062\\u24D1\\uFF42\\u1E03\\u1E05\\u1E07\\u0180\\u0183\\u0253]","c":"[\\u0063\\u24D2\\uFF43\\u0107\\u0109\\u010B\\u010D\\u00E7\\u1E09\\u0188\\u023C\\uA73F\\u2184]","d":"[\\u0064\\u24D3\\uFF44\\u1E0B\\u010F\\u1E0D\\u1E11\\u1E13\\u1E0F\\u0111\\u018C\\u0256\\u0257\\uA77A]","dz":"[\\u01F3\\u01C6]","e":"[\\u0065\\u24D4\\uFF45\\u00E8\\u00E9\\u00EA\\u1EC1\\u1EBF\\u1EC5\\u1EC3\\u1EBD\\u0113\\u1E15\\u1E17\\u0115\\u0117\\u00EB\\u1EBB\\u011B\\u0205\\u0207\\u1EB9\\u1EC7\\u0229\\u1E1D\\u0119\\u1E19\\u1E1B\\u0247\\u025B\\u01DD]","f":"[\\u0066\\u24D5\\uFF46\\u1E1F\\u0192\\uA77C]","g":"[\\u0067\\u24D6\\uFF47\\u01F5\\u011D\\u1E21\\u011F\\u0121\\u01E7\\u0123\\u01E5\\u0260\\uA7A1\\u1D79\\uA77F]","h":"[\\u0068\\u24D7\\uFF48\\u0125\\u1E23\\u1E27\\u021F\\u1E25\\u1E29\\u1E2B\\u1E96\\u0127\\u2C68\\u2C76\\u0265]","hv":"[\\u0195]","i":"[\\u0069\\u24D8\\uFF49\\u00EC\\u00ED\\u00EE\\u0129\\u012B\\u012D\\u00EF\\u1E2F\\u1EC9\\u01D0\\u0209\\u020B\\u1ECB\\u012F\\u1E2D\\u0268\\u0131]","j":"[\\u006A\\u24D9\\uFF4A\\u0135\\u01F0\\u0249]","k":"[\\u006B\\u24DA\\uFF4B\\u1E31\\u01E9\\u1E33\\u0137\\u1E35\\u0199\\u2C6A\\uA741\\uA743\\uA745\\uA7A3]","l":"[\\u006C\\u24DB\\uFF4C\\u0140\\u013A\\u013E\\u1E37\\u1E39\\u013C\\u1E3D\\u1E3B\\u017F\\u0142\\u019A\\u026B\\u2C61\\uA749\\uA781\\uA747]","lj":"[\\u01C9]","m":"[\\u006D\\u24DC\\uFF4D\\u1E3F\\u1E41\\u1E43\\u0271\\u026F]","n":"[\\u006E\\u24DD\\uFF4E\\u01F9\\u0144\\u00F1\\u1E45\\u0148\\u1E47\\u0146\\u1E4B\\u1E49\\u019E\\u0272\\u0149\\uA791\\uA7A5]","nj":"[\\u01CC]","o":"[\\u006F\\u24DE\\uFF4F\\u00F2\\u00F3\\u00F4\\u1ED3\\u1ED1\\u1ED7\\u1ED5\\u00F5\\u1E4D\\u022D\\u1E4F\\u014D\\u1E51\\u1E53\\u014F\\u022F\\u0231\\u00F6\\u022B\\u1ECF\\u0151\\u01D2\\u020D\\u020F\\u01A1\\u1EDD\\u1EDB\\u1EE1\\u1EDF\\u1EE3\\u1ECD\\u1ED9\\u01EB\\u01ED\\u00F8\\u01FF\\u0254\\uA74B\\uA74D\\u0275]","oi":"[\\u01A3]","ou":"[\\u0223]","oo":"[\\uA74F]","p":"[\\u0070\\u24DF\\uFF50\\u1E55\\u1E57\\u01A5\\u1D7D\\uA751\\uA753\\uA755]","q":"[\\u0071\\u24E0\\uFF51\\u024B\\uA757\\uA759]","r":"[\\u0072\\u24E1\\uFF52\\u0155\\u1E59\\u0159\\u0211\\u0213\\u1E5B\\u1E5D\\u0157\\u1E5F\\u024D\\u027D\\uA75B\\uA7A7\\uA783]","s":"[\\u0073\\u24E2\\uFF53\\u015B\\u1E65\\u015D\\u1E61\\u0161\\u1E67\\u1E63\\u1E69\\u0219\\u015F\\u023F\\uA7A9\\uA785\\u1E9B]","ss":"[\\u00DF]","t":"[\\u0074\\u24E3\\uFF54\\u1E6B\\u1E97\\u0165\\u1E6D\\u021B\\u0163\\u1E71\\u1E6F\\u0167\\u01AD\\u0288\\u2C66\\uA787]","tz":"[\\uA729]","u":"[\\u0075\\u24E4\\uFF55\\u00F9\\u00FA\\u00FB\\u0169\\u1E79\\u016B\\u1E7B\\u016D\\u00FC\\u01DC\\u01D8\\u01D6\\u01DA\\u1EE7\\u016F\\u0171\\u01D4\\u0215\\u0217\\u01B0\\u1EEB\\u1EE9\\u1EEF\\u1EED\\u1EF1\\u1EE5\\u1E73\\u0173\\u1E77\\u1E75\\u0289]","v":"[\\u0076\\u24E5\\uFF56\\u1E7D\\u1E7F\\u028B\\uA75F\\u028C]","vy":"[\\uA761]","w":"[\\u0077\\u24E6\\uFF57\\u1E81\\u1E83\\u0175\\u1E87\\u1E85\\u1E98\\u1E89\\u2C73]","x":"[\\u0078\\u24E7\\uFF58\\u1E8B\\u1E8D]","y":"[\\u0079\\u24E8\\uFF59\\u1EF3\\u00FD\\u0177\\u1EF9\\u0233\\u1E8F\\u00FF\\u1EF7\\u1E99\\u1EF5\\u01B4\\u024F\\u1EFF]","z":"[\\u007A\\u24E9\\uFF5A\\u017A\\u1E91\\u017C\\u017E\\u1E93\\u1E95\\u01B6\\u0225\\u0240\\u2C6C\\uA763]"},"researchesTests":["contentHasTOC","contentHasShortParagraphs","contentHasAssets","keywordInTitle","keywordInMetaDescription","keywordInPermalink","keywordIn10Percent","keywordInContent","keywordInSubheadings","keywordInImageAlt","keywordDensity","keywordNotUsed","lengthContent","lengthPermalink","linksHasInternal","linksHasExternals","linksNotAllExternals","titleStartWithKeyword","titleSentiment","titleHasPowerWords","titleHasNumber","hasContentAI"],"hasRedirection":true,"hasBreadcrumb":true},"homeUrl":"https:\/\/organizzazione.cai.it\/sez-oristano","objectID":73,"objectType":"post","locale":"it","localeFull":"it_IT","overlayImages":{"play":{"name":"Icona di riproduzione","url":"https:\/\/organizzazione.cai.it\/sez-oristano\/wp-content\/plugins\/seo-by-rank-math\/assets\/admin\/img\/icon-play.png","path":"\/var\/www\/vhosts\/organizzazione.cai.it\/httpdocs\/wp-content\/plugins\/seo-by-rank-math\/assets\/admin\/img\/icon-play.png","position":"middle_center"},"gif":{"name":"Icona GIF","url":"https:\/\/organizzazione.cai.it\/sez-oristano\/wp-content\/plugins\/seo-by-rank-math\/assets\/admin\/img\/icon-gif.png","path":"\/var\/www\/vhosts\/organizzazione.cai.it\/httpdocs\/wp-content\/plugins\/seo-by-rank-math\/assets\/admin\/img\/icon-gif.png","position":"middle_center"}},"defautOgImage":"https:\/\/organizzazione.cai.it\/sez-oristano\/wp-content\/uploads\/sites\/41\/2024\/09\/og.webp","customPermalinks":true,"isUserRegistered":false,"autoSuggestKeywords":false,"connectSiteUrl":"https:\/\/rankmath.com\/auth?site=https%3A%2F%2Forganizzazione.cai.it%2Fsez-oristano&r=https%3A%2F%2Forganizzazione.cai.it%2Fsez-oristano%2Fwp-json%2Fwp%2Fv2%2Fpages%2F73%3Fnonce%3D2ac110b03b","maxTags":5,"trendsIcon":"<svg viewBox=\"0 0 610 610\"><path d=\"M18.85,446,174.32,290.48l58.08,58.08L76.93,504a14.54,14.54,0,0,1-20.55,0L18.83,466.48a14.54,14.54,0,0,1,0-20.55Z\" style=\"fill:#4285f4\"\/><path d=\"M242.65,242.66,377.59,377.6l-47.75,47.75a14.54,14.54,0,0,1-20.55,0L174.37,290.43l47.75-47.75A14.52,14.52,0,0,1,242.65,242.66Z\" style=\"fill:#ea4335\"\/><polygon points=\"319.53 319.53 479.26 159.8 537.34 217.88 377.61 377.62 319.53 319.53\" style=\"fill:#fabb05\"\/><path d=\"M594.26,262.73V118.61h0a16.94,16.94,0,0,0-16.94-16.94H433.2a16.94,16.94,0,0,0-12,28.92L565.34,274.71h0a16.94,16.94,0,0,0,28.92-12Z\" style=\"fill:#34a853\"\/><rect width=\"610\" height=\"610\" style=\"fill:none\"\/><\/svg>","showScore":true,"siteFavIcon":"data:image\/png;base64,iVBORw0KGgoAAAANSUhEUgAAABAAAAAQCAYAAAAf8\/9hAAABs0lEQVR4AWL4\/\/8\/RRjO8Iucx+noO0MWUDo16FYABMGP6ZfUcRnWtm27jVPbtm3bttuH2t3eFPcY9pLz7NxiLjCyVd87pKnHyqXyxtCs8APd0rnyxiu4qSeA3QEDrAwBDrT1s1Rc\/OrjLZwqVmOSu6+Lamcpp2KKMA9PH1BYXMe1mUP5qotvXTywsOEEYHXxrY+3cqk6TMkYpNr2FeoY3KIr0RPtn9wQ2unlA+GMkRw6+9TFw4YTwDUzx\/JVvARj9KaedXRO8P5B1Du2S32smzqUrcKGEyA+uAgQjKX7zf0boWHGfn71jIKj2689gxp7OAGShNcBUmLMPVjZuiKcA2vuWHHDCQxMCz629kXAIU4ApY15QwggAFbfOP9DhgBJ+nWVJ1AZAfICAj1pAlY6hCADZnveQf7bQIwzVONGJonhLIlS9gr5mFg44Xd+4S3XHoGNPdJl1INIwKyEgHckEhgTe1bGiFY9GSFBYUwLh1IkiJUbY407E7syBSFxKTszEoiE\/YdrgCEayDmtaJwCI9uu8TKMuZSVfSa4BpGgzvomBR\/INhLGzrqDotp01ZR8pn\/1L0JN9d9XNyx0AAAAAElFTkSuQmCC","canUser":{"general":false,"advanced":false,"snippet":false,"social":false,"analysis":false,"analytics":false,"content_ai":false},"showKeywordIntent":true,"isPro":false,"is_front_page":false,"trendsUpgradeLink":"https:\/\/rankmath.com\/pricing\/?utm_source=Plugin&utm_medium=CE%20General%20Tab%20Trends&utm_campaign=WP","trendsUpgradeLabel":"Aggiorna","trendsPreviewImage":"https:\/\/organizzazione.cai.it\/sez-oristano\/wp-content\/plugins\/seo-by-rank-math\/assets\/admin\/img\/trends-preview.jpg","currentEditor":false,"homepageData":{"assessor":{"powerWords":["incredibile","sorprendente","meraviglioso","unico","bello","felicit\u00e0","brillante","affascinante","carismatico","scioccante","chiaro","completamente","riservato","fiducia","significativo","creativo","definitivamente","delizioso","dimostrare","sbrigati","determinato","degno","dinamico","impressionante","essenziale","ispiratore","innovativo","intenso","efficace","magico","magnifico","storico","importante","incredibile","indispensabile","indimenticabile","irresistibile","leggendario","luminoso","lusso","magico","magnifico","maestoso","memorabile","miracoloso","motivante","necessario","nuovo","ufficiale","perfetto","appassionato","persuasivo","fenomenale","piacere","popolare","potere","prestigioso","prodigioso","profondo","prospero","potente","qualit\u00e0","radiante","veloce","di successo","rivoluzionario","soddisfatto","sicurezza","sensazionale","sereno","lussuoso","splendido","sublime","sorprendente","talentuoso","terrificante","unico","valore","vibrante","vittorioso","vivace","veramente","zelante","autentico","avventuroso","spettacolare","esclusivo","garantito","straordinario","favoloso","affascinante","formidabile","geniale","grandioso","gratuito","abile","illimitato","impeccabile","infallibile","infinitamente","influente","ingegnoso","indimenticabile","insostituibile","leader","maestro","notevole","innovativo","pioniere","potente","riconosciuto","rivoluzionario","sorprendente","superiore","trionfante","ultra","coraggioso","prezioso","avanguardia","vigoroso","visionario","volont\u00e0","vitale","trionfo","glorioso","inarrestabile","ineguagliabile","intelligente","invincibile","libert\u00e0","orgoglio","pace","progresso","rinnovato","saggezza","soddisfazione","sicuro","serenit\u00e0","superamento","talento","trascendente","trasformativo","coraggio","vittoria"],"diacritics":true,"researchesTests":["contentHasTOC","contentHasShortParagraphs","contentHasAssets","keywordInTitle","keywordInMetaDescription","keywordInPermalink","keywordIn10Percent","keywordInContent","keywordInSubheadings","keywordInImageAlt","keywordDensity","keywordNotUsed","lengthContent","lengthPermalink","linksHasInternal","linksHasExternals","linksNotAllExternals","titleStartWithKeyword","titleSentiment","titleHasPowerWords","titleHasNumber","hasContentAI"],"hasBreadcrumb":true,"serpData":{"title":"%sitename% %page% %sep% %sitedesc%","description":"","titleTemplate":"%sitename% %page% %sep% %sitedesc%","descriptionTemplate":"","focusKeywords":"","breadcrumbTitle":"Home","robots":{"index":true},"advancedRobots":{"max-snippet":"-1","max-video-preview":"-1","max-image-preview":"large"},"facebookTitle":"","facebookDescription":"","facebookImage":"","facebookImageID":""}}},"tocTitle":"Table of Contents","tocExcludeHeadings":[],"listStyle":"ul"},"_links":{"self":[{"href":"https:\/\/organizzazione.cai.it\/sez-oristano\/wp-json\/wp\/v2\/pages\/73"}],"collection":[{"href":"https:\/\/organizzazione.cai.it\/sez-oristano\/wp-json\/wp\/v2\/pages"}],"about":[{"href":"https:\/\/organizzazione.cai.it\/sez-oristano\/wp-json\/wp\/v2\/types\/page"}],"author":[{"embeddable":true,"href":"https:\/\/organizzazione.cai.it\/sez-oristano\/wp-json\/wp\/v2\/users\/1"}],"replies":[{"embeddable":true,"href":"https:\/\/organizzazione.cai.it\/sez-oristano\/wp-json\/wp\/v2\/comments?post=73"}],"version-history":[{"count":68,"href":"https:\/\/organizzazione.cai.it\/sez-oristano\/wp-json\/wp\/v2\/pages\/73\/revisions"}],"predecessor-version":[{"id":7485,"href":"https:\/\/organizzazione.cai.it\/sez-oristano\/wp-json\/wp\/v2\/pages\/73\/revisions\/7485"}],"wp:featuredmedia":[{"embeddable":true,"href":"https:\/\/organizzazione.cai.it\/sez-oristano\/wp-json\/wp\/v2\/media\/36"}],"wp:attachment":[{"href":"https:\/\/organizzazione.cai.it\/sez-oristano\/wp-json\/wp\/v2\/media?parent=73"}],"curies":[{"name":"wp","href":"https:\/\/api.w.org\/{rel}","templated":true}]}}