{"id":1503,"date":"2025-04-11T13:07:22","date_gmt":"2025-04-11T13:07:22","guid":{"rendered":"https:\/\/organizzazione.cai.it\/villaggimontani\/?page_id=1503"},"modified":"2025-06-23T18:23:17","modified_gmt":"2025-06-23T18:23:17","slug":"crissolo-proposte-escursionistiche","status":"publish","type":"page","link":"https:\/\/organizzazione.cai.it\/villaggimontani\/crissolo-proposte-escursionistiche\/","title":{"rendered":"CRISSOLO: proposte escursionistiche"},"content":{"rendered":"\n<p class=\"has-text-align-center has-azzurro-background-color has-background has-x-large-font-size\"><strong>ITINERARI IN ALTA QUOTA con partenza da Pian del Re (2.040 m)<\/strong><\/p>\n\n\n\n<div class=\"wp-block-columns is-layout-flex wp-container-core-columns-is-layout-1 wp-block-columns-is-layout-flex\">\n<div class=\"wp-block-column is-layout-flow wp-block-column-is-layout-flow\" style=\"flex-basis:66.66%\">\n<p class=\"has-large-font-size\"><strong>GIRO DEI LAGHI<\/strong><\/p>\n\n\n\n<p>Splendido e facile percorso ad anello che porta a costeggiare le rive di alcuni tra i laghi alpini pi\u00f9 interessanti, incorniciati da prati e barriere rocciose, dominati dalla maestosa piramide del Monviso.<br>Si raggiungono in successione il Lago Superiore (2.313 m), Lago Lausetto (2.324 m), adagiati in una caratteristica conca glaciale, il Lago Chiaretto (2.261 m) dalla caratteristica colorazione delle sue acque, e infine il Lago Fiorenza (2.113 m) nelle cui acque si specchia il Monviso.<\/p>\n<\/div>\n\n\n\n<div class=\"wp-block-column is-layout-flow wp-block-column-is-layout-flow\" style=\"flex-basis:33.33%\">\n<p><strong>IN SINTESI<\/strong><\/p>\n\n\n\n<p>Sentieri V17 \u2013 V14 &#8211; V13<\/p>\n\n\n\n<p>Dislivello: 400 m<\/p>\n\n\n\n<p>Tempo di percorrenza: 2:30 ore<\/p>\n\n\n\n<p>Difficolt\u00e0: E<\/p>\n<\/div>\n<\/div>\n\n\n\n<p><\/p>\n\n\n\n<figure class=\"wp-block-image aligncenter size-full is-resized\"><img loading=\"lazy\" decoding=\"async\" width=\"1152\" height=\"872\" src=\"https:\/\/organizzazione.cai.it\/villaggimontani\/wp-content\/uploads\/sites\/71\/2025\/04\/crissolo-lago-chiaretto.webp\" alt=\"- CAI\" class=\"wp-image-1523\" style=\"aspect-ratio:16\/9;object-fit:cover;width:680px\" title=\"\" srcset=\"https:\/\/organizzazione.cai.it\/villaggimontani\/wp-content\/uploads\/sites\/71\/2025\/04\/crissolo-lago-chiaretto.webp 1152w, https:\/\/organizzazione.cai.it\/villaggimontani\/wp-content\/uploads\/sites\/71\/2025\/04\/crissolo-lago-chiaretto-951x720.webp 951w, https:\/\/organizzazione.cai.it\/villaggimontani\/wp-content\/uploads\/sites\/71\/2025\/04\/crissolo-lago-chiaretto-768x581.webp 768w\" sizes=\"(max-width: 1152px) 100vw, 1152px\" \/><figcaption class=\"wp-element-caption\">Lago Chiaretto<\/figcaption><\/figure>\n\n\n\n<p><\/p>\n\n\n\n<div class=\"wp-block-columns is-layout-flex wp-container-core-columns-is-layout-2 wp-block-columns-is-layout-flex\">\n<div class=\"wp-block-column is-layout-flow wp-block-column-is-layout-flow\" style=\"flex-basis:66.66%\">\n<p class=\"has-large-font-size\"><strong>COLLE DELLE TRAVERSETTE (2.950 m) &#8211; BUCO DI VISO (2.882 m)<\/strong><\/p>\n\n\n\n<p>Escursione classica, molto frequentata, inserita nel percorso del Giro di Viso. E\u2019 da secoli il passaggio pi\u00f9 agevole per il collegamento con la Francia; \u00e8 un\u2019 itinerario molto panoramico, lungo il quale si incontrano resti di in stallazioni risalenti alla seconda guerra mondiale, prima di raggiungere il Buco di Viso, la prima galleria nella storia delle Alpi. Lungo il percorso, non \u00e8 raro incontrare lo stambecco, molto presente nella zona, essendo all\u2019interno del Parco del Monviso.<\/p>\n<\/div>\n\n\n\n<div class=\"wp-block-column is-layout-flow wp-block-column-is-layout-flow\" style=\"flex-basis:33.33%\">\n<p><strong><strong>IN SINTESI<\/strong><\/strong><\/p>\n\n\n\n<p>Sentiero V16<\/p>\n\n\n\n<p>Dislivello: 900 m<\/p>\n\n\n\n<p>Tempo di percorrenza: 3 ore<\/p>\n\n\n\n<p>Difficolt\u00e0: EE<\/p>\n<\/div>\n<\/div>\n\n\n\n<hr class=\"wp-block-separator has-alpha-channel-opacity\"\/>\n\n\n\n<div class=\"wp-block-columns is-layout-flex wp-container-core-columns-is-layout-3 wp-block-columns-is-layout-flex\">\n<div class=\"wp-block-column is-layout-flow wp-block-column-is-layout-flow\" style=\"flex-basis:66.66%\">\n<p class=\"has-large-font-size\"><strong><strong><strong>MONTE MEIDASSA (3.105 m)<\/strong><\/strong><\/strong><\/p>\n\n\n\n<p>\u00c8 un\u2019ampia e tondeggiante sommit\u00e0 sullo spartiacque tra la Valle Po e la Val Pellice. La prima parte dell\u2019itinerario segue il percorso per il Colle delle Traversette, da cui si distacca, all\u2019altezza della casermetta, oramai diroccata, per imboccare il canalone che conduce al Passo Luisas, e di qui in pochi minuti alla vetta. E\u2019 un punto estremamente panoramico sulla catena del Monviso, e sulle montagne dell\u2019alta Val Pellice.<\/p>\n<\/div>\n\n\n\n<div class=\"wp-block-column is-layout-flow wp-block-column-is-layout-flow\" style=\"flex-basis:33.33%\">\n<p><strong>IN SINTESI<\/strong><\/p>\n\n\n\n<p>Sentieri V16 &#8211; V22<\/p>\n\n\n\n<p>Dislivello: 1.085 m<\/p>\n\n\n\n<p>Tempo di percorrenza: 3:30 ore<\/p>\n\n\n\n<p>Difficolt\u00e0: E<\/p>\n<\/div>\n<\/div>\n\n\n\n<hr class=\"wp-block-separator has-alpha-channel-opacity\"\/>\n\n\n\n<div class=\"wp-block-columns is-layout-flex wp-container-core-columns-is-layout-4 wp-block-columns-is-layout-flex\">\n<div class=\"wp-block-column is-layout-flow wp-block-column-is-layout-flow\" style=\"flex-basis:66.66%\">\n<p class=\"has-large-font-size\"><strong>COLLE DELLA GIANNA (2.525 m)<\/strong><\/p>\n\n\n\n<p>Facile escursione in una conca verdeggiante, che offre spettacolari fioriture ad inizio stagione. \u00c8 il principale collegamento tra la Valle Po e la Val Pellice: dal Colle in poco pi\u00f9 di un\u2019ora si pu\u00f2 raggiungere il Rifugio Barbara, lungo il percorso della GTA (Grande Traversata delle Alpi). Dal Colle, in circa 30 minuti \u00e8 consigliabile salire alla Punta Sea Bianca (2.721 m), da cui si gode un incantevole pano rama sui monti circostanti.<\/p>\n<\/div>\n\n\n\n<div class=\"wp-block-column is-layout-flow wp-block-column-is-layout-flow\" style=\"flex-basis:33.33%\">\n<p><strong>IN SINTESI<\/strong><\/p>\n\n\n\n<p>Sentiero V12<\/p>\n\n\n\n<p>Dislivello: 500 m<\/p>\n\n\n\n<p>Tempo di percorrenza:1:40 ore<\/p>\n\n\n\n<p>Difficolt\u00e0: E<\/p>\n<\/div>\n<\/div>\n\n\n\n<hr class=\"wp-block-separator has-alpha-channel-opacity\"\/>\n\n\n\n<div class=\"wp-block-columns is-layout-flex wp-container-core-columns-is-layout-5 wp-block-columns-is-layout-flex\">\n<div class=\"wp-block-column is-layout-flow wp-block-column-is-layout-flow\" style=\"flex-basis:66.66%\">\n<p class=\"has-large-font-size\"><strong>VISO MOZZO (3.019 m)<\/strong><\/p>\n\n\n\n<p>Si segue il sentiero per il Rifugio Quintino Sella, fino al Colle di Viso (2.650 m); si svolta a sinistra e seguendo tracce di sentiero in poco meno di un\u2019ora si giunge all\u2019ampia vetta, da cui si gode una vista mozzafiato sulla parete est del Monviso, sul Torrione di Saint Robert e sulle Punte Sella e Tuckett. Nelle giornate limpide lo sguardo spazia alla pianura cuneese ed alle montagne del Piemonte settentrionale.<\/p>\n<\/div>\n\n\n\n<div class=\"wp-block-column is-layout-flow wp-block-column-is-layout-flow\" style=\"flex-basis:33.33%\">\n<p><strong>IN SINTESI<\/strong><\/p>\n\n\n\n<p>Sentiero V13<\/p>\n\n\n\n<p>Dislivello: 1.000 m<\/p>\n\n\n\n<p>Tempo di percorrenza: 3:30 ore<\/p>\n\n\n\n<p>Difficolt\u00e0: EE<\/p>\n<\/div>\n<\/div>\n\n\n\n<hr class=\"wp-block-separator has-alpha-channel-opacity\"\/>\n\n\n\n<p class=\"has-text-align-center has-azzurro-background-color has-background has-x-large-font-size\"><strong>ITINERARI DI MEDIA VALLE con partenza da Crissolo<\/strong><\/p>\n\n\n\n<div class=\"wp-block-columns is-layout-flex wp-container-core-columns-is-layout-6 wp-block-columns-is-layout-flex\">\n<div class=\"wp-block-column is-layout-flow wp-block-column-is-layout-flow\" style=\"flex-basis:66.66%\">\n<p class=\"has-large-font-size\"><strong>L&#8217;ANELLO DI SAN GIACOMO<\/strong><\/p>\n\n\n\n<p>Dal ponte all\u2019inizio del paese, alla prima curva, svoltare a sinistra oltrepassando il ponte sul rio Sbarme e prendere la carrareccia che inizia alla destra di un ampio spiazzo; percorrerla in discesa nella zona denominata \u201cParadiso delle dame\u201d, fino ad incrociare l\u2019ampio sentiero pianeggiante, che in uno stupendo bosco di faggi costeggia il \u201ccanale\u201d, monumentale opera costruita agli inizi del secolo scorso per prelevare l\u2019acqua dal Po, utilizzata per alimentare la centrale idroelettrica di Calcinere, a Paesana. Quando il canale entra nella montagna, deviare a sinistra e con una bella salita, in pochi minuti raggiungere una spianata erbosa dove sorgono i resti della Cappella di San Giacomo (1.349 m). Tralasciata la mulattiera che conduce ad Oncino, svoltare a destra imboccando un evidente sentiero che attraversa la zona denominata Combal \u2018dle Brus\u00e0 per giungere alle Meire Marco (1436 m), interessanti per le loro caratteristiche costruttive; di qui in breve si arriva alla Fontana di Padre Picco, sorgente sempre attiva, rinomata per la leggerezza della sua acqua. Poco dopo, tralasciato il bivio per il Monte Tivoli, iniziare la discesa, che con comodi tornanti, attraversato il rio Sbarme, conduce a Crissolo.<\/p>\n<\/div>\n\n\n\n<div class=\"wp-block-column is-layout-flow wp-block-column-is-layout-flow\" style=\"flex-basis:33.33%\">\n<p><strong>IN SINTESI<\/strong><\/p>\n\n\n\n<p>Tempo di percorrenza: 2 ore<\/p>\n<\/div>\n<\/div>\n\n\n\n<hr class=\"wp-block-separator has-alpha-channel-opacity\"\/>\n\n\n\n<div class=\"wp-block-columns is-layout-flex wp-container-core-columns-is-layout-7 wp-block-columns-is-layout-flex\">\n<div class=\"wp-block-column is-layout-flow wp-block-column-is-layout-flow\" style=\"flex-basis:66.66%\">\n<p class=\"has-large-font-size\"><strong>MONTE TIVOLI<\/strong><\/p>\n\n\n\n<p>Attraversato il ponte pedonale, svoltare a sinistra e proseguire fino ad incontrare la mulattiera che, oltrepassato il rio Sbarme, sale con comodi tornanti; giunti a un bivio, svoltare a destra e continuare la salita fino a raggiungere le Meire Grangiun (m. 1507). Ora il sentiero prosegue in un bel bosco di larici, in direzione sud-sud est in costante leggera salita lungo le pendici del Monte Tivoli fino al termine del bosco, dove si apre una bella radura; alcuni ometti di pietra indicano la dire zione, sulla sinistra del prato; poi una evidente traccia conduce ad una sella, dalla quale si apre lo splendido panorama sulla piramide del Monviso. Ora il sentiero prosegue a mezza costa, quasi pianeggiante, in direzione delle Meire Arpiol (m. 1768); poco prima dell\u2019insediamento, svoltando a destra, con divertente breve salita si giunge alla croce del Monte Tivoli, detto anche Bric Arpiol, m. 1791.<\/p>\n<\/div>\n\n\n\n<div class=\"wp-block-column is-layout-flow wp-block-column-is-layout-flow\" style=\"flex-basis:33.33%\">\n<p><strong>IN SINTESI<\/strong><\/p>\n\n\n\n<p>Tempo di percorrenza: 1:30 ore<\/p>\n<\/div>\n<\/div>\n\n\n\n<hr class=\"wp-block-separator has-alpha-channel-opacity\"\/>\n\n\n\n<div class=\"wp-block-columns is-layout-flex wp-container-core-columns-is-layout-8 wp-block-columns-is-layout-flex\">\n<div class=\"wp-block-column is-layout-flow wp-block-column-is-layout-flow\" style=\"flex-basis:66.66%\">\n<p class=\"has-large-font-size\"><strong>PIAN DEL RE<\/strong><\/p>\n\n\n\n<p>Appena all\u2019inizio della strada per il Pian del Re imboccare a sinistra l\u2019 evidente mulattiera che in pochi minuti conduce alla frazione Serre; costeggiata la chiesa parrocchiale, seguendo la strada asfaltata, alla fontana svoltare a destra. All\u2019altezza di un pilone votivo svoltare a sinistra ed imboccare nuovamente la mulattiera che, con piacevole percorso nel bosco, incontra la strada provinciale nei pressi della borgata Serre Uberto; oltrepassata la borgata, svoltare a sinistra nella mulattiera, prima in leggera discesa, poi pianeggiante fino alla localit\u00e0 Ponte Riundin; prima del ponte imboccare il sentiero sulla destra, che con alcuni tornanti conduce alle Meire Giaromba; attraversata la borgata e nuovamente la strada asfaltata, la mulattiera, dopo un tratto pi\u00f9 ripido, arriva alle Meire Costabella, e poi, divenuta pressoch\u00e9 pianeggiante, in breve raggiunge Pian della Regina (ore 1:15). Percorrere ora l\u2019ampia conca in direzione ovest, passando a fianco della chiesetta del Pian della Regina e, poco dopo, attraversare il Combal del Rio, per continuare in leggera salita; rag giungere quindi Pian Fiorenza (1.844 m) e poi la testata del vallone; ora il sentiero, fattosi pi\u00f9 ripido, con alcuni tornanti, sempre mantenendo la sinistra orografica, in breve tempo conduce alla conca del Pian del Re ed alla sorgente del Po (2.040 m).<\/p>\n<\/div>\n\n\n\n<div class=\"wp-block-column is-layout-flow wp-block-column-is-layout-flow\" style=\"flex-basis:33.33%\">\n<p><strong>IN SINTESI<\/strong><\/p>\n\n\n\n<p>Tempo di percorrenza: 2 ore<\/p>\n<\/div>\n<\/div>\n\n\n\n<hr class=\"wp-block-separator has-alpha-channel-opacity\"\/>\n\n\n\n<div class=\"wp-block-columns is-layout-flex wp-container-core-columns-is-layout-9 wp-block-columns-is-layout-flex\">\n<div class=\"wp-block-column is-layout-flow wp-block-column-is-layout-flow\" style=\"flex-basis:66.66%\">\n<p class=\"has-large-font-size\"><strong>COLLE DELLE PORTE<\/strong><\/p>\n\n\n\n<p>Dalla frazione Borgo in auto seguire la strada per la localit\u00e0 Ciampagna fino al bivio per la frazione Brich, dove si parcheggia; fatti pochi metri in direzione della borgata svoltare a sinistra ed imboccare una strada sterrata; giunti ad un pianoro, seguire la strada sterrata fino ad una caratteristica baita, svoltare a destra sul sentiero e nuovamente a destra (caratteri stici gruppi di betulle); ora in piano, passare a fianco di una cascatella e raggiungere due belle baite (Meire Pra\u2019 d\u2019la Costa); a quel punto occorre salire su deboli tracce di sentiero fino ad individuare una evidente mulattiera che conduce ad una sella, ottimo punto panoramico; svoltare a destra e continuare per lungo tratto salendo a mezza costa lungo le pendici del monte Briccas, fino a quando la mulattiera svolta a sinistra e raggiunge i resti di una cava di pietra, oltrepassata la quale svolta a destra e arriva su un\u2019ampia sella erbosa, che si percorre seguendo numerosi ometti di pietra fino alla dorsale spartiacque; di qui si nota sulla destra una evidente depressione dove si trova il Colle delle Porte (2.264 m), mentre sulla sinistra tracce di sentiero conducono al Monte Frioland (2.720 m).<\/p>\n<\/div>\n\n\n\n<div class=\"wp-block-column is-layout-flow wp-block-column-is-layout-flow\" style=\"flex-basis:33.33%\">\n<p><strong>IN SINTESI<\/strong><\/p>\n\n\n\n<p>Tempo di percorrenza: 2:40 ore<\/p>\n<\/div>\n<\/div>\n\n\n\n<hr class=\"wp-block-separator has-alpha-channel-opacity\"\/>\n\n\n\n<div class=\"wp-block-columns is-layout-flex wp-container-core-columns-is-layout-10 wp-block-columns-is-layout-flex\">\n<div class=\"wp-block-column is-layout-flow wp-block-column-is-layout-flow\" style=\"flex-basis:66.66%\">\n<p class=\"has-large-font-size\"><strong>COLLE DELL&#8217;OSTIA &#8211; FRAZIONE BORGO<\/strong><\/p>\n\n\n\n<p>Dalla piazzetta del Municipio, dopo l\u2019arco svoltare a destra e proseguire, fino a sbucare sulla strada asfaltata per il Pian del Re, che si percorre fino al primo tornante; raggiunto il Santuario di San Chiaffredo, prima del sagrato, scendere a destra e costeggiare il Santuario.<br>Dietro l\u2019abside imboccare il sentiero, che in breve entra nel bosco, dapprima in salita, poi quasi pianeggiante; giungere quindi ad una radura dalla quale si gode uno splendido panorama sulla catena del Monviso; continuare cos\u00ec per lungo tratto, con alternanza di tratti pianeggianti o in leggera discesa; oltrepassata una grande croce, con una lieve salita, in pochi metri si arriva alla frazione Borgo, che merita una visita per la bellezza delle sue case in pietra e la splendida posizione. Dalle prime case si stacca sulla sinistra un evidente sentiero che in discesa e dopo alcuni tornanti in crocia la strada provinciale, che si attraversa per scendere nella frazione Serre; in prossimit\u00e0 della fontana svoltare a sinistra, passare a fianco della Parrocchia di San Giovanni e iniziare quindi la discesa che in breve conduce a Crissolo.<\/p>\n<\/div>\n\n\n\n<div class=\"wp-block-column is-layout-flow wp-block-column-is-layout-flow\" style=\"flex-basis:33.33%\">\n<p><strong>IN SINTESI<\/strong><\/p>\n\n\n\n<p>Tempo di percorrenza: 1:20 ore<\/p>\n<\/div>\n<\/div>\n\n\n\n<p><\/p>\n\n\n\n<figure class=\"wp-block-image aligncenter size-large is-resized\"><img loading=\"lazy\" decoding=\"async\" width=\"1440\" height=\"1080\" src=\"https:\/\/organizzazione.cai.it\/villaggimontani\/wp-content\/uploads\/sites\/71\/2025\/04\/crissolo-frazione-borgo-1440x1080.webp\" alt=\"- CAI\" class=\"wp-image-1527\" style=\"width:680px\" title=\"\" srcset=\"https:\/\/organizzazione.cai.it\/villaggimontani\/wp-content\/uploads\/sites\/71\/2025\/04\/crissolo-frazione-borgo-1440x1080.webp 1440w, https:\/\/organizzazione.cai.it\/villaggimontani\/wp-content\/uploads\/sites\/71\/2025\/04\/crissolo-frazione-borgo-960x720.webp 960w, https:\/\/organizzazione.cai.it\/villaggimontani\/wp-content\/uploads\/sites\/71\/2025\/04\/crissolo-frazione-borgo-768x576.webp 768w, https:\/\/organizzazione.cai.it\/villaggimontani\/wp-content\/uploads\/sites\/71\/2025\/04\/crissolo-frazione-borgo-1536x1152.webp 1536w, https:\/\/organizzazione.cai.it\/villaggimontani\/wp-content\/uploads\/sites\/71\/2025\/04\/crissolo-frazione-borgo.webp 2048w\" sizes=\"(max-width: 1440px) 100vw, 1440px\" \/><figcaption class=\"wp-element-caption\">Frazione Borgo<\/figcaption><\/figure>\n\n\n\n<p><\/p>\n\n\n\n<p class=\"has-text-align-center has-azzurro-background-color has-background has-x-large-font-size\"><strong>ITINERARI INVERNALI<\/strong><\/p>\n\n\n\n<div class=\"wp-block-columns is-layout-flex wp-container-core-columns-is-layout-11 wp-block-columns-is-layout-flex\">\n<div class=\"wp-block-column is-layout-flow wp-block-column-is-layout-flow\" style=\"flex-basis:66.66%\">\n<p class=\"has-large-font-size\"><strong>BRICCAS (2.426 m)<\/strong><\/p>\n\n\n\n<p>Dalla frazione Borgo si percorre la strada asfaltata fino alla frazione Brich, dove si parcheggia l\u2019auto. Si sale quindi nel rado bosco, incontrando alcune baite, dove si aprono gli ampi pendii, che con percorso generalmente sicuro e non obbligato, permettono di puntare alla sommit\u00e0 risalendo un ampio pendio, fino a giungere alla cima, contraddistinta da una piccola croce.<\/p>\n<\/div>\n\n\n\n<div class=\"wp-block-column is-layout-flow wp-block-column-is-layout-flow\" style=\"flex-basis:33.33%\">\n<p><strong>IN SINTESI<\/strong><\/p>\n\n\n\n<p>Dislivello: 968 m<\/p>\n\n\n\n<p>Tempo di percorrenza con gli sci: 2:30 ore<\/p>\n\n\n\n<p>Tempo di percorrenza con ciaspole: 3 ore<\/p>\n<\/div>\n<\/div>\n\n\n\n<p><\/p>\n\n\n\n<figure class=\"wp-block-image aligncenter size-full is-resized\"><img loading=\"lazy\" decoding=\"async\" width=\"1024\" height=\"768\" src=\"https:\/\/organizzazione.cai.it\/villaggimontani\/wp-content\/uploads\/sites\/71\/2025\/04\/crissolo-briccas.webp\" alt=\"- CAI\" class=\"wp-image-1522\" style=\"width:680px\" title=\"\" srcset=\"https:\/\/organizzazione.cai.it\/villaggimontani\/wp-content\/uploads\/sites\/71\/2025\/04\/crissolo-briccas.webp 1024w, https:\/\/organizzazione.cai.it\/villaggimontani\/wp-content\/uploads\/sites\/71\/2025\/04\/crissolo-briccas-960x720.webp 960w, https:\/\/organizzazione.cai.it\/villaggimontani\/wp-content\/uploads\/sites\/71\/2025\/04\/crissolo-briccas-768x576.webp 768w\" sizes=\"(max-width: 1024px) 100vw, 1024px\" \/><figcaption class=\"wp-element-caption\">Briccas<\/figcaption><\/figure>\n\n\n\n<p><\/p>\n\n\n\n<div class=\"wp-block-columns is-layout-flex wp-container-core-columns-is-layout-12 wp-block-columns-is-layout-flex\">\n<div class=\"wp-block-column is-layout-flow wp-block-column-is-layout-flow\" style=\"flex-basis:66.66%\">\n<p class=\"has-large-font-size\"><strong>ROCCA NERA<\/strong> <strong>(2.318 m)<\/strong><\/p>\n\n\n\n<p>Dal centro di Crissolo si sale per la strada a sinistra della stazione di partenza della seggiovia; si imbocca quindi il sentiero nel bosco, usciti dal quale, poco sotto la vetta del Monte Tivoli (1.791 m), si segue l\u2019ampia cresta chiamata Costa del Vallone fino alla cima, ben visibile di fronte sulla destra (vista spettacolare sul Monviso). Discesa per il percorso di salita oppure si scende sul versante nord verso il Vallone di Pratofiorito, e con una diagonale si raggiungono le Meire Fournai, per poi scendere in paese.<\/p>\n<\/div>\n\n\n\n<div class=\"wp-block-column is-layout-flow wp-block-column-is-layout-flow\" style=\"flex-basis:33.33%\">\n<p><strong>IN SINTESI<\/strong><\/p>\n\n\n\n<p>Dislivello: 990 m<\/p>\n\n\n\n<p>Tempo di percorrenza con gli sci: 3:30 ore<\/p>\n\n\n\n<p>Tempo di percorrenza con ciaspole: 4 ore<\/p>\n<\/div>\n<\/div>\n\n\n\n<hr class=\"wp-block-separator has-alpha-channel-opacity\"\/>\n\n\n\n<div class=\"wp-block-columns is-layout-flex wp-container-core-columns-is-layout-13 wp-block-columns-is-layout-flex\">\n<div class=\"wp-block-column is-layout-flow wp-block-column-is-layout-flow\" style=\"flex-basis:66.66%\">\n<p class=\"has-large-font-size\"><strong>MONTE GRAN\u00c8 (2.314 m)<\/strong><\/p>\n\n\n\n<p>Dal centro di Crissolo, a fianco del campo di pattinaggio si segue la stradina che, quasi pianeggiante, raggiunge la localit\u00e0 La Spiaggia, di qui si imbocca la strada di servizio degli impianti di risalita che, con piacevole percorso nel bosco, giunge all\u2019arrivo della seggiovia.<br>Ora si punta in direzione di Tampa Giaset, ove si trova il vecchio rifugio Stella Alpina, e di qui fino al Colletto, da cui si ha una spettacolare vista sulla testata della valle; svoltando a destra in breve si giunge alla cima.<\/p>\n<\/div>\n\n\n\n<div class=\"wp-block-column is-layout-flow wp-block-column-is-layout-flow\" style=\"flex-basis:33.33%\">\n<p><strong>IN SINTESI<\/strong><\/p>\n\n\n\n<p>Dislivello: 980 m<\/p>\n\n\n\n<p>Tempo di percorrenza con gli sci: 3:30 ore<\/p>\n\n\n\n<p>Tempo di percorrenza con ciaspole: 4 ore<\/p>\n<\/div>\n<\/div>\n\n\n\n<hr class=\"wp-block-separator has-alpha-channel-opacity\"\/>\n\n\n\n<div class=\"wp-block-columns is-layout-flex wp-container-core-columns-is-layout-14 wp-block-columns-is-layout-flex\">\n<div class=\"wp-block-column is-layout-flow wp-block-column-is-layout-flow\" style=\"flex-basis:66.66%\">\n<p class=\"has-large-font-size\"><strong>COLLE ARMOINE (2.692 m)<\/strong><\/p>\n\n\n\n<p>Da Pian della Regina si percorre la carrozzabile fino al Pian del Re (chiusa in inverno); proseguire la salita in direzione del vallone culminante con il Colle delle Traversette, fino ad una quota di circa 2.300 m., quindi svoltare a destra, toccando il Pian Armoine, che si percorre verso nord e per facili pendii si raggiunge il Colle. Discesa per l\u2019itinerario di salita; da Pian del Re, anzich\u00e9 percorrere la carrozzabile, scendere mantenendosi sulla destra idrografica del Po, e con lunga diagonale sotto Pian Fiorenza, si ritorna a Pian della Regina.<\/p>\n<\/div>\n\n\n\n<div class=\"wp-block-column is-layout-flow wp-block-column-is-layout-flow\" style=\"flex-basis:33.33%\">\n<p><strong>IN SINTESI<\/strong><\/p>\n\n\n\n<p>Dislivello: 980 m<\/p>\n\n\n\n<p>Tempo di percorrenza con gli sci: 3 ore<\/p>\n\n\n\n<p>Tempo di percorrenza con ciaspole: 4 ore<\/p>\n<\/div>\n<\/div>\n\n\n\n<hr class=\"wp-block-separator has-alpha-channel-opacity\"\/>\n\n\n\n<p class=\"has-text-align-center has-azzurro-background-color has-background has-x-large-font-size\"><strong>MOUNTAIN BIKE<\/strong><\/p>\n\n\n\n<div class=\"wp-block-columns is-layout-flex wp-container-core-columns-is-layout-15 wp-block-columns-is-layout-flex\">\n<div class=\"wp-block-column is-layout-flow wp-block-column-is-layout-flow\" style=\"flex-basis:66.66%\">\n<p class=\"has-large-font-size\"><strong>PIAN D&#8217;LE FUNTANE<\/strong><\/p>\n\n\n\n<p>Percorso panoramico con spettacolare vista sul Monviso, facile e divertente, fino ai 2.050 m di quota.<\/p>\n<\/div>\n\n\n\n<div class=\"wp-block-column is-layout-flow wp-block-column-is-layout-flow\" style=\"flex-basis:33.33%\">\n<p><strong>IN SINTESI<\/strong><\/p>\n\n\n\n<p>Partenza: Crissolo<\/p>\n\n\n\n<p>Dislivello: 800 m<\/p>\n\n\n\n<p>Lunghezza: 22 km<\/p>\n<\/div>\n<\/div>\n\n\n\n<hr class=\"wp-block-separator has-alpha-channel-opacity\"\/>\n\n\n\n<div class=\"wp-block-columns is-layout-flex wp-container-core-columns-is-layout-16 wp-block-columns-is-layout-flex\">\n<div class=\"wp-block-column is-layout-flow wp-block-column-is-layout-flow\" style=\"flex-basis:66.66%\">\n<p class=\"has-large-font-size\"><strong>ANELLO DI SAN GIACOMO<\/strong><\/p>\n\n\n\n<p>Percorso con qualche passaggio tecnico nella parte alta (Meire Marco), pi\u00f9 agevole nella parte<br>bassa. Fino a una quota di 1.350 m.<\/p>\n<\/div>\n\n\n\n<div class=\"wp-block-column is-layout-flow wp-block-column-is-layout-flow\" style=\"flex-basis:33.33%\">\n<p><strong>IN SINTESI<\/strong><\/p>\n\n\n\n<p>Partenza: Crissolo<\/p>\n\n\n\n<p>Dislivello: 160 m<\/p>\n\n\n\n<p>Lunghezza: 9 km<\/p>\n<\/div>\n<\/div>\n\n\n\n<hr class=\"wp-block-separator has-alpha-channel-opacity\"\/>\n\n\n\n<div class=\"wp-block-columns is-layout-flex wp-container-core-columns-is-layout-17 wp-block-columns-is-layout-flex\">\n<div class=\"wp-block-column is-layout-flow wp-block-column-is-layout-flow\" style=\"flex-basis:66.66%\">\n<p class=\"has-large-font-size\"><strong><strong>MONTE GRAN\u00c8<\/strong><\/strong><\/p>\n\n\n\n<p>Percorso su strada sterrata, lungo gli impianti di risalita, non presenta particolari difficolt\u00e0.<\/p>\n<\/div>\n\n\n\n<div class=\"wp-block-column is-layout-flow wp-block-column-is-layout-flow\" style=\"flex-basis:33.33%\">\n<p><strong>IN SINTESI<\/strong><\/p>\n\n\n\n<p>Partenza: Crissolo<\/p>\n\n\n\n<p>Dislivello: 1.000 m<\/p>\n\n\n\n<p>Lunghezza: 16 km<\/p>\n<\/div>\n<\/div>\n\n\n\n<hr class=\"wp-block-separator has-alpha-channel-opacity\"\/>\n\n\n\n<div class=\"wp-block-columns is-layout-flex wp-container-core-columns-is-layout-18 wp-block-columns-is-layout-flex\">\n<div class=\"wp-block-column is-layout-flow wp-block-column-is-layout-flow\" style=\"flex-basis:66.66%\">\n<p class=\"has-large-font-size\"><strong>MONTE TIVOLI<\/strong><\/p>\n\n\n\n<p>Percorso comune nella prima parte all\u2019Anello di San Giacomo, si prosegue per Oncino, quindi in direzione delle Meire Tirolo, dopo le quali si raggiunge la vetta. Discesa su sentiero impegnativo e divertente, che scende rapidamente a Crissolo. Quota massima 1.792 m.<\/p>\n<\/div>\n\n\n\n<div class=\"wp-block-column is-layout-flow wp-block-column-is-layout-flow\" style=\"flex-basis:33.33%\">\n<p><strong>IN SINTESI<\/strong><\/p>\n\n\n\n<p>Partenza: Crissolo<\/p>\n\n\n\n<p>Dislivello: 750 m<\/p>\n\n\n\n<p>Lunghezza: 16 km<\/p>\n<\/div>\n<\/div>\n\n\n\n<hr class=\"wp-block-separator has-alpha-channel-opacity\"\/>\n\n\n\n<div class=\"wp-block-columns is-layout-flex wp-container-core-columns-is-layout-19 wp-block-columns-is-layout-flex\">\n<div class=\"wp-block-column is-layout-flow wp-block-column-is-layout-flow\" style=\"flex-basis:66.66%\">\n<p class=\"has-large-font-size\"><strong>COLLE DELLA GIANNA<\/strong><\/p>\n\n\n\n<p>Percorso su strada asfaltata fino a Pian del Re, quindi su sentiero, prima in direzione Colle delle Traversette, quindi svoltare a destra in direzione del Colle. Itinerario difficile, consigliato per ciclisti esperti. Quota massima 2.525 m.<\/p>\n<\/div>\n\n\n\n<div class=\"wp-block-column is-layout-flow wp-block-column-is-layout-flow\" style=\"flex-basis:33.33%\">\n<p><strong>IN SINTESI<\/strong><\/p>\n\n\n\n<p>Partenza: Crissolo<\/p>\n\n\n\n<p>Dislivello: 1.300 m<\/p>\n\n\n\n<p>Lunghezza: 24 km<\/p>\n<\/div>\n<\/div>\n\n\n\n<hr class=\"wp-block-separator has-alpha-channel-opacity\"\/>\n\n\n\n<p class=\"has-text-align-center has-azzurro-background-color has-background has-x-large-font-size\"><strong>LE LUNGHE VIE<\/strong><\/p>\n\n\n\n<div class=\"wp-block-columns is-layout-flex wp-container-core-columns-is-layout-20 wp-block-columns-is-layout-flex\">\n<div class=\"wp-block-column is-layout-flow wp-block-column-is-layout-flow\" style=\"flex-basis:66.66%\">\n<p class=\"has-large-font-size\"><strong>IL GIRO DEL MONVISO<\/strong><\/p>\n\n\n\n<p>L\u2019anello di pi\u00f9 tappe intorno al Monviso si svolge in una cornice paesaggistica unica, offrendo molteplici scorsi panoramici sui diversi profili del \u201cRe di Pietra\u201d e l\u2019esperienza di una natura protetta da due parchi naturali. Il percorso classico viene di norma compiuto in 2-3 giorni, a seconda dell\u2019allenamento degli escursionisti.<br>Partenza da Pian del Re (2.040 m), in direzione del Rifugio Quintino Sella (2.640 m), costeggiando i Laghi Fiorenza e Chiaretto. Dal Rifugio si prosegue in direzione dei Passi di Gallarino (2.728 m) e di San Chiaffredo (2.764 m), per poi affrontare una lunga discesa nel Vallone delle Giargiatte fino alle Grange Gheit, nel Vallone di Vallanta (1.950 m, quota minima). Di qui si prosegue nel Vallone fino al Rifugio Vallanta (2.450 m). Dal Rifugio si sale al Passo Vallanta (2.811 m), per discendere nella Valle del Guil (versante francese) in direzione del R\u00e9fuge du Viso (2.460 m). Inizia quindi l\u2019ultima salita verso il Colle delle Traversette (2.950 m, quota massima), dal quale si rientra sul versante italiano per ritornare al punto di partenza.<br>I sentieri che compongono il Giro del Monviso sono tutti classificati dal CAI come di livello<br>Escursionistico.<\/p>\n<\/div>\n\n\n\n<div class=\"wp-block-column is-layout-flow wp-block-column-is-layout-flow\" style=\"flex-basis:33.33%\">\n<p><strong>IN SINTESI<\/strong><\/p>\n\n\n\n<p>Tempo di percorrenza: 2-3 giorni<\/p>\n\n\n\n<p>Difficolt\u00e0: E<\/p>\n<\/div>\n<\/div>\n\n\n\n<p><\/p>\n\n\n\n<figure class=\"wp-block-image aligncenter size-large is-resized\"><img loading=\"lazy\" decoding=\"async\" width=\"1440\" height=\"1080\" src=\"https:\/\/organizzazione.cai.it\/villaggimontani\/wp-content\/uploads\/sites\/71\/2025\/04\/crissolo-il-re-di-pietra-e-il-visolotto-1440x1080.webp\" alt=\"- CAI\" class=\"wp-image-1528\" style=\"width:680px\" title=\"\" srcset=\"https:\/\/organizzazione.cai.it\/villaggimontani\/wp-content\/uploads\/sites\/71\/2025\/04\/crissolo-il-re-di-pietra-e-il-visolotto-1440x1080.webp 1440w, https:\/\/organizzazione.cai.it\/villaggimontani\/wp-content\/uploads\/sites\/71\/2025\/04\/crissolo-il-re-di-pietra-e-il-visolotto-960x720.webp 960w, https:\/\/organizzazione.cai.it\/villaggimontani\/wp-content\/uploads\/sites\/71\/2025\/04\/crissolo-il-re-di-pietra-e-il-visolotto-768x576.webp 768w, https:\/\/organizzazione.cai.it\/villaggimontani\/wp-content\/uploads\/sites\/71\/2025\/04\/crissolo-il-re-di-pietra-e-il-visolotto-1536x1152.webp 1536w, https:\/\/organizzazione.cai.it\/villaggimontani\/wp-content\/uploads\/sites\/71\/2025\/04\/crissolo-il-re-di-pietra-e-il-visolotto-2048x1536.webp 2048w\" sizes=\"(max-width: 1440px) 100vw, 1440px\" \/><figcaption class=\"wp-element-caption\">Il Re di Pietra e il Visolotto<\/figcaption><\/figure>\n\n\n\n<p><\/p>\n\n\n\n<p class=\"has-large-font-size\"><strong>LA GRANDE TRAVERSATA DELLE ALPI<\/strong><\/p>\n\n\n\n<p>La GTA \u00e8 un itinerario escursionistico di lunga percorrenza che unisce tutto l\u2019arco alpino occidentale del Piemonte, e cerca di privilegiare i luoghi meno conosciuti dal turismo di montagna. Il percorso \u00e8 suddiviso in 55 tappe della durata da cinque a otto ore di marcia. Solitamente, alla fine di ogni tappa vi \u00e8 un\u2019apposita struttura ricettiva oppure un rifugio.<\/p>\n\n\n\n<p>si snoda dai monti di Domodossola fino alle Alpi liguri per una lunghezza complessiva di 1.000 chilometri ed \u00e8 marcato con un segno a tre bande Rosso-Bianco-Rosso con la scritta GTA nel centro.<\/p>\n\n\n\n<p>L\u2019alta Valle Po \u00e8 interessata dalle tappe, in direzione sud: &#8211; Rifugio Barbara Lowrie (Val Pellice), Colle della Gianna, Pian della Regina (detto anche Pian Melz\u00e8), durata 5h 30\u2019; &#8211; Pian della Regina, Pian del Re, Rifugio Quintino Sella, durata 3h 30\u2019; &#8211; Rifugio Quintino Sella, Passo di Gallarino, Passo di San Chiaffredo, Pontechianale, durata 4h 10\u2019.<\/p>\n\n\n\n<hr class=\"wp-block-separator has-alpha-channel-opacity\"\/>\n\n\n\n<div class=\"wp-block-columns is-layout-flex wp-container-core-columns-is-layout-21 wp-block-columns-is-layout-flex\">\n<div class=\"wp-block-column is-layout-flow wp-block-column-is-layout-flow\" style=\"flex-basis:66.66%\">\n<p class=\"has-large-font-size\"><strong>SENTIERO ITALIA CAI<\/strong><\/p>\n\n\n\n<p>Il Sentiero Italia si sviluppa lungo le due grandi dorsali montuose della penisola italiana, Alpi e Appennini, isole comprese. Ideato nel 1983 da un gruppo di giornalisti escursionisti, riuniti poi nell\u2019Associazione Sentiero Italia, l\u2019itinerario \u00e8 stato fatto proprio dal CAI nel 1990. Grazie all\u2019indispensabile contributo delle sue Sezioni, il Sentiero Italia venne inaugurato nel 1995 con la grande manifestazione organizzata dal CAI \u201cCamminaItalia 95\u201d, ripetuta poi nel 1999 insieme all&#8217;Associazione Nazionale Alpini (ANA).<\/p>\n\n\n\n<p>Il concatenamento di sentieri che formano il Sentiero Italia attualmente \u00e8 quasi completamente segnalato con i colori bianco e rosso e la dicitura \u201cS.I.\u201d.<\/p>\n\n\n\n<p>L\u2019alta Valle Po \u00e8 attraversata dalle tappe SI E21 Pontechianale \u2013 Rifugio Quintino Sella, e SI E22 Rifugio Quintino Sella \u2013 Rifugio Barbara Lowrie.<\/p>\n<\/div>\n\n\n\n<div class=\"wp-block-column is-layout-flow wp-block-column-is-layout-flow\" style=\"flex-basis:33.33%\">\n<p><\/p>\n\n\n\n<p><\/p>\n\n\n\n<figure class=\"wp-block-image aligncenter size-full\"><img loading=\"lazy\" decoding=\"async\" width=\"162\" height=\"81\" src=\"https:\/\/organizzazione.cai.it\/villaggimontani\/wp-content\/uploads\/sites\/71\/2025\/04\/si-logo-sito.webp\" alt=\"- CAI\" class=\"wp-image-1545\" title=\"\"><\/figure>\n\n\n\n<div class=\"wp-block-buttons is-content-justification-center is-layout-flex wp-container-core-buttons-is-layout-1 wp-block-buttons-is-layout-flex\">\n<div class=\"wp-block-button is-style-outline\"><a class=\"wp-block-button__link wp-element-button\" href=\"https:\/\/sentieroitalia.cai.it\/\" target=\"_blank\" rel=\"noopener\">vai al sito del Sentiero Italia CAI<\/a><\/div>\n<\/div>\n<\/div>\n<\/div>\n\n\n\n<p><\/p>\n\n\n\n<hr class=\"wp-block-separator has-alpha-channel-opacity\"\/>\n\n\n\n<div class=\"wp-block-buttons is-content-justification-center is-layout-flex wp-container-core-buttons-is-layout-2 wp-block-buttons-is-layout-flex\">\n<div class=\"wp-block-button\"><a class=\"wp-block-button__link wp-element-button\" href=\"https:\/\/organizzazione.cai.it\/villaggimontani\/crissolo\/\">Torna al Villaggio<\/a><\/div>\n<\/div>\n","protected":false},"excerpt":{"rendered":"<p>ITINERARI IN ALTA QUOTA con partenza da Pian del Re (2.040 m) GIRO DEI LAGHI Splendido e facile percorso ad anello che porta a costeggiare le rive di alcuni tra [&hellip;]<\/p>\n","protected":false},"author":174,"featured_media":36,"parent":0,"menu_order":0,"comment_status":"closed","ping_status":"closed","template":"","meta":{"footnotes":""},"rankMath":{"parentDomain":"organizzazione.cai.it","noFollowDomains":[],"noFollowExcludeDomains":[],"noFollowExternalLinks":false,"featuredImageNotice":"L&#039;immagine in evidenza dovrebbe essere di almeno 200 x 200 pixel per essere ripresa da Facebook e altri siti di social media.","pluginReviewed":false,"postSettings":{"linkSuggestions":true,"useFocusKeyword":false},"frontEndScore":false,"postName":"crissolo-proposte-escursionistiche","permalinkFormat":"https:\/\/organizzazione.cai.it\/villaggimontani\/%pagename%\/","showLockModifiedDate":true,"assessor":{"focusKeywordLink":"https:\/\/organizzazione.cai.it\/villaggimontani\/wp-admin\/edit.php?focus_keyword=%focus_keyword%&post_type=%post_type%","hasTOCPlugin":false,"primaryTaxonomy":false,"serpData":{"title":"","description":"","focusKeywords":"","pillarContent":false,"canonicalUrl":"","breadcrumbTitle":"","advancedRobots":{"max-snippet":"-1","max-video-preview":"-1","max-image-preview":"large"},"facebookTitle":"","facebookDescription":"","facebookImage":"","facebookImageID":"","facebookHasOverlay":false,"facebookImageOverlay":"","facebookAuthor":"","twitterCardType":"","twitterUseFacebook":true,"twitterTitle":"","twitterDescription":"","twitterImage":"","twitterImageID":"","twitterHasOverlay":false,"twitterImageOverlay":"","twitterPlayerUrl":"","twitterPlayerSize":"","twitterPlayerStream":"","twitterPlayerStreamCtype":"","twitterAppDescription":"","twitterAppIphoneName":"","twitterAppIphoneID":"","twitterAppIphoneUrl":"","twitterAppIpadName":"","twitterAppIpadID":"","twitterAppIpadUrl":"","twitterAppGoogleplayName":"","twitterAppGoogleplayID":"","twitterAppGoogleplayUrl":"","twitterAppCountry":"","robots":{"index":true},"twitterAuthor":"nome utente","primaryTerm":0,"authorName":"villaggimontani@cai.it","titleTemplate":"%title% %sep% CAI %sitename%","descriptionTemplate":"%excerpt%","showScoreFrontend":true,"lockModifiedDate":false},"powerWords":["incredibile","sorprendente","meraviglioso","unico","bello","felicit\u00e0","brillante","affascinante","carismatico","scioccante","chiaro","completamente","riservato","fiducia","significativo","creativo","definitivamente","delizioso","dimostrare","sbrigati","determinato","degno","dinamico","impressionante","essenziale","ispiratore","innovativo","intenso","efficace","magico","magnifico","storico","importante","incredibile","indispensabile","indimenticabile","irresistibile","leggendario","luminoso","lusso","magico","magnifico","maestoso","memorabile","miracoloso","motivante","necessario","nuovo","ufficiale","perfetto","appassionato","persuasivo","fenomenale","piacere","popolare","potere","prestigioso","prodigioso","profondo","prospero","potente","qualit\u00e0","radiante","veloce","di successo","rivoluzionario","soddisfatto","sicurezza","sensazionale","sereno","lussuoso","splendido","sublime","sorprendente","talentuoso","terrificante","unico","valore","vibrante","vittorioso","vivace","veramente","zelante","autentico","avventuroso","spettacolare","esclusivo","garantito","straordinario","favoloso","affascinante","formidabile","geniale","grandioso","gratuito","abile","illimitato","impeccabile","infallibile","infinitamente","influente","ingegnoso","indimenticabile","insostituibile","leader","maestro","notevole","innovativo","pioniere","potente","riconosciuto","rivoluzionario","sorprendente","superiore","trionfante","ultra","coraggioso","prezioso","avanguardia","vigoroso","visionario","volont\u00e0","vitale","trionfo","glorioso","inarrestabile","ineguagliabile","intelligente","invincibile","libert\u00e0","orgoglio","pace","progresso","rinnovato","saggezza","soddisfazione","sicuro","serenit\u00e0","superamento","talento","trascendente","trasformativo","coraggio","vittoria"],"diacritics":{"A":"[\\u0041\\u24B6\\uFF21\\u00C0\\u00C1\\u00C2\\u1EA6\\u1EA4\\u1EAA\\u1EA8\\u00C3\\u0100\\u0102\\u1EB0\\u1EAE\\u1EB4\\u1EB2\\u0226\\u01E0\\u00C4\\u01DE\\u1EA2\\u00C5\\u01FA\\u01CD\\u0200\\u0202\\u1EA0\\u1EAC\\u1EB6\\u1E00\\u0104\\u023A\\u2C6F]","AA":"[\\uA732]","AE":"[\\u00C6\\u01FC\\u01E2]","AO":"[\\uA734]","AU":"[\\uA736]","AV":"[\\uA738\\uA73A]","AY":"[\\uA73C]","B":"[\\u0042\\u24B7\\uFF22\\u1E02\\u1E04\\u1E06\\u0243\\u0182\\u0181]","C":"[\\u0043\\u24B8\\uFF23\\u0106\\u0108\\u010A\\u010C\\u00C7\\u1E08\\u0187\\u023B\\uA73E]","D":"[\\u0044\\u24B9\\uFF24\\u1E0A\\u010E\\u1E0C\\u1E10\\u1E12\\u1E0E\\u0110\\u018B\\u018A\\u0189\\uA779]","DZ":"[\\u01F1\\u01C4]","Dz":"[\\u01F2\\u01C5]","E":"[\\u0045\\u24BA\\uFF25\\u00C8\\u00C9\\u00CA\\u1EC0\\u1EBE\\u1EC4\\u1EC2\\u1EBC\\u0112\\u1E14\\u1E16\\u0114\\u0116\\u00CB\\u1EBA\\u011A\\u0204\\u0206\\u1EB8\\u1EC6\\u0228\\u1E1C\\u0118\\u1E18\\u1E1A\\u0190\\u018E]","F":"[\\u0046\\u24BB\\uFF26\\u1E1E\\u0191\\uA77B]","G":"[\\u0047\\u24BC\\uFF27\\u01F4\\u011C\\u1E20\\u011E\\u0120\\u01E6\\u0122\\u01E4\\u0193\\uA7A0\\uA77D\\uA77E]","H":"[\\u0048\\u24BD\\uFF28\\u0124\\u1E22\\u1E26\\u021E\\u1E24\\u1E28\\u1E2A\\u0126\\u2C67\\u2C75\\uA78D]","I":"[\\u0049\\u24BE\\uFF29\\u00CC\\u00CD\\u00CE\\u0128\\u012A\\u012C\\u0130\\u00CF\\u1E2E\\u1EC8\\u01CF\\u0208\\u020A\\u1ECA\\u012E\\u1E2C\\u0197]","J":"[\\u004A\\u24BF\\uFF2A\\u0134\\u0248]","K":"[\\u004B\\u24C0\\uFF2B\\u1E30\\u01E8\\u1E32\\u0136\\u1E34\\u0198\\u2C69\\uA740\\uA742\\uA744\\uA7A2]","L":"[\\u004C\\u24C1\\uFF2C\\u013F\\u0139\\u013D\\u1E36\\u1E38\\u013B\\u1E3C\\u1E3A\\u0141\\u023D\\u2C62\\u2C60\\uA748\\uA746\\uA780]","LJ":"[\\u01C7]","Lj":"[\\u01C8]","M":"[\\u004D\\u24C2\\uFF2D\\u1E3E\\u1E40\\u1E42\\u2C6E\\u019C]","N":"[\\u004E\\u24C3\\uFF2E\\u01F8\\u0143\\u00D1\\u1E44\\u0147\\u1E46\\u0145\\u1E4A\\u1E48\\u0220\\u019D\\uA790\\uA7A4]","NJ":"[\\u01CA]","Nj":"[\\u01CB]","O":"[\\u004F\\u24C4\\uFF2F\\u00D2\\u00D3\\u00D4\\u1ED2\\u1ED0\\u1ED6\\u1ED4\\u00D5\\u1E4C\\u022C\\u1E4E\\u014C\\u1E50\\u1E52\\u014E\\u022E\\u0230\\u00D6\\u022A\\u1ECE\\u0150\\u01D1\\u020C\\u020E\\u01A0\\u1EDC\\u1EDA\\u1EE0\\u1EDE\\u1EE2\\u1ECC\\u1ED8\\u01EA\\u01EC\\u00D8\\u01FE\\u0186\\u019F\\uA74A\\uA74C]","OI":"[\\u01A2]","OO":"[\\uA74E]","OU":"[\\u0222]","P":"[\\u0050\\u24C5\\uFF30\\u1E54\\u1E56\\u01A4\\u2C63\\uA750\\uA752\\uA754]","Q":"[\\u0051\\u24C6\\uFF31\\uA756\\uA758\\u024A]","R":"[\\u0052\\u24C7\\uFF32\\u0154\\u1E58\\u0158\\u0210\\u0212\\u1E5A\\u1E5C\\u0156\\u1E5E\\u024C\\u2C64\\uA75A\\uA7A6\\uA782]","S":"[\\u0053\\u24C8\\uFF33\\u1E9E\\u015A\\u1E64\\u015C\\u1E60\\u0160\\u1E66\\u1E62\\u1E68\\u0218\\u015E\\u2C7E\\uA7A8\\uA784]","T":"[\\u0054\\u24C9\\uFF34\\u1E6A\\u0164\\u1E6C\\u021A\\u0162\\u1E70\\u1E6E\\u0166\\u01AC\\u01AE\\u023E\\uA786]","TZ":"[\\uA728]","U":"[\\u0055\\u24CA\\uFF35\\u00D9\\u00DA\\u00DB\\u0168\\u1E78\\u016A\\u1E7A\\u016C\\u00DC\\u01DB\\u01D7\\u01D5\\u01D9\\u1EE6\\u016E\\u0170\\u01D3\\u0214\\u0216\\u01AF\\u1EEA\\u1EE8\\u1EEE\\u1EEC\\u1EF0\\u1EE4\\u1E72\\u0172\\u1E76\\u1E74\\u0244]","V":"[\\u0056\\u24CB\\uFF36\\u1E7C\\u1E7E\\u01B2\\uA75E\\u0245]","VY":"[\\uA760]","W":"[\\u0057\\u24CC\\uFF37\\u1E80\\u1E82\\u0174\\u1E86\\u1E84\\u1E88\\u2C72]","X":"[\\u0058\\u24CD\\uFF38\\u1E8A\\u1E8C]","Y":"[\\u0059\\u24CE\\uFF39\\u1EF2\\u00DD\\u0176\\u1EF8\\u0232\\u1E8E\\u0178\\u1EF6\\u1EF4\\u01B3\\u024E\\u1EFE]","Z":"[\\u005A\\u24CF\\uFF3A\\u0179\\u1E90\\u017B\\u017D\\u1E92\\u1E94\\u01B5\\u0224\\u2C7F\\u2C6B\\uA762]","a":"[\\u0061\\u24D0\\uFF41\\u1E9A\\u00E0\\u00E1\\u00E2\\u1EA7\\u1EA5\\u1EAB\\u1EA9\\u00E3\\u0101\\u0103\\u1EB1\\u1EAF\\u1EB5\\u1EB3\\u0227\\u01E1\\u00E4\\u01DF\\u1EA3\\u00E5\\u01FB\\u01CE\\u0201\\u0203\\u1EA1\\u1EAD\\u1EB7\\u1E01\\u0105\\u2C65\\u0250]","aa":"[\\uA733]","ae":"[\\u00E6\\u01FD\\u01E3]","ao":"[\\uA735]","au":"[\\uA737]","av":"[\\uA739\\uA73B]","ay":"[\\uA73D]","b":"[\\u0062\\u24D1\\uFF42\\u1E03\\u1E05\\u1E07\\u0180\\u0183\\u0253]","c":"[\\u0063\\u24D2\\uFF43\\u0107\\u0109\\u010B\\u010D\\u00E7\\u1E09\\u0188\\u023C\\uA73F\\u2184]","d":"[\\u0064\\u24D3\\uFF44\\u1E0B\\u010F\\u1E0D\\u1E11\\u1E13\\u1E0F\\u0111\\u018C\\u0256\\u0257\\uA77A]","dz":"[\\u01F3\\u01C6]","e":"[\\u0065\\u24D4\\uFF45\\u00E8\\u00E9\\u00EA\\u1EC1\\u1EBF\\u1EC5\\u1EC3\\u1EBD\\u0113\\u1E15\\u1E17\\u0115\\u0117\\u00EB\\u1EBB\\u011B\\u0205\\u0207\\u1EB9\\u1EC7\\u0229\\u1E1D\\u0119\\u1E19\\u1E1B\\u0247\\u025B\\u01DD]","f":"[\\u0066\\u24D5\\uFF46\\u1E1F\\u0192\\uA77C]","g":"[\\u0067\\u24D6\\uFF47\\u01F5\\u011D\\u1E21\\u011F\\u0121\\u01E7\\u0123\\u01E5\\u0260\\uA7A1\\u1D79\\uA77F]","h":"[\\u0068\\u24D7\\uFF48\\u0125\\u1E23\\u1E27\\u021F\\u1E25\\u1E29\\u1E2B\\u1E96\\u0127\\u2C68\\u2C76\\u0265]","hv":"[\\u0195]","i":"[\\u0069\\u24D8\\uFF49\\u00EC\\u00ED\\u00EE\\u0129\\u012B\\u012D\\u00EF\\u1E2F\\u1EC9\\u01D0\\u0209\\u020B\\u1ECB\\u012F\\u1E2D\\u0268\\u0131]","j":"[\\u006A\\u24D9\\uFF4A\\u0135\\u01F0\\u0249]","k":"[\\u006B\\u24DA\\uFF4B\\u1E31\\u01E9\\u1E33\\u0137\\u1E35\\u0199\\u2C6A\\uA741\\uA743\\uA745\\uA7A3]","l":"[\\u006C\\u24DB\\uFF4C\\u0140\\u013A\\u013E\\u1E37\\u1E39\\u013C\\u1E3D\\u1E3B\\u017F\\u0142\\u019A\\u026B\\u2C61\\uA749\\uA781\\uA747]","lj":"[\\u01C9]","m":"[\\u006D\\u24DC\\uFF4D\\u1E3F\\u1E41\\u1E43\\u0271\\u026F]","n":"[\\u006E\\u24DD\\uFF4E\\u01F9\\u0144\\u00F1\\u1E45\\u0148\\u1E47\\u0146\\u1E4B\\u1E49\\u019E\\u0272\\u0149\\uA791\\uA7A5]","nj":"[\\u01CC]","o":"[\\u006F\\u24DE\\uFF4F\\u00F2\\u00F3\\u00F4\\u1ED3\\u1ED1\\u1ED7\\u1ED5\\u00F5\\u1E4D\\u022D\\u1E4F\\u014D\\u1E51\\u1E53\\u014F\\u022F\\u0231\\u00F6\\u022B\\u1ECF\\u0151\\u01D2\\u020D\\u020F\\u01A1\\u1EDD\\u1EDB\\u1EE1\\u1EDF\\u1EE3\\u1ECD\\u1ED9\\u01EB\\u01ED\\u00F8\\u01FF\\u0254\\uA74B\\uA74D\\u0275]","oi":"[\\u01A3]","ou":"[\\u0223]","oo":"[\\uA74F]","p":"[\\u0070\\u24DF\\uFF50\\u1E55\\u1E57\\u01A5\\u1D7D\\uA751\\uA753\\uA755]","q":"[\\u0071\\u24E0\\uFF51\\u024B\\uA757\\uA759]","r":"[\\u0072\\u24E1\\uFF52\\u0155\\u1E59\\u0159\\u0211\\u0213\\u1E5B\\u1E5D\\u0157\\u1E5F\\u024D\\u027D\\uA75B\\uA7A7\\uA783]","s":"[\\u0073\\u24E2\\uFF53\\u015B\\u1E65\\u015D\\u1E61\\u0161\\u1E67\\u1E63\\u1E69\\u0219\\u015F\\u023F\\uA7A9\\uA785\\u1E9B]","ss":"[\\u00DF]","t":"[\\u0074\\u24E3\\uFF54\\u1E6B\\u1E97\\u0165\\u1E6D\\u021B\\u0163\\u1E71\\u1E6F\\u0167\\u01AD\\u0288\\u2C66\\uA787]","tz":"[\\uA729]","u":"[\\u0075\\u24E4\\uFF55\\u00F9\\u00FA\\u00FB\\u0169\\u1E79\\u016B\\u1E7B\\u016D\\u00FC\\u01DC\\u01D8\\u01D6\\u01DA\\u1EE7\\u016F\\u0171\\u01D4\\u0215\\u0217\\u01B0\\u1EEB\\u1EE9\\u1EEF\\u1EED\\u1EF1\\u1EE5\\u1E73\\u0173\\u1E77\\u1E75\\u0289]","v":"[\\u0076\\u24E5\\uFF56\\u1E7D\\u1E7F\\u028B\\uA75F\\u028C]","vy":"[\\uA761]","w":"[\\u0077\\u24E6\\uFF57\\u1E81\\u1E83\\u0175\\u1E87\\u1E85\\u1E98\\u1E89\\u2C73]","x":"[\\u0078\\u24E7\\uFF58\\u1E8B\\u1E8D]","y":"[\\u0079\\u24E8\\uFF59\\u1EF3\\u00FD\\u0177\\u1EF9\\u0233\\u1E8F\\u00FF\\u1EF7\\u1E99\\u1EF5\\u01B4\\u024F\\u1EFF]","z":"[\\u007A\\u24E9\\uFF5A\\u017A\\u1E91\\u017C\\u017E\\u1E93\\u1E95\\u01B6\\u0225\\u0240\\u2C6C\\uA763]"},"researchesTests":["contentHasTOC","contentHasShortParagraphs","contentHasAssets","keywordInTitle","keywordInMetaDescription","keywordInPermalink","keywordIn10Percent","keywordInContent","keywordInSubheadings","keywordInImageAlt","keywordDensity","keywordNotUsed","lengthContent","lengthPermalink","linksHasInternal","linksHasExternals","linksNotAllExternals","titleStartWithKeyword","titleSentiment","titleHasPowerWords","titleHasNumber","hasContentAI"],"hasRedirection":true,"hasBreadcrumb":true},"homeUrl":"https:\/\/organizzazione.cai.it\/villaggimontani","objectID":1503,"objectType":"post","locale":"it","localeFull":"it_IT","overlayImages":{"play":{"name":"Icona di riproduzione","url":"https:\/\/organizzazione.cai.it\/villaggimontani\/wp-content\/plugins\/seo-by-rank-math\/assets\/admin\/img\/icon-play.png","path":"\/var\/www\/vhosts\/organizzazione.cai.it\/httpdocs\/wp-content\/plugins\/seo-by-rank-math\/assets\/admin\/img\/icon-play.png","position":"middle_center"},"gif":{"name":"Icona GIF","url":"https:\/\/organizzazione.cai.it\/villaggimontani\/wp-content\/plugins\/seo-by-rank-math\/assets\/admin\/img\/icon-gif.png","path":"\/var\/www\/vhosts\/organizzazione.cai.it\/httpdocs\/wp-content\/plugins\/seo-by-rank-math\/assets\/admin\/img\/icon-gif.png","position":"middle_center"}},"defautOgImage":"https:\/\/organizzazione.cai.it\/villaggimontani\/wp-content\/uploads\/sites\/71\/2024\/09\/og.webp","customPermalinks":true,"isUserRegistered":false,"autoSuggestKeywords":false,"connectSiteUrl":"https:\/\/rankmath.com\/auth?site=https%3A%2F%2Forganizzazione.cai.it%2Fvillaggimontani&r=https%3A%2F%2Forganizzazione.cai.it%2Fvillaggimontani%2Fwp-json%2Fwp%2Fv2%2Fpages%2F1503%3Fnonce%3D2ac110b03b","maxTags":5,"trendsIcon":"<svg viewBox=\"0 0 610 610\"><path d=\"M18.85,446,174.32,290.48l58.08,58.08L76.93,504a14.54,14.54,0,0,1-20.55,0L18.83,466.48a14.54,14.54,0,0,1,0-20.55Z\" style=\"fill:#4285f4\"\/><path d=\"M242.65,242.66,377.59,377.6l-47.75,47.75a14.54,14.54,0,0,1-20.55,0L174.37,290.43l47.75-47.75A14.52,14.52,0,0,1,242.65,242.66Z\" style=\"fill:#ea4335\"\/><polygon points=\"319.53 319.53 479.26 159.8 537.34 217.88 377.61 377.62 319.53 319.53\" style=\"fill:#fabb05\"\/><path d=\"M594.26,262.73V118.61h0a16.94,16.94,0,0,0-16.94-16.94H433.2a16.94,16.94,0,0,0-12,28.92L565.34,274.71h0a16.94,16.94,0,0,0,28.92-12Z\" style=\"fill:#34a853\"\/><rect width=\"610\" height=\"610\" style=\"fill:none\"\/><\/svg>","showScore":true,"siteFavIcon":"data:image\/png;base64,iVBORw0KGgoAAAANSUhEUgAAABAAAAAQCAYAAAAf8\/9hAAABs0lEQVR4AWL4\/\/8\/RRjO8Iucx+noO0MWUDo16FYABMGP6ZfUcRnWtm27jVPbtm3bttuH2t3eFPcY9pLz7NxiLjCyVd87pKnHyqXyxtCs8APd0rnyxiu4qSeA3QEDrAwBDrT1s1Rc\/OrjLZwqVmOSu6+Lamcpp2KKMA9PH1BYXMe1mUP5qotvXTywsOEEYHXxrY+3cqk6TMkYpNr2FeoY3KIr0RPtn9wQ2unlA+GMkRw6+9TFw4YTwDUzx\/JVvARj9KaedXRO8P5B1Du2S32smzqUrcKGEyA+uAgQjKX7zf0boWHGfn71jIKj2689gxp7OAGShNcBUmLMPVjZuiKcA2vuWHHDCQxMCz629kXAIU4ApY15QwggAFbfOP9DhgBJ+nWVJ1AZAfICAj1pAlY6hCADZnveQf7bQIwzVONGJonhLIlS9gr5mFg44Xd+4S3XHoGNPdJl1INIwKyEgHckEhgTe1bGiFY9GSFBYUwLh1IkiJUbY407E7syBSFxKTszEoiE\/YdrgCEayDmtaJwCI9uu8TKMuZSVfSa4BpGgzvomBR\/INhLGzrqDotp01ZR8pn\/1L0JN9d9XNyx0AAAAAElFTkSuQmCC","canUser":{"general":false,"advanced":false,"snippet":false,"social":false,"analysis":false,"analytics":false,"content_ai":false},"showKeywordIntent":true,"isPro":false,"is_front_page":false,"trendsUpgradeLink":"https:\/\/rankmath.com\/pricing\/?utm_source=Plugin&utm_medium=CE%20General%20Tab%20Trends&utm_campaign=WP","trendsUpgradeLabel":"Aggiorna","trendsPreviewImage":"https:\/\/organizzazione.cai.it\/villaggimontani\/wp-content\/plugins\/seo-by-rank-math\/assets\/admin\/img\/trends-preview.jpg","currentEditor":false,"homepageData":{"assessor":{"powerWords":["incredibile","sorprendente","meraviglioso","unico","bello","felicit\u00e0","brillante","affascinante","carismatico","scioccante","chiaro","completamente","riservato","fiducia","significativo","creativo","definitivamente","delizioso","dimostrare","sbrigati","determinato","degno","dinamico","impressionante","essenziale","ispiratore","innovativo","intenso","efficace","magico","magnifico","storico","importante","incredibile","indispensabile","indimenticabile","irresistibile","leggendario","luminoso","lusso","magico","magnifico","maestoso","memorabile","miracoloso","motivante","necessario","nuovo","ufficiale","perfetto","appassionato","persuasivo","fenomenale","piacere","popolare","potere","prestigioso","prodigioso","profondo","prospero","potente","qualit\u00e0","radiante","veloce","di successo","rivoluzionario","soddisfatto","sicurezza","sensazionale","sereno","lussuoso","splendido","sublime","sorprendente","talentuoso","terrificante","unico","valore","vibrante","vittorioso","vivace","veramente","zelante","autentico","avventuroso","spettacolare","esclusivo","garantito","straordinario","favoloso","affascinante","formidabile","geniale","grandioso","gratuito","abile","illimitato","impeccabile","infallibile","infinitamente","influente","ingegnoso","indimenticabile","insostituibile","leader","maestro","notevole","innovativo","pioniere","potente","riconosciuto","rivoluzionario","sorprendente","superiore","trionfante","ultra","coraggioso","prezioso","avanguardia","vigoroso","visionario","volont\u00e0","vitale","trionfo","glorioso","inarrestabile","ineguagliabile","intelligente","invincibile","libert\u00e0","orgoglio","pace","progresso","rinnovato","saggezza","soddisfazione","sicuro","serenit\u00e0","superamento","talento","trascendente","trasformativo","coraggio","vittoria"],"diacritics":true,"researchesTests":["contentHasTOC","contentHasShortParagraphs","contentHasAssets","keywordInTitle","keywordInMetaDescription","keywordInPermalink","keywordIn10Percent","keywordInContent","keywordInSubheadings","keywordInImageAlt","keywordDensity","keywordNotUsed","lengthContent","lengthPermalink","linksHasInternal","linksHasExternals","linksNotAllExternals","titleStartWithKeyword","titleSentiment","titleHasPowerWords","titleHasNumber","hasContentAI"],"hasBreadcrumb":true,"serpData":{"title":"%sitename% %page% %sep% %sitedesc%","description":"","titleTemplate":"%sitename% %page% %sep% %sitedesc%","descriptionTemplate":"","focusKeywords":"","breadcrumbTitle":"Home","robots":{"index":true},"advancedRobots":{"max-snippet":"-1","max-video-preview":"-1","max-image-preview":"large"},"facebookTitle":"","facebookDescription":"","facebookImage":"","facebookImageID":""}}},"tocTitle":"Table of Contents","tocExcludeHeadings":[],"listStyle":"ul"},"_links":{"self":[{"href":"https:\/\/organizzazione.cai.it\/villaggimontani\/wp-json\/wp\/v2\/pages\/1503"}],"collection":[{"href":"https:\/\/organizzazione.cai.it\/villaggimontani\/wp-json\/wp\/v2\/pages"}],"about":[{"href":"https:\/\/organizzazione.cai.it\/villaggimontani\/wp-json\/wp\/v2\/types\/page"}],"author":[{"embeddable":true,"href":"https:\/\/organizzazione.cai.it\/villaggimontani\/wp-json\/wp\/v2\/users\/174"}],"replies":[{"embeddable":true,"href":"https:\/\/organizzazione.cai.it\/villaggimontani\/wp-json\/wp\/v2\/comments?post=1503"}],"version-history":[{"count":11,"href":"https:\/\/organizzazione.cai.it\/villaggimontani\/wp-json\/wp\/v2\/pages\/1503\/revisions"}],"predecessor-version":[{"id":2226,"href":"https:\/\/organizzazione.cai.it\/villaggimontani\/wp-json\/wp\/v2\/pages\/1503\/revisions\/2226"}],"wp:featuredmedia":[{"embeddable":true,"href":"https:\/\/organizzazione.cai.it\/villaggimontani\/wp-json\/wp\/v2\/media\/36"}],"wp:attachment":[{"href":"https:\/\/organizzazione.cai.it\/villaggimontani\/wp-json\/wp\/v2\/media?parent=1503"}],"curies":[{"name":"wp","href":"https:\/\/api.w.org\/{rel}","templated":true}]}}