{"id":1577,"date":"2025-04-12T17:15:44","date_gmt":"2025-04-12T17:15:44","guid":{"rendered":"https:\/\/organizzazione.cai.it\/villaggimontani\/?page_id=1577"},"modified":"2026-01-13T13:18:36","modified_gmt":"2026-01-13T13:18:36","slug":"val-di-zoldo-aziende-partner","status":"publish","type":"page","link":"https:\/\/organizzazione.cai.it\/villaggimontani\/val-di-zoldo-aziende-partner\/","title":{"rendered":"VAL DI ZOLDO: aziende partner"},"content":{"rendered":"\n<p class=\"has-text-align-center has-azzurro-background-color has-background has-x-large-font-size\"><strong>RIFUGI<\/strong><\/p>\n\n\n\n<div class=\"wp-block-columns is-layout-flex wp-container-core-columns-is-layout-1 wp-block-columns-is-layout-flex\">\n<div class=\"wp-block-column is-layout-flow wp-block-column-is-layout-flow\" style=\"flex-basis:66.66%\">\n<p class=\"has-large-font-size\"><strong>RIFUGIO CASEL SORA &#8216;L SASS (1.588 m)<\/strong><\/p>\n\n\n\n<p>Rifugio con 20 posti letto in cuccette e 5 posti d&#8217;emergenza, oltre a un bivacco invernale (5 posti letto).<br>Periodo di apertura: dal 16 giugno al 30 settembre e i fine settimana di giugno<\/p>\n\n\n\n<p><strong>Accesso:<\/strong><\/p>\n\n\n\n<ul>\n<li>da Forno di Zoldo-Fa\u00ecn\/Bar\u00f3n, 851 m, ore 1:45-2 T: con sentiero 534 per Casera di Mezzod\u00ec, Val\u00f3n Grant<\/li>\n\n\n\n<li>da Forno di Zoldo-Castelaz, 996 m, ore 1:30-1:45 E: con sentiero 525 per il Tri\u00f2l del Pis\u00e0ndol, a Casera di Mezzod\u00ec a destra con sentiero 534<\/li>\n\n\n\n<li>dalla Val Pramp\u00e8r-Pian da la F\u00f2pa, 1.210 m, ore 1:15-1:30 EE: con sentiero 534 per Canalone Nord (attrezzato)<\/li>\n<\/ul>\n<\/div>\n\n\n\n<div class=\"wp-block-column is-layout-flow wp-block-column-is-layout-flow\" style=\"flex-basis:33.33%\">\n<p><strong>CONTATTI<\/strong><\/p>\n\n\n\n<p>localit\u00e0 Sora &#8216;l Sass &#8211; Gruppo Mezzod\u00ec-Pramp\u00e8r<\/p>\n\n\n\n<p>\u2706 +39 327 97 50 778<\/p>\n\n\n\n<p>\u2709 <a href=\"mailto:rifugiobosconero@gmail.com\">rifugiosoralsass@gmail.com<\/a><\/p>\n\n\n\n<p><\/p>\n\n\n\n<p>Gestione: CAI Sezione Val di Zoldo<\/p>\n\n\n\n<p>\u2706 +39 0437 78 1000<\/p>\n\n\n\n<p>\u2709 caivaldizoldo@libero.it<\/p>\n<\/div>\n<\/div>\n\n\n\n<figure class=\"wp-block-image aligncenter size-full is-resized\"><img loading=\"lazy\" decoding=\"async\" width=\"1146\" height=\"860\" src=\"https:\/\/organizzazione.cai.it\/villaggimontani\/wp-content\/uploads\/sites\/71\/2026\/01\/vdz-rifugio-sora-l-sass-01-1.webp\" alt=\"- CAI\" class=\"wp-image-4367\" style=\"width:600px\" title=\"\" srcset=\"https:\/\/organizzazione.cai.it\/villaggimontani\/wp-content\/uploads\/sites\/71\/2026\/01\/vdz-rifugio-sora-l-sass-01-1.webp 1146w, https:\/\/organizzazione.cai.it\/villaggimontani\/wp-content\/uploads\/sites\/71\/2026\/01\/vdz-rifugio-sora-l-sass-01-1-959x720.webp 959w, https:\/\/organizzazione.cai.it\/villaggimontani\/wp-content\/uploads\/sites\/71\/2026\/01\/vdz-rifugio-sora-l-sass-01-1-768x576.webp 768w\" sizes=\"(max-width: 1146px) 100vw, 1146px\" \/><figcaption class=\"wp-element-caption\">Rifugio Casel Sora &#8216;l Sass &#8211; Giovanni Angelini<\/figcaption><\/figure>\n\n\n\n<hr class=\"wp-block-separator has-alpha-channel-opacity\"\/>\n\n\n\n<div class=\"wp-block-columns is-layout-flex wp-container-core-columns-is-layout-2 wp-block-columns-is-layout-flex\">\n<div class=\"wp-block-column is-layout-flow wp-block-column-is-layout-flow\" style=\"flex-basis:66.66%\">\n<p class=\"has-large-font-size\"><strong>RIFUGIO REMAURO<\/strong><\/p>\n\n\n\n<p>Immerso nelle Dolomiti, tra la Valzoldana ed il Cadore, nei pressi del Passo Cibiana, si trova il Rifugio Remauro, circondato da pascoli e boschi disseminati di piccole baite di legno.<br>D\u2019estate \u00e8 l\u2019ideale per gli escursionisti perch\u00e9 punto di partenza per il Monte Rite, rinomato per il Museo nelle Nuvole-Messner Mountain Museum Dolomites, \u00e8 tappa dell\u2019Anello Zoldano e della sublime Alta Via n\u00b03 delle Dolomiti.<br>\u00c8 perfetto per le famiglie che desiderano rilassarsi nel verde della montagna incontaminata.<\/p>\n<\/div>\n\n\n\n<div class=\"wp-block-column is-layout-flow wp-block-column-is-layout-flow\" style=\"flex-basis:33.33%\">\n<p><strong>CONTATTI<\/strong><\/p>\n\n\n\n<p>via Pianezze, 61 &#8211; 32040 Cibiana di Cadore<\/p>\n\n\n\n<p>\u2706 +39 0435 74 273<\/p>\n\n\n\n<p>\u2709 info@rifugioremauro.it<\/p>\n\n\n\n<p>\ud83c\udf10 <a href=\"http:\/\/www.rifugioremauro.it\" target=\"_blank\" data-type=\"link\" data-id=\"http:\/\/hotel-garni-posta.forno-di-zoldo.hotels-veneto.com\/it\/#service\" rel=\"noreferrer noopener\">www.rifugioremauro.it<\/a><\/p>\n<\/div>\n<\/div>\n\n\n\n<p class=\"has-text-align-center has-azzurro-background-color has-background has-x-large-font-size\"><strong>APPARTAMENTI &#8211; CAMERE<\/strong><\/p>\n\n\n\n<div class=\"wp-block-columns is-layout-flex wp-container-core-columns-is-layout-3 wp-block-columns-is-layout-flex\">\n<div class=\"wp-block-column is-layout-flow wp-block-column-is-layout-flow\" style=\"flex-basis:66.66%\">\n<p class=\"has-large-font-size\"><strong><strong><strong>DORM\u00cc E DISN<\/strong><\/strong>\u00c0<\/strong><\/p>\n\n\n\n<p>La Locanda Dorm\u00ec&amp;Disn\u00e0, situata nella tipica frazione di Fornesighe (1.000 m), dispone di appartamenti da 2 fino a 7 posti e camere con servizio di prima colazione.<\/p>\n<\/div>\n\n\n\n<div class=\"wp-block-column is-layout-flow wp-block-column-is-layout-flow\" style=\"flex-basis:33.33%\">\n<p><strong>CONTATTI<\/strong><\/p>\n\n\n\n<p>via Ruis, 11\/15 (Fornesighe) &#8211; 32012 Val di Zoldo<\/p>\n\n\n\n<p>\u2706 +39 340 1043 882<\/p>\n\n\n\n<p>\u2709 info@dormiedisna.it<\/p>\n\n\n\n<p>\ud83c\udf10 <a href=\"http:\/\/www.dormiedisna.it\" target=\"_blank\" data-type=\"link\" data-id=\"www.dormiedisna.it\" rel=\"noreferrer noopener\">www.dormiedisna.it<\/a><\/p>\n<\/div>\n<\/div>\n\n\n\n<hr class=\"wp-block-separator has-alpha-channel-opacity\"\/>\n\n\n\n<div class=\"wp-block-columns is-layout-flex wp-container-core-columns-is-layout-4 wp-block-columns-is-layout-flex\">\n<div class=\"wp-block-column is-layout-flow wp-block-column-is-layout-flow\" style=\"flex-basis:66.66%\">\n<p class=\"has-large-font-size\"><strong>VILLA CHELE<\/strong><\/p>\n\n\n\n<p>Villa Chele&nbsp;\u00e8 una casa tradizionale della valle, restaurata con gusto, che offre 4 stanze confortevoli e accoglienti, nel paese di Pralongo in Val di Zoldo. \u00c8 inoltre \u00e8 una delle strutture a cui \u00e8 stato assegnato il Marchio di qualit\u00e0 turistica &#8220;Val di Zoldo &#8211; Dolomiti patrimonio dell&#8217;umanit\u00e0&#8221;.<\/p>\n<\/div>\n\n\n\n<div class=\"wp-block-column is-layout-flow wp-block-column-is-layout-flow\" style=\"flex-basis:33.33%\">\n<p><strong>CONTATTI<\/strong><\/p>\n\n\n\n<p>via della Fusinela, 2 (Pralongo) &#8211; 32012 Val di Zoldo<\/p>\n\n\n\n<p>\u2706 +39 0437 78585 &#8211; 329 948 36 44<\/p>\n\n\n\n<p>\u2709 info@villachele.it<\/p>\n\n\n\n<p>\ud83c\udf10 <a href=\"http:\/\/www.villachele.it\" target=\"_blank\" data-type=\"link\" data-id=\"http:\/\/www.villachele.it\" rel=\"noreferrer noopener\">www.villachele.it<\/a><\/p>\n<\/div>\n<\/div>\n\n\n\n<hr class=\"wp-block-separator has-alpha-channel-opacity\"\/>\n\n\n\n<div class=\"wp-block-columns is-layout-flex wp-container-core-columns-is-layout-5 wp-block-columns-is-layout-flex\">\n<div class=\"wp-block-column is-layout-flow wp-block-column-is-layout-flow\" style=\"flex-basis:66.66%\">\n<p class=\"has-large-font-size\"><strong>CASA DEI CRIBOI<\/strong><\/p>\n\n\n\n<p>Appartamento con camera matrimoniale e camera doppia, grande soggiorno, bagno con doccia, nell&#8217;incantevole localit\u00e0 di Zopp\u00e8 di Cadore. Terrazzo con barbeque e tavoli per grigliate.<\/p>\n<\/div>\n\n\n\n<div class=\"wp-block-column is-layout-flow wp-block-column-is-layout-flow\" style=\"flex-basis:33.33%\">\n<p><strong>CONTATTI<\/strong><\/p>\n\n\n\n<p>via Villa, 1 &#8211; 32010 Zopp\u00e8 di Cadore<\/p>\n\n\n\n<p>\u2706 +39 320 289 0573<\/p>\n\n\n\n<p>\u2709 zenoloto@gmail.com<\/p>\n<\/div>\n<\/div>\n\n\n\n<p class=\"has-text-align-center has-azzurro-background-color has-background has-x-large-font-size\"><strong>NEGOZI &#8211; BAR<\/strong><\/p>\n\n\n\n<div class=\"wp-block-columns is-layout-flex wp-container-core-columns-is-layout-6 wp-block-columns-is-layout-flex\">\n<div class=\"wp-block-column is-layout-flow wp-block-column-is-layout-flow\">\n<p class=\"has-large-font-size\"><strong>COOPERATIVA DE ZOPE<\/strong><\/p>\n\n\n\n<p>Gestisce un negozi di alimentari deve ci si pu\u00f2 rifornire per le passeggiate e un bar per il ristoro al&nbsp;rientro dalle escursioni o una serata in compagnia con snack e buona birra d\u2019eccellenza.<\/p>\n<\/div>\n\n\n\n<div class=\"wp-block-column is-layout-flow wp-block-column-is-layout-flow\">\n<figure class=\"wp-block-image aligncenter size-full is-resized\"><img loading=\"lazy\" decoding=\"async\" width=\"720\" height=\"746\" src=\"https:\/\/organizzazione.cai.it\/villaggimontani\/wp-content\/uploads\/sites\/71\/2026\/01\/vdz-cooperativa-de-zope.webp\" alt=\"- CAI\" class=\"wp-image-4339\" style=\"width:187px;height:auto\" title=\"\" srcset=\"https:\/\/organizzazione.cai.it\/villaggimontani\/wp-content\/uploads\/sites\/71\/2026\/01\/vdz-cooperativa-de-zope.webp 720w, https:\/\/organizzazione.cai.it\/villaggimontani\/wp-content\/uploads\/sites\/71\/2026\/01\/vdz-cooperativa-de-zope-695x720.webp 695w\" sizes=\"(max-width: 720px) 100vw, 720px\" \/><\/figure>\n<\/div>\n\n\n\n<div class=\"wp-block-column is-layout-flow wp-block-column-is-layout-flow\">\n<p><strong>CONTATTI<\/strong><\/p>\n\n\n\n<p>via Bortolot, 24 &#8211; 32010 Zopp\u00e8 di Cadore<\/p>\n\n\n\n<p>\u2706 +39 0437 184 049 (solo mattino 9:00-12:00) | 320 289 0573<\/p>\n\n\n\n<p>\u2709 codezope@gmail.com<\/p>\n<\/div>\n<\/div>\n\n\n\n<hr class=\"wp-block-separator has-alpha-channel-opacity\"\/>\n\n\n\n<p class=\"has-text-align-center has-azzurro-chiaro-background-color has-background has-x-large-font-size\"><strong>ALTRE AZIENDE<\/strong><\/p>\n\n\n\n<p class=\"has-text-align-center has-grigio-chiaro-background-color has-background has-x-large-font-size\">RIFUGI<\/p>\n\n\n\n<div class=\"wp-block-columns is-layout-flex wp-container-core-columns-is-layout-7 wp-block-columns-is-layout-flex\">\n<div class=\"wp-block-column is-layout-flow wp-block-column-is-layout-flow\" style=\"flex-basis:66.66%\">\n<p class=\"has-large-font-size\"><strong>RIFUGIO CASERA BOSCONERO (1.457 m)<\/strong><\/p>\n\n\n\n<p>Rifugio con 24 posti letto in cuccette e 10 posti d&#8217;emergenza, oltre a un bivacco invernale (4 posti letto).<br>Periodo di apertura: dal 1\u00b0 giugno al 16 settembre<\/p>\n\n\n\n<p><strong>Accesso:<\/strong><\/p>\n\n\n\n<ul>\n<li>dalla Val di Zoldo-Lago di Pontes\u00e8i, 825 m, ore 1:30-1:45 T: con sentiero 490 per Casera del Mug\u00f3n e ghiaioni<\/li>\n\n\n\n<li>dalla Val di Zoldo-Lago di Pontes\u00e8i, 825 m, ore 1:45-2 T: con sentiero 490, subito a destra con sentiero 485 per Susinere e Casera di Z\u00f2t<\/li>\n\n\n\n<li>da Forno di Zoldo-I Ciompi (pressi Albergo Corinna), 812 m, ore 2:30-2:45 T: con sentiero 491 (sentiero naturalistico), per Col del Vento, Casera del Mug\u00f3n e con sentiero 490 al rifugio<\/li>\n\n\n\n<li>da Forcella Cibiana, 1.530 m, ore 2:45 &#8211; 3 E: con rotabile non segnata e poi con sentiero 483 per Casera Copada Alta, Pian d&#8217;Angi\u00e0s, a sinistra, con sentiero 485, per Forcella de Le Ciavazole, 1.994 m, al Cronf e al rifugio per Coston de la Viza<\/li>\n<\/ul>\n<\/div>\n\n\n\n<div class=\"wp-block-column is-layout-flow wp-block-column-is-layout-flow\" style=\"flex-basis:33.33%\">\n<p><strong>CONTATTI<\/strong><\/p>\n\n\n\n<p><em>Alta Val di Bosconero, Gruppo Bosconero<\/em><\/p>\n\n\n\n<p>\u2706 +39 329 83 63 177<\/p>\n\n\n\n<p>\u2709 <a href=\"mailto:rifugiobosconero@gmail.com\">rifugiobosconero@gmail.com<\/a><\/p>\n\n\n\n<p><\/p>\n\n\n\n<p>Gestione: CAI Sezione Val di Zoldo<\/p>\n\n\n\n<p>\u2706 +39 0437 78 1000<\/p>\n\n\n\n<p>\u2709 caivaldizoldo@libero.it<\/p>\n<\/div>\n<\/div>\n\n\n\n<hr class=\"wp-block-separator has-alpha-channel-opacity\"\/>\n\n\n\n<div class=\"wp-block-columns is-layout-flex wp-container-core-columns-is-layout-8 wp-block-columns-is-layout-flex\">\n<div class=\"wp-block-column is-layout-flow wp-block-column-is-layout-flow\" style=\"flex-basis:66.66%\">\n<p class=\"has-large-font-size\"><strong>RIFUGIO SOMMARIVA AL PRAMPERET (1.857 m)<\/strong><\/p>\n\n\n\n<p>Rifugio con 25 posti letto in cuccette e 13 posti d&#8217;emergenza su tavolato, oltre a un ricovero di fortuna (4 posti letto).<br>Periodo di apertura: dal 1\u00b0 giugno al 16 settembre<\/p>\n\n\n\n<p><strong>Accesso:<\/strong><\/p>\n\n\n\n<ul>\n<li>da Forno di Zoldo-Pian da la F\u00f2pa, 1210 m, ore 2.15 &#8211; 2.30 T: su carrozzabile (s. 523 &#8211; chiusa al traffico) per Pian di Pal\u00f9i, Malga di Pramp\u00e8r, con sent. 523 a Pra de la Vedova; il ritorno \u00e8 possibile farlo con sent. 543, sotto Forcella del Moschesin e a destra con sent. 540 per Val de le Balanz\u00f2le a Malga Pramp\u00e8r<\/li>\n\n\n\n<li>dal Canal di Zoldo-SP 251\/P\u00f3nt de la S\u00ecega, 627 m, ore 4 EE: con sent. 521 per Val del G\u00e9s, Val de Carpen\u00eca, Col dai Gai, Casera C\u00f2rnia, Forcella Piccola, 1943 m, e al rifugio<\/li>\n\n\n\n<li>dalla Val del Gr\u00ecsol-Pont de la Costa Granda, 667 m, ore 3.45-4.15 EE: su carrareccia e con sent. 513 per la tutta Val Costa di Nas e a Casera di Pramper\u00e9t<\/li>\n\n\n\n<li>da La Valle Agordina-Val de le Pontesie, 925 m, ore 3.30-4 E su carrareccia (s. 542) per Malga Foca, Malga Moschesin, a destra sent. 543 a Forcella Moschesin, 1940 m, e a Pra de la Vedova<\/li>\n<\/ul>\n<\/div>\n\n\n\n<div class=\"wp-block-column is-layout-flow wp-block-column-is-layout-flow\" style=\"flex-basis:33.33%\">\n<p><strong>CONTATTI<\/strong><\/p>\n\n\n\n<p><em>localit\u00e0 Pr\u00e0 della Vedova, Gruppo Mezzod\u00ec &#8211; Pramper<\/em><\/p>\n\n\n\n<p>\u2706 +39 0437 195 61 53<\/p>\n\n\n\n<p>\u2709 <a href=\"mailto:info@rifugiosommarivaalpramperet.it\" target=\"_blank\" rel=\"noreferrer noopener\">info@rifugiosommarivaalpramperet.it<\/a><\/p>\n\n\n\n<p>\ud83c\udf10 <a href=\"http:\/\/www.rifugiosommarivaalpramperet.it\/\" data-type=\"link\" data-id=\"http:\/\/www.rifugiosommarivaalpramperet.it\/\" target=\"_blank\" rel=\"noopener\">www.rifugiosommarivaalpramperet.it\/<\/a><\/p>\n\n\n\n<p><\/p>\n\n\n\n<p>Gestione: CAI Sezione Oderzo<\/p>\n\n\n\n<p>\u2706 +39 0422 716 354<\/p>\n\n\n\n<p>\u2709 <a href=\"mailto:info@caioderzo.it\">info@caioderzo.it<\/a><\/p>\n<\/div>\n<\/div>\n\n\n\n<figure class=\"wp-block-image aligncenter size-large is-resized\"><img loading=\"lazy\" decoding=\"async\" width=\"1440\" height=\"1080\" src=\"https:\/\/organizzazione.cai.it\/villaggimontani\/wp-content\/uploads\/sites\/71\/2026\/01\/vdz-rifugio-pramperet-01-1-1440x1080.webp\" alt=\"- CAI\" class=\"wp-image-4369\" style=\"width:600px\" title=\"\" srcset=\"https:\/\/organizzazione.cai.it\/villaggimontani\/wp-content\/uploads\/sites\/71\/2026\/01\/vdz-rifugio-pramperet-01-1-1440x1080.webp 1440w, https:\/\/organizzazione.cai.it\/villaggimontani\/wp-content\/uploads\/sites\/71\/2026\/01\/vdz-rifugio-pramperet-01-1-960x720.webp 960w, https:\/\/organizzazione.cai.it\/villaggimontani\/wp-content\/uploads\/sites\/71\/2026\/01\/vdz-rifugio-pramperet-01-1-768x576.webp 768w, https:\/\/organizzazione.cai.it\/villaggimontani\/wp-content\/uploads\/sites\/71\/2026\/01\/vdz-rifugio-pramperet-01-1.webp 1536w\" sizes=\"(max-width: 1440px) 100vw, 1440px\" \/><figcaption class=\"wp-element-caption\">Rifugio Sommariva al Pramperet<\/figcaption><\/figure>\n\n\n\n<p class=\"has-text-align-center has-grigio-chiaro-background-color has-background has-x-large-font-size\">BIVACCHI<\/p>\n\n\n\n<div class=\"wp-block-columns is-layout-flex wp-container-core-columns-is-layout-9 wp-block-columns-is-layout-flex\">\n<div class=\"wp-block-column is-layout-flow wp-block-column-is-layout-flow\" style=\"flex-basis:66.66%\">\n<figure class=\"wp-block-image size-full is-resized\"><img loading=\"lazy\" decoding=\"async\" width=\"600\" height=\"450\" src=\"https:\/\/organizzazione.cai.it\/villaggimontani\/wp-content\/uploads\/sites\/71\/2026\/01\/vdz-baita-angelini-01.webp\" alt=\"- CAI\" class=\"wp-image-4370\" style=\"width:500px\" title=\"\"><\/figure>\n<\/div>\n\n\n\n<div class=\"wp-block-column is-layout-flow wp-block-column-is-layout-flow\" style=\"flex-basis:33.33%\">\n<p><strong>BAITA ANGELINI<\/strong> (1.680 m)<\/p>\n\n\n\n<p><em>localit\u00e0 Ai Scarsel\u00f2in &#8211; Gruppo T\u00e0mer &#8211; San Sebastiano<\/em><\/p>\n\n\n\n<p>Piccolo ricovero in legno con 6 posti letto adagiato sul fianco Nord-Est delle Cime di San Sebastiano<\/p>\n\n\n\n<p>Accesso: da Pralongo (890 m) per la Val de la Malisia fino alla Casera del Pian (1.162 m), dove finisce la strada. Per buon sentiero nel bosco fino al bivio di quota 1.325 m, quindi per sentiero 536.<\/p>\n\n\n\n<p>Dislivello: 700 m &#8211; 2 ore &#8211; Difficolt\u00e0 E<\/p>\n<\/div>\n<\/div>\n\n\n\n<hr class=\"wp-block-separator has-alpha-channel-opacity\"\/>\n\n\n\n<div class=\"wp-block-columns is-layout-flex wp-container-core-columns-is-layout-10 wp-block-columns-is-layout-flex\">\n<div class=\"wp-block-column is-layout-flow wp-block-column-is-layout-flow\" style=\"flex-basis:66.66%\">\n<figure class=\"wp-block-image size-full is-resized\"><img loading=\"lazy\" decoding=\"async\" width=\"400\" height=\"267\" src=\"https:\/\/organizzazione.cai.it\/villaggimontani\/wp-content\/uploads\/sites\/71\/2026\/01\/vdz-bivacco-carnielli-01.webp\" alt=\"- CAI\" class=\"wp-image-4371\" style=\"width:500px\" title=\"\"><\/figure>\n<\/div>\n\n\n\n<div class=\"wp-block-column is-layout-flow wp-block-column-is-layout-flow\" style=\"flex-basis:33.33%\">\n<p><strong>BIVACCO CARNIELLI &#8211; DE MARCHI<\/strong> (2.010 m)<\/p>\n\n\n\n<p><em>Pala dei Lares Auta &#8211; Gruppo Mezzod\u00ec-Pramp\u00e8r<\/em><\/p>\n\n\n\n<p>Piccolo ricovero alpinistico con 9 posti letto e acqua nelle vicinanze<\/p>\n\n\n\n<p>Accesso: Da Forno di Zoldo per la strada della Val Prampera fino al parcheggio del Pian de la Fopa (1.210 m). Si attraversa il Torrente Pramper, poi si sale fino alla Pala dei Lares Bassa (sentiero 522). L&#8217;itinerario prosegue a mezza costa, vario e a tratti esposto. Oltre un salto roccioso si giunge alla \u201cPala dei Lares Auta\u201d, dove si trova il bivacco.<\/p>\n\n\n\n<p>Dislivello: 800 m &#8211; 5 ore &#8211; Difficolt\u00e0 EE<\/p>\n<\/div>\n<\/div>\n\n\n\n<p class=\"has-text-align-center has-grigio-chiaro-background-color has-background has-x-large-font-size\">AGRITURISMI<\/p>\n\n\n\n<div class=\"wp-block-columns is-layout-flex wp-container-core-columns-is-layout-11 wp-block-columns-is-layout-flex\">\n<div class=\"wp-block-column is-layout-flow wp-block-column-is-layout-flow\" style=\"flex-basis:66.66%\">\n<p class=\"has-large-font-size\"><strong><strong>AGRITURISMO LA SLODA (apicoltura)<\/strong><\/strong><\/p>\n\n\n\n<p>L&#8217;agriturismo \u201cLa Sloda\u201d si trova al centro della piccola frazione di Pralongo, porta d\u2019accesso al&nbsp;<a href=\"http:\/\/www.dolomitipark.it\/\" target=\"_blank\" rel=\"noreferrer noopener\">Parco Nazionale delle Dolomiti Bellunesi<\/a>,&nbsp;a una quota di 1.000 m. Immersa nel verde, situata ad appena 1 km dalla strada provinciale, la struttura presenta le caratteristiche tradizionali del luogo e offre un comodo alloggio per chi intende trascorrere una piacevole vacanza all\u2019insegna della tranquillit\u00e0 e della natura, in tutte le stagioni. Il riposo e la quiete sono garantiti e l\u2019abbondante colazione con torte fatte in casa e miele di nostra produzione, vi dar\u00e0 un caloroso buongiorno e le energie per affrontare delle belle passeggiate, godendo della bellezza dei nostri boschi e delle nostre Dolomiti,&nbsp;<a href=\"http:\/\/www.dolomitiunesco.info\/\" target=\"_blank\" rel=\"noreferrer noopener\">Patrimonio dell\u2019Umanit\u00e0 UNESCO<\/a>. Vi \u00e8 inoltre la possibilit\u00e0 di portare i propri amici a quattro zampe.<\/p>\n<\/div>\n\n\n\n<div class=\"wp-block-column is-layout-flow wp-block-column-is-layout-flow\" style=\"flex-basis:33.33%\">\n<p><strong>CONTATTI<\/strong><\/p>\n\n\n\n<p>via S. Andrea, 20 &#8211; 32012 Val di Zoldo<\/p>\n\n\n\n<p>\u2706 +39 328 8420433 &#8211; 347 9754534<\/p>\n\n\n\n<p>\u2709 lasloda@hotmail.com<\/p>\n\n\n\n<p>\ud83c\udf10 <a href=\"http:\/\/www.lasloda.com\" target=\"_blank\" data-type=\"link\" data-id=\"www.lasloda.com\" rel=\"noreferrer noopener\">www.lasloda.com<\/a><\/p>\n<\/div>\n<\/div>\n\n\n\n<hr class=\"wp-block-separator has-alpha-channel-opacity\"\/>\n\n\n\n<div class=\"wp-block-columns is-layout-flex wp-container-core-columns-is-layout-12 wp-block-columns-is-layout-flex\">\n<div class=\"wp-block-column is-layout-flow wp-block-column-is-layout-flow\" style=\"flex-basis:66.66%\">\n<p class=\"has-large-font-size\"><strong>LOCANDA TANA DE L&#8217;ORS<\/strong><\/p>\n\n\n\n<p>Storica locanda zoldana, la Tana de l\u2019Ors \u00e8 il punto d&#8217;appoggio ideale per scoprire le Dolomiti della Val di Zoldo. Ristorante raffinato, osteria wine-bar con caminetto e terrazza esterna, camere e appartamenti moderni e confortevoli.<\/p>\n<\/div>\n\n\n\n<div class=\"wp-block-column is-layout-flow wp-block-column-is-layout-flow\" style=\"flex-basis:33.33%\">\n<p><strong>CONTATTI<\/strong><\/p>\n\n\n\n<p>via Roma, 28 &#8211; 32012 Val di Zoldo<\/p>\n\n\n\n<p>\u2706 +39 0437 794097<\/p>\n\n\n\n<p>\u2709 info@tanadelors.it<\/p>\n\n\n\n<p>\ud83c\udf10 <a href=\"https:\/\/www.ristorantetanadelors.it\/\" target=\"_blank\" data-type=\"link\" data-id=\"https:\/\/www.ristorantetanadelors.it\/\" rel=\"noreferrer noopener\">www.ristorantetanadelors.it\/<\/a><\/p>\n<\/div>\n<\/div>\n\n\n\n<p class=\"has-text-align-center has-grigio-chiaro-background-color has-background has-x-large-font-size\">APPARTAMENTI &#8211; B&amp;B &#8211; CAMERE<\/p>\n\n\n\n<div class=\"wp-block-columns is-layout-flex wp-container-core-columns-is-layout-13 wp-block-columns-is-layout-flex\">\n<div class=\"wp-block-column is-layout-flow wp-block-column-is-layout-flow\" style=\"flex-basis:66.66%\">\n<p class=\"has-large-font-size\"><strong>B&amp;B LE BASTIE<\/strong><\/p>\n<\/div>\n\n\n\n<div class=\"wp-block-column is-layout-flow wp-block-column-is-layout-flow\" style=\"flex-basis:33.33%\">\n<p><strong>CONTATTI<\/strong><\/p>\n\n\n\n<p>via Tiziano Vecellio, 20 (Bragarezza) &#8211; 32012 Val di Zoldo<\/p>\n\n\n\n<p>\u2706 +39 349 432 7615<\/p>\n\n\n\n<p>\u2709 info@bastiedolomiti.com<\/p>\n\n\n\n<p>\ud83c\udf10 <a href=\"https:\/\/www.bastiedolomiti.com\" target=\"_blank\" data-type=\"link\" data-id=\"https:\/\/www.bastiedolomiti.com\" rel=\"noreferrer noopener\">www.bastiedolomiti.com<\/a><\/p>\n<\/div>\n<\/div>\n\n\n\n<hr class=\"wp-block-separator has-alpha-channel-opacity\"\/>\n\n\n\n<div class=\"wp-block-columns is-layout-flex wp-container-core-columns-is-layout-14 wp-block-columns-is-layout-flex\">\n<div class=\"wp-block-column is-layout-flow wp-block-column-is-layout-flow\" style=\"flex-basis:66.66%\">\n<p class=\"has-large-font-size\"><strong>VILLA EMMA<\/strong><\/p>\n\n\n\n<p>L&#8217;appartamento dispone di una TV, una terrazza e un&#8217;area salotto, mentre l&#8217;angolo cottura \u00e8 completo di forno e frigorifero. Il bagno privato \u00e8 dotato di vasca o doccia, asciugacapelli e bidet. Dalla camera potrete ammirare la vista sulle montagne e sul fiume. Sono disponibili altri servizi come la lavanderia. Tra le attivit\u00e0 praticabili nei dintorni figurano lo sci, il ciclismo e la pesca. La struttura dispone di un parcheggio gratuito e di un giardino.<\/p>\n<\/div>\n\n\n\n<div class=\"wp-block-column is-layout-flow wp-block-column-is-layout-flow\" style=\"flex-basis:33.33%\">\n<p><strong>CONTATTI<\/strong><\/p>\n\n\n\n<p>Borgo Europa, 12 &#8211; 32012 Val di Zoldo<\/p>\n\n\n\n<p>\u2706 +39 348 0641027<\/p>\n\n\n\n<p>\u2709 mariavittoria.b2009@libero.it<\/p>\n<\/div>\n<\/div>\n\n\n\n<hr class=\"wp-block-separator has-alpha-channel-opacity\"\/>\n\n\n\n<div class=\"wp-block-columns is-layout-flex wp-container-core-columns-is-layout-15 wp-block-columns-is-layout-flex\">\n<div class=\"wp-block-column is-layout-flow wp-block-column-is-layout-flow\" style=\"flex-basis:66.66%\">\n<p class=\"has-large-font-size\"><strong>GARN\u00cc POSTA<\/strong><\/p>\n\n\n\n<p>Hotel a tre stelle con 21 camere a 1 km dal centro di Forno di Zoldo. Le camere dispongono di bagno privato, balcone, TV con canali satellitari e WIFI. La struttura include un bar e una zona soggiorno. La posizione \u00e8 ottimale sia per intraprendere escursioni nelle montagne circostanti sia rispetto ai servizi presenti in valle.<\/p>\n<\/div>\n\n\n\n<div class=\"wp-block-column is-layout-flow wp-block-column-is-layout-flow\" style=\"flex-basis:33.33%\">\n<p><strong>CONTATTI<\/strong><\/p>\n\n\n\n<p>via Roma, 13\/a &#8211; 32012 Val di Zoldo<\/p>\n\n\n\n<p>\u2706 +39 0437 794 217 &#8211; 345 609 1229<\/p>\n\n\n\n<p>\u2709 garni.laposta@gmail.com<\/p>\n\n\n\n<p>\ud83c\udf10 <a href=\"http:\/\/hotel-garni-posta.forno-di-zoldo.hotels-veneto.com\/it\/#service\" data-type=\"link\" data-id=\"http:\/\/hotel-garni-posta.forno-di-zoldo.hotels-veneto.com\/it\/#service\" target=\"_blank\" rel=\"noreferrer noopener\">Hotel Posta<\/a><\/p>\n<\/div>\n<\/div>\n\n\n\n<hr class=\"wp-block-separator has-alpha-channel-opacity\"\/>\n\n\n\n<div class=\"wp-block-columns is-layout-flex wp-container-core-columns-is-layout-16 wp-block-columns-is-layout-flex\">\n<div class=\"wp-block-column is-layout-flow wp-block-column-is-layout-flow\" style=\"flex-basis:66.66%\">\n<p class=\"has-large-font-size\"><strong>CASA DEI MANI<\/strong><\/p>\n<\/div>\n\n\n\n<div class=\"wp-block-column is-layout-flow wp-block-column-is-layout-flow\" style=\"flex-basis:33.33%\">\n<p><strong>CONTATTI<\/strong><\/p>\n\n\n\n<p>via Bortolot, 11 &#8211; 32010 Zopp\u00e8 di Cadore<\/p>\n\n\n\n<p>\u2706 +39 0437 789 430 &#8211; 340 775 9418<\/p>\n\n\n\n<p>\u2709 rombrt@libero.it<\/p>\n<\/div>\n<\/div>\n\n\n\n<hr class=\"wp-block-separator has-alpha-channel-opacity\"\/>\n\n\n\n<div class=\"wp-block-columns is-layout-flex wp-container-core-columns-is-layout-17 wp-block-columns-is-layout-flex\">\n<div class=\"wp-block-column is-layout-flow wp-block-column-is-layout-flow\" style=\"flex-basis:66.66%\">\n<p class=\"has-large-font-size\"><strong>CASA DEL SORDO<\/strong><\/p>\n\n\n\n<p>Intera casa situata in Zopp\u00e8 di Cadore. La struttura, accessibile solo a piedi, dispone di due camere da letto, cucina e giardino privato, WIFI e TV. Parcheggio gratuito in strada.<\/p>\n<\/div>\n\n\n\n<div class=\"wp-block-column is-layout-flow wp-block-column-is-layout-flow\" style=\"flex-basis:33.33%\">\n<p><strong>CONTATTI<\/strong><\/p>\n\n\n\n<p>via Le Chiasate, 3 \u2013 32010 Zopp\u00e8 di Cadore<\/p>\n\n\n\n<p>\u2706 +39 320 289 0573<\/p>\n\n\n\n<p>\u2709 zenoloto@gmail.com<\/p>\n<\/div>\n<\/div>\n\n\n\n<p class=\"has-text-align-center has-grigio-chiaro-background-color has-background has-x-large-font-size\">ALBERGHI<\/p>\n\n\n\n<div class=\"wp-block-columns is-layout-flex wp-container-core-columns-is-layout-18 wp-block-columns-is-layout-flex\">\n<div class=\"wp-block-column is-layout-flow wp-block-column-is-layout-flow\" style=\"flex-basis:66.66%\">\n<p class=\"has-large-font-size\"><strong>HOTEL BRUSTOLON<\/strong><\/p>\n\n\n\n<p>L&#8217;hotel a tre stelle offre alloggi con colazione in localit\u00e0 Dont. Dispone di ristorante, giardino, terrazza e un bar. Tutte le camere prevedono un bagno privato con bidet, set di cortesia e asciugacapelli. Colazione continentale.<\/p>\n<\/div>\n\n\n\n<div class=\"wp-block-column is-layout-flow wp-block-column-is-layout-flow\" style=\"flex-basis:33.33%\">\n<p><strong>CONTATTI<\/strong><\/p>\n\n\n\n<p>via Brustolon, 57 (Dont) &#8211; 32012 Val di Zoldo<\/p>\n\n\n\n<p>\u2706 +39 0437 78 150<\/p>\n\n\n\n<p>\u2709 info@hotelbrustolon.it<\/p>\n\n\n\n<p>\ud83c\udf10 <a href=\"https:\/\/hotelbrustolon.it\/\" data-type=\"link\" data-id=\"http:\/\/hotel-garni-posta.forno-di-zoldo.hotels-veneto.com\/it\/#service\" target=\"_blank\" rel=\"noreferrer noopener\">www.hotelbrustolon.it<\/a><\/p>\n<\/div>\n<\/div>\n\n\n\n<p class=\"has-text-align-center has-grigio-chiaro-background-color has-background has-x-large-font-size\">RISTORANTI<\/p>\n\n\n\n<div class=\"wp-block-columns is-layout-flex wp-container-core-columns-is-layout-19 wp-block-columns-is-layout-flex\">\n<div class=\"wp-block-column is-layout-flow wp-block-column-is-layout-flow\" style=\"flex-basis:66.66%\">\n<p class=\"has-large-font-size\"><strong>RISTORANTE LA TANA DE L&#8217;ORS<\/strong><\/p>\n\n\n\n<p><\/p>\n<\/div>\n\n\n\n<div class=\"wp-block-column is-layout-flow wp-block-column-is-layout-flow\" style=\"flex-basis:33.33%\">\n<p><strong>CONTATTI<\/strong><\/p>\n\n\n\n<p>via Roma, 28 &#8211; 32012 Val di Zoldo<\/p>\n\n\n\n<p>\u2706 +39 0437 794097<\/p>\n\n\n\n<p>\u2709 info@tanadelors.it<\/p>\n\n\n\n<p>\ud83c\udf10 <a href=\"https:\/\/www.ristorantetanadelors.it\/\" target=\"_blank\" data-type=\"link\" data-id=\"https:\/\/www.ristorantetanadelors.it\/\" rel=\"noreferrer noopener\">www.ristorantetanadelors.it\/<\/a><\/p>\n<\/div>\n<\/div>\n\n\n\n<hr class=\"wp-block-separator has-alpha-channel-opacity\"\/>\n\n\n\n<div class=\"wp-block-columns is-layout-flex wp-container-core-columns-is-layout-20 wp-block-columns-is-layout-flex\">\n<div class=\"wp-block-column is-layout-flow wp-block-column-is-layout-flow\" style=\"flex-basis:66.66%\">\n<p class=\"has-large-font-size\"><strong>RISTORANTE TIPICO L&#8217;INSONNIA<\/strong><\/p>\n\n\n\n<p><\/p>\n<\/div>\n\n\n\n<div class=\"wp-block-column is-layout-flow wp-block-column-is-layout-flow\" style=\"flex-basis:33.33%\">\n<p><strong>CONTATTI<\/strong><\/p>\n\n\n\n<p>via Canale, 7 &#8211; 32012 Val di Zoldo<\/p>\n\n\n\n<p>\u2706 +39 0437 787 243<\/p>\n\n\n\n<p>\u2709 omarmeneghetti2@gmail.com<\/p>\n<\/div>\n<\/div>\n\n\n\n<hr class=\"wp-block-separator has-alpha-channel-opacity\"\/>\n\n\n\n<div class=\"wp-block-columns is-layout-flex wp-container-core-columns-is-layout-21 wp-block-columns-is-layout-flex\">\n<div class=\"wp-block-column is-layout-flow wp-block-column-is-layout-flow\" style=\"flex-basis:66.66%\">\n<p class=\"has-large-font-size\"><strong>RISTORANTE ANTICA LOCANDA AL PELMO<\/strong><\/p>\n\n\n\n<p><\/p>\n<\/div>\n\n\n\n<div class=\"wp-block-column is-layout-flow wp-block-column-is-layout-flow\" style=\"flex-basis:33.33%\">\n<p><strong>CONTATTI<\/strong><\/p>\n\n\n\n<p>via Bortolot, 82 &#8211; 32010 Zopp\u00e8 di Cadore<\/p>\n\n\n\n<p>\u2706 +39 0437 791 113<\/p>\n\n\n\n<p>\u2709 anticalocandaalpelmo@gmail.com<\/p>\n\n\n\n<p>\ud83c\udf10 <a href=\"https:\/\/antica-graziana.edan.io\/\" data-type=\"link\" data-id=\"http:\/\/hotel-garni-posta.forno-di-zoldo.hotels-veneto.com\/it\/#service\" target=\"_blank\" rel=\"noreferrer noopener\">Antica Locanda al Pelmo<\/a><\/p>\n<\/div>\n<\/div>\n\n\n\n<hr class=\"wp-block-separator has-alpha-channel-opacity\"\/>\n\n\n\n<div class=\"wp-block-buttons is-content-justification-center is-layout-flex wp-container-core-buttons-is-layout-1 wp-block-buttons-is-layout-flex\">\n<div class=\"wp-block-button\"><a class=\"wp-block-button__link wp-element-button\" href=\"https:\/\/organizzazione.cai.it\/villaggimontani\/cansano\/\">Torna al Villaggio<\/a><\/div>\n<\/div>\n","protected":false},"excerpt":{"rendered":"<p>RIFUGI RIFUGIO CASEL SORA &#8216;L SASS (1.588 m) Rifugio con 20 posti letto in cuccette e 5 posti d&#8217;emergenza, oltre a un bivacco invernale (5 posti letto).Periodo di apertura: dal [&hellip;]<\/p>\n","protected":false},"author":174,"featured_media":36,"parent":0,"menu_order":0,"comment_status":"closed","ping_status":"closed","template":"","meta":{"footnotes":""},"rankMath":{"parentDomain":"organizzazione.cai.it","noFollowDomains":[],"noFollowExcludeDomains":[],"noFollowExternalLinks":false,"featuredImageNotice":"L&#039;immagine in evidenza dovrebbe essere di almeno 200 x 200 pixel per essere ripresa da Facebook e altri siti di social media.","pluginReviewed":false,"postSettings":{"linkSuggestions":true,"useFocusKeyword":false},"frontEndScore":false,"postName":"val-di-zoldo-aziende-partner","permalinkFormat":"https:\/\/organizzazione.cai.it\/villaggimontani\/%pagename%\/","showLockModifiedDate":true,"assessor":{"focusKeywordLink":"https:\/\/organizzazione.cai.it\/villaggimontani\/wp-admin\/edit.php?focus_keyword=%focus_keyword%&post_type=%post_type%","hasTOCPlugin":false,"primaryTaxonomy":false,"serpData":{"title":"","description":"","focusKeywords":"","pillarContent":false,"canonicalUrl":"","breadcrumbTitle":"","advancedRobots":{"max-snippet":"-1","max-video-preview":"-1","max-image-preview":"large"},"facebookTitle":"","facebookDescription":"","facebookImage":"","facebookImageID":"","facebookHasOverlay":false,"facebookImageOverlay":"","facebookAuthor":"","twitterCardType":"","twitterUseFacebook":true,"twitterTitle":"","twitterDescription":"","twitterImage":"","twitterImageID":"","twitterHasOverlay":false,"twitterImageOverlay":"","twitterPlayerUrl":"","twitterPlayerSize":"","twitterPlayerStream":"","twitterPlayerStreamCtype":"","twitterAppDescription":"","twitterAppIphoneName":"","twitterAppIphoneID":"","twitterAppIphoneUrl":"","twitterAppIpadName":"","twitterAppIpadID":"","twitterAppIpadUrl":"","twitterAppGoogleplayName":"","twitterAppGoogleplayID":"","twitterAppGoogleplayUrl":"","twitterAppCountry":"","robots":{"index":true},"twitterAuthor":"nome utente","primaryTerm":0,"authorName":"villaggimontani@cai.it","titleTemplate":"%title% %sep% CAI %sitename%","descriptionTemplate":"%excerpt%","showScoreFrontend":true,"lockModifiedDate":false},"powerWords":["incredibile","sorprendente","meraviglioso","unico","bello","felicit\u00e0","brillante","affascinante","carismatico","scioccante","chiaro","completamente","riservato","fiducia","significativo","creativo","definitivamente","delizioso","dimostrare","sbrigati","determinato","degno","dinamico","impressionante","essenziale","ispiratore","innovativo","intenso","efficace","magico","magnifico","storico","importante","incredibile","indispensabile","indimenticabile","irresistibile","leggendario","luminoso","lusso","magico","magnifico","maestoso","memorabile","miracoloso","motivante","necessario","nuovo","ufficiale","perfetto","appassionato","persuasivo","fenomenale","piacere","popolare","potere","prestigioso","prodigioso","profondo","prospero","potente","qualit\u00e0","radiante","veloce","di successo","rivoluzionario","soddisfatto","sicurezza","sensazionale","sereno","lussuoso","splendido","sublime","sorprendente","talentuoso","terrificante","unico","valore","vibrante","vittorioso","vivace","veramente","zelante","autentico","avventuroso","spettacolare","esclusivo","garantito","straordinario","favoloso","affascinante","formidabile","geniale","grandioso","gratuito","abile","illimitato","impeccabile","infallibile","infinitamente","influente","ingegnoso","indimenticabile","insostituibile","leader","maestro","notevole","innovativo","pioniere","potente","riconosciuto","rivoluzionario","sorprendente","superiore","trionfante","ultra","coraggioso","prezioso","avanguardia","vigoroso","visionario","volont\u00e0","vitale","trionfo","glorioso","inarrestabile","ineguagliabile","intelligente","invincibile","libert\u00e0","orgoglio","pace","progresso","rinnovato","saggezza","soddisfazione","sicuro","serenit\u00e0","superamento","talento","trascendente","trasformativo","coraggio","vittoria"],"diacritics":{"A":"[\\u0041\\u24B6\\uFF21\\u00C0\\u00C1\\u00C2\\u1EA6\\u1EA4\\u1EAA\\u1EA8\\u00C3\\u0100\\u0102\\u1EB0\\u1EAE\\u1EB4\\u1EB2\\u0226\\u01E0\\u00C4\\u01DE\\u1EA2\\u00C5\\u01FA\\u01CD\\u0200\\u0202\\u1EA0\\u1EAC\\u1EB6\\u1E00\\u0104\\u023A\\u2C6F]","AA":"[\\uA732]","AE":"[\\u00C6\\u01FC\\u01E2]","AO":"[\\uA734]","AU":"[\\uA736]","AV":"[\\uA738\\uA73A]","AY":"[\\uA73C]","B":"[\\u0042\\u24B7\\uFF22\\u1E02\\u1E04\\u1E06\\u0243\\u0182\\u0181]","C":"[\\u0043\\u24B8\\uFF23\\u0106\\u0108\\u010A\\u010C\\u00C7\\u1E08\\u0187\\u023B\\uA73E]","D":"[\\u0044\\u24B9\\uFF24\\u1E0A\\u010E\\u1E0C\\u1E10\\u1E12\\u1E0E\\u0110\\u018B\\u018A\\u0189\\uA779]","DZ":"[\\u01F1\\u01C4]","Dz":"[\\u01F2\\u01C5]","E":"[\\u0045\\u24BA\\uFF25\\u00C8\\u00C9\\u00CA\\u1EC0\\u1EBE\\u1EC4\\u1EC2\\u1EBC\\u0112\\u1E14\\u1E16\\u0114\\u0116\\u00CB\\u1EBA\\u011A\\u0204\\u0206\\u1EB8\\u1EC6\\u0228\\u1E1C\\u0118\\u1E18\\u1E1A\\u0190\\u018E]","F":"[\\u0046\\u24BB\\uFF26\\u1E1E\\u0191\\uA77B]","G":"[\\u0047\\u24BC\\uFF27\\u01F4\\u011C\\u1E20\\u011E\\u0120\\u01E6\\u0122\\u01E4\\u0193\\uA7A0\\uA77D\\uA77E]","H":"[\\u0048\\u24BD\\uFF28\\u0124\\u1E22\\u1E26\\u021E\\u1E24\\u1E28\\u1E2A\\u0126\\u2C67\\u2C75\\uA78D]","I":"[\\u0049\\u24BE\\uFF29\\u00CC\\u00CD\\u00CE\\u0128\\u012A\\u012C\\u0130\\u00CF\\u1E2E\\u1EC8\\u01CF\\u0208\\u020A\\u1ECA\\u012E\\u1E2C\\u0197]","J":"[\\u004A\\u24BF\\uFF2A\\u0134\\u0248]","K":"[\\u004B\\u24C0\\uFF2B\\u1E30\\u01E8\\u1E32\\u0136\\u1E34\\u0198\\u2C69\\uA740\\uA742\\uA744\\uA7A2]","L":"[\\u004C\\u24C1\\uFF2C\\u013F\\u0139\\u013D\\u1E36\\u1E38\\u013B\\u1E3C\\u1E3A\\u0141\\u023D\\u2C62\\u2C60\\uA748\\uA746\\uA780]","LJ":"[\\u01C7]","Lj":"[\\u01C8]","M":"[\\u004D\\u24C2\\uFF2D\\u1E3E\\u1E40\\u1E42\\u2C6E\\u019C]","N":"[\\u004E\\u24C3\\uFF2E\\u01F8\\u0143\\u00D1\\u1E44\\u0147\\u1E46\\u0145\\u1E4A\\u1E48\\u0220\\u019D\\uA790\\uA7A4]","NJ":"[\\u01CA]","Nj":"[\\u01CB]","O":"[\\u004F\\u24C4\\uFF2F\\u00D2\\u00D3\\u00D4\\u1ED2\\u1ED0\\u1ED6\\u1ED4\\u00D5\\u1E4C\\u022C\\u1E4E\\u014C\\u1E50\\u1E52\\u014E\\u022E\\u0230\\u00D6\\u022A\\u1ECE\\u0150\\u01D1\\u020C\\u020E\\u01A0\\u1EDC\\u1EDA\\u1EE0\\u1EDE\\u1EE2\\u1ECC\\u1ED8\\u01EA\\u01EC\\u00D8\\u01FE\\u0186\\u019F\\uA74A\\uA74C]","OI":"[\\u01A2]","OO":"[\\uA74E]","OU":"[\\u0222]","P":"[\\u0050\\u24C5\\uFF30\\u1E54\\u1E56\\u01A4\\u2C63\\uA750\\uA752\\uA754]","Q":"[\\u0051\\u24C6\\uFF31\\uA756\\uA758\\u024A]","R":"[\\u0052\\u24C7\\uFF32\\u0154\\u1E58\\u0158\\u0210\\u0212\\u1E5A\\u1E5C\\u0156\\u1E5E\\u024C\\u2C64\\uA75A\\uA7A6\\uA782]","S":"[\\u0053\\u24C8\\uFF33\\u1E9E\\u015A\\u1E64\\u015C\\u1E60\\u0160\\u1E66\\u1E62\\u1E68\\u0218\\u015E\\u2C7E\\uA7A8\\uA784]","T":"[\\u0054\\u24C9\\uFF34\\u1E6A\\u0164\\u1E6C\\u021A\\u0162\\u1E70\\u1E6E\\u0166\\u01AC\\u01AE\\u023E\\uA786]","TZ":"[\\uA728]","U":"[\\u0055\\u24CA\\uFF35\\u00D9\\u00DA\\u00DB\\u0168\\u1E78\\u016A\\u1E7A\\u016C\\u00DC\\u01DB\\u01D7\\u01D5\\u01D9\\u1EE6\\u016E\\u0170\\u01D3\\u0214\\u0216\\u01AF\\u1EEA\\u1EE8\\u1EEE\\u1EEC\\u1EF0\\u1EE4\\u1E72\\u0172\\u1E76\\u1E74\\u0244]","V":"[\\u0056\\u24CB\\uFF36\\u1E7C\\u1E7E\\u01B2\\uA75E\\u0245]","VY":"[\\uA760]","W":"[\\u0057\\u24CC\\uFF37\\u1E80\\u1E82\\u0174\\u1E86\\u1E84\\u1E88\\u2C72]","X":"[\\u0058\\u24CD\\uFF38\\u1E8A\\u1E8C]","Y":"[\\u0059\\u24CE\\uFF39\\u1EF2\\u00DD\\u0176\\u1EF8\\u0232\\u1E8E\\u0178\\u1EF6\\u1EF4\\u01B3\\u024E\\u1EFE]","Z":"[\\u005A\\u24CF\\uFF3A\\u0179\\u1E90\\u017B\\u017D\\u1E92\\u1E94\\u01B5\\u0224\\u2C7F\\u2C6B\\uA762]","a":"[\\u0061\\u24D0\\uFF41\\u1E9A\\u00E0\\u00E1\\u00E2\\u1EA7\\u1EA5\\u1EAB\\u1EA9\\u00E3\\u0101\\u0103\\u1EB1\\u1EAF\\u1EB5\\u1EB3\\u0227\\u01E1\\u00E4\\u01DF\\u1EA3\\u00E5\\u01FB\\u01CE\\u0201\\u0203\\u1EA1\\u1EAD\\u1EB7\\u1E01\\u0105\\u2C65\\u0250]","aa":"[\\uA733]","ae":"[\\u00E6\\u01FD\\u01E3]","ao":"[\\uA735]","au":"[\\uA737]","av":"[\\uA739\\uA73B]","ay":"[\\uA73D]","b":"[\\u0062\\u24D1\\uFF42\\u1E03\\u1E05\\u1E07\\u0180\\u0183\\u0253]","c":"[\\u0063\\u24D2\\uFF43\\u0107\\u0109\\u010B\\u010D\\u00E7\\u1E09\\u0188\\u023C\\uA73F\\u2184]","d":"[\\u0064\\u24D3\\uFF44\\u1E0B\\u010F\\u1E0D\\u1E11\\u1E13\\u1E0F\\u0111\\u018C\\u0256\\u0257\\uA77A]","dz":"[\\u01F3\\u01C6]","e":"[\\u0065\\u24D4\\uFF45\\u00E8\\u00E9\\u00EA\\u1EC1\\u1EBF\\u1EC5\\u1EC3\\u1EBD\\u0113\\u1E15\\u1E17\\u0115\\u0117\\u00EB\\u1EBB\\u011B\\u0205\\u0207\\u1EB9\\u1EC7\\u0229\\u1E1D\\u0119\\u1E19\\u1E1B\\u0247\\u025B\\u01DD]","f":"[\\u0066\\u24D5\\uFF46\\u1E1F\\u0192\\uA77C]","g":"[\\u0067\\u24D6\\uFF47\\u01F5\\u011D\\u1E21\\u011F\\u0121\\u01E7\\u0123\\u01E5\\u0260\\uA7A1\\u1D79\\uA77F]","h":"[\\u0068\\u24D7\\uFF48\\u0125\\u1E23\\u1E27\\u021F\\u1E25\\u1E29\\u1E2B\\u1E96\\u0127\\u2C68\\u2C76\\u0265]","hv":"[\\u0195]","i":"[\\u0069\\u24D8\\uFF49\\u00EC\\u00ED\\u00EE\\u0129\\u012B\\u012D\\u00EF\\u1E2F\\u1EC9\\u01D0\\u0209\\u020B\\u1ECB\\u012F\\u1E2D\\u0268\\u0131]","j":"[\\u006A\\u24D9\\uFF4A\\u0135\\u01F0\\u0249]","k":"[\\u006B\\u24DA\\uFF4B\\u1E31\\u01E9\\u1E33\\u0137\\u1E35\\u0199\\u2C6A\\uA741\\uA743\\uA745\\uA7A3]","l":"[\\u006C\\u24DB\\uFF4C\\u0140\\u013A\\u013E\\u1E37\\u1E39\\u013C\\u1E3D\\u1E3B\\u017F\\u0142\\u019A\\u026B\\u2C61\\uA749\\uA781\\uA747]","lj":"[\\u01C9]","m":"[\\u006D\\u24DC\\uFF4D\\u1E3F\\u1E41\\u1E43\\u0271\\u026F]","n":"[\\u006E\\u24DD\\uFF4E\\u01F9\\u0144\\u00F1\\u1E45\\u0148\\u1E47\\u0146\\u1E4B\\u1E49\\u019E\\u0272\\u0149\\uA791\\uA7A5]","nj":"[\\u01CC]","o":"[\\u006F\\u24DE\\uFF4F\\u00F2\\u00F3\\u00F4\\u1ED3\\u1ED1\\u1ED7\\u1ED5\\u00F5\\u1E4D\\u022D\\u1E4F\\u014D\\u1E51\\u1E53\\u014F\\u022F\\u0231\\u00F6\\u022B\\u1ECF\\u0151\\u01D2\\u020D\\u020F\\u01A1\\u1EDD\\u1EDB\\u1EE1\\u1EDF\\u1EE3\\u1ECD\\u1ED9\\u01EB\\u01ED\\u00F8\\u01FF\\u0254\\uA74B\\uA74D\\u0275]","oi":"[\\u01A3]","ou":"[\\u0223]","oo":"[\\uA74F]","p":"[\\u0070\\u24DF\\uFF50\\u1E55\\u1E57\\u01A5\\u1D7D\\uA751\\uA753\\uA755]","q":"[\\u0071\\u24E0\\uFF51\\u024B\\uA757\\uA759]","r":"[\\u0072\\u24E1\\uFF52\\u0155\\u1E59\\u0159\\u0211\\u0213\\u1E5B\\u1E5D\\u0157\\u1E5F\\u024D\\u027D\\uA75B\\uA7A7\\uA783]","s":"[\\u0073\\u24E2\\uFF53\\u015B\\u1E65\\u015D\\u1E61\\u0161\\u1E67\\u1E63\\u1E69\\u0219\\u015F\\u023F\\uA7A9\\uA785\\u1E9B]","ss":"[\\u00DF]","t":"[\\u0074\\u24E3\\uFF54\\u1E6B\\u1E97\\u0165\\u1E6D\\u021B\\u0163\\u1E71\\u1E6F\\u0167\\u01AD\\u0288\\u2C66\\uA787]","tz":"[\\uA729]","u":"[\\u0075\\u24E4\\uFF55\\u00F9\\u00FA\\u00FB\\u0169\\u1E79\\u016B\\u1E7B\\u016D\\u00FC\\u01DC\\u01D8\\u01D6\\u01DA\\u1EE7\\u016F\\u0171\\u01D4\\u0215\\u0217\\u01B0\\u1EEB\\u1EE9\\u1EEF\\u1EED\\u1EF1\\u1EE5\\u1E73\\u0173\\u1E77\\u1E75\\u0289]","v":"[\\u0076\\u24E5\\uFF56\\u1E7D\\u1E7F\\u028B\\uA75F\\u028C]","vy":"[\\uA761]","w":"[\\u0077\\u24E6\\uFF57\\u1E81\\u1E83\\u0175\\u1E87\\u1E85\\u1E98\\u1E89\\u2C73]","x":"[\\u0078\\u24E7\\uFF58\\u1E8B\\u1E8D]","y":"[\\u0079\\u24E8\\uFF59\\u1EF3\\u00FD\\u0177\\u1EF9\\u0233\\u1E8F\\u00FF\\u1EF7\\u1E99\\u1EF5\\u01B4\\u024F\\u1EFF]","z":"[\\u007A\\u24E9\\uFF5A\\u017A\\u1E91\\u017C\\u017E\\u1E93\\u1E95\\u01B6\\u0225\\u0240\\u2C6C\\uA763]"},"researchesTests":["contentHasTOC","contentHasShortParagraphs","contentHasAssets","keywordInTitle","keywordInMetaDescription","keywordInPermalink","keywordIn10Percent","keywordInContent","keywordInSubheadings","keywordInImageAlt","keywordDensity","keywordNotUsed","lengthContent","lengthPermalink","linksHasInternal","linksHasExternals","linksNotAllExternals","titleStartWithKeyword","titleSentiment","titleHasPowerWords","titleHasNumber","hasContentAI"],"hasRedirection":true,"hasBreadcrumb":true},"homeUrl":"https:\/\/organizzazione.cai.it\/villaggimontani","objectID":1577,"objectType":"post","locale":"it","localeFull":"it_IT","overlayImages":{"play":{"name":"Icona di riproduzione","url":"https:\/\/organizzazione.cai.it\/villaggimontani\/wp-content\/plugins\/seo-by-rank-math\/assets\/admin\/img\/icon-play.png","path":"\/var\/www\/vhosts\/organizzazione.cai.it\/httpdocs\/wp-content\/plugins\/seo-by-rank-math\/assets\/admin\/img\/icon-play.png","position":"middle_center"},"gif":{"name":"Icona GIF","url":"https:\/\/organizzazione.cai.it\/villaggimontani\/wp-content\/plugins\/seo-by-rank-math\/assets\/admin\/img\/icon-gif.png","path":"\/var\/www\/vhosts\/organizzazione.cai.it\/httpdocs\/wp-content\/plugins\/seo-by-rank-math\/assets\/admin\/img\/icon-gif.png","position":"middle_center"}},"defautOgImage":"https:\/\/organizzazione.cai.it\/villaggimontani\/wp-content\/uploads\/sites\/71\/2024\/09\/og.webp","customPermalinks":true,"isUserRegistered":false,"autoSuggestKeywords":false,"connectSiteUrl":"https:\/\/rankmath.com\/auth?site=https%3A%2F%2Forganizzazione.cai.it%2Fvillaggimontani&r=https%3A%2F%2Forganizzazione.cai.it%2Fvillaggimontani%2Fwp-json%2Fwp%2Fv2%2Fpages%2F1577%3Fnonce%3D0bc010b01d","maxTags":5,"trendsIcon":"<svg viewBox=\"0 0 610 610\"><path d=\"M18.85,446,174.32,290.48l58.08,58.08L76.93,504a14.54,14.54,0,0,1-20.55,0L18.83,466.48a14.54,14.54,0,0,1,0-20.55Z\" style=\"fill:#4285f4\"\/><path d=\"M242.65,242.66,377.59,377.6l-47.75,47.75a14.54,14.54,0,0,1-20.55,0L174.37,290.43l47.75-47.75A14.52,14.52,0,0,1,242.65,242.66Z\" style=\"fill:#ea4335\"\/><polygon points=\"319.53 319.53 479.26 159.8 537.34 217.88 377.61 377.62 319.53 319.53\" style=\"fill:#fabb05\"\/><path d=\"M594.26,262.73V118.61h0a16.94,16.94,0,0,0-16.94-16.94H433.2a16.94,16.94,0,0,0-12,28.92L565.34,274.71h0a16.94,16.94,0,0,0,28.92-12Z\" style=\"fill:#34a853\"\/><rect width=\"610\" height=\"610\" style=\"fill:none\"\/><\/svg>","showScore":true,"siteFavIcon":"data:image\/png;base64,iVBORw0KGgoAAAANSUhEUgAAABAAAAAQCAYAAAAf8\/9hAAABs0lEQVR4AWL4\/\/8\/RRjO8Iucx+noO0MWUDo16FYABMGP6ZfUcRnWtm27jVPbtm3bttuH2t3eFPcY9pLz7NxiLjCyVd87pKnHyqXyxtCs8APd0rnyxiu4qSeA3QEDrAwBDrT1s1Rc\/OrjLZwqVmOSu6+Lamcpp2KKMA9PH1BYXMe1mUP5qotvXTywsOEEYHXxrY+3cqk6TMkYpNr2FeoY3KIr0RPtn9wQ2unlA+GMkRw6+9TFw4YTwDUzx\/JVvARj9KaedXRO8P5B1Du2S32smzqUrcKGEyA+uAgQjKX7zf0boWHGfn71jIKj2689gxp7OAGShNcBUmLMPVjZuiKcA2vuWHHDCQxMCz629kXAIU4ApY15QwggAFbfOP9DhgBJ+nWVJ1AZAfICAj1pAlY6hCADZnveQf7bQIwzVONGJonhLIlS9gr5mFg44Xd+4S3XHoGNPdJl1INIwKyEgHckEhgTe1bGiFY9GSFBYUwLh1IkiJUbY407E7syBSFxKTszEoiE\/YdrgCEayDmtaJwCI9uu8TKMuZSVfSa4BpGgzvomBR\/INhLGzrqDotp01ZR8pn\/1L0JN9d9XNyx0AAAAAElFTkSuQmCC","canUser":{"general":false,"advanced":false,"snippet":false,"social":false,"analysis":false,"analytics":false,"content_ai":false},"showKeywordIntent":true,"isPro":false,"is_front_page":false,"trendsUpgradeLink":"https:\/\/rankmath.com\/pricing\/?utm_source=Plugin&utm_medium=CE%20General%20Tab%20Trends&utm_campaign=WP","trendsUpgradeLabel":"Aggiorna","trendsPreviewImage":"https:\/\/organizzazione.cai.it\/villaggimontani\/wp-content\/plugins\/seo-by-rank-math\/assets\/admin\/img\/trends-preview.jpg","currentEditor":false,"homepageData":{"assessor":{"powerWords":["incredibile","sorprendente","meraviglioso","unico","bello","felicit\u00e0","brillante","affascinante","carismatico","scioccante","chiaro","completamente","riservato","fiducia","significativo","creativo","definitivamente","delizioso","dimostrare","sbrigati","determinato","degno","dinamico","impressionante","essenziale","ispiratore","innovativo","intenso","efficace","magico","magnifico","storico","importante","incredibile","indispensabile","indimenticabile","irresistibile","leggendario","luminoso","lusso","magico","magnifico","maestoso","memorabile","miracoloso","motivante","necessario","nuovo","ufficiale","perfetto","appassionato","persuasivo","fenomenale","piacere","popolare","potere","prestigioso","prodigioso","profondo","prospero","potente","qualit\u00e0","radiante","veloce","di successo","rivoluzionario","soddisfatto","sicurezza","sensazionale","sereno","lussuoso","splendido","sublime","sorprendente","talentuoso","terrificante","unico","valore","vibrante","vittorioso","vivace","veramente","zelante","autentico","avventuroso","spettacolare","esclusivo","garantito","straordinario","favoloso","affascinante","formidabile","geniale","grandioso","gratuito","abile","illimitato","impeccabile","infallibile","infinitamente","influente","ingegnoso","indimenticabile","insostituibile","leader","maestro","notevole","innovativo","pioniere","potente","riconosciuto","rivoluzionario","sorprendente","superiore","trionfante","ultra","coraggioso","prezioso","avanguardia","vigoroso","visionario","volont\u00e0","vitale","trionfo","glorioso","inarrestabile","ineguagliabile","intelligente","invincibile","libert\u00e0","orgoglio","pace","progresso","rinnovato","saggezza","soddisfazione","sicuro","serenit\u00e0","superamento","talento","trascendente","trasformativo","coraggio","vittoria"],"diacritics":true,"researchesTests":["contentHasTOC","contentHasShortParagraphs","contentHasAssets","keywordInTitle","keywordInMetaDescription","keywordInPermalink","keywordIn10Percent","keywordInContent","keywordInSubheadings","keywordInImageAlt","keywordDensity","keywordNotUsed","lengthContent","lengthPermalink","linksHasInternal","linksHasExternals","linksNotAllExternals","titleStartWithKeyword","titleSentiment","titleHasPowerWords","titleHasNumber","hasContentAI"],"hasBreadcrumb":true,"serpData":{"title":"%sitename% %page% %sep% %sitedesc%","description":"","titleTemplate":"%sitename% %page% %sep% %sitedesc%","descriptionTemplate":"","focusKeywords":"","breadcrumbTitle":"Home","robots":{"index":true},"advancedRobots":{"max-snippet":"-1","max-video-preview":"-1","max-image-preview":"large"},"facebookTitle":"","facebookDescription":"","facebookImage":"","facebookImageID":""}}},"tocTitle":"Table of Contents","tocExcludeHeadings":[],"listStyle":"ul"},"_links":{"self":[{"href":"https:\/\/organizzazione.cai.it\/villaggimontani\/wp-json\/wp\/v2\/pages\/1577"}],"collection":[{"href":"https:\/\/organizzazione.cai.it\/villaggimontani\/wp-json\/wp\/v2\/pages"}],"about":[{"href":"https:\/\/organizzazione.cai.it\/villaggimontani\/wp-json\/wp\/v2\/types\/page"}],"author":[{"embeddable":true,"href":"https:\/\/organizzazione.cai.it\/villaggimontani\/wp-json\/wp\/v2\/users\/174"}],"replies":[{"embeddable":true,"href":"https:\/\/organizzazione.cai.it\/villaggimontani\/wp-json\/wp\/v2\/comments?post=1577"}],"version-history":[{"count":12,"href":"https:\/\/organizzazione.cai.it\/villaggimontani\/wp-json\/wp\/v2\/pages\/1577\/revisions"}],"predecessor-version":[{"id":4374,"href":"https:\/\/organizzazione.cai.it\/villaggimontani\/wp-json\/wp\/v2\/pages\/1577\/revisions\/4374"}],"wp:featuredmedia":[{"embeddable":true,"href":"https:\/\/organizzazione.cai.it\/villaggimontani\/wp-json\/wp\/v2\/media\/36"}],"wp:attachment":[{"href":"https:\/\/organizzazione.cai.it\/villaggimontani\/wp-json\/wp\/v2\/media?parent=1577"}],"curies":[{"name":"wp","href":"https:\/\/api.w.org\/{rel}","templated":true}]}}