{"id":1824,"date":"2025-05-12T17:38:58","date_gmt":"2025-05-12T17:38:58","guid":{"rendered":"https:\/\/organizzazione.cai.it\/villaggimontani\/?page_id=1824"},"modified":"2025-06-23T16:49:21","modified_gmt":"2025-06-23T16:49:21","slug":"crissolo-aziende-partner","status":"publish","type":"page","link":"https:\/\/organizzazione.cai.it\/villaggimontani\/crissolo-aziende-partner\/","title":{"rendered":"CRISSOLO: aziende partner"},"content":{"rendered":"\n<p class=\"has-text-align-center has-azzurro-background-color has-background has-x-large-font-size\"><strong>RIFUGI<\/strong><\/p>\n\n\n\n<div class=\"wp-block-columns is-layout-flex wp-container-core-columns-is-layout-1 wp-block-columns-is-layout-flex\">\n<div class=\"wp-block-column is-layout-flow wp-block-column-is-layout-flow\" style=\"flex-basis:66.66%\">\n<p class=\"has-large-font-size\"><strong>RIFUGIO QUINTINO SELLA<\/strong><\/p>\n\n\n\n<p>A quota 2.640 m nel comune di Crissolo in Valle Po, ai piedi del Monviso (3.841 m), la cima pi\u00f9 alta delle Alpi Cozie, altrimenti conosciuto come il Re di Pietra.<br>Incastonato tra il Lago Grande di Viso e il Lago di Costagrande, il rifugio vive nel cuore del Parco del Monviso, Area della Biosfera dell\u2019Unesco.<\/p>\n\n\n\n<p>Si arriva esclusivamente a piedi, su sentieri di montagna ben segnalati che offrono panorami suggestivi<br>e incontri emozionanti con la fauna e la flora locali.<\/p>\n\n\n\n<p>Il rifugio \u00e8 aperto nel periodo estivo e pu\u00f2 ospitare circa 90 persone.<\/p>\n<\/div>\n\n\n\n<div class=\"wp-block-column is-layout-flow wp-block-column-is-layout-flow\" style=\"flex-basis:33.33%\">\n<p><strong>CONTATTI<\/strong><\/p>\n\n\n\n<p>localit\u00e0 Lago Grande di Viso (2.640 m)<\/p>\n\n\n\n<p>\u2706 dal 20 giugno al 30 settembre: +39 0175 94 943<\/p>\n\n\n\n<p>\u2706 nel periodo di chiusura: +39 0121 40 534<\/p>\n\n\n\n<p>\u2706 whatsapp: +39 351 316 14 66<\/p>\n\n\n\n<p>\u2709 info@rifugiosella.it<\/p>\n\n\n\n<p>\ud83c\udf10 <a href=\"https:\/\/www.rifugiosella.it\/\" data-type=\"link\" data-id=\"https:\/\/www.rifugiosella.it\/\" target=\"_blank\" rel=\"noreferrer noopener\">www.rifugiosella.it<\/a><\/p>\n\n\n\n<div class=\"wp-block-buttons is-layout-flex wp-block-buttons-is-layout-flex\">\n<div class=\"wp-block-button is-style-outline\"><a class=\"wp-block-button__link wp-element-button\" href=\"https:\/\/www.facebook.com\/rifugiosella\" target=\"_blank\" rel=\"noreferrer noopener\">Facebook<\/a><\/div>\n<\/div>\n<\/div>\n<\/div>\n\n\n\n<figure class=\"wp-block-image aligncenter size-large is-resized\"><img loading=\"lazy\" decoding=\"async\" width=\"1624\" height=\"1080\" src=\"https:\/\/organizzazione.cai.it\/villaggimontani\/wp-content\/uploads\/sites\/71\/2025\/05\/rifugio-sella-estate-1624x1080.webp\" alt=\"- CAI\" class=\"wp-image-1832\" style=\"width:600px\" title=\"\" srcset=\"https:\/\/organizzazione.cai.it\/villaggimontani\/wp-content\/uploads\/sites\/71\/2025\/05\/rifugio-sella-estate-1624x1080.webp 1624w, https:\/\/organizzazione.cai.it\/villaggimontani\/wp-content\/uploads\/sites\/71\/2025\/05\/rifugio-sella-estate-1083x720.webp 1083w, https:\/\/organizzazione.cai.it\/villaggimontani\/wp-content\/uploads\/sites\/71\/2025\/05\/rifugio-sella-estate-768x511.webp 768w, https:\/\/organizzazione.cai.it\/villaggimontani\/wp-content\/uploads\/sites\/71\/2025\/05\/rifugio-sella-estate-1536x1021.webp 1536w, https:\/\/organizzazione.cai.it\/villaggimontani\/wp-content\/uploads\/sites\/71\/2025\/05\/rifugio-sella-estate-2048x1362.webp 2048w\" sizes=\"(max-width: 1624px) 100vw, 1624px\" \/><figcaption class=\"wp-element-caption\">Rifugio Quintino Sella<\/figcaption><\/figure>\n\n\n\n<hr class=\"wp-block-separator has-alpha-channel-opacity\"\/>\n\n\n\n<div class=\"wp-block-columns is-layout-flex wp-container-core-columns-is-layout-2 wp-block-columns-is-layout-flex\">\n<div class=\"wp-block-column is-layout-flow wp-block-column-is-layout-flow\" style=\"flex-basis:66.66%\">\n<p class=\"has-large-font-size\"><strong>RIFUGIO VITALE GIACOLETTI<\/strong><\/p>\n\n\n\n<p>Situato sul colle del Losas, ai piedi della cresta est della Punta Udine, di fronte alla maestosa parete nord del Monviso, il rifugio Giacoletti \u00e8 un\u2019accogliente struttura di alta montagna a quota 2.741 metri.<\/p>\n\n\n\n<p>Aperto tutti i giorni da met\u00e0 giugno a met\u00e0 settembre, il rifugio dispone di 56 posti letto, sala da pranzo riscaldata con stufa a legna dove \u00e8 possibile ristorarsi a tutte le ore, illuminazione solare, doccia calda, servizi interni, telefono e collegamento satellitare.<\/p>\n\n\n\n<p>Nel cuore dell\u2019area protetta del Parco del Po, in un ambiente incontaminato d\u2019incomparabile bellezza, habitat naturale di camosci, stambecchi, marmotte, ermellini e della rarissima salamandra nera di Lanza, specie endemica, il Giacoletti \u00e8 luogo ideale per soggiorni di alcune giornate.<\/p>\n\n\n\n<p>A pochi passi dal rifugio si trovano gli attacchi delle principali vie di arrampicata e le vie normali alle punte Venezia (3.095 m), Udine (3.022 m) e Roma (3070 m). A due ore di marcia si trova il Buco di Viso (2882 m), primo traforo delle Alpi, straordinaria opera di ingegneria umana che dal 1480 collega la valle Po con la valle francese del Guil.<\/p>\n\n\n\n<p>Il Giacoletti inoltre \u00e8 tappa obbligata del classico Giro di Viso e dei numerosi anelli concentrici che si snodano attorno al Monviso passando attraverso ben quattro valli diverse, la Val Varaita, la Val Po, la Val Pellice e la valle francese del Guil.<\/p>\n<\/div>\n\n\n\n<div class=\"wp-block-column is-layout-flow wp-block-column-is-layout-flow\" style=\"flex-basis:33.33%\">\n<p><strong>CONTATTI<\/strong><\/p>\n\n\n\n<p>localit\u00e0 Colle Losas (2.741 m)<\/p>\n\n\n\n<p>\u2706 +39 0175 94 01 04 \u2013 +39 347 96 37 442<\/p>\n\n\n\n<p>\u2709 rifugiogiacoletti@perosa.it<\/p>\n\n\n\n<p>\ud83c\udf10 <a href=\"https:\/\/www.giacoletti.it\/\" data-type=\"link\" data-id=\"https:\/\/www.giacoletti.it\/\" target=\"_blank\" rel=\"noreferrer noopener\">www.giacoletti.it<\/a><\/p>\n\n\n\n<div class=\"wp-block-buttons is-layout-flex wp-block-buttons-is-layout-flex\">\n<div class=\"wp-block-button is-style-outline\"><a class=\"wp-block-button__link wp-element-button\" href=\"https:\/\/www.facebook.com\/RifugioGiacoletti\" target=\"_blank\" rel=\"noreferrer noopener\">Facebook<\/a><\/div>\n<\/div>\n<\/div>\n<\/div>\n\n\n\n<figure class=\"wp-block-image aligncenter size-full is-resized\"><img loading=\"lazy\" decoding=\"async\" width=\"960\" height=\"470\" src=\"https:\/\/organizzazione.cai.it\/villaggimontani\/wp-content\/uploads\/sites\/71\/2025\/05\/rifugio-giacoletti-estate.webp\" alt=\"- CAI\" class=\"wp-image-1831\" style=\"width:600px\" title=\"\" srcset=\"https:\/\/organizzazione.cai.it\/villaggimontani\/wp-content\/uploads\/sites\/71\/2025\/05\/rifugio-giacoletti-estate.webp 960w, https:\/\/organizzazione.cai.it\/villaggimontani\/wp-content\/uploads\/sites\/71\/2025\/05\/rifugio-giacoletti-estate-768x376.webp 768w\" sizes=\"(max-width: 960px) 100vw, 960px\" \/><figcaption class=\"wp-element-caption\">Rifugio Vitale Giacoletti<\/figcaption><\/figure>\n\n\n\n<p class=\"has-text-align-center has-azzurro-background-color has-background has-x-large-font-size\"><strong>BED &amp; BREAKFAST<\/strong><\/p>\n\n\n\n<div class=\"wp-block-columns is-layout-flex wp-container-core-columns-is-layout-3 wp-block-columns-is-layout-flex\">\n<div class=\"wp-block-column is-layout-flow wp-block-column-is-layout-flow\" style=\"flex-basis:66.66%\">\n<p class=\"has-large-font-size\"><strong><strong>IL BUCANEVE<\/strong><\/strong><\/p>\n\n\n\n<p>In una casa d\u2019epoca recentemente restaurata, situata nella tranquilla zona pedonale del centro storico di Crissolo, sorge il Bed &amp; Breakfast \u201cIl Bucaneve\u201d &#8211; Guest House.<br>Qui da giugno a settembre, Adelaide e Massimo vi accoglieranno per permettervi di godere di periodi di riposo e relax, ma anche, per chi ama l\u2019attivit\u00e0 sportiva, di effettuare escursioni di varia durata e difficolt\u00e0, in una delle pi\u00f9 belle vallate della provincia di Cuneo, sempre sovrastati dalla catena delle Alpi Cozie, dominata dalla maestosa piramide del Monviso.<\/p>\n\n\n\n<p>Wi-fi gratuito disponibile in tutta la struttura.<\/p>\n<\/div>\n\n\n\n<div class=\"wp-block-column is-layout-flow wp-block-column-is-layout-flow\" style=\"flex-basis:33.33%\">\n<p><strong>CONTATTI<\/strong><\/p>\n\n\n\n<p>via Umberto I 42, 12030 Crissolo<\/p>\n\n\n\n<p>\u2706 Telefono: +39 339 65 71 242<\/p>\n\n\n\n<p>\u2706 Mobile: +39 339 85 93 159<\/p>\n\n\n\n<p>\u2709 <a href=\"mailto:ilbucanevecrissolo@gmail.com\" target=\"_blank\" rel=\"noreferrer noopener\">ilbucanevecrissolo@gmail.com<\/a><\/p>\n\n\n\n<p>\ud83c\udf10 <a href=\"https:\/\/www.ilbucanevecrissolo.com\/\" data-type=\"link\" data-id=\"https:\/\/www.ilbucanevecrissolo.com\/\" target=\"_blank\" rel=\"noreferrer noopener\">Il Bucaneve Crissolo<\/a><\/p>\n<\/div>\n<\/div>\n\n\n\n<p class=\"has-text-align-center has-azzurro-background-color has-background has-x-large-font-size\"><strong>APPARTAMENTI &#8211; CAMERE<\/strong><\/p>\n\n\n\n<div class=\"wp-block-columns is-layout-flex wp-container-core-columns-is-layout-4 wp-block-columns-is-layout-flex\">\n<div class=\"wp-block-column is-layout-flow wp-block-column-is-layout-flow\" style=\"flex-basis:66.66%\">\n<p class=\"has-large-font-size\"><strong><strong><strong>LA FINESTRA SUL MONVISO<\/strong><\/strong><\/strong><\/p>\n\n\n\n<p>Immersa nel verde esempio di vegetazione e sviluppo di piante autoctone, \u00e8 il luogo ideale per disintossicarsi dal caos cittadino, per trovare quiete e tranquillit\u00e0.<\/p>\n\n\n\n<p>La casa \u00e8 dotata di Free WiFi, Tv SAT, parcheggio privato, relaxing area in giardino privato con barbecue, cucina dotata di tutti i servizi, lavanderia.<br>Massimo 5 posti letto &#8211; si accettano animali di piccola e media taglia.<\/p>\n<\/div>\n\n\n\n<div class=\"wp-block-column is-layout-flow wp-block-column-is-layout-flow\" style=\"flex-basis:33.33%\">\n<p><strong>CONTATTI<\/strong><\/p>\n\n\n\n<p>via San Chiaffredo 217, 12030 Crissolo<\/p>\n\n\n\n<p>\u2706 +39 347 90 30 619<\/p>\n\n\n\n<p>\ud83c\udf10 <a href=\"https:\/\/www.lafinestrasulmonviso.it\/\" target=\"_blank\" rel=\"noreferrer noopener\">www.lafinestrasulmonviso.it<\/a><\/p>\n\n\n\n<div class=\"wp-block-buttons is-layout-flex wp-block-buttons-is-layout-flex\">\n<div class=\"wp-block-button is-style-outline\"><a class=\"wp-block-button__link wp-element-button\" href=\"https:\/\/www.facebook.com\/lafinestrasulmonviso\" target=\"_blank\" rel=\"noreferrer noopener\">Facebook<\/a><\/div>\n<\/div>\n<\/div>\n<\/div>\n\n\n\n<hr class=\"wp-block-separator has-alpha-channel-opacity\"\/>\n\n\n\n<div class=\"wp-block-columns is-layout-flex wp-container-core-columns-is-layout-5 wp-block-columns-is-layout-flex\">\n<div class=\"wp-block-column is-layout-flow wp-block-column-is-layout-flow\" style=\"flex-basis:66.66%\">\n<p class=\"has-large-font-size\"><strong>CASA VACANZE LA MEIRA<\/strong><\/p>\n\n\n\n<p>Benvenuti in Valle Po, un luogo incantato colmo di tesori e spazi da scoprire, dove puoi innalzarti sulle vette pi\u00f9 alte o passeggiare alle sorgenti del Po, sciare sulle piste o immergerti passeggiando tra i boschi innevati. Un luogo dove riposare e ritrovarti di fronte a panorami mozzafiato.<\/p>\n\n\n\n<p>Alla Meira, con la stupenda possibilit\u00e0 di aiutare i progetti del Sermig cui verr\u00e0 devoluto tutto il ricavato.<\/p>\n\n\n\n<p><strong>Il&nbsp;Sermig \u2013 Servizio Missionario Giovani<\/strong>&nbsp;\u2013 \u00e8 nato nel 1964 da un\u2019intuizione di Ernesto Olivero e da un sogno condiviso con molti: sconfiggere la fame con opere di giustizia e di sviluppo, vivere la solidariet\u00e0 verso i pi\u00f9 poveri e dare una speciale attenzione ai giovani cercando insieme a loro le vie della pace.<\/p>\n\n\n\n<p>La Meira \u00e8 la casa che ci ha donato l\u2019architetto Renato Maurino perch\u00e8 i giovani e i bambini del Sermig potessero godere delle bellezze della Valle Po.<br>Restaurata e adattata, \u00e8 disponibile anche per chi vuole trascorrere un periodo di vacanza, consapevole che tutto il ricavato sar\u00e0 destinato ai progetti del Sermig.<\/p>\n<\/div>\n\n\n\n<div class=\"wp-block-column is-layout-flow wp-block-column-is-layout-flow\" style=\"flex-basis:33.33%\">\n<p><strong>CONTATTI<\/strong><\/p>\n\n\n\n<p>via Pian del Re 197, 12030 Crissolo<\/p>\n\n\n\n<p>\u2706 +39 371 563 22 26<\/p>\n\n\n\n<p>\u2709 <a href=\"mailto:lameira.crissolo@gmail.com\">lameira.crissolo@gmail.com<\/a><\/p>\n\n\n\n<p>\ud83c\udf10 <a href=\"https:\/\/arstore.sermig.org\/la-meira.html\" data-type=\"link\" data-id=\"https:\/\/arstore.sermig.org\/la-meira.html\" target=\"_blank\" rel=\"noreferrer noopener\">La Meira<\/a><\/p>\n<\/div>\n<\/div>\n\n\n\n<p class=\"has-text-align-center has-azzurro-background-color has-background has-x-large-font-size\"><strong>ALBERGHI<\/strong><\/p>\n\n\n\n<div class=\"wp-block-columns is-layout-flex wp-container-core-columns-is-layout-6 wp-block-columns-is-layout-flex\">\n<div class=\"wp-block-column is-layout-flow wp-block-column-is-layout-flow\" style=\"flex-basis:66.66%\">\n<p class=\"has-large-font-size\"><strong>ALBERGO VISOLOTTO<\/strong><\/p>\n\n\n\n<p>L&#8217;albergo &#8220;Visolotto&#8221; si trova a Crissolo, comune della provincia di Cuneo ai piedi del Monviso, dove sorge il fiume Po.<\/p>\n\n\n\n<p>Il &#8220;Visolotto&#8221; \u00e8 di propriet\u00e0 della Famiglia Bessone da generazioni. Nel 2014 il primogenito Massimo riprende le redini dell&#8217;attivit\u00e0 di famiglia che, con tutti i confort di una moderna struttura, conserva il sapore delle antiche tradizioni di montagna e il fascino di una storia lunga un secolo.<\/p>\n\n\n\n<p>L&#8217;albergo &#8220;Visolotto&#8221; dispone di dieci camere, tutte con bagno, sette delle quali con tv, wifi in sala da pranzo e bar.<\/p>\n\n\n\n<p>Punto di forza dell&#8217;offerta ai suoi clienti \u00e8 la cucina casalinga con menu legati al territorio e materie prime selezionate. La pasta \u00e8 fatta in casa con farina di farro e molto gettonata \u00e8 la nostra bagna caoda.<\/p>\n\n\n\n<p>Si organizzano cene a tema. Convenzioni invernali per fine settimana sulla neve.<\/p>\n<\/div>\n\n\n\n<div class=\"wp-block-column is-layout-flow wp-block-column-is-layout-flow\" style=\"flex-basis:33.33%\">\n<p><strong>CONTATTI<\/strong><\/p>\n\n\n\n<p>Corso Umberto I 76, 12030 Crissolo<\/p>\n\n\n\n<p>\u2706 +39 0175 94 930 &#8211; +39 338 547 83 11<\/p>\n\n\n\n<p>\u2709 info@albergovisolotto.it<\/p>\n\n\n\n<p>\ud83c\udf10 <a href=\"http:\/\/albergovisolotto.it\/\" target=\"_blank\" data-type=\"link\" data-id=\"http:\/\/albergovisolotto.it\/\" rel=\"noreferrer noopener\">www.albergovisolotto.it<\/a><\/p>\n<\/div>\n<\/div>\n\n\n\n<hr class=\"wp-block-separator has-alpha-channel-opacity\"\/>\n\n\n\n<p class=\"has-text-align-center has-azzurro-background-color has-background has-x-large-font-size\"><strong>ALTRE ATTIVIT\u00c0<\/strong><\/p>\n\n\n\n<div class=\"wp-block-columns is-layout-flex wp-container-core-columns-is-layout-7 wp-block-columns-is-layout-flex\">\n<div class=\"wp-block-column is-layout-flow wp-block-column-is-layout-flow\" style=\"flex-basis:66.66%\">\n<p class=\"has-large-font-size\"><strong>Albergo Club Alpino<\/strong><\/p>\n\n\n\n<p>via Provinciale 32, 12030 Crissolo<\/p>\n\n\n\n<p>\u2706 +39 0175 94 925 &#8211; +39 328 216 94 44<\/p>\n\n\n\n<p>\u2709 info@albergoclubalpino.com<\/p>\n\n\n\n<p>\ud83c\udf10 <a href=\"http:\/\/www.albergoclubalpino.com\" target=\"_blank\" data-type=\"link\" data-id=\"www.albergoclubalpino.com\" rel=\"noreferrer noopener\">www.albergoclubalpino.com<\/a><\/p>\n<\/div>\n\n\n\n<div class=\"wp-block-column is-layout-flow wp-block-column-is-layout-flow\" style=\"flex-basis:66.66%\">\n<p class=\"has-large-font-size\"><strong>Albergo Locanda Regina<\/strong><\/p>\n\n\n\n<p>localit\u00e0 Pian della Regina 34, 12030 Crissolo<\/p>\n\n\n\n<p>\u2706 +39 0175 94 907 &#8211; +39 333 31 429 36<\/p>\n\n\n\n<p>\u2709 rifugiopiandellaregina@gmail.com<\/p>\n\n\n\n<p>\ud83c\udf10 <a href=\"http:\/\/www.rifugiopiandellaregina.it\" target=\"_blank\" data-type=\"link\" data-id=\"www.rifugiopiandellaregina.it\" rel=\"noreferrer noopener\">www.rifugiopiandellaregina.it<\/a><\/p>\n<\/div>\n<\/div>\n\n\n\n<hr class=\"wp-block-separator has-alpha-channel-opacity\"\/>\n\n\n\n<div class=\"wp-block-columns is-layout-flex wp-container-core-columns-is-layout-8 wp-block-columns-is-layout-flex\">\n<div class=\"wp-block-column is-layout-flow wp-block-column-is-layout-flow\" style=\"flex-basis:66.66%\">\n<p class=\"has-large-font-size\"><strong>Ristorante Etape Monviso<\/strong><\/p>\n\n\n\n<p>via Umberto I 153, 12030 Crissolo<\/p>\n\n\n\n<p>\u2706 +39 349 055 1958<\/p>\n\n\n\n<p>\u2709 etape.monviso@gmail.com<\/p>\n<\/div>\n\n\n\n<div class=\"wp-block-column is-layout-flow wp-block-column-is-layout-flow\" style=\"flex-basis:66.66%\">\n<p class=\"has-large-font-size\"><strong>Albergo Rifugio Pian del Re<\/strong><\/p>\n\n\n\n<p>localit\u00e0 Pian del Re, 12030 Crissolo<\/p>\n\n\n\n<p>\u2706 +39 0175 94 967 &#8211; +39 349 393 25 59<\/p>\n\n\n\n<p>\u2709 rifugiopiandelre@hotmail.it<\/p>\n<\/div>\n<\/div>\n\n\n\n<hr class=\"wp-block-separator has-alpha-channel-opacity\"\/>\n\n\n\n<div class=\"wp-block-columns is-layout-flex wp-container-core-columns-is-layout-9 wp-block-columns-is-layout-flex\">\n<div class=\"wp-block-column is-layout-flow wp-block-column-is-layout-flow\" style=\"flex-basis:66.66%\">\n<p class=\"has-large-font-size\"><strong>Appartamento I Giardin<\/strong><\/p>\n\n\n\n<p>frazione Serre 90, 12030 Crissolo<\/p>\n\n\n\n<p>\u2706 +39 347 048 98 18<\/p>\n\n\n\n<p>\u2709 martinella29571@gmail.com<\/p>\n<\/div>\n<\/div>\n\n\n\n<hr class=\"wp-block-separator has-alpha-channel-opacity\"\/>\n\n\n\n<div class=\"wp-block-columns is-layout-flex wp-container-core-columns-is-layout-10 wp-block-columns-is-layout-flex\">\n<div class=\"wp-block-column is-layout-flow wp-block-column-is-layout-flow\" style=\"flex-basis:66.66%\">\n<p class=\"has-large-font-size\"><strong>Panetteria &#8211; Pasticceria Bessone<\/strong><\/p>\n\n\n\n<p>piazza Duca degli Abruzzi 102, 12030 Crissolo<\/p>\n\n\n\n<p>\u2706 +39 0175 94 928<\/p>\n\n\n\n<p>\u2709 info@pasticceriacrissolo.it<\/p>\n\n\n\n<p>\ud83c\udf10 <a href=\"http:\/\/www.pasticceriacrissolo.it\" target=\"_blank\" data-type=\"link\" data-id=\"http:\/\/albergovisolotto.it\/\" rel=\"noreferrer noopener\">www.pasticceriacrissolo.it<\/a><\/p>\n<\/div>\n\n\n\n<div class=\"wp-block-column is-layout-flow wp-block-column-is-layout-flow\" style=\"flex-basis:66.66%\">\n<p class=\"has-large-font-size\"><strong>La Bottega dei Formaggi<br>di Perotti Paolo<\/strong><\/p>\n\n\n\n<p>piazza Duca degli Abruzzi 132, 12030 Crissolo<\/p>\n\n\n\n<p>\u2706 +39 348 882 7137<\/p>\n\n\n\n<p>\u2709 paoloperotti68@alice.it<\/p>\n<\/div>\n<\/div>\n\n\n\n<hr class=\"wp-block-separator has-alpha-channel-opacity\"\/>\n\n\n\n<div class=\"wp-block-columns is-layout-flex wp-container-core-columns-is-layout-11 wp-block-columns-is-layout-flex\">\n<div class=\"wp-block-column is-layout-flow wp-block-column-is-layout-flow\" style=\"flex-basis:66.66%\">\n<p class=\"has-large-font-size\"><strong>La volpe rossa<\/strong><\/p>\n\n\n\n<p><em>emporio di caratteristico gusto montano<\/em><\/p>\n\n\n\n<p>piazza Duca degli Abruzzi 99, 12030 Crissolo<\/p>\n\n\n\n<p>\u2706 +39 327 019 10 69<\/p>\n\n\n\n<p>\u2709 lavolperossa.crissolo@gmail.com<\/p>\n<\/div>\n\n\n\n<div class=\"wp-block-column is-layout-flow wp-block-column-is-layout-flow\" style=\"flex-basis:66.66%\">\n<p class=\"has-large-font-size\"><strong>Isaia Sport<\/strong><\/p>\n\n\n\n<p>via Provinciale 24, 12030 Crissolo<\/p>\n\n\n\n<p>\u2706 +39 +39 0175 94 59 00<\/p>\n\n\n\n<p>\u2709 info@isaiasport.it<\/p>\n\n\n\n<p>\ud83c\udf10 <a href=\"http:\/\/www.isaiasport.it\" target=\"_blank\" data-type=\"link\" data-id=\"http:\/\/www.isaiasport.it\" rel=\"noreferrer noopener\">www.isaiasport.it<\/a><\/p>\n<\/div>\n<\/div>\n\n\n\n<hr class=\"wp-block-separator has-alpha-channel-opacity\"\/>\n\n\n\n<div class=\"wp-block-columns is-layout-flex wp-container-core-columns-is-layout-12 wp-block-columns-is-layout-flex\">\n<div class=\"wp-block-column is-layout-flow wp-block-column-is-layout-flow\" style=\"flex-basis:66.66%\">\n<p class=\"has-large-font-size\"><strong>Essenza Monviso-Azienda Agricola<br>dr. E. Tarasco<\/strong><\/p>\n\n\n\n<p>localit\u00e0 Pian della Regina 34, 12030 Crissolo<\/p>\n\n\n\n<p>\u2706 +39 347 49 72 110<\/p>\n\n\n\n<p>\u2709 info@essenzamonviso.it<\/p>\n\n\n\n<p>\ud83c\udf10 <a href=\"http:\/\/www.essenzamonviso.it\" target=\"_blank\" data-type=\"link\" data-id=\"http:\/\/www.essenzamonviso.it\" rel=\"noreferrer noopener\">www.essenzamonviso.it<\/a><\/p>\n<\/div>\n<\/div>\n\n\n\n<p><\/p>\n\n\n\n<hr class=\"wp-block-separator has-alpha-channel-opacity\"\/>\n\n\n\n<div class=\"wp-block-buttons is-content-justification-center is-layout-flex wp-container-core-buttons-is-layout-4 wp-block-buttons-is-layout-flex\">\n<div class=\"wp-block-button\"><a class=\"wp-block-button__link wp-element-button\" href=\"https:\/\/organizzazione.cai.it\/villaggimontani\/cansano\/\">Torna al Villaggio<\/a><\/div>\n<\/div>\n","protected":false},"excerpt":{"rendered":"<p>RIFUGI RIFUGIO QUINTINO SELLA A quota 2.640 m nel comune di Crissolo in Valle Po, ai piedi del Monviso (3.841 m), la cima pi\u00f9 alta delle Alpi Cozie, altrimenti conosciuto [&hellip;]<\/p>\n","protected":false},"author":174,"featured_media":36,"parent":0,"menu_order":0,"comment_status":"closed","ping_status":"closed","template":"","meta":{"footnotes":""},"rankMath":{"parentDomain":"organizzazione.cai.it","noFollowDomains":[],"noFollowExcludeDomains":[],"noFollowExternalLinks":false,"featuredImageNotice":"L&#039;immagine in evidenza dovrebbe essere di almeno 200 x 200 pixel per essere ripresa da Facebook e altri siti di social media.","pluginReviewed":false,"postSettings":{"linkSuggestions":true,"useFocusKeyword":false},"frontEndScore":false,"postName":"crissolo-aziende-partner","permalinkFormat":"https:\/\/organizzazione.cai.it\/villaggimontani\/%pagename%\/","showLockModifiedDate":true,"assessor":{"focusKeywordLink":"https:\/\/organizzazione.cai.it\/villaggimontani\/wp-admin\/edit.php?focus_keyword=%focus_keyword%&post_type=%post_type%","hasTOCPlugin":false,"primaryTaxonomy":false,"serpData":{"title":"","description":"","focusKeywords":"","pillarContent":false,"canonicalUrl":"","breadcrumbTitle":"","advancedRobots":{"max-snippet":"-1","max-video-preview":"-1","max-image-preview":"large"},"facebookTitle":"","facebookDescription":"","facebookImage":"","facebookImageID":"","facebookHasOverlay":false,"facebookImageOverlay":"","facebookAuthor":"","twitterCardType":"","twitterUseFacebook":true,"twitterTitle":"","twitterDescription":"","twitterImage":"","twitterImageID":"","twitterHasOverlay":false,"twitterImageOverlay":"","twitterPlayerUrl":"","twitterPlayerSize":"","twitterPlayerStream":"","twitterPlayerStreamCtype":"","twitterAppDescription":"","twitterAppIphoneName":"","twitterAppIphoneID":"","twitterAppIphoneUrl":"","twitterAppIpadName":"","twitterAppIpadID":"","twitterAppIpadUrl":"","twitterAppGoogleplayName":"","twitterAppGoogleplayID":"","twitterAppGoogleplayUrl":"","twitterAppCountry":"","robots":{"index":true},"twitterAuthor":"nome utente","primaryTerm":0,"authorName":"villaggimontani@cai.it","titleTemplate":"%title% %sep% CAI %sitename%","descriptionTemplate":"%excerpt%","showScoreFrontend":true,"lockModifiedDate":false},"powerWords":["incredibile","sorprendente","meraviglioso","unico","bello","felicit\u00e0","brillante","affascinante","carismatico","scioccante","chiaro","completamente","riservato","fiducia","significativo","creativo","definitivamente","delizioso","dimostrare","sbrigati","determinato","degno","dinamico","impressionante","essenziale","ispiratore","innovativo","intenso","efficace","magico","magnifico","storico","importante","incredibile","indispensabile","indimenticabile","irresistibile","leggendario","luminoso","lusso","magico","magnifico","maestoso","memorabile","miracoloso","motivante","necessario","nuovo","ufficiale","perfetto","appassionato","persuasivo","fenomenale","piacere","popolare","potere","prestigioso","prodigioso","profondo","prospero","potente","qualit\u00e0","radiante","veloce","di successo","rivoluzionario","soddisfatto","sicurezza","sensazionale","sereno","lussuoso","splendido","sublime","sorprendente","talentuoso","terrificante","unico","valore","vibrante","vittorioso","vivace","veramente","zelante","autentico","avventuroso","spettacolare","esclusivo","garantito","straordinario","favoloso","affascinante","formidabile","geniale","grandioso","gratuito","abile","illimitato","impeccabile","infallibile","infinitamente","influente","ingegnoso","indimenticabile","insostituibile","leader","maestro","notevole","innovativo","pioniere","potente","riconosciuto","rivoluzionario","sorprendente","superiore","trionfante","ultra","coraggioso","prezioso","avanguardia","vigoroso","visionario","volont\u00e0","vitale","trionfo","glorioso","inarrestabile","ineguagliabile","intelligente","invincibile","libert\u00e0","orgoglio","pace","progresso","rinnovato","saggezza","soddisfazione","sicuro","serenit\u00e0","superamento","talento","trascendente","trasformativo","coraggio","vittoria"],"diacritics":{"A":"[\\u0041\\u24B6\\uFF21\\u00C0\\u00C1\\u00C2\\u1EA6\\u1EA4\\u1EAA\\u1EA8\\u00C3\\u0100\\u0102\\u1EB0\\u1EAE\\u1EB4\\u1EB2\\u0226\\u01E0\\u00C4\\u01DE\\u1EA2\\u00C5\\u01FA\\u01CD\\u0200\\u0202\\u1EA0\\u1EAC\\u1EB6\\u1E00\\u0104\\u023A\\u2C6F]","AA":"[\\uA732]","AE":"[\\u00C6\\u01FC\\u01E2]","AO":"[\\uA734]","AU":"[\\uA736]","AV":"[\\uA738\\uA73A]","AY":"[\\uA73C]","B":"[\\u0042\\u24B7\\uFF22\\u1E02\\u1E04\\u1E06\\u0243\\u0182\\u0181]","C":"[\\u0043\\u24B8\\uFF23\\u0106\\u0108\\u010A\\u010C\\u00C7\\u1E08\\u0187\\u023B\\uA73E]","D":"[\\u0044\\u24B9\\uFF24\\u1E0A\\u010E\\u1E0C\\u1E10\\u1E12\\u1E0E\\u0110\\u018B\\u018A\\u0189\\uA779]","DZ":"[\\u01F1\\u01C4]","Dz":"[\\u01F2\\u01C5]","E":"[\\u0045\\u24BA\\uFF25\\u00C8\\u00C9\\u00CA\\u1EC0\\u1EBE\\u1EC4\\u1EC2\\u1EBC\\u0112\\u1E14\\u1E16\\u0114\\u0116\\u00CB\\u1EBA\\u011A\\u0204\\u0206\\u1EB8\\u1EC6\\u0228\\u1E1C\\u0118\\u1E18\\u1E1A\\u0190\\u018E]","F":"[\\u0046\\u24BB\\uFF26\\u1E1E\\u0191\\uA77B]","G":"[\\u0047\\u24BC\\uFF27\\u01F4\\u011C\\u1E20\\u011E\\u0120\\u01E6\\u0122\\u01E4\\u0193\\uA7A0\\uA77D\\uA77E]","H":"[\\u0048\\u24BD\\uFF28\\u0124\\u1E22\\u1E26\\u021E\\u1E24\\u1E28\\u1E2A\\u0126\\u2C67\\u2C75\\uA78D]","I":"[\\u0049\\u24BE\\uFF29\\u00CC\\u00CD\\u00CE\\u0128\\u012A\\u012C\\u0130\\u00CF\\u1E2E\\u1EC8\\u01CF\\u0208\\u020A\\u1ECA\\u012E\\u1E2C\\u0197]","J":"[\\u004A\\u24BF\\uFF2A\\u0134\\u0248]","K":"[\\u004B\\u24C0\\uFF2B\\u1E30\\u01E8\\u1E32\\u0136\\u1E34\\u0198\\u2C69\\uA740\\uA742\\uA744\\uA7A2]","L":"[\\u004C\\u24C1\\uFF2C\\u013F\\u0139\\u013D\\u1E36\\u1E38\\u013B\\u1E3C\\u1E3A\\u0141\\u023D\\u2C62\\u2C60\\uA748\\uA746\\uA780]","LJ":"[\\u01C7]","Lj":"[\\u01C8]","M":"[\\u004D\\u24C2\\uFF2D\\u1E3E\\u1E40\\u1E42\\u2C6E\\u019C]","N":"[\\u004E\\u24C3\\uFF2E\\u01F8\\u0143\\u00D1\\u1E44\\u0147\\u1E46\\u0145\\u1E4A\\u1E48\\u0220\\u019D\\uA790\\uA7A4]","NJ":"[\\u01CA]","Nj":"[\\u01CB]","O":"[\\u004F\\u24C4\\uFF2F\\u00D2\\u00D3\\u00D4\\u1ED2\\u1ED0\\u1ED6\\u1ED4\\u00D5\\u1E4C\\u022C\\u1E4E\\u014C\\u1E50\\u1E52\\u014E\\u022E\\u0230\\u00D6\\u022A\\u1ECE\\u0150\\u01D1\\u020C\\u020E\\u01A0\\u1EDC\\u1EDA\\u1EE0\\u1EDE\\u1EE2\\u1ECC\\u1ED8\\u01EA\\u01EC\\u00D8\\u01FE\\u0186\\u019F\\uA74A\\uA74C]","OI":"[\\u01A2]","OO":"[\\uA74E]","OU":"[\\u0222]","P":"[\\u0050\\u24C5\\uFF30\\u1E54\\u1E56\\u01A4\\u2C63\\uA750\\uA752\\uA754]","Q":"[\\u0051\\u24C6\\uFF31\\uA756\\uA758\\u024A]","R":"[\\u0052\\u24C7\\uFF32\\u0154\\u1E58\\u0158\\u0210\\u0212\\u1E5A\\u1E5C\\u0156\\u1E5E\\u024C\\u2C64\\uA75A\\uA7A6\\uA782]","S":"[\\u0053\\u24C8\\uFF33\\u1E9E\\u015A\\u1E64\\u015C\\u1E60\\u0160\\u1E66\\u1E62\\u1E68\\u0218\\u015E\\u2C7E\\uA7A8\\uA784]","T":"[\\u0054\\u24C9\\uFF34\\u1E6A\\u0164\\u1E6C\\u021A\\u0162\\u1E70\\u1E6E\\u0166\\u01AC\\u01AE\\u023E\\uA786]","TZ":"[\\uA728]","U":"[\\u0055\\u24CA\\uFF35\\u00D9\\u00DA\\u00DB\\u0168\\u1E78\\u016A\\u1E7A\\u016C\\u00DC\\u01DB\\u01D7\\u01D5\\u01D9\\u1EE6\\u016E\\u0170\\u01D3\\u0214\\u0216\\u01AF\\u1EEA\\u1EE8\\u1EEE\\u1EEC\\u1EF0\\u1EE4\\u1E72\\u0172\\u1E76\\u1E74\\u0244]","V":"[\\u0056\\u24CB\\uFF36\\u1E7C\\u1E7E\\u01B2\\uA75E\\u0245]","VY":"[\\uA760]","W":"[\\u0057\\u24CC\\uFF37\\u1E80\\u1E82\\u0174\\u1E86\\u1E84\\u1E88\\u2C72]","X":"[\\u0058\\u24CD\\uFF38\\u1E8A\\u1E8C]","Y":"[\\u0059\\u24CE\\uFF39\\u1EF2\\u00DD\\u0176\\u1EF8\\u0232\\u1E8E\\u0178\\u1EF6\\u1EF4\\u01B3\\u024E\\u1EFE]","Z":"[\\u005A\\u24CF\\uFF3A\\u0179\\u1E90\\u017B\\u017D\\u1E92\\u1E94\\u01B5\\u0224\\u2C7F\\u2C6B\\uA762]","a":"[\\u0061\\u24D0\\uFF41\\u1E9A\\u00E0\\u00E1\\u00E2\\u1EA7\\u1EA5\\u1EAB\\u1EA9\\u00E3\\u0101\\u0103\\u1EB1\\u1EAF\\u1EB5\\u1EB3\\u0227\\u01E1\\u00E4\\u01DF\\u1EA3\\u00E5\\u01FB\\u01CE\\u0201\\u0203\\u1EA1\\u1EAD\\u1EB7\\u1E01\\u0105\\u2C65\\u0250]","aa":"[\\uA733]","ae":"[\\u00E6\\u01FD\\u01E3]","ao":"[\\uA735]","au":"[\\uA737]","av":"[\\uA739\\uA73B]","ay":"[\\uA73D]","b":"[\\u0062\\u24D1\\uFF42\\u1E03\\u1E05\\u1E07\\u0180\\u0183\\u0253]","c":"[\\u0063\\u24D2\\uFF43\\u0107\\u0109\\u010B\\u010D\\u00E7\\u1E09\\u0188\\u023C\\uA73F\\u2184]","d":"[\\u0064\\u24D3\\uFF44\\u1E0B\\u010F\\u1E0D\\u1E11\\u1E13\\u1E0F\\u0111\\u018C\\u0256\\u0257\\uA77A]","dz":"[\\u01F3\\u01C6]","e":"[\\u0065\\u24D4\\uFF45\\u00E8\\u00E9\\u00EA\\u1EC1\\u1EBF\\u1EC5\\u1EC3\\u1EBD\\u0113\\u1E15\\u1E17\\u0115\\u0117\\u00EB\\u1EBB\\u011B\\u0205\\u0207\\u1EB9\\u1EC7\\u0229\\u1E1D\\u0119\\u1E19\\u1E1B\\u0247\\u025B\\u01DD]","f":"[\\u0066\\u24D5\\uFF46\\u1E1F\\u0192\\uA77C]","g":"[\\u0067\\u24D6\\uFF47\\u01F5\\u011D\\u1E21\\u011F\\u0121\\u01E7\\u0123\\u01E5\\u0260\\uA7A1\\u1D79\\uA77F]","h":"[\\u0068\\u24D7\\uFF48\\u0125\\u1E23\\u1E27\\u021F\\u1E25\\u1E29\\u1E2B\\u1E96\\u0127\\u2C68\\u2C76\\u0265]","hv":"[\\u0195]","i":"[\\u0069\\u24D8\\uFF49\\u00EC\\u00ED\\u00EE\\u0129\\u012B\\u012D\\u00EF\\u1E2F\\u1EC9\\u01D0\\u0209\\u020B\\u1ECB\\u012F\\u1E2D\\u0268\\u0131]","j":"[\\u006A\\u24D9\\uFF4A\\u0135\\u01F0\\u0249]","k":"[\\u006B\\u24DA\\uFF4B\\u1E31\\u01E9\\u1E33\\u0137\\u1E35\\u0199\\u2C6A\\uA741\\uA743\\uA745\\uA7A3]","l":"[\\u006C\\u24DB\\uFF4C\\u0140\\u013A\\u013E\\u1E37\\u1E39\\u013C\\u1E3D\\u1E3B\\u017F\\u0142\\u019A\\u026B\\u2C61\\uA749\\uA781\\uA747]","lj":"[\\u01C9]","m":"[\\u006D\\u24DC\\uFF4D\\u1E3F\\u1E41\\u1E43\\u0271\\u026F]","n":"[\\u006E\\u24DD\\uFF4E\\u01F9\\u0144\\u00F1\\u1E45\\u0148\\u1E47\\u0146\\u1E4B\\u1E49\\u019E\\u0272\\u0149\\uA791\\uA7A5]","nj":"[\\u01CC]","o":"[\\u006F\\u24DE\\uFF4F\\u00F2\\u00F3\\u00F4\\u1ED3\\u1ED1\\u1ED7\\u1ED5\\u00F5\\u1E4D\\u022D\\u1E4F\\u014D\\u1E51\\u1E53\\u014F\\u022F\\u0231\\u00F6\\u022B\\u1ECF\\u0151\\u01D2\\u020D\\u020F\\u01A1\\u1EDD\\u1EDB\\u1EE1\\u1EDF\\u1EE3\\u1ECD\\u1ED9\\u01EB\\u01ED\\u00F8\\u01FF\\u0254\\uA74B\\uA74D\\u0275]","oi":"[\\u01A3]","ou":"[\\u0223]","oo":"[\\uA74F]","p":"[\\u0070\\u24DF\\uFF50\\u1E55\\u1E57\\u01A5\\u1D7D\\uA751\\uA753\\uA755]","q":"[\\u0071\\u24E0\\uFF51\\u024B\\uA757\\uA759]","r":"[\\u0072\\u24E1\\uFF52\\u0155\\u1E59\\u0159\\u0211\\u0213\\u1E5B\\u1E5D\\u0157\\u1E5F\\u024D\\u027D\\uA75B\\uA7A7\\uA783]","s":"[\\u0073\\u24E2\\uFF53\\u015B\\u1E65\\u015D\\u1E61\\u0161\\u1E67\\u1E63\\u1E69\\u0219\\u015F\\u023F\\uA7A9\\uA785\\u1E9B]","ss":"[\\u00DF]","t":"[\\u0074\\u24E3\\uFF54\\u1E6B\\u1E97\\u0165\\u1E6D\\u021B\\u0163\\u1E71\\u1E6F\\u0167\\u01AD\\u0288\\u2C66\\uA787]","tz":"[\\uA729]","u":"[\\u0075\\u24E4\\uFF55\\u00F9\\u00FA\\u00FB\\u0169\\u1E79\\u016B\\u1E7B\\u016D\\u00FC\\u01DC\\u01D8\\u01D6\\u01DA\\u1EE7\\u016F\\u0171\\u01D4\\u0215\\u0217\\u01B0\\u1EEB\\u1EE9\\u1EEF\\u1EED\\u1EF1\\u1EE5\\u1E73\\u0173\\u1E77\\u1E75\\u0289]","v":"[\\u0076\\u24E5\\uFF56\\u1E7D\\u1E7F\\u028B\\uA75F\\u028C]","vy":"[\\uA761]","w":"[\\u0077\\u24E6\\uFF57\\u1E81\\u1E83\\u0175\\u1E87\\u1E85\\u1E98\\u1E89\\u2C73]","x":"[\\u0078\\u24E7\\uFF58\\u1E8B\\u1E8D]","y":"[\\u0079\\u24E8\\uFF59\\u1EF3\\u00FD\\u0177\\u1EF9\\u0233\\u1E8F\\u00FF\\u1EF7\\u1E99\\u1EF5\\u01B4\\u024F\\u1EFF]","z":"[\\u007A\\u24E9\\uFF5A\\u017A\\u1E91\\u017C\\u017E\\u1E93\\u1E95\\u01B6\\u0225\\u0240\\u2C6C\\uA763]"},"researchesTests":["contentHasTOC","contentHasShortParagraphs","contentHasAssets","keywordInTitle","keywordInMetaDescription","keywordInPermalink","keywordIn10Percent","keywordInContent","keywordInSubheadings","keywordInImageAlt","keywordDensity","keywordNotUsed","lengthContent","lengthPermalink","linksHasInternal","linksHasExternals","linksNotAllExternals","titleStartWithKeyword","titleSentiment","titleHasPowerWords","titleHasNumber","hasContentAI"],"hasRedirection":true,"hasBreadcrumb":true},"homeUrl":"https:\/\/organizzazione.cai.it\/villaggimontani","objectID":1824,"objectType":"post","locale":"it","localeFull":"it_IT","overlayImages":{"play":{"name":"Icona di riproduzione","url":"https:\/\/organizzazione.cai.it\/villaggimontani\/wp-content\/plugins\/seo-by-rank-math\/assets\/admin\/img\/icon-play.png","path":"\/var\/www\/vhosts\/organizzazione.cai.it\/httpdocs\/wp-content\/plugins\/seo-by-rank-math\/assets\/admin\/img\/icon-play.png","position":"middle_center"},"gif":{"name":"Icona GIF","url":"https:\/\/organizzazione.cai.it\/villaggimontani\/wp-content\/plugins\/seo-by-rank-math\/assets\/admin\/img\/icon-gif.png","path":"\/var\/www\/vhosts\/organizzazione.cai.it\/httpdocs\/wp-content\/plugins\/seo-by-rank-math\/assets\/admin\/img\/icon-gif.png","position":"middle_center"}},"defautOgImage":"https:\/\/organizzazione.cai.it\/villaggimontani\/wp-content\/uploads\/sites\/71\/2024\/09\/og.webp","customPermalinks":true,"isUserRegistered":false,"autoSuggestKeywords":false,"connectSiteUrl":"https:\/\/rankmath.com\/auth?site=https%3A%2F%2Forganizzazione.cai.it%2Fvillaggimontani&r=https%3A%2F%2Forganizzazione.cai.it%2Fvillaggimontani%2Fwp-json%2Fwp%2Fv2%2Fpages%2F1824%3Fnonce%3D2ac110b03b","maxTags":5,"trendsIcon":"<svg viewBox=\"0 0 610 610\"><path d=\"M18.85,446,174.32,290.48l58.08,58.08L76.93,504a14.54,14.54,0,0,1-20.55,0L18.83,466.48a14.54,14.54,0,0,1,0-20.55Z\" style=\"fill:#4285f4\"\/><path d=\"M242.65,242.66,377.59,377.6l-47.75,47.75a14.54,14.54,0,0,1-20.55,0L174.37,290.43l47.75-47.75A14.52,14.52,0,0,1,242.65,242.66Z\" style=\"fill:#ea4335\"\/><polygon points=\"319.53 319.53 479.26 159.8 537.34 217.88 377.61 377.62 319.53 319.53\" style=\"fill:#fabb05\"\/><path d=\"M594.26,262.73V118.61h0a16.94,16.94,0,0,0-16.94-16.94H433.2a16.94,16.94,0,0,0-12,28.92L565.34,274.71h0a16.94,16.94,0,0,0,28.92-12Z\" style=\"fill:#34a853\"\/><rect width=\"610\" height=\"610\" style=\"fill:none\"\/><\/svg>","showScore":true,"siteFavIcon":"data:image\/png;base64,iVBORw0KGgoAAAANSUhEUgAAABAAAAAQCAYAAAAf8\/9hAAABs0lEQVR4AWL4\/\/8\/RRjO8Iucx+noO0MWUDo16FYABMGP6ZfUcRnWtm27jVPbtm3bttuH2t3eFPcY9pLz7NxiLjCyVd87pKnHyqXyxtCs8APd0rnyxiu4qSeA3QEDrAwBDrT1s1Rc\/OrjLZwqVmOSu6+Lamcpp2KKMA9PH1BYXMe1mUP5qotvXTywsOEEYHXxrY+3cqk6TMkYpNr2FeoY3KIr0RPtn9wQ2unlA+GMkRw6+9TFw4YTwDUzx\/JVvARj9KaedXRO8P5B1Du2S32smzqUrcKGEyA+uAgQjKX7zf0boWHGfn71jIKj2689gxp7OAGShNcBUmLMPVjZuiKcA2vuWHHDCQxMCz629kXAIU4ApY15QwggAFbfOP9DhgBJ+nWVJ1AZAfICAj1pAlY6hCADZnveQf7bQIwzVONGJonhLIlS9gr5mFg44Xd+4S3XHoGNPdJl1INIwKyEgHckEhgTe1bGiFY9GSFBYUwLh1IkiJUbY407E7syBSFxKTszEoiE\/YdrgCEayDmtaJwCI9uu8TKMuZSVfSa4BpGgzvomBR\/INhLGzrqDotp01ZR8pn\/1L0JN9d9XNyx0AAAAAElFTkSuQmCC","canUser":{"general":false,"advanced":false,"snippet":false,"social":false,"analysis":false,"analytics":false,"content_ai":false},"showKeywordIntent":true,"isPro":false,"is_front_page":false,"trendsUpgradeLink":"https:\/\/rankmath.com\/pricing\/?utm_source=Plugin&utm_medium=CE%20General%20Tab%20Trends&utm_campaign=WP","trendsUpgradeLabel":"Aggiorna","trendsPreviewImage":"https:\/\/organizzazione.cai.it\/villaggimontani\/wp-content\/plugins\/seo-by-rank-math\/assets\/admin\/img\/trends-preview.jpg","currentEditor":false,"homepageData":{"assessor":{"powerWords":["incredibile","sorprendente","meraviglioso","unico","bello","felicit\u00e0","brillante","affascinante","carismatico","scioccante","chiaro","completamente","riservato","fiducia","significativo","creativo","definitivamente","delizioso","dimostrare","sbrigati","determinato","degno","dinamico","impressionante","essenziale","ispiratore","innovativo","intenso","efficace","magico","magnifico","storico","importante","incredibile","indispensabile","indimenticabile","irresistibile","leggendario","luminoso","lusso","magico","magnifico","maestoso","memorabile","miracoloso","motivante","necessario","nuovo","ufficiale","perfetto","appassionato","persuasivo","fenomenale","piacere","popolare","potere","prestigioso","prodigioso","profondo","prospero","potente","qualit\u00e0","radiante","veloce","di successo","rivoluzionario","soddisfatto","sicurezza","sensazionale","sereno","lussuoso","splendido","sublime","sorprendente","talentuoso","terrificante","unico","valore","vibrante","vittorioso","vivace","veramente","zelante","autentico","avventuroso","spettacolare","esclusivo","garantito","straordinario","favoloso","affascinante","formidabile","geniale","grandioso","gratuito","abile","illimitato","impeccabile","infallibile","infinitamente","influente","ingegnoso","indimenticabile","insostituibile","leader","maestro","notevole","innovativo","pioniere","potente","riconosciuto","rivoluzionario","sorprendente","superiore","trionfante","ultra","coraggioso","prezioso","avanguardia","vigoroso","visionario","volont\u00e0","vitale","trionfo","glorioso","inarrestabile","ineguagliabile","intelligente","invincibile","libert\u00e0","orgoglio","pace","progresso","rinnovato","saggezza","soddisfazione","sicuro","serenit\u00e0","superamento","talento","trascendente","trasformativo","coraggio","vittoria"],"diacritics":true,"researchesTests":["contentHasTOC","contentHasShortParagraphs","contentHasAssets","keywordInTitle","keywordInMetaDescription","keywordInPermalink","keywordIn10Percent","keywordInContent","keywordInSubheadings","keywordInImageAlt","keywordDensity","keywordNotUsed","lengthContent","lengthPermalink","linksHasInternal","linksHasExternals","linksNotAllExternals","titleStartWithKeyword","titleSentiment","titleHasPowerWords","titleHasNumber","hasContentAI"],"hasBreadcrumb":true,"serpData":{"title":"%sitename% %page% %sep% %sitedesc%","description":"","titleTemplate":"%sitename% %page% %sep% %sitedesc%","descriptionTemplate":"","focusKeywords":"","breadcrumbTitle":"Home","robots":{"index":true},"advancedRobots":{"max-snippet":"-1","max-video-preview":"-1","max-image-preview":"large"},"facebookTitle":"","facebookDescription":"","facebookImage":"","facebookImageID":""}}},"tocTitle":"Table of Contents","tocExcludeHeadings":[],"listStyle":"ul"},"_links":{"self":[{"href":"https:\/\/organizzazione.cai.it\/villaggimontani\/wp-json\/wp\/v2\/pages\/1824"}],"collection":[{"href":"https:\/\/organizzazione.cai.it\/villaggimontani\/wp-json\/wp\/v2\/pages"}],"about":[{"href":"https:\/\/organizzazione.cai.it\/villaggimontani\/wp-json\/wp\/v2\/types\/page"}],"author":[{"embeddable":true,"href":"https:\/\/organizzazione.cai.it\/villaggimontani\/wp-json\/wp\/v2\/users\/174"}],"replies":[{"embeddable":true,"href":"https:\/\/organizzazione.cai.it\/villaggimontani\/wp-json\/wp\/v2\/comments?post=1824"}],"version-history":[{"count":9,"href":"https:\/\/organizzazione.cai.it\/villaggimontani\/wp-json\/wp\/v2\/pages\/1824\/revisions"}],"predecessor-version":[{"id":1855,"href":"https:\/\/organizzazione.cai.it\/villaggimontani\/wp-json\/wp\/v2\/pages\/1824\/revisions\/1855"}],"wp:featuredmedia":[{"embeddable":true,"href":"https:\/\/organizzazione.cai.it\/villaggimontani\/wp-json\/wp\/v2\/media\/36"}],"wp:attachment":[{"href":"https:\/\/organizzazione.cai.it\/villaggimontani\/wp-json\/wp\/v2\/media?parent=1824"}],"curies":[{"name":"wp","href":"https:\/\/api.w.org\/{rel}","templated":true}]}}